{"nbFiches":1,"dataPrest":{"infoPrest":{"pave1":{"libelle":"Descriptif court","contenu":"Visites gratuites guid\u00e9es des caves d'affinage du fromage Beaufort et de la fabrication.\u003Cbr \/\u003E\r\nLes salles de fabrication sont vitr\u00e9es et permettent de voir les fromagers \u0153uvrer et les caves d'affinage.","fichiers":[]},"pave2":{"libelle":"Descriptif d\u00e9taill\u00e9","contenu":"En saison : \u003Cbr \/\u003E\r\nVisite guid\u00e9e tous les matins sauf le samedi et dimanche.\u003Cbr \/\u003E\r\nLes salles de fabrication sont vitr\u00e9es et permettent de voir les fromagers \u0153uvrer et les caves d'affinage o\u00f9 les fromages sont sal\u00e9s, frott\u00e9s et retourn\u00e9s  2 \u00e0 3 fois par semaine.\u003Cbr \/\u003E\r\nFilm sur l'alpage de la vall\u00e9e, explication de la fabrication du Beaufort.\u003Cbr \/\u003E\r\n(Important : Selon l'affluence, un d\u00e9lai d'attente de 30mn \u00e0 1h ou plus pourra \u00eatre n\u00e9cessaire entre les groupes.)\u003Cbr \/\u003E\r\nHors saison :\u003Cbr \/\u003E\r\nFilm sur l'alpage de la vall\u00e9e, explication de la fabrication du Beaufort. Les salles de fabrication sont vitr\u00e9es et permettent de voir les fromagers \u0153uvrer.","fichiers":[]},"pave3":{"libelle":"Bons plans","contenu":"","fichiers":[]},"pave4":{"libelle":"Compl\u00e9ment localisation","contenu":"","fichiers":[]},"pave5":{"libelle":"Compl\u00e9ment accueil","contenu":"","fichiers":[]},"pave6":{"libelle":"P\u00e9riodes en clair","contenu":"Du 04\/07 au 29\/08\/2026 du lundi au samedi de 9h \u00e0 11h30.\u003Cbr \/\u003E\nHors jours f\u00e9ri\u00e9s.\u003Cbr \/\u003E\n\u003Cbr \/\u003E\nDu 12\/12\/2026 au 03\/04\/2027 du lundi au samedi de 9h \u00e0 11h30.\u003Cbr \/\u003E\nHors jours f\u00e9ri\u00e9s.\u003Cbr \/\u003E\n\u003Cbr \/\u003E\nDu dimanche 4 au vendredi 9 avril 2027 de 9h \u00e0 11h30.\u003Cbr \/\u003E\nHors jours f\u00e9ri\u00e9s.","fichiers":[]},"pave7":{"libelle":"Tarifs en clair","contenu":"Gratuit.","fichiers":[]},"pave8":{"libelle":"Compl\u00e9ment Tarifs","contenu":"","fichiers":[]},"pave9":{"libelle":"Compl\u00e9ment R\u00e9servation","contenu":"Yves Vionnet - 06 80 02 13 85\u003Cbr \/\u003E\r\nR\u00e9servation sur : www.albiezrandopatrimoine.com","fichiers":[]},"pave10":{"libelle":"Descriptif court","contenu":"","fichiers":[]},"pave11":{"libelle":"Descriptif d\u00e9taill\u00e9","contenu":"","fichiers":[]},"pave12":{"libelle":"Compl\u00e9ment localisation","contenu":"","fichiers":[]},"pave13":{"libelle":"Compl\u00e9ment accueil","contenu":"","fichiers":[]},"pave14":{"libelle":"P\u00e9riodes en clair","contenu":"","fichiers":[]},"pave15":{"libelle":"Tarifs en clair","contenu":"","fichiers":[]},"pave16":{"libelle":"Compl\u00e9ment Tarifs","contenu":"","fichiers":[]},"pave17":{"libelle":"Compl\u00e9ment R\u00e9servation","contenu":"","fichiers":[]},"pave18":{"libelle":"Descriptif court","contenu":"","fichiers":[]},"pave19":{"libelle":"Descriptif d\u00e9taill\u00e9","contenu":"","fichiers":[]},"pave20":{"libelle":"Compl\u00e9ment localisation","contenu":"","fichiers":[]},"pave21":{"libelle":"Compl\u00e9ment accueil","contenu":"","fichiers":[]},"pave22":{"libelle":"P\u00e9riodes en clair","contenu":"","fichiers":[]},"pave23":{"libelle":"Tarifs en clair","contenu":"","fichiers":[]},"pave24":{"libelle":"Compl\u00e9ment Tarifs","contenu":"","fichiers":[]},"pave25":{"libelle":"Compl\u00e9ment R\u00e9servation","contenu":"","fichiers":[]},"Libelle":"Visite guid\u00e9e - Caves Beaufort et fabrication \u00e0 la Fromagerie coop\u00e9rative de la vall\u00e9e des Arves","Reference":"","Reftar":"","Type":"PRESTATION","TypePrestataire":"Y","ContexteStat":"PRESTATION-Y-370285-567067","DateModificationIso":"2026-04-29T01:06:00+02:00","Adresse":{"LigneAdresse1":"Coop\u00e9rative Laiti\u00e8re de la Val\u00e9e des Arves","LigneAdresse2":"Belluard","LigneAdresse3":"","CodePostal":"73530","Ville":"Saint-Sorlin-d'Arves","Cedex":"","Etat":"","Pays":"FRA"},"Id":"y-370285-567067","Code":"Y|370285|567067","Cle":"Y|370285|567067","Url":"visite-guidee-la-cooperative-laitiere-de-la-vallee-des-arves.html","Localisation":{"GoogleMap":{"Latitude":"45.217639","Longitude":"6.246027"}},"ZoneGeo":"","Criteres":{"typologiesPromoSitra[1669":"","typologiesPromoSitra[1670":"","126[5592":"","126[972":"","prestations[surchargeTourismesAdaptes":"","prestations[surchargeDescriptifHandicapMoteur":"","prestations[surchargeDescriptifHandicapAuditif":"","prestations[surchargeDescriptifHandicapVisuel":"","prestations[surchargeDescriptifHandicapMental":"","prestations[surchargeNombreFauteuilsRoulants":"","languesParlees[1197":"","languesDocumentation[1197":"","5[4547":"","5[593":"","2[513":"","114[416":"","114[418":"","114[435":"","114[436":"","typesManifestation[1958":"","typesManifestation[1973":"","94[2101":"","101[2205":"","101[2292":"","portee[2352":"","CINTSITRA[11226":"","CINTSITRA[11435":"","CINTSITRA[19557":"","3220[25629":"","3233[60439":"","3233[908439":"","3218[60729":"","3227[72218":"","3219[72808":"","3219[126556":"","3219[126557":"","3240[100180":"","6241[126905":"","6241[595160":"","6241[5173666":"","3230[323078":"","3230[5532377":"","3230[6328304":"","3221[344174":"","3221[549303":"","3221[596327":"","VilleSitra[30507":"","VillageDeDepart[30507":"","INDICATIONPRIX[GRATUIT":""},"ContactsParType":{"IWEB":{"60117":{"id_contact":"60117","type_contact":"IWEB","categorie_contact":"PRESTATION","societe_contact":"","fonction_contact":"","civilite_nom_prenom_contact":"Coop\u00e9rative Laiti\u00e8re de La Vall\u00e9e des Arves  ","adresse1_contact":"","adresse2_contact":"","adresse3_contact":"","cpostal_contact":"","ville_contact":"","teldom_contact":"04 79 59 70 16","telbur_contact":"","fax_contact":"","portable_contact":"","email_contact":"coopdesarves@orange.fr","siteweb_contact":"http:\/\/www.beaufortdesarves.com","commentaire_contact":"","langue_contact":"","autre_moyen_com":[]}},"ANI":{"60118":{"id_contact":"60118","type_contact":"ANI","categorie_contact":"PRESTATION","societe_contact":"","fonction_contact":"","civilite_nom_prenom_contact":"Vionnet Yves ","adresse1_contact":"","adresse2_contact":"","adresse3_contact":"","cpostal_contact":"","ville_contact":"","teldom_contact":"","telbur_contact":"","fax_contact":"","portable_contact":"","email_contact":"","siteweb_contact":"","commentaire_contact":"","langue_contact":"","autre_moyen_com":[]}}},"LiensEtWidgetsParType":{"VV":[{"Id":"21463","TypePrestataire":"Y","CodePrestataire":"370285","CodePrestation":"567067","CodeLibelle":"URL00005034","Type":"VV","Url":"https:\/\/my.matterport.com\/show\/?m=pur8df6fsjJ","Defaut":"N","Langue":"","Nature":"URL","Import":"SITRA2","LibelleText":"Visite virtuelle - Cave Beaufort et fabrication \u00e0 la fromagerie coop\u00e9rative de la vall\u00e9e des Arves","Theme":""}]},"LiensEtWidgets":[{"Id":"21463","TypePrestataire":"Y","CodePrestataire":"370285","CodePrestation":"567067","CodeLibelle":"URL00005034","Type":"VV","Url":"https:\/\/my.matterport.com\/show\/?m=pur8df6fsjJ","Defaut":"N","Langue":"","Nature":"URL","Import":"SITRA2","LibelleText":"Visite virtuelle - Cave Beaufort et fabrication \u00e0 la fromagerie coop\u00e9rative de la vall\u00e9e des Arves","Theme":""}],"ContactRemplaceCoordonnees":"60117","Prestataire":{"pave1":{"libelle":"","contenu":""},"pave2":{"libelle":"","contenu":""},"pave3":{"libelle":"","contenu":""},"pave4":{"libelle":"","contenu":""},"pave5":{"libelle":"","contenu":""},"pave6":{"libelle":"","contenu":""},"pave7":{"libelle":"","contenu":""},"pave8":{"libelle":"","contenu":""},"pave9":{"libelle":"","contenu":""},"pave10":{"libelle":"","contenu":""},"pave11":{"libelle":"","contenu":""},"pave12":{"libelle":"","contenu":""},"pave13":{"libelle":"","contenu":""},"pave14":{"libelle":"","contenu":""},"pave15":{"libelle":"","contenu":""},"pave16":{"libelle":"","contenu":""},"pave17":{"libelle":"","contenu":""},"pave18":{"libelle":"","contenu":""},"pave19":{"libelle":"","contenu":""},"pave20":{"libelle":"","contenu":""},"pave21":{"libelle":"","contenu":""},"pave22":{"libelle":"","contenu":""},"pave23":{"libelle":"","contenu":""},"pave24":{"libelle":"","contenu":""},"pave25":{"libelle":"","contenu":""},"ContactsParType":{"DIR":{"57911":{"id_contact":"57911","type_contact":"DIR","categorie_contact":"PRESTATAIRE","societe_contact":"","fonction_contact":"","civilite_nom_prenom_contact":"M Mollaret Guy ","adresse1_contact":"","adresse2_contact":"","adresse3_contact":"","cpostal_contact":"","ville_contact":"","teldom_contact":"","telbur_contact":"","fax_contact":"","portable_contact":"","email_contact":"","siteweb_contact":"","commentaire_contact":"","langue_contact":"","autre_moyen_com":[]}},"GEST":{"57913":{"id_contact":"57913","type_contact":"GEST","categorie_contact":"PRESTATAIRE","societe_contact":"","fonction_contact":"","civilite_nom_prenom_contact":"Coop\u00e9rative Laiti\u00e8re de La Vall\u00e9e des Arves ","adresse1_contact":"Belluard","adresse2_contact":"","adresse3_contact":"","cpostal_contact":"73530","ville_contact":"Saint-Sorlin-d'Arves","teldom_contact":"04 79 59 70 16","telbur_contact":"","fax_contact":"","portable_contact":"","email_contact":"coopdesarves@orange.fr","siteweb_contact":"http:\/\/www.beaufortdesarves.com","commentaire_contact":"","langue_contact":"","autre_moyen_com":[]}}},"Libelle":"Coop\u00e9rative Laiti\u00e8re de La Vall\u00e9e des Arves","Nom":"Coop\u00e9rative Laiti\u00e8re de La Vall\u00e9e des Arves ","Prenom":"","NomPrenom":"Coop\u00e9rative Laiti\u00e8re de La Vall\u00e9e des Arves  ","CiviliteNomPrenom":"Coop\u00e9rative Laiti\u00e8re de La Vall\u00e9e des Arves  ","Cle":"Y|370285","PrestataireParent":"","ContexteStat":"PRESTATAIRE-Y-370285","DateModificationIso":"2026-01-24T00:42:00+01:00","Type":"PRESTATAIRE","TypePrestataire":"Y","Adresse":{"LigneAdresse1":"","LigneAdresse2":"","LigneAdresse3":"","CodePostal":"","Ville":"","Cedex":"","Etat":"","Pays":""},"Email":"coopdesarves@orange.fr","Telephone":"04 79 59 70 16","TelephoneBureau":"","Portable":"","SiteWeb":"http:\/\/www.beaufortdesarves.com","Fax":"","Id":"y-370285","Code":"Y|370285","Fichier":[],"Url":"","Localisation":{"GoogleMap":{"Latitude":"45.217602","Longitude":"6.246229"}},"ZoneGeo":"","LiensEtWidgetsParType":{"A":[{"Id":"20718","TypePrestataire":"Y","CodePrestataire":"370285","CodePrestation":"","CodeLibelle":"","Type":"A","Url":"https:\/\/www.facebook.com\/coopdesarves\/","Defaut":"N","Langue":"FR","Nature":"URL","Import":"SITRA2","LibelleText":"","Theme":""}]},"LiensEtWidgets":[{"Id":"20718","TypePrestataire":"Y","CodePrestataire":"370285","CodePrestation":"","CodeLibelle":"","Type":"A","Url":"https:\/\/www.facebook.com\/coopdesarves\/","Defaut":"N","Langue":"FR","Nature":"URL","Import":"SITRA2","LibelleText":"","Theme":""}],"Criteres":{"P.3969[3988":"","P.3220[25629":"","P.3233[60439":"","P.3233[908439":"","P.3218[60729":"","P.3227[72218":"","P.3219[72808":"","P.3219[126556":"","P.3219[126557":"","P.3240[100180":"","P.6241[126905":"","P.6241[595160":"","P.6241[5173666":"","P.3230[323078":"","P.3230[5532377":"","P.3230[6328304":"","P.3221[344174":"","P.3221[549303":"","P.3221[596327":"","P.VilleSitra[30507":"","P.VillageDeDepart[30507":""},"DateFinPublication":""},"Fichier":{"Image":[{"url":"https:\/\/www.sja73.com\/medias\/images\/prestations\/66608-2018_saint_sorlin_arves_fromagerie_cooperative_02.jpg","chemin":"..\/medias\/images\/prestations\/66608-2018_saint_sorlin_arves_fromagerie_cooperative_02.jpg","libelle":"Visite caves Beaufort","extension":"jpg","categorie":"","largeur":6000,"theme":"","hauteur":4000,"type":"Image","origine":"","liaisonPave":"","langue":"","id":"66608","urlVignette":"https:\/\/www.sja73.com\/medias\/images\/prestations\/v-66608-2018_saint_sorlin_arves_fromagerie_cooperative_02.jpg","alt":"Visite caves Beaufort","title":"Visite caves Beaufort - &copy Office de Tourisme Saint Sorlin d'Arves","MultiTaille":{"1920x1440":{"url":"https:\/\/www.sja73.com\/medias\/images\/prestations\/multitailles\/1920x1440_66608-2018_saint_sorlin_arves_fromagerie_cooperative_02.jpg"},"1200x900":{"url":"https:\/\/www.sja73.com\/medias\/images\/prestations\/multitailles\/1200x900_66608-2018_saint_sorlin_arves_fromagerie_cooperative_02.jpg"},"800x600":{"url":"https:\/\/www.sja73.com\/medias\/images\/prestations\/multitailles\/800x600_66608-2018_saint_sorlin_arves_fromagerie_cooperative_02.jpg"},"640x480":{"url":"https:\/\/www.sja73.com\/medias\/images\/prestations\/multitailles\/640x480_66608-2018_saint_sorlin_arves_fromagerie_cooperative_02.jpg"},"320x240":{"url":"https:\/\/www.sja73.com\/medias\/images\/prestations\/multitailles\/320x240_66608-2018_saint_sorlin_arves_fromagerie_cooperative_02.jpg"},"160x120":{"url":"https:\/\/www.sja73.com\/medias\/images\/prestations\/multitailles\/160x120_66608-2018_saint_sorlin_arves_fromagerie_cooperative_02.jpg"},"origine":{"url":"https:\/\/www.sja73.com\/medias\/images\/prestations\/66608-2018_saint_sorlin_arves_fromagerie_cooperative_02.jpg"}},"urlLien":"","typeLien":"","nofollow":"N","copyright":"Office de Tourisme Saint Sorlin d'Arves"},{"url":"https:\/\/www.sja73.com\/medias\/images\/prestations\/66609-2018_saint_sorlin_arves_fromagerie_cooperative_07.jpg","chemin":"..\/medias\/images\/prestations\/66609-2018_saint_sorlin_arves_fromagerie_cooperative_07.jpg","libelle":"Beaufort","extension":"jpg","categorie":"","largeur":6000,"theme":"","hauteur":4000,"type":"Image","origine":"","liaisonPave":"","langue":"","id":"66609","urlVignette":"https:\/\/www.sja73.com\/medias\/images\/prestations\/v-66609-2018_saint_sorlin_arves_fromagerie_cooperative_07.jpg","alt":"Beaufort","title":"Beaufort - &copy Office de Tourisme Saint Sorlin d'Arves","MultiTaille":{"1920x1440":{"url":"https:\/\/www.sja73.com\/medias\/images\/prestations\/multitailles\/1920x1440_66609-2018_saint_sorlin_arves_fromagerie_cooperative_07.jpg"},"1200x900":{"url":"https:\/\/www.sja73.com\/medias\/images\/prestations\/multitailles\/1200x900_66609-2018_saint_sorlin_arves_fromagerie_cooperative_07.jpg"},"800x600":{"url":"https:\/\/www.sja73.com\/medias\/images\/prestations\/multitailles\/800x600_66609-2018_saint_sorlin_arves_fromagerie_cooperative_07.jpg"},"640x480":{"url":"https:\/\/www.sja73.com\/medias\/images\/prestations\/multitailles\/640x480_66609-2018_saint_sorlin_arves_fromagerie_cooperative_07.jpg"},"320x240":{"url":"https:\/\/www.sja73.com\/medias\/images\/prestations\/multitailles\/320x240_66609-2018_saint_sorlin_arves_fromagerie_cooperative_07.jpg"},"160x120":{"url":"https:\/\/www.sja73.com\/medias\/images\/prestations\/multitailles\/160x120_66609-2018_saint_sorlin_arves_fromagerie_cooperative_07.jpg"},"origine":{"url":"https:\/\/www.sja73.com\/medias\/images\/prestations\/66609-2018_saint_sorlin_arves_fromagerie_cooperative_07.jpg"}},"urlLien":"","typeLien":"","nofollow":"N","copyright":"Office de Tourisme Saint Sorlin d'Arves"},{"url":"https:\/\/www.sja73.com\/medias\/images\/prestations\/66610-2018_saint_sorlin_arves_fromagerie_cooperative_29.jpg","chemin":"..\/medias\/images\/prestations\/66610-2018_saint_sorlin_arves_fromagerie_cooperative_29.jpg","libelle":"Visite caves Beaufort","extension":"jpg","categorie":"","largeur":6000,"theme":"","hauteur":4000,"type":"Image","origine":"","liaisonPave":"","langue":"","id":"66610","urlVignette":"https:\/\/www.sja73.com\/medias\/images\/prestations\/v-66610-2018_saint_sorlin_arves_fromagerie_cooperative_29.jpg","alt":"Visite caves Beaufort","title":"Visite caves Beaufort - &copy Office de Tourisme Saint Sorlin d'Arves","MultiTaille":{"1920x1440":{"url":"https:\/\/www.sja73.com\/medias\/images\/prestations\/multitailles\/1920x1440_66610-2018_saint_sorlin_arves_fromagerie_cooperative_29.jpg"},"1200x900":{"url":"https:\/\/www.sja73.com\/medias\/images\/prestations\/multitailles\/1200x900_66610-2018_saint_sorlin_arves_fromagerie_cooperative_29.jpg"},"800x600":{"url":"https:\/\/www.sja73.com\/medias\/images\/prestations\/multitailles\/800x600_66610-2018_saint_sorlin_arves_fromagerie_cooperative_29.jpg"},"640x480":{"url":"https:\/\/www.sja73.com\/medias\/images\/prestations\/multitailles\/640x480_66610-2018_saint_sorlin_arves_fromagerie_cooperative_29.jpg"},"320x240":{"url":"https:\/\/www.sja73.com\/medias\/images\/prestations\/multitailles\/320x240_66610-2018_saint_sorlin_arves_fromagerie_cooperative_29.jpg"},"160x120":{"url":"https:\/\/www.sja73.com\/medias\/images\/prestations\/multitailles\/160x120_66610-2018_saint_sorlin_arves_fromagerie_cooperative_29.jpg"},"origine":{"url":"https:\/\/www.sja73.com\/medias\/images\/prestations\/66610-2018_saint_sorlin_arves_fromagerie_cooperative_29.jpg"}},"urlLien":"","typeLien":"","nofollow":"N","copyright":"Office de Tourisme Saint Sorlin d'Arves"}],"ByCategorie":{"":[{"url":"https:\/\/www.sja73.com\/medias\/images\/prestations\/66608-2018_saint_sorlin_arves_fromagerie_cooperative_02.jpg","chemin":"..\/medias\/images\/prestations\/66608-2018_saint_sorlin_arves_fromagerie_cooperative_02.jpg","libelle":"Visite caves Beaufort","extension":"jpg","categorie":"","largeur":6000,"theme":"","hauteur":4000,"type":"Image","origine":"","liaisonPave":"","langue":"","id":"66608","urlVignette":"https:\/\/www.sja73.com\/medias\/images\/prestations\/v-66608-2018_saint_sorlin_arves_fromagerie_cooperative_02.jpg","alt":"Visite caves Beaufort","title":"Visite caves Beaufort - &copy Office de Tourisme Saint Sorlin d'Arves","MultiTaille":{"1920x1440":{"url":"https:\/\/www.sja73.com\/medias\/images\/prestations\/multitailles\/1920x1440_66608-2018_saint_sorlin_arves_fromagerie_cooperative_02.jpg"},"1200x900":{"url":"https:\/\/www.sja73.com\/medias\/images\/prestations\/multitailles\/1200x900_66608-2018_saint_sorlin_arves_fromagerie_cooperative_02.jpg"},"800x600":{"url":"https:\/\/www.sja73.com\/medias\/images\/prestations\/multitailles\/800x600_66608-2018_saint_sorlin_arves_fromagerie_cooperative_02.jpg"},"640x480":{"url":"https:\/\/www.sja73.com\/medias\/images\/prestations\/multitailles\/640x480_66608-2018_saint_sorlin_arves_fromagerie_cooperative_02.jpg"},"320x240":{"url":"https:\/\/www.sja73.com\/medias\/images\/prestations\/multitailles\/320x240_66608-2018_saint_sorlin_arves_fromagerie_cooperative_02.jpg"},"160x120":{"url":"https:\/\/www.sja73.com\/medias\/images\/prestations\/multitailles\/160x120_66608-2018_saint_sorlin_arves_fromagerie_cooperative_02.jpg"},"origine":{"url":"https:\/\/www.sja73.com\/medias\/images\/prestations\/66608-2018_saint_sorlin_arves_fromagerie_cooperative_02.jpg"}},"urlLien":"","typeLien":"","nofollow":"N","copyright":"Office de Tourisme Saint Sorlin d'Arves"},{"url":"https:\/\/www.sja73.com\/medias\/images\/prestations\/66611-logo_fromagerie_coop_couleur.png","chemin":"..\/medias\/images\/prestations\/66611-logo_fromagerie_coop_couleur.png","libelle":"logo coop des arves","extension":"png","categorie":"","largeur":"","theme":"","hauteur":"","type":"Document","origine":"","liaisonPave":"","langue":"","id":"66611","poids":"165.48 Ko","alt":"logo coop des arves","title":"logo coop des arves"},{"url":"https:\/\/www.sja73.com\/medias\/images\/prestations\/66609-2018_saint_sorlin_arves_fromagerie_cooperative_07.jpg","chemin":"..\/medias\/images\/prestations\/66609-2018_saint_sorlin_arves_fromagerie_cooperative_07.jpg","libelle":"Beaufort","extension":"jpg","categorie":"","largeur":6000,"theme":"","hauteur":4000,"type":"Image","origine":"","liaisonPave":"","langue":"","id":"66609","urlVignette":"https:\/\/www.sja73.com\/medias\/images\/prestations\/v-66609-2018_saint_sorlin_arves_fromagerie_cooperative_07.jpg","alt":"Beaufort","title":"Beaufort - &copy Office de Tourisme Saint Sorlin d'Arves","MultiTaille":{"1920x1440":{"url":"https:\/\/www.sja73.com\/medias\/images\/prestations\/multitailles\/1920x1440_66609-2018_saint_sorlin_arves_fromagerie_cooperative_07.jpg"},"1200x900":{"url":"https:\/\/www.sja73.com\/medias\/images\/prestations\/multitailles\/1200x900_66609-2018_saint_sorlin_arves_fromagerie_cooperative_07.jpg"},"800x600":{"url":"https:\/\/www.sja73.com\/medias\/images\/prestations\/multitailles\/800x600_66609-2018_saint_sorlin_arves_fromagerie_cooperative_07.jpg"},"640x480":{"url":"https:\/\/www.sja73.com\/medias\/images\/prestations\/multitailles\/640x480_66609-2018_saint_sorlin_arves_fromagerie_cooperative_07.jpg"},"320x240":{"url":"https:\/\/www.sja73.com\/medias\/images\/prestations\/multitailles\/320x240_66609-2018_saint_sorlin_arves_fromagerie_cooperative_07.jpg"},"160x120":{"url":"https:\/\/www.sja73.com\/medias\/images\/prestations\/multitailles\/160x120_66609-2018_saint_sorlin_arves_fromagerie_cooperative_07.jpg"},"origine":{"url":"https:\/\/www.sja73.com\/medias\/images\/prestations\/66609-2018_saint_sorlin_arves_fromagerie_cooperative_07.jpg"}},"urlLien":"","typeLien":"","nofollow":"N","copyright":"Office de Tourisme Saint Sorlin d'Arves"},{"url":"https:\/\/www.sja73.com\/medias\/images\/prestations\/66612-ports_ouvertes_coop_hiver_2024.pdf","chemin":"..\/medias\/images\/prestations\/66612-ports_ouvertes_coop_hiver_2024.pdf","libelle":"Portes ouvertes coop","extension":"pdf","categorie":"","largeur":"","theme":"","hauteur":"","type":"Document","origine":"","liaisonPave":"","langue":"","id":"66612","poids":"5.97 Mo","alt":"Portes ouvertes coop","title":"Portes ouvertes coop"},{"url":"https:\/\/www.sja73.com\/medias\/images\/prestations\/66610-2018_saint_sorlin_arves_fromagerie_cooperative_29.jpg","chemin":"..\/medias\/images\/prestations\/66610-2018_saint_sorlin_arves_fromagerie_cooperative_29.jpg","libelle":"Visite caves Beaufort","extension":"jpg","categorie":"","largeur":6000,"theme":"","hauteur":4000,"type":"Image","origine":"","liaisonPave":"","langue":"","id":"66610","urlVignette":"https:\/\/www.sja73.com\/medias\/images\/prestations\/v-66610-2018_saint_sorlin_arves_fromagerie_cooperative_29.jpg","alt":"Visite caves Beaufort","title":"Visite caves Beaufort - &copy Office de Tourisme Saint Sorlin d'Arves","MultiTaille":{"1920x1440":{"url":"https:\/\/www.sja73.com\/medias\/images\/prestations\/multitailles\/1920x1440_66610-2018_saint_sorlin_arves_fromagerie_cooperative_29.jpg"},"1200x900":{"url":"https:\/\/www.sja73.com\/medias\/images\/prestations\/multitailles\/1200x900_66610-2018_saint_sorlin_arves_fromagerie_cooperative_29.jpg"},"800x600":{"url":"https:\/\/www.sja73.com\/medias\/images\/prestations\/multitailles\/800x600_66610-2018_saint_sorlin_arves_fromagerie_cooperative_29.jpg"},"640x480":{"url":"https:\/\/www.sja73.com\/medias\/images\/prestations\/multitailles\/640x480_66610-2018_saint_sorlin_arves_fromagerie_cooperative_29.jpg"},"320x240":{"url":"https:\/\/www.sja73.com\/medias\/images\/prestations\/multitailles\/320x240_66610-2018_saint_sorlin_arves_fromagerie_cooperative_29.jpg"},"160x120":{"url":"https:\/\/www.sja73.com\/medias\/images\/prestations\/multitailles\/160x120_66610-2018_saint_sorlin_arves_fromagerie_cooperative_29.jpg"},"origine":{"url":"https:\/\/www.sja73.com\/medias\/images\/prestations\/66610-2018_saint_sorlin_arves_fromagerie_cooperative_29.jpg"}},"urlLien":"","typeLien":"","nofollow":"N","copyright":"Office de Tourisme Saint Sorlin d'Arves"}]},"Document":[{"url":"https:\/\/www.sja73.com\/medias\/images\/prestations\/66611-logo_fromagerie_coop_couleur.png","chemin":"..\/medias\/images\/prestations\/66611-logo_fromagerie_coop_couleur.png","libelle":"logo coop des arves","extension":"png","categorie":"","largeur":"","theme":"","hauteur":"","type":"Document","origine":"","liaisonPave":"","langue":"","id":"66611","poids":"165.48 Ko","alt":"logo coop des arves","title":"logo coop des arves"},{"url":"https:\/\/www.sja73.com\/medias\/images\/prestations\/66612-ports_ouvertes_coop_hiver_2024.pdf","chemin":"..\/medias\/images\/prestations\/66612-ports_ouvertes_coop_hiver_2024.pdf","libelle":"Portes ouvertes coop","extension":"pdf","categorie":"","largeur":"","theme":"","hauteur":"","type":"Document","origine":"","liaisonPave":"","langue":"","id":"66612","poids":"5.97 Mo","alt":"Portes ouvertes coop","title":"Portes ouvertes coop"}]},"DateDebPublication":"","DateFinPublication":"","PrixAPartirDe":"","PrixPour":"","FicheListeEnCours":"fiche_liste_fetes_et_manifestations_prestation_v2","ParametresModele":{"AfficherPhotos":"1","NbPhotosMax":6,"AfficherReserver":0,"AfficherContact":0,"AfficherSalle":1,"AfficherZoneGeo":0,"AfficherEnSavoirPlus":"0","AfficherUneSeuleOuverture":"1","AfficherContactCarte":1,"AfficherTarifsChaudAPartirDe":0,"AfficherTarifChaudSansRecherche":0,"AfficherLiensCarnetVoyage":"1","AfficherOuverture":"1","PositionBloc":"GALLERIE|NOM|CARNET_VOYAGE|URL","TypePrestataire":"Y","ComportementResa":false,"ComportementDispo":false},"AffichageCoordonnees":[],"Coordonnees":{"Ville":"Saint-Sorlin-d'Arves"},"ContexteId":"PRESTATION|Y|370285|567067","ContexteIdHtml":"PRESTATION-Y-370285-567067","cleContexte":"Y|370285|567067","Bloc":{"texte1":"","texte3":"","critere1":{"libelle":"","contenu":[]},"critere2":{"libelle":"","contenu":[]},"critere3":{"libelle":"","contenu":[]},"critere4":{"libelle":"","contenu":[]},"critere5":{"libelle":"","contenu":[]},"critere6":{"libelle":"","contenu":[]},"critere7":{"libelle":"","contenu":[]},"critere8":{"libelle":"","contenu":[]},"critere9":{"libelle":"","contenu":[]}},"LocalisationGps":{"Latitude":"45.217639","Longitude":"6.246027"},"libelleDuPrestataire":"","vuePrestataire":{"pave1":{"libelle":"","contenu":""},"pave2":{"libelle":"","contenu":""},"pave3":{"libelle":"","contenu":""},"pave4":{"libelle":"","contenu":""},"pave5":{"libelle":"","contenu":""},"pave6":{"libelle":"","contenu":""},"pave7":{"libelle":"","contenu":""},"pave8":{"libelle":"","contenu":""},"pave9":{"libelle":"","contenu":""},"pave10":{"libelle":"","contenu":""},"pave11":{"libelle":"","contenu":""},"pave12":{"libelle":"","contenu":""},"pave13":{"libelle":"","contenu":""},"pave14":{"libelle":"","contenu":""},"pave15":{"libelle":"","contenu":""},"pave16":{"libelle":"","contenu":""},"pave17":{"libelle":"","contenu":""},"pave18":{"libelle":"","contenu":""},"pave19":{"libelle":"","contenu":""},"pave20":{"libelle":"","contenu":""},"pave21":{"libelle":"","contenu":""},"pave22":{"libelle":"","contenu":""},"pave23":{"libelle":"","contenu":""},"pave24":{"libelle":"","contenu":""},"pave25":{"libelle":"","contenu":""},"ContactsParType":{"DIR":{"57911":{"id_contact":"57911","type_contact":"DIR","categorie_contact":"PRESTATAIRE","societe_contact":"","fonction_contact":"","civilite_nom_prenom_contact":"M Mollaret Guy ","adresse1_contact":"","adresse2_contact":"","adresse3_contact":"","cpostal_contact":"","ville_contact":"","teldom_contact":"","telbur_contact":"","fax_contact":"","portable_contact":"","email_contact":"","siteweb_contact":"","commentaire_contact":"","langue_contact":"","autre_moyen_com":[]}},"GEST":{"57913":{"id_contact":"57913","type_contact":"GEST","categorie_contact":"PRESTATAIRE","societe_contact":"","fonction_contact":"","civilite_nom_prenom_contact":"Coop\u00e9rative Laiti\u00e8re de La Vall\u00e9e des Arves ","adresse1_contact":"Belluard","adresse2_contact":"","adresse3_contact":"","cpostal_contact":"73530","ville_contact":"Saint-Sorlin-d'Arves","teldom_contact":"04 79 59 70 16","telbur_contact":"","fax_contact":"","portable_contact":"","email_contact":"coopdesarves@orange.fr","siteweb_contact":"http:\/\/www.beaufortdesarves.com","commentaire_contact":"","langue_contact":"","autre_moyen_com":[]}}},"Libelle":"Coop\u00e9rative Laiti\u00e8re de La Vall\u00e9e des Arves","Nom":"Coop\u00e9rative Laiti\u00e8re de La Vall\u00e9e des Arves ","Prenom":"","NomPrenom":"Coop\u00e9rative Laiti\u00e8re de La Vall\u00e9e des Arves  ","CiviliteNomPrenom":"Coop\u00e9rative Laiti\u00e8re de La Vall\u00e9e des Arves  ","Cle":"Y|370285","PrestataireParent":"","ContexteStat":"PRESTATAIRE-Y-370285","DateModificationIso":"2026-01-24T00:42:00+01:00","Type":"PRESTATAIRE","TypePrestataire":"Y","Adresse":{"LigneAdresse1":"","LigneAdresse2":"","LigneAdresse3":"","CodePostal":"","Ville":"","Cedex":"","Etat":"","Pays":""},"Email":"coopdesarves@orange.fr","Telephone":"04 79 59 70 16","TelephoneBureau":"","Portable":"","SiteWeb":"http:\/\/www.beaufortdesarves.com","Fax":"","Id":"y-370285","Code":"Y|370285","Fichier":[],"Url":"","Localisation":{"GoogleMap":{"Latitude":"45.217602","Longitude":"6.246229"}},"ZoneGeo":"","LiensEtWidgetsParType":{"A":[{"Id":"20718","TypePrestataire":"Y","CodePrestataire":"370285","CodePrestation":"","CodeLibelle":"","Type":"A","Url":"https:\/\/www.facebook.com\/coopdesarves\/","Defaut":"N","Langue":"FR","Nature":"URL","Import":"SITRA2","LibelleText":"","Theme":""}]},"LiensEtWidgets":[{"Id":"20718","TypePrestataire":"Y","CodePrestataire":"370285","CodePrestation":"","CodeLibelle":"","Type":"A","Url":"https:\/\/www.facebook.com\/coopdesarves\/","Defaut":"N","Langue":"FR","Nature":"URL","Import":"SITRA2","LibelleText":"","Theme":""}],"Criteres":{"P.3969[3988":"","P.3220[25629":"","P.3233[60439":"","P.3233[908439":"","P.3218[60729":"","P.3227[72218":"","P.3219[72808":"","P.3219[126556":"","P.3219[126557":"","P.3240[100180":"","P.6241[126905":"","P.6241[595160":"","P.6241[5173666":"","P.3230[323078":"","P.3230[5532377":"","P.3230[6328304":"","P.3221[344174":"","P.3221[549303":"","P.3221[596327":"","P.VilleSitra[30507":"","P.VillageDeDepart[30507":""},"DateFinPublication":"","AffichageCoordonnees":[]},"listeCriteres":{"typologiesPromoSitra":{"1669":"","1670":""},"126":{"5592":"","972":""},"prestations":{"surchargeTourismesAdaptes":"","surchargeDescriptifHandicapMoteur":"","surchargeDescriptifHandicapAuditif":"","surchargeDescriptifHandicapVisuel":"","surchargeDescriptifHandicapMental":"","surchargeNombreFauteuilsRoulants":""},"languesParlees":{"1197":""},"languesDocumentation":{"1197":""},"5":{"4547":"","593":""},"2":{"513":""},"114":{"416":"","418":"","435":"","436":""},"typesManifestation":{"1958":"","1973":""},"94":{"2101":""},"101":{"2205":"","2292":""},"portee":{"2352":""},"CINTSITRA":{"11226":"","11435":"","19557":""},"3220":{"25629":""},"3233":{"60439":"","908439":""},"3218":{"60729":""},"3227":{"72218":""},"3219":{"72808":"","126556":"","126557":""},"3240":{"100180":""},"6241":{"126905":"","595160":"","5173666":""},"3230":{"323078":"","5532377":"","6328304":""},"3221":{"344174":"","549303":"","596327":""},"VilleSitra":{"30507":""},"VillageDeDepart":{"30507":""},"INDICATIONPRIX":{"GRATUIT":""},"P.3969":{"3988":""},"P.3220":{"25629":""},"P.3233":{"60439":"","908439":""},"P.3218":{"60729":""},"P.3227":{"72218":""},"P.3219":{"72808":"","126556":"","126557":""},"P.3240":{"100180":""},"P.6241":{"126905":"","595160":"","5173666":""},"P.3230":{"323078":"","5532377":"","6328304":""},"P.3221":{"344174":"","549303":"","596327":""},"P.VilleSitra":{"30507":""},"P.VillageDeDepart":{"30507":""}},"dansCarnetVoyage":true,"Ouverture":["\u003Cp class=\"date\" \u003EDu samedi 04 juillet au samedi 29 ao\u00fbt 2026\u003C\/p\u003E\u003Cp class=\"nature\" \u003ELundi, mardi, mercredi, jeudi, vendredi, samedi\u003C\/p\u003E\u003Cp class=\"heure\" \u003Ede 09:00 \u00e0 11:30\u003C\/p\u003E\u003Cp class=\"complement\" \u003EHors jours f\u00e9ri\u00e9s.\u003C\/p\u003E"],"OuverturePasse":[],"OuvertureObjs":[{},{},{}],"OuvertureTab":[["20260704","20260829"],["20261212","20270403"],["20270404","20270409"]]},"html":" \n \u003Cdiv id=\"CV-PRESTATION-Y-370285-567067\" data-contexte-id=\"PRESTATION|Y|370285|567067\" data-cle=\"Y|370285|567067\" class=\"fiche-liste\"\u003E\n    \n\n    \u003C!-- partie photo --\u003E\n    \u003Cdiv class=\"photo\"\u003E\t\t\t\t\t\t\t\t\t\t\t\t\t\t\t\t\t\t\t\t\t\n        \u003Cdiv class=\"cadre_photo_principale\"\u003E\t\t\n        \n            \t\t\t\t\t\n                    \u003Ca href=\"visite-guidee-la-cooperative-laitiere-de-la-vallee-des-arves.html?origine=carnet#media\"\u003E\n                        \u003Cimg class=\"photo_principale\" alt=\"Visite caves Beaufort\" src=\"https:\/\/www.sja73.com\/medias\/images\/prestations\/multitailles\/320x240_66608-2018_saint_sorlin_arves_fromagerie_cooperative_02.jpg\" itemprop=\"image\"\u003E\n                    \u003C\/a\u003E\t\t\t\t\t\t\n                \n                    \u003C\/div\u003E\t\t\t\t\t\t\t\t\t\t\t\t\t\t\t\t\t\t\t \t\t\n    \u003C\/div\u003E\n    \n    \u003C!-- partie nom prest --\u003E\n    \u003Cdiv class=\"nom\"\u003E\n        \u003Ch2\u003EVisite guid\u00e9e - Caves Beaufort et fabrication \u00e0 la Fromagerie coop\u00e9rative de la vall\u00e9e des Arves\u003C\/h2\u003E\n        \n            \u003C\/div\u003E\n\n     \u003Cul style=\"display: none\" class=\"ouverture_list\"\u003E\u003Cli class=\"ouverture_item\"\u003E\u003Cp class=\"date\" \u003EDu samedi 04 juillet au samedi 29 ao\u00fbt 2026\u003C\/p\u003E\u003Cp class=\"nature\" \u003ELundi, mardi, mercredi, jeudi, vendredi, samedi\u003C\/p\u003E\u003Cp class=\"heure\" \u003Ede 09:00 \u00e0 11:30\u003C\/p\u003E\u003Cp class=\"complement\" \u003EHors jours f\u00e9ri\u00e9s.\u003C\/p\u003E\u003C\/li\u003E\u003C\/ul\u003E    \n    \u003C!-- partie adresse --\u003E\n    \u003Cdiv class=\"adresse\"\u003E\n    \n          \n    \u003C\/div\u003E\n    \n    \u003C!-- partie liens --\u003E\n    \u003Cdiv class=\"liens\"\u003E\n            \u003Ca class=\"btn-icon btn-view \" title=\"Voir la fiche d\u00e9taill\u00e9e\" href=\"visite-guidee-la-cooperative-laitiere-de-la-vallee-des-arves.html?origine=carnet\"\u003E\u003C\/a\u003E\u003C!--\u003Ca class=\"btn-icon btn-view \" title=\"\" href=\"?origine=carnet#thaut\"\u003E\u003C\/a\u003E--\u003E\n      \u003Ca class=\"btn-icon btn-trash carnet_voyage_supprimer\" title=\"Supprimer cette fiche de mon carnet de voyage\" href=\"carnet-voyage?action=remove&fiche=Y|370285|567067\"\u003E\u003C\/a\u003E\n    \u003C\/div\u003E\n\n\u003C\/div\u003E\n\n","icon":"https:\/\/static.ingenie.fr\/images\/carnetVoyageV3\/Y.png"},"fiche":"Y|370285|567067","popup":"\u003Cdiv id=\"bloc_popup_ajout_fiche_carnet\"\u003E\n    \u003Cdiv class=\"info_popup_ajout_fiche_carnet\"\u003E\n        Vous venez d'ajouter cet \u00e9l\u00e9ment \u00e0 votre carnet de voyage :    \u003C\/div\u003E\n    \u003Cdiv class=\"prest_popup_ajout_fiche_carnet\"\u003E\n        Visite guid&eacute;e - Caves Beaufort et fabrication &agrave; la Fromagerie coop&eacute;rative de la vall&eacute;e des Arves    \u003C\/div\u003E\n    \u003Cdiv class=\"bloc_btn_ajout_fiche_carnet form_submit_div\"\u003E\n        \u003Cinput type=\"button\" value=\"Continuer ma s\u00e9lection\" title=\"Continuer ma s\u00e9lection\" name=\"btn_close\" class=\"btn_close_popup_carnet form_submit\" onclick=\"$.colorbox.close()\" \/\u003E\n        \u003Cinput type=\"button\" value=\"Voir mon carnet de voyage\" title=\"Voir mon carnet\" name=\"btn_panier\" class=\"btn_panier_popup_carnet form_submit\" onclick=\"if(typeof CarnetVoyage != 'undefined') {CarnetVoyage.voirCarnet();}\" \/\u003E\n    \u003C\/div\u003E\n    \u003Cdiv class=\"bloc_btn_ajout_fiche_carnet\"\u003E\n        \u003Cinput type=\"checkbox\" value=\"1\" name=\"desactiver_popup\" id=\"desactiver_popup\" \/\u003E\n        \u003Clabel for=\"desactiver_popup\"\u003ENe plus afficher ce message\u003C\/label\u003E\n    \u003C\/div\u003E\n\u003C\/div\u003E","success":1}