{"nbFiches":1,"dataPrest":{"infoPrest":{"pave1":{"libelle":"Descriptif court","contenu":"S\u00e9bastien vous invite \u00e0 d\u00e9couvrir le monde des abeilles, la production du miel et de ses produits d\u00e9riv\u00e9s (gel\u00e9e royale, bougies, pollen de fleurs) dans sa miellerie artisanale.","fichiers":[]},"pave2":{"libelle":"Descriptif d\u00e9taill\u00e9","contenu":"Situ\u00e9e en face des c\u00e9l\u00e8bres Aiguilles d'Arves, c'est dans ce cadre idyllique qu'il produit son miel de haute-montagne et autres d\u00e9licieux produits issus de ses ruches.\u003Cbr \/\u003E\r\n\u003Cbr \/\u003E\r\n Vente par correspondance possible et vente directe : \u003Cbr \/\u003E\r\n- \u00e0 Saint Jean d'Arves : sur le march\u00e9 artisanal de La Chal, les mercredis apr\u00e8s-midi de 14h30 \u00e0 17h30.\u003Cbr \/\u003E\r\n- \u00e0 Saint Sorlin d'Arves : \u00e0 c\u00f4t\u00e9 de l'office de tourisme les jeudis apr\u00e8s midi","fichiers":[]},"pave3":{"libelle":"Bons plans","contenu":"","fichiers":[]},"pave4":{"libelle":"Compl\u00e9ment localisation","contenu":"","fichiers":[]},"pave5":{"libelle":"Compl\u00e9ment accueil","contenu":"","fichiers":[]},"pave6":{"libelle":"P\u00e9riodes en clair","contenu":"Du 04\/07 au 31\/08\/2026 tous les jours.\u003Cbr \/\u003E\nDates sous r\u00e9serve de modification\u003Cbr \/\u003E\r\nVisites (selon conditions sanitaires)\u003Cbr \/\u003E\r\nLes mardis & jeudis : 9h-12h\/15h-19h\u003Cbr \/\u003E\r\n\u003Cbr \/\u003E\r\nVente directe & par correspondance :\u003Cbr \/\u003E\r\nA la miellerie, du lundi au samedi 9h-12h\/15h-19h\u003Cbr \/\u003E\r\n\u003Cbr \/\u003E\r\nEn saison , sur le march\u00e9 artisanal de La Chal tous les mercredis de 15h \u00e0 19h.","fichiers":[]},"pave7":{"libelle":"Tarifs en clair","contenu":"Entr\u00e9e libre.","fichiers":[]},"pave8":{"libelle":"Compl\u00e9ment Tarifs","contenu":"","fichiers":[]},"pave9":{"libelle":"Compl\u00e9ment R\u00e9servation","contenu":"","fichiers":[]},"pave10":{"libelle":"Descriptif court","contenu":"","fichiers":[]},"pave11":{"libelle":"Descriptif d\u00e9taill\u00e9","contenu":"En face des c\u00e9l\u00e8bres aiguilles d'Arves, c'est dans ce cadre idyllique qu'il produit son miel de haute-montagne et autres d\u00e9licieux produits issus de ses ruches.\u003Cbr \/\u003E\r\n\u003Cbr \/\u003E\r\nAtelier de fabrication, ruches, vid\u00e9o et commentaires.\u003Cbr \/\u003E\r\n\u003Cbr \/\u003E\r\nVisites libre ou comment\u00e9e. D\u00e9gustation gratuite.\u003Cbr \/\u003E\r\nVoir les horaires dans les programmes d'animations de la vall\u00e9e des Arves.\u003Cbr \/\u003E\r\n\u003Cbr \/\u003E\r\nVente par correspondance.\u003Cbr \/\u003E\r\n\u003Cbr \/\u003E\r\nVente directe :\u003Cbr \/\u003E\r\n- Saint Jean d'Arves : sur le march\u00e9 artisanal de La Chal, les mercredis apr\u00e8s-midi de 15h \u00e0 19h.\u003Cbr \/\u003E\r\n- Saint Sorlin d'Arves : \u00e0 c\u00f4t\u00e9 de l'office de tourisme les jeudis apr\u00e8s midi","fichiers":[]},"pave12":{"libelle":"Compl\u00e9ment localisation","contenu":"","fichiers":[]},"pave13":{"libelle":"Compl\u00e9ment accueil","contenu":"","fichiers":[]},"pave14":{"libelle":"P\u00e9riodes en clair","contenu":"Du 04\/07 au 31\/08\/2026 tous les jours.\u003Cbr \/\u003E\nDates sous r\u00e9serve de modification\u003Cbr \/\u003E\r\nVisites (selon conditions sanitaires)\u003Cbr \/\u003E\r\nLes mardis & jeudis : 9h-12h\/15h-19h\u003Cbr \/\u003E\r\n\u003Cbr \/\u003E\r\nVente directe & par correspondance :\u003Cbr \/\u003E\r\nA la miellerie, du lundi au samedi 9h-12h\/15h-19h\u003Cbr \/\u003E\r\n\u003Cbr \/\u003E\r\nEn saison , sur le march\u00e9 artisanal de La Chal tous les mercredis de 15h \u00e0 19h.","fichiers":[]},"pave15":{"libelle":"Tarifs en clair","contenu":"","fichiers":[]},"pave16":{"libelle":"Compl\u00e9ment Tarifs","contenu":"","fichiers":[]},"pave17":{"libelle":"Compl\u00e9ment R\u00e9servation","contenu":"","fichiers":[]},"pave18":{"libelle":"Descriptif court","contenu":"","fichiers":[]},"pave19":{"libelle":"Descriptif d\u00e9taill\u00e9","contenu":"","fichiers":[]},"pave20":{"libelle":"Compl\u00e9ment localisation","contenu":"","fichiers":[]},"pave21":{"libelle":"Compl\u00e9ment accueil","contenu":"","fichiers":[]},"pave22":{"libelle":"P\u00e9riodes en clair","contenu":"","fichiers":[]},"pave23":{"libelle":"Tarifs en clair","contenu":"","fichiers":[]},"pave24":{"libelle":"Compl\u00e9ment Tarifs","contenu":"","fichiers":[]},"pave25":{"libelle":"Compl\u00e9ment R\u00e9servation","contenu":"","fichiers":[]},"Libelle":"Visite de la Miellerie des Arves","Reference":"","Reftar":"","Type":"PRESTATION","TypePrestataire":"Y","ContexteStat":"PRESTATION-Y-344117-646443","DateModificationIso":"2026-04-22T01:10:00+02:00","Adresse":{"LigneAdresse1":"La Tour","LigneAdresse2":"","LigneAdresse3":"","CodePostal":"73530","Ville":"Saint-Jean-d'Arves","Cedex":"","Etat":"","Pays":"FRA"},"Id":"y-344117-646443","Code":"Y|344117|646443","Cle":"Y|344117|646443","Url":"visite-de-la-miellerie-des-arves.html","Localisation":{"GoogleMap":{"Latitude":"45.20838","Longitude":"6.272274"}},"ZoneGeo":"","Criteres":{"prestations[surchargeTourismesAdaptes":"","prestations[surchargeDescriptifHandicapMoteur":"","prestations[surchargeDescriptifHandicapAuditif":"","prestations[surchargeDescriptifHandicapVisuel":"","prestations[surchargeDescriptifHandicapMental":"","prestations[surchargeNombreFauteuilsRoulants":"","languesParlees[1197":"","languesDocumentation[1197":"","3650[3652":"","3650[3676":"","2[513":"","2[496":"","5[593":"","114[418":"","114[436":"","modesPaiement[1268":"","modesPaiement[1277":"","typesManifestation[1958":"","94[2101":"","6842[3717":"","103[2064":"","101[2292":"","portee[2352":"","CINTSITRA[11226":"","CINTSITRA[11435":"","3220[25629":"","3233[60439":"","3233[908439":"","3218[60729":"","3219[72808":"","3219[126557":"","3227[82852":"","3230[323078":"","3230[5532377":"","3230[6328304":"","3221[344174":"","3221[549303":"","3221[596327":"","6241[595160":"","VilleSitra[30471":"","VillageDeDepart[30471":""},"ContactsParType":{"IWEB":{"59967":{"id_contact":"59967","type_contact":"IWEB","categorie_contact":"PRESTATION","societe_contact":"","fonction_contact":"","civilite_nom_prenom_contact":"Duraz S\u00e9bastien  ","adresse1_contact":"","adresse2_contact":"","adresse3_contact":"","cpostal_contact":"","ville_contact":"","teldom_contact":"","telbur_contact":"","fax_contact":"","portable_contact":"06 84 78 79 36","email_contact":"mieillerie.des.arves@gmail.com","siteweb_contact":"http:\/\/www.la-miellerie-des-arves.com","commentaire_contact":"","langue_contact":"","autre_moyen_com":[]}},"DIR":{"59968":{"id_contact":"59968","type_contact":"DIR","categorie_contact":"PRESTATION","societe_contact":"","fonction_contact":"","civilite_nom_prenom_contact":"M DURAZ S\u00e9bastien ","adresse1_contact":"","adresse2_contact":"","adresse3_contact":"","cpostal_contact":"","ville_contact":"","teldom_contact":"","telbur_contact":"","fax_contact":"","portable_contact":"","email_contact":"","siteweb_contact":"","commentaire_contact":"","langue_contact":"","autre_moyen_com":[]}}},"LiensEtWidgetsParType":{"A":[{"Id":"21427","TypePrestataire":"Y","CodePrestataire":"344117","CodePrestation":"646443","CodeLibelle":"","Type":"A","Url":"https:\/\/www.facebook.com\/La-miellerie-des-arves-740293496010452\/","Defaut":"N","Langue":"","Nature":"URL","Import":"SITRA2","LibelleText":"","Theme":""}]},"LiensEtWidgets":[{"Id":"21427","TypePrestataire":"Y","CodePrestataire":"344117","CodePrestation":"646443","CodeLibelle":"","Type":"A","Url":"https:\/\/www.facebook.com\/La-miellerie-des-arves-740293496010452\/","Defaut":"N","Langue":"","Nature":"URL","Import":"SITRA2","LibelleText":"","Theme":""}],"ContactRemplaceCoordonnees":"59967","Prestataire":{"pave1":{"libelle":"","contenu":""},"pave2":{"libelle":"","contenu":""},"pave3":{"libelle":"","contenu":""},"pave4":{"libelle":"","contenu":""},"pave5":{"libelle":"","contenu":""},"pave6":{"libelle":"","contenu":""},"pave7":{"libelle":"","contenu":""},"pave8":{"libelle":"","contenu":""},"pave9":{"libelle":"","contenu":""},"pave10":{"libelle":"","contenu":""},"pave11":{"libelle":"","contenu":""},"pave12":{"libelle":"","contenu":""},"pave13":{"libelle":"","contenu":""},"pave14":{"libelle":"","contenu":""},"pave15":{"libelle":"","contenu":""},"pave16":{"libelle":"","contenu":""},"pave17":{"libelle":"","contenu":""},"pave18":{"libelle":"","contenu":""},"pave19":{"libelle":"","contenu":""},"pave20":{"libelle":"","contenu":""},"pave21":{"libelle":"","contenu":""},"pave22":{"libelle":"","contenu":""},"pave23":{"libelle":"","contenu":""},"pave24":{"libelle":"","contenu":""},"pave25":{"libelle":"","contenu":""}},"Fichier":{"Image":[{"url":"https:\/\/www.sja73.com\/medias\/images\/prestations\/66221-img_3178.jpg","chemin":"..\/medias\/images\/prestations\/66221-img_3178.jpg","libelle":"Miellerie des Arves","extension":"jpg","categorie":"","largeur":1600,"theme":"","hauteur":1055,"type":"Image","origine":"","liaisonPave":"","langue":"","id":"66221","urlVignette":"https:\/\/www.sja73.com\/medias\/images\/prestations\/v-66221-img_3178.jpg","alt":"Miellerie des Arves","title":"Miellerie des Arves - &copy Office de Tourisme SJA","MultiTaille":{"1920x1440":{"url":"https:\/\/www.sja73.com\/medias\/images\/prestations\/multitailles\/1920x1440_66221-img_3178.jpg"},"1200x900":{"url":"https:\/\/www.sja73.com\/medias\/images\/prestations\/multitailles\/1200x900_66221-img_3178.jpg"},"800x600":{"url":"https:\/\/www.sja73.com\/medias\/images\/prestations\/multitailles\/800x600_66221-img_3178.jpg"},"640x480":{"url":"https:\/\/www.sja73.com\/medias\/images\/prestations\/multitailles\/640x480_66221-img_3178.jpg"},"320x240":{"url":"https:\/\/www.sja73.com\/medias\/images\/prestations\/multitailles\/320x240_66221-img_3178.jpg"},"160x120":{"url":"https:\/\/www.sja73.com\/medias\/images\/prestations\/multitailles\/160x120_66221-img_3178.jpg"},"origine":{"url":"https:\/\/www.sja73.com\/medias\/images\/prestations\/66221-img_3178.jpg"}},"urlLien":"","typeLien":"","nofollow":"N","copyright":"Office de Tourisme SJA"},{"url":"https:\/\/www.sja73.com\/medias\/images\/prestations\/66222-img_3229_copie.jpg","chemin":"..\/medias\/images\/prestations\/66222-img_3229_copie.jpg","libelle":"Miellerie des Arves","extension":"jpg","categorie":"","largeur":5184,"theme":"","hauteur":3456,"type":"Image","origine":"","liaisonPave":"","langue":"","id":"66222","urlVignette":"https:\/\/www.sja73.com\/medias\/images\/prestations\/v-66222-img_3229_copie.jpg","alt":"Miellerie des Arves","title":"Miellerie des Arves - &copy Office de tourisme Saint Jean d'Arves - Les Sybelles","MultiTaille":{"1920x1440":{"url":"https:\/\/www.sja73.com\/medias\/images\/prestations\/multitailles\/1920x1440_66222-img_3229_copie.jpg"},"1200x900":{"url":"https:\/\/www.sja73.com\/medias\/images\/prestations\/multitailles\/1200x900_66222-img_3229_copie.jpg"},"800x600":{"url":"https:\/\/www.sja73.com\/medias\/images\/prestations\/multitailles\/800x600_66222-img_3229_copie.jpg"},"640x480":{"url":"https:\/\/www.sja73.com\/medias\/images\/prestations\/multitailles\/640x480_66222-img_3229_copie.jpg"},"320x240":{"url":"https:\/\/www.sja73.com\/medias\/images\/prestations\/multitailles\/320x240_66222-img_3229_copie.jpg"},"160x120":{"url":"https:\/\/www.sja73.com\/medias\/images\/prestations\/multitailles\/160x120_66222-img_3229_copie.jpg"},"origine":{"url":"https:\/\/www.sja73.com\/medias\/images\/prestations\/66222-img_3229_copie.jpg"}},"urlLien":"","typeLien":"","nofollow":"N","copyright":"Office de tourisme Saint Jean d'Arves - Les Sybelles"},{"url":"https:\/\/www.sja73.com\/medias\/images\/prestations\/66223-miel4.jpg","chemin":"..\/medias\/images\/prestations\/66223-miel4.jpg","libelle":"Miellerie des Arves","extension":"jpg","categorie":"","largeur":1000,"theme":"","hauteur":665,"type":"Image","origine":"","liaisonPave":"","langue":"","id":"66223","urlVignette":"https:\/\/www.sja73.com\/medias\/images\/prestations\/v-66223-miel4.jpg","alt":"Miellerie des Arves","title":"Miellerie des Arves - &copy Office de Tourisme Saint Jean d'Arves - Les Sybelles","MultiTaille":{"1920x1440":{"url":"https:\/\/www.sja73.com\/medias\/images\/prestations\/multitailles\/1920x1440_66223-miel4.jpg"},"1200x900":{"url":"https:\/\/www.sja73.com\/medias\/images\/prestations\/multitailles\/1200x900_66223-miel4.jpg"},"800x600":{"url":"https:\/\/www.sja73.com\/medias\/images\/prestations\/multitailles\/800x600_66223-miel4.jpg"},"640x480":{"url":"https:\/\/www.sja73.com\/medias\/images\/prestations\/multitailles\/640x480_66223-miel4.jpg"},"320x240":{"url":"https:\/\/www.sja73.com\/medias\/images\/prestations\/multitailles\/320x240_66223-miel4.jpg"},"160x120":{"url":"https:\/\/www.sja73.com\/medias\/images\/prestations\/multitailles\/160x120_66223-miel4.jpg"},"origine":{"url":"https:\/\/www.sja73.com\/medias\/images\/prestations\/66223-miel4.jpg"}},"urlLien":"","typeLien":"","nofollow":"N","copyright":"Office de Tourisme Saint Jean d'Arves - Les Sybelles"},{"url":"https:\/\/www.sja73.com\/medias\/images\/prestations\/66224-visite_miellerie_des_arves.jpg","chemin":"..\/medias\/images\/prestations\/66224-visite_miellerie_des_arves.jpg","libelle":"visite comment\u00e9e de la miellerie des Arves","extension":"jpg","categorie":"","largeur":1752,"theme":"","hauteur":1200,"type":"Image","origine":"","liaisonPave":"","langue":"","id":"66224","urlVignette":"https:\/\/www.sja73.com\/medias\/images\/prestations\/v-66224-visite_miellerie_des_arves.jpg","alt":"visite comment\u00e9e de la miellerie des Arves","title":"visite comment\u00e9e de la miellerie des Arves - &copy Office de Tourisme SJA","MultiTaille":{"1920x1440":{"url":"https:\/\/www.sja73.com\/medias\/images\/prestations\/multitailles\/1920x1440_66224-visite_miellerie_des_arves.jpg"},"1200x900":{"url":"https:\/\/www.sja73.com\/medias\/images\/prestations\/multitailles\/1200x900_66224-visite_miellerie_des_arves.jpg"},"800x600":{"url":"https:\/\/www.sja73.com\/medias\/images\/prestations\/multitailles\/800x600_66224-visite_miellerie_des_arves.jpg"},"640x480":{"url":"https:\/\/www.sja73.com\/medias\/images\/prestations\/multitailles\/640x480_66224-visite_miellerie_des_arves.jpg"},"320x240":{"url":"https:\/\/www.sja73.com\/medias\/images\/prestations\/multitailles\/320x240_66224-visite_miellerie_des_arves.jpg"},"160x120":{"url":"https:\/\/www.sja73.com\/medias\/images\/prestations\/multitailles\/160x120_66224-visite_miellerie_des_arves.jpg"},"origine":{"url":"https:\/\/www.sja73.com\/medias\/images\/prestations\/66224-visite_miellerie_des_arves.jpg"}},"urlLien":"","typeLien":"","nofollow":"N","copyright":"Office de Tourisme SJA"},{"url":"https:\/\/www.sja73.com\/medias\/images\/prestations\/66225-img_3165.jpg","chemin":"..\/medias\/images\/prestations\/66225-img_3165.jpg","libelle":"Miellerie des Arves","extension":"jpg","categorie":"","largeur":5184,"theme":"","hauteur":3456,"type":"Image","origine":"","liaisonPave":"","langue":"","id":"66225","urlVignette":"https:\/\/www.sja73.com\/medias\/images\/prestations\/v-66225-img_3165.jpg","alt":"Miellerie des Arves","title":"Miellerie des Arves - &copy Office de Tourisme Saint Jean d'Arves - Les Sybelles","MultiTaille":{"1920x1440":{"url":"https:\/\/www.sja73.com\/medias\/images\/prestations\/multitailles\/1920x1440_66225-img_3165.jpg"},"1200x900":{"url":"https:\/\/www.sja73.com\/medias\/images\/prestations\/multitailles\/1200x900_66225-img_3165.jpg"},"800x600":{"url":"https:\/\/www.sja73.com\/medias\/images\/prestations\/multitailles\/800x600_66225-img_3165.jpg"},"640x480":{"url":"https:\/\/www.sja73.com\/medias\/images\/prestations\/multitailles\/640x480_66225-img_3165.jpg"},"320x240":{"url":"https:\/\/www.sja73.com\/medias\/images\/prestations\/multitailles\/320x240_66225-img_3165.jpg"},"160x120":{"url":"https:\/\/www.sja73.com\/medias\/images\/prestations\/multitailles\/160x120_66225-img_3165.jpg"},"origine":{"url":"https:\/\/www.sja73.com\/medias\/images\/prestations\/66225-img_3165.jpg"}},"urlLien":"","typeLien":"","nofollow":"N","copyright":"Office de Tourisme Saint Jean d'Arves - Les Sybelles"}],"ByCategorie":{"":[{"url":"https:\/\/www.sja73.com\/medias\/images\/prestations\/66221-img_3178.jpg","chemin":"..\/medias\/images\/prestations\/66221-img_3178.jpg","libelle":"Miellerie des Arves","extension":"jpg","categorie":"","largeur":1600,"theme":"","hauteur":1055,"type":"Image","origine":"","liaisonPave":"","langue":"","id":"66221","urlVignette":"https:\/\/www.sja73.com\/medias\/images\/prestations\/v-66221-img_3178.jpg","alt":"Miellerie des Arves","title":"Miellerie des Arves - &copy Office de Tourisme SJA","MultiTaille":{"1920x1440":{"url":"https:\/\/www.sja73.com\/medias\/images\/prestations\/multitailles\/1920x1440_66221-img_3178.jpg"},"1200x900":{"url":"https:\/\/www.sja73.com\/medias\/images\/prestations\/multitailles\/1200x900_66221-img_3178.jpg"},"800x600":{"url":"https:\/\/www.sja73.com\/medias\/images\/prestations\/multitailles\/800x600_66221-img_3178.jpg"},"640x480":{"url":"https:\/\/www.sja73.com\/medias\/images\/prestations\/multitailles\/640x480_66221-img_3178.jpg"},"320x240":{"url":"https:\/\/www.sja73.com\/medias\/images\/prestations\/multitailles\/320x240_66221-img_3178.jpg"},"160x120":{"url":"https:\/\/www.sja73.com\/medias\/images\/prestations\/multitailles\/160x120_66221-img_3178.jpg"},"origine":{"url":"https:\/\/www.sja73.com\/medias\/images\/prestations\/66221-img_3178.jpg"}},"urlLien":"","typeLien":"","nofollow":"N","copyright":"Office de Tourisme SJA"},{"url":"https:\/\/www.sja73.com\/medias\/images\/prestations\/66222-img_3229_copie.jpg","chemin":"..\/medias\/images\/prestations\/66222-img_3229_copie.jpg","libelle":"Miellerie des Arves","extension":"jpg","categorie":"","largeur":5184,"theme":"","hauteur":3456,"type":"Image","origine":"","liaisonPave":"","langue":"","id":"66222","urlVignette":"https:\/\/www.sja73.com\/medias\/images\/prestations\/v-66222-img_3229_copie.jpg","alt":"Miellerie des Arves","title":"Miellerie des Arves - &copy Office de tourisme Saint Jean d'Arves - Les Sybelles","MultiTaille":{"1920x1440":{"url":"https:\/\/www.sja73.com\/medias\/images\/prestations\/multitailles\/1920x1440_66222-img_3229_copie.jpg"},"1200x900":{"url":"https:\/\/www.sja73.com\/medias\/images\/prestations\/multitailles\/1200x900_66222-img_3229_copie.jpg"},"800x600":{"url":"https:\/\/www.sja73.com\/medias\/images\/prestations\/multitailles\/800x600_66222-img_3229_copie.jpg"},"640x480":{"url":"https:\/\/www.sja73.com\/medias\/images\/prestations\/multitailles\/640x480_66222-img_3229_copie.jpg"},"320x240":{"url":"https:\/\/www.sja73.com\/medias\/images\/prestations\/multitailles\/320x240_66222-img_3229_copie.jpg"},"160x120":{"url":"https:\/\/www.sja73.com\/medias\/images\/prestations\/multitailles\/160x120_66222-img_3229_copie.jpg"},"origine":{"url":"https:\/\/www.sja73.com\/medias\/images\/prestations\/66222-img_3229_copie.jpg"}},"urlLien":"","typeLien":"","nofollow":"N","copyright":"Office de tourisme Saint Jean d'Arves - Les Sybelles"},{"url":"https:\/\/www.sja73.com\/medias\/images\/prestations\/66223-miel4.jpg","chemin":"..\/medias\/images\/prestations\/66223-miel4.jpg","libelle":"Miellerie des Arves","extension":"jpg","categorie":"","largeur":1000,"theme":"","hauteur":665,"type":"Image","origine":"","liaisonPave":"","langue":"","id":"66223","urlVignette":"https:\/\/www.sja73.com\/medias\/images\/prestations\/v-66223-miel4.jpg","alt":"Miellerie des Arves","title":"Miellerie des Arves - &copy Office de Tourisme Saint Jean d'Arves - Les Sybelles","MultiTaille":{"1920x1440":{"url":"https:\/\/www.sja73.com\/medias\/images\/prestations\/multitailles\/1920x1440_66223-miel4.jpg"},"1200x900":{"url":"https:\/\/www.sja73.com\/medias\/images\/prestations\/multitailles\/1200x900_66223-miel4.jpg"},"800x600":{"url":"https:\/\/www.sja73.com\/medias\/images\/prestations\/multitailles\/800x600_66223-miel4.jpg"},"640x480":{"url":"https:\/\/www.sja73.com\/medias\/images\/prestations\/multitailles\/640x480_66223-miel4.jpg"},"320x240":{"url":"https:\/\/www.sja73.com\/medias\/images\/prestations\/multitailles\/320x240_66223-miel4.jpg"},"160x120":{"url":"https:\/\/www.sja73.com\/medias\/images\/prestations\/multitailles\/160x120_66223-miel4.jpg"},"origine":{"url":"https:\/\/www.sja73.com\/medias\/images\/prestations\/66223-miel4.jpg"}},"urlLien":"","typeLien":"","nofollow":"N","copyright":"Office de Tourisme Saint Jean d'Arves - Les Sybelles"},{"url":"https:\/\/www.sja73.com\/medias\/images\/prestations\/66224-visite_miellerie_des_arves.jpg","chemin":"..\/medias\/images\/prestations\/66224-visite_miellerie_des_arves.jpg","libelle":"visite comment\u00e9e de la miellerie des Arves","extension":"jpg","categorie":"","largeur":1752,"theme":"","hauteur":1200,"type":"Image","origine":"","liaisonPave":"","langue":"","id":"66224","urlVignette":"https:\/\/www.sja73.com\/medias\/images\/prestations\/v-66224-visite_miellerie_des_arves.jpg","alt":"visite comment\u00e9e de la miellerie des Arves","title":"visite comment\u00e9e de la miellerie des Arves - &copy Office de Tourisme SJA","MultiTaille":{"1920x1440":{"url":"https:\/\/www.sja73.com\/medias\/images\/prestations\/multitailles\/1920x1440_66224-visite_miellerie_des_arves.jpg"},"1200x900":{"url":"https:\/\/www.sja73.com\/medias\/images\/prestations\/multitailles\/1200x900_66224-visite_miellerie_des_arves.jpg"},"800x600":{"url":"https:\/\/www.sja73.com\/medias\/images\/prestations\/multitailles\/800x600_66224-visite_miellerie_des_arves.jpg"},"640x480":{"url":"https:\/\/www.sja73.com\/medias\/images\/prestations\/multitailles\/640x480_66224-visite_miellerie_des_arves.jpg"},"320x240":{"url":"https:\/\/www.sja73.com\/medias\/images\/prestations\/multitailles\/320x240_66224-visite_miellerie_des_arves.jpg"},"160x120":{"url":"https:\/\/www.sja73.com\/medias\/images\/prestations\/multitailles\/160x120_66224-visite_miellerie_des_arves.jpg"},"origine":{"url":"https:\/\/www.sja73.com\/medias\/images\/prestations\/66224-visite_miellerie_des_arves.jpg"}},"urlLien":"","typeLien":"","nofollow":"N","copyright":"Office de Tourisme SJA"},{"url":"https:\/\/www.sja73.com\/medias\/images\/prestations\/66225-img_3165.jpg","chemin":"..\/medias\/images\/prestations\/66225-img_3165.jpg","libelle":"Miellerie des Arves","extension":"jpg","categorie":"","largeur":5184,"theme":"","hauteur":3456,"type":"Image","origine":"","liaisonPave":"","langue":"","id":"66225","urlVignette":"https:\/\/www.sja73.com\/medias\/images\/prestations\/v-66225-img_3165.jpg","alt":"Miellerie des Arves","title":"Miellerie des Arves - &copy Office de Tourisme Saint Jean d'Arves - Les Sybelles","MultiTaille":{"1920x1440":{"url":"https:\/\/www.sja73.com\/medias\/images\/prestations\/multitailles\/1920x1440_66225-img_3165.jpg"},"1200x900":{"url":"https:\/\/www.sja73.com\/medias\/images\/prestations\/multitailles\/1200x900_66225-img_3165.jpg"},"800x600":{"url":"https:\/\/www.sja73.com\/medias\/images\/prestations\/multitailles\/800x600_66225-img_3165.jpg"},"640x480":{"url":"https:\/\/www.sja73.com\/medias\/images\/prestations\/multitailles\/640x480_66225-img_3165.jpg"},"320x240":{"url":"https:\/\/www.sja73.com\/medias\/images\/prestations\/multitailles\/320x240_66225-img_3165.jpg"},"160x120":{"url":"https:\/\/www.sja73.com\/medias\/images\/prestations\/multitailles\/160x120_66225-img_3165.jpg"},"origine":{"url":"https:\/\/www.sja73.com\/medias\/images\/prestations\/66225-img_3165.jpg"}},"urlLien":"","typeLien":"","nofollow":"N","copyright":"Office de Tourisme Saint Jean d'Arves - Les Sybelles"}]}},"DateDebPublication":"","DateFinPublication":"","PrixAPartirDe":"","PrixPour":"","FicheListeEnCours":"fiche_liste_fetes_et_manifestations_prestation_v2","ParametresModele":{"AfficherPhotos":"1","NbPhotosMax":6,"AfficherReserver":0,"AfficherContact":0,"AfficherSalle":1,"AfficherZoneGeo":0,"AfficherEnSavoirPlus":"0","AfficherUneSeuleOuverture":"1","AfficherContactCarte":1,"AfficherTarifsChaudAPartirDe":0,"AfficherTarifChaudSansRecherche":0,"AfficherLiensCarnetVoyage":"1","AfficherOuverture":"1","PositionBloc":"GALLERIE|NOM|CARNET_VOYAGE|URL","TypePrestataire":"Y","ComportementResa":false,"ComportementDispo":false},"AffichageCoordonnees":[],"Coordonnees":{"Ville":"Saint-Jean-d'Arves"},"ContexteId":"PRESTATION|Y|344117|646443","ContexteIdHtml":"PRESTATION-Y-344117-646443","cleContexte":"Y|344117|646443","Bloc":{"texte1":"","texte3":"","critere1":{"libelle":"","contenu":[]},"critere2":{"libelle":"","contenu":[]},"critere3":{"libelle":"","contenu":[]},"critere4":{"libelle":"","contenu":[]},"critere5":{"libelle":"","contenu":[]},"critere6":{"libelle":"","contenu":[]},"critere7":{"libelle":"","contenu":[]},"critere8":{"libelle":"","contenu":[]},"critere9":{"libelle":"","contenu":[]}},"LocalisationGps":{"Latitude":"45.20838","Longitude":"6.272274"},"libelleDuPrestataire":"","vuePrestataire":{"pave1":{"libelle":"","contenu":""},"pave2":{"libelle":"","contenu":""},"pave3":{"libelle":"","contenu":""},"pave4":{"libelle":"","contenu":""},"pave5":{"libelle":"","contenu":""},"pave6":{"libelle":"","contenu":""},"pave7":{"libelle":"","contenu":""},"pave8":{"libelle":"","contenu":""},"pave9":{"libelle":"","contenu":""},"pave10":{"libelle":"","contenu":""},"pave11":{"libelle":"","contenu":""},"pave12":{"libelle":"","contenu":""},"pave13":{"libelle":"","contenu":""},"pave14":{"libelle":"","contenu":""},"pave15":{"libelle":"","contenu":""},"pave16":{"libelle":"","contenu":""},"pave17":{"libelle":"","contenu":""},"pave18":{"libelle":"","contenu":""},"pave19":{"libelle":"","contenu":""},"pave20":{"libelle":"","contenu":""},"pave21":{"libelle":"","contenu":""},"pave22":{"libelle":"","contenu":""},"pave23":{"libelle":"","contenu":""},"pave24":{"libelle":"","contenu":""},"pave25":{"libelle":"","contenu":""},"AffichageCoordonnees":[]},"listeCriteres":{"prestations":{"surchargeTourismesAdaptes":"","surchargeDescriptifHandicapMoteur":"","surchargeDescriptifHandicapAuditif":"","surchargeDescriptifHandicapVisuel":"","surchargeDescriptifHandicapMental":"","surchargeNombreFauteuilsRoulants":""},"languesParlees":{"1197":""},"languesDocumentation":{"1197":""},"3650":{"3652":"","3676":""},"2":{"513":"","496":""},"5":{"593":""},"114":{"418":"","436":""},"modesPaiement":{"1268":"","1277":""},"typesManifestation":{"1958":""},"94":{"2101":""},"6842":{"3717":""},"103":{"2064":""},"101":{"2292":""},"portee":{"2352":""},"CINTSITRA":{"11226":"","11435":""},"3220":{"25629":""},"3233":{"60439":"","908439":""},"3218":{"60729":""},"3219":{"72808":"","126557":""},"3227":{"82852":""},"3230":{"323078":"","5532377":"","6328304":""},"3221":{"344174":"","549303":"","596327":""},"6241":{"595160":""},"VilleSitra":{"30471":""},"VillageDeDepart":{"30471":""},"P.3885":{"4011":""},"P.CINTSITRA":{"11226":"","11435":""},"P.3220":{"25629":""},"P.3233":{"60439":"","908439":""},"P.3218":{"60729":""},"P.3219":{"72808":"","126557":""},"P.3227":{"82852":""},"P.3230":{"323078":"","5532377":"","6328304":""},"P.3221":{"344174":"","549303":"","596327":""},"P.6241":{"595160":""},"P.VilleSitra":{"30471":""},"P.VillageDeDepart":{"30471":""}},"dansCarnetVoyage":true,"Ouverture":["\u003Cp class=\"date\" \u003EDu samedi 04 juillet au lundi 31 ao\u00fbt 2026\u003C\/p\u003E\u003Cp class=\"nature\" \u003ETous les jours\u003C\/p\u003E\u003Cp class=\"complement\" \u003EDates sous r\u00e9serve de modification\r\nVisites (selon conditions sanitaires)\r\nLes mardis & jeudis : 9h-12h\/15h-19h\r\n\r\nVente directe & par correspondance :\r\nA la miellerie, du lundi au samedi 9h-12h\/15h-19h\r\n\r\nEn saison , sur le march\u00e9 artisanal de La Chal tous les mercredis de 15h \u00e0 19h.\u003C\/p\u003E"],"OuverturePasse":[],"OuvertureObjs":[{}],"OuvertureTab":[["20260704","20260831"]]},"html":" \n \u003Cdiv id=\"CV-PRESTATION-Y-344117-646443\" data-contexte-id=\"PRESTATION|Y|344117|646443\" data-cle=\"Y|344117|646443\" class=\"fiche-liste\"\u003E\n    \n\n    \u003C!-- partie photo --\u003E\n    \u003Cdiv class=\"photo\"\u003E\t\t\t\t\t\t\t\t\t\t\t\t\t\t\t\t\t\t\t\t\t\n        \u003Cdiv class=\"cadre_photo_principale\"\u003E\t\t\n        \n            \t\t\t\t\t\n                    \u003Ca href=\"visite-de-la-miellerie-des-arves.html?origine=carnet#media\"\u003E\n                        \u003Cimg class=\"photo_principale\" alt=\"Miellerie des Arves\" src=\"https:\/\/www.sja73.com\/medias\/images\/prestations\/multitailles\/320x240_66221-img_3178.jpg\" itemprop=\"image\"\u003E\n                    \u003C\/a\u003E\t\t\t\t\t\t\n                \n                    \u003C\/div\u003E\t\t\t\t\t\t\t\t\t\t\t\t\t\t\t\t\t\t\t \t\t\n    \u003C\/div\u003E\n    \n    \u003C!-- partie nom prest --\u003E\n    \u003Cdiv class=\"nom\"\u003E\n        \u003Ch2\u003EVisite de la Miellerie des Arves\u003C\/h2\u003E\n        \n            \u003C\/div\u003E\n\n     \u003Cul style=\"display: none\" class=\"ouverture_list\"\u003E\u003Cli class=\"ouverture_item\"\u003E\u003Cp class=\"date\" \u003EDu samedi 04 juillet au lundi 31 ao\u00fbt 2026\u003C\/p\u003E\u003Cp class=\"nature\" \u003ETous les jours\u003C\/p\u003E\u003Cp class=\"complement\" \u003EDates sous r\u00e9serve de modification\r\nVisites (selon conditions sanitaires)\r\nLes mardis & jeudis : 9h-12h\/15h-19h\r\n\r\nVente directe & par correspondance :\r\nA la miellerie, du lundi au samedi 9h-12h\/15h-19h\r\n\r\nEn saison , sur le march\u00e9 artisanal de La Chal tous les mercredis de 15h \u00e0 19h.\u003C\/p\u003E\u003C\/li\u003E\u003C\/ul\u003E    \n    \u003C!-- partie adresse --\u003E\n    \u003Cdiv class=\"adresse\"\u003E\n    \n          \n    \u003C\/div\u003E\n    \n    \u003C!-- partie liens --\u003E\n    \u003Cdiv class=\"liens\"\u003E\n            \u003Ca class=\"btn-icon btn-view \" title=\"Voir la fiche d\u00e9taill\u00e9e\" href=\"visite-de-la-miellerie-des-arves.html?origine=carnet\"\u003E\u003C\/a\u003E\u003C!--\u003Ca class=\"btn-icon btn-view \" title=\"\" href=\"?origine=carnet#thaut\"\u003E\u003C\/a\u003E--\u003E\n      \u003Ca class=\"btn-icon btn-trash carnet_voyage_supprimer\" title=\"Supprimer cette fiche de mon carnet de voyage\" href=\"carnet-voyage?action=remove&fiche=Y|344117|646443\"\u003E\u003C\/a\u003E\n    \u003C\/div\u003E\n\n\u003C\/div\u003E\n\n","icon":"https:\/\/static.ingenie.fr\/images\/carnetVoyageV3\/Y.png"},"fiche":"Y|344117|646443","popup":"\u003Cdiv id=\"bloc_popup_ajout_fiche_carnet\"\u003E\n    \u003Cdiv class=\"info_popup_ajout_fiche_carnet\"\u003E\n        Vous venez d'ajouter cet \u00e9l\u00e9ment \u00e0 votre carnet de voyage :    \u003C\/div\u003E\n    \u003Cdiv class=\"prest_popup_ajout_fiche_carnet\"\u003E\n        Visite de la Miellerie des Arves    \u003C\/div\u003E\n    \u003Cdiv class=\"bloc_btn_ajout_fiche_carnet form_submit_div\"\u003E\n        \u003Cinput type=\"button\" value=\"Continuer ma s\u00e9lection\" title=\"Continuer ma s\u00e9lection\" name=\"btn_close\" class=\"btn_close_popup_carnet form_submit\" onclick=\"$.colorbox.close()\" \/\u003E\n        \u003Cinput type=\"button\" value=\"Voir mon carnet de voyage\" title=\"Voir mon carnet\" name=\"btn_panier\" class=\"btn_panier_popup_carnet form_submit\" onclick=\"if(typeof CarnetVoyage != 'undefined') {CarnetVoyage.voirCarnet();}\" \/\u003E\n    \u003C\/div\u003E\n    \u003Cdiv class=\"bloc_btn_ajout_fiche_carnet\"\u003E\n        \u003Cinput type=\"checkbox\" value=\"1\" name=\"desactiver_popup\" id=\"desactiver_popup\" \/\u003E\n        \u003Clabel for=\"desactiver_popup\"\u003ENe plus afficher ce message\u003C\/label\u003E\n    \u003C\/div\u003E\n\u003C\/div\u003E","success":1}