{"nbFiches":2,"dataPrest":{"infoPrest":{"pave1":{"libelle":"Descriptif court","contenu":"Le cadran solaire appos\u00e9 sur l'\u00e9glise d'Entraigues datant de 1843 est une curiosit\u00e9 \u00e0 d\u00e9couvrir et \u00e0 d\u00e9crypter.\u003Cbr \/\u003E\r\nEntraigues est l'un des 28 hameaux de Saint Jean d'Arves, au patrimoine architectural bien conserv\u00e9, typique de la vall\u00e9e de l'Arvan."},"pave2":{"libelle":"Descriptif d\u00e9taill\u00e9","contenu":"Lors de votre passage dans la vall\u00e9e de l'Arvan, d\u00e9couvrez le hameau d'Entraigues et son patrimoine bien conserv\u00e9 : son \u00e9glise, le cadran solaire et l'habitat traditionnel repr\u00e9sentatif de la vall\u00e9e. \u003Cbr \/\u003E\r\nVous pouvez \u00e9galement contempler le hameau d'Entraigues et faire une promenade de 45 min en direction du Mollard de la Croix.\u003Cbr \/\u003E\r\n\u003Cbr \/\u003E\r\nLa cadran solaire, une curiosit\u00e9 \u00e0 d\u00e9couvrir !\u003Cbr \/\u003E\r\n\u003Cbr \/\u003E\r\nBlottie au creux d'un vallon au confluent de l'Arvette et de l'Arvan, l'\u00e9glise d'Entraigues, est un modeste \u00e9difice poss\u00e8de pourtant, l'un des plus beaux et des plus myst\u00e9rieux cadrans solaires de Savoie. \u003Cbr \/\u003E\r\nAvec sa forme \u00e9l\u00e9gante, ses teintes harmonieuses, ses proportions \u00e9quilibr\u00e9es, ses signes \u00e9nigmatiques, il se distingue radicalement de l'ornementation habituelle des cadrans solaires. \u003Cbr \/\u003E\r\nDidier Chagot et Paul Gagnaire membres de la soci\u00e9t\u00e9 astronomique de France se sont livr\u00e9s \u00e0 une \u00e9tude approfondie de ce cadran particulier. La partie centrale indique le midi solaire de 37 lieux du monde repr\u00e9sent\u00e9s chacun par une \u00e9toile c\u00e9leste rouge. L'\u00e9cart de longitude entre ces sites et Entraigues est figur\u00e9 par des traces visibles de pr\u00e8s seulement. \u003Cbr \/\u003E\r\nEn bas du cadran appara\u00eet le nom cod\u00e9 de son constructeur, Giuseppe Gibello et l'ann\u00e9e de construction 1843. En haut de l'\u00e9cran on peut lire la devise \u00ab je refuse de dire l'heure si le soleil se tait \u00bb \u00e0 proximit\u00e9 de la repr\u00e9sentation d'un compas, d'une \u00e9querre, d'un rapporteur, d'un fil de plomb, autant d'\u00e9l\u00e9ments qui ne correspondent pas \u00e0 l'iconographie religieuse.\u003Cbr \/\u003E\r\n\u003Cbr \/\u003E\r\nQuel message le cadranier a-t-il voulu transmettre ? Qui \u00e9tait-il, au juste ? Nous ne savons rien ou presque sur lui. Et enfin qui avait command\u00e9 la r\u00e9alisation de cet ouvrage ? Un cadran bien myst\u00e9rieux \u00e0 la beaut\u00e9 \u00e9trange, superbement restaur\u00e9 depuis 1999, et qui garde une grande partie de son myst\u00e8re."},"pave3":{"libelle":"Bons plans","contenu":""},"pave4":{"libelle":"Compl\u00e9ment localisation","contenu":""},"pave5":{"libelle":"Compl\u00e9ment accueil","contenu":""},"pave6":{"libelle":"P\u00e9riodes en clair","contenu":"Toute l'ann\u00e9e, tous les jours."},"pave7":{"libelle":"Tarifs en clair","contenu":""},"pave8":{"libelle":"Compl\u00e9ment Tarifs","contenu":""},"pave9":{"libelle":"Compl\u00e9ment R\u00e9servation","contenu":""},"pave10":{"libelle":"Descriptif court","contenu":""},"pave11":{"libelle":"Descriptif d\u00e9taill\u00e9","contenu":""},"pave12":{"libelle":"Compl\u00e9ment localisation","contenu":""},"pave13":{"libelle":"Compl\u00e9ment accueil","contenu":""},"pave14":{"libelle":"P\u00e9riodes en clair","contenu":""},"pave15":{"libelle":"Tarifs en clair","contenu":""},"pave16":{"libelle":"Compl\u00e9ment Tarifs","contenu":""},"pave17":{"libelle":"Compl\u00e9ment R\u00e9servation","contenu":""},"pave18":{"libelle":"Descriptif court","contenu":""},"pave19":{"libelle":"Descriptif d\u00e9taill\u00e9","contenu":""},"pave20":{"libelle":"Compl\u00e9ment localisation","contenu":""},"pave21":{"libelle":"Compl\u00e9ment accueil","contenu":""},"pave22":{"libelle":"P\u00e9riodes en clair","contenu":""},"pave23":{"libelle":"Tarifs en clair","contenu":""},"pave24":{"libelle":"Compl\u00e9ment Tarifs","contenu":""},"pave25":{"libelle":"Compl\u00e9ment R\u00e9servation","contenu":""},"Libelle":"Cadran solaire d'Entraigues","Nom":"Cadran solaire d'Entraigues","Prenom":"","NomPrenom":"Cadran solaire d'Entraigues ","CiviliteNomPrenom":"Cadran solaire d'Entraigues ","Cle":"U|501793","PrestataireParent":"","ContexteStat":"PRESTATAIRE-U-501793","DateModificationIso":"2025-06-15T01:44:00+02:00","Type":"PRESTATAIRE","TypePrestataire":"U","Adresse":{"LigneAdresse1":"Entraigues","LigneAdresse2":"","LigneAdresse3":"","CodePostal":"73530","Ville":"Saint-Jean-d'Arves","Cedex":"","Etat":"","Pays":"FRA"},"Email":"","Telephone":"04 79 59 73 30","TelephoneBureau":"","Portable":"","SiteWeb":"http:\/\/entraiguessaintjeandarves.webnode.fr\/","Fax":"","Id":"u-501793","Code":"U|501793","Fichier":{"Image":[{"url":"https:\/\/www.sja73.com\/medias\/images\/prestataires\/44096-cadran_solaire_eglise_d_entraigues.jpg","chemin":"..\/medias\/images\/prestataires\/44096-cadran_solaire_eglise_d_entraigues.jpg","libelle":"cadran Entraigues","extension":"jpg","categorie":"","largeur":4288,"theme":"","hauteur":3216,"type":"Image","origine":"","liaisonPave":"","langue":"","id":"44096","urlVignette":"https:\/\/www.sja73.com\/medias\/images\/prestataires\/v-44096-cadran_solaire_eglise_d_entraigues.jpg","alt":"cadran Entraigues","title":"cadran Entraigues - &copy OT SJA","MultiTaille":{"1920x1440":{"url":"https:\/\/www.sja73.com\/medias\/images\/prestataires\/multitailles\/1920x1440_44096-cadran_solaire_eglise_d_entraigues.jpg"},"1200x900":{"url":"https:\/\/www.sja73.com\/medias\/images\/prestataires\/multitailles\/1200x900_44096-cadran_solaire_eglise_d_entraigues.jpg"},"800x600":{"url":"https:\/\/www.sja73.com\/medias\/images\/prestataires\/multitailles\/800x600_44096-cadran_solaire_eglise_d_entraigues.jpg"},"640x480":{"url":"https:\/\/www.sja73.com\/medias\/images\/prestataires\/multitailles\/640x480_44096-cadran_solaire_eglise_d_entraigues.jpg"},"320x240":{"url":"https:\/\/www.sja73.com\/medias\/images\/prestataires\/multitailles\/320x240_44096-cadran_solaire_eglise_d_entraigues.jpg"},"160x120":{"url":"https:\/\/www.sja73.com\/medias\/images\/prestataires\/multitailles\/160x120_44096-cadran_solaire_eglise_d_entraigues.jpg"},"origine":{"url":"https:\/\/www.sja73.com\/medias\/images\/prestataires\/44096-cadran_solaire_eglise_d_entraigues.jpg"}},"urlLien":"","typeLien":"","nofollow":"N","copyright":"OT SJA"}],"ByCategorie":{"":[{"url":"https:\/\/www.sja73.com\/medias\/images\/prestataires\/44096-cadran_solaire_eglise_d_entraigues.jpg","chemin":"..\/medias\/images\/prestataires\/44096-cadran_solaire_eglise_d_entraigues.jpg","libelle":"cadran Entraigues","extension":"jpg","categorie":"","largeur":4288,"theme":"","hauteur":3216,"type":"Image","origine":"","liaisonPave":"","langue":"","id":"44096","urlVignette":"https:\/\/www.sja73.com\/medias\/images\/prestataires\/v-44096-cadran_solaire_eglise_d_entraigues.jpg","alt":"cadran Entraigues","title":"cadran Entraigues - &copy OT SJA","MultiTaille":{"1920x1440":{"url":"https:\/\/www.sja73.com\/medias\/images\/prestataires\/multitailles\/1920x1440_44096-cadran_solaire_eglise_d_entraigues.jpg"},"1200x900":{"url":"https:\/\/www.sja73.com\/medias\/images\/prestataires\/multitailles\/1200x900_44096-cadran_solaire_eglise_d_entraigues.jpg"},"800x600":{"url":"https:\/\/www.sja73.com\/medias\/images\/prestataires\/multitailles\/800x600_44096-cadran_solaire_eglise_d_entraigues.jpg"},"640x480":{"url":"https:\/\/www.sja73.com\/medias\/images\/prestataires\/multitailles\/640x480_44096-cadran_solaire_eglise_d_entraigues.jpg"},"320x240":{"url":"https:\/\/www.sja73.com\/medias\/images\/prestataires\/multitailles\/320x240_44096-cadran_solaire_eglise_d_entraigues.jpg"},"160x120":{"url":"https:\/\/www.sja73.com\/medias\/images\/prestataires\/multitailles\/160x120_44096-cadran_solaire_eglise_d_entraigues.jpg"},"origine":{"url":"https:\/\/www.sja73.com\/medias\/images\/prestataires\/44096-cadran_solaire_eglise_d_entraigues.jpg"}},"urlLien":"","typeLien":"","nofollow":"N","copyright":"OT SJA"}]}},"Url":"cadran-solaire-d-entraigues.html","Localisation":{"GoogleMap":{"Latitude":"45.190881","Longitude":"6.285585"}},"ZoneGeo":"","Criteres":{"AFFICHAGESITE[ADHERENTOUICOMPLET":"","P.prestations[surchargeTourismesAdaptes":"","P.prestations[surchargeDescriptifHandicapMoteur":"","P.prestations[surchargeDescriptifHandicapAuditif":"","P.prestations[surchargeDescriptifHandicapVisuel":"","P.prestations[surchargeDescriptifHandicapMental":"","P.prestations[surchargeNombreFauteuilsRoulants":"","P.114[416":"","P.114[418":"","P.114[435":"","P.114[436":"","P.patrimoineCulturelType[3203":"","P.64[3486":"","P.64[3510":"","P.63[3365":"","P.CINTSITRA[4038":"","P.CINTSITRA[11226":"","P.CINTSITRA[11435":"","P.3220[25629":"","P.3233[60439":"","P.3233[908439":"","P.3218[60729":"","P.3219[72808":"","P.3219[126557":"","P.3227[82852":"","P.3230[323078":"","P.3230[5532377":"","P.3230[6328304":"","P.3221[344174":"","P.3221[549303":"","P.3221[596327":"","P.6241[595160":"","P.VilleSitra[30471":"","P.VillageDeDepart[30471":"","P.114[439":""},"DateFinPublication":"","PrixAPartirDe":"","PrixPour":"","FicheListeEnCours":"fiche_liste_patrimoine_culturel_v2","ParametresModele":{"AfficherPhotos":"1","NbPhotosMax":6,"AfficherReserver":0,"AfficherContact":0,"AfficherSalle":1,"AfficherZoneGeo":0,"AfficherEnSavoirPlus":"0","AfficherUneSeuleOuverture":0,"AfficherContactCarte":1,"AfficherTarifsChaudAPartirDe":0,"AfficherTarifChaudSansRecherche":0,"AfficherLiensCarnetVoyage":"1","Criteres":"AFFICHAGESITE[ADHERENTOUICOMPLET","PositionBloc":"GALLERIE|NOM|URL|CARNET_VOYAGE","TypePrestataire":"U","ComportementResa":false,"ComportementDispo":false},"AffichageCoordonnees":[],"Coordonnees":{"Ville":"Saint-Jean-d'Arves"},"ContexteId":"PRESTATAIRE|U|501793","ContexteIdHtml":"PRESTATAIRE-U-501793","cleContexte":"U|501793","Bloc":{"texte1":"","texte3":"","critere1":{"libelle":"","contenu":[]},"critere2":{"libelle":"","contenu":[]},"critere3":{"libelle":"","contenu":[]},"critere4":{"libelle":"","contenu":[]},"critere5":{"libelle":"","contenu":[]},"critere6":{"libelle":"","contenu":[]},"critere7":{"libelle":"","contenu":[]},"critere8":{"libelle":"","contenu":[]},"critere9":{"libelle":"","contenu":[]}},"LocalisationGps":{"Latitude":"45.190881","Longitude":"6.285585"},"libelleDuPrestataire":"","listeCriteres":{"AFFICHAGESITE":{"ADHERENTOUICOMPLET":""},"P.prestations":{"surchargeTourismesAdaptes":"","surchargeDescriptifHandicapMoteur":"","surchargeDescriptifHandicapAuditif":"","surchargeDescriptifHandicapVisuel":"","surchargeDescriptifHandicapMental":"","surchargeNombreFauteuilsRoulants":""},"P.114":{"416":"","418":"","435":"","436":"","439":""},"P.patrimoineCulturelType":{"3203":""},"P.64":{"3486":"","3510":""},"P.63":{"3365":""},"P.CINTSITRA":{"4038":"","11226":"","11435":""},"P.3220":{"25629":""},"P.3233":{"60439":"","908439":""},"P.3218":{"60729":""},"P.3219":{"72808":"","126557":""},"P.3227":{"82852":""},"P.3230":{"323078":"","5532377":"","6328304":""},"P.3221":{"344174":"","549303":"","596327":""},"P.6241":{"595160":""},"P.VilleSitra":{"30471":""},"P.VillageDeDepart":{"30471":""}},"dansCarnetVoyage":true,"Ouverture":""},"html":" \n \u003Cdiv id=\"CV-PRESTATAIRE-U-501793\" data-contexte-id=\"PRESTATAIRE|U|501793\" data-cle=\"U|501793\" class=\"fiche-liste\"\u003E\n    \n\n    \u003C!-- partie photo --\u003E\n    \u003Cdiv class=\"photo\"\u003E\t\t\t\t\t\t\t\t\t\t\t\t\t\t\t\t\t\t\t\t\t\n        \u003Cdiv class=\"cadre_photo_principale\"\u003E\t\t\n        \n            \t\t\t\t\t\n                    \u003Ca href=\"cadran-solaire-d-entraigues.html?origine=carnet#media\"\u003E\n                        \u003Cimg class=\"photo_principale\" alt=\"cadran Entraigues\" src=\"https:\/\/www.sja73.com\/medias\/images\/prestataires\/multitailles\/320x240_44096-cadran_solaire_eglise_d_entraigues.jpg\" itemprop=\"image\"\u003E\n                    \u003C\/a\u003E\t\t\t\t\t\t\n                \n                    \u003C\/div\u003E\t\t\t\t\t\t\t\t\t\t\t\t\t\t\t\t\t\t\t \t\t\n    \u003C\/div\u003E\n    \n    \u003C!-- partie nom prest --\u003E\n    \u003Cdiv class=\"nom\"\u003E\n        \u003Ch2\u003ECadran solaire d'Entraigues\u003C\/h2\u003E\n        \n            \u003C\/div\u003E\n\n         \n    \u003C!-- partie adresse --\u003E\n    \u003Cdiv class=\"adresse\"\u003E\n    \n          \n    \u003C\/div\u003E\n    \n    \u003C!-- partie liens --\u003E\n    \u003Cdiv class=\"liens\"\u003E\n            \u003Ca class=\"btn-icon btn-view \" title=\"Voir la fiche d\u00e9taill\u00e9e\" href=\"cadran-solaire-d-entraigues.html?origine=carnet\"\u003E\u003C\/a\u003E\u003C!--\u003Ca class=\"btn-icon btn-view \" title=\"\" href=\"?origine=carnet#thaut\"\u003E\u003C\/a\u003E--\u003E\n      \u003Ca class=\"btn-icon btn-trash carnet_voyage_supprimer\" title=\"Supprimer cette fiche de mon carnet de voyage\" href=\"carnet-voyage?action=remove&fiche=U|501793\"\u003E\u003C\/a\u003E\n    \u003C\/div\u003E\n\n\u003C\/div\u003E\n\n","icon":"https:\/\/static.ingenie.fr\/images\/carnetVoyageV3\/U.png"},"fiche":"U|501793","popup":"\u003Cdiv id=\"bloc_popup_ajout_fiche_carnet\"\u003E\n    \u003Cdiv class=\"info_popup_ajout_fiche_carnet\"\u003E\n        Vous venez d'ajouter cet \u00e9l\u00e9ment \u00e0 votre carnet de voyage :    \u003C\/div\u003E\n    \u003Cdiv class=\"prest_popup_ajout_fiche_carnet\"\u003E\n        Cadran solaire d&#039;Entraigues    \u003C\/div\u003E\n    \u003Cdiv class=\"bloc_btn_ajout_fiche_carnet form_submit_div\"\u003E\n        \u003Cinput type=\"button\" value=\"Continuer ma s\u00e9lection\" title=\"Continuer ma s\u00e9lection\" name=\"btn_close\" class=\"btn_close_popup_carnet form_submit\" onclick=\"$.colorbox.close()\" \/\u003E\n        \u003Cinput type=\"button\" value=\"Voir mon carnet de voyage\" title=\"Voir mon carnet\" name=\"btn_panier\" class=\"btn_panier_popup_carnet form_submit\" onclick=\"if(typeof CarnetVoyage != 'undefined') {CarnetVoyage.voirCarnet();}\" \/\u003E\n    \u003C\/div\u003E\n    \u003Cdiv class=\"bloc_btn_ajout_fiche_carnet\"\u003E\n        \u003Cinput type=\"checkbox\" value=\"1\" name=\"desactiver_popup\" id=\"desactiver_popup\" \/\u003E\n        \u003Clabel for=\"desactiver_popup\"\u003ENe plus afficher ce message\u003C\/label\u003E\n    \u003C\/div\u003E\n\u003C\/div\u003E","success":1}