{"nbFiches":1,"dataPrest":{"infoPrest":{"pave1":{"libelle":"Descriptif court","contenu":"A mi-course entre la randonn\u00e9e et l'alpinisme, la via ferrata est aussi appel\u00e9e \"randonn\u00e9e du vertige\".\u003Cbr \/\u003E\r\nLa via ferrata de Saint Sorlin d'Arves est situ\u00e9e dans un cadre de paysages grandioses, au pied du Col de la Croix de Fer, avec une vue imprenable..."},"pave2":{"libelle":"Descriptif d\u00e9taill\u00e9","contenu":"Mont\u00e9es sur \u00e9chelons, travers\u00e9es, vires, plateformes \u00e9troites, franchissement de poutres, de passerelles, de pont de singe...vous n'\u00eates pas au bout de vos surprises, une tyrolienne de 140m vous attend au sommet pour finir en h\u00e9ros !\u003Cbr \/\u003E\r\nD\u00e9part: 1km en sortant du village, direction Col de la Croix de Fer\u003Cbr \/\u003E\r\nD\u00e9nivel\u00e9: 70 m \u003Cbr \/\u003E\r\nDifficult\u00e9: AD \u00e0 D\u003Cbr \/\u003E\r\nDur\u00e9e du parcours 1h30 \u00e0 2h\u003Cbr \/\u003E\r\n\u003Cbr \/\u003E\r\nAccessible selon les conditions d'enneigement\u003Cbr \/\u003E\r\n\u003Cbr \/\u003E\r\nEncadrement: voir Bureau des Guides.\u003Cbr \/\u003E\r\nLocation de mat\u00e9riel :  voir magasins de sports"},"pave3":{"libelle":"Bons plans","contenu":""},"pave4":{"libelle":"Compl\u00e9ment localisation","contenu":"Acc\u00e8s : du village de St Sorlin, prendre la direction du Col de la Croix de Fer. Puis au virage des Myrtilles, prendre le petit chemin qui m\u00e8ne \u00e0 la falaise de Comborci\u00e8re."},"pave5":{"libelle":"Compl\u00e9ment accueil","contenu":""},"pave6":{"libelle":"P\u00e9riodes en clair","contenu":"Du 31\/05 au 31\/10 tous les jours.\u003Cbr \/\u003E\nSelon les conditions d'enneigement."},"pave7":{"libelle":"Tarifs en clair","contenu":"Acc\u00e8s libre. Gratuit."},"pave8":{"libelle":"Compl\u00e9ment Tarifs","contenu":"Gratuit"},"pave9":{"libelle":"Compl\u00e9ment R\u00e9servation","contenu":""},"pave10":{"libelle":"Descriptif court","contenu":""},"pave11":{"libelle":"Descriptif d\u00e9taill\u00e9","contenu":""},"pave12":{"libelle":"Compl\u00e9ment localisation","contenu":""},"pave13":{"libelle":"Compl\u00e9ment accueil","contenu":""},"pave14":{"libelle":"P\u00e9riodes en clair","contenu":""},"pave15":{"libelle":"Tarifs en clair","contenu":""},"pave16":{"libelle":"Compl\u00e9ment Tarifs","contenu":""},"pave17":{"libelle":"Compl\u00e9ment R\u00e9servation","contenu":""},"pave18":{"libelle":"Descriptif court","contenu":""},"pave19":{"libelle":"Descriptif d\u00e9taill\u00e9","contenu":""},"pave20":{"libelle":"Compl\u00e9ment localisation","contenu":""},"pave21":{"libelle":"Compl\u00e9ment accueil","contenu":""},"pave22":{"libelle":"P\u00e9riodes en clair","contenu":""},"pave23":{"libelle":"Tarifs en clair","contenu":""},"pave24":{"libelle":"Compl\u00e9ment Tarifs","contenu":""},"pave25":{"libelle":"Compl\u00e9ment R\u00e9servation","contenu":""},"Libelle":"Via ferrata de Comborci\u00e8re","Nom":"Via ferrata de Comborci\u00e8re","Prenom":"","NomPrenom":"Via ferrata de Comborci\u00e8re ","CiviliteNomPrenom":"Via ferrata de Comborci\u00e8re ","Cle":"L|372667","PrestataireParent":"","ContexteStat":"PRESTATAIRE-L-372667","DateModificationIso":"2026-04-22T01:06:00+02:00","Type":"PRESTATAIRE","TypePrestataire":"L","Adresse":{"LigneAdresse1":"Comborci\u00e8re","LigneAdresse2":"","LigneAdresse3":"","CodePostal":"73530","Ville":"Saint-Sorlin-d'Arves","Cedex":"","Etat":"","Pays":"FRA"},"Email":"info@saintsorlindarves.com","Telephone":"04 79 59 71 77","TelephoneBureau":"","Portable":"","SiteWeb":"http:\/\/www.saintsorlindarves.com","Fax":"","Id":"l-372667","Code":"L|372667","Fichier":{"Image":[{"url":"https:\/\/www.sja73.com\/medias\/images\/prestataires\/50460-via_ferrata_2008_023.jpg","chemin":"..\/medias\/images\/prestataires\/50460-via_ferrata_2008_023.jpg","libelle":"via ferrata saint sorlin","extension":"jpg","categorie":"","largeur":4000,"theme":"","hauteur":2248,"type":"Image","origine":"","liaisonPave":"","langue":"","id":"50460","urlVignette":"https:\/\/www.sja73.com\/medias\/images\/prestataires\/v-50460-via_ferrata_2008_023.jpg","alt":"via ferrata saint sorlin","title":"via ferrata saint sorlin - &copy Office de Tourisme de St Sorlin","MultiTaille":{"1920x1440":{"url":"https:\/\/www.sja73.com\/medias\/images\/prestataires\/multitailles\/1920x1440_50460-via_ferrata_2008_023.jpg"},"1200x900":{"url":"https:\/\/www.sja73.com\/medias\/images\/prestataires\/multitailles\/1200x900_50460-via_ferrata_2008_023.jpg"},"800x600":{"url":"https:\/\/www.sja73.com\/medias\/images\/prestataires\/multitailles\/800x600_50460-via_ferrata_2008_023.jpg"},"640x480":{"url":"https:\/\/www.sja73.com\/medias\/images\/prestataires\/multitailles\/640x480_50460-via_ferrata_2008_023.jpg"},"320x240":{"url":"https:\/\/www.sja73.com\/medias\/images\/prestataires\/multitailles\/320x240_50460-via_ferrata_2008_023.jpg"},"160x120":{"url":"https:\/\/www.sja73.com\/medias\/images\/prestataires\/multitailles\/160x120_50460-via_ferrata_2008_023.jpg"},"origine":{"url":"https:\/\/www.sja73.com\/medias\/images\/prestataires\/50460-via_ferrata_2008_023.jpg"}},"urlLien":"","typeLien":"","nofollow":"N","copyright":"Office de Tourisme de St Sorlin"},{"url":"https:\/\/www.sja73.com\/medias\/images\/prestataires\/50461-viaferrata.jpg","chemin":"..\/medias\/images\/prestataires\/50461-viaferrata.jpg","libelle":"Via ferrata","extension":"jpg","categorie":"","largeur":640,"theme":"","hauteur":480,"type":"Image","origine":"","liaisonPave":"","langue":"","id":"50461","urlVignette":"https:\/\/www.sja73.com\/medias\/images\/prestataires\/v-50461-viaferrata.jpg","alt":"Via ferrata","title":"Via ferrata - &copy OT SJA","MultiTaille":{"1920x1440":{"url":"https:\/\/www.sja73.com\/medias\/images\/prestataires\/multitailles\/1920x1440_50461-viaferrata.jpg"},"1200x900":{"url":"https:\/\/www.sja73.com\/medias\/images\/prestataires\/multitailles\/1200x900_50461-viaferrata.jpg"},"800x600":{"url":"https:\/\/www.sja73.com\/medias\/images\/prestataires\/multitailles\/800x600_50461-viaferrata.jpg"},"640x480":{"url":"https:\/\/www.sja73.com\/medias\/images\/prestataires\/multitailles\/640x480_50461-viaferrata.jpg"},"320x240":{"url":"https:\/\/www.sja73.com\/medias\/images\/prestataires\/multitailles\/320x240_50461-viaferrata.jpg"},"160x120":{"url":"https:\/\/www.sja73.com\/medias\/images\/prestataires\/multitailles\/160x120_50461-viaferrata.jpg"},"origine":{"url":"https:\/\/www.sja73.com\/medias\/images\/prestataires\/50461-viaferrata.jpg"}},"urlLien":"","typeLien":"","nofollow":"N","copyright":"OT SJA"},{"url":"https:\/\/www.sja73.com\/medias\/images\/prestataires\/50462-via_ferrata_2008_044.jpg","chemin":"..\/medias\/images\/prestataires\/50462-via_ferrata_2008_044.jpg","libelle":"via ferrata de St Sorlin","extension":"jpg","categorie":"","largeur":4000,"theme":"","hauteur":2248,"type":"Image","origine":"","liaisonPave":"","langue":"","id":"50462","urlVignette":"https:\/\/www.sja73.com\/medias\/images\/prestataires\/v-50462-via_ferrata_2008_044.jpg","alt":"via ferrata de St Sorlin","title":"via ferrata de St Sorlin - &copy Office de Tourisme de St Sorlin","MultiTaille":{"1920x1440":{"url":"https:\/\/www.sja73.com\/medias\/images\/prestataires\/multitailles\/1920x1440_50462-via_ferrata_2008_044.jpg"},"1200x900":{"url":"https:\/\/www.sja73.com\/medias\/images\/prestataires\/multitailles\/1200x900_50462-via_ferrata_2008_044.jpg"},"800x600":{"url":"https:\/\/www.sja73.com\/medias\/images\/prestataires\/multitailles\/800x600_50462-via_ferrata_2008_044.jpg"},"640x480":{"url":"https:\/\/www.sja73.com\/medias\/images\/prestataires\/multitailles\/640x480_50462-via_ferrata_2008_044.jpg"},"320x240":{"url":"https:\/\/www.sja73.com\/medias\/images\/prestataires\/multitailles\/320x240_50462-via_ferrata_2008_044.jpg"},"160x120":{"url":"https:\/\/www.sja73.com\/medias\/images\/prestataires\/multitailles\/160x120_50462-via_ferrata_2008_044.jpg"},"origine":{"url":"https:\/\/www.sja73.com\/medias\/images\/prestataires\/50462-via_ferrata_2008_044.jpg"}},"urlLien":"","typeLien":"","nofollow":"N","copyright":"Office de Tourisme de St Sorlin"},{"url":"https:\/\/www.sja73.com\/medias\/images\/prestataires\/50463-via_ferrata_2008_047.jpg","chemin":"..\/medias\/images\/prestataires\/50463-via_ferrata_2008_047.jpg","libelle":"via ferrata Saint Sorlin","extension":"jpg","categorie":"","largeur":4000,"theme":"","hauteur":2248,"type":"Image","origine":"","liaisonPave":"","langue":"","id":"50463","urlVignette":"https:\/\/www.sja73.com\/medias\/images\/prestataires\/v-50463-via_ferrata_2008_047.jpg","alt":"via ferrata Saint Sorlin","title":"via ferrata Saint Sorlin - &copy Office de Tourisme de St Sorlin","MultiTaille":{"1920x1440":{"url":"https:\/\/www.sja73.com\/medias\/images\/prestataires\/multitailles\/1920x1440_50463-via_ferrata_2008_047.jpg"},"1200x900":{"url":"https:\/\/www.sja73.com\/medias\/images\/prestataires\/multitailles\/1200x900_50463-via_ferrata_2008_047.jpg"},"800x600":{"url":"https:\/\/www.sja73.com\/medias\/images\/prestataires\/multitailles\/800x600_50463-via_ferrata_2008_047.jpg"},"640x480":{"url":"https:\/\/www.sja73.com\/medias\/images\/prestataires\/multitailles\/640x480_50463-via_ferrata_2008_047.jpg"},"320x240":{"url":"https:\/\/www.sja73.com\/medias\/images\/prestataires\/multitailles\/320x240_50463-via_ferrata_2008_047.jpg"},"160x120":{"url":"https:\/\/www.sja73.com\/medias\/images\/prestataires\/multitailles\/160x120_50463-via_ferrata_2008_047.jpg"},"origine":{"url":"https:\/\/www.sja73.com\/medias\/images\/prestataires\/50463-via_ferrata_2008_047.jpg"}},"urlLien":"","typeLien":"","nofollow":"N","copyright":"Office de Tourisme de St Sorlin"}],"ByCategorie":{"":[{"url":"https:\/\/www.sja73.com\/medias\/images\/prestataires\/50460-via_ferrata_2008_023.jpg","chemin":"..\/medias\/images\/prestataires\/50460-via_ferrata_2008_023.jpg","libelle":"via ferrata saint sorlin","extension":"jpg","categorie":"","largeur":4000,"theme":"","hauteur":2248,"type":"Image","origine":"","liaisonPave":"","langue":"","id":"50460","urlVignette":"https:\/\/www.sja73.com\/medias\/images\/prestataires\/v-50460-via_ferrata_2008_023.jpg","alt":"via ferrata saint sorlin","title":"via ferrata saint sorlin - &copy Office de Tourisme de St Sorlin","MultiTaille":{"1920x1440":{"url":"https:\/\/www.sja73.com\/medias\/images\/prestataires\/multitailles\/1920x1440_50460-via_ferrata_2008_023.jpg"},"1200x900":{"url":"https:\/\/www.sja73.com\/medias\/images\/prestataires\/multitailles\/1200x900_50460-via_ferrata_2008_023.jpg"},"800x600":{"url":"https:\/\/www.sja73.com\/medias\/images\/prestataires\/multitailles\/800x600_50460-via_ferrata_2008_023.jpg"},"640x480":{"url":"https:\/\/www.sja73.com\/medias\/images\/prestataires\/multitailles\/640x480_50460-via_ferrata_2008_023.jpg"},"320x240":{"url":"https:\/\/www.sja73.com\/medias\/images\/prestataires\/multitailles\/320x240_50460-via_ferrata_2008_023.jpg"},"160x120":{"url":"https:\/\/www.sja73.com\/medias\/images\/prestataires\/multitailles\/160x120_50460-via_ferrata_2008_023.jpg"},"origine":{"url":"https:\/\/www.sja73.com\/medias\/images\/prestataires\/50460-via_ferrata_2008_023.jpg"}},"urlLien":"","typeLien":"","nofollow":"N","copyright":"Office de Tourisme de St Sorlin"},{"url":"https:\/\/www.sja73.com\/medias\/images\/prestataires\/50464-via_ferrata_comborciere.pdf","chemin":"..\/medias\/images\/prestataires\/50464-via_ferrata_comborciere.pdf","libelle":"Via Ferrata","extension":"pdf","categorie":"","largeur":"","theme":"","hauteur":"","type":"Document","origine":"","liaisonPave":"","langue":"","id":"50464","poids":"6.52 Mo","alt":"Via Ferrata","title":"Via Ferrata"},{"url":"https:\/\/www.sja73.com\/medias\/images\/prestataires\/50461-viaferrata.jpg","chemin":"..\/medias\/images\/prestataires\/50461-viaferrata.jpg","libelle":"Via ferrata","extension":"jpg","categorie":"","largeur":640,"theme":"","hauteur":480,"type":"Image","origine":"","liaisonPave":"","langue":"","id":"50461","urlVignette":"https:\/\/www.sja73.com\/medias\/images\/prestataires\/v-50461-viaferrata.jpg","alt":"Via ferrata","title":"Via ferrata - &copy OT SJA","MultiTaille":{"1920x1440":{"url":"https:\/\/www.sja73.com\/medias\/images\/prestataires\/multitailles\/1920x1440_50461-viaferrata.jpg"},"1200x900":{"url":"https:\/\/www.sja73.com\/medias\/images\/prestataires\/multitailles\/1200x900_50461-viaferrata.jpg"},"800x600":{"url":"https:\/\/www.sja73.com\/medias\/images\/prestataires\/multitailles\/800x600_50461-viaferrata.jpg"},"640x480":{"url":"https:\/\/www.sja73.com\/medias\/images\/prestataires\/multitailles\/640x480_50461-viaferrata.jpg"},"320x240":{"url":"https:\/\/www.sja73.com\/medias\/images\/prestataires\/multitailles\/320x240_50461-viaferrata.jpg"},"160x120":{"url":"https:\/\/www.sja73.com\/medias\/images\/prestataires\/multitailles\/160x120_50461-viaferrata.jpg"},"origine":{"url":"https:\/\/www.sja73.com\/medias\/images\/prestataires\/50461-viaferrata.jpg"}},"urlLien":"","typeLien":"","nofollow":"N","copyright":"OT SJA"},{"url":"https:\/\/www.sja73.com\/medias\/images\/prestataires\/50462-via_ferrata_2008_044.jpg","chemin":"..\/medias\/images\/prestataires\/50462-via_ferrata_2008_044.jpg","libelle":"via ferrata de St Sorlin","extension":"jpg","categorie":"","largeur":4000,"theme":"","hauteur":2248,"type":"Image","origine":"","liaisonPave":"","langue":"","id":"50462","urlVignette":"https:\/\/www.sja73.com\/medias\/images\/prestataires\/v-50462-via_ferrata_2008_044.jpg","alt":"via ferrata de St Sorlin","title":"via ferrata de St Sorlin - &copy Office de Tourisme de St Sorlin","MultiTaille":{"1920x1440":{"url":"https:\/\/www.sja73.com\/medias\/images\/prestataires\/multitailles\/1920x1440_50462-via_ferrata_2008_044.jpg"},"1200x900":{"url":"https:\/\/www.sja73.com\/medias\/images\/prestataires\/multitailles\/1200x900_50462-via_ferrata_2008_044.jpg"},"800x600":{"url":"https:\/\/www.sja73.com\/medias\/images\/prestataires\/multitailles\/800x600_50462-via_ferrata_2008_044.jpg"},"640x480":{"url":"https:\/\/www.sja73.com\/medias\/images\/prestataires\/multitailles\/640x480_50462-via_ferrata_2008_044.jpg"},"320x240":{"url":"https:\/\/www.sja73.com\/medias\/images\/prestataires\/multitailles\/320x240_50462-via_ferrata_2008_044.jpg"},"160x120":{"url":"https:\/\/www.sja73.com\/medias\/images\/prestataires\/multitailles\/160x120_50462-via_ferrata_2008_044.jpg"},"origine":{"url":"https:\/\/www.sja73.com\/medias\/images\/prestataires\/50462-via_ferrata_2008_044.jpg"}},"urlLien":"","typeLien":"","nofollow":"N","copyright":"Office de Tourisme de St Sorlin"},{"url":"https:\/\/www.sja73.com\/medias\/images\/prestataires\/50463-via_ferrata_2008_047.jpg","chemin":"..\/medias\/images\/prestataires\/50463-via_ferrata_2008_047.jpg","libelle":"via ferrata Saint Sorlin","extension":"jpg","categorie":"","largeur":4000,"theme":"","hauteur":2248,"type":"Image","origine":"","liaisonPave":"","langue":"","id":"50463","urlVignette":"https:\/\/www.sja73.com\/medias\/images\/prestataires\/v-50463-via_ferrata_2008_047.jpg","alt":"via ferrata Saint Sorlin","title":"via ferrata Saint Sorlin - &copy Office de Tourisme de St Sorlin","MultiTaille":{"1920x1440":{"url":"https:\/\/www.sja73.com\/medias\/images\/prestataires\/multitailles\/1920x1440_50463-via_ferrata_2008_047.jpg"},"1200x900":{"url":"https:\/\/www.sja73.com\/medias\/images\/prestataires\/multitailles\/1200x900_50463-via_ferrata_2008_047.jpg"},"800x600":{"url":"https:\/\/www.sja73.com\/medias\/images\/prestataires\/multitailles\/800x600_50463-via_ferrata_2008_047.jpg"},"640x480":{"url":"https:\/\/www.sja73.com\/medias\/images\/prestataires\/multitailles\/640x480_50463-via_ferrata_2008_047.jpg"},"320x240":{"url":"https:\/\/www.sja73.com\/medias\/images\/prestataires\/multitailles\/320x240_50463-via_ferrata_2008_047.jpg"},"160x120":{"url":"https:\/\/www.sja73.com\/medias\/images\/prestataires\/multitailles\/160x120_50463-via_ferrata_2008_047.jpg"},"origine":{"url":"https:\/\/www.sja73.com\/medias\/images\/prestataires\/50463-via_ferrata_2008_047.jpg"}},"urlLien":"","typeLien":"","nofollow":"N","copyright":"Office de Tourisme de St Sorlin"}]},"Document":[{"url":"https:\/\/www.sja73.com\/medias\/images\/prestataires\/50464-via_ferrata_comborciere.pdf","chemin":"..\/medias\/images\/prestataires\/50464-via_ferrata_comborciere.pdf","libelle":"Via Ferrata","extension":"pdf","categorie":"","largeur":"","theme":"","hauteur":"","type":"Document","origine":"","liaisonPave":"","langue":"","id":"50464","poids":"6.52 Mo","alt":"Via Ferrata","title":"Via Ferrata"}]},"Url":"via-ferrata-de-comborciere.html","Localisation":{"GoogleMap":{"Latitude":"45.217359","Longitude":"6.210993"}},"ZoneGeo":"","Criteres":{"P.prestations[surchargeTourismesAdaptes":"","P.prestations[surchargeDescriptifHandicapMoteur":"","P.prestations[surchargeDescriptifHandicapAuditif":"","P.prestations[surchargeDescriptifHandicapVisuel":"","P.prestations[surchargeDescriptifHandicapMental":"","P.prestations[surchargeNombreFauteuilsRoulants":"","P.prestations[ageMin":"9","P.languesDocumentation[1197":"","P.35[4645":"","P.35[4646":"","P.114[416":"","P.114[418":"","P.114[436":"","P.tourismeAffaires[tourismeAffairesEnabled":"","P.tourismeAffaires[devise":"EUR","P.visites[dureeMoyenneVisiteIndividuelle":"120","P.rubrique[2988":"","P.54[3045":"","P.54[3241":"","P.itineraire[denivellationPositive":"70","P.itineraire[dureeJournaliere":"120","P.itineraire[denivellation":"70","P.CINTSITRA[11226":"","P.3220[25629":"","P.3233[60439":"","P.3233[908439":"","P.3218[60729":"","P.3227[72218":"","P.3219[72808":"","P.3219[126556":"","P.3219[126557":"","P.3240[100180":"","P.6241[126905":"","P.6241[595160":"","P.6241[5173666":"","P.3230[323078":"","P.3230[5532377":"","P.3230[6328304":"","P.3221[344174":"","P.3221[549303":"","P.3221[596327":"","P.VilleSitra[30507":"","P.VillageDeDepart[30507":""},"DateFinPublication":"","PrixAPartirDe":"","PrixPour":"","FicheListeEnCours":"","ParametresModele":{"AfficherPhotos":1,"NbPhotosMax":6,"AfficherReserver":0,"AfficherContact":0,"AfficherSalle":1,"AfficherZoneGeo":0,"AfficherEnSavoirPlus":1,"AfficherUneSeuleOuverture":0,"AfficherContactCarte":1,"AfficherTarifsChaudAPartirDe":0,"AfficherTarifChaudSansRecherche":0,"AfficherTypeCarte":["GOOGLE_MAPS"],"ComportementResa":false,"ComportementDispo":false},"AffichageCoordonnees":[],"Coordonnees":{"Ville":"Saint-Sorlin-d'Arves"},"ContexteId":"PRESTATAIRE|L|372667","ContexteIdHtml":"PRESTATAIRE-L-372667","cleContexte":"L|372667","Bloc":{"texte1":"","texte3":"","critere1":{"libelle":"","contenu":[]},"critere2":{"libelle":"","contenu":[]},"critere3":{"libelle":"","contenu":[]},"critere4":{"libelle":"","contenu":[]},"critere5":{"libelle":"","contenu":[]},"critere6":{"libelle":"","contenu":[]},"critere7":{"libelle":"","contenu":[]},"critere8":{"libelle":"","contenu":[]},"critere9":{"libelle":"","contenu":[]}},"LocalisationGps":{"Latitude":"45.217359","Longitude":"6.210993"},"libelleDuPrestataire":"","listeCriteres":{"P.prestations":{"surchargeTourismesAdaptes":"","surchargeDescriptifHandicapMoteur":"","surchargeDescriptifHandicapAuditif":"","surchargeDescriptifHandicapVisuel":"","surchargeDescriptifHandicapMental":"","surchargeNombreFauteuilsRoulants":"","ageMin":"9"},"P.languesDocumentation":{"1197":""},"P.35":{"4645":"","4646":""},"P.114":{"416":"","418":"","436":""},"P.tourismeAffaires":{"tourismeAffairesEnabled":"","devise":"EUR"},"P.visites":{"dureeMoyenneVisiteIndividuelle":"120"},"P.rubrique":{"2988":""},"P.54":{"3045":"","3241":""},"P.itineraire":{"denivellationPositive":"70","dureeJournaliere":"120","denivellation":"70"},"P.CINTSITRA":{"11226":""},"P.3220":{"25629":""},"P.3233":{"60439":"","908439":""},"P.3218":{"60729":""},"P.3227":{"72218":""},"P.3219":{"72808":"","126556":"","126557":""},"P.3240":{"100180":""},"P.6241":{"126905":"","595160":"","5173666":""},"P.3230":{"323078":"","5532377":"","6328304":""},"P.3221":{"344174":"","549303":"","596327":""},"P.VilleSitra":{"30507":""},"P.VillageDeDepart":{"30507":""}},"dansCarnetVoyage":true,"Ouverture":""},"html":" \n \u003Cdiv id=\"CV-PRESTATAIRE-L-372667\" data-contexte-id=\"PRESTATAIRE|L|372667\" data-cle=\"L|372667\" class=\"fiche-liste\"\u003E\n    \n\n    \u003C!-- partie photo --\u003E\n    \u003Cdiv class=\"photo\"\u003E\t\t\t\t\t\t\t\t\t\t\t\t\t\t\t\t\t\t\t\t\t\n        \u003Cdiv class=\"cadre_photo_principale\"\u003E\t\t\n        \n            \t\t\t\t\t\n                    \u003Ca href=\"via-ferrata-de-comborciere.html?origine=carnet#media\"\u003E\n                        \u003Cimg class=\"photo_principale\" alt=\"via ferrata saint sorlin\" src=\"https:\/\/www.sja73.com\/medias\/images\/prestataires\/multitailles\/320x240_50460-via_ferrata_2008_023.jpg\" itemprop=\"image\"\u003E\n                    \u003C\/a\u003E\t\t\t\t\t\t\n                \n                    \u003C\/div\u003E\t\t\t\t\t\t\t\t\t\t\t\t\t\t\t\t\t\t\t \t\t\n    \u003C\/div\u003E\n    \n    \u003C!-- partie nom prest --\u003E\n    \u003Cdiv class=\"nom\"\u003E\n        \u003Ch2\u003EVia ferrata de Comborci\u00e8re\u003C\/h2\u003E\n        \n            \u003C\/div\u003E\n\n         \n    \u003C!-- partie adresse --\u003E\n    \u003Cdiv class=\"adresse\"\u003E\n    \n          \n    \u003C\/div\u003E\n    \n    \u003C!-- partie liens --\u003E\n    \u003Cdiv class=\"liens\"\u003E\n            \u003Ca class=\"btn-icon btn-view \" title=\"Voir la fiche d\u00e9taill\u00e9e\" href=\"via-ferrata-de-comborciere.html?origine=carnet\"\u003E\u003C\/a\u003E\u003C!--\u003Ca class=\"btn-icon btn-view \" title=\"\" href=\"?origine=carnet#thaut\"\u003E\u003C\/a\u003E--\u003E\n      \u003Ca class=\"btn-icon btn-trash carnet_voyage_supprimer\" title=\"Supprimer cette fiche de mon carnet de voyage\" href=\"carnet-voyage?action=remove&fiche=L|372667\"\u003E\u003C\/a\u003E\n    \u003C\/div\u003E\n\n\u003C\/div\u003E\n\n","icon":"https:\/\/static.ingenie.fr\/images\/carnetVoyageV3\/L.png"},"fiche":"L|372667","popup":"\u003Cdiv id=\"bloc_popup_ajout_fiche_carnet\"\u003E\n    \u003Cdiv class=\"info_popup_ajout_fiche_carnet\"\u003E\n        Vous venez d'ajouter cet \u00e9l\u00e9ment \u00e0 votre carnet de voyage :    \u003C\/div\u003E\n    \u003Cdiv class=\"prest_popup_ajout_fiche_carnet\"\u003E\n        Via ferrata de Comborci&egrave;re    \u003C\/div\u003E\n    \u003Cdiv class=\"bloc_btn_ajout_fiche_carnet form_submit_div\"\u003E\n        \u003Cinput type=\"button\" value=\"Continuer ma s\u00e9lection\" title=\"Continuer ma s\u00e9lection\" name=\"btn_close\" class=\"btn_close_popup_carnet form_submit\" onclick=\"$.colorbox.close()\" \/\u003E\n        \u003Cinput type=\"button\" value=\"Voir mon carnet de voyage\" title=\"Voir mon carnet\" name=\"btn_panier\" class=\"btn_panier_popup_carnet form_submit\" onclick=\"if(typeof CarnetVoyage != 'undefined') {CarnetVoyage.voirCarnet();}\" \/\u003E\n    \u003C\/div\u003E\n    \u003Cdiv class=\"bloc_btn_ajout_fiche_carnet\"\u003E\n        \u003Cinput type=\"checkbox\" value=\"1\" name=\"desactiver_popup\" id=\"desactiver_popup\" \/\u003E\n        \u003Clabel for=\"desactiver_popup\"\u003ENe plus afficher ce message\u003C\/label\u003E\n    \u003C\/div\u003E\n\u003C\/div\u003E","success":1}