{"nbFiches":1,"dataPrest":{"infoPrest":{"pave1":{"libelle":"Descriptif court","contenu":"Borne gratuite \u00e0 l'entr\u00e9e du village : vidange des eaux us\u00e9es, eau potable (10min soit environ 150 litres)."},"pave2":{"libelle":"Descriptif d\u00e9taill\u00e9","contenu":"Borne de la marque \"URBAFLUX\", mod\u00e8le \"MINI TOTEM CC\"\u003Cbr \/\u003E\r\n\u003Cbr \/\u003E\r\nBorne raccord\u00e9e pour l'eau mais pas de rechargement \u00e9lectrique possible.\u003Cbr \/\u003E\r\n\u003Cbr \/\u003E\r\nAire de vidange \u00e9clair\u00e9e par l'\u00e9clairage public et d\u00e9limit\u00e9e par une zone de 3m par 3m avec un regard r\u00e9cup\u00e9rant les \u00e9gouttures du v\u00e9hicule."},"pave3":{"libelle":"Bons plans","contenu":""},"pave4":{"libelle":"Compl\u00e9ment localisation","contenu":""},"pave5":{"libelle":"Compl\u00e9ment accueil","contenu":""},"pave6":{"libelle":"P\u00e9riodes en clair","contenu":"Du 01\/01 au 31\/12 tous les jours."},"pave7":{"libelle":"Tarifs en clair","contenu":""},"pave8":{"libelle":"Compl\u00e9ment Tarifs","contenu":""},"pave9":{"libelle":"Compl\u00e9ment R\u00e9servation","contenu":""},"pave10":{"libelle":"Descriptif court","contenu":""},"pave11":{"libelle":"Descriptif d\u00e9taill\u00e9","contenu":""},"pave12":{"libelle":"Compl\u00e9ment localisation","contenu":""},"pave13":{"libelle":"Compl\u00e9ment accueil","contenu":""},"pave14":{"libelle":"P\u00e9riodes en clair","contenu":""},"pave15":{"libelle":"Tarifs en clair","contenu":""},"pave16":{"libelle":"Compl\u00e9ment Tarifs","contenu":""},"pave17":{"libelle":"Compl\u00e9ment R\u00e9servation","contenu":""},"pave18":{"libelle":"Descriptif court","contenu":""},"pave19":{"libelle":"Descriptif d\u00e9taill\u00e9","contenu":""},"pave20":{"libelle":"Compl\u00e9ment localisation","contenu":""},"pave21":{"libelle":"Compl\u00e9ment accueil","contenu":""},"pave22":{"libelle":"P\u00e9riodes en clair","contenu":""},"pave23":{"libelle":"Tarifs en clair","contenu":""},"pave24":{"libelle":"Compl\u00e9ment Tarifs","contenu":""},"pave25":{"libelle":"Compl\u00e9ment R\u00e9servation","contenu":""},"ContactsParType":{"DIR":{"59109":{"id_contact":"59109","type_contact":"DIR","categorie_contact":"PRESTATAIRE","societe_contact":"","fonction_contact":"","civilite_nom_prenom_contact":"M ","adresse1_contact":"","adresse2_contact":"","adresse3_contact":"","cpostal_contact":"","ville_contact":"","teldom_contact":"","telbur_contact":"","fax_contact":"","portable_contact":"","email_contact":"","siteweb_contact":"","commentaire_contact":"","langue_contact":"","autre_moyen_com":[]}}},"Libelle":"Aire de service - Camping-cars","Nom":"Aire de service - Camping-cars","Prenom":"","NomPrenom":"Aire de service - Camping-cars ","CiviliteNomPrenom":"Aire de service - Camping-cars ","Cle":"K|566925","PrestataireParent":"","ContexteStat":"PRESTATAIRE-K-566925","DateModificationIso":"2026-03-25T00:34:00+01:00","Type":"PRESTATAIRE","TypePrestataire":"K","Adresse":{"LigneAdresse1":"","LigneAdresse2":"","LigneAdresse3":"","CodePostal":"73530","Ville":"Saint-Sorlin-d'Arves","Cedex":"","Etat":"","Pays":"FRA"},"Email":"sivomdesarves@orange.fr","Telephone":"04 79 56 87 30","TelephoneBureau":"","Portable":"","SiteWeb":"","Fax":"","Id":"k-566925","Code":"K|566925","Fichier":{"Image":[{"url":"https:\/\/www.sja73.com\/medias\/images\/prestataires\/49571-p1060485.jpg","chemin":"..\/medias\/images\/prestataires\/49571-p1060485.jpg","libelle":"Aire de service - camping car \u00e0 Saint Sorlin d'Arves","extension":"jpg","categorie":"","largeur":4000,"theme":"","hauteur":2248,"type":"Image","origine":"","liaisonPave":"","langue":"","id":"49571","urlVignette":"https:\/\/www.sja73.com\/medias\/images\/prestataires\/v-49571-p1060485.jpg","alt":"Aire de service - camping car \u00e0 Saint Sorlin d'Arves","title":"Aire de service - camping car \u00e0 Saint Sorlin d'Arves - &copy \u00a9 Office de Tourisme de Saint Sorlin d'Arve","MultiTaille":{"1920x1440":{"url":"https:\/\/www.sja73.com\/medias\/images\/prestataires\/multitailles\/1920x1440_49571-p1060485.jpg"},"1200x900":{"url":"https:\/\/www.sja73.com\/medias\/images\/prestataires\/multitailles\/1200x900_49571-p1060485.jpg"},"800x600":{"url":"https:\/\/www.sja73.com\/medias\/images\/prestataires\/multitailles\/800x600_49571-p1060485.jpg"},"640x480":{"url":"https:\/\/www.sja73.com\/medias\/images\/prestataires\/multitailles\/640x480_49571-p1060485.jpg"},"320x240":{"url":"https:\/\/www.sja73.com\/medias\/images\/prestataires\/multitailles\/320x240_49571-p1060485.jpg"},"160x120":{"url":"https:\/\/www.sja73.com\/medias\/images\/prestataires\/multitailles\/160x120_49571-p1060485.jpg"},"origine":{"url":"https:\/\/www.sja73.com\/medias\/images\/prestataires\/49571-p1060485.jpg"}},"urlLien":"","typeLien":"","nofollow":"N","copyright":"\u00a9 Office de Tourisme de Saint Sorlin d'Arve"}],"ByCategorie":{"":[{"url":"https:\/\/www.sja73.com\/medias\/images\/prestataires\/49571-p1060485.jpg","chemin":"..\/medias\/images\/prestataires\/49571-p1060485.jpg","libelle":"Aire de service - camping car \u00e0 Saint Sorlin d'Arves","extension":"jpg","categorie":"","largeur":4000,"theme":"","hauteur":2248,"type":"Image","origine":"","liaisonPave":"","langue":"","id":"49571","urlVignette":"https:\/\/www.sja73.com\/medias\/images\/prestataires\/v-49571-p1060485.jpg","alt":"Aire de service - camping car \u00e0 Saint Sorlin d'Arves","title":"Aire de service - camping car \u00e0 Saint Sorlin d'Arves - &copy \u00a9 Office de Tourisme de Saint Sorlin d'Arve","MultiTaille":{"1920x1440":{"url":"https:\/\/www.sja73.com\/medias\/images\/prestataires\/multitailles\/1920x1440_49571-p1060485.jpg"},"1200x900":{"url":"https:\/\/www.sja73.com\/medias\/images\/prestataires\/multitailles\/1200x900_49571-p1060485.jpg"},"800x600":{"url":"https:\/\/www.sja73.com\/medias\/images\/prestataires\/multitailles\/800x600_49571-p1060485.jpg"},"640x480":{"url":"https:\/\/www.sja73.com\/medias\/images\/prestataires\/multitailles\/640x480_49571-p1060485.jpg"},"320x240":{"url":"https:\/\/www.sja73.com\/medias\/images\/prestataires\/multitailles\/320x240_49571-p1060485.jpg"},"160x120":{"url":"https:\/\/www.sja73.com\/medias\/images\/prestataires\/multitailles\/160x120_49571-p1060485.jpg"},"origine":{"url":"https:\/\/www.sja73.com\/medias\/images\/prestataires\/49571-p1060485.jpg"}},"urlLien":"","typeLien":"","nofollow":"N","copyright":"\u00a9 Office de Tourisme de Saint Sorlin d'Arve"}]}},"Url":"aire-de-service-camping-cars.html","Localisation":{"GoogleMap":{"Latitude":"45.219601","Longitude":"6.240985"}},"ZoneGeo":"","Criteres":{"KEQUIPSERVICES[AIRECAMPINGCARS":"","AFFICHAGESITE[ADHERENTOUICOMPLET":"","P.121[5074":"","P.121[5071":"","P.121[5073":"","P.126[1321":"","P.20[795":"","P.prestations[surchargeTourismesAdaptes":"","P.prestations[surchargeDescriptifHandicapMoteur":"","P.prestations[surchargeDescriptifHandicapAuditif":"","P.prestations[surchargeDescriptifHandicapVisuel":"","P.prestations[surchargeDescriptifHandicapMental":"","P.prestations[surchargeNombreFauteuilsRoulants":"","P.114[416":"","P.114[418":"","P.114[435":"","P.114[436":"","P.modesPaiement[1268":"","P.tourismeAffaires[tourismeAffairesEnabled":"","P.tourismeAffaires[devise":"EUR","P.hotelleriePleinAirType[2418":"","P.capacite[nombreEmplacementsDeclares":"0","P.capacite[nombreEmplacementsCampingCars":"0","P.CINTSITRA[11226":"","P.CINTSITRA[11435":"","P.CINTSITRA[12521":"","P.3220[25629":"","P.3233[60439":"","P.3233[908439":"","P.3218[60729":"","P.3227[72218":"","P.3219[72808":"","P.3219[126556":"","P.3219[126557":"","P.3240[100180":"","P.6241[126905":"","P.6241[595160":"","P.6241[5173666":"","P.3230[323078":"","P.3230[5532377":"","P.3230[6328304":"","P.3221[344174":"","P.3221[549303":"","P.3221[596327":"","P.VilleSitra[30507":"","P.VillageDeDepart[30507":""},"DateFinPublication":"","PrixAPartirDe":"","PrixPour":"","FicheListeEnCours":"fiche_liste_campings_v2","ParametresModele":{"AfficherPhotos":"1","NbPhotosMax":6,"AfficherReserver":0,"AfficherContact":"1","AfficherSalle":1,"AfficherZoneGeo":0,"AfficherEnSavoirPlus":"0","AfficherUneSeuleOuverture":0,"AfficherContactCarte":"0","AfficherTarifsChaudAPartirDe":0,"AfficherTarifChaudSansRecherche":0,"AffichageCoordonnees":"Adresse-\u003ELigneAdresse1|Adresse-\u003ELigneAdresse2|Adresse-\u003ELigneAdresse3|Adresse-\u003ECodePostal|Adresse-\u003EVille","AfficherLiensCarnetVoyage":"1","BlocCritereInfo":{"critere1":{"libelle":"","liste_critere":["P.classement|K"]},"critere2":{"libelle":"","liste_critere":["P.hotelleriePleinAirType|K"]},"critere3":{"libelle":""},"critere4":{"libelle":""},"critere5":{"libelle":"","liste_critere":["KEQUIPSERVICES|K"]},"critere6":{"libelle":""},"critere7":{"libelle":""},"critere8":{"libelle":""},"afficherpictoetpaslibelle":"1"},"BlocPaveInfo":{"texte1":{"pave":["1"],"longeurmax":"255","afficherLibelle":"0","garderHtml":"0"}},"Criteres":"AFFICHAGESITE[ADHERENTOUICOMPLET","PositionBloc":"GALLERIE|NOM|PICTOSOUSPHOTOS|DESCRIPTIF|ZONEPRINCIPALFICHEPRESTA|CARNET_VOYAGE|URL","TypePrestataire":"K","ComportementResa":false,"ComportementDispo":false},"AffichageCoordonnees":{"Adresse-CodePostal":"73530","Adresse-Ville":"Saint-Sorlin-d'Arves"},"Coordonnees":{"Ville":"Saint-Sorlin-d'Arves"},"ContexteId":"PRESTATAIRE|K|566925","ContexteIdHtml":"PRESTATAIRE-K-566925","cleContexte":"K|566925","Bloc":{"texte1":"Borne gratuite \u00e0 l'entr\u00e9e du village : vidange des eaux us\u00e9es, eau potable (10min soit environ 150 litres).","texte3":"","critere1":{"libelle":"","contenu":[]},"critere2":{"libelle":"","contenu":{"P.hotelleriePleinAirType":{"libelle":"Type d'h\u00f4tellerie de plein air","contenu":{"1":"Aire de service\/accueil camping-cars"},"codesValeurs":{"1":"P.hotelleriePleinAirType|2418|K"},"criteres_datas":{"valeurs":{"1":{"2418":{"descriptif":""}}}}}}},"critere3":{"libelle":"","contenu":[]},"critere4":{"libelle":"","contenu":[]},"critere5":{"libelle":"","contenu":{"KEQUIPSERVICES":{"libelle":"\u00c9QUIPEMENT & SERVICES","contenu":{"7":"\u003Cimg src=\"https:\/\/www.sja73.com\/medias\/images\/picto\/KEQUIPSERVICES-AIRECAMPINGCARS-K.png\"  alt=\"Accueil camping-cars\" title=\"Accueil camping-cars\" \/\u003E"},"codesValeurs":{"7":"KEQUIPSERVICES|AIRECAMPINGCARS|K"},"criteres_datas":{"valeurs":{"7":{"AIRECAMPINGCARS":{"descriptif":""}}}}}}},"critere6":{"libelle":"","contenu":[]},"critere7":{"libelle":"","contenu":[]},"critere8":{"libelle":"","contenu":[]},"critere9":{"libelle":"","contenu":[]}},"LocalisationGps":{"Latitude":"45.219601","Longitude":"6.240985"},"libelleDuPrestataire":"","listeCriteres":{"KEQUIPSERVICES":{"AIRECAMPINGCARS":""},"AFFICHAGESITE":{"ADHERENTOUICOMPLET":""},"P.121":{"5074":"","5071":"","5073":""},"P.126":{"1321":""},"P.20":{"795":""},"P.prestations":{"surchargeTourismesAdaptes":"","surchargeDescriptifHandicapMoteur":"","surchargeDescriptifHandicapAuditif":"","surchargeDescriptifHandicapVisuel":"","surchargeDescriptifHandicapMental":"","surchargeNombreFauteuilsRoulants":""},"P.114":{"416":"","418":"","435":"","436":""},"P.modesPaiement":{"1268":""},"P.tourismeAffaires":{"tourismeAffairesEnabled":"","devise":"EUR"},"P.hotelleriePleinAirType":{"2418":""},"P.capacite":{"nombreEmplacementsDeclares":"0","nombreEmplacementsCampingCars":"0"},"P.CINTSITRA":{"11226":"","11435":"","12521":""},"P.3220":{"25629":""},"P.3233":{"60439":"","908439":""},"P.3218":{"60729":""},"P.3227":{"72218":""},"P.3219":{"72808":"","126556":"","126557":""},"P.3240":{"100180":""},"P.6241":{"126905":"","595160":"","5173666":""},"P.3230":{"323078":"","5532377":"","6328304":""},"P.3221":{"344174":"","549303":"","596327":""},"P.VilleSitra":{"30507":""},"P.VillageDeDepart":{"30507":""}},"dansCarnetVoyage":true,"Ouverture":""},"html":" \n \u003Cdiv id=\"CV-PRESTATAIRE-K-566925\" data-contexte-id=\"PRESTATAIRE|K|566925\" data-cle=\"K|566925\" class=\"fiche-liste\"\u003E\n    \n\n    \u003C!-- partie photo --\u003E\n    \u003Cdiv class=\"photo\"\u003E\t\t\t\t\t\t\t\t\t\t\t\t\t\t\t\t\t\t\t\t\t\n        \u003Cdiv class=\"cadre_photo_principale\"\u003E\t\t\n        \n            \t\t\t\t\t\n                    \u003Ca href=\"aire-de-service-camping-cars.html?origine=carnet#media\"\u003E\n                        \u003Cimg class=\"photo_principale\" alt=\"Aire de service - camping car \u00e0 Saint Sorlin d'Arves\" src=\"https:\/\/www.sja73.com\/medias\/images\/prestataires\/multitailles\/320x240_49571-p1060485.jpg\" itemprop=\"image\"\u003E\n                    \u003C\/a\u003E\t\t\t\t\t\t\n                \n                    \u003C\/div\u003E\t\t\t\t\t\t\t\t\t\t\t\t\t\t\t\t\t\t\t \t\t\n    \u003C\/div\u003E\n    \n    \u003C!-- partie nom prest --\u003E\n    \u003Cdiv class=\"nom\"\u003E\n        \u003Ch2\u003EAire de service - Camping-cars\u003C\/h2\u003E\n        \n            \u003C\/div\u003E\n\n         \n    \u003C!-- partie adresse --\u003E\n    \u003Cdiv class=\"adresse\"\u003E\n    \n      \u003Cspan class=\"Ville\"\u003ESaint-Sorlin-d'Arves\u003C\/span\u003E    \n    \u003C\/div\u003E\n    \n    \u003C!-- partie liens --\u003E\n    \u003Cdiv class=\"liens\"\u003E\n            \u003Ca class=\"btn-icon btn-view \" title=\"Voir la fiche d\u00e9taill\u00e9e\" href=\"aire-de-service-camping-cars.html?origine=carnet\"\u003E\u003C\/a\u003E\u003C!--\u003Ca class=\"btn-icon btn-view \" title=\"\" href=\"?origine=carnet#thaut\"\u003E\u003C\/a\u003E--\u003E\n      \u003Ca class=\"btn-icon btn-trash carnet_voyage_supprimer\" title=\"Supprimer cette fiche de mon carnet de voyage\" href=\"carnet-voyage?action=remove&fiche=K|566925\"\u003E\u003C\/a\u003E\n    \u003C\/div\u003E\n\n\u003C\/div\u003E\n\n","icon":"https:\/\/static.ingenie.fr\/images\/carnetVoyageV3\/K.png"},"fiche":"K|566925","popup":"\u003Cdiv id=\"bloc_popup_ajout_fiche_carnet\"\u003E\n    \u003Cdiv class=\"info_popup_ajout_fiche_carnet\"\u003E\n        Vous venez d'ajouter cet \u00e9l\u00e9ment \u00e0 votre carnet de voyage :    \u003C\/div\u003E\n    \u003Cdiv class=\"prest_popup_ajout_fiche_carnet\"\u003E\n        Aire de service - Camping-cars    \u003C\/div\u003E\n    \u003Cdiv class=\"bloc_btn_ajout_fiche_carnet form_submit_div\"\u003E\n        \u003Cinput type=\"button\" value=\"Continuer ma s\u00e9lection\" title=\"Continuer ma s\u00e9lection\" name=\"btn_close\" class=\"btn_close_popup_carnet form_submit\" onclick=\"$.colorbox.close()\" \/\u003E\n        \u003Cinput type=\"button\" value=\"Voir mon carnet de voyage\" title=\"Voir mon carnet\" name=\"btn_panier\" class=\"btn_panier_popup_carnet form_submit\" onclick=\"if(typeof CarnetVoyage != 'undefined') {CarnetVoyage.voirCarnet();}\" \/\u003E\n    \u003C\/div\u003E\n    \u003Cdiv class=\"bloc_btn_ajout_fiche_carnet\"\u003E\n        \u003Cinput type=\"checkbox\" value=\"1\" name=\"desactiver_popup\" id=\"desactiver_popup\" \/\u003E\n        \u003Clabel for=\"desactiver_popup\"\u003ENe plus afficher ce message\u003C\/label\u003E\n    \u003C\/div\u003E\n\u003C\/div\u003E","success":1}