{"nbFiches":1,"dataPrest":{"infoPrest":{"pave1":{"libelle":"Descriptif court","contenu":"Appartement chalet class\u00e9 3 \u00e9toiles, 12 pers, 110\u202fm\u00b2, plein sud au hameau de La\u202fChal, centre station \u00e0 200\u202fm des pistes, vue montagne spectaculaire.","fichiers":[]},"pave2":{"libelle":"Descriptif d\u00e9taill\u00e9","contenu":"La station village de Saint Jean d'Arves est l'une des six stations reli\u00e9es au domaine skiable Les Sybelles, 1er domaine de la vall\u00e9e de la Maurienne avec 136 pistes reli\u00e9es.\u003Cbr \/\u003E\r\n\u003Cbr \/\u003E\r\nEn \u00e9t\u00e9, les randonn\u00e9es offrent les plus beaux panoramas des Alpes, Les Aiguilles d'Arves, les 3 lacs et le glacier de Saint Sorlin d'Arves (Pic de l'Etendard), les sommets avec vue panoramique (le Monts Charvin, L'Ouillon) ...\u003Cbr \/\u003E\r\n\u003Cbr \/\u003E\r\nCourt s\u00e9jour possible.\u003Cbr \/\u003E\r\nEquipement sp\u00e9cifique : appareil \u00e0 fondue et raclette. S\u00e8che chaussures de ski.\u003Cbr \/\u003E\r\nLit et chaise b\u00e9b\u00e9 en option.\u003Cbr \/\u003E\r\nm\u00e9nage en option : 210\u20ac\u003Cbr \/\u003E\r\n\u003Cbr \/\u003E\r\nComposition de l'appartement : 2 chambres avec un lit double  et un lit simple ; 1 chambre avec 2 lits simples 90cm ; un s\u00e9jour avec clic clac 2 couchages ; une mezzanine de 20 m\u00b2 avec 3 lits simples ; 3 salles de bain ; 3 WC dont 1 s\u00e9par\u00e9.","fichiers":[]},"pave3":{"libelle":"Bons plans","contenu":"","fichiers":[]},"pave4":{"libelle":"Compl\u00e9ment localisation","contenu":"","fichiers":[]},"pave5":{"libelle":"Compl\u00e9ment accueil","contenu":"Possibilit\u00e9 de court-s\u00e9jour.","fichiers":[]},"pave6":{"libelle":"P\u00e9riodes en clair","contenu":"Du 04\/07 au 28\/08\/2026 tous les jours.","fichiers":[]},"pave7":{"libelle":"Tarifs en clair","contenu":"Du 13\/12\/2024 au 10\/04\/2026\u003Cbr \/\u003E\nSemaine : de 1 600 \u00e0 3 800 \u20ac.\u003Cbr \/\u003E\n\u003Cbr \/\u003E\nDu 04\/07 au 28\/08\/2026\u003Cbr \/\u003E\nSemaine : de 744 \u00e0 989 \u20ac.\u003Cbr \/\u003E\n\u003Cbr \/\u003E\n\u003Cbr \/\u003E\nTaxe de s\u00e9jour non incluse.","fichiers":[]},"pave8":{"libelle":"Compl\u00e9ment Tarifs","contenu":"","fichiers":[]},"pave9":{"libelle":"Compl\u00e9ment R\u00e9servation","contenu":"","fichiers":[]},"pave10":{"libelle":"Descriptif court","contenu":"","fichiers":[]},"pave11":{"libelle":"Descriptif d\u00e9taill\u00e9","contenu":"La station village de Saint Jean d'Arves propose des randonn\u00e9es qui offrent les plus beaux panoramas des Alpes, Les Aiguilles d'Arves, les 3 lacs et le glacier de Saint Sorlin d'Arves (Pic de l'Etendard), les sommets avec vue panoramique (le Monts Charvin, L'Ouillon) ...\u003Cbr \/\u003E\r\n\u003Cbr \/\u003E\r\nCourt s\u00e9jour possible.\u003Cbr \/\u003E\r\nEquipement sp\u00e9cifique : appareil \u00e0 fondue et raclette. \u003Cbr \/\u003E\r\nLit et chaise b\u00e9b\u00e9 en option.\u003Cbr \/\u003E\r\nm\u00e9nage en option : 210\u20ac\u003Cbr \/\u003E\r\n\u003Cbr \/\u003E\r\nComposition de l'appartement : 2 chambres avec un lit double et un lit simple ; 1 chambre avec 2 lits simples 90cm ; un s\u00e9jour avec clic clac ; une mezzanine de 20 m\u00b2 avec 3 lits simples ; 3 salles de bain ; 3 WC dont 1 s\u00e9par\u00e9.","fichiers":[]},"pave12":{"libelle":"Compl\u00e9ment localisation","contenu":"","fichiers":[]},"pave13":{"libelle":"Compl\u00e9ment accueil","contenu":"","fichiers":[]},"pave14":{"libelle":"P\u00e9riodes en clair","contenu":"","fichiers":[]},"pave15":{"libelle":"Tarifs en clair","contenu":"Taxe de s\u00e9jour non incluse.","fichiers":[]},"pave16":{"libelle":"Compl\u00e9ment Tarifs","contenu":"","fichiers":[]},"pave17":{"libelle":"Compl\u00e9ment R\u00e9servation","contenu":"","fichiers":[]},"pave18":{"libelle":"Descriptif court","contenu":"","fichiers":[]},"pave19":{"libelle":"Descriptif d\u00e9taill\u00e9","contenu":"La station village de Saint Jean d'Arves est l'une des six stations reli\u00e9es au domaine skiable Les Sybelles, 1er domaine de la vall\u00e9e de la Maurienne avec 136 pistes reli\u00e9es.\u003Cbr \/\u003E\r\n\u003Cbr \/\u003E\r\nCourt s\u00e9jour possible.\u003Cbr \/\u003E\r\nEquipement sp\u00e9cifique : appareil \u00e0 fondue et raclette.S\u00e8che chaussures de ski.\u003Cbr \/\u003E\r\nLit et chaise b\u00e9b\u00e9 en option.\u003Cbr \/\u003E\r\n\u003Cbr \/\u003E\r\nComposition de l'appartement : 2 chambres avec lits double 160cm ; 1 hambre avec 2 lits simples 90cm ; un s\u00e9jour avec clic clac ; un coin nuit avec 2 lits superpos\u00e9es ; 3 salles de bain ; 3 WC dont 1 s\u00e9par\u00e9.\u003Cbr \/\u003E\r\n\u003Cbr \/\u003E\r\nMachine \u00e0 laver et s\u00e8che linge en communs. \u003Cbr \/\u003E\r\nremise tardive des cl\u00e9s gr\u00e2ce \u00e0 une bo\u00eete \u00e0 cl\u00e9s personnelle\u003Cbr \/\u003E\r\nLits faits \u00e0 l'arriv\u00e9e en option +10\u20ac\u003Cbr \/\u003E\r\nDraps en option +13\u20ac\/lit simple et +16\u20ac\/lit double\u003Cbr \/\u003E\r\nServiettes en option +8\u20ac\/ pack","fichiers":[]},"pave20":{"libelle":"Compl\u00e9ment localisation","contenu":"","fichiers":[]},"pave21":{"libelle":"Compl\u00e9ment accueil","contenu":"","fichiers":[]},"pave22":{"libelle":"P\u00e9riodes en clair","contenu":"","fichiers":[]},"pave23":{"libelle":"Tarifs en clair","contenu":"Semaine : de 1 600 \u00e0 3 800 \u20ac.\u003Cbr \/\u003E\n\u003Cbr \/\u003E\n\u003Cbr \/\u003E\nTaxe de s\u00e9jour non incluse.","fichiers":[]},"pave24":{"libelle":"Compl\u00e9ment Tarifs","contenu":"","fichiers":[]},"pave25":{"libelle":"Compl\u00e9ment R\u00e9servation","contenu":"","fichiers":[]},"Libelle":"Chalet Arvina -  La Grande Vadrouille","Reference":"","Reftar":"","Type":"PRESTATION","TypePrestataire":"G","ContexteStat":"PRESTATION-G-914427-444982","DateModificationIso":"2026-04-25T00:36:00+02:00","Adresse":{"LigneAdresse1":"Chalet Arvina","LigneAdresse2":"667 route de la Chal","LigneAdresse3":"","CodePostal":"73530","Ville":"Saint-Jean-d'Arves","Cedex":"","Etat":"","Pays":"FRA"},"Id":"g-914427-444982","Code":"G|914427|444982","Cle":"G|914427|444982","Url":"chalet-arvina-la-grande-vadrouille.html","Localisation":{"GoogleMap":{"Latitude":"45.214086","Longitude":"6.263702"}},"ZoneGeo":"","Criteres":{"GEQUIPSERV[GWIFIINTERNET":"","GEQUIPSERV[GEQUIPBEBE":"","GEQUIPSERV[GPARKINGGARAGE":"","GEQUIPSERV[GJARDINBALCONTER":"","GEQUIPSERV[GLAVELINGE":"","GEQUIPSERV[GLAVEVAISSELLE":"","GEQUIPSERV[GLOCALSKI":"","GEQUIPSERV[GLOCALVELOS":"","AFFICHAGESITE[ADHERENTOUICOMPLET":"","DISPOORESAENLIGNE[RESERVABLE":"","PSEUDOALEATOIRE[ADHERENTRESA":"","GEQUIPSERV[TV":"","GCAPACITMAX[12PERS":"","GNOMBRE[PLUSDE10":"","122[4054":"","122[4063":"","122[4055":"","122[803":"","22[1477":"","22[1058":"","22[827":"","22[672":"","22[723":"","22[721":"","22[807":"","22[710":"","126[1323":"","126[972":"","25[604":"","127[914":"","127[606":"","127[1064":"","125[661":"","125[673":"","78[791":"","78[1029":"","78[1130":"","78[1138":"","78[1166":"","78[5061":"","117[837":"","118[1028":"","118[1110":"","118[1145":"","118[1146":"","4168[3889":"","4168[4143":"","prestations[surchargeTourismesAdaptes":"","prestations[surchargeDescriptifHandicapMoteur":"","prestations[surchargeDescriptifHandicapAuditif":"","prestations[surchargeDescriptifHandicapVisuel":"","prestations[surchargeDescriptifHandicapMental":"","prestations[surchargeNombreFauteuilsRoulants":"","68[876":"","68[971":"","68[1004":"","69[847":"","69[1015":"","69[983":"","69[1011":"","69[1014":"","69[3694":"","69[4060":"","69[838":"","70[943":"","70[951":"","70[917":"","70[922":"","70[999":"","70[946":"","70[949":"","70[1012":"","70[1010":"","70[997":"","70[5940":"","70[895":"","70[774":"","70[907":"","71[987":"","71[900":"","72[882":"","72[797":"","72[963":"","72[842":"","73[902":"","73[973":"","73[977":"","73[796":"","conforts[996":"","conforts[799":"","languesParlees[1192":"","languesParlees[1197":"","6528[169":"","environnements[171":"","environnements[184":"","environnements[193":"","114[418":"","modesPaiement[1265":"","modesPaiement[1268":"","modesPaiement[1271":"","modesPaiement[1274":"","modesPaiement[1277":"","modesPaiement[1281":"","tourismeAffaires[tourismeAffairesEnabled":"","tourismeAffaires[devise":"EUR","hebergementLocatifType[2620":"","classementPrefectoral[2629":"","5401[1614":"","5403[1613":"","capacite[capaciteHebergement":"12","capacite[capaciteMaximumPossible":"12","capacite[nombreSallesDeBain":"3","capacite[nombreWC":"3","capacite[nombreChambresEnMezzanine":"1","capacite[nombreLitsDoubles":"3","capacite[nombreLitsSimples":"7","capacite[surface":"110","capacite[nombrePieces":"5","capacite[nombreChambres":"3","capacite[nombreEtages":"2","capacite[numeroEtage":"2","CINTSITRA[10507":"","CINTSITRA[11226":"","CINTSITRA[11435":"","CINTSITRA[11533":"","CINTSITRA[4038":"","3220[25629":"","3233[60439":"","3233[908439":"","3218[60729":"","3219[72808":"","3219[126557":"","3227[82852":"","3230[323078":"","3230[5532377":"","3230[6328304":"","3221[344174":"","3221[549303":"","3221[596327":"","6241[595160":"","VilleSitra[30471":"","VillageDeDepart[30471":""},"ContactsParType":{"IWEB":{"60039":{"id_contact":"60039","type_contact":"IWEB","categorie_contact":"PRESTATION","societe_contact":"","fonction_contact":"","civilite_nom_prenom_contact":"SARL FJM  ","adresse1_contact":"","adresse2_contact":"","adresse3_contact":"","cpostal_contact":"","ville_contact":"","teldom_contact":"0033 (0)4 79 56 38 09","telbur_contact":"0033 (0)7 89 01 43 43","fax_contact":"","portable_contact":"","email_contact":"chalet.arvina@orange.fr","siteweb_contact":"http:\/\/www.chaletarvina.com","commentaire_contact":"","langue_contact":"","autre_moyen_com":[]}},"RES":{"60043":{"id_contact":"60043","type_contact":"RES","categorie_contact":"PRESTATION","societe_contact":"","fonction_contact":"","civilite_nom_prenom_contact":"SARL Le Cr\u00eat de la Grange ","adresse1_contact":"","adresse2_contact":"","adresse3_contact":"","cpostal_contact":"","ville_contact":"","teldom_contact":"","telbur_contact":"","fax_contact":"","portable_contact":"","email_contact":"","siteweb_contact":"","commentaire_contact":"","langue_contact":"","autre_moyen_com":[]}}},"ContactRemplaceCoordonnees":"60039","Prestataire":{"pave1":{"libelle":"","contenu":""},"pave2":{"libelle":"","contenu":""},"pave3":{"libelle":"","contenu":""},"pave4":{"libelle":"","contenu":""},"pave5":{"libelle":"","contenu":""},"pave6":{"libelle":"","contenu":""},"pave7":{"libelle":"","contenu":""},"pave8":{"libelle":"","contenu":""},"pave9":{"libelle":"","contenu":""},"pave10":{"libelle":"","contenu":""},"pave11":{"libelle":"","contenu":""},"pave12":{"libelle":"","contenu":""},"pave13":{"libelle":"","contenu":""},"pave14":{"libelle":"","contenu":""},"pave15":{"libelle":"","contenu":""},"pave16":{"libelle":"","contenu":""},"pave17":{"libelle":"","contenu":""},"pave18":{"libelle":"","contenu":""},"pave19":{"libelle":"","contenu":""},"pave20":{"libelle":"","contenu":""},"pave21":{"libelle":"","contenu":""},"pave22":{"libelle":"","contenu":""},"pave23":{"libelle":"","contenu":""},"pave24":{"libelle":"","contenu":""},"pave25":{"libelle":"","contenu":""},"ContactsParType":{"GEST":{"48291":{"id_contact":"48291","type_contact":"GEST","categorie_contact":"PRESTATAIRE","societe_contact":"","fonction_contact":"","civilite_nom_prenom_contact":"SARL FJM ","adresse1_contact":"Chalet Arvina","adresse2_contact":"La Chal","adresse3_contact":"","cpostal_contact":"73530","ville_contact":"Saint-Jean-d'Arves","teldom_contact":"0033 (0)4 79 56 38 09","telbur_contact":"0033 (0)7 89 01 43 43","fax_contact":"","portable_contact":"","email_contact":"chalet.arvina@orange.fr","siteweb_contact":"http:\/\/www.chaletarvina.com","commentaire_contact":"","langue_contact":"","autre_moyen_com":[]},"48293":{"id_contact":"48293","type_contact":"GEST","categorie_contact":"PRESTATAIRE","societe_contact":"","fonction_contact":"","civilite_nom_prenom_contact":"SARL FJM ","adresse1_contact":"Chalet Arvina","adresse2_contact":"La Chal","adresse3_contact":"","cpostal_contact":"73530","ville_contact":"Saint-Jean-d'Arves","teldom_contact":"0033 (0)4 79 56 38 09","telbur_contact":"0033 (0)7 89 01 43 43","fax_contact":"","portable_contact":"","email_contact":"chalet.arvina@orange.fr","siteweb_contact":"http:\/\/www.chaletarvina.com","commentaire_contact":"","langue_contact":"","autre_moyen_com":[]},"48295":{"id_contact":"48295","type_contact":"GEST","categorie_contact":"PRESTATAIRE","societe_contact":"","fonction_contact":"","civilite_nom_prenom_contact":"SARL FJM ","adresse1_contact":"Chalet Arvina","adresse2_contact":"La Chal","adresse3_contact":"","cpostal_contact":"73530","ville_contact":"Saint-Jean-d'Arves","teldom_contact":"0033 (0)4 79 56 38 09","telbur_contact":"0033 (0)7 89 01 43 43","fax_contact":"","portable_contact":"","email_contact":"chalet.arvina@orange.fr","siteweb_contact":"http:\/\/www.chaletarvina.com","commentaire_contact":"","langue_contact":"","autre_moyen_com":[]},"48297":{"id_contact":"48297","type_contact":"GEST","categorie_contact":"PRESTATAIRE","societe_contact":"","fonction_contact":"","civilite_nom_prenom_contact":"SARL FJM ","adresse1_contact":"Chalet Arvina","adresse2_contact":"La Chal","adresse3_contact":"","cpostal_contact":"73530","ville_contact":"Saint-Jean-d'Arves","teldom_contact":"0033 (0)4 79 56 38 09","telbur_contact":"0033 (0)7 89 01 43 43","fax_contact":"","portable_contact":"","email_contact":"chalet.arvina@orange.fr","siteweb_contact":"http:\/\/www.chaletarvina.com","commentaire_contact":"","langue_contact":"","autre_moyen_com":[]},"48299":{"id_contact":"48299","type_contact":"GEST","categorie_contact":"PRESTATAIRE","societe_contact":"","fonction_contact":"","civilite_nom_prenom_contact":"SARL FJM ","adresse1_contact":"Chalet Arvina","adresse2_contact":"La Chal","adresse3_contact":"","cpostal_contact":"73530","ville_contact":"Saint-Jean-d'Arves","teldom_contact":"0033 (0)4 79 56 38 09","telbur_contact":"0033 (0)7 89 01 43 43","fax_contact":"","portable_contact":"","email_contact":"chalet.arvina@orange.fr","siteweb_contact":"http:\/\/www.chaletarvina.com","commentaire_contact":"","langue_contact":"","autre_moyen_com":[]},"48301":{"id_contact":"48301","type_contact":"GEST","categorie_contact":"PRESTATAIRE","societe_contact":"","fonction_contact":"","civilite_nom_prenom_contact":"SARL FJM ","adresse1_contact":"Chalet Arvina","adresse2_contact":"La Chal","adresse3_contact":"","cpostal_contact":"73530","ville_contact":"Saint-Jean-d'Arves","teldom_contact":"0033 (0)4 79 56 38 09","telbur_contact":"0033 (0)7 89 01 43 43","fax_contact":"","portable_contact":"","email_contact":"chalet.arvina@orange.fr","siteweb_contact":"http:\/\/www.chaletarvina.com","commentaire_contact":"","langue_contact":"","autre_moyen_com":[]},"48303":{"id_contact":"48303","type_contact":"GEST","categorie_contact":"PRESTATAIRE","societe_contact":"","fonction_contact":"","civilite_nom_prenom_contact":"SARL FJM ","adresse1_contact":"Chalet Arvina","adresse2_contact":"La Chal","adresse3_contact":"","cpostal_contact":"73530","ville_contact":"Saint-Jean-d'Arves","teldom_contact":"0033 (0)4 79 56 38 09","telbur_contact":"0033 (0)7 89 01 43 43","fax_contact":"","portable_contact":"","email_contact":"chalet.arvina@orange.fr","siteweb_contact":"http:\/\/www.chaletarvina.com","commentaire_contact":"","langue_contact":"","autre_moyen_com":[]}}},"Libelle":"SARL FJM","Nom":"SARL FJM ","Prenom":"","NomPrenom":"SARL FJM  ","CiviliteNomPrenom":"SARL FJM  ","Cle":"G|914427","PrestataireParent":"","ContexteStat":"PRESTATAIRE-G-914427","DateModificationIso":"2023-08-08T02:45:00+02:00","Type":"PRESTATAIRE","TypePrestataire":"G","Adresse":{"LigneAdresse1":"","LigneAdresse2":"","LigneAdresse3":"","CodePostal":"","Ville":"","Cedex":"","Etat":"","Pays":""},"Email":"chalet.arvina@orange.fr","Telephone":"0033 (0)4 79 56 38 09","TelephoneBureau":"0033 (0)7 89 01 43 43","Portable":"","SiteWeb":"http:\/\/www.chaletarvina.com","Fax":"","Id":"g-914427","Code":"G|914427","Fichier":[],"Url":"sarl-fjm.html","Localisation":{"GoogleMap":{"Latitude":"45.214131","Longitude":"6.264314"}},"ZoneGeo":"","LiensEtWidgetsParType":{"A":[{"Id":"15543","TypePrestataire":"G","CodePrestataire":"914427","CodePrestation":"","CodeLibelle":"","Type":"A","Url":"https:\/\/www.facebook.com\/chaletarvina\/?ref=bookmarks","Defaut":"N","Langue":"","Nature":"URL","Import":"SITRA2","LibelleText":"","Theme":""}]},"LiensEtWidgets":[{"Id":"15543","TypePrestataire":"G","CodePrestataire":"914427","CodePrestation":"","CodeLibelle":"","Type":"A","Url":"https:\/\/www.facebook.com\/chaletarvina\/?ref=bookmarks","Defaut":"N","Langue":"","Nature":"URL","Import":"SITRA2","LibelleText":"","Theme":""}],"Criteres":{"P.CINTSITRA[11226":"","P.CINTSITRA[11435":"","P.3220[25629":"","P.3233[60439":"","P.3233[908439":"","P.3218[60729":"","P.3219[72808":"","P.3219[126557":"","P.3227[82852":"","P.3230[323078":"","P.3230[5532377":"","P.3230[6328304":"","P.3221[344174":"","P.3221[549303":"","P.3221[596327":"","P.6241[595160":"","P.VilleSitra[30471":"","P.VillageDeDepart[30471":""},"DateFinPublication":""},"Fichier":{"Image":[{"url":"https:\/\/www.sja73.com\/medias\/images\/prestations\/66441-salon_grde_vad.jpg","chemin":"..\/medias\/images\/prestations\/66441-salon_grde_vad.jpg","libelle":"Salon","extension":"jpg","categorie":"","largeur":2464,"theme":"","hauteur":1632,"type":"Image","origine":"","liaisonPave":"","langue":"","id":"66441","urlVignette":"https:\/\/www.sja73.com\/medias\/images\/prestations\/v-66441-salon_grde_vad.jpg","alt":"Salon","title":"Salon - &copy Arvina","MultiTaille":{"1920x1440":{"url":"https:\/\/www.sja73.com\/medias\/images\/prestations\/multitailles\/1920x1440_66441-salon_grde_vad.jpg"},"1200x900":{"url":"https:\/\/www.sja73.com\/medias\/images\/prestations\/multitailles\/1200x900_66441-salon_grde_vad.jpg"},"800x600":{"url":"https:\/\/www.sja73.com\/medias\/images\/prestations\/multitailles\/800x600_66441-salon_grde_vad.jpg"},"640x480":{"url":"https:\/\/www.sja73.com\/medias\/images\/prestations\/multitailles\/640x480_66441-salon_grde_vad.jpg"},"320x240":{"url":"https:\/\/www.sja73.com\/medias\/images\/prestations\/multitailles\/320x240_66441-salon_grde_vad.jpg"},"160x120":{"url":"https:\/\/www.sja73.com\/medias\/images\/prestations\/multitailles\/160x120_66441-salon_grde_vad.jpg"},"origine":{"url":"https:\/\/www.sja73.com\/medias\/images\/prestations\/66441-salon_grde_vad.jpg"}},"urlLien":"","typeLien":"","nofollow":"N","copyright":"Arvina"},{"url":"https:\/\/www.sja73.com\/medias\/images\/prestations\/66442-balcon_2_grde_vad.jpg","chemin":"..\/medias\/images\/prestations\/66442-balcon_2_grde_vad.jpg","libelle":"Balcon","extension":"jpg","categorie":"","largeur":1632,"theme":"","hauteur":2464,"type":"Image","origine":"","liaisonPave":"","langue":"","id":"66442","urlVignette":"https:\/\/www.sja73.com\/medias\/images\/prestations\/v-66442-balcon_2_grde_vad.jpg","alt":"Balcon","title":"Balcon - &copy Arvina","MultiTaille":{"1920x1440":{"url":"https:\/\/www.sja73.com\/medias\/images\/prestations\/multitailles\/1920x1440_66442-balcon_2_grde_vad.jpg"},"1200x900":{"url":"https:\/\/www.sja73.com\/medias\/images\/prestations\/multitailles\/1200x900_66442-balcon_2_grde_vad.jpg"},"800x600":{"url":"https:\/\/www.sja73.com\/medias\/images\/prestations\/multitailles\/800x600_66442-balcon_2_grde_vad.jpg"},"640x480":{"url":"https:\/\/www.sja73.com\/medias\/images\/prestations\/multitailles\/640x480_66442-balcon_2_grde_vad.jpg"},"320x240":{"url":"https:\/\/www.sja73.com\/medias\/images\/prestations\/multitailles\/320x240_66442-balcon_2_grde_vad.jpg"},"160x120":{"url":"https:\/\/www.sja73.com\/medias\/images\/prestations\/multitailles\/160x120_66442-balcon_2_grde_vad.jpg"},"origine":{"url":"https:\/\/www.sja73.com\/medias\/images\/prestations\/66442-balcon_2_grde_vad.jpg"}},"urlLien":"","typeLien":"","nofollow":"N","copyright":"Arvina"},{"url":"https:\/\/www.sja73.com\/medias\/images\/prestations\/66443-sejour_grde_vad.jpg","chemin":"..\/medias\/images\/prestations\/66443-sejour_grde_vad.jpg","libelle":"S\u00e9jour","extension":"jpg","categorie":"","largeur":2464,"theme":"","hauteur":1632,"type":"Image","origine":"","liaisonPave":"","langue":"","id":"66443","urlVignette":"https:\/\/www.sja73.com\/medias\/images\/prestations\/v-66443-sejour_grde_vad.jpg","alt":"S\u00e9jour","title":"S\u00e9jour - &copy Arvina","MultiTaille":{"1920x1440":{"url":"https:\/\/www.sja73.com\/medias\/images\/prestations\/multitailles\/1920x1440_66443-sejour_grde_vad.jpg"},"1200x900":{"url":"https:\/\/www.sja73.com\/medias\/images\/prestations\/multitailles\/1200x900_66443-sejour_grde_vad.jpg"},"800x600":{"url":"https:\/\/www.sja73.com\/medias\/images\/prestations\/multitailles\/800x600_66443-sejour_grde_vad.jpg"},"640x480":{"url":"https:\/\/www.sja73.com\/medias\/images\/prestations\/multitailles\/640x480_66443-sejour_grde_vad.jpg"},"320x240":{"url":"https:\/\/www.sja73.com\/medias\/images\/prestations\/multitailles\/320x240_66443-sejour_grde_vad.jpg"},"160x120":{"url":"https:\/\/www.sja73.com\/medias\/images\/prestations\/multitailles\/160x120_66443-sejour_grde_vad.jpg"},"origine":{"url":"https:\/\/www.sja73.com\/medias\/images\/prestations\/66443-sejour_grde_vad.jpg"}},"urlLien":"","typeLien":"","nofollow":"N","copyright":"Arvina"},{"url":"https:\/\/www.sja73.com\/medias\/images\/prestations\/66444-aporte_grde_vad.jpg","chemin":"..\/medias\/images\/prestations\/66444-aporte_grde_vad.jpg","libelle":"Porte","extension":"jpg","categorie":"","largeur":2464,"theme":"","hauteur":1632,"type":"Image","origine":"","liaisonPave":"","langue":"","id":"66444","urlVignette":"https:\/\/www.sja73.com\/medias\/images\/prestations\/v-66444-aporte_grde_vad.jpg","alt":"Porte","title":"Porte - &copy Arvina","MultiTaille":{"1920x1440":{"url":"https:\/\/www.sja73.com\/medias\/images\/prestations\/multitailles\/1920x1440_66444-aporte_grde_vad.jpg"},"1200x900":{"url":"https:\/\/www.sja73.com\/medias\/images\/prestations\/multitailles\/1200x900_66444-aporte_grde_vad.jpg"},"800x600":{"url":"https:\/\/www.sja73.com\/medias\/images\/prestations\/multitailles\/800x600_66444-aporte_grde_vad.jpg"},"640x480":{"url":"https:\/\/www.sja73.com\/medias\/images\/prestations\/multitailles\/640x480_66444-aporte_grde_vad.jpg"},"320x240":{"url":"https:\/\/www.sja73.com\/medias\/images\/prestations\/multitailles\/320x240_66444-aporte_grde_vad.jpg"},"160x120":{"url":"https:\/\/www.sja73.com\/medias\/images\/prestations\/multitailles\/160x120_66444-aporte_grde_vad.jpg"},"origine":{"url":"https:\/\/www.sja73.com\/medias\/images\/prestations\/66444-aporte_grde_vad.jpg"}},"urlLien":"","typeLien":"","nofollow":"N","copyright":"Arvina"},{"url":"https:\/\/www.sja73.com\/medias\/images\/prestations\/66445-bain_grde_vad.jpg","chemin":"..\/medias\/images\/prestations\/66445-bain_grde_vad.jpg","libelle":"Bains","extension":"jpg","categorie":"","largeur":2464,"theme":"","hauteur":1632,"type":"Image","origine":"","liaisonPave":"","langue":"","id":"66445","urlVignette":"https:\/\/www.sja73.com\/medias\/images\/prestations\/v-66445-bain_grde_vad.jpg","alt":"Bains","title":"Bains - &copy Arvina","MultiTaille":{"1920x1440":{"url":"https:\/\/www.sja73.com\/medias\/images\/prestations\/multitailles\/1920x1440_66445-bain_grde_vad.jpg"},"1200x900":{"url":"https:\/\/www.sja73.com\/medias\/images\/prestations\/multitailles\/1200x900_66445-bain_grde_vad.jpg"},"800x600":{"url":"https:\/\/www.sja73.com\/medias\/images\/prestations\/multitailles\/800x600_66445-bain_grde_vad.jpg"},"640x480":{"url":"https:\/\/www.sja73.com\/medias\/images\/prestations\/multitailles\/640x480_66445-bain_grde_vad.jpg"},"320x240":{"url":"https:\/\/www.sja73.com\/medias\/images\/prestations\/multitailles\/320x240_66445-bain_grde_vad.jpg"},"160x120":{"url":"https:\/\/www.sja73.com\/medias\/images\/prestations\/multitailles\/160x120_66445-bain_grde_vad.jpg"},"origine":{"url":"https:\/\/www.sja73.com\/medias\/images\/prestations\/66445-bain_grde_vad.jpg"}},"urlLien":"","typeLien":"","nofollow":"N","copyright":"Arvina"},{"url":"https:\/\/www.sja73.com\/medias\/images\/prestations\/66446-balcon_grde_vad.jpg","chemin":"..\/medias\/images\/prestations\/66446-balcon_grde_vad.jpg","libelle":"Balcon","extension":"jpg","categorie":"","largeur":2464,"theme":"","hauteur":1632,"type":"Image","origine":"","liaisonPave":"","langue":"","id":"66446","urlVignette":"https:\/\/www.sja73.com\/medias\/images\/prestations\/v-66446-balcon_grde_vad.jpg","alt":"Balcon","title":"Balcon - &copy Arvina","MultiTaille":{"1920x1440":{"url":"https:\/\/www.sja73.com\/medias\/images\/prestations\/multitailles\/1920x1440_66446-balcon_grde_vad.jpg"},"1200x900":{"url":"https:\/\/www.sja73.com\/medias\/images\/prestations\/multitailles\/1200x900_66446-balcon_grde_vad.jpg"},"800x600":{"url":"https:\/\/www.sja73.com\/medias\/images\/prestations\/multitailles\/800x600_66446-balcon_grde_vad.jpg"},"640x480":{"url":"https:\/\/www.sja73.com\/medias\/images\/prestations\/multitailles\/640x480_66446-balcon_grde_vad.jpg"},"320x240":{"url":"https:\/\/www.sja73.com\/medias\/images\/prestations\/multitailles\/320x240_66446-balcon_grde_vad.jpg"},"160x120":{"url":"https:\/\/www.sja73.com\/medias\/images\/prestations\/multitailles\/160x120_66446-balcon_grde_vad.jpg"},"origine":{"url":"https:\/\/www.sja73.com\/medias\/images\/prestations\/66446-balcon_grde_vad.jpg"}},"urlLien":"","typeLien":"","nofollow":"N","copyright":"Arvina"},{"url":"https:\/\/www.sja73.com\/medias\/images\/prestations\/66447-ch_est_2_grde_vad.jpg","chemin":"..\/medias\/images\/prestations\/66447-ch_est_2_grde_vad.jpg","libelle":"Chambre","extension":"jpg","categorie":"","largeur":2464,"theme":"","hauteur":1632,"type":"Image","origine":"","liaisonPave":"","langue":"","id":"66447","urlVignette":"https:\/\/www.sja73.com\/medias\/images\/prestations\/v-66447-ch_est_2_grde_vad.jpg","alt":"Chambre","title":"Chambre - &copy Arvina","MultiTaille":{"1920x1440":{"url":"https:\/\/www.sja73.com\/medias\/images\/prestations\/multitailles\/1920x1440_66447-ch_est_2_grde_vad.jpg"},"1200x900":{"url":"https:\/\/www.sja73.com\/medias\/images\/prestations\/multitailles\/1200x900_66447-ch_est_2_grde_vad.jpg"},"800x600":{"url":"https:\/\/www.sja73.com\/medias\/images\/prestations\/multitailles\/800x600_66447-ch_est_2_grde_vad.jpg"},"640x480":{"url":"https:\/\/www.sja73.com\/medias\/images\/prestations\/multitailles\/640x480_66447-ch_est_2_grde_vad.jpg"},"320x240":{"url":"https:\/\/www.sja73.com\/medias\/images\/prestations\/multitailles\/320x240_66447-ch_est_2_grde_vad.jpg"},"160x120":{"url":"https:\/\/www.sja73.com\/medias\/images\/prestations\/multitailles\/160x120_66447-ch_est_2_grde_vad.jpg"},"origine":{"url":"https:\/\/www.sja73.com\/medias\/images\/prestations\/66447-ch_est_2_grde_vad.jpg"}},"urlLien":"","typeLien":"","nofollow":"N","copyright":"Arvina"},{"url":"https:\/\/www.sja73.com\/medias\/images\/prestations\/66448-ch_est_grde_vad.jpg","chemin":"..\/medias\/images\/prestations\/66448-ch_est_grde_vad.jpg","libelle":"Chambre","extension":"jpg","categorie":"","largeur":2464,"theme":"","hauteur":1632,"type":"Image","origine":"","liaisonPave":"","langue":"","id":"66448","urlVignette":"https:\/\/www.sja73.com\/medias\/images\/prestations\/v-66448-ch_est_grde_vad.jpg","alt":"Chambre","title":"Chambre - &copy Arvina","MultiTaille":{"1920x1440":{"url":"https:\/\/www.sja73.com\/medias\/images\/prestations\/multitailles\/1920x1440_66448-ch_est_grde_vad.jpg"},"1200x900":{"url":"https:\/\/www.sja73.com\/medias\/images\/prestations\/multitailles\/1200x900_66448-ch_est_grde_vad.jpg"},"800x600":{"url":"https:\/\/www.sja73.com\/medias\/images\/prestations\/multitailles\/800x600_66448-ch_est_grde_vad.jpg"},"640x480":{"url":"https:\/\/www.sja73.com\/medias\/images\/prestations\/multitailles\/640x480_66448-ch_est_grde_vad.jpg"},"320x240":{"url":"https:\/\/www.sja73.com\/medias\/images\/prestations\/multitailles\/320x240_66448-ch_est_grde_vad.jpg"},"160x120":{"url":"https:\/\/www.sja73.com\/medias\/images\/prestations\/multitailles\/160x120_66448-ch_est_grde_vad.jpg"},"origine":{"url":"https:\/\/www.sja73.com\/medias\/images\/prestations\/66448-ch_est_grde_vad.jpg"}},"urlLien":"","typeLien":"","nofollow":"N","copyright":"Arvina"},{"url":"https:\/\/www.sja73.com\/medias\/images\/prestations\/66449-cuisine_grde_vad.jpg","chemin":"..\/medias\/images\/prestations\/66449-cuisine_grde_vad.jpg","libelle":"Cuisine","extension":"jpg","categorie":"","largeur":2464,"theme":"","hauteur":1632,"type":"Image","origine":"","liaisonPave":"","langue":"","id":"66449","urlVignette":"https:\/\/www.sja73.com\/medias\/images\/prestations\/v-66449-cuisine_grde_vad.jpg","alt":"Cuisine","title":"Cuisine - &copy Arvina","MultiTaille":{"1920x1440":{"url":"https:\/\/www.sja73.com\/medias\/images\/prestations\/multitailles\/1920x1440_66449-cuisine_grde_vad.jpg"},"1200x900":{"url":"https:\/\/www.sja73.com\/medias\/images\/prestations\/multitailles\/1200x900_66449-cuisine_grde_vad.jpg"},"800x600":{"url":"https:\/\/www.sja73.com\/medias\/images\/prestations\/multitailles\/800x600_66449-cuisine_grde_vad.jpg"},"640x480":{"url":"https:\/\/www.sja73.com\/medias\/images\/prestations\/multitailles\/640x480_66449-cuisine_grde_vad.jpg"},"320x240":{"url":"https:\/\/www.sja73.com\/medias\/images\/prestations\/multitailles\/320x240_66449-cuisine_grde_vad.jpg"},"160x120":{"url":"https:\/\/www.sja73.com\/medias\/images\/prestations\/multitailles\/160x120_66449-cuisine_grde_vad.jpg"},"origine":{"url":"https:\/\/www.sja73.com\/medias\/images\/prestations\/66449-cuisine_grde_vad.jpg"}},"urlLien":"","typeLien":"","nofollow":"N","copyright":"Arvina"},{"url":"https:\/\/www.sja73.com\/medias\/images\/prestations\/66450-ch_ouest_grde_vad.jpg","chemin":"..\/medias\/images\/prestations\/66450-ch_ouest_grde_vad.jpg","libelle":"Chambre","extension":"jpg","categorie":"","largeur":2464,"theme":"","hauteur":1632,"type":"Image","origine":"","liaisonPave":"","langue":"","id":"66450","urlVignette":"https:\/\/www.sja73.com\/medias\/images\/prestations\/v-66450-ch_ouest_grde_vad.jpg","alt":"Chambre","title":"Chambre - &copy Arvina","MultiTaille":{"1920x1440":{"url":"https:\/\/www.sja73.com\/medias\/images\/prestations\/multitailles\/1920x1440_66450-ch_ouest_grde_vad.jpg"},"1200x900":{"url":"https:\/\/www.sja73.com\/medias\/images\/prestations\/multitailles\/1200x900_66450-ch_ouest_grde_vad.jpg"},"800x600":{"url":"https:\/\/www.sja73.com\/medias\/images\/prestations\/multitailles\/800x600_66450-ch_ouest_grde_vad.jpg"},"640x480":{"url":"https:\/\/www.sja73.com\/medias\/images\/prestations\/multitailles\/640x480_66450-ch_ouest_grde_vad.jpg"},"320x240":{"url":"https:\/\/www.sja73.com\/medias\/images\/prestations\/multitailles\/320x240_66450-ch_ouest_grde_vad.jpg"},"160x120":{"url":"https:\/\/www.sja73.com\/medias\/images\/prestations\/multitailles\/160x120_66450-ch_ouest_grde_vad.jpg"},"origine":{"url":"https:\/\/www.sja73.com\/medias\/images\/prestations\/66450-ch_ouest_grde_vad.jpg"}},"urlLien":"","typeLien":"","nofollow":"N","copyright":"Arvina"},{"url":"https:\/\/www.sja73.com\/medias\/images\/prestations\/66451-ch_sud_grde_vad.jpg","chemin":"..\/medias\/images\/prestations\/66451-ch_sud_grde_vad.jpg","libelle":"Chambre","extension":"jpg","categorie":"","largeur":2464,"theme":"","hauteur":1632,"type":"Image","origine":"","liaisonPave":"","langue":"","id":"66451","urlVignette":"https:\/\/www.sja73.com\/medias\/images\/prestations\/v-66451-ch_sud_grde_vad.jpg","alt":"Chambre","title":"Chambre - &copy Arvina","MultiTaille":{"1920x1440":{"url":"https:\/\/www.sja73.com\/medias\/images\/prestations\/multitailles\/1920x1440_66451-ch_sud_grde_vad.jpg"},"1200x900":{"url":"https:\/\/www.sja73.com\/medias\/images\/prestations\/multitailles\/1200x900_66451-ch_sud_grde_vad.jpg"},"800x600":{"url":"https:\/\/www.sja73.com\/medias\/images\/prestations\/multitailles\/800x600_66451-ch_sud_grde_vad.jpg"},"640x480":{"url":"https:\/\/www.sja73.com\/medias\/images\/prestations\/multitailles\/640x480_66451-ch_sud_grde_vad.jpg"},"320x240":{"url":"https:\/\/www.sja73.com\/medias\/images\/prestations\/multitailles\/320x240_66451-ch_sud_grde_vad.jpg"},"160x120":{"url":"https:\/\/www.sja73.com\/medias\/images\/prestations\/multitailles\/160x120_66451-ch_sud_grde_vad.jpg"},"origine":{"url":"https:\/\/www.sja73.com\/medias\/images\/prestations\/66451-ch_sud_grde_vad.jpg"}},"urlLien":"","typeLien":"","nofollow":"N","copyright":"Arvina"},{"url":"https:\/\/www.sja73.com\/medias\/images\/prestations\/66452-chmezza_grde_vad.jpg","chemin":"..\/medias\/images\/prestations\/66452-chmezza_grde_vad.jpg","libelle":"Mezzanine","extension":"jpg","categorie":"","largeur":2464,"theme":"","hauteur":1632,"type":"Image","origine":"","liaisonPave":"","langue":"","id":"66452","urlVignette":"https:\/\/www.sja73.com\/medias\/images\/prestations\/v-66452-chmezza_grde_vad.jpg","alt":"Mezzanine","title":"Mezzanine - &copy Arvina","MultiTaille":{"1920x1440":{"url":"https:\/\/www.sja73.com\/medias\/images\/prestations\/multitailles\/1920x1440_66452-chmezza_grde_vad.jpg"},"1200x900":{"url":"https:\/\/www.sja73.com\/medias\/images\/prestations\/multitailles\/1200x900_66452-chmezza_grde_vad.jpg"},"800x600":{"url":"https:\/\/www.sja73.com\/medias\/images\/prestations\/multitailles\/800x600_66452-chmezza_grde_vad.jpg"},"640x480":{"url":"https:\/\/www.sja73.com\/medias\/images\/prestations\/multitailles\/640x480_66452-chmezza_grde_vad.jpg"},"320x240":{"url":"https:\/\/www.sja73.com\/medias\/images\/prestations\/multitailles\/320x240_66452-chmezza_grde_vad.jpg"},"160x120":{"url":"https:\/\/www.sja73.com\/medias\/images\/prestations\/multitailles\/160x120_66452-chmezza_grde_vad.jpg"},"origine":{"url":"https:\/\/www.sja73.com\/medias\/images\/prestations\/66452-chmezza_grde_vad.jpg"}},"urlLien":"","typeLien":"","nofollow":"N","copyright":"Arvina"},{"url":"https:\/\/www.sja73.com\/medias\/images\/prestations\/66453-deco_grde_vad.jpg","chemin":"..\/medias\/images\/prestations\/66453-deco_grde_vad.jpg","libelle":"D\u00e9co","extension":"jpg","categorie":"","largeur":2464,"theme":"","hauteur":1632,"type":"Image","origine":"","liaisonPave":"","langue":"","id":"66453","urlVignette":"https:\/\/www.sja73.com\/medias\/images\/prestations\/v-66453-deco_grde_vad.jpg","alt":"D\u00e9co","title":"D\u00e9co - &copy Arvina","MultiTaille":{"1920x1440":{"url":"https:\/\/www.sja73.com\/medias\/images\/prestations\/multitailles\/1920x1440_66453-deco_grde_vad.jpg"},"1200x900":{"url":"https:\/\/www.sja73.com\/medias\/images\/prestations\/multitailles\/1200x900_66453-deco_grde_vad.jpg"},"800x600":{"url":"https:\/\/www.sja73.com\/medias\/images\/prestations\/multitailles\/800x600_66453-deco_grde_vad.jpg"},"640x480":{"url":"https:\/\/www.sja73.com\/medias\/images\/prestations\/multitailles\/640x480_66453-deco_grde_vad.jpg"},"320x240":{"url":"https:\/\/www.sja73.com\/medias\/images\/prestations\/multitailles\/320x240_66453-deco_grde_vad.jpg"},"160x120":{"url":"https:\/\/www.sja73.com\/medias\/images\/prestations\/multitailles\/160x120_66453-deco_grde_vad.jpg"},"origine":{"url":"https:\/\/www.sja73.com\/medias\/images\/prestations\/66453-deco_grde_vad.jpg"}},"urlLien":"","typeLien":"","nofollow":"N","copyright":"Arvina"},{"url":"https:\/\/www.sja73.com\/medias\/images\/prestations\/66454-deco_lampe_grde_vad.jpg","chemin":"..\/medias\/images\/prestations\/66454-deco_lampe_grde_vad.jpg","libelle":"Lampe","extension":"jpg","categorie":"","largeur":2464,"theme":"","hauteur":1632,"type":"Image","origine":"","liaisonPave":"","langue":"","id":"66454","urlVignette":"https:\/\/www.sja73.com\/medias\/images\/prestations\/v-66454-deco_lampe_grde_vad.jpg","alt":"Lampe","title":"Lampe - &copy Arvina","MultiTaille":{"1920x1440":{"url":"https:\/\/www.sja73.com\/medias\/images\/prestations\/multitailles\/1920x1440_66454-deco_lampe_grde_vad.jpg"},"1200x900":{"url":"https:\/\/www.sja73.com\/medias\/images\/prestations\/multitailles\/1200x900_66454-deco_lampe_grde_vad.jpg"},"800x600":{"url":"https:\/\/www.sja73.com\/medias\/images\/prestations\/multitailles\/800x600_66454-deco_lampe_grde_vad.jpg"},"640x480":{"url":"https:\/\/www.sja73.com\/medias\/images\/prestations\/multitailles\/640x480_66454-deco_lampe_grde_vad.jpg"},"320x240":{"url":"https:\/\/www.sja73.com\/medias\/images\/prestations\/multitailles\/320x240_66454-deco_lampe_grde_vad.jpg"},"160x120":{"url":"https:\/\/www.sja73.com\/medias\/images\/prestations\/multitailles\/160x120_66454-deco_lampe_grde_vad.jpg"},"origine":{"url":"https:\/\/www.sja73.com\/medias\/images\/prestations\/66454-deco_lampe_grde_vad.jpg"}},"urlLien":"","typeLien":"","nofollow":"N","copyright":"Arvina"},{"url":"https:\/\/www.sja73.com\/medias\/images\/prestations\/66455-salon_2_grde_vad.jpg","chemin":"..\/medias\/images\/prestations\/66455-salon_2_grde_vad.jpg","libelle":"Salon","extension":"jpg","categorie":"","largeur":679,"theme":"","hauteur":1024,"type":"Image","origine":"","liaisonPave":"","langue":"","id":"66455","urlVignette":"https:\/\/www.sja73.com\/medias\/images\/prestations\/v-66455-salon_2_grde_vad.jpg","alt":"Salon","title":"Salon - &copy Arvina","MultiTaille":{"1920x1440":{"url":"https:\/\/www.sja73.com\/medias\/images\/prestations\/multitailles\/1920x1440_66455-salon_2_grde_vad.jpg"},"1200x900":{"url":"https:\/\/www.sja73.com\/medias\/images\/prestations\/multitailles\/1200x900_66455-salon_2_grde_vad.jpg"},"800x600":{"url":"https:\/\/www.sja73.com\/medias\/images\/prestations\/multitailles\/800x600_66455-salon_2_grde_vad.jpg"},"640x480":{"url":"https:\/\/www.sja73.com\/medias\/images\/prestations\/multitailles\/640x480_66455-salon_2_grde_vad.jpg"},"320x240":{"url":"https:\/\/www.sja73.com\/medias\/images\/prestations\/multitailles\/320x240_66455-salon_2_grde_vad.jpg"},"160x120":{"url":"https:\/\/www.sja73.com\/medias\/images\/prestations\/multitailles\/160x120_66455-salon_2_grde_vad.jpg"},"origine":{"url":"https:\/\/www.sja73.com\/medias\/images\/prestations\/66455-salon_2_grde_vad.jpg"}},"urlLien":"","typeLien":"","nofollow":"N","copyright":"Arvina"},{"url":"https:\/\/www.sja73.com\/medias\/images\/prestations\/66456-sdb_e_grde_vad.jpg","chemin":"..\/medias\/images\/prestations\/66456-sdb_e_grde_vad.jpg","libelle":"Salle de Bains","extension":"jpg","categorie":"","largeur":2464,"theme":"","hauteur":1632,"type":"Image","origine":"","liaisonPave":"","langue":"","id":"66456","urlVignette":"https:\/\/www.sja73.com\/medias\/images\/prestations\/v-66456-sdb_e_grde_vad.jpg","alt":"Salle de Bains","title":"Salle de Bains - &copy Arvina","MultiTaille":{"1920x1440":{"url":"https:\/\/www.sja73.com\/medias\/images\/prestations\/multitailles\/1920x1440_66456-sdb_e_grde_vad.jpg"},"1200x900":{"url":"https:\/\/www.sja73.com\/medias\/images\/prestations\/multitailles\/1200x900_66456-sdb_e_grde_vad.jpg"},"800x600":{"url":"https:\/\/www.sja73.com\/medias\/images\/prestations\/multitailles\/800x600_66456-sdb_e_grde_vad.jpg"},"640x480":{"url":"https:\/\/www.sja73.com\/medias\/images\/prestations\/multitailles\/640x480_66456-sdb_e_grde_vad.jpg"},"320x240":{"url":"https:\/\/www.sja73.com\/medias\/images\/prestations\/multitailles\/320x240_66456-sdb_e_grde_vad.jpg"},"160x120":{"url":"https:\/\/www.sja73.com\/medias\/images\/prestations\/multitailles\/160x120_66456-sdb_e_grde_vad.jpg"},"origine":{"url":"https:\/\/www.sja73.com\/medias\/images\/prestations\/66456-sdb_e_grde_vad.jpg"}},"urlLien":"","typeLien":"","nofollow":"N","copyright":"Arvina"},{"url":"https:\/\/www.sja73.com\/medias\/images\/prestations\/66457-sdb_o_grde_vad.jpg","chemin":"..\/medias\/images\/prestations\/66457-sdb_o_grde_vad.jpg","libelle":"Lavabo","extension":"jpg","categorie":"","largeur":2464,"theme":"","hauteur":1632,"type":"Image","origine":"","liaisonPave":"","langue":"","id":"66457","urlVignette":"https:\/\/www.sja73.com\/medias\/images\/prestations\/v-66457-sdb_o_grde_vad.jpg","alt":"Lavabo","title":"Lavabo - &copy Arvina","MultiTaille":{"1920x1440":{"url":"https:\/\/www.sja73.com\/medias\/images\/prestations\/multitailles\/1920x1440_66457-sdb_o_grde_vad.jpg"},"1200x900":{"url":"https:\/\/www.sja73.com\/medias\/images\/prestations\/multitailles\/1200x900_66457-sdb_o_grde_vad.jpg"},"800x600":{"url":"https:\/\/www.sja73.com\/medias\/images\/prestations\/multitailles\/800x600_66457-sdb_o_grde_vad.jpg"},"640x480":{"url":"https:\/\/www.sja73.com\/medias\/images\/prestations\/multitailles\/640x480_66457-sdb_o_grde_vad.jpg"},"320x240":{"url":"https:\/\/www.sja73.com\/medias\/images\/prestations\/multitailles\/320x240_66457-sdb_o_grde_vad.jpg"},"160x120":{"url":"https:\/\/www.sja73.com\/medias\/images\/prestations\/multitailles\/160x120_66457-sdb_o_grde_vad.jpg"},"origine":{"url":"https:\/\/www.sja73.com\/medias\/images\/prestations\/66457-sdb_o_grde_vad.jpg"}},"urlLien":"","typeLien":"","nofollow":"N","copyright":"Arvina"},{"url":"https:\/\/www.sja73.com\/medias\/images\/prestations\/66458-tabouret_deco_grde_vad.jpg","chemin":"..\/medias\/images\/prestations\/66458-tabouret_deco_grde_vad.jpg","libelle":"Tabouret","extension":"jpg","categorie":"","largeur":2464,"theme":"","hauteur":1551,"type":"Image","origine":"","liaisonPave":"","langue":"","id":"66458","urlVignette":"https:\/\/www.sja73.com\/medias\/images\/prestations\/v-66458-tabouret_deco_grde_vad.jpg","alt":"Tabouret","title":"Tabouret - &copy Arvina","MultiTaille":{"1920x1440":{"url":"https:\/\/www.sja73.com\/medias\/images\/prestations\/multitailles\/1920x1440_66458-tabouret_deco_grde_vad.jpg"},"1200x900":{"url":"https:\/\/www.sja73.com\/medias\/images\/prestations\/multitailles\/1200x900_66458-tabouret_deco_grde_vad.jpg"},"800x600":{"url":"https:\/\/www.sja73.com\/medias\/images\/prestations\/multitailles\/800x600_66458-tabouret_deco_grde_vad.jpg"},"640x480":{"url":"https:\/\/www.sja73.com\/medias\/images\/prestations\/multitailles\/640x480_66458-tabouret_deco_grde_vad.jpg"},"320x240":{"url":"https:\/\/www.sja73.com\/medias\/images\/prestations\/multitailles\/320x240_66458-tabouret_deco_grde_vad.jpg"},"160x120":{"url":"https:\/\/www.sja73.com\/medias\/images\/prestations\/multitailles\/160x120_66458-tabouret_deco_grde_vad.jpg"},"origine":{"url":"https:\/\/www.sja73.com\/medias\/images\/prestations\/66458-tabouret_deco_grde_vad.jpg"}},"urlLien":"","typeLien":"","nofollow":"N","copyright":"Arvina"},{"url":"https:\/\/www.sja73.com\/medias\/images\/prestations\/66460-vue_sejour_grde_vad.jpg","chemin":"..\/medias\/images\/prestations\/66460-vue_sejour_grde_vad.jpg","libelle":"S\u00e9jour","extension":"jpg","categorie":"","largeur":2464,"theme":"ETE","hauteur":1632,"type":"Image","origine":"","liaisonPave":"","langue":"","id":"66460","urlVignette":"https:\/\/www.sja73.com\/medias\/images\/prestations\/v-66460-vue_sejour_grde_vad.jpg","alt":"S\u00e9jour","title":"S\u00e9jour - &copy Arvina","MultiTaille":{"1920x1440":{"url":"https:\/\/www.sja73.com\/medias\/images\/prestations\/multitailles\/1920x1440_66460-vue_sejour_grde_vad.jpg"},"1200x900":{"url":"https:\/\/www.sja73.com\/medias\/images\/prestations\/multitailles\/1200x900_66460-vue_sejour_grde_vad.jpg"},"800x600":{"url":"https:\/\/www.sja73.com\/medias\/images\/prestations\/multitailles\/800x600_66460-vue_sejour_grde_vad.jpg"},"640x480":{"url":"https:\/\/www.sja73.com\/medias\/images\/prestations\/multitailles\/640x480_66460-vue_sejour_grde_vad.jpg"},"320x240":{"url":"https:\/\/www.sja73.com\/medias\/images\/prestations\/multitailles\/320x240_66460-vue_sejour_grde_vad.jpg"},"160x120":{"url":"https:\/\/www.sja73.com\/medias\/images\/prestations\/multitailles\/160x120_66460-vue_sejour_grde_vad.jpg"},"origine":{"url":"https:\/\/www.sja73.com\/medias\/images\/prestations\/66460-vue_sejour_grde_vad.jpg"}},"urlLien":"","typeLien":"","nofollow":"N","copyright":"Arvina"},{"url":"https:\/\/www.sja73.com\/medias\/images\/prestations\/66459-vue_balcon_grde_vad.jpg","chemin":"..\/medias\/images\/prestations\/66459-vue_balcon_grde_vad.jpg","libelle":"Vue Hiver","extension":"jpg","categorie":"","largeur":703,"theme":"HIVER","hauteur":571,"type":"Image","origine":"","liaisonPave":"","langue":"","id":"66459","urlVignette":"https:\/\/www.sja73.com\/medias\/images\/prestations\/v-66459-vue_balcon_grde_vad.jpg","alt":"Vue Hiver","title":"Vue Hiver - &copy Arvina","MultiTaille":{"1920x1440":{"url":"https:\/\/www.sja73.com\/medias\/images\/prestations\/multitailles\/1920x1440_66459-vue_balcon_grde_vad.jpg"},"1200x900":{"url":"https:\/\/www.sja73.com\/medias\/images\/prestations\/multitailles\/1200x900_66459-vue_balcon_grde_vad.jpg"},"800x600":{"url":"https:\/\/www.sja73.com\/medias\/images\/prestations\/multitailles\/800x600_66459-vue_balcon_grde_vad.jpg"},"640x480":{"url":"https:\/\/www.sja73.com\/medias\/images\/prestations\/multitailles\/640x480_66459-vue_balcon_grde_vad.jpg"},"320x240":{"url":"https:\/\/www.sja73.com\/medias\/images\/prestations\/multitailles\/320x240_66459-vue_balcon_grde_vad.jpg"},"160x120":{"url":"https:\/\/www.sja73.com\/medias\/images\/prestations\/multitailles\/160x120_66459-vue_balcon_grde_vad.jpg"},"origine":{"url":"https:\/\/www.sja73.com\/medias\/images\/prestations\/66459-vue_balcon_grde_vad.jpg"}},"urlLien":"","typeLien":"","nofollow":"N","copyright":"Arvina"}],"ByCategorie":{"":[{"url":"https:\/\/www.sja73.com\/medias\/images\/prestations\/66441-salon_grde_vad.jpg","chemin":"..\/medias\/images\/prestations\/66441-salon_grde_vad.jpg","libelle":"Salon","extension":"jpg","categorie":"","largeur":2464,"theme":"","hauteur":1632,"type":"Image","origine":"","liaisonPave":"","langue":"","id":"66441","urlVignette":"https:\/\/www.sja73.com\/medias\/images\/prestations\/v-66441-salon_grde_vad.jpg","alt":"Salon","title":"Salon - &copy Arvina","MultiTaille":{"1920x1440":{"url":"https:\/\/www.sja73.com\/medias\/images\/prestations\/multitailles\/1920x1440_66441-salon_grde_vad.jpg"},"1200x900":{"url":"https:\/\/www.sja73.com\/medias\/images\/prestations\/multitailles\/1200x900_66441-salon_grde_vad.jpg"},"800x600":{"url":"https:\/\/www.sja73.com\/medias\/images\/prestations\/multitailles\/800x600_66441-salon_grde_vad.jpg"},"640x480":{"url":"https:\/\/www.sja73.com\/medias\/images\/prestations\/multitailles\/640x480_66441-salon_grde_vad.jpg"},"320x240":{"url":"https:\/\/www.sja73.com\/medias\/images\/prestations\/multitailles\/320x240_66441-salon_grde_vad.jpg"},"160x120":{"url":"https:\/\/www.sja73.com\/medias\/images\/prestations\/multitailles\/160x120_66441-salon_grde_vad.jpg"},"origine":{"url":"https:\/\/www.sja73.com\/medias\/images\/prestations\/66441-salon_grde_vad.jpg"}},"urlLien":"","typeLien":"","nofollow":"N","copyright":"Arvina"},{"url":"https:\/\/www.sja73.com\/medias\/images\/prestations\/66442-balcon_2_grde_vad.jpg","chemin":"..\/medias\/images\/prestations\/66442-balcon_2_grde_vad.jpg","libelle":"Balcon","extension":"jpg","categorie":"","largeur":1632,"theme":"","hauteur":2464,"type":"Image","origine":"","liaisonPave":"","langue":"","id":"66442","urlVignette":"https:\/\/www.sja73.com\/medias\/images\/prestations\/v-66442-balcon_2_grde_vad.jpg","alt":"Balcon","title":"Balcon - &copy Arvina","MultiTaille":{"1920x1440":{"url":"https:\/\/www.sja73.com\/medias\/images\/prestations\/multitailles\/1920x1440_66442-balcon_2_grde_vad.jpg"},"1200x900":{"url":"https:\/\/www.sja73.com\/medias\/images\/prestations\/multitailles\/1200x900_66442-balcon_2_grde_vad.jpg"},"800x600":{"url":"https:\/\/www.sja73.com\/medias\/images\/prestations\/multitailles\/800x600_66442-balcon_2_grde_vad.jpg"},"640x480":{"url":"https:\/\/www.sja73.com\/medias\/images\/prestations\/multitailles\/640x480_66442-balcon_2_grde_vad.jpg"},"320x240":{"url":"https:\/\/www.sja73.com\/medias\/images\/prestations\/multitailles\/320x240_66442-balcon_2_grde_vad.jpg"},"160x120":{"url":"https:\/\/www.sja73.com\/medias\/images\/prestations\/multitailles\/160x120_66442-balcon_2_grde_vad.jpg"},"origine":{"url":"https:\/\/www.sja73.com\/medias\/images\/prestations\/66442-balcon_2_grde_vad.jpg"}},"urlLien":"","typeLien":"","nofollow":"N","copyright":"Arvina"},{"url":"https:\/\/www.sja73.com\/medias\/images\/prestations\/66443-sejour_grde_vad.jpg","chemin":"..\/medias\/images\/prestations\/66443-sejour_grde_vad.jpg","libelle":"S\u00e9jour","extension":"jpg","categorie":"","largeur":2464,"theme":"","hauteur":1632,"type":"Image","origine":"","liaisonPave":"","langue":"","id":"66443","urlVignette":"https:\/\/www.sja73.com\/medias\/images\/prestations\/v-66443-sejour_grde_vad.jpg","alt":"S\u00e9jour","title":"S\u00e9jour - &copy Arvina","MultiTaille":{"1920x1440":{"url":"https:\/\/www.sja73.com\/medias\/images\/prestations\/multitailles\/1920x1440_66443-sejour_grde_vad.jpg"},"1200x900":{"url":"https:\/\/www.sja73.com\/medias\/images\/prestations\/multitailles\/1200x900_66443-sejour_grde_vad.jpg"},"800x600":{"url":"https:\/\/www.sja73.com\/medias\/images\/prestations\/multitailles\/800x600_66443-sejour_grde_vad.jpg"},"640x480":{"url":"https:\/\/www.sja73.com\/medias\/images\/prestations\/multitailles\/640x480_66443-sejour_grde_vad.jpg"},"320x240":{"url":"https:\/\/www.sja73.com\/medias\/images\/prestations\/multitailles\/320x240_66443-sejour_grde_vad.jpg"},"160x120":{"url":"https:\/\/www.sja73.com\/medias\/images\/prestations\/multitailles\/160x120_66443-sejour_grde_vad.jpg"},"origine":{"url":"https:\/\/www.sja73.com\/medias\/images\/prestations\/66443-sejour_grde_vad.jpg"}},"urlLien":"","typeLien":"","nofollow":"N","copyright":"Arvina"},{"url":"https:\/\/www.sja73.com\/medias\/images\/prestations\/66444-aporte_grde_vad.jpg","chemin":"..\/medias\/images\/prestations\/66444-aporte_grde_vad.jpg","libelle":"Porte","extension":"jpg","categorie":"","largeur":2464,"theme":"","hauteur":1632,"type":"Image","origine":"","liaisonPave":"","langue":"","id":"66444","urlVignette":"https:\/\/www.sja73.com\/medias\/images\/prestations\/v-66444-aporte_grde_vad.jpg","alt":"Porte","title":"Porte - &copy Arvina","MultiTaille":{"1920x1440":{"url":"https:\/\/www.sja73.com\/medias\/images\/prestations\/multitailles\/1920x1440_66444-aporte_grde_vad.jpg"},"1200x900":{"url":"https:\/\/www.sja73.com\/medias\/images\/prestations\/multitailles\/1200x900_66444-aporte_grde_vad.jpg"},"800x600":{"url":"https:\/\/www.sja73.com\/medias\/images\/prestations\/multitailles\/800x600_66444-aporte_grde_vad.jpg"},"640x480":{"url":"https:\/\/www.sja73.com\/medias\/images\/prestations\/multitailles\/640x480_66444-aporte_grde_vad.jpg"},"320x240":{"url":"https:\/\/www.sja73.com\/medias\/images\/prestations\/multitailles\/320x240_66444-aporte_grde_vad.jpg"},"160x120":{"url":"https:\/\/www.sja73.com\/medias\/images\/prestations\/multitailles\/160x120_66444-aporte_grde_vad.jpg"},"origine":{"url":"https:\/\/www.sja73.com\/medias\/images\/prestations\/66444-aporte_grde_vad.jpg"}},"urlLien":"","typeLien":"","nofollow":"N","copyright":"Arvina"},{"url":"https:\/\/www.sja73.com\/medias\/images\/prestations\/66445-bain_grde_vad.jpg","chemin":"..\/medias\/images\/prestations\/66445-bain_grde_vad.jpg","libelle":"Bains","extension":"jpg","categorie":"","largeur":2464,"theme":"","hauteur":1632,"type":"Image","origine":"","liaisonPave":"","langue":"","id":"66445","urlVignette":"https:\/\/www.sja73.com\/medias\/images\/prestations\/v-66445-bain_grde_vad.jpg","alt":"Bains","title":"Bains - &copy Arvina","MultiTaille":{"1920x1440":{"url":"https:\/\/www.sja73.com\/medias\/images\/prestations\/multitailles\/1920x1440_66445-bain_grde_vad.jpg"},"1200x900":{"url":"https:\/\/www.sja73.com\/medias\/images\/prestations\/multitailles\/1200x900_66445-bain_grde_vad.jpg"},"800x600":{"url":"https:\/\/www.sja73.com\/medias\/images\/prestations\/multitailles\/800x600_66445-bain_grde_vad.jpg"},"640x480":{"url":"https:\/\/www.sja73.com\/medias\/images\/prestations\/multitailles\/640x480_66445-bain_grde_vad.jpg"},"320x240":{"url":"https:\/\/www.sja73.com\/medias\/images\/prestations\/multitailles\/320x240_66445-bain_grde_vad.jpg"},"160x120":{"url":"https:\/\/www.sja73.com\/medias\/images\/prestations\/multitailles\/160x120_66445-bain_grde_vad.jpg"},"origine":{"url":"https:\/\/www.sja73.com\/medias\/images\/prestations\/66445-bain_grde_vad.jpg"}},"urlLien":"","typeLien":"","nofollow":"N","copyright":"Arvina"},{"url":"https:\/\/www.sja73.com\/medias\/images\/prestations\/66446-balcon_grde_vad.jpg","chemin":"..\/medias\/images\/prestations\/66446-balcon_grde_vad.jpg","libelle":"Balcon","extension":"jpg","categorie":"","largeur":2464,"theme":"","hauteur":1632,"type":"Image","origine":"","liaisonPave":"","langue":"","id":"66446","urlVignette":"https:\/\/www.sja73.com\/medias\/images\/prestations\/v-66446-balcon_grde_vad.jpg","alt":"Balcon","title":"Balcon - &copy Arvina","MultiTaille":{"1920x1440":{"url":"https:\/\/www.sja73.com\/medias\/images\/prestations\/multitailles\/1920x1440_66446-balcon_grde_vad.jpg"},"1200x900":{"url":"https:\/\/www.sja73.com\/medias\/images\/prestations\/multitailles\/1200x900_66446-balcon_grde_vad.jpg"},"800x600":{"url":"https:\/\/www.sja73.com\/medias\/images\/prestations\/multitailles\/800x600_66446-balcon_grde_vad.jpg"},"640x480":{"url":"https:\/\/www.sja73.com\/medias\/images\/prestations\/multitailles\/640x480_66446-balcon_grde_vad.jpg"},"320x240":{"url":"https:\/\/www.sja73.com\/medias\/images\/prestations\/multitailles\/320x240_66446-balcon_grde_vad.jpg"},"160x120":{"url":"https:\/\/www.sja73.com\/medias\/images\/prestations\/multitailles\/160x120_66446-balcon_grde_vad.jpg"},"origine":{"url":"https:\/\/www.sja73.com\/medias\/images\/prestations\/66446-balcon_grde_vad.jpg"}},"urlLien":"","typeLien":"","nofollow":"N","copyright":"Arvina"},{"url":"https:\/\/www.sja73.com\/medias\/images\/prestations\/66447-ch_est_2_grde_vad.jpg","chemin":"..\/medias\/images\/prestations\/66447-ch_est_2_grde_vad.jpg","libelle":"Chambre","extension":"jpg","categorie":"","largeur":2464,"theme":"","hauteur":1632,"type":"Image","origine":"","liaisonPave":"","langue":"","id":"66447","urlVignette":"https:\/\/www.sja73.com\/medias\/images\/prestations\/v-66447-ch_est_2_grde_vad.jpg","alt":"Chambre","title":"Chambre - &copy Arvina","MultiTaille":{"1920x1440":{"url":"https:\/\/www.sja73.com\/medias\/images\/prestations\/multitailles\/1920x1440_66447-ch_est_2_grde_vad.jpg"},"1200x900":{"url":"https:\/\/www.sja73.com\/medias\/images\/prestations\/multitailles\/1200x900_66447-ch_est_2_grde_vad.jpg"},"800x600":{"url":"https:\/\/www.sja73.com\/medias\/images\/prestations\/multitailles\/800x600_66447-ch_est_2_grde_vad.jpg"},"640x480":{"url":"https:\/\/www.sja73.com\/medias\/images\/prestations\/multitailles\/640x480_66447-ch_est_2_grde_vad.jpg"},"320x240":{"url":"https:\/\/www.sja73.com\/medias\/images\/prestations\/multitailles\/320x240_66447-ch_est_2_grde_vad.jpg"},"160x120":{"url":"https:\/\/www.sja73.com\/medias\/images\/prestations\/multitailles\/160x120_66447-ch_est_2_grde_vad.jpg"},"origine":{"url":"https:\/\/www.sja73.com\/medias\/images\/prestations\/66447-ch_est_2_grde_vad.jpg"}},"urlLien":"","typeLien":"","nofollow":"N","copyright":"Arvina"},{"url":"https:\/\/www.sja73.com\/medias\/images\/prestations\/66448-ch_est_grde_vad.jpg","chemin":"..\/medias\/images\/prestations\/66448-ch_est_grde_vad.jpg","libelle":"Chambre","extension":"jpg","categorie":"","largeur":2464,"theme":"","hauteur":1632,"type":"Image","origine":"","liaisonPave":"","langue":"","id":"66448","urlVignette":"https:\/\/www.sja73.com\/medias\/images\/prestations\/v-66448-ch_est_grde_vad.jpg","alt":"Chambre","title":"Chambre - &copy Arvina","MultiTaille":{"1920x1440":{"url":"https:\/\/www.sja73.com\/medias\/images\/prestations\/multitailles\/1920x1440_66448-ch_est_grde_vad.jpg"},"1200x900":{"url":"https:\/\/www.sja73.com\/medias\/images\/prestations\/multitailles\/1200x900_66448-ch_est_grde_vad.jpg"},"800x600":{"url":"https:\/\/www.sja73.com\/medias\/images\/prestations\/multitailles\/800x600_66448-ch_est_grde_vad.jpg"},"640x480":{"url":"https:\/\/www.sja73.com\/medias\/images\/prestations\/multitailles\/640x480_66448-ch_est_grde_vad.jpg"},"320x240":{"url":"https:\/\/www.sja73.com\/medias\/images\/prestations\/multitailles\/320x240_66448-ch_est_grde_vad.jpg"},"160x120":{"url":"https:\/\/www.sja73.com\/medias\/images\/prestations\/multitailles\/160x120_66448-ch_est_grde_vad.jpg"},"origine":{"url":"https:\/\/www.sja73.com\/medias\/images\/prestations\/66448-ch_est_grde_vad.jpg"}},"urlLien":"","typeLien":"","nofollow":"N","copyright":"Arvina"},{"url":"https:\/\/www.sja73.com\/medias\/images\/prestations\/66449-cuisine_grde_vad.jpg","chemin":"..\/medias\/images\/prestations\/66449-cuisine_grde_vad.jpg","libelle":"Cuisine","extension":"jpg","categorie":"","largeur":2464,"theme":"","hauteur":1632,"type":"Image","origine":"","liaisonPave":"","langue":"","id":"66449","urlVignette":"https:\/\/www.sja73.com\/medias\/images\/prestations\/v-66449-cuisine_grde_vad.jpg","alt":"Cuisine","title":"Cuisine - &copy Arvina","MultiTaille":{"1920x1440":{"url":"https:\/\/www.sja73.com\/medias\/images\/prestations\/multitailles\/1920x1440_66449-cuisine_grde_vad.jpg"},"1200x900":{"url":"https:\/\/www.sja73.com\/medias\/images\/prestations\/multitailles\/1200x900_66449-cuisine_grde_vad.jpg"},"800x600":{"url":"https:\/\/www.sja73.com\/medias\/images\/prestations\/multitailles\/800x600_66449-cuisine_grde_vad.jpg"},"640x480":{"url":"https:\/\/www.sja73.com\/medias\/images\/prestations\/multitailles\/640x480_66449-cuisine_grde_vad.jpg"},"320x240":{"url":"https:\/\/www.sja73.com\/medias\/images\/prestations\/multitailles\/320x240_66449-cuisine_grde_vad.jpg"},"160x120":{"url":"https:\/\/www.sja73.com\/medias\/images\/prestations\/multitailles\/160x120_66449-cuisine_grde_vad.jpg"},"origine":{"url":"https:\/\/www.sja73.com\/medias\/images\/prestations\/66449-cuisine_grde_vad.jpg"}},"urlLien":"","typeLien":"","nofollow":"N","copyright":"Arvina"},{"url":"https:\/\/www.sja73.com\/medias\/images\/prestations\/66450-ch_ouest_grde_vad.jpg","chemin":"..\/medias\/images\/prestations\/66450-ch_ouest_grde_vad.jpg","libelle":"Chambre","extension":"jpg","categorie":"","largeur":2464,"theme":"","hauteur":1632,"type":"Image","origine":"","liaisonPave":"","langue":"","id":"66450","urlVignette":"https:\/\/www.sja73.com\/medias\/images\/prestations\/v-66450-ch_ouest_grde_vad.jpg","alt":"Chambre","title":"Chambre - &copy Arvina","MultiTaille":{"1920x1440":{"url":"https:\/\/www.sja73.com\/medias\/images\/prestations\/multitailles\/1920x1440_66450-ch_ouest_grde_vad.jpg"},"1200x900":{"url":"https:\/\/www.sja73.com\/medias\/images\/prestations\/multitailles\/1200x900_66450-ch_ouest_grde_vad.jpg"},"800x600":{"url":"https:\/\/www.sja73.com\/medias\/images\/prestations\/multitailles\/800x600_66450-ch_ouest_grde_vad.jpg"},"640x480":{"url":"https:\/\/www.sja73.com\/medias\/images\/prestations\/multitailles\/640x480_66450-ch_ouest_grde_vad.jpg"},"320x240":{"url":"https:\/\/www.sja73.com\/medias\/images\/prestations\/multitailles\/320x240_66450-ch_ouest_grde_vad.jpg"},"160x120":{"url":"https:\/\/www.sja73.com\/medias\/images\/prestations\/multitailles\/160x120_66450-ch_ouest_grde_vad.jpg"},"origine":{"url":"https:\/\/www.sja73.com\/medias\/images\/prestations\/66450-ch_ouest_grde_vad.jpg"}},"urlLien":"","typeLien":"","nofollow":"N","copyright":"Arvina"},{"url":"https:\/\/www.sja73.com\/medias\/images\/prestations\/66451-ch_sud_grde_vad.jpg","chemin":"..\/medias\/images\/prestations\/66451-ch_sud_grde_vad.jpg","libelle":"Chambre","extension":"jpg","categorie":"","largeur":2464,"theme":"","hauteur":1632,"type":"Image","origine":"","liaisonPave":"","langue":"","id":"66451","urlVignette":"https:\/\/www.sja73.com\/medias\/images\/prestations\/v-66451-ch_sud_grde_vad.jpg","alt":"Chambre","title":"Chambre - &copy Arvina","MultiTaille":{"1920x1440":{"url":"https:\/\/www.sja73.com\/medias\/images\/prestations\/multitailles\/1920x1440_66451-ch_sud_grde_vad.jpg"},"1200x900":{"url":"https:\/\/www.sja73.com\/medias\/images\/prestations\/multitailles\/1200x900_66451-ch_sud_grde_vad.jpg"},"800x600":{"url":"https:\/\/www.sja73.com\/medias\/images\/prestations\/multitailles\/800x600_66451-ch_sud_grde_vad.jpg"},"640x480":{"url":"https:\/\/www.sja73.com\/medias\/images\/prestations\/multitailles\/640x480_66451-ch_sud_grde_vad.jpg"},"320x240":{"url":"https:\/\/www.sja73.com\/medias\/images\/prestations\/multitailles\/320x240_66451-ch_sud_grde_vad.jpg"},"160x120":{"url":"https:\/\/www.sja73.com\/medias\/images\/prestations\/multitailles\/160x120_66451-ch_sud_grde_vad.jpg"},"origine":{"url":"https:\/\/www.sja73.com\/medias\/images\/prestations\/66451-ch_sud_grde_vad.jpg"}},"urlLien":"","typeLien":"","nofollow":"N","copyright":"Arvina"},{"url":"https:\/\/www.sja73.com\/medias\/images\/prestations\/66452-chmezza_grde_vad.jpg","chemin":"..\/medias\/images\/prestations\/66452-chmezza_grde_vad.jpg","libelle":"Mezzanine","extension":"jpg","categorie":"","largeur":2464,"theme":"","hauteur":1632,"type":"Image","origine":"","liaisonPave":"","langue":"","id":"66452","urlVignette":"https:\/\/www.sja73.com\/medias\/images\/prestations\/v-66452-chmezza_grde_vad.jpg","alt":"Mezzanine","title":"Mezzanine - &copy Arvina","MultiTaille":{"1920x1440":{"url":"https:\/\/www.sja73.com\/medias\/images\/prestations\/multitailles\/1920x1440_66452-chmezza_grde_vad.jpg"},"1200x900":{"url":"https:\/\/www.sja73.com\/medias\/images\/prestations\/multitailles\/1200x900_66452-chmezza_grde_vad.jpg"},"800x600":{"url":"https:\/\/www.sja73.com\/medias\/images\/prestations\/multitailles\/800x600_66452-chmezza_grde_vad.jpg"},"640x480":{"url":"https:\/\/www.sja73.com\/medias\/images\/prestations\/multitailles\/640x480_66452-chmezza_grde_vad.jpg"},"320x240":{"url":"https:\/\/www.sja73.com\/medias\/images\/prestations\/multitailles\/320x240_66452-chmezza_grde_vad.jpg"},"160x120":{"url":"https:\/\/www.sja73.com\/medias\/images\/prestations\/multitailles\/160x120_66452-chmezza_grde_vad.jpg"},"origine":{"url":"https:\/\/www.sja73.com\/medias\/images\/prestations\/66452-chmezza_grde_vad.jpg"}},"urlLien":"","typeLien":"","nofollow":"N","copyright":"Arvina"},{"url":"https:\/\/www.sja73.com\/medias\/images\/prestations\/66453-deco_grde_vad.jpg","chemin":"..\/medias\/images\/prestations\/66453-deco_grde_vad.jpg","libelle":"D\u00e9co","extension":"jpg","categorie":"","largeur":2464,"theme":"","hauteur":1632,"type":"Image","origine":"","liaisonPave":"","langue":"","id":"66453","urlVignette":"https:\/\/www.sja73.com\/medias\/images\/prestations\/v-66453-deco_grde_vad.jpg","alt":"D\u00e9co","title":"D\u00e9co - &copy Arvina","MultiTaille":{"1920x1440":{"url":"https:\/\/www.sja73.com\/medias\/images\/prestations\/multitailles\/1920x1440_66453-deco_grde_vad.jpg"},"1200x900":{"url":"https:\/\/www.sja73.com\/medias\/images\/prestations\/multitailles\/1200x900_66453-deco_grde_vad.jpg"},"800x600":{"url":"https:\/\/www.sja73.com\/medias\/images\/prestations\/multitailles\/800x600_66453-deco_grde_vad.jpg"},"640x480":{"url":"https:\/\/www.sja73.com\/medias\/images\/prestations\/multitailles\/640x480_66453-deco_grde_vad.jpg"},"320x240":{"url":"https:\/\/www.sja73.com\/medias\/images\/prestations\/multitailles\/320x240_66453-deco_grde_vad.jpg"},"160x120":{"url":"https:\/\/www.sja73.com\/medias\/images\/prestations\/multitailles\/160x120_66453-deco_grde_vad.jpg"},"origine":{"url":"https:\/\/www.sja73.com\/medias\/images\/prestations\/66453-deco_grde_vad.jpg"}},"urlLien":"","typeLien":"","nofollow":"N","copyright":"Arvina"},{"url":"https:\/\/www.sja73.com\/medias\/images\/prestations\/66454-deco_lampe_grde_vad.jpg","chemin":"..\/medias\/images\/prestations\/66454-deco_lampe_grde_vad.jpg","libelle":"Lampe","extension":"jpg","categorie":"","largeur":2464,"theme":"","hauteur":1632,"type":"Image","origine":"","liaisonPave":"","langue":"","id":"66454","urlVignette":"https:\/\/www.sja73.com\/medias\/images\/prestations\/v-66454-deco_lampe_grde_vad.jpg","alt":"Lampe","title":"Lampe - &copy Arvina","MultiTaille":{"1920x1440":{"url":"https:\/\/www.sja73.com\/medias\/images\/prestations\/multitailles\/1920x1440_66454-deco_lampe_grde_vad.jpg"},"1200x900":{"url":"https:\/\/www.sja73.com\/medias\/images\/prestations\/multitailles\/1200x900_66454-deco_lampe_grde_vad.jpg"},"800x600":{"url":"https:\/\/www.sja73.com\/medias\/images\/prestations\/multitailles\/800x600_66454-deco_lampe_grde_vad.jpg"},"640x480":{"url":"https:\/\/www.sja73.com\/medias\/images\/prestations\/multitailles\/640x480_66454-deco_lampe_grde_vad.jpg"},"320x240":{"url":"https:\/\/www.sja73.com\/medias\/images\/prestations\/multitailles\/320x240_66454-deco_lampe_grde_vad.jpg"},"160x120":{"url":"https:\/\/www.sja73.com\/medias\/images\/prestations\/multitailles\/160x120_66454-deco_lampe_grde_vad.jpg"},"origine":{"url":"https:\/\/www.sja73.com\/medias\/images\/prestations\/66454-deco_lampe_grde_vad.jpg"}},"urlLien":"","typeLien":"","nofollow":"N","copyright":"Arvina"},{"url":"https:\/\/www.sja73.com\/medias\/images\/prestations\/66455-salon_2_grde_vad.jpg","chemin":"..\/medias\/images\/prestations\/66455-salon_2_grde_vad.jpg","libelle":"Salon","extension":"jpg","categorie":"","largeur":679,"theme":"","hauteur":1024,"type":"Image","origine":"","liaisonPave":"","langue":"","id":"66455","urlVignette":"https:\/\/www.sja73.com\/medias\/images\/prestations\/v-66455-salon_2_grde_vad.jpg","alt":"Salon","title":"Salon - &copy Arvina","MultiTaille":{"1920x1440":{"url":"https:\/\/www.sja73.com\/medias\/images\/prestations\/multitailles\/1920x1440_66455-salon_2_grde_vad.jpg"},"1200x900":{"url":"https:\/\/www.sja73.com\/medias\/images\/prestations\/multitailles\/1200x900_66455-salon_2_grde_vad.jpg"},"800x600":{"url":"https:\/\/www.sja73.com\/medias\/images\/prestations\/multitailles\/800x600_66455-salon_2_grde_vad.jpg"},"640x480":{"url":"https:\/\/www.sja73.com\/medias\/images\/prestations\/multitailles\/640x480_66455-salon_2_grde_vad.jpg"},"320x240":{"url":"https:\/\/www.sja73.com\/medias\/images\/prestations\/multitailles\/320x240_66455-salon_2_grde_vad.jpg"},"160x120":{"url":"https:\/\/www.sja73.com\/medias\/images\/prestations\/multitailles\/160x120_66455-salon_2_grde_vad.jpg"},"origine":{"url":"https:\/\/www.sja73.com\/medias\/images\/prestations\/66455-salon_2_grde_vad.jpg"}},"urlLien":"","typeLien":"","nofollow":"N","copyright":"Arvina"},{"url":"https:\/\/www.sja73.com\/medias\/images\/prestations\/66456-sdb_e_grde_vad.jpg","chemin":"..\/medias\/images\/prestations\/66456-sdb_e_grde_vad.jpg","libelle":"Salle de Bains","extension":"jpg","categorie":"","largeur":2464,"theme":"","hauteur":1632,"type":"Image","origine":"","liaisonPave":"","langue":"","id":"66456","urlVignette":"https:\/\/www.sja73.com\/medias\/images\/prestations\/v-66456-sdb_e_grde_vad.jpg","alt":"Salle de Bains","title":"Salle de Bains - &copy Arvina","MultiTaille":{"1920x1440":{"url":"https:\/\/www.sja73.com\/medias\/images\/prestations\/multitailles\/1920x1440_66456-sdb_e_grde_vad.jpg"},"1200x900":{"url":"https:\/\/www.sja73.com\/medias\/images\/prestations\/multitailles\/1200x900_66456-sdb_e_grde_vad.jpg"},"800x600":{"url":"https:\/\/www.sja73.com\/medias\/images\/prestations\/multitailles\/800x600_66456-sdb_e_grde_vad.jpg"},"640x480":{"url":"https:\/\/www.sja73.com\/medias\/images\/prestations\/multitailles\/640x480_66456-sdb_e_grde_vad.jpg"},"320x240":{"url":"https:\/\/www.sja73.com\/medias\/images\/prestations\/multitailles\/320x240_66456-sdb_e_grde_vad.jpg"},"160x120":{"url":"https:\/\/www.sja73.com\/medias\/images\/prestations\/multitailles\/160x120_66456-sdb_e_grde_vad.jpg"},"origine":{"url":"https:\/\/www.sja73.com\/medias\/images\/prestations\/66456-sdb_e_grde_vad.jpg"}},"urlLien":"","typeLien":"","nofollow":"N","copyright":"Arvina"},{"url":"https:\/\/www.sja73.com\/medias\/images\/prestations\/66457-sdb_o_grde_vad.jpg","chemin":"..\/medias\/images\/prestations\/66457-sdb_o_grde_vad.jpg","libelle":"Lavabo","extension":"jpg","categorie":"","largeur":2464,"theme":"","hauteur":1632,"type":"Image","origine":"","liaisonPave":"","langue":"","id":"66457","urlVignette":"https:\/\/www.sja73.com\/medias\/images\/prestations\/v-66457-sdb_o_grde_vad.jpg","alt":"Lavabo","title":"Lavabo - &copy Arvina","MultiTaille":{"1920x1440":{"url":"https:\/\/www.sja73.com\/medias\/images\/prestations\/multitailles\/1920x1440_66457-sdb_o_grde_vad.jpg"},"1200x900":{"url":"https:\/\/www.sja73.com\/medias\/images\/prestations\/multitailles\/1200x900_66457-sdb_o_grde_vad.jpg"},"800x600":{"url":"https:\/\/www.sja73.com\/medias\/images\/prestations\/multitailles\/800x600_66457-sdb_o_grde_vad.jpg"},"640x480":{"url":"https:\/\/www.sja73.com\/medias\/images\/prestations\/multitailles\/640x480_66457-sdb_o_grde_vad.jpg"},"320x240":{"url":"https:\/\/www.sja73.com\/medias\/images\/prestations\/multitailles\/320x240_66457-sdb_o_grde_vad.jpg"},"160x120":{"url":"https:\/\/www.sja73.com\/medias\/images\/prestations\/multitailles\/160x120_66457-sdb_o_grde_vad.jpg"},"origine":{"url":"https:\/\/www.sja73.com\/medias\/images\/prestations\/66457-sdb_o_grde_vad.jpg"}},"urlLien":"","typeLien":"","nofollow":"N","copyright":"Arvina"},{"url":"https:\/\/www.sja73.com\/medias\/images\/prestations\/66458-tabouret_deco_grde_vad.jpg","chemin":"..\/medias\/images\/prestations\/66458-tabouret_deco_grde_vad.jpg","libelle":"Tabouret","extension":"jpg","categorie":"","largeur":2464,"theme":"","hauteur":1551,"type":"Image","origine":"","liaisonPave":"","langue":"","id":"66458","urlVignette":"https:\/\/www.sja73.com\/medias\/images\/prestations\/v-66458-tabouret_deco_grde_vad.jpg","alt":"Tabouret","title":"Tabouret - &copy Arvina","MultiTaille":{"1920x1440":{"url":"https:\/\/www.sja73.com\/medias\/images\/prestations\/multitailles\/1920x1440_66458-tabouret_deco_grde_vad.jpg"},"1200x900":{"url":"https:\/\/www.sja73.com\/medias\/images\/prestations\/multitailles\/1200x900_66458-tabouret_deco_grde_vad.jpg"},"800x600":{"url":"https:\/\/www.sja73.com\/medias\/images\/prestations\/multitailles\/800x600_66458-tabouret_deco_grde_vad.jpg"},"640x480":{"url":"https:\/\/www.sja73.com\/medias\/images\/prestations\/multitailles\/640x480_66458-tabouret_deco_grde_vad.jpg"},"320x240":{"url":"https:\/\/www.sja73.com\/medias\/images\/prestations\/multitailles\/320x240_66458-tabouret_deco_grde_vad.jpg"},"160x120":{"url":"https:\/\/www.sja73.com\/medias\/images\/prestations\/multitailles\/160x120_66458-tabouret_deco_grde_vad.jpg"},"origine":{"url":"https:\/\/www.sja73.com\/medias\/images\/prestations\/66458-tabouret_deco_grde_vad.jpg"}},"urlLien":"","typeLien":"","nofollow":"N","copyright":"Arvina"},{"url":"https:\/\/www.sja73.com\/medias\/images\/prestations\/66460-vue_sejour_grde_vad.jpg","chemin":"..\/medias\/images\/prestations\/66460-vue_sejour_grde_vad.jpg","libelle":"S\u00e9jour","extension":"jpg","categorie":"","largeur":2464,"theme":"ETE","hauteur":1632,"type":"Image","origine":"","liaisonPave":"","langue":"","id":"66460","urlVignette":"https:\/\/www.sja73.com\/medias\/images\/prestations\/v-66460-vue_sejour_grde_vad.jpg","alt":"S\u00e9jour","title":"S\u00e9jour - &copy Arvina","MultiTaille":{"1920x1440":{"url":"https:\/\/www.sja73.com\/medias\/images\/prestations\/multitailles\/1920x1440_66460-vue_sejour_grde_vad.jpg"},"1200x900":{"url":"https:\/\/www.sja73.com\/medias\/images\/prestations\/multitailles\/1200x900_66460-vue_sejour_grde_vad.jpg"},"800x600":{"url":"https:\/\/www.sja73.com\/medias\/images\/prestations\/multitailles\/800x600_66460-vue_sejour_grde_vad.jpg"},"640x480":{"url":"https:\/\/www.sja73.com\/medias\/images\/prestations\/multitailles\/640x480_66460-vue_sejour_grde_vad.jpg"},"320x240":{"url":"https:\/\/www.sja73.com\/medias\/images\/prestations\/multitailles\/320x240_66460-vue_sejour_grde_vad.jpg"},"160x120":{"url":"https:\/\/www.sja73.com\/medias\/images\/prestations\/multitailles\/160x120_66460-vue_sejour_grde_vad.jpg"},"origine":{"url":"https:\/\/www.sja73.com\/medias\/images\/prestations\/66460-vue_sejour_grde_vad.jpg"}},"urlLien":"","typeLien":"","nofollow":"N","copyright":"Arvina"},{"url":"https:\/\/www.sja73.com\/medias\/images\/prestations\/66459-vue_balcon_grde_vad.jpg","chemin":"..\/medias\/images\/prestations\/66459-vue_balcon_grde_vad.jpg","libelle":"Vue Hiver","extension":"jpg","categorie":"","largeur":703,"theme":"HIVER","hauteur":571,"type":"Image","origine":"","liaisonPave":"","langue":"","id":"66459","urlVignette":"https:\/\/www.sja73.com\/medias\/images\/prestations\/v-66459-vue_balcon_grde_vad.jpg","alt":"Vue Hiver","title":"Vue Hiver - &copy Arvina","MultiTaille":{"1920x1440":{"url":"https:\/\/www.sja73.com\/medias\/images\/prestations\/multitailles\/1920x1440_66459-vue_balcon_grde_vad.jpg"},"1200x900":{"url":"https:\/\/www.sja73.com\/medias\/images\/prestations\/multitailles\/1200x900_66459-vue_balcon_grde_vad.jpg"},"800x600":{"url":"https:\/\/www.sja73.com\/medias\/images\/prestations\/multitailles\/800x600_66459-vue_balcon_grde_vad.jpg"},"640x480":{"url":"https:\/\/www.sja73.com\/medias\/images\/prestations\/multitailles\/640x480_66459-vue_balcon_grde_vad.jpg"},"320x240":{"url":"https:\/\/www.sja73.com\/medias\/images\/prestations\/multitailles\/320x240_66459-vue_balcon_grde_vad.jpg"},"160x120":{"url":"https:\/\/www.sja73.com\/medias\/images\/prestations\/multitailles\/160x120_66459-vue_balcon_grde_vad.jpg"},"origine":{"url":"https:\/\/www.sja73.com\/medias\/images\/prestations\/66459-vue_balcon_grde_vad.jpg"}},"urlLien":"","typeLien":"","nofollow":"N","copyright":"Arvina"}]}},"DateDebPublication":"","DateFinPublication":"","PrixAPartirDe":"","PrixPour":"","FicheListeEnCours":"fiche_liste_locations_meublees_prestation_v2","ParametresModele":{"AfficherPhotos":"1","NbPhotosMax":6,"AfficherReserver":"1","AfficherContact":"1","AfficherSalle":1,"AfficherZoneGeo":0,"AfficherEnSavoirPlus":"1","AfficherUneSeuleOuverture":0,"AfficherContactCarte":"0","AfficherTarifsChaudAPartirDe":0,"AfficherTarifChaudSansRecherche":0,"AffichageCoordonnees":"Adresse-\u003ELigneAdresse1|Adresse-\u003ELigneAdresse2|Adresse-\u003ELigneAdresse3","AffichageLienPrestation":"R","AfficherDispoResa":"1","AfficherLiensCarnetVoyage":"1","BlocCritereInfo":{"critere1":{"libelle":"","liste_critere":["classementPrefectoral|G","labels|3585|G","labels|3614|G","labels|3586|G"]},"critere2":{"libelle":"","liste_critere":["25|G"]},"critere3":{"libelle":""},"critere4":{"libelle":""},"critere5":{"libelle":"","liste_critere":["GEQUIPSERV|G"]},"critere6":{"libelle":"","liste_critere":["typesHabitation|G"]},"critere7":{"libelle":"","liste_critere":["capacite|nombreChambres|G","capacite|surface|G","capacite|capaciteHebergement|G"]},"critere8":{"libelle":""},"afficherpictoetpaslibelle":"1"},"BlocPaveInfo":{"texte1":{"pave":["1","10","18"],"longeurmax":"255","afficherLibelle":"0","garderHtml":"0"}},"Criteres":"AFFICHAGESITE[ADHERENTOUICOMPLET","CriteresComportementResa":"CINTSITRA[11533","PositionBloc":"GALLERIE|NOM|ADRESSE|ZONEPRINCIPALFICHEPRESTA|DESCRIPTIF|URL|PICTOSOUSPHOTOS|CARNET_VOYAGE","TypePrestataire":"G","ComportementResa":true,"ComportementDispo":false},"AffichageCoordonnees":{"Adresse-LigneAdresse1":"Chalet Arvina","Adresse-LigneAdresse2":"667 route de la Chal"},"Coordonnees":{"Ville":"Saint-Jean-d'Arves"},"ContexteId":"PRESTATION|G|914427|444982","ContexteIdHtml":"PRESTATION-G-914427-444982","cleContexte":"G|914427|444982","Bloc":{"texte1":"Appartement chalet class\u00e9 3 \u00e9toiles, 12 pers, 110\u202fm\u00b2, plein sud au hameau de La\u202fChal, centre station \u00e0 200\u202fm des pistes, vue montagne spectaculaire.","texte3":"","critere1":{"libelle":"","contenu":{"classementPrefectoral":{"libelle":"Classement pr\u00e9fectoral","contenu":{"2":"\u003Cimg src=\"https:\/\/www.sja73.com\/medias\/images\/picto\/classementPrefectoral-2629-G.png\"  alt=\"3 \u00e9toiles\" title=\"3 \u00e9toiles\" \/\u003E"},"codesValeurs":{"2":"classementPrefectoral|2629|G"},"criteres_datas":{"valeurs":{"2":{"2629":{"descriptif":""}}}}}}},"critere2":{"libelle":"","contenu":{"25":{"libelle":"Situation","contenu":{"2":"A proximit\u00e9 propri\u00e9taire"},"codesValeurs":{"2":"25|604|G"},"criteres_datas":{"valeurs":{"2":{"604":{"descriptif":""}}}}}}},"critere3":{"libelle":"","contenu":[]},"critere4":{"libelle":"","contenu":[]},"critere5":{"libelle":"","contenu":{"GEQUIPSERV":{"libelle":"\u00c9quipements & Services","contenu":{"2":"\u003Cimg src=\"https:\/\/www.sja73.com\/medias\/images\/picto\/GEQUIPSERV-GWIFIINTERNET-G.png\"  alt=\"WiFi, Internet\" title=\"WiFi, Internet\" \/\u003E","3":"\u003Cimg src=\"https:\/\/www.sja73.com\/medias\/images\/picto\/GEQUIPSERV-TV-G.png\"  alt=\"T\u00e9l\u00e9vision\" title=\"T\u00e9l\u00e9vision\" \/\u003E","4":"\u003Cimg src=\"https:\/\/www.sja73.com\/medias\/images\/picto\/GEQUIPSERV-GEQUIPBEBE-G.png\"  alt=\"\u00c9quipements b\u00e9b\u00e9\" title=\"\u00c9quipements b\u00e9b\u00e9\" \/\u003E","5":"\u003Cimg src=\"https:\/\/www.sja73.com\/medias\/images\/picto\/GEQUIPSERV-GPARKINGGARAGE-G.png\"  alt=\"Parking, garage\" title=\"Parking, garage\" \/\u003E","6":"\u003Cimg src=\"https:\/\/www.sja73.com\/medias\/images\/picto\/GEQUIPSERV-GJARDINBALCONTER-G.png\"  alt=\"Jardin, balcon, terrasse\" title=\"Jardin, balcon, terrasse\" \/\u003E","11":"\u003Cimg src=\"https:\/\/www.sja73.com\/medias\/images\/picto\/GEQUIPSERV-GLAVELINGE-G.png\"  alt=\"Lave linge\" title=\"Lave linge\" \/\u003E","12":"\u003Cimg src=\"https:\/\/www.sja73.com\/medias\/images\/picto\/GEQUIPSERV-GLAVEVAISSELLE-G.png\"  alt=\"Lave Vaisselle\" title=\"Lave Vaisselle\" \/\u003E","13":"\u003Cimg src=\"https:\/\/www.sja73.com\/medias\/images\/picto\/GEQUIPSERV-GLOCALSKI-G.png\"  alt=\"Local \u00e0 ski\" title=\"Local \u00e0 ski\" \/\u003E","14":"\u003Cimg src=\"https:\/\/www.sja73.com\/medias\/images\/picto\/GEQUIPSERV-GLOCALVELOS-G.png\"  alt=\"Local \u00e0 v\u00e9los\" title=\"Local \u00e0 v\u00e9los\" \/\u003E"},"codesValeurs":{"2":"GEQUIPSERV|GWIFIINTERNET|G","4":"GEQUIPSERV|GEQUIPBEBE|G","5":"GEQUIPSERV|GPARKINGGARAGE|G","6":"GEQUIPSERV|GJARDINBALCONTER|G","11":"GEQUIPSERV|GLAVELINGE|G","12":"GEQUIPSERV|GLAVEVAISSELLE|G","13":"GEQUIPSERV|GLOCALSKI|G","14":"GEQUIPSERV|GLOCALVELOS|G","3":"GEQUIPSERV|TV|G"},"criteres_datas":{"valeurs":{"2":{"GWIFIINTERNET":{"descriptif":""}},"4":{"GEQUIPBEBE":{"descriptif":""}},"5":{"GPARKINGGARAGE":{"descriptif":""}},"6":{"GJARDINBALCONTER":{"descriptif":""}},"11":{"GLAVELINGE":{"descriptif":""}},"12":{"GLAVEVAISSELLE":{"descriptif":""}},"13":{"GLOCALSKI":{"descriptif":""}},"14":{"GLOCALVELOS":{"descriptif":""}},"3":{"TV":{"descriptif":""}}}}}}},"critere6":{"libelle":"","contenu":[]},"critere7":{"libelle":"","contenu":{"capacite":{"libelle":"Capacit\u00e9","contenu":{"1":"\u003Cspan class=\"quantite\"\u003E12\u003C\/span\u003E \u003Cspan class=\"libelle\"\u003Epersonnes\u003C\/span\u003E","2":"\u003Cspan class=\"quantite\"\u003E110\u003C\/span\u003E \u003Cspan class=\"libelle\"\u003Em\u00b2\u003C\/span\u003E","3":"\u003Cspan class=\"quantite\"\u003E3\u003C\/span\u003E \u003Cspan class=\"libelle\"\u003Echambre(s)\u003C\/span\u003E"},"codesValeurs":{"3":"capacite|nombreChambres|G","2":"capacite|surface|G","1":"capacite|capaciteHebergement|G"},"criteres_datas":{"valeurs":{"3":{"nombreChambres":{"descriptif":""}},"2":{"surface":{"descriptif":""}},"1":{"capaciteHebergement":{"descriptif":""}}}}}}},"critere8":{"libelle":"","contenu":[]},"critere9":{"libelle":"","contenu":[]}},"LocalisationGps":{"Latitude":"45.214086","Longitude":"6.263702"},"libelleDuPrestataire":"","vuePrestataire":{"pave1":{"libelle":"","contenu":""},"pave2":{"libelle":"","contenu":""},"pave3":{"libelle":"","contenu":""},"pave4":{"libelle":"","contenu":""},"pave5":{"libelle":"","contenu":""},"pave6":{"libelle":"","contenu":""},"pave7":{"libelle":"","contenu":""},"pave8":{"libelle":"","contenu":""},"pave9":{"libelle":"","contenu":""},"pave10":{"libelle":"","contenu":""},"pave11":{"libelle":"","contenu":""},"pave12":{"libelle":"","contenu":""},"pave13":{"libelle":"","contenu":""},"pave14":{"libelle":"","contenu":""},"pave15":{"libelle":"","contenu":""},"pave16":{"libelle":"","contenu":""},"pave17":{"libelle":"","contenu":""},"pave18":{"libelle":"","contenu":""},"pave19":{"libelle":"","contenu":""},"pave20":{"libelle":"","contenu":""},"pave21":{"libelle":"","contenu":""},"pave22":{"libelle":"","contenu":""},"pave23":{"libelle":"","contenu":""},"pave24":{"libelle":"","contenu":""},"pave25":{"libelle":"","contenu":""},"ContactsParType":{"GEST":{"48291":{"id_contact":"48291","type_contact":"GEST","categorie_contact":"PRESTATAIRE","societe_contact":"","fonction_contact":"","civilite_nom_prenom_contact":"SARL FJM ","adresse1_contact":"Chalet Arvina","adresse2_contact":"La Chal","adresse3_contact":"","cpostal_contact":"73530","ville_contact":"Saint-Jean-d'Arves","teldom_contact":"0033 (0)4 79 56 38 09","telbur_contact":"0033 (0)7 89 01 43 43","fax_contact":"","portable_contact":"","email_contact":"chalet.arvina@orange.fr","siteweb_contact":"http:\/\/www.chaletarvina.com","commentaire_contact":"","langue_contact":"","autre_moyen_com":[]},"48293":{"id_contact":"48293","type_contact":"GEST","categorie_contact":"PRESTATAIRE","societe_contact":"","fonction_contact":"","civilite_nom_prenom_contact":"SARL FJM ","adresse1_contact":"Chalet Arvina","adresse2_contact":"La Chal","adresse3_contact":"","cpostal_contact":"73530","ville_contact":"Saint-Jean-d'Arves","teldom_contact":"0033 (0)4 79 56 38 09","telbur_contact":"0033 (0)7 89 01 43 43","fax_contact":"","portable_contact":"","email_contact":"chalet.arvina@orange.fr","siteweb_contact":"http:\/\/www.chaletarvina.com","commentaire_contact":"","langue_contact":"","autre_moyen_com":[]},"48295":{"id_contact":"48295","type_contact":"GEST","categorie_contact":"PRESTATAIRE","societe_contact":"","fonction_contact":"","civilite_nom_prenom_contact":"SARL FJM ","adresse1_contact":"Chalet Arvina","adresse2_contact":"La Chal","adresse3_contact":"","cpostal_contact":"73530","ville_contact":"Saint-Jean-d'Arves","teldom_contact":"0033 (0)4 79 56 38 09","telbur_contact":"0033 (0)7 89 01 43 43","fax_contact":"","portable_contact":"","email_contact":"chalet.arvina@orange.fr","siteweb_contact":"http:\/\/www.chaletarvina.com","commentaire_contact":"","langue_contact":"","autre_moyen_com":[]},"48297":{"id_contact":"48297","type_contact":"GEST","categorie_contact":"PRESTATAIRE","societe_contact":"","fonction_contact":"","civilite_nom_prenom_contact":"SARL FJM ","adresse1_contact":"Chalet Arvina","adresse2_contact":"La Chal","adresse3_contact":"","cpostal_contact":"73530","ville_contact":"Saint-Jean-d'Arves","teldom_contact":"0033 (0)4 79 56 38 09","telbur_contact":"0033 (0)7 89 01 43 43","fax_contact":"","portable_contact":"","email_contact":"chalet.arvina@orange.fr","siteweb_contact":"http:\/\/www.chaletarvina.com","commentaire_contact":"","langue_contact":"","autre_moyen_com":[]},"48299":{"id_contact":"48299","type_contact":"GEST","categorie_contact":"PRESTATAIRE","societe_contact":"","fonction_contact":"","civilite_nom_prenom_contact":"SARL FJM ","adresse1_contact":"Chalet Arvina","adresse2_contact":"La Chal","adresse3_contact":"","cpostal_contact":"73530","ville_contact":"Saint-Jean-d'Arves","teldom_contact":"0033 (0)4 79 56 38 09","telbur_contact":"0033 (0)7 89 01 43 43","fax_contact":"","portable_contact":"","email_contact":"chalet.arvina@orange.fr","siteweb_contact":"http:\/\/www.chaletarvina.com","commentaire_contact":"","langue_contact":"","autre_moyen_com":[]},"48301":{"id_contact":"48301","type_contact":"GEST","categorie_contact":"PRESTATAIRE","societe_contact":"","fonction_contact":"","civilite_nom_prenom_contact":"SARL FJM ","adresse1_contact":"Chalet Arvina","adresse2_contact":"La Chal","adresse3_contact":"","cpostal_contact":"73530","ville_contact":"Saint-Jean-d'Arves","teldom_contact":"0033 (0)4 79 56 38 09","telbur_contact":"0033 (0)7 89 01 43 43","fax_contact":"","portable_contact":"","email_contact":"chalet.arvina@orange.fr","siteweb_contact":"http:\/\/www.chaletarvina.com","commentaire_contact":"","langue_contact":"","autre_moyen_com":[]},"48303":{"id_contact":"48303","type_contact":"GEST","categorie_contact":"PRESTATAIRE","societe_contact":"","fonction_contact":"","civilite_nom_prenom_contact":"SARL FJM ","adresse1_contact":"Chalet Arvina","adresse2_contact":"La Chal","adresse3_contact":"","cpostal_contact":"73530","ville_contact":"Saint-Jean-d'Arves","teldom_contact":"0033 (0)4 79 56 38 09","telbur_contact":"0033 (0)7 89 01 43 43","fax_contact":"","portable_contact":"","email_contact":"chalet.arvina@orange.fr","siteweb_contact":"http:\/\/www.chaletarvina.com","commentaire_contact":"","langue_contact":"","autre_moyen_com":[]}}},"Libelle":"SARL FJM","Nom":"SARL FJM ","Prenom":"","NomPrenom":"SARL FJM  ","CiviliteNomPrenom":"SARL FJM  ","Cle":"G|914427","PrestataireParent":"","ContexteStat":"PRESTATAIRE-G-914427","DateModificationIso":"2023-08-08T02:45:00+02:00","Type":"PRESTATAIRE","TypePrestataire":"G","Adresse":{"LigneAdresse1":"","LigneAdresse2":"","LigneAdresse3":"","CodePostal":"","Ville":"","Cedex":"","Etat":"","Pays":""},"Email":"chalet.arvina@orange.fr","Telephone":"0033 (0)4 79 56 38 09","TelephoneBureau":"0033 (0)7 89 01 43 43","Portable":"","SiteWeb":"http:\/\/www.chaletarvina.com","Fax":"","Id":"g-914427","Code":"G|914427","Fichier":[],"Url":"sarl-fjm.html","Localisation":{"GoogleMap":{"Latitude":"45.214131","Longitude":"6.264314"}},"ZoneGeo":"","LiensEtWidgetsParType":{"A":[{"Id":"15543","TypePrestataire":"G","CodePrestataire":"914427","CodePrestation":"","CodeLibelle":"","Type":"A","Url":"https:\/\/www.facebook.com\/chaletarvina\/?ref=bookmarks","Defaut":"N","Langue":"","Nature":"URL","Import":"SITRA2","LibelleText":"","Theme":""}]},"LiensEtWidgets":[{"Id":"15543","TypePrestataire":"G","CodePrestataire":"914427","CodePrestation":"","CodeLibelle":"","Type":"A","Url":"https:\/\/www.facebook.com\/chaletarvina\/?ref=bookmarks","Defaut":"N","Langue":"","Nature":"URL","Import":"SITRA2","LibelleText":"","Theme":""}],"Criteres":{"P.CINTSITRA[11226":"","P.CINTSITRA[11435":"","P.3220[25629":"","P.3233[60439":"","P.3233[908439":"","P.3218[60729":"","P.3219[72808":"","P.3219[126557":"","P.3227[82852":"","P.3230[323078":"","P.3230[5532377":"","P.3230[6328304":"","P.3221[344174":"","P.3221[549303":"","P.3221[596327":"","P.6241[595160":"","P.VilleSitra[30471":"","P.VillageDeDepart[30471":""},"DateFinPublication":"","AffichageCoordonnees":[]},"listeCriteres":{"GEQUIPSERV":{"GWIFIINTERNET":"","GEQUIPBEBE":"","GPARKINGGARAGE":"","GJARDINBALCONTER":"","GLAVELINGE":"","GLAVEVAISSELLE":"","GLOCALSKI":"","GLOCALVELOS":"","TV":""},"AFFICHAGESITE":{"ADHERENTOUICOMPLET":""},"DISPOORESAENLIGNE":{"RESERVABLE":""},"PSEUDOALEATOIRE":{"ADHERENTRESA":""},"GCAPACITMAX":{"12PERS":""},"GNOMBRE":{"PLUSDE10":""},"122":{"4054":"","4063":"","4055":"","803":""},"22":{"1477":"","1058":"","827":"","672":"","723":"","721":"","807":"","710":""},"126":{"1323":"","972":""},"25":{"604":""},"127":{"914":"","606":"","1064":""},"125":{"661":"","673":""},"4168":{"3889":""},"prestations":{"surchargeTourismesAdaptes":"","surchargeDescriptifHandicapMoteur":"","surchargeDescriptifHandicapAuditif":"","surchargeDescriptifHandicapVisuel":"","surchargeDescriptifHandicapMental":"","surchargeNombreFauteuilsRoulants":""},"68":{"876":"","971":"","1004":""},"69":{"847":"","1015":"","983":"","1011":"","1014":"","3694":"","4060":"","838":""},"70":{"943":"","951":"","917":"","922":"","999":"","946":"","949":"","1012":"","1010":"","997":"","5940":"","895":"","774":"","907":""},"71":{"987":"","900":""},"72":{"882":"","797":"","963":"","842":""},"73":{"902":"","973":"","977":"","796":""},"conforts":{"996":"","799":""},"languesParlees":{"1192":"","1197":""},"6528":{"169":""},"environnements":{"171":"","184":"","193":""},"114":{"418":""},"modesPaiement":{"1265":"","1268":"","1271":"","1274":"","1277":"","1281":""},"tourismeAffaires":{"tourismeAffairesEnabled":"","devise":"EUR"},"hebergementLocatifType":{"2620":""},"classementPrefectoral":{"2629":""},"5401":{"1614":""},"5403":{"1613":""},"capacite":{"capaciteHebergement":"12","capaciteMaximumPossible":"12","nombreSallesDeBain":"3","nombreWC":"3","nombreChambresEnMezzanine":"1","nombreLitsDoubles":"3","nombreLitsSimples":"7","surface":"110","nombrePieces":"5","nombreChambres":"3","nombreEtages":"2","numeroEtage":"2"},"CINTSITRA":{"10507":"","11226":"","11435":"","11533":"","4038":""},"3220":{"25629":""},"3233":{"60439":"","908439":""},"3218":{"60729":""},"3219":{"72808":"","126557":""},"3227":{"82852":""},"3230":{"323078":"","5532377":"","6328304":""},"3221":{"344174":"","549303":"","596327":""},"6241":{"595160":""},"VilleSitra":{"30471":""},"VillageDeDepart":{"30471":""},"P.CINTSITRA":{"11226":"","11435":""},"P.3220":{"25629":""},"P.3233":{"60439":"","908439":""},"P.3218":{"60729":""},"P.3219":{"72808":"","126557":""},"P.3227":{"82852":""},"P.3230":{"323078":"","5532377":"","6328304":""},"P.3221":{"344174":"","549303":"","596327":""},"P.6241":{"595160":""},"P.VilleSitra":{"30471":""},"P.VillageDeDepart":{"30471":""}},"dansCarnetVoyage":true,"Ouverture":"","WidgetDispoRechercheDate":false,"WidgetDispoVoirLienVoirToutesDispos":true,"ChargerWidgetDispoAuClic":false},"html":" \n \u003Cdiv id=\"CV-PRESTATION-G-914427-444982\" data-contexte-id=\"PRESTATION|G|914427|444982\" data-cle=\"G|914427|444982\" class=\"fiche-liste\"\u003E\n    \n\n    \u003C!-- partie photo --\u003E\n    \u003Cdiv class=\"photo\"\u003E\t\t\t\t\t\t\t\t\t\t\t\t\t\t\t\t\t\t\t\t\t\n        \u003Cdiv class=\"cadre_photo_principale\"\u003E\t\t\n        \n            \t\t\t\t\t\n                    \u003Ca href=\"chalet-arvina-la-grande-vadrouille.html?origine=carnet#media\"\u003E\n                        \u003Cimg class=\"photo_principale\" alt=\"Salon\" src=\"https:\/\/www.sja73.com\/medias\/images\/prestations\/multitailles\/320x240_66441-salon_grde_vad.jpg\" itemprop=\"image\"\u003E\n                    \u003C\/a\u003E\t\t\t\t\t\t\n                \n                    \u003C\/div\u003E\t\t\t\t\t\t\t\t\t\t\t\t\t\t\t\t\t\t\t \t\t\n    \u003C\/div\u003E\n    \n    \u003C!-- partie nom prest --\u003E\n    \u003Cdiv class=\"nom\"\u003E\n        \u003Ch2\u003EChalet Arvina -  La Grande Vadrouille\u003C\/h2\u003E\n        \n            \u003C\/div\u003E\n\n         \n    \u003C!-- partie adresse --\u003E\n    \u003Cdiv class=\"adresse\"\u003E\n    \n          \n    \u003C\/div\u003E\n    \n    \u003C!-- partie liens --\u003E\n    \u003Cdiv class=\"liens\"\u003E\n            \u003Ca class=\"btn-icon btn-view \" title=\"Voir la fiche d\u00e9taill\u00e9e\" href=\"chalet-arvina-la-grande-vadrouille.html?origine=carnet\"\u003E\u003C\/a\u003E\u003C!--\u003Ca class=\"btn-icon btn-view \" title=\"\" href=\"?origine=carnet#thaut\"\u003E\u003C\/a\u003E--\u003E\n      \u003Ca class=\"btn-icon btn-trash carnet_voyage_supprimer\" title=\"Supprimer cette fiche de mon carnet de voyage\" href=\"carnet-voyage?action=remove&fiche=G|914427|444982\"\u003E\u003C\/a\u003E\n    \u003C\/div\u003E\n\n\u003C\/div\u003E\n\n","icon":"https:\/\/static.ingenie.fr\/images\/carnetVoyageV3\/G.png"},"fiche":"G|914427|444982","popup":"\u003Cdiv id=\"bloc_popup_ajout_fiche_carnet\"\u003E\n    \u003Cdiv class=\"info_popup_ajout_fiche_carnet\"\u003E\n        Vous venez d'ajouter cet \u00e9l\u00e9ment \u00e0 votre carnet de voyage :    \u003C\/div\u003E\n    \u003Cdiv class=\"prest_popup_ajout_fiche_carnet\"\u003E\n        Chalet Arvina -  La Grande Vadrouille    \u003C\/div\u003E\n    \u003Cdiv class=\"bloc_btn_ajout_fiche_carnet form_submit_div\"\u003E\n        \u003Cinput type=\"button\" value=\"Continuer ma s\u00e9lection\" title=\"Continuer ma s\u00e9lection\" name=\"btn_close\" class=\"btn_close_popup_carnet form_submit\" onclick=\"$.colorbox.close()\" \/\u003E\n        \u003Cinput type=\"button\" value=\"Voir mon carnet de voyage\" title=\"Voir mon carnet\" name=\"btn_panier\" class=\"btn_panier_popup_carnet form_submit\" onclick=\"if(typeof CarnetVoyage != 'undefined') {CarnetVoyage.voirCarnet();}\" \/\u003E\n    \u003C\/div\u003E\n    \u003Cdiv class=\"bloc_btn_ajout_fiche_carnet\"\u003E\n        \u003Cinput type=\"checkbox\" value=\"1\" name=\"desactiver_popup\" id=\"desactiver_popup\" \/\u003E\n        \u003Clabel for=\"desactiver_popup\"\u003ENe plus afficher ce message\u003C\/label\u003E\n    \u003C\/div\u003E\n\u003C\/div\u003E","success":1}