{"nbFiches":1,"dataPrest":{"infoPrest":{"pave1":{"libelle":"Descriptif court","contenu":"Appartement chalet class\u00e9 3 \u00e9toiles, pour 4 personnes, 36\u202fm\u00b2, plein sud au hameau de La\u202fChal 1\u202f600\u202fm, centre station, \u00e0 200\u202fm des pistes, intime avec vue montagnes.","fichiers":[]},"pave2":{"libelle":"Descriptif d\u00e9taill\u00e9","contenu":"La station village de Saint Jean d'Arves est l'une des six stations reli\u00e9es au domaine skiable Les Sybelles, 1er domaine de la vall\u00e9e de la Maurienne avec 136 pistes reli\u00e9es.\u003Cbr \/\u003E\r\n\u003Cbr \/\u003E\r\nEn \u00e9t\u00e9, les randonn\u00e9es offrent les plus beaux panoramas des Alpes, Les Aiguilles d'Arves, les 3 lacs et le glacier de Saint Sorlin d'Arves (Pic de l'Etendard), les sommets avec vue panoramique (le Monts Charvin, L'Ouillon) ...\u003Cbr \/\u003E\r\n\u003Cbr \/\u003E\r\nCourt s\u00e9jour possible.\u003Cbr \/\u003E\r\nEquipement sp\u00e9cifique : appareil \u00e0 fondue et raclette.S\u00e8che chaussures de ski.\u003Cbr \/\u003E\r\nLit et chaise b\u00e9b\u00e9 en option.\u003Cbr \/\u003E\r\nM\u00e9nage en option: 70\u20ac\u003Cbr \/\u003E\r\n\u003Cbr \/\u003E\r\nComposition de l'appartement : 1 chambre avec 2 lits simples 80cm (twins) ; un bed express 2 couchages dans le s\u00e9jour ; 1 salle de bain avec douche + WC.","fichiers":[]},"pave3":{"libelle":"Bons plans","contenu":"","fichiers":[]},"pave4":{"libelle":"Compl\u00e9ment localisation","contenu":"","fichiers":[]},"pave5":{"libelle":"Compl\u00e9ment accueil","contenu":"","fichiers":[]},"pave6":{"libelle":"P\u00e9riodes en clair","contenu":"Du 04\/07 au 04\/08\/2026 tous les jours.","fichiers":[]},"pave7":{"libelle":"Tarifs en clair","contenu":"Du 13\/12\/2025 au 10\/04\/2026\u003Cbr \/\u003E\nSemaine : de 403 \u00e0 1 152 \u20ac.\u003Cbr \/\u003E\n\u003Cbr \/\u003E\nDu 04\/07 au 28\/08\/2026.\u003Cbr \/\u003E\n\u003Cbr \/\u003E\n\u003Cbr \/\u003E\nTaxe de s\u00e9jour non incluse.","fichiers":[]},"pave8":{"libelle":"Compl\u00e9ment Tarifs","contenu":"","fichiers":[]},"pave9":{"libelle":"Compl\u00e9ment R\u00e9servation","contenu":"","fichiers":[]},"pave10":{"libelle":"Descriptif court","contenu":"","fichiers":[]},"pave11":{"libelle":"Descriptif d\u00e9taill\u00e9","contenu":"Les randonn\u00e9es offrent les plus beaux panoramas des Alpes, Les Aiguilles d'Arves, les 3 lacs et le glacier de Saint Sorlin d'Arves (Pic de l'Etendard), les sommets avec vue panoramique (le Monts Charvin, L'Ouillon) ...\u003Cbr \/\u003E\r\n\u003Cbr \/\u003E\r\nCourt s\u00e9jour possible.\u003Cbr \/\u003E\r\nEquipement sp\u00e9cifique : appareil \u00e0 fondue et raclette.\u003Cbr \/\u003E\r\nLit et chaise b\u00e9b\u00e9 en option.\u003Cbr \/\u003E\r\nM\u00e9nage en option: 70\u20ac\u003Cbr \/\u003E\r\n\u003Cbr \/\u003E\r\nComposition de l'appartement : 1 chambre avec 2 lits simples 80cm (twins) ; un bed express dans le s\u00e9jour ; 1 salle de bain avec douche + WC.","fichiers":[]},"pave12":{"libelle":"Compl\u00e9ment localisation","contenu":"","fichiers":[]},"pave13":{"libelle":"Compl\u00e9ment accueil","contenu":"","fichiers":[]},"pave14":{"libelle":"P\u00e9riodes en clair","contenu":"","fichiers":[]},"pave15":{"libelle":"Tarifs en clair","contenu":"Taxe de s\u00e9jour non incluse.","fichiers":[]},"pave16":{"libelle":"Compl\u00e9ment Tarifs","contenu":"","fichiers":[]},"pave17":{"libelle":"Compl\u00e9ment R\u00e9servation","contenu":"","fichiers":[]},"pave18":{"libelle":"Descriptif court","contenu":"","fichiers":[]},"pave19":{"libelle":"Descriptif d\u00e9taill\u00e9","contenu":"La station village de Saint Jean d'Arves est l'une des six stations reli\u00e9es au domaine skiable Les Sybelles, 1er domaine de la vall\u00e9e de la Maurienne avec 136 pistes reli\u00e9es.\u003Cbr \/\u003E\r\n\u003Cbr \/\u003E\r\nCourt s\u00e9jour possible.\u003Cbr \/\u003E\r\nEquipement sp\u00e9cifique : appareil \u00e0 fondue et raclette.S\u00e8che chaussures de ski.\u003Cbr \/\u003E\r\nLit et chaise b\u00e9b\u00e9 en option.\u003Cbr \/\u003E\r\n\u003Cbr \/\u003E\r\nComposition de l'appartement : 1 chambre avec 2 lits simples 80cm (twins) ; un bed express dans le s\u00e9jour ; 1 salle de bain avec douche + WC.\u003Cbr \/\u003E\r\n\u003Cbr \/\u003E\r\nMachine \u00e0 laver et s\u00e8che linge en communs. \u003Cbr \/\u003E\r\nremise tardive des cl\u00e9s gr\u00e2ce \u00e0 une bo\u00eete \u00e0 cl\u00e9s personnelle\u003Cbr \/\u003E\r\nLits faits \u00e0 l'arriv\u00e9e en option +10\u20ac\u003Cbr \/\u003E\r\nDraps en option +13\u20ac\/lit simple et +16\u20ac\/lit double\u003Cbr \/\u003E\r\nServiettes en option +8\u20ac\/ pack","fichiers":[]},"pave20":{"libelle":"Compl\u00e9ment localisation","contenu":"","fichiers":[]},"pave21":{"libelle":"Compl\u00e9ment accueil","contenu":"","fichiers":[]},"pave22":{"libelle":"P\u00e9riodes en clair","contenu":"","fichiers":[]},"pave23":{"libelle":"Tarifs en clair","contenu":"Taxe de s\u00e9jour non incluse.","fichiers":[]},"pave24":{"libelle":"Compl\u00e9ment Tarifs","contenu":"","fichiers":[]},"pave25":{"libelle":"Compl\u00e9ment R\u00e9servation","contenu":"","fichiers":[]},"Libelle":"Chalet Arvina - Le Li\u00e8vre","Reference":"","Reftar":"","Type":"PRESTATION","TypePrestataire":"G","ContexteStat":"PRESTATION-G-914427-443718","DateModificationIso":"2026-04-25T00:36:00+02:00","Adresse":{"LigneAdresse1":"Chalet Arvina","LigneAdresse2":"667, route de la Chal","LigneAdresse3":"","CodePostal":"73530","Ville":"Saint-Jean-d'Arves","Cedex":"","Etat":"","Pays":"FRA"},"Id":"g-914427-443718","Code":"G|914427|443718","Cle":"G|914427|443718","Url":"chalet-arvina-le-lievre.html","Localisation":{"GoogleMap":{"Latitude":"45.21432","Longitude":"6.264174"}},"ZoneGeo":"","Criteres":{"GEQUIPSERV[GWIFIINTERNET":"","GEQUIPSERV[GEQUIPBEBE":"","GEQUIPSERV[GJARDINBALCONTER":"","GEQUIPSERV[GLAVELINGE":"","GEQUIPSERV[GLAVEVAISSELLE":"","GEQUIPSERV[GLOCALSKI":"","AFFICHAGESITE[ADHERENTOUICOMPLET":"","DISPOORESAENLIGNE[RESERVABLE":"","PSEUDOALEATOIRE[ADHERENTRESA":"","GEQUIPSERV[TV":"","GCAPACITMAX[4PERS":"","GNOMBRE[4A6PERS":"","GEQUIPSERV[GLOCALVELOS":"","GEQUIPSERV[GPARKINGGARAGE":"","122[4054":"","122[4055":"","122[612":"","122[803":"","22[1477":"","22[1058":"","22[827":"","22[5069":"","22[672":"","22[723":"","22[721":"","22[807":"","22[710":"","126[1323":"","126[972":"","25[604":"","127[914":"","127[606":"","127[1064":"","125[661":"","125[673":"","78[791":"","78[1029":"","78[1130":"","78[1138":"","78[5061":"","117[837":"","118[1028":"","118[1110":"","118[1145":"","118[1146":"","118[1150":"","4168[4143":"","4168[4144":"","prestations[surchargeTourismesAdaptes":"","prestations[surchargeDescriptifHandicapMoteur":"","prestations[surchargeDescriptifHandicapAuditif":"","prestations[surchargeDescriptifHandicapVisuel":"","prestations[surchargeDescriptifHandicapMental":"","prestations[surchargeNombreFauteuilsRoulants":"","68[876":"","68[971":"","68[1004":"","69[847":"","69[1015":"","69[1011":"","69[1014":"","69[3694":"","69[4060":"","69[838":"","70[951":"","70[917":"","70[922":"","70[999":"","70[949":"","70[1012":"","70[1010":"","70[5914":"","70[774":"","70[907":"","71[987":"","71[900":"","72[882":"","72[963":"","72[842":"","conforts[996":"","conforts[799":"","languesParlees[1202":"","languesParlees[1192":"","languesParlees[1197":"","6528[169":"","environnements[171":"","environnements[184":"","environnements[193":"","114[418":"","modesPaiement[1265":"","modesPaiement[1268":"","modesPaiement[1271":"","modesPaiement[1274":"","modesPaiement[1277":"","modesPaiement[1281":"","tourismeAffaires[tourismeAffairesEnabled":"","tourismeAffaires[devise":"EUR","hebergementLocatifType[2620":"","classementPrefectoral[2629":"","5401[1614":"","5403[1613":"","capacite[capaciteHebergement":"4","capacite[capaciteMaximumPossible":"4","capacite[nombreLitsDoubles":"1","capacite[nombreLitsSimples":"2","capacite[surface":"36","capacite[nombrePieces":"2","capacite[nombreChambres":"1","capacite[numeroEtage":"0","CINTSITRA[10507":"","CINTSITRA[11226":"","CINTSITRA[11435":"","CINTSITRA[11533":"","CINTSITRA[4038":"","3220[25629":"","3233[60439":"","3233[908439":"","3218[60729":"","3219[72808":"","3219[126557":"","3227[82852":"","3230[323078":"","3230[5532377":"","3230[6328304":"","3221[344174":"","3221[549303":"","3221[596327":"","6241[595160":"","VilleSitra[30471":"","VillageDeDepart[30471":""},"ContactsParType":{"IWEB":{"60035":{"id_contact":"60035","type_contact":"IWEB","categorie_contact":"PRESTATION","societe_contact":"","fonction_contact":"","civilite_nom_prenom_contact":"SARL FJM  ","adresse1_contact":"","adresse2_contact":"","adresse3_contact":"","cpostal_contact":"","ville_contact":"","teldom_contact":"0033 (0)7 89 01 43 43","telbur_contact":"0033 (0)4 79 56 38 09","fax_contact":"","portable_contact":"","email_contact":"chalet.arvina@orange.fr","siteweb_contact":"http:\/\/www.chaletarvina.com","commentaire_contact":"","langue_contact":"","autre_moyen_com":[]}},"PROP":{"60048":{"id_contact":"60048","type_contact":"PROP","categorie_contact":"PRESTATION","societe_contact":"","fonction_contact":"","civilite_nom_prenom_contact":"Mme Hustache Patricia ","adresse1_contact":"","adresse2_contact":"","adresse3_contact":"","cpostal_contact":"","ville_contact":"","teldom_contact":"","telbur_contact":"","fax_contact":"","portable_contact":"","email_contact":"","siteweb_contact":"","commentaire_contact":"","langue_contact":"","autre_moyen_com":[]}},"RES":{"60049":{"id_contact":"60049","type_contact":"RES","categorie_contact":"PRESTATION","societe_contact":"","fonction_contact":"","civilite_nom_prenom_contact":"SARL Le Cr\u00eat de la Grange ","adresse1_contact":"","adresse2_contact":"","adresse3_contact":"","cpostal_contact":"","ville_contact":"","teldom_contact":"","telbur_contact":"","fax_contact":"","portable_contact":"","email_contact":"","siteweb_contact":"","commentaire_contact":"","langue_contact":"","autre_moyen_com":[]}}},"ContactRemplaceCoordonnees":"60035","Prestataire":{"pave1":{"libelle":"","contenu":""},"pave2":{"libelle":"","contenu":""},"pave3":{"libelle":"","contenu":""},"pave4":{"libelle":"","contenu":""},"pave5":{"libelle":"","contenu":""},"pave6":{"libelle":"","contenu":""},"pave7":{"libelle":"","contenu":""},"pave8":{"libelle":"","contenu":""},"pave9":{"libelle":"","contenu":""},"pave10":{"libelle":"","contenu":""},"pave11":{"libelle":"","contenu":""},"pave12":{"libelle":"","contenu":""},"pave13":{"libelle":"","contenu":""},"pave14":{"libelle":"","contenu":""},"pave15":{"libelle":"","contenu":""},"pave16":{"libelle":"","contenu":""},"pave17":{"libelle":"","contenu":""},"pave18":{"libelle":"","contenu":""},"pave19":{"libelle":"","contenu":""},"pave20":{"libelle":"","contenu":""},"pave21":{"libelle":"","contenu":""},"pave22":{"libelle":"","contenu":""},"pave23":{"libelle":"","contenu":""},"pave24":{"libelle":"","contenu":""},"pave25":{"libelle":"","contenu":""},"ContactsParType":{"GEST":{"48291":{"id_contact":"48291","type_contact":"GEST","categorie_contact":"PRESTATAIRE","societe_contact":"","fonction_contact":"","civilite_nom_prenom_contact":"SARL FJM ","adresse1_contact":"Chalet Arvina","adresse2_contact":"La Chal","adresse3_contact":"","cpostal_contact":"73530","ville_contact":"Saint-Jean-d'Arves","teldom_contact":"0033 (0)4 79 56 38 09","telbur_contact":"0033 (0)7 89 01 43 43","fax_contact":"","portable_contact":"","email_contact":"chalet.arvina@orange.fr","siteweb_contact":"http:\/\/www.chaletarvina.com","commentaire_contact":"","langue_contact":"","autre_moyen_com":[]},"48293":{"id_contact":"48293","type_contact":"GEST","categorie_contact":"PRESTATAIRE","societe_contact":"","fonction_contact":"","civilite_nom_prenom_contact":"SARL FJM ","adresse1_contact":"Chalet Arvina","adresse2_contact":"La Chal","adresse3_contact":"","cpostal_contact":"73530","ville_contact":"Saint-Jean-d'Arves","teldom_contact":"0033 (0)4 79 56 38 09","telbur_contact":"0033 (0)7 89 01 43 43","fax_contact":"","portable_contact":"","email_contact":"chalet.arvina@orange.fr","siteweb_contact":"http:\/\/www.chaletarvina.com","commentaire_contact":"","langue_contact":"","autre_moyen_com":[]},"48295":{"id_contact":"48295","type_contact":"GEST","categorie_contact":"PRESTATAIRE","societe_contact":"","fonction_contact":"","civilite_nom_prenom_contact":"SARL FJM ","adresse1_contact":"Chalet Arvina","adresse2_contact":"La Chal","adresse3_contact":"","cpostal_contact":"73530","ville_contact":"Saint-Jean-d'Arves","teldom_contact":"0033 (0)4 79 56 38 09","telbur_contact":"0033 (0)7 89 01 43 43","fax_contact":"","portable_contact":"","email_contact":"chalet.arvina@orange.fr","siteweb_contact":"http:\/\/www.chaletarvina.com","commentaire_contact":"","langue_contact":"","autre_moyen_com":[]},"48297":{"id_contact":"48297","type_contact":"GEST","categorie_contact":"PRESTATAIRE","societe_contact":"","fonction_contact":"","civilite_nom_prenom_contact":"SARL FJM ","adresse1_contact":"Chalet Arvina","adresse2_contact":"La Chal","adresse3_contact":"","cpostal_contact":"73530","ville_contact":"Saint-Jean-d'Arves","teldom_contact":"0033 (0)4 79 56 38 09","telbur_contact":"0033 (0)7 89 01 43 43","fax_contact":"","portable_contact":"","email_contact":"chalet.arvina@orange.fr","siteweb_contact":"http:\/\/www.chaletarvina.com","commentaire_contact":"","langue_contact":"","autre_moyen_com":[]},"48299":{"id_contact":"48299","type_contact":"GEST","categorie_contact":"PRESTATAIRE","societe_contact":"","fonction_contact":"","civilite_nom_prenom_contact":"SARL FJM ","adresse1_contact":"Chalet Arvina","adresse2_contact":"La Chal","adresse3_contact":"","cpostal_contact":"73530","ville_contact":"Saint-Jean-d'Arves","teldom_contact":"0033 (0)4 79 56 38 09","telbur_contact":"0033 (0)7 89 01 43 43","fax_contact":"","portable_contact":"","email_contact":"chalet.arvina@orange.fr","siteweb_contact":"http:\/\/www.chaletarvina.com","commentaire_contact":"","langue_contact":"","autre_moyen_com":[]},"48301":{"id_contact":"48301","type_contact":"GEST","categorie_contact":"PRESTATAIRE","societe_contact":"","fonction_contact":"","civilite_nom_prenom_contact":"SARL FJM ","adresse1_contact":"Chalet Arvina","adresse2_contact":"La Chal","adresse3_contact":"","cpostal_contact":"73530","ville_contact":"Saint-Jean-d'Arves","teldom_contact":"0033 (0)4 79 56 38 09","telbur_contact":"0033 (0)7 89 01 43 43","fax_contact":"","portable_contact":"","email_contact":"chalet.arvina@orange.fr","siteweb_contact":"http:\/\/www.chaletarvina.com","commentaire_contact":"","langue_contact":"","autre_moyen_com":[]},"48303":{"id_contact":"48303","type_contact":"GEST","categorie_contact":"PRESTATAIRE","societe_contact":"","fonction_contact":"","civilite_nom_prenom_contact":"SARL FJM ","adresse1_contact":"Chalet Arvina","adresse2_contact":"La Chal","adresse3_contact":"","cpostal_contact":"73530","ville_contact":"Saint-Jean-d'Arves","teldom_contact":"0033 (0)4 79 56 38 09","telbur_contact":"0033 (0)7 89 01 43 43","fax_contact":"","portable_contact":"","email_contact":"chalet.arvina@orange.fr","siteweb_contact":"http:\/\/www.chaletarvina.com","commentaire_contact":"","langue_contact":"","autre_moyen_com":[]}}},"Libelle":"SARL FJM","Nom":"SARL FJM ","Prenom":"","NomPrenom":"SARL FJM  ","CiviliteNomPrenom":"SARL FJM  ","Cle":"G|914427","PrestataireParent":"","ContexteStat":"PRESTATAIRE-G-914427","DateModificationIso":"2023-08-08T02:45:00+02:00","Type":"PRESTATAIRE","TypePrestataire":"G","Adresse":{"LigneAdresse1":"","LigneAdresse2":"","LigneAdresse3":"","CodePostal":"","Ville":"","Cedex":"","Etat":"","Pays":""},"Email":"chalet.arvina@orange.fr","Telephone":"0033 (0)7 89 01 43 43","TelephoneBureau":"0033 (0)4 79 56 38 09","Portable":"","SiteWeb":"http:\/\/www.chaletarvina.com","Fax":"","Id":"g-914427","Code":"G|914427","Fichier":[],"Url":"sarl-fjm.html","Localisation":{"GoogleMap":{"Latitude":"45.214131","Longitude":"6.264314"}},"ZoneGeo":"","LiensEtWidgetsParType":{"A":[{"Id":"15543","TypePrestataire":"G","CodePrestataire":"914427","CodePrestation":"","CodeLibelle":"","Type":"A","Url":"https:\/\/www.facebook.com\/chaletarvina\/?ref=bookmarks","Defaut":"N","Langue":"","Nature":"URL","Import":"SITRA2","LibelleText":"","Theme":""}]},"LiensEtWidgets":[{"Id":"15543","TypePrestataire":"G","CodePrestataire":"914427","CodePrestation":"","CodeLibelle":"","Type":"A","Url":"https:\/\/www.facebook.com\/chaletarvina\/?ref=bookmarks","Defaut":"N","Langue":"","Nature":"URL","Import":"SITRA2","LibelleText":"","Theme":""}],"Criteres":{"P.CINTSITRA[11226":"","P.CINTSITRA[11435":"","P.3220[25629":"","P.3233[60439":"","P.3233[908439":"","P.3218[60729":"","P.3219[72808":"","P.3219[126557":"","P.3227[82852":"","P.3230[323078":"","P.3230[5532377":"","P.3230[6328304":"","P.3221[344174":"","P.3221[549303":"","P.3221[596327":"","P.6241[595160":"","P.VilleSitra[30471":"","P.VillageDeDepart[30471":""},"DateFinPublication":""},"Fichier":{"Image":[{"url":"https:\/\/www.sja73.com\/medias\/images\/prestations\/66403-salon_lievre.jpg","chemin":"..\/medias\/images\/prestations\/66403-salon_lievre.jpg","libelle":"S\u00e9jour","extension":"jpg","categorie":"","largeur":2464,"theme":"ETE","hauteur":1632,"type":"Image","origine":"","liaisonPave":"","langue":"","id":"66403","urlVignette":"https:\/\/www.sja73.com\/medias\/images\/prestations\/v-66403-salon_lievre.jpg","alt":"S\u00e9jour","title":"S\u00e9jour - &copy Arvina","MultiTaille":{"1920x1440":{"url":"https:\/\/www.sja73.com\/medias\/images\/prestations\/multitailles\/1920x1440_66403-salon_lievre.jpg"},"1200x900":{"url":"https:\/\/www.sja73.com\/medias\/images\/prestations\/multitailles\/1200x900_66403-salon_lievre.jpg"},"800x600":{"url":"https:\/\/www.sja73.com\/medias\/images\/prestations\/multitailles\/800x600_66403-salon_lievre.jpg"},"640x480":{"url":"https:\/\/www.sja73.com\/medias\/images\/prestations\/multitailles\/640x480_66403-salon_lievre.jpg"},"320x240":{"url":"https:\/\/www.sja73.com\/medias\/images\/prestations\/multitailles\/320x240_66403-salon_lievre.jpg"},"160x120":{"url":"https:\/\/www.sja73.com\/medias\/images\/prestations\/multitailles\/160x120_66403-salon_lievre.jpg"},"origine":{"url":"https:\/\/www.sja73.com\/medias\/images\/prestations\/66403-salon_lievre.jpg"}},"urlLien":"","typeLien":"","nofollow":"N","copyright":"Arvina"},{"url":"https:\/\/www.sja73.com\/medias\/images\/prestations\/66404-aporte_lievre.jpg","chemin":"..\/medias\/images\/prestations\/66404-aporte_lievre.jpg","libelle":"Porte","extension":"jpg","categorie":"","largeur":2302,"theme":"ETE","hauteur":1605,"type":"Image","origine":"","liaisonPave":"","langue":"","id":"66404","urlVignette":"https:\/\/www.sja73.com\/medias\/images\/prestations\/v-66404-aporte_lievre.jpg","alt":"Porte","title":"Porte - &copy Arvina","MultiTaille":{"1920x1440":{"url":"https:\/\/www.sja73.com\/medias\/images\/prestations\/multitailles\/1920x1440_66404-aporte_lievre.jpg"},"1200x900":{"url":"https:\/\/www.sja73.com\/medias\/images\/prestations\/multitailles\/1200x900_66404-aporte_lievre.jpg"},"800x600":{"url":"https:\/\/www.sja73.com\/medias\/images\/prestations\/multitailles\/800x600_66404-aporte_lievre.jpg"},"640x480":{"url":"https:\/\/www.sja73.com\/medias\/images\/prestations\/multitailles\/640x480_66404-aporte_lievre.jpg"},"320x240":{"url":"https:\/\/www.sja73.com\/medias\/images\/prestations\/multitailles\/320x240_66404-aporte_lievre.jpg"},"160x120":{"url":"https:\/\/www.sja73.com\/medias\/images\/prestations\/multitailles\/160x120_66404-aporte_lievre.jpg"},"origine":{"url":"https:\/\/www.sja73.com\/medias\/images\/prestations\/66404-aporte_lievre.jpg"}},"urlLien":"","typeLien":"","nofollow":"N","copyright":"Arvina"},{"url":"https:\/\/www.sja73.com\/medias\/images\/prestations\/66405-ch_lievre.jpg","chemin":"..\/medias\/images\/prestations\/66405-ch_lievre.jpg","libelle":"Chambre","extension":"jpg","categorie":"","largeur":2464,"theme":"","hauteur":1632,"type":"Image","origine":"","liaisonPave":"","langue":"","id":"66405","urlVignette":"https:\/\/www.sja73.com\/medias\/images\/prestations\/v-66405-ch_lievre.jpg","alt":"Chambre","title":"Chambre - &copy Arvina","MultiTaille":{"1920x1440":{"url":"https:\/\/www.sja73.com\/medias\/images\/prestations\/multitailles\/1920x1440_66405-ch_lievre.jpg"},"1200x900":{"url":"https:\/\/www.sja73.com\/medias\/images\/prestations\/multitailles\/1200x900_66405-ch_lievre.jpg"},"800x600":{"url":"https:\/\/www.sja73.com\/medias\/images\/prestations\/multitailles\/800x600_66405-ch_lievre.jpg"},"640x480":{"url":"https:\/\/www.sja73.com\/medias\/images\/prestations\/multitailles\/640x480_66405-ch_lievre.jpg"},"320x240":{"url":"https:\/\/www.sja73.com\/medias\/images\/prestations\/multitailles\/320x240_66405-ch_lievre.jpg"},"160x120":{"url":"https:\/\/www.sja73.com\/medias\/images\/prestations\/multitailles\/160x120_66405-ch_lievre.jpg"},"origine":{"url":"https:\/\/www.sja73.com\/medias\/images\/prestations\/66405-ch_lievre.jpg"}},"urlLien":"","typeLien":"","nofollow":"N","copyright":"Arvina"},{"url":"https:\/\/www.sja73.com\/medias\/images\/prestations\/66406-cuisine_lievre.jpg","chemin":"..\/medias\/images\/prestations\/66406-cuisine_lievre.jpg","libelle":"Cuisine","extension":"jpg","categorie":"","largeur":2464,"theme":"","hauteur":1632,"type":"Image","origine":"","liaisonPave":"","langue":"","id":"66406","urlVignette":"https:\/\/www.sja73.com\/medias\/images\/prestations\/v-66406-cuisine_lievre.jpg","alt":"Cuisine","title":"Cuisine - &copy Arvina","MultiTaille":{"1920x1440":{"url":"https:\/\/www.sja73.com\/medias\/images\/prestations\/multitailles\/1920x1440_66406-cuisine_lievre.jpg"},"1200x900":{"url":"https:\/\/www.sja73.com\/medias\/images\/prestations\/multitailles\/1200x900_66406-cuisine_lievre.jpg"},"800x600":{"url":"https:\/\/www.sja73.com\/medias\/images\/prestations\/multitailles\/800x600_66406-cuisine_lievre.jpg"},"640x480":{"url":"https:\/\/www.sja73.com\/medias\/images\/prestations\/multitailles\/640x480_66406-cuisine_lievre.jpg"},"320x240":{"url":"https:\/\/www.sja73.com\/medias\/images\/prestations\/multitailles\/320x240_66406-cuisine_lievre.jpg"},"160x120":{"url":"https:\/\/www.sja73.com\/medias\/images\/prestations\/multitailles\/160x120_66406-cuisine_lievre.jpg"},"origine":{"url":"https:\/\/www.sja73.com\/medias\/images\/prestations\/66406-cuisine_lievre.jpg"}},"urlLien":"","typeLien":"","nofollow":"N","copyright":"Arvina"},{"url":"https:\/\/www.sja73.com\/medias\/images\/prestations\/66407-rdj_lievre.jpg","chemin":"..\/medias\/images\/prestations\/66407-rdj_lievre.jpg","libelle":"Terrasse","extension":"jpg","categorie":"","largeur":2464,"theme":"ETE","hauteur":1632,"type":"Image","origine":"","liaisonPave":"","langue":"","id":"66407","urlVignette":"https:\/\/www.sja73.com\/medias\/images\/prestations\/v-66407-rdj_lievre.jpg","alt":"Terrasse","title":"Terrasse - &copy Arvina","MultiTaille":{"1920x1440":{"url":"https:\/\/www.sja73.com\/medias\/images\/prestations\/multitailles\/1920x1440_66407-rdj_lievre.jpg"},"1200x900":{"url":"https:\/\/www.sja73.com\/medias\/images\/prestations\/multitailles\/1200x900_66407-rdj_lievre.jpg"},"800x600":{"url":"https:\/\/www.sja73.com\/medias\/images\/prestations\/multitailles\/800x600_66407-rdj_lievre.jpg"},"640x480":{"url":"https:\/\/www.sja73.com\/medias\/images\/prestations\/multitailles\/640x480_66407-rdj_lievre.jpg"},"320x240":{"url":"https:\/\/www.sja73.com\/medias\/images\/prestations\/multitailles\/320x240_66407-rdj_lievre.jpg"},"160x120":{"url":"https:\/\/www.sja73.com\/medias\/images\/prestations\/multitailles\/160x120_66407-rdj_lievre.jpg"},"origine":{"url":"https:\/\/www.sja73.com\/medias\/images\/prestations\/66407-rdj_lievre.jpg"}},"urlLien":"","typeLien":"","nofollow":"N","copyright":"Arvina"},{"url":"https:\/\/www.sja73.com\/medias\/images\/prestations\/66408-sdb_lievre.jpg","chemin":"..\/medias\/images\/prestations\/66408-sdb_lievre.jpg","libelle":"Salle de Bains","extension":"jpg","categorie":"","largeur":678,"theme":"","hauteur":1024,"type":"Image","origine":"","liaisonPave":"","langue":"","id":"66408","urlVignette":"https:\/\/www.sja73.com\/medias\/images\/prestations\/v-66408-sdb_lievre.jpg","alt":"Salle de Bains","title":"Salle de Bains - &copy Arvina","MultiTaille":{"1920x1440":{"url":"https:\/\/www.sja73.com\/medias\/images\/prestations\/multitailles\/1920x1440_66408-sdb_lievre.jpg"},"1200x900":{"url":"https:\/\/www.sja73.com\/medias\/images\/prestations\/multitailles\/1200x900_66408-sdb_lievre.jpg"},"800x600":{"url":"https:\/\/www.sja73.com\/medias\/images\/prestations\/multitailles\/800x600_66408-sdb_lievre.jpg"},"640x480":{"url":"https:\/\/www.sja73.com\/medias\/images\/prestations\/multitailles\/640x480_66408-sdb_lievre.jpg"},"320x240":{"url":"https:\/\/www.sja73.com\/medias\/images\/prestations\/multitailles\/320x240_66408-sdb_lievre.jpg"},"160x120":{"url":"https:\/\/www.sja73.com\/medias\/images\/prestations\/multitailles\/160x120_66408-sdb_lievre.jpg"},"origine":{"url":"https:\/\/www.sja73.com\/medias\/images\/prestations\/66408-sdb_lievre.jpg"}},"urlLien":"","typeLien":"","nofollow":"N","copyright":"Arvina"},{"url":"https:\/\/www.sja73.com\/medias\/images\/prestations\/66409-sejour_lievre.jpg","chemin":"..\/medias\/images\/prestations\/66409-sejour_lievre.jpg","libelle":"S\u00e9jour","extension":"jpg","categorie":"","largeur":716,"theme":"","hauteur":968,"type":"Image","origine":"","liaisonPave":"","langue":"","id":"66409","urlVignette":"https:\/\/www.sja73.com\/medias\/images\/prestations\/v-66409-sejour_lievre.jpg","alt":"S\u00e9jour","title":"S\u00e9jour - &copy Arvina","MultiTaille":{"1920x1440":{"url":"https:\/\/www.sja73.com\/medias\/images\/prestations\/multitailles\/1920x1440_66409-sejour_lievre.jpg"},"1200x900":{"url":"https:\/\/www.sja73.com\/medias\/images\/prestations\/multitailles\/1200x900_66409-sejour_lievre.jpg"},"800x600":{"url":"https:\/\/www.sja73.com\/medias\/images\/prestations\/multitailles\/800x600_66409-sejour_lievre.jpg"},"640x480":{"url":"https:\/\/www.sja73.com\/medias\/images\/prestations\/multitailles\/640x480_66409-sejour_lievre.jpg"},"320x240":{"url":"https:\/\/www.sja73.com\/medias\/images\/prestations\/multitailles\/320x240_66409-sejour_lievre.jpg"},"160x120":{"url":"https:\/\/www.sja73.com\/medias\/images\/prestations\/multitailles\/160x120_66409-sejour_lievre.jpg"},"origine":{"url":"https:\/\/www.sja73.com\/medias\/images\/prestations\/66409-sejour_lievre.jpg"}},"urlLien":"","typeLien":"","nofollow":"N","copyright":"Arvina"}],"ByCategorie":{"":[{"url":"https:\/\/www.sja73.com\/medias\/images\/prestations\/66403-salon_lievre.jpg","chemin":"..\/medias\/images\/prestations\/66403-salon_lievre.jpg","libelle":"S\u00e9jour","extension":"jpg","categorie":"","largeur":2464,"theme":"ETE","hauteur":1632,"type":"Image","origine":"","liaisonPave":"","langue":"","id":"66403","urlVignette":"https:\/\/www.sja73.com\/medias\/images\/prestations\/v-66403-salon_lievre.jpg","alt":"S\u00e9jour","title":"S\u00e9jour - &copy Arvina","MultiTaille":{"1920x1440":{"url":"https:\/\/www.sja73.com\/medias\/images\/prestations\/multitailles\/1920x1440_66403-salon_lievre.jpg"},"1200x900":{"url":"https:\/\/www.sja73.com\/medias\/images\/prestations\/multitailles\/1200x900_66403-salon_lievre.jpg"},"800x600":{"url":"https:\/\/www.sja73.com\/medias\/images\/prestations\/multitailles\/800x600_66403-salon_lievre.jpg"},"640x480":{"url":"https:\/\/www.sja73.com\/medias\/images\/prestations\/multitailles\/640x480_66403-salon_lievre.jpg"},"320x240":{"url":"https:\/\/www.sja73.com\/medias\/images\/prestations\/multitailles\/320x240_66403-salon_lievre.jpg"},"160x120":{"url":"https:\/\/www.sja73.com\/medias\/images\/prestations\/multitailles\/160x120_66403-salon_lievre.jpg"},"origine":{"url":"https:\/\/www.sja73.com\/medias\/images\/prestations\/66403-salon_lievre.jpg"}},"urlLien":"","typeLien":"","nofollow":"N","copyright":"Arvina"},{"url":"https:\/\/www.sja73.com\/medias\/images\/prestations\/66404-aporte_lievre.jpg","chemin":"..\/medias\/images\/prestations\/66404-aporte_lievre.jpg","libelle":"Porte","extension":"jpg","categorie":"","largeur":2302,"theme":"ETE","hauteur":1605,"type":"Image","origine":"","liaisonPave":"","langue":"","id":"66404","urlVignette":"https:\/\/www.sja73.com\/medias\/images\/prestations\/v-66404-aporte_lievre.jpg","alt":"Porte","title":"Porte - &copy Arvina","MultiTaille":{"1920x1440":{"url":"https:\/\/www.sja73.com\/medias\/images\/prestations\/multitailles\/1920x1440_66404-aporte_lievre.jpg"},"1200x900":{"url":"https:\/\/www.sja73.com\/medias\/images\/prestations\/multitailles\/1200x900_66404-aporte_lievre.jpg"},"800x600":{"url":"https:\/\/www.sja73.com\/medias\/images\/prestations\/multitailles\/800x600_66404-aporte_lievre.jpg"},"640x480":{"url":"https:\/\/www.sja73.com\/medias\/images\/prestations\/multitailles\/640x480_66404-aporte_lievre.jpg"},"320x240":{"url":"https:\/\/www.sja73.com\/medias\/images\/prestations\/multitailles\/320x240_66404-aporte_lievre.jpg"},"160x120":{"url":"https:\/\/www.sja73.com\/medias\/images\/prestations\/multitailles\/160x120_66404-aporte_lievre.jpg"},"origine":{"url":"https:\/\/www.sja73.com\/medias\/images\/prestations\/66404-aporte_lievre.jpg"}},"urlLien":"","typeLien":"","nofollow":"N","copyright":"Arvina"},{"url":"https:\/\/www.sja73.com\/medias\/images\/prestations\/66405-ch_lievre.jpg","chemin":"..\/medias\/images\/prestations\/66405-ch_lievre.jpg","libelle":"Chambre","extension":"jpg","categorie":"","largeur":2464,"theme":"","hauteur":1632,"type":"Image","origine":"","liaisonPave":"","langue":"","id":"66405","urlVignette":"https:\/\/www.sja73.com\/medias\/images\/prestations\/v-66405-ch_lievre.jpg","alt":"Chambre","title":"Chambre - &copy Arvina","MultiTaille":{"1920x1440":{"url":"https:\/\/www.sja73.com\/medias\/images\/prestations\/multitailles\/1920x1440_66405-ch_lievre.jpg"},"1200x900":{"url":"https:\/\/www.sja73.com\/medias\/images\/prestations\/multitailles\/1200x900_66405-ch_lievre.jpg"},"800x600":{"url":"https:\/\/www.sja73.com\/medias\/images\/prestations\/multitailles\/800x600_66405-ch_lievre.jpg"},"640x480":{"url":"https:\/\/www.sja73.com\/medias\/images\/prestations\/multitailles\/640x480_66405-ch_lievre.jpg"},"320x240":{"url":"https:\/\/www.sja73.com\/medias\/images\/prestations\/multitailles\/320x240_66405-ch_lievre.jpg"},"160x120":{"url":"https:\/\/www.sja73.com\/medias\/images\/prestations\/multitailles\/160x120_66405-ch_lievre.jpg"},"origine":{"url":"https:\/\/www.sja73.com\/medias\/images\/prestations\/66405-ch_lievre.jpg"}},"urlLien":"","typeLien":"","nofollow":"N","copyright":"Arvina"},{"url":"https:\/\/www.sja73.com\/medias\/images\/prestations\/66406-cuisine_lievre.jpg","chemin":"..\/medias\/images\/prestations\/66406-cuisine_lievre.jpg","libelle":"Cuisine","extension":"jpg","categorie":"","largeur":2464,"theme":"","hauteur":1632,"type":"Image","origine":"","liaisonPave":"","langue":"","id":"66406","urlVignette":"https:\/\/www.sja73.com\/medias\/images\/prestations\/v-66406-cuisine_lievre.jpg","alt":"Cuisine","title":"Cuisine - &copy Arvina","MultiTaille":{"1920x1440":{"url":"https:\/\/www.sja73.com\/medias\/images\/prestations\/multitailles\/1920x1440_66406-cuisine_lievre.jpg"},"1200x900":{"url":"https:\/\/www.sja73.com\/medias\/images\/prestations\/multitailles\/1200x900_66406-cuisine_lievre.jpg"},"800x600":{"url":"https:\/\/www.sja73.com\/medias\/images\/prestations\/multitailles\/800x600_66406-cuisine_lievre.jpg"},"640x480":{"url":"https:\/\/www.sja73.com\/medias\/images\/prestations\/multitailles\/640x480_66406-cuisine_lievre.jpg"},"320x240":{"url":"https:\/\/www.sja73.com\/medias\/images\/prestations\/multitailles\/320x240_66406-cuisine_lievre.jpg"},"160x120":{"url":"https:\/\/www.sja73.com\/medias\/images\/prestations\/multitailles\/160x120_66406-cuisine_lievre.jpg"},"origine":{"url":"https:\/\/www.sja73.com\/medias\/images\/prestations\/66406-cuisine_lievre.jpg"}},"urlLien":"","typeLien":"","nofollow":"N","copyright":"Arvina"},{"url":"https:\/\/www.sja73.com\/medias\/images\/prestations\/66407-rdj_lievre.jpg","chemin":"..\/medias\/images\/prestations\/66407-rdj_lievre.jpg","libelle":"Terrasse","extension":"jpg","categorie":"","largeur":2464,"theme":"ETE","hauteur":1632,"type":"Image","origine":"","liaisonPave":"","langue":"","id":"66407","urlVignette":"https:\/\/www.sja73.com\/medias\/images\/prestations\/v-66407-rdj_lievre.jpg","alt":"Terrasse","title":"Terrasse - &copy Arvina","MultiTaille":{"1920x1440":{"url":"https:\/\/www.sja73.com\/medias\/images\/prestations\/multitailles\/1920x1440_66407-rdj_lievre.jpg"},"1200x900":{"url":"https:\/\/www.sja73.com\/medias\/images\/prestations\/multitailles\/1200x900_66407-rdj_lievre.jpg"},"800x600":{"url":"https:\/\/www.sja73.com\/medias\/images\/prestations\/multitailles\/800x600_66407-rdj_lievre.jpg"},"640x480":{"url":"https:\/\/www.sja73.com\/medias\/images\/prestations\/multitailles\/640x480_66407-rdj_lievre.jpg"},"320x240":{"url":"https:\/\/www.sja73.com\/medias\/images\/prestations\/multitailles\/320x240_66407-rdj_lievre.jpg"},"160x120":{"url":"https:\/\/www.sja73.com\/medias\/images\/prestations\/multitailles\/160x120_66407-rdj_lievre.jpg"},"origine":{"url":"https:\/\/www.sja73.com\/medias\/images\/prestations\/66407-rdj_lievre.jpg"}},"urlLien":"","typeLien":"","nofollow":"N","copyright":"Arvina"},{"url":"https:\/\/www.sja73.com\/medias\/images\/prestations\/66408-sdb_lievre.jpg","chemin":"..\/medias\/images\/prestations\/66408-sdb_lievre.jpg","libelle":"Salle de Bains","extension":"jpg","categorie":"","largeur":678,"theme":"","hauteur":1024,"type":"Image","origine":"","liaisonPave":"","langue":"","id":"66408","urlVignette":"https:\/\/www.sja73.com\/medias\/images\/prestations\/v-66408-sdb_lievre.jpg","alt":"Salle de Bains","title":"Salle de Bains - &copy Arvina","MultiTaille":{"1920x1440":{"url":"https:\/\/www.sja73.com\/medias\/images\/prestations\/multitailles\/1920x1440_66408-sdb_lievre.jpg"},"1200x900":{"url":"https:\/\/www.sja73.com\/medias\/images\/prestations\/multitailles\/1200x900_66408-sdb_lievre.jpg"},"800x600":{"url":"https:\/\/www.sja73.com\/medias\/images\/prestations\/multitailles\/800x600_66408-sdb_lievre.jpg"},"640x480":{"url":"https:\/\/www.sja73.com\/medias\/images\/prestations\/multitailles\/640x480_66408-sdb_lievre.jpg"},"320x240":{"url":"https:\/\/www.sja73.com\/medias\/images\/prestations\/multitailles\/320x240_66408-sdb_lievre.jpg"},"160x120":{"url":"https:\/\/www.sja73.com\/medias\/images\/prestations\/multitailles\/160x120_66408-sdb_lievre.jpg"},"origine":{"url":"https:\/\/www.sja73.com\/medias\/images\/prestations\/66408-sdb_lievre.jpg"}},"urlLien":"","typeLien":"","nofollow":"N","copyright":"Arvina"},{"url":"https:\/\/www.sja73.com\/medias\/images\/prestations\/66409-sejour_lievre.jpg","chemin":"..\/medias\/images\/prestations\/66409-sejour_lievre.jpg","libelle":"S\u00e9jour","extension":"jpg","categorie":"","largeur":716,"theme":"","hauteur":968,"type":"Image","origine":"","liaisonPave":"","langue":"","id":"66409","urlVignette":"https:\/\/www.sja73.com\/medias\/images\/prestations\/v-66409-sejour_lievre.jpg","alt":"S\u00e9jour","title":"S\u00e9jour - &copy Arvina","MultiTaille":{"1920x1440":{"url":"https:\/\/www.sja73.com\/medias\/images\/prestations\/multitailles\/1920x1440_66409-sejour_lievre.jpg"},"1200x900":{"url":"https:\/\/www.sja73.com\/medias\/images\/prestations\/multitailles\/1200x900_66409-sejour_lievre.jpg"},"800x600":{"url":"https:\/\/www.sja73.com\/medias\/images\/prestations\/multitailles\/800x600_66409-sejour_lievre.jpg"},"640x480":{"url":"https:\/\/www.sja73.com\/medias\/images\/prestations\/multitailles\/640x480_66409-sejour_lievre.jpg"},"320x240":{"url":"https:\/\/www.sja73.com\/medias\/images\/prestations\/multitailles\/320x240_66409-sejour_lievre.jpg"},"160x120":{"url":"https:\/\/www.sja73.com\/medias\/images\/prestations\/multitailles\/160x120_66409-sejour_lievre.jpg"},"origine":{"url":"https:\/\/www.sja73.com\/medias\/images\/prestations\/66409-sejour_lievre.jpg"}},"urlLien":"","typeLien":"","nofollow":"N","copyright":"Arvina"}]}},"DateDebPublication":"","DateFinPublication":"","PrixAPartirDe":"","PrixPour":"","FicheListeEnCours":"fiche_liste_locations_meublees_prestation_v2","ParametresModele":{"AfficherPhotos":"1","NbPhotosMax":6,"AfficherReserver":"1","AfficherContact":"1","AfficherSalle":1,"AfficherZoneGeo":0,"AfficherEnSavoirPlus":"1","AfficherUneSeuleOuverture":0,"AfficherContactCarte":"0","AfficherTarifsChaudAPartirDe":0,"AfficherTarifChaudSansRecherche":0,"AffichageCoordonnees":"Adresse-\u003ELigneAdresse1|Adresse-\u003ELigneAdresse2|Adresse-\u003ELigneAdresse3","AffichageLienPrestation":"R","AfficherDispoResa":"1","AfficherLiensCarnetVoyage":"1","BlocCritereInfo":{"critere1":{"libelle":"","liste_critere":["classementPrefectoral|G","labels|3585|G","labels|3614|G","labels|3586|G"]},"critere2":{"libelle":"","liste_critere":["25|G"]},"critere3":{"libelle":""},"critere4":{"libelle":""},"critere5":{"libelle":"","liste_critere":["GEQUIPSERV|G"]},"critere6":{"libelle":"","liste_critere":["typesHabitation|G"]},"critere7":{"libelle":"","liste_critere":["capacite|nombreChambres|G","capacite|surface|G","capacite|capaciteHebergement|G"]},"critere8":{"libelle":""},"afficherpictoetpaslibelle":"1"},"BlocPaveInfo":{"texte1":{"pave":["1","10","18"],"longeurmax":"255","afficherLibelle":"0","garderHtml":"0"}},"Criteres":"AFFICHAGESITE[ADHERENTOUICOMPLET","CriteresComportementResa":"CINTSITRA[11533","PositionBloc":"GALLERIE|NOM|ADRESSE|ZONEPRINCIPALFICHEPRESTA|DESCRIPTIF|URL|PICTOSOUSPHOTOS|CARNET_VOYAGE","TypePrestataire":"G","ComportementResa":true,"ComportementDispo":false},"AffichageCoordonnees":{"Adresse-LigneAdresse1":"Chalet Arvina","Adresse-LigneAdresse2":"667, route de la Chal"},"Coordonnees":{"Ville":"Saint-Jean-d'Arves"},"ContexteId":"PRESTATION|G|914427|443718","ContexteIdHtml":"PRESTATION-G-914427-443718","cleContexte":"G|914427|443718","Bloc":{"texte1":"Appartement chalet class\u00e9 3 \u00e9toiles, pour 4 personnes, 36\u202fm\u00b2, plein sud au hameau de La\u202fChal 1\u202f600\u202fm, centre station, \u00e0 200\u202fm des pistes, intime avec vue montagnes.","texte3":"","critere1":{"libelle":"","contenu":{"classementPrefectoral":{"libelle":"Classement pr\u00e9fectoral","contenu":{"2":"\u003Cimg src=\"https:\/\/www.sja73.com\/medias\/images\/picto\/classementPrefectoral-2629-G.png\"  alt=\"3 \u00e9toiles\" title=\"3 \u00e9toiles\" \/\u003E"},"codesValeurs":{"2":"classementPrefectoral|2629|G"},"criteres_datas":{"valeurs":{"2":{"2629":{"descriptif":""}}}}}}},"critere2":{"libelle":"","contenu":{"25":{"libelle":"Situation","contenu":{"2":"A proximit\u00e9 propri\u00e9taire"},"codesValeurs":{"2":"25|604|G"},"criteres_datas":{"valeurs":{"2":{"604":{"descriptif":""}}}}}}},"critere3":{"libelle":"","contenu":[]},"critere4":{"libelle":"","contenu":[]},"critere5":{"libelle":"","contenu":{"GEQUIPSERV":{"libelle":"\u00c9quipements & Services","contenu":{"2":"\u003Cimg src=\"https:\/\/www.sja73.com\/medias\/images\/picto\/GEQUIPSERV-GWIFIINTERNET-G.png\"  alt=\"WiFi, Internet\" title=\"WiFi, Internet\" \/\u003E","3":"\u003Cimg src=\"https:\/\/www.sja73.com\/medias\/images\/picto\/GEQUIPSERV-TV-G.png\"  alt=\"T\u00e9l\u00e9vision\" title=\"T\u00e9l\u00e9vision\" \/\u003E","4":"\u003Cimg src=\"https:\/\/www.sja73.com\/medias\/images\/picto\/GEQUIPSERV-GEQUIPBEBE-G.png\"  alt=\"\u00c9quipements b\u00e9b\u00e9\" title=\"\u00c9quipements b\u00e9b\u00e9\" \/\u003E","5":"\u003Cimg src=\"https:\/\/www.sja73.com\/medias\/images\/picto\/GEQUIPSERV-GPARKINGGARAGE-G.png\"  alt=\"Parking, garage\" title=\"Parking, garage\" \/\u003E","6":"\u003Cimg src=\"https:\/\/www.sja73.com\/medias\/images\/picto\/GEQUIPSERV-GJARDINBALCONTER-G.png\"  alt=\"Jardin, balcon, terrasse\" title=\"Jardin, balcon, terrasse\" \/\u003E","11":"\u003Cimg src=\"https:\/\/www.sja73.com\/medias\/images\/picto\/GEQUIPSERV-GLAVELINGE-G.png\"  alt=\"Lave linge\" title=\"Lave linge\" \/\u003E","12":"\u003Cimg src=\"https:\/\/www.sja73.com\/medias\/images\/picto\/GEQUIPSERV-GLAVEVAISSELLE-G.png\"  alt=\"Lave Vaisselle\" title=\"Lave Vaisselle\" \/\u003E","13":"\u003Cimg src=\"https:\/\/www.sja73.com\/medias\/images\/picto\/GEQUIPSERV-GLOCALSKI-G.png\"  alt=\"Local \u00e0 ski\" title=\"Local \u00e0 ski\" \/\u003E","14":"\u003Cimg src=\"https:\/\/www.sja73.com\/medias\/images\/picto\/GEQUIPSERV-GLOCALVELOS-G.png\"  alt=\"Local \u00e0 v\u00e9los\" title=\"Local \u00e0 v\u00e9los\" \/\u003E"},"codesValeurs":{"2":"GEQUIPSERV|GWIFIINTERNET|G","4":"GEQUIPSERV|GEQUIPBEBE|G","6":"GEQUIPSERV|GJARDINBALCONTER|G","11":"GEQUIPSERV|GLAVELINGE|G","12":"GEQUIPSERV|GLAVEVAISSELLE|G","13":"GEQUIPSERV|GLOCALSKI|G","3":"GEQUIPSERV|TV|G","14":"GEQUIPSERV|GLOCALVELOS|G","5":"GEQUIPSERV|GPARKINGGARAGE|G"},"criteres_datas":{"valeurs":{"2":{"GWIFIINTERNET":{"descriptif":""}},"4":{"GEQUIPBEBE":{"descriptif":""}},"6":{"GJARDINBALCONTER":{"descriptif":""}},"11":{"GLAVELINGE":{"descriptif":""}},"12":{"GLAVEVAISSELLE":{"descriptif":""}},"13":{"GLOCALSKI":{"descriptif":""}},"3":{"TV":{"descriptif":""}},"14":{"GLOCALVELOS":{"descriptif":""}},"5":{"GPARKINGGARAGE":{"descriptif":""}}}}}}},"critere6":{"libelle":"","contenu":[]},"critere7":{"libelle":"","contenu":{"capacite":{"libelle":"Capacit\u00e9","contenu":{"1":"\u003Cspan class=\"quantite\"\u003E4\u003C\/span\u003E \u003Cspan class=\"libelle\"\u003Epersonnes\u003C\/span\u003E","2":"\u003Cspan class=\"quantite\"\u003E36\u003C\/span\u003E \u003Cspan class=\"libelle\"\u003Em\u00b2\u003C\/span\u003E","3":"\u003Cspan class=\"quantite\"\u003E1\u003C\/span\u003E \u003Cspan class=\"libelle\"\u003Echambre(s)\u003C\/span\u003E"},"codesValeurs":{"3":"capacite|nombreChambres|G","2":"capacite|surface|G","1":"capacite|capaciteHebergement|G"},"criteres_datas":{"valeurs":{"3":{"nombreChambres":{"descriptif":""}},"2":{"surface":{"descriptif":""}},"1":{"capaciteHebergement":{"descriptif":""}}}}}}},"critere8":{"libelle":"","contenu":[]},"critere9":{"libelle":"","contenu":[]}},"LocalisationGps":{"Latitude":"45.21432","Longitude":"6.264174"},"libelleDuPrestataire":"","vuePrestataire":{"pave1":{"libelle":"","contenu":""},"pave2":{"libelle":"","contenu":""},"pave3":{"libelle":"","contenu":""},"pave4":{"libelle":"","contenu":""},"pave5":{"libelle":"","contenu":""},"pave6":{"libelle":"","contenu":""},"pave7":{"libelle":"","contenu":""},"pave8":{"libelle":"","contenu":""},"pave9":{"libelle":"","contenu":""},"pave10":{"libelle":"","contenu":""},"pave11":{"libelle":"","contenu":""},"pave12":{"libelle":"","contenu":""},"pave13":{"libelle":"","contenu":""},"pave14":{"libelle":"","contenu":""},"pave15":{"libelle":"","contenu":""},"pave16":{"libelle":"","contenu":""},"pave17":{"libelle":"","contenu":""},"pave18":{"libelle":"","contenu":""},"pave19":{"libelle":"","contenu":""},"pave20":{"libelle":"","contenu":""},"pave21":{"libelle":"","contenu":""},"pave22":{"libelle":"","contenu":""},"pave23":{"libelle":"","contenu":""},"pave24":{"libelle":"","contenu":""},"pave25":{"libelle":"","contenu":""},"ContactsParType":{"GEST":{"48291":{"id_contact":"48291","type_contact":"GEST","categorie_contact":"PRESTATAIRE","societe_contact":"","fonction_contact":"","civilite_nom_prenom_contact":"SARL FJM ","adresse1_contact":"Chalet Arvina","adresse2_contact":"La Chal","adresse3_contact":"","cpostal_contact":"73530","ville_contact":"Saint-Jean-d'Arves","teldom_contact":"0033 (0)4 79 56 38 09","telbur_contact":"0033 (0)7 89 01 43 43","fax_contact":"","portable_contact":"","email_contact":"chalet.arvina@orange.fr","siteweb_contact":"http:\/\/www.chaletarvina.com","commentaire_contact":"","langue_contact":"","autre_moyen_com":[]},"48293":{"id_contact":"48293","type_contact":"GEST","categorie_contact":"PRESTATAIRE","societe_contact":"","fonction_contact":"","civilite_nom_prenom_contact":"SARL FJM ","adresse1_contact":"Chalet Arvina","adresse2_contact":"La Chal","adresse3_contact":"","cpostal_contact":"73530","ville_contact":"Saint-Jean-d'Arves","teldom_contact":"0033 (0)4 79 56 38 09","telbur_contact":"0033 (0)7 89 01 43 43","fax_contact":"","portable_contact":"","email_contact":"chalet.arvina@orange.fr","siteweb_contact":"http:\/\/www.chaletarvina.com","commentaire_contact":"","langue_contact":"","autre_moyen_com":[]},"48295":{"id_contact":"48295","type_contact":"GEST","categorie_contact":"PRESTATAIRE","societe_contact":"","fonction_contact":"","civilite_nom_prenom_contact":"SARL FJM ","adresse1_contact":"Chalet Arvina","adresse2_contact":"La Chal","adresse3_contact":"","cpostal_contact":"73530","ville_contact":"Saint-Jean-d'Arves","teldom_contact":"0033 (0)4 79 56 38 09","telbur_contact":"0033 (0)7 89 01 43 43","fax_contact":"","portable_contact":"","email_contact":"chalet.arvina@orange.fr","siteweb_contact":"http:\/\/www.chaletarvina.com","commentaire_contact":"","langue_contact":"","autre_moyen_com":[]},"48297":{"id_contact":"48297","type_contact":"GEST","categorie_contact":"PRESTATAIRE","societe_contact":"","fonction_contact":"","civilite_nom_prenom_contact":"SARL FJM ","adresse1_contact":"Chalet Arvina","adresse2_contact":"La Chal","adresse3_contact":"","cpostal_contact":"73530","ville_contact":"Saint-Jean-d'Arves","teldom_contact":"0033 (0)4 79 56 38 09","telbur_contact":"0033 (0)7 89 01 43 43","fax_contact":"","portable_contact":"","email_contact":"chalet.arvina@orange.fr","siteweb_contact":"http:\/\/www.chaletarvina.com","commentaire_contact":"","langue_contact":"","autre_moyen_com":[]},"48299":{"id_contact":"48299","type_contact":"GEST","categorie_contact":"PRESTATAIRE","societe_contact":"","fonction_contact":"","civilite_nom_prenom_contact":"SARL FJM ","adresse1_contact":"Chalet Arvina","adresse2_contact":"La Chal","adresse3_contact":"","cpostal_contact":"73530","ville_contact":"Saint-Jean-d'Arves","teldom_contact":"0033 (0)4 79 56 38 09","telbur_contact":"0033 (0)7 89 01 43 43","fax_contact":"","portable_contact":"","email_contact":"chalet.arvina@orange.fr","siteweb_contact":"http:\/\/www.chaletarvina.com","commentaire_contact":"","langue_contact":"","autre_moyen_com":[]},"48301":{"id_contact":"48301","type_contact":"GEST","categorie_contact":"PRESTATAIRE","societe_contact":"","fonction_contact":"","civilite_nom_prenom_contact":"SARL FJM ","adresse1_contact":"Chalet Arvina","adresse2_contact":"La Chal","adresse3_contact":"","cpostal_contact":"73530","ville_contact":"Saint-Jean-d'Arves","teldom_contact":"0033 (0)4 79 56 38 09","telbur_contact":"0033 (0)7 89 01 43 43","fax_contact":"","portable_contact":"","email_contact":"chalet.arvina@orange.fr","siteweb_contact":"http:\/\/www.chaletarvina.com","commentaire_contact":"","langue_contact":"","autre_moyen_com":[]},"48303":{"id_contact":"48303","type_contact":"GEST","categorie_contact":"PRESTATAIRE","societe_contact":"","fonction_contact":"","civilite_nom_prenom_contact":"SARL FJM ","adresse1_contact":"Chalet Arvina","adresse2_contact":"La Chal","adresse3_contact":"","cpostal_contact":"73530","ville_contact":"Saint-Jean-d'Arves","teldom_contact":"0033 (0)4 79 56 38 09","telbur_contact":"0033 (0)7 89 01 43 43","fax_contact":"","portable_contact":"","email_contact":"chalet.arvina@orange.fr","siteweb_contact":"http:\/\/www.chaletarvina.com","commentaire_contact":"","langue_contact":"","autre_moyen_com":[]}}},"Libelle":"SARL FJM","Nom":"SARL FJM ","Prenom":"","NomPrenom":"SARL FJM  ","CiviliteNomPrenom":"SARL FJM  ","Cle":"G|914427","PrestataireParent":"","ContexteStat":"PRESTATAIRE-G-914427","DateModificationIso":"2023-08-08T02:45:00+02:00","Type":"PRESTATAIRE","TypePrestataire":"G","Adresse":{"LigneAdresse1":"","LigneAdresse2":"","LigneAdresse3":"","CodePostal":"","Ville":"","Cedex":"","Etat":"","Pays":""},"Email":"chalet.arvina@orange.fr","Telephone":"0033 (0)7 89 01 43 43","TelephoneBureau":"0033 (0)4 79 56 38 09","Portable":"","SiteWeb":"http:\/\/www.chaletarvina.com","Fax":"","Id":"g-914427","Code":"G|914427","Fichier":[],"Url":"sarl-fjm.html","Localisation":{"GoogleMap":{"Latitude":"45.214131","Longitude":"6.264314"}},"ZoneGeo":"","LiensEtWidgetsParType":{"A":[{"Id":"15543","TypePrestataire":"G","CodePrestataire":"914427","CodePrestation":"","CodeLibelle":"","Type":"A","Url":"https:\/\/www.facebook.com\/chaletarvina\/?ref=bookmarks","Defaut":"N","Langue":"","Nature":"URL","Import":"SITRA2","LibelleText":"","Theme":""}]},"LiensEtWidgets":[{"Id":"15543","TypePrestataire":"G","CodePrestataire":"914427","CodePrestation":"","CodeLibelle":"","Type":"A","Url":"https:\/\/www.facebook.com\/chaletarvina\/?ref=bookmarks","Defaut":"N","Langue":"","Nature":"URL","Import":"SITRA2","LibelleText":"","Theme":""}],"Criteres":{"P.CINTSITRA[11226":"","P.CINTSITRA[11435":"","P.3220[25629":"","P.3233[60439":"","P.3233[908439":"","P.3218[60729":"","P.3219[72808":"","P.3219[126557":"","P.3227[82852":"","P.3230[323078":"","P.3230[5532377":"","P.3230[6328304":"","P.3221[344174":"","P.3221[549303":"","P.3221[596327":"","P.6241[595160":"","P.VilleSitra[30471":"","P.VillageDeDepart[30471":""},"DateFinPublication":"","AffichageCoordonnees":[]},"listeCriteres":{"GEQUIPSERV":{"GWIFIINTERNET":"","GEQUIPBEBE":"","GJARDINBALCONTER":"","GLAVELINGE":"","GLAVEVAISSELLE":"","GLOCALSKI":"","TV":"","GLOCALVELOS":"","GPARKINGGARAGE":""},"AFFICHAGESITE":{"ADHERENTOUICOMPLET":""},"DISPOORESAENLIGNE":{"RESERVABLE":""},"PSEUDOALEATOIRE":{"ADHERENTRESA":""},"GCAPACITMAX":{"4PERS":""},"GNOMBRE":{"4A6PERS":""},"122":{"4054":"","4055":"","612":"","803":""},"22":{"1477":"","1058":"","827":"","5069":"","672":"","723":"","721":"","807":"","710":""},"126":{"1323":"","972":""},"25":{"604":""},"127":{"914":"","606":"","1064":""},"125":{"661":"","673":""},"78":{"791":"","1029":"","1130":"","1138":"","5061":""},"117":{"837":""},"118":{"1028":"","1110":"","1145":"","1146":"","1150":""},"4168":{"4143":"","4144":""},"prestations":{"surchargeTourismesAdaptes":"","surchargeDescriptifHandicapMoteur":"","surchargeDescriptifHandicapAuditif":"","surchargeDescriptifHandicapVisuel":"","surchargeDescriptifHandicapMental":"","surchargeNombreFauteuilsRoulants":""},"68":{"876":"","971":"","1004":""},"69":{"847":"","1015":"","1011":"","1014":"","3694":"","4060":"","838":""},"70":{"951":"","917":"","922":"","999":"","949":"","1012":"","1010":"","5914":"","774":"","907":""},"71":{"987":"","900":""},"72":{"882":"","963":"","842":""},"conforts":{"996":"","799":""},"languesParlees":{"1202":"","1192":"","1197":""},"6528":{"169":""},"environnements":{"171":"","184":"","193":""},"114":{"418":""},"modesPaiement":{"1265":"","1268":"","1271":"","1274":"","1277":"","1281":""},"tourismeAffaires":{"tourismeAffairesEnabled":"","devise":"EUR"},"hebergementLocatifType":{"2620":""},"classementPrefectoral":{"2629":""},"5401":{"1614":""},"5403":{"1613":""},"capacite":{"capaciteHebergement":"4","capaciteMaximumPossible":"4","nombreLitsDoubles":"1","nombreLitsSimples":"2","surface":"36","nombrePieces":"2","nombreChambres":"1","numeroEtage":"0"},"CINTSITRA":{"10507":"","11226":"","11435":"","11533":"","4038":""},"3220":{"25629":""},"3233":{"60439":"","908439":""},"3218":{"60729":""},"3219":{"72808":"","126557":""},"3227":{"82852":""},"3230":{"323078":"","5532377":"","6328304":""},"3221":{"344174":"","549303":"","596327":""},"6241":{"595160":""},"VilleSitra":{"30471":""},"VillageDeDepart":{"30471":""},"P.CINTSITRA":{"11226":"","11435":""},"P.3220":{"25629":""},"P.3233":{"60439":"","908439":""},"P.3218":{"60729":""},"P.3219":{"72808":"","126557":""},"P.3227":{"82852":""},"P.3230":{"323078":"","5532377":"","6328304":""},"P.3221":{"344174":"","549303":"","596327":""},"P.6241":{"595160":""},"P.VilleSitra":{"30471":""},"P.VillageDeDepart":{"30471":""}},"dansCarnetVoyage":true,"Ouverture":"","WidgetDispoRechercheDate":false,"WidgetDispoVoirLienVoirToutesDispos":true,"ChargerWidgetDispoAuClic":false},"html":" \n \u003Cdiv id=\"CV-PRESTATION-G-914427-443718\" data-contexte-id=\"PRESTATION|G|914427|443718\" data-cle=\"G|914427|443718\" class=\"fiche-liste\"\u003E\n    \n\n    \u003C!-- partie photo --\u003E\n    \u003Cdiv class=\"photo\"\u003E\t\t\t\t\t\t\t\t\t\t\t\t\t\t\t\t\t\t\t\t\t\n        \u003Cdiv class=\"cadre_photo_principale\"\u003E\t\t\n        \n            \t\t\t\t\t\n                    \u003Ca href=\"chalet-arvina-le-lievre.html?origine=carnet#media\"\u003E\n                        \u003Cimg class=\"photo_principale\" alt=\"S\u00e9jour\" src=\"https:\/\/www.sja73.com\/medias\/images\/prestations\/multitailles\/320x240_66403-salon_lievre.jpg\" itemprop=\"image\"\u003E\n                    \u003C\/a\u003E\t\t\t\t\t\t\n                \n                    \u003C\/div\u003E\t\t\t\t\t\t\t\t\t\t\t\t\t\t\t\t\t\t\t \t\t\n    \u003C\/div\u003E\n    \n    \u003C!-- partie nom prest --\u003E\n    \u003Cdiv class=\"nom\"\u003E\n        \u003Ch2\u003EChalet Arvina - Le Li\u00e8vre\u003C\/h2\u003E\n        \n            \u003C\/div\u003E\n\n         \n    \u003C!-- partie adresse --\u003E\n    \u003Cdiv class=\"adresse\"\u003E\n    \n          \n    \u003C\/div\u003E\n    \n    \u003C!-- partie liens --\u003E\n    \u003Cdiv class=\"liens\"\u003E\n            \u003Ca class=\"btn-icon btn-view \" title=\"Voir la fiche d\u00e9taill\u00e9e\" href=\"chalet-arvina-le-lievre.html?origine=carnet\"\u003E\u003C\/a\u003E\u003C!--\u003Ca class=\"btn-icon btn-view \" title=\"\" href=\"?origine=carnet#thaut\"\u003E\u003C\/a\u003E--\u003E\n      \u003Ca class=\"btn-icon btn-trash carnet_voyage_supprimer\" title=\"Supprimer cette fiche de mon carnet de voyage\" href=\"carnet-voyage?action=remove&fiche=G|914427|443718\"\u003E\u003C\/a\u003E\n    \u003C\/div\u003E\n\n\u003C\/div\u003E\n\n","icon":"https:\/\/static.ingenie.fr\/images\/carnetVoyageV3\/G.png"},"fiche":"G|914427|443718","popup":"\u003Cdiv id=\"bloc_popup_ajout_fiche_carnet\"\u003E\n    \u003Cdiv class=\"info_popup_ajout_fiche_carnet\"\u003E\n        Vous venez d'ajouter cet \u00e9l\u00e9ment \u00e0 votre carnet de voyage :    \u003C\/div\u003E\n    \u003Cdiv class=\"prest_popup_ajout_fiche_carnet\"\u003E\n        Chalet Arvina - Le Li&egrave;vre    \u003C\/div\u003E\n    \u003Cdiv class=\"bloc_btn_ajout_fiche_carnet form_submit_div\"\u003E\n        \u003Cinput type=\"button\" value=\"Continuer ma s\u00e9lection\" title=\"Continuer ma s\u00e9lection\" name=\"btn_close\" class=\"btn_close_popup_carnet form_submit\" onclick=\"$.colorbox.close()\" \/\u003E\n        \u003Cinput type=\"button\" value=\"Voir mon carnet de voyage\" title=\"Voir mon carnet\" name=\"btn_panier\" class=\"btn_panier_popup_carnet form_submit\" onclick=\"if(typeof CarnetVoyage != 'undefined') {CarnetVoyage.voirCarnet();}\" \/\u003E\n    \u003C\/div\u003E\n    \u003Cdiv class=\"bloc_btn_ajout_fiche_carnet\"\u003E\n        \u003Cinput type=\"checkbox\" value=\"1\" name=\"desactiver_popup\" id=\"desactiver_popup\" \/\u003E\n        \u003Clabel for=\"desactiver_popup\"\u003ENe plus afficher ce message\u003C\/label\u003E\n    \u003C\/div\u003E\n\u003C\/div\u003E","success":1}