{"nbFiches":1,"dataPrest":{"infoPrest":{"pave1":{"libelle":"Descriptif court","contenu":"Chalet, 7 pers, 55 m\u00b2, 3 chambres, hameau du Collet (1 600 m), \u00e0 500 m du centre station, terrasse sud, v\u00e9randa, d\u00e9co savoyarde chaleureuse.","fichiers":[]},"pave2":{"libelle":"Descriptif d\u00e9taill\u00e9","contenu":"Au  pied du  Mont Charvin, situ\u00e9 au hameau du Collet \u00e0 Saint Jean d'Arves, ce chalet de charme au d\u00e9cor Savoyard se trouve dans la copropri\u00e9t\u00e9 R\u00e9sidence l\u2019Etendard. (Chalet n\u00b011)\u003Cbr \/\u003E\r\nDepuis le chalet, vue exceptionnelle sur les pistes, la station et montagne environnantes.\u003Cbr \/\u003E\r\nSitu\u00e9 \u00e0 50 m\u00e8tres de la piste bleue le li\u00e8vre (retour front de neige) et \u00e0 500 m\u00e8tres du centre station La Chal en empruntant un raccourci pi\u00e9ton (enneig\u00e9 en hiver). Possibilit\u00e9 de d\u00e9part et retour ski au pied \u00e0 proximit\u00e9.\u003Cbr \/\u003E\r\n\u003Cbr \/\u003E\r\nAu d\u00e9part des sentiers de randonn\u00e9es, \u00e0 10km du Col de la Croix de fer, tr\u00e8s connu pour le passage du Tour de France cycliste.\u003Cbr \/\u003E\r\n\u003Cbr \/\u003E\r\nL'hiver la station est reli\u00e9e au domaine Les Sybelles.\u003Cbr \/\u003E\r\n\u003Cbr \/\u003E\r\nAutres \u00e9quipements : Parking priv\u00e9 (2 voitures maxi), grande terrasse, v\u00e9randa coin lecture. Animaux accept\u00e9 avec suppl\u00e9ment.\u003Cbr \/\u003E\r\nPratique pour deux familles avec un petit logement ind\u00e9pendant.","fichiers":[]},"pave3":{"libelle":"Bons plans","contenu":"","fichiers":[]},"pave4":{"libelle":"Compl\u00e9ment localisation","contenu":"","fichiers":[]},"pave5":{"libelle":"Compl\u00e9ment accueil","contenu":"","fichiers":[]},"pave6":{"libelle":"P\u00e9riodes en clair","contenu":"Du 13\/12\/2025 au 10\/04\/2026 tous les jours.","fichiers":[]},"pave7":{"libelle":"Tarifs en clair","contenu":"Semaine : de 720 \u00e0 920 \u20ac.","fichiers":[]},"pave8":{"libelle":"Compl\u00e9ment Tarifs","contenu":"","fichiers":[]},"pave9":{"libelle":"Compl\u00e9ment R\u00e9servation","contenu":"","fichiers":[]},"pave10":{"libelle":"Descriptif court","contenu":"","fichiers":[]},"pave11":{"libelle":"Descriptif d\u00e9taill\u00e9","contenu":"","fichiers":[]},"pave12":{"libelle":"Compl\u00e9ment localisation","contenu":"","fichiers":[]},"pave13":{"libelle":"Compl\u00e9ment accueil","contenu":"","fichiers":[]},"pave14":{"libelle":"P\u00e9riodes en clair","contenu":"","fichiers":[]},"pave15":{"libelle":"Tarifs en clair","contenu":"","fichiers":[]},"pave16":{"libelle":"Compl\u00e9ment Tarifs","contenu":"","fichiers":[]},"pave17":{"libelle":"Compl\u00e9ment R\u00e9servation","contenu":"","fichiers":[]},"pave18":{"libelle":"Descriptif court","contenu":"","fichiers":[]},"pave19":{"libelle":"Descriptif d\u00e9taill\u00e9","contenu":"","fichiers":[]},"pave20":{"libelle":"Compl\u00e9ment localisation","contenu":"","fichiers":[]},"pave21":{"libelle":"Compl\u00e9ment accueil","contenu":"","fichiers":[]},"pave22":{"libelle":"P\u00e9riodes en clair","contenu":"","fichiers":[]},"pave23":{"libelle":"Tarifs en clair","contenu":"","fichiers":[]},"pave24":{"libelle":"Compl\u00e9ment Tarifs","contenu":"","fichiers":[]},"pave25":{"libelle":"Compl\u00e9ment R\u00e9servation","contenu":"","fichiers":[]},"Libelle":"Chalet L'Etendard n\u00b0 11","Reference":"","Reftar":"","Type":"PRESTATION","TypePrestataire":"G","ContexteStat":"PRESTATION-G-390141-391642","DateModificationIso":"2026-04-18T00:39:00+02:00","Adresse":{"LigneAdresse1":"R\u00e9sidence L'Etendard - Chalet n\u00b011","LigneAdresse2":"Le Collet","LigneAdresse3":"","CodePostal":"73530","Ville":"Saint-Jean-d'Arves","Cedex":"","Etat":"","Pays":"FRA"},"Id":"g-390141-391642","Code":"G|390141|391642","Cle":"G|390141|391642","Url":"chalet-l-etendard-n-11.html","Localisation":{"GoogleMap":{"Latitude":"45.211489","Longitude":"6.269863"}},"ZoneGeo":"","Criteres":{"GEQUIPSERV[GPARKINGGARAGE":"","GEQUIPSERV[GJARDINBALCONTER":"","AFFICHAGESITE[ADHERENTOUICOMPLET":"","GEQUIPSERV[TV":"","GCAPACITMAX[7PERS":"","GNOMBRE[7PERS":"","GNOMBRE[8PERS":"","GEQUIPSERV[GANIMAUX":"","PSEUDOALEATOIRE[ADHERENTSSRESA":"","22[672":"","22[723":"","22[1058":"","22[1477":"","122[803":"","126[972":"","126[1323":"","25[1053":"","services[687":"","services[1025":"","prestations[animauxAcceptes":"","prestations[animauxAcceptesSupplement":"","prestations[surchargeTourismesAdaptes":"","prestations[surchargeDescriptifHandicapMoteur":"","prestations[surchargeDescriptifHandicapAuditif":"","prestations[surchargeDescriptifHandicapVisuel":"","prestations[surchargeDescriptifHandicapMental":"","prestations[surchargeNombreFauteuilsRoulants":"","70[774":"","70[907":"","70[943":"","70[946":"","70[997":"","70[999":"","70[1012":"","72[797":"","72[939":"","72[963":"","72[985":"","72[998":"","conforts[799":"","68[898":"","68[971":"","68[1005":"","71[900":"","71[987":"","73[902":"","73[973":"","73[977":"","6528[169":"","environnements[171":"","environnements[193":"","114[416":"","114[435":"","114[436":"","modesPaiement[1271":"","modesPaiement[1277":"","modesPaiement[1281":"","tourismeAffaires[tourismeAffairesEnabled":"","tourismeAffaires[devise":"EUR","hebergementLocatifType[2620":"","classementPrefectoral[2633":"","capacite[capaciteHebergement":"7","capacite[capaciteMaximumPossible":"7","capacite[nombreLitsDoubles":"2","capacite[nombreLitsSimples":"3","capacite[surface":"55","capacite[nombrePieces":"4","capacite[nombreChambres":"3","capacite[nombreEtages":"2","CINTSITRA[4038":"","CINTSITRA[10507":"","CINTSITRA[11226":"","CINTSITRA[11435":"","3220[25629":"","3233[60439":"","3233[908439":"","3218[60729":"","3219[72808":"","3219[126557":"","3227[82852":"","3230[323078":"","3230[5532377":"","3230[6328304":"","3221[344174":"","3221[549303":"","3221[596327":"","6241[595160":"","VilleSitra[30471":"","VillageDeDepart[30471":""},"ContactsParType":{"IWEB":{"59651":{"id_contact":"59651","type_contact":"IWEB","categorie_contact":"PRESTATION","societe_contact":"","fonction_contact":"","civilite_nom_prenom_contact":"Desruelles Philippe  ","adresse1_contact":"","adresse2_contact":"","adresse3_contact":"","cpostal_contact":"","ville_contact":"","teldom_contact":"0033 (0)3 28 68 21 27","telbur_contact":"0033(0)6 23 18 64 22","fax_contact":"","portable_contact":"","email_contact":"phyldes49@hotmail.fr","siteweb_contact":"","commentaire_contact":"","langue_contact":"","autre_moyen_com":[]}},"":{"59652":{"id_contact":"59652","type_contact":"","categorie_contact":"PRESTATION","societe_contact":"","fonction_contact":"","civilite_nom_prenom_contact":"DESRUELLES Philippe ","adresse1_contact":"","adresse2_contact":"","adresse3_contact":"","cpostal_contact":"","ville_contact":"","teldom_contact":"","telbur_contact":"","fax_contact":"","portable_contact":"","email_contact":"","siteweb_contact":"","commentaire_contact":"","langue_contact":"","autre_moyen_com":[]}},"RES":{"59653":{"id_contact":"59653","type_contact":"RES","categorie_contact":"PRESTATION","societe_contact":"","fonction_contact":"","civilite_nom_prenom_contact":"Desruelles Philippe ","adresse1_contact":"","adresse2_contact":"","adresse3_contact":"","cpostal_contact":"","ville_contact":"","teldom_contact":"","telbur_contact":"","fax_contact":"","portable_contact":"","email_contact":"","siteweb_contact":"","commentaire_contact":"","langue_contact":"","autre_moyen_com":[]}}},"ContactRemplaceCoordonnees":"59651","Prestataire":{"pave1":{"libelle":"","contenu":""},"pave2":{"libelle":"","contenu":""},"pave3":{"libelle":"","contenu":""},"pave4":{"libelle":"","contenu":""},"pave5":{"libelle":"","contenu":""},"pave6":{"libelle":"","contenu":""},"pave7":{"libelle":"","contenu":""},"pave8":{"libelle":"","contenu":""},"pave9":{"libelle":"","contenu":""},"pave10":{"libelle":"","contenu":""},"pave11":{"libelle":"","contenu":""},"pave12":{"libelle":"","contenu":""},"pave13":{"libelle":"","contenu":""},"pave14":{"libelle":"","contenu":""},"pave15":{"libelle":"","contenu":""},"pave16":{"libelle":"","contenu":""},"pave17":{"libelle":"","contenu":""},"pave18":{"libelle":"","contenu":""},"pave19":{"libelle":"","contenu":""},"pave20":{"libelle":"","contenu":""},"pave21":{"libelle":"","contenu":""},"pave22":{"libelle":"","contenu":""},"pave23":{"libelle":"","contenu":""},"pave24":{"libelle":"","contenu":""},"pave25":{"libelle":"","contenu":""},"ContactsParType":{"GEST":{"46170":{"id_contact":"46170","type_contact":"GEST","categorie_contact":"PRESTATAIRE","societe_contact":"","fonction_contact":"","civilite_nom_prenom_contact":"Desruelles Philippe ","adresse1_contact":"24, avenue des Hameaux","adresse2_contact":"","adresse3_contact":"","cpostal_contact":"59380","ville_contact":"Bierne","teldom_contact":"0033 (0)3 28 68 21 27","telbur_contact":"0033(0)6 23 18 64 22","fax_contact":"","portable_contact":"","email_contact":"phyldes49@hotmail.fr","siteweb_contact":"","commentaire_contact":"","langue_contact":"","autre_moyen_com":[]}}},"Libelle":"Desruelles Philippe","Nom":"Desruelles Philippe ","Prenom":"","NomPrenom":"Desruelles Philippe  ","CiviliteNomPrenom":"Desruelles Philippe  ","Cle":"G|390141","PrestataireParent":"","ContexteStat":"PRESTATAIRE-G-390141","DateModificationIso":"2023-02-14T01:04:00+01:00","Type":"PRESTATAIRE","TypePrestataire":"G","Adresse":{"LigneAdresse1":"","LigneAdresse2":"","LigneAdresse3":"","CodePostal":"","Ville":"","Cedex":"","Etat":"","Pays":""},"Email":"phyldes49@hotmail.fr","Telephone":"0033 (0)3 28 68 21 27","TelephoneBureau":"0033(0)6 23 18 64 22","Portable":"","SiteWeb":"","Fax":"","Id":"g-390141","Code":"G|390141","Fichier":[],"Url":"desruelles-philippe.html","Localisation":{"GoogleMap":{"Latitude":"","Longitude":""}},"ZoneGeo":"","Criteres":{"P.3969[3169":"","P.CINTSITRA[11226":"","P.CINTSITRA[11435":"","P.VilleSitra[23159":"","P.VillageDeDepart[23159":""},"DateFinPublication":""},"Fichier":{"Image":[{"url":"https:\/\/www.sja73.com\/medias\/images\/prestations\/65619-hiver_2023.jpg","chemin":"..\/medias\/images\/prestations\/65619-hiver_2023.jpg","libelle":"Ext\u00e9rieur Hiver","extension":"jpg","categorie":"","largeur":250,"theme":"","hauteur":333,"type":"Image","origine":"","liaisonPave":"","langue":"","id":"65619","urlVignette":"https:\/\/www.sja73.com\/medias\/images\/prestations\/v-65619-hiver_2023.jpg","alt":"Ext\u00e9rieur Hiver","title":"Ext\u00e9rieur Hiver - &copy Philippe Desruelles","MultiTaille":{"1920x1440":{"url":"https:\/\/www.sja73.com\/medias\/images\/prestations\/multitailles\/1920x1440_65619-hiver_2023.jpg"},"1200x900":{"url":"https:\/\/www.sja73.com\/medias\/images\/prestations\/multitailles\/1200x900_65619-hiver_2023.jpg"},"800x600":{"url":"https:\/\/www.sja73.com\/medias\/images\/prestations\/multitailles\/800x600_65619-hiver_2023.jpg"},"640x480":{"url":"https:\/\/www.sja73.com\/medias\/images\/prestations\/multitailles\/640x480_65619-hiver_2023.jpg"},"320x240":{"url":"https:\/\/www.sja73.com\/medias\/images\/prestations\/multitailles\/320x240_65619-hiver_2023.jpg"},"160x120":{"url":"https:\/\/www.sja73.com\/medias\/images\/prestations\/multitailles\/160x120_65619-hiver_2023.jpg"},"origine":{"url":"https:\/\/www.sja73.com\/medias\/images\/prestations\/65619-hiver_2023.jpg"}},"urlLien":"","typeLien":"","nofollow":"N","copyright":"Philippe Desruelles"},{"url":"https:\/\/www.sja73.com\/medias\/images\/prestations\/65620-010_vue_d_ense0ble_coin_cuisine.jpg","chemin":"..\/medias\/images\/prestations\/65620-010_vue_d_ense0ble_coin_cuisine.jpg","libelle":"Chalet L'Etendard n\u00b0 11_Saint-Jean-d'Arves","extension":"jpg","categorie":"","largeur":2048,"theme":"","hauteur":1536,"type":"Image","origine":"","liaisonPave":"","langue":"","id":"65620","urlVignette":"https:\/\/www.sja73.com\/medias\/images\/prestations\/v-65620-010_vue_d_ense0ble_coin_cuisine.jpg","alt":"Chalet L'Etendard n\u00b0 11_Saint-Jean-d'Arves","title":"Chalet L'Etendard n\u00b0 11_Saint-Jean-d'Arves","MultiTaille":{"1920x1440":{"url":"https:\/\/www.sja73.com\/medias\/images\/prestations\/multitailles\/1920x1440_65620-010_vue_d_ense0ble_coin_cuisine.jpg"},"1200x900":{"url":"https:\/\/www.sja73.com\/medias\/images\/prestations\/multitailles\/1200x900_65620-010_vue_d_ense0ble_coin_cuisine.jpg"},"800x600":{"url":"https:\/\/www.sja73.com\/medias\/images\/prestations\/multitailles\/800x600_65620-010_vue_d_ense0ble_coin_cuisine.jpg"},"640x480":{"url":"https:\/\/www.sja73.com\/medias\/images\/prestations\/multitailles\/640x480_65620-010_vue_d_ense0ble_coin_cuisine.jpg"},"320x240":{"url":"https:\/\/www.sja73.com\/medias\/images\/prestations\/multitailles\/320x240_65620-010_vue_d_ense0ble_coin_cuisine.jpg"},"160x120":{"url":"https:\/\/www.sja73.com\/medias\/images\/prestations\/multitailles\/160x120_65620-010_vue_d_ense0ble_coin_cuisine.jpg"},"origine":{"url":"https:\/\/www.sja73.com\/medias\/images\/prestations\/65620-010_vue_d_ense0ble_coin_cuisine.jpg"}},"urlLien":"","typeLien":"","nofollow":"N","copyright":""},{"url":"https:\/\/www.sja73.com\/medias\/images\/prestations\/65621-dsc05165.jpg","chemin":"..\/medias\/images\/prestations\/65621-dsc05165.jpg","libelle":"Chalet L'Etendard n\u00b0 11_Saint-Jean-d'Arves","extension":"jpg","categorie":"","largeur":640,"theme":"","hauteur":480,"type":"Image","origine":"","liaisonPave":"","langue":"","id":"65621","urlVignette":"https:\/\/www.sja73.com\/medias\/images\/prestations\/v-65621-dsc05165.jpg","alt":"Chalet L'Etendard n\u00b0 11_Saint-Jean-d'Arves","title":"Chalet L'Etendard n\u00b0 11_Saint-Jean-d'Arves","MultiTaille":{"1920x1440":{"url":"https:\/\/www.sja73.com\/medias\/images\/prestations\/multitailles\/1920x1440_65621-dsc05165.jpg"},"1200x900":{"url":"https:\/\/www.sja73.com\/medias\/images\/prestations\/multitailles\/1200x900_65621-dsc05165.jpg"},"800x600":{"url":"https:\/\/www.sja73.com\/medias\/images\/prestations\/multitailles\/800x600_65621-dsc05165.jpg"},"640x480":{"url":"https:\/\/www.sja73.com\/medias\/images\/prestations\/multitailles\/640x480_65621-dsc05165.jpg"},"320x240":{"url":"https:\/\/www.sja73.com\/medias\/images\/prestations\/multitailles\/320x240_65621-dsc05165.jpg"},"160x120":{"url":"https:\/\/www.sja73.com\/medias\/images\/prestations\/multitailles\/160x120_65621-dsc05165.jpg"},"origine":{"url":"https:\/\/www.sja73.com\/medias\/images\/prestations\/65621-dsc05165.jpg"}},"urlLien":"","typeLien":"","nofollow":"N","copyright":""},{"url":"https:\/\/www.sja73.com\/medias\/images\/prestations\/65622-dsc05217.jpg","chemin":"..\/medias\/images\/prestations\/65622-dsc05217.jpg","libelle":"Chalet L'Etendard n\u00b0 11_Saint-Jean-d'Arves","extension":"jpg","categorie":"","largeur":640,"theme":"","hauteur":480,"type":"Image","origine":"","liaisonPave":"","langue":"","id":"65622","urlVignette":"https:\/\/www.sja73.com\/medias\/images\/prestations\/v-65622-dsc05217.jpg","alt":"Chalet L'Etendard n\u00b0 11_Saint-Jean-d'Arves","title":"Chalet L'Etendard n\u00b0 11_Saint-Jean-d'Arves","MultiTaille":{"1920x1440":{"url":"https:\/\/www.sja73.com\/medias\/images\/prestations\/multitailles\/1920x1440_65622-dsc05217.jpg"},"1200x900":{"url":"https:\/\/www.sja73.com\/medias\/images\/prestations\/multitailles\/1200x900_65622-dsc05217.jpg"},"800x600":{"url":"https:\/\/www.sja73.com\/medias\/images\/prestations\/multitailles\/800x600_65622-dsc05217.jpg"},"640x480":{"url":"https:\/\/www.sja73.com\/medias\/images\/prestations\/multitailles\/640x480_65622-dsc05217.jpg"},"320x240":{"url":"https:\/\/www.sja73.com\/medias\/images\/prestations\/multitailles\/320x240_65622-dsc05217.jpg"},"160x120":{"url":"https:\/\/www.sja73.com\/medias\/images\/prestations\/multitailles\/160x120_65622-dsc05217.jpg"},"origine":{"url":"https:\/\/www.sja73.com\/medias\/images\/prestations\/65622-dsc05217.jpg"}},"urlLien":"","typeLien":"","nofollow":"N","copyright":""},{"url":"https:\/\/www.sja73.com\/medias\/images\/prestations\/65623-img_0311.jpg","chemin":"..\/medias\/images\/prestations\/65623-img_0311.jpg","libelle":"Chalet L'Etendard n\u00b0 11_Saint-Jean-d'Arves","extension":"jpg","categorie":"","largeur":480,"theme":"","hauteur":640,"type":"Image","origine":"","liaisonPave":"","langue":"","id":"65623","urlVignette":"https:\/\/www.sja73.com\/medias\/images\/prestations\/v-65623-img_0311.jpg","alt":"Chalet L'Etendard n\u00b0 11_Saint-Jean-d'Arves","title":"Chalet L'Etendard n\u00b0 11_Saint-Jean-d'Arves","MultiTaille":{"1920x1440":{"url":"https:\/\/www.sja73.com\/medias\/images\/prestations\/multitailles\/1920x1440_65623-img_0311.jpg"},"1200x900":{"url":"https:\/\/www.sja73.com\/medias\/images\/prestations\/multitailles\/1200x900_65623-img_0311.jpg"},"800x600":{"url":"https:\/\/www.sja73.com\/medias\/images\/prestations\/multitailles\/800x600_65623-img_0311.jpg"},"640x480":{"url":"https:\/\/www.sja73.com\/medias\/images\/prestations\/multitailles\/640x480_65623-img_0311.jpg"},"320x240":{"url":"https:\/\/www.sja73.com\/medias\/images\/prestations\/multitailles\/320x240_65623-img_0311.jpg"},"160x120":{"url":"https:\/\/www.sja73.com\/medias\/images\/prestations\/multitailles\/160x120_65623-img_0311.jpg"},"origine":{"url":"https:\/\/www.sja73.com\/medias\/images\/prestations\/65623-img_0311.jpg"}},"urlLien":"","typeLien":"","nofollow":"N","copyright":""},{"url":"https:\/\/www.sja73.com\/medias\/images\/prestations\/65624-img_3835.jpg","chemin":"..\/medias\/images\/prestations\/65624-img_3835.jpg","libelle":"Chalet L'Etendard n\u00b0 11_Saint-Jean-d'Arves","extension":"jpg","categorie":"","largeur":3264,"theme":"","hauteur":2448,"type":"Image","origine":"","liaisonPave":"","langue":"","id":"65624","urlVignette":"https:\/\/www.sja73.com\/medias\/images\/prestations\/v-65624-img_3835.jpg","alt":"Chalet L'Etendard n\u00b0 11_Saint-Jean-d'Arves","title":"Chalet L'Etendard n\u00b0 11_Saint-Jean-d'Arves","MultiTaille":{"1920x1440":{"url":"https:\/\/www.sja73.com\/medias\/images\/prestations\/multitailles\/1920x1440_65624-img_3835.jpg"},"1200x900":{"url":"https:\/\/www.sja73.com\/medias\/images\/prestations\/multitailles\/1200x900_65624-img_3835.jpg"},"800x600":{"url":"https:\/\/www.sja73.com\/medias\/images\/prestations\/multitailles\/800x600_65624-img_3835.jpg"},"640x480":{"url":"https:\/\/www.sja73.com\/medias\/images\/prestations\/multitailles\/640x480_65624-img_3835.jpg"},"320x240":{"url":"https:\/\/www.sja73.com\/medias\/images\/prestations\/multitailles\/320x240_65624-img_3835.jpg"},"160x120":{"url":"https:\/\/www.sja73.com\/medias\/images\/prestations\/multitailles\/160x120_65624-img_3835.jpg"},"origine":{"url":"https:\/\/www.sja73.com\/medias\/images\/prestations\/65624-img_3835.jpg"}},"urlLien":"","typeLien":"","nofollow":"N","copyright":""},{"url":"https:\/\/www.sja73.com\/medias\/images\/prestations\/65625-img_5161.jpg","chemin":"..\/medias\/images\/prestations\/65625-img_5161.jpg","libelle":"Chalet L'Etendard n\u00b0 11_Saint-Jean-d'Arves","extension":"jpg","categorie":"","largeur":3024,"theme":"","hauteur":4032,"type":"Image","origine":"","liaisonPave":"","langue":"","id":"65625","urlVignette":"https:\/\/www.sja73.com\/medias\/images\/prestations\/v-65625-img_5161.jpg","alt":"Chalet L'Etendard n\u00b0 11_Saint-Jean-d'Arves","title":"Chalet L'Etendard n\u00b0 11_Saint-Jean-d'Arves","MultiTaille":{"1920x1440":{"url":"https:\/\/www.sja73.com\/medias\/images\/prestations\/multitailles\/1920x1440_65625-img_5161.jpg"},"1200x900":{"url":"https:\/\/www.sja73.com\/medias\/images\/prestations\/multitailles\/1200x900_65625-img_5161.jpg"},"800x600":{"url":"https:\/\/www.sja73.com\/medias\/images\/prestations\/multitailles\/800x600_65625-img_5161.jpg"},"640x480":{"url":"https:\/\/www.sja73.com\/medias\/images\/prestations\/multitailles\/640x480_65625-img_5161.jpg"},"320x240":{"url":"https:\/\/www.sja73.com\/medias\/images\/prestations\/multitailles\/320x240_65625-img_5161.jpg"},"160x120":{"url":"https:\/\/www.sja73.com\/medias\/images\/prestations\/multitailles\/160x120_65625-img_5161.jpg"},"origine":{"url":"https:\/\/www.sja73.com\/medias\/images\/prestations\/65625-img_5161.jpg"}},"urlLien":"","typeLien":"","nofollow":"N","copyright":""}],"ByCategorie":{"":[{"url":"https:\/\/www.sja73.com\/medias\/images\/prestations\/65619-hiver_2023.jpg","chemin":"..\/medias\/images\/prestations\/65619-hiver_2023.jpg","libelle":"Ext\u00e9rieur Hiver","extension":"jpg","categorie":"","largeur":250,"theme":"","hauteur":333,"type":"Image","origine":"","liaisonPave":"","langue":"","id":"65619","urlVignette":"https:\/\/www.sja73.com\/medias\/images\/prestations\/v-65619-hiver_2023.jpg","alt":"Ext\u00e9rieur Hiver","title":"Ext\u00e9rieur Hiver - &copy Philippe Desruelles","MultiTaille":{"1920x1440":{"url":"https:\/\/www.sja73.com\/medias\/images\/prestations\/multitailles\/1920x1440_65619-hiver_2023.jpg"},"1200x900":{"url":"https:\/\/www.sja73.com\/medias\/images\/prestations\/multitailles\/1200x900_65619-hiver_2023.jpg"},"800x600":{"url":"https:\/\/www.sja73.com\/medias\/images\/prestations\/multitailles\/800x600_65619-hiver_2023.jpg"},"640x480":{"url":"https:\/\/www.sja73.com\/medias\/images\/prestations\/multitailles\/640x480_65619-hiver_2023.jpg"},"320x240":{"url":"https:\/\/www.sja73.com\/medias\/images\/prestations\/multitailles\/320x240_65619-hiver_2023.jpg"},"160x120":{"url":"https:\/\/www.sja73.com\/medias\/images\/prestations\/multitailles\/160x120_65619-hiver_2023.jpg"},"origine":{"url":"https:\/\/www.sja73.com\/medias\/images\/prestations\/65619-hiver_2023.jpg"}},"urlLien":"","typeLien":"","nofollow":"N","copyright":"Philippe Desruelles"},{"url":"https:\/\/www.sja73.com\/medias\/images\/prestations\/65620-010_vue_d_ense0ble_coin_cuisine.jpg","chemin":"..\/medias\/images\/prestations\/65620-010_vue_d_ense0ble_coin_cuisine.jpg","libelle":"Chalet L'Etendard n\u00b0 11_Saint-Jean-d'Arves","extension":"jpg","categorie":"","largeur":2048,"theme":"","hauteur":1536,"type":"Image","origine":"","liaisonPave":"","langue":"","id":"65620","urlVignette":"https:\/\/www.sja73.com\/medias\/images\/prestations\/v-65620-010_vue_d_ense0ble_coin_cuisine.jpg","alt":"Chalet L'Etendard n\u00b0 11_Saint-Jean-d'Arves","title":"Chalet L'Etendard n\u00b0 11_Saint-Jean-d'Arves","MultiTaille":{"1920x1440":{"url":"https:\/\/www.sja73.com\/medias\/images\/prestations\/multitailles\/1920x1440_65620-010_vue_d_ense0ble_coin_cuisine.jpg"},"1200x900":{"url":"https:\/\/www.sja73.com\/medias\/images\/prestations\/multitailles\/1200x900_65620-010_vue_d_ense0ble_coin_cuisine.jpg"},"800x600":{"url":"https:\/\/www.sja73.com\/medias\/images\/prestations\/multitailles\/800x600_65620-010_vue_d_ense0ble_coin_cuisine.jpg"},"640x480":{"url":"https:\/\/www.sja73.com\/medias\/images\/prestations\/multitailles\/640x480_65620-010_vue_d_ense0ble_coin_cuisine.jpg"},"320x240":{"url":"https:\/\/www.sja73.com\/medias\/images\/prestations\/multitailles\/320x240_65620-010_vue_d_ense0ble_coin_cuisine.jpg"},"160x120":{"url":"https:\/\/www.sja73.com\/medias\/images\/prestations\/multitailles\/160x120_65620-010_vue_d_ense0ble_coin_cuisine.jpg"},"origine":{"url":"https:\/\/www.sja73.com\/medias\/images\/prestations\/65620-010_vue_d_ense0ble_coin_cuisine.jpg"}},"urlLien":"","typeLien":"","nofollow":"N","copyright":""},{"url":"https:\/\/www.sja73.com\/medias\/images\/prestations\/65621-dsc05165.jpg","chemin":"..\/medias\/images\/prestations\/65621-dsc05165.jpg","libelle":"Chalet L'Etendard n\u00b0 11_Saint-Jean-d'Arves","extension":"jpg","categorie":"","largeur":640,"theme":"","hauteur":480,"type":"Image","origine":"","liaisonPave":"","langue":"","id":"65621","urlVignette":"https:\/\/www.sja73.com\/medias\/images\/prestations\/v-65621-dsc05165.jpg","alt":"Chalet L'Etendard n\u00b0 11_Saint-Jean-d'Arves","title":"Chalet L'Etendard n\u00b0 11_Saint-Jean-d'Arves","MultiTaille":{"1920x1440":{"url":"https:\/\/www.sja73.com\/medias\/images\/prestations\/multitailles\/1920x1440_65621-dsc05165.jpg"},"1200x900":{"url":"https:\/\/www.sja73.com\/medias\/images\/prestations\/multitailles\/1200x900_65621-dsc05165.jpg"},"800x600":{"url":"https:\/\/www.sja73.com\/medias\/images\/prestations\/multitailles\/800x600_65621-dsc05165.jpg"},"640x480":{"url":"https:\/\/www.sja73.com\/medias\/images\/prestations\/multitailles\/640x480_65621-dsc05165.jpg"},"320x240":{"url":"https:\/\/www.sja73.com\/medias\/images\/prestations\/multitailles\/320x240_65621-dsc05165.jpg"},"160x120":{"url":"https:\/\/www.sja73.com\/medias\/images\/prestations\/multitailles\/160x120_65621-dsc05165.jpg"},"origine":{"url":"https:\/\/www.sja73.com\/medias\/images\/prestations\/65621-dsc05165.jpg"}},"urlLien":"","typeLien":"","nofollow":"N","copyright":""},{"url":"https:\/\/www.sja73.com\/medias\/images\/prestations\/65622-dsc05217.jpg","chemin":"..\/medias\/images\/prestations\/65622-dsc05217.jpg","libelle":"Chalet L'Etendard n\u00b0 11_Saint-Jean-d'Arves","extension":"jpg","categorie":"","largeur":640,"theme":"","hauteur":480,"type":"Image","origine":"","liaisonPave":"","langue":"","id":"65622","urlVignette":"https:\/\/www.sja73.com\/medias\/images\/prestations\/v-65622-dsc05217.jpg","alt":"Chalet L'Etendard n\u00b0 11_Saint-Jean-d'Arves","title":"Chalet L'Etendard n\u00b0 11_Saint-Jean-d'Arves","MultiTaille":{"1920x1440":{"url":"https:\/\/www.sja73.com\/medias\/images\/prestations\/multitailles\/1920x1440_65622-dsc05217.jpg"},"1200x900":{"url":"https:\/\/www.sja73.com\/medias\/images\/prestations\/multitailles\/1200x900_65622-dsc05217.jpg"},"800x600":{"url":"https:\/\/www.sja73.com\/medias\/images\/prestations\/multitailles\/800x600_65622-dsc05217.jpg"},"640x480":{"url":"https:\/\/www.sja73.com\/medias\/images\/prestations\/multitailles\/640x480_65622-dsc05217.jpg"},"320x240":{"url":"https:\/\/www.sja73.com\/medias\/images\/prestations\/multitailles\/320x240_65622-dsc05217.jpg"},"160x120":{"url":"https:\/\/www.sja73.com\/medias\/images\/prestations\/multitailles\/160x120_65622-dsc05217.jpg"},"origine":{"url":"https:\/\/www.sja73.com\/medias\/images\/prestations\/65622-dsc05217.jpg"}},"urlLien":"","typeLien":"","nofollow":"N","copyright":""},{"url":"https:\/\/www.sja73.com\/medias\/images\/prestations\/65623-img_0311.jpg","chemin":"..\/medias\/images\/prestations\/65623-img_0311.jpg","libelle":"Chalet L'Etendard n\u00b0 11_Saint-Jean-d'Arves","extension":"jpg","categorie":"","largeur":480,"theme":"","hauteur":640,"type":"Image","origine":"","liaisonPave":"","langue":"","id":"65623","urlVignette":"https:\/\/www.sja73.com\/medias\/images\/prestations\/v-65623-img_0311.jpg","alt":"Chalet L'Etendard n\u00b0 11_Saint-Jean-d'Arves","title":"Chalet L'Etendard n\u00b0 11_Saint-Jean-d'Arves","MultiTaille":{"1920x1440":{"url":"https:\/\/www.sja73.com\/medias\/images\/prestations\/multitailles\/1920x1440_65623-img_0311.jpg"},"1200x900":{"url":"https:\/\/www.sja73.com\/medias\/images\/prestations\/multitailles\/1200x900_65623-img_0311.jpg"},"800x600":{"url":"https:\/\/www.sja73.com\/medias\/images\/prestations\/multitailles\/800x600_65623-img_0311.jpg"},"640x480":{"url":"https:\/\/www.sja73.com\/medias\/images\/prestations\/multitailles\/640x480_65623-img_0311.jpg"},"320x240":{"url":"https:\/\/www.sja73.com\/medias\/images\/prestations\/multitailles\/320x240_65623-img_0311.jpg"},"160x120":{"url":"https:\/\/www.sja73.com\/medias\/images\/prestations\/multitailles\/160x120_65623-img_0311.jpg"},"origine":{"url":"https:\/\/www.sja73.com\/medias\/images\/prestations\/65623-img_0311.jpg"}},"urlLien":"","typeLien":"","nofollow":"N","copyright":""},{"url":"https:\/\/www.sja73.com\/medias\/images\/prestations\/65624-img_3835.jpg","chemin":"..\/medias\/images\/prestations\/65624-img_3835.jpg","libelle":"Chalet L'Etendard n\u00b0 11_Saint-Jean-d'Arves","extension":"jpg","categorie":"","largeur":3264,"theme":"","hauteur":2448,"type":"Image","origine":"","liaisonPave":"","langue":"","id":"65624","urlVignette":"https:\/\/www.sja73.com\/medias\/images\/prestations\/v-65624-img_3835.jpg","alt":"Chalet L'Etendard n\u00b0 11_Saint-Jean-d'Arves","title":"Chalet L'Etendard n\u00b0 11_Saint-Jean-d'Arves","MultiTaille":{"1920x1440":{"url":"https:\/\/www.sja73.com\/medias\/images\/prestations\/multitailles\/1920x1440_65624-img_3835.jpg"},"1200x900":{"url":"https:\/\/www.sja73.com\/medias\/images\/prestations\/multitailles\/1200x900_65624-img_3835.jpg"},"800x600":{"url":"https:\/\/www.sja73.com\/medias\/images\/prestations\/multitailles\/800x600_65624-img_3835.jpg"},"640x480":{"url":"https:\/\/www.sja73.com\/medias\/images\/prestations\/multitailles\/640x480_65624-img_3835.jpg"},"320x240":{"url":"https:\/\/www.sja73.com\/medias\/images\/prestations\/multitailles\/320x240_65624-img_3835.jpg"},"160x120":{"url":"https:\/\/www.sja73.com\/medias\/images\/prestations\/multitailles\/160x120_65624-img_3835.jpg"},"origine":{"url":"https:\/\/www.sja73.com\/medias\/images\/prestations\/65624-img_3835.jpg"}},"urlLien":"","typeLien":"","nofollow":"N","copyright":""},{"url":"https:\/\/www.sja73.com\/medias\/images\/prestations\/65625-img_5161.jpg","chemin":"..\/medias\/images\/prestations\/65625-img_5161.jpg","libelle":"Chalet L'Etendard n\u00b0 11_Saint-Jean-d'Arves","extension":"jpg","categorie":"","largeur":3024,"theme":"","hauteur":4032,"type":"Image","origine":"","liaisonPave":"","langue":"","id":"65625","urlVignette":"https:\/\/www.sja73.com\/medias\/images\/prestations\/v-65625-img_5161.jpg","alt":"Chalet L'Etendard n\u00b0 11_Saint-Jean-d'Arves","title":"Chalet L'Etendard n\u00b0 11_Saint-Jean-d'Arves","MultiTaille":{"1920x1440":{"url":"https:\/\/www.sja73.com\/medias\/images\/prestations\/multitailles\/1920x1440_65625-img_5161.jpg"},"1200x900":{"url":"https:\/\/www.sja73.com\/medias\/images\/prestations\/multitailles\/1200x900_65625-img_5161.jpg"},"800x600":{"url":"https:\/\/www.sja73.com\/medias\/images\/prestations\/multitailles\/800x600_65625-img_5161.jpg"},"640x480":{"url":"https:\/\/www.sja73.com\/medias\/images\/prestations\/multitailles\/640x480_65625-img_5161.jpg"},"320x240":{"url":"https:\/\/www.sja73.com\/medias\/images\/prestations\/multitailles\/320x240_65625-img_5161.jpg"},"160x120":{"url":"https:\/\/www.sja73.com\/medias\/images\/prestations\/multitailles\/160x120_65625-img_5161.jpg"},"origine":{"url":"https:\/\/www.sja73.com\/medias\/images\/prestations\/65625-img_5161.jpg"}},"urlLien":"","typeLien":"","nofollow":"N","copyright":""}]}},"DateDebPublication":"","DateFinPublication":"","PrixAPartirDe":"","PrixPour":"","FicheListeEnCours":"fiche_liste_locations_meublees_prestation_v2","ParametresModele":{"AfficherPhotos":"1","NbPhotosMax":6,"AfficherReserver":0,"AfficherContact":"1","AfficherSalle":1,"AfficherZoneGeo":0,"AfficherEnSavoirPlus":"1","AfficherUneSeuleOuverture":0,"AfficherContactCarte":"0","AfficherTarifsChaudAPartirDe":0,"AfficherTarifChaudSansRecherche":0,"AffichageCoordonnees":"Adresse-\u003ELigneAdresse1|Adresse-\u003ELigneAdresse2|Adresse-\u003ELigneAdresse3","AffichageLienPrestation":"R","AfficherDispoResa":"1","AfficherLiensCarnetVoyage":"1","BlocCritereInfo":{"critere1":{"libelle":"","liste_critere":["classementPrefectoral|G","labels|3585|G","labels|3614|G","labels|3586|G"]},"critere2":{"libelle":"","liste_critere":["25|G"]},"critere3":{"libelle":""},"critere4":{"libelle":""},"critere5":{"libelle":"","liste_critere":["GEQUIPSERV|G"]},"critere6":{"libelle":"","liste_critere":["typesHabitation|G"]},"critere7":{"libelle":"","liste_critere":["capacite|nombreChambres|G","capacite|surface|G","capacite|capaciteHebergement|G"]},"critere8":{"libelle":""},"afficherpictoetpaslibelle":"1"},"BlocPaveInfo":{"texte1":{"pave":["1","10","18"],"longeurmax":"255","afficherLibelle":"0","garderHtml":"0"}},"Criteres":"AFFICHAGESITE[ADHERENTOUICOMPLET","CriteresComportementResa":"CINTSITRA[11533","PositionBloc":"GALLERIE|NOM|ADRESSE|ZONEPRINCIPALFICHEPRESTA|DESCRIPTIF|URL|PICTOSOUSPHOTOS|CARNET_VOYAGE","TypePrestataire":"G","ComportementResa":false,"ComportementDispo":false},"AffichageCoordonnees":{"Adresse-LigneAdresse1":"R\u00e9sidence L'Etendard - Chalet n\u00b011","Adresse-LigneAdresse2":"Le Collet"},"Coordonnees":{"Ville":"Saint-Jean-d'Arves"},"ContexteId":"PRESTATION|G|390141|391642","ContexteIdHtml":"PRESTATION-G-390141-391642","cleContexte":"G|390141|391642","Bloc":{"texte1":"Chalet, 7 pers, 55 m\u00b2, 3 chambres, hameau du Collet (1 600 m), \u00e0 500 m du centre station, terrasse sud, v\u00e9randa, d\u00e9co savoyarde chaleureuse.","texte3":"","critere1":{"libelle":"","contenu":{"classementPrefectoral":{"libelle":"Classement pr\u00e9fectoral","contenu":{"6":"Non Class\u00e9"},"codesValeurs":{"6":"classementPrefectoral|2633|G"},"criteres_datas":{"valeurs":{"6":{"2633":{"descriptif":""}}}}}}},"critere2":{"libelle":"","contenu":{"25":{"libelle":"Situation","contenu":{"3":"Habitation ind\u00e9pendante"},"codesValeurs":{"3":"25|1053|G"},"criteres_datas":{"valeurs":{"3":{"1053":{"descriptif":""}}}}}}},"critere3":{"libelle":"","contenu":[]},"critere4":{"libelle":"","contenu":[]},"critere5":{"libelle":"","contenu":{"GEQUIPSERV":{"libelle":"\u00c9quipements & Services","contenu":{"1":"\u003Cimg src=\"https:\/\/www.sja73.com\/medias\/images\/picto\/GEQUIPSERV-GANIMAUX-G.png\"  alt=\"Animaux admis\" title=\"Animaux admis\" \/\u003E","3":"\u003Cimg src=\"https:\/\/www.sja73.com\/medias\/images\/picto\/GEQUIPSERV-TV-G.png\"  alt=\"T\u00e9l\u00e9vision\" title=\"T\u00e9l\u00e9vision\" \/\u003E","5":"\u003Cimg src=\"https:\/\/www.sja73.com\/medias\/images\/picto\/GEQUIPSERV-GPARKINGGARAGE-G.png\"  alt=\"Parking, garage\" title=\"Parking, garage\" \/\u003E","6":"\u003Cimg src=\"https:\/\/www.sja73.com\/medias\/images\/picto\/GEQUIPSERV-GJARDINBALCONTER-G.png\"  alt=\"Jardin, balcon, terrasse\" title=\"Jardin, balcon, terrasse\" \/\u003E"},"codesValeurs":{"5":"GEQUIPSERV|GPARKINGGARAGE|G","6":"GEQUIPSERV|GJARDINBALCONTER|G","3":"GEQUIPSERV|TV|G","1":"GEQUIPSERV|GANIMAUX|G"},"criteres_datas":{"valeurs":{"5":{"GPARKINGGARAGE":{"descriptif":""}},"6":{"GJARDINBALCONTER":{"descriptif":""}},"3":{"TV":{"descriptif":""}},"1":{"GANIMAUX":{"descriptif":""}}}}}}},"critere6":{"libelle":"","contenu":[]},"critere7":{"libelle":"","contenu":{"capacite":{"libelle":"Capacit\u00e9","contenu":{"1":"\u003Cspan class=\"quantite\"\u003E7\u003C\/span\u003E \u003Cspan class=\"libelle\"\u003Epersonnes\u003C\/span\u003E","2":"\u003Cspan class=\"quantite\"\u003E55\u003C\/span\u003E \u003Cspan class=\"libelle\"\u003Em\u00b2\u003C\/span\u003E","3":"\u003Cspan class=\"quantite\"\u003E3\u003C\/span\u003E \u003Cspan class=\"libelle\"\u003Echambre(s)\u003C\/span\u003E"},"codesValeurs":{"3":"capacite|nombreChambres|G","2":"capacite|surface|G","1":"capacite|capaciteHebergement|G"},"criteres_datas":{"valeurs":{"3":{"nombreChambres":{"descriptif":""}},"2":{"surface":{"descriptif":""}},"1":{"capaciteHebergement":{"descriptif":""}}}}}}},"critere8":{"libelle":"","contenu":[]},"critere9":{"libelle":"","contenu":[]}},"LocalisationGps":{"Latitude":"45.211489","Longitude":"6.269863"},"libelleDuPrestataire":"","vuePrestataire":{"pave1":{"libelle":"","contenu":""},"pave2":{"libelle":"","contenu":""},"pave3":{"libelle":"","contenu":""},"pave4":{"libelle":"","contenu":""},"pave5":{"libelle":"","contenu":""},"pave6":{"libelle":"","contenu":""},"pave7":{"libelle":"","contenu":""},"pave8":{"libelle":"","contenu":""},"pave9":{"libelle":"","contenu":""},"pave10":{"libelle":"","contenu":""},"pave11":{"libelle":"","contenu":""},"pave12":{"libelle":"","contenu":""},"pave13":{"libelle":"","contenu":""},"pave14":{"libelle":"","contenu":""},"pave15":{"libelle":"","contenu":""},"pave16":{"libelle":"","contenu":""},"pave17":{"libelle":"","contenu":""},"pave18":{"libelle":"","contenu":""},"pave19":{"libelle":"","contenu":""},"pave20":{"libelle":"","contenu":""},"pave21":{"libelle":"","contenu":""},"pave22":{"libelle":"","contenu":""},"pave23":{"libelle":"","contenu":""},"pave24":{"libelle":"","contenu":""},"pave25":{"libelle":"","contenu":""},"ContactsParType":{"GEST":{"46170":{"id_contact":"46170","type_contact":"GEST","categorie_contact":"PRESTATAIRE","societe_contact":"","fonction_contact":"","civilite_nom_prenom_contact":"Desruelles Philippe ","adresse1_contact":"24, avenue des Hameaux","adresse2_contact":"","adresse3_contact":"","cpostal_contact":"59380","ville_contact":"Bierne","teldom_contact":"0033 (0)3 28 68 21 27","telbur_contact":"0033(0)6 23 18 64 22","fax_contact":"","portable_contact":"","email_contact":"phyldes49@hotmail.fr","siteweb_contact":"","commentaire_contact":"","langue_contact":"","autre_moyen_com":[]}}},"Libelle":"Desruelles Philippe","Nom":"Desruelles Philippe ","Prenom":"","NomPrenom":"Desruelles Philippe  ","CiviliteNomPrenom":"Desruelles Philippe  ","Cle":"G|390141","PrestataireParent":"","ContexteStat":"PRESTATAIRE-G-390141","DateModificationIso":"2023-02-14T01:04:00+01:00","Type":"PRESTATAIRE","TypePrestataire":"G","Adresse":{"LigneAdresse1":"","LigneAdresse2":"","LigneAdresse3":"","CodePostal":"","Ville":"","Cedex":"","Etat":"","Pays":""},"Email":"phyldes49@hotmail.fr","Telephone":"0033 (0)3 28 68 21 27","TelephoneBureau":"0033(0)6 23 18 64 22","Portable":"","SiteWeb":"","Fax":"","Id":"g-390141","Code":"G|390141","Fichier":[],"Url":"desruelles-philippe.html","Localisation":{"GoogleMap":{"Latitude":"","Longitude":""}},"ZoneGeo":"","Criteres":{"P.3969[3169":"","P.CINTSITRA[11226":"","P.CINTSITRA[11435":"","P.VilleSitra[23159":"","P.VillageDeDepart[23159":""},"DateFinPublication":"","AffichageCoordonnees":[]},"listeCriteres":{"GEQUIPSERV":{"GPARKINGGARAGE":"","GJARDINBALCONTER":"","TV":"","GANIMAUX":""},"AFFICHAGESITE":{"ADHERENTOUICOMPLET":""},"GCAPACITMAX":{"7PERS":""},"GNOMBRE":{"7PERS":"","8PERS":""},"PSEUDOALEATOIRE":{"ADHERENTSSRESA":""},"22":{"672":"","723":"","1058":"","1477":""},"122":{"803":""},"126":{"972":"","1323":""},"25":{"1053":""},"services":{"687":"","1025":""},"prestations":{"animauxAcceptes":"","animauxAcceptesSupplement":"","surchargeTourismesAdaptes":"","surchargeDescriptifHandicapMoteur":"","surchargeDescriptifHandicapAuditif":"","surchargeDescriptifHandicapVisuel":"","surchargeDescriptifHandicapMental":"","surchargeNombreFauteuilsRoulants":""},"70":{"774":"","907":"","943":"","946":"","997":"","999":"","1012":""},"72":{"797":"","939":"","963":"","985":"","998":""},"conforts":{"799":""},"68":{"898":"","971":"","1005":""},"71":{"900":"","987":""},"73":{"902":"","973":"","977":""},"6528":{"169":""},"environnements":{"171":"","193":""},"114":{"416":"","435":"","436":""},"modesPaiement":{"1271":"","1277":"","1281":""},"tourismeAffaires":{"tourismeAffairesEnabled":"","devise":"EUR"},"hebergementLocatifType":{"2620":""},"classementPrefectoral":{"2633":""},"capacite":{"capaciteHebergement":"7","capaciteMaximumPossible":"7","nombreLitsDoubles":"2","nombreLitsSimples":"3","surface":"55","nombrePieces":"4","nombreChambres":"3","nombreEtages":"2"},"CINTSITRA":{"4038":"","10507":"","11226":"","11435":""},"3220":{"25629":""},"3233":{"60439":"","908439":""},"3218":{"60729":""},"3219":{"72808":"","126557":""},"3227":{"82852":""},"3230":{"323078":"","5532377":"","6328304":""},"3221":{"344174":"","549303":"","596327":""},"6241":{"595160":""},"VilleSitra":{"30471":""},"VillageDeDepart":{"30471":""},"P.3969":{"3169":""},"P.CINTSITRA":{"11226":"","11435":""},"P.VilleSitra":{"23159":""},"P.VillageDeDepart":{"23159":""}},"dansCarnetVoyage":true,"Ouverture":""},"html":" \n \u003Cdiv id=\"CV-PRESTATION-G-390141-391642\" data-contexte-id=\"PRESTATION|G|390141|391642\" data-cle=\"G|390141|391642\" class=\"fiche-liste\"\u003E\n    \n\n    \u003C!-- partie photo --\u003E\n    \u003Cdiv class=\"photo\"\u003E\t\t\t\t\t\t\t\t\t\t\t\t\t\t\t\t\t\t\t\t\t\n        \u003Cdiv class=\"cadre_photo_principale\"\u003E\t\t\n        \n            \t\t\t\t\t\n                    \u003Ca href=\"chalet-l-etendard-n-11.html?origine=carnet#media\"\u003E\n                        \u003Cimg class=\"photo_principale\" alt=\"Ext\u00e9rieur Hiver\" src=\"https:\/\/www.sja73.com\/medias\/images\/prestations\/multitailles\/320x240_65619-hiver_2023.jpg\" itemprop=\"image\"\u003E\n                    \u003C\/a\u003E\t\t\t\t\t\t\n                \n                    \u003C\/div\u003E\t\t\t\t\t\t\t\t\t\t\t\t\t\t\t\t\t\t\t \t\t\n    \u003C\/div\u003E\n    \n    \u003C!-- partie nom prest --\u003E\n    \u003Cdiv class=\"nom\"\u003E\n        \u003Ch2\u003EChalet L'Etendard n\u00b0 11\u003C\/h2\u003E\n        \n            \u003C\/div\u003E\n\n         \n    \u003C!-- partie adresse --\u003E\n    \u003Cdiv class=\"adresse\"\u003E\n    \n          \n    \u003C\/div\u003E\n    \n    \u003C!-- partie liens --\u003E\n    \u003Cdiv class=\"liens\"\u003E\n            \u003Ca class=\"btn-icon btn-view \" title=\"Voir la fiche d\u00e9taill\u00e9e\" href=\"chalet-l-etendard-n-11.html?origine=carnet\"\u003E\u003C\/a\u003E\u003C!--\u003Ca class=\"btn-icon btn-view \" title=\"\" href=\"?origine=carnet#thaut\"\u003E\u003C\/a\u003E--\u003E\n      \u003Ca class=\"btn-icon btn-trash carnet_voyage_supprimer\" title=\"Supprimer cette fiche de mon carnet de voyage\" href=\"carnet-voyage?action=remove&fiche=G|390141|391642\"\u003E\u003C\/a\u003E\n    \u003C\/div\u003E\n\n\u003C\/div\u003E\n\n","icon":"https:\/\/static.ingenie.fr\/images\/carnetVoyageV3\/G.png"},"fiche":"G|390141|391642","popup":"\u003Cdiv id=\"bloc_popup_ajout_fiche_carnet\"\u003E\n    \u003Cdiv class=\"info_popup_ajout_fiche_carnet\"\u003E\n        Vous venez d'ajouter cet \u00e9l\u00e9ment \u00e0 votre carnet de voyage :    \u003C\/div\u003E\n    \u003Cdiv class=\"prest_popup_ajout_fiche_carnet\"\u003E\n        Chalet L&#039;Etendard n&deg; 11    \u003C\/div\u003E\n    \u003Cdiv class=\"bloc_btn_ajout_fiche_carnet form_submit_div\"\u003E\n        \u003Cinput type=\"button\" value=\"Continuer ma s\u00e9lection\" title=\"Continuer ma s\u00e9lection\" name=\"btn_close\" class=\"btn_close_popup_carnet form_submit\" onclick=\"$.colorbox.close()\" \/\u003E\n        \u003Cinput type=\"button\" value=\"Voir mon carnet de voyage\" title=\"Voir mon carnet\" name=\"btn_panier\" class=\"btn_panier_popup_carnet form_submit\" onclick=\"if(typeof CarnetVoyage != 'undefined') {CarnetVoyage.voirCarnet();}\" \/\u003E\n    \u003C\/div\u003E\n    \u003Cdiv class=\"bloc_btn_ajout_fiche_carnet\"\u003E\n        \u003Cinput type=\"checkbox\" value=\"1\" name=\"desactiver_popup\" id=\"desactiver_popup\" \/\u003E\n        \u003Clabel for=\"desactiver_popup\"\u003ENe plus afficher ce message\u003C\/label\u003E\n    \u003C\/div\u003E\n\u003C\/div\u003E","success":1}