{"nbFiches":1,"dataPrest":{"infoPrest":{"pave1":{"libelle":"Descriptif court","contenu":"Entre BMX et snowboard, le snowscoot offre de nouvelles possibilit\u00e9s pour le plaisir de la glisse et du freestyle. Avec lui tout est permis : acrobaties, figures spectaculaires, sauts et glissades dans le snowpark.","fichiers":[]},"pave2":{"libelle":"Descriptif d\u00e9taill\u00e9","contenu":"Le snowscoot est compos\u00e9 d'un cadre, de deux planches similaires \u00e0 des snowboards, d'une fourche et d'un guidon solidaire de la planche avant pour l'orienter. La planche arri\u00e8re est fix\u00e9e au cadre.\u003Cbr \/\u003E\r\n\u003Cbr \/\u003E\r\nLocation de Snowscoot dans les magasins de sport \u00e0 la Chal.","fichiers":[]},"pave3":{"libelle":"Bons plans","contenu":"","fichiers":[]},"pave4":{"libelle":"Compl\u00e9ment localisation","contenu":"","fichiers":[]},"pave5":{"libelle":"Compl\u00e9ment accueil","contenu":"","fichiers":[]},"pave6":{"libelle":"P\u00e9riodes en clair","contenu":"A la demande.","fichiers":[]},"pave7":{"libelle":"Tarifs en clair","contenu":"","fichiers":[]},"pave8":{"libelle":"Compl\u00e9ment Tarifs","contenu":"","fichiers":[]},"pave9":{"libelle":"Compl\u00e9ment R\u00e9servation","contenu":"","fichiers":[]},"pave10":{"libelle":"Descriptif court","contenu":"","fichiers":[]},"pave11":{"libelle":"Descriptif d\u00e9taill\u00e9","contenu":"","fichiers":[]},"pave12":{"libelle":"Compl\u00e9ment localisation","contenu":"","fichiers":[]},"pave13":{"libelle":"Compl\u00e9ment accueil","contenu":"","fichiers":[]},"pave14":{"libelle":"P\u00e9riodes en clair","contenu":"","fichiers":[]},"pave15":{"libelle":"Tarifs en clair","contenu":"","fichiers":[]},"pave16":{"libelle":"Compl\u00e9ment Tarifs","contenu":"","fichiers":[]},"pave17":{"libelle":"Compl\u00e9ment R\u00e9servation","contenu":"","fichiers":[]},"pave18":{"libelle":"Descriptif court","contenu":"","fichiers":[]},"pave19":{"libelle":"Descriptif d\u00e9taill\u00e9","contenu":"","fichiers":[]},"pave20":{"libelle":"Compl\u00e9ment localisation","contenu":"","fichiers":[]},"pave21":{"libelle":"Compl\u00e9ment accueil","contenu":"","fichiers":[]},"pave22":{"libelle":"P\u00e9riodes en clair","contenu":"","fichiers":[]},"pave23":{"libelle":"Tarifs en clair","contenu":"","fichiers":[]},"pave24":{"libelle":"Compl\u00e9ment Tarifs","contenu":"","fichiers":[]},"pave25":{"libelle":"Compl\u00e9ment R\u00e9servation","contenu":"","fichiers":[]},"Libelle":"Descente en Snowscoot","Reference":"","Reftar":"","Type":"PRESTATION","TypePrestataire":"E","ContexteStat":"PRESTATION-E-696310-521836","DateModificationIso":"2026-04-21T00:35:00+02:00","Adresse":{"LigneAdresse1":"La Chal","LigneAdresse2":"","LigneAdresse3":"","CodePostal":"73530","Ville":"Saint-Jean-d'Arves","Cedex":"","Etat":"","Pays":"FRA"},"Id":"e-696310-521836","Code":"E|696310|521836","Cle":"E|696310|521836","Url":"descente-en-snowscoot.html","Localisation":{"GoogleMap":{"Latitude":"45.214139","Longitude":"6.266631"}},"ZoneGeo":"","Criteres":{"AFFICHAGESITE[ADHERENTOUICOMPLET":"","prestations[surchargeTourismesAdaptes":"","prestations[surchargeDescriptifHandicapMoteur":"","prestations[surchargeDescriptifHandicapAuditif":"","prestations[surchargeDescriptifHandicapVisuel":"","prestations[surchargeDescriptifHandicapMental":"","prestations[surchargeNombreFauteuilsRoulants":"","languesParlees[1192":"","languesParlees[1197":"","6528[169":"","environnements[171":"","environnements[184":"","114[416":"","114[435":"","114[436":"","ouverturesComplementaires[4192":"","activiteType[1789":"","57[1832":"","57[2002":"","prestataireActivites[type":"Commerce \/ Et \/ Service","prestataireActivites[id":"696310","commerceEtServicePrestataire[type":"Commerce \/ Et \/ Service","commerceEtServicePrestataire[id":"696310","CINTSITRA[4038":"","CINTSITRA[10505":"","CINTSITRA[10507":"","CINTSITRA[11226":"","CINTSITRA[11435":"","3220[25629":"","3233[60439":"","3233[908439":"","3218[60729":"","3219[72808":"","3219[126557":"","3227[82852":"","3230[323078":"","3230[5532377":"","3230[6328304":"","3221[344174":"","3221[549303":"","3221[596327":"","6241[595160":"","VilleSitra[30471":"","VillageDeDepart[30471":""},"ContactsParType":{"IWEB":{"59893":{"id_contact":"59893","type_contact":"IWEB","categorie_contact":"PRESTATION","societe_contact":"","fonction_contact":"","civilite_nom_prenom_contact":"SATVAC - St\u00e9 Anonyme des T\u00e9l\u00e9skis de Villarembert Arves Corbier  ","adresse1_contact":"","adresse2_contact":"","adresse3_contact":"","cpostal_contact":"","ville_contact":"","teldom_contact":"+33 (0)4 79 83 02 55","telbur_contact":"","fax_contact":"","portable_contact":"","email_contact":"accueil@sybelles.ski","siteweb_contact":"https:\/\/forfait.sybelles.ski\/","commentaire_contact":"","langue_contact":"","autre_moyen_com":[]}}},"ContactRemplaceCoordonnees":"59893","Prestataire":{"pave1":{"libelle":"Descriptif court","contenu":"St\u00e9 Anonyme des T\u00e9l\u00e9skis de Villarembert Arves Corbier.\u003Cbr \/\u003E\r\nSoci\u00e9t\u00e9 d'exploitation des remont\u00e9es m\u00e9caniques et services des pistes de St Jean d'Arves, Le Corbier, St Sorlin d'Arves, St Colomban des Villards.\u003Cbr \/\u003E\r\nDomaine skiable Les Sybelles - Maurienne - Savoie"},"pave2":{"libelle":"Descriptif d\u00e9taill\u00e9","contenu":""},"pave3":{"libelle":"Bons plans","contenu":""},"pave4":{"libelle":"Compl\u00e9ment localisation","contenu":""},"pave5":{"libelle":"Compl\u00e9ment accueil","contenu":""},"pave6":{"libelle":"P\u00e9riodes en clair","contenu":"Toute l'ann\u00e9e tous les jours."},"pave7":{"libelle":"Tarifs en clair","contenu":""},"pave8":{"libelle":"Compl\u00e9ment Tarifs","contenu":""},"pave9":{"libelle":"Compl\u00e9ment R\u00e9servation","contenu":""},"pave10":{"libelle":"Descriptif court","contenu":""},"pave11":{"libelle":"Descriptif d\u00e9taill\u00e9","contenu":""},"pave12":{"libelle":"Compl\u00e9ment localisation","contenu":""},"pave13":{"libelle":"Compl\u00e9ment accueil","contenu":""},"pave14":{"libelle":"P\u00e9riodes en clair","contenu":""},"pave15":{"libelle":"Tarifs en clair","contenu":""},"pave16":{"libelle":"Compl\u00e9ment Tarifs","contenu":""},"pave17":{"libelle":"Compl\u00e9ment R\u00e9servation","contenu":""},"pave18":{"libelle":"Descriptif court","contenu":""},"pave19":{"libelle":"Descriptif d\u00e9taill\u00e9","contenu":""},"pave20":{"libelle":"Compl\u00e9ment localisation","contenu":""},"pave21":{"libelle":"Compl\u00e9ment accueil","contenu":""},"pave22":{"libelle":"P\u00e9riodes en clair","contenu":""},"pave23":{"libelle":"Tarifs en clair","contenu":""},"pave24":{"libelle":"Compl\u00e9ment Tarifs","contenu":""},"pave25":{"libelle":"Compl\u00e9ment R\u00e9servation","contenu":""},"ContactsParType":{"":{"60127":{"id_contact":"60127","type_contact":"","categorie_contact":"PRESTATAIRE","societe_contact":"","fonction_contact":"","civilite_nom_prenom_contact":"Del\u00e9glise Laurent ","adresse1_contact":"","adresse2_contact":"","adresse3_contact":"","cpostal_contact":"","ville_contact":"","teldom_contact":"","telbur_contact":"","fax_contact":"","portable_contact":"","email_contact":"","siteweb_contact":"","commentaire_contact":"","langue_contact":"","autre_moyen_com":[]}}},"Libelle":"SATVAC - St\u00e9 Anonyme des T\u00e9l\u00e9skis de Villarembert Arves Corbier","Nom":"SATVAC - St\u00e9 Anonyme des T\u00e9l\u00e9skis de Villarembert Arves Corbier ","Prenom":"","NomPrenom":"SATVAC - St\u00e9 Anonyme des T\u00e9l\u00e9skis de Villarembert Arves Corbier  ","CiviliteNomPrenom":"SATVAC - St\u00e9 Anonyme des T\u00e9l\u00e9skis de Villarembert Arves Corbier  ","Cle":"E|696310","PrestataireParent":"","ContexteStat":"PRESTATAIRE-E-696310","DateModificationIso":"2026-04-29T01:07:00+02:00","Type":"PRESTATAIRE","TypePrestataire":"E","Adresse":{"LigneAdresse1":"","LigneAdresse2":"","LigneAdresse3":"","CodePostal":"","Ville":"","Cedex":"","Etat":"","Pays":""},"Email":"accueil@sybelles.ski","Telephone":"+33 (0)4 79 83 02 55","TelephoneBureau":"","Portable":"","SiteWeb":"https:\/\/forfait.sybelles.ski\/","Fax":"","Id":"e-696310","Code":"E|696310","Fichier":{"Image":[{"url":"https:\/\/www.sja73.com\/medias\/images\/prestataires\/50744-photo_102.jpg","chemin":"..\/medias\/images\/prestataires\/50744-photo_102.jpg","libelle":"Sommet du t\u00e9l\u00e9si\u00e8ge Sybelles Express - Le Corbier","extension":"jpg","categorie":"","largeur":3648,"theme":"","hauteur":2736,"type":"Image","origine":"","liaisonPave":"","langue":"","id":"50747","urlVignette":"https:\/\/www.sja73.com\/medias\/images\/prestataires\/v-50744-photo_102.jpg","alt":"Sommet du t\u00e9l\u00e9si\u00e8ge Sybelles Express - Le Corbier","title":"Sommet du t\u00e9l\u00e9si\u00e8ge Sybelles Express - Le Corbier","MultiTaille":{"1920x1440":{"url":"https:\/\/www.sja73.com\/medias\/images\/prestataires\/multitailles\/1920x1440_50744-photo_102.jpg"},"1200x900":{"url":"https:\/\/www.sja73.com\/medias\/images\/prestataires\/multitailles\/1200x900_50744-photo_102.jpg"},"800x600":{"url":"https:\/\/www.sja73.com\/medias\/images\/prestataires\/multitailles\/800x600_50744-photo_102.jpg"},"640x480":{"url":"https:\/\/www.sja73.com\/medias\/images\/prestataires\/multitailles\/640x480_50744-photo_102.jpg"},"320x240":{"url":"https:\/\/www.sja73.com\/medias\/images\/prestataires\/multitailles\/320x240_50744-photo_102.jpg"},"160x120":{"url":"https:\/\/www.sja73.com\/medias\/images\/prestataires\/multitailles\/160x120_50744-photo_102.jpg"},"origine":{"url":"https:\/\/www.sja73.com\/medias\/images\/prestataires\/50744-photo_102.jpg"}},"urlLien":"","typeLien":"","nofollow":"N","copyright":"F. Bisschop"},{"url":"https:\/\/www.sja73.com\/medias\/images\/prestataires\/50745-photo_101.jpg","chemin":"..\/medias\/images\/prestataires\/50745-photo_101.jpg","libelle":"liaison domaine les sybelles","extension":"jpg","categorie":"","largeur":3648,"theme":"","hauteur":2736,"type":"Image","origine":"","liaisonPave":"","langue":"","id":"50748","urlVignette":"https:\/\/www.sja73.com\/medias\/images\/prestataires\/v-50745-photo_101.jpg","alt":"liaison domaine les sybelles","title":"liaison domaine les sybelles","MultiTaille":{"1920x1440":{"url":"https:\/\/www.sja73.com\/medias\/images\/prestataires\/multitailles\/1920x1440_50745-photo_101.jpg"},"1200x900":{"url":"https:\/\/www.sja73.com\/medias\/images\/prestataires\/multitailles\/1200x900_50745-photo_101.jpg"},"800x600":{"url":"https:\/\/www.sja73.com\/medias\/images\/prestataires\/multitailles\/800x600_50745-photo_101.jpg"},"640x480":{"url":"https:\/\/www.sja73.com\/medias\/images\/prestataires\/multitailles\/640x480_50745-photo_101.jpg"},"320x240":{"url":"https:\/\/www.sja73.com\/medias\/images\/prestataires\/multitailles\/320x240_50745-photo_101.jpg"},"160x120":{"url":"https:\/\/www.sja73.com\/medias\/images\/prestataires\/multitailles\/160x120_50745-photo_101.jpg"},"origine":{"url":"https:\/\/www.sja73.com\/medias\/images\/prestataires\/50745-photo_101.jpg"}},"urlLien":"","typeLien":"","nofollow":"N","copyright":"F. Bisschop"}],"ByCategorie":{"":[{"url":"https:\/\/www.sja73.com\/medias\/images\/prestataires\/50744-photo_102.jpg","chemin":"..\/medias\/images\/prestataires\/50744-photo_102.jpg","libelle":"Sommet du t\u00e9l\u00e9si\u00e8ge Sybelles Express - Le Corbier","extension":"jpg","categorie":"","largeur":3648,"theme":"","hauteur":2736,"type":"Image","origine":"","liaisonPave":"","langue":"","id":"50747","urlVignette":"https:\/\/www.sja73.com\/medias\/images\/prestataires\/v-50744-photo_102.jpg","alt":"Sommet du t\u00e9l\u00e9si\u00e8ge Sybelles Express - Le Corbier","title":"Sommet du t\u00e9l\u00e9si\u00e8ge Sybelles Express - Le Corbier","MultiTaille":{"1920x1440":{"url":"https:\/\/www.sja73.com\/medias\/images\/prestataires\/multitailles\/1920x1440_50744-photo_102.jpg"},"1200x900":{"url":"https:\/\/www.sja73.com\/medias\/images\/prestataires\/multitailles\/1200x900_50744-photo_102.jpg"},"800x600":{"url":"https:\/\/www.sja73.com\/medias\/images\/prestataires\/multitailles\/800x600_50744-photo_102.jpg"},"640x480":{"url":"https:\/\/www.sja73.com\/medias\/images\/prestataires\/multitailles\/640x480_50744-photo_102.jpg"},"320x240":{"url":"https:\/\/www.sja73.com\/medias\/images\/prestataires\/multitailles\/320x240_50744-photo_102.jpg"},"160x120":{"url":"https:\/\/www.sja73.com\/medias\/images\/prestataires\/multitailles\/160x120_50744-photo_102.jpg"},"origine":{"url":"https:\/\/www.sja73.com\/medias\/images\/prestataires\/50744-photo_102.jpg"}},"urlLien":"","typeLien":"","nofollow":"N","copyright":"F. Bisschop"},{"url":"https:\/\/www.sja73.com\/medias\/images\/prestataires\/50746-lessybelles_logo_horizontal_bleu.jpg","chemin":"..\/medias\/images\/prestataires\/50746-lessybelles_logo_horizontal_bleu.jpg","libelle":"SATVAC - St\u00e9 Anonyme des T\u00e9l\u00e9skis de Villarembert Arves Corbier_Saint-Jean-d'Arves","extension":"jpg","categorie":"","largeur":"","theme":"","hauteur":"","type":"Document","origine":"","liaisonPave":"","langue":"","id":"50749","poids":"138.96 Ko","alt":"SATVAC - St\u00e9 Anonyme des T\u00e9l\u00e9skis de Villarembert Arves Corbier_Saint-Jean-d'Arves","title":"SATVAC - St\u00e9 Anonyme des T\u00e9l\u00e9skis de Villarembert Arves Corbier_Saint-Jean-d'Arves"},{"url":"https:\/\/www.sja73.com\/medias\/images\/prestataires\/50745-photo_101.jpg","chemin":"..\/medias\/images\/prestataires\/50745-photo_101.jpg","libelle":"liaison domaine les sybelles","extension":"jpg","categorie":"","largeur":3648,"theme":"","hauteur":2736,"type":"Image","origine":"","liaisonPave":"","langue":"","id":"50748","urlVignette":"https:\/\/www.sja73.com\/medias\/images\/prestataires\/v-50745-photo_101.jpg","alt":"liaison domaine les sybelles","title":"liaison domaine les sybelles","MultiTaille":{"1920x1440":{"url":"https:\/\/www.sja73.com\/medias\/images\/prestataires\/multitailles\/1920x1440_50745-photo_101.jpg"},"1200x900":{"url":"https:\/\/www.sja73.com\/medias\/images\/prestataires\/multitailles\/1200x900_50745-photo_101.jpg"},"800x600":{"url":"https:\/\/www.sja73.com\/medias\/images\/prestataires\/multitailles\/800x600_50745-photo_101.jpg"},"640x480":{"url":"https:\/\/www.sja73.com\/medias\/images\/prestataires\/multitailles\/640x480_50745-photo_101.jpg"},"320x240":{"url":"https:\/\/www.sja73.com\/medias\/images\/prestataires\/multitailles\/320x240_50745-photo_101.jpg"},"160x120":{"url":"https:\/\/www.sja73.com\/medias\/images\/prestataires\/multitailles\/160x120_50745-photo_101.jpg"},"origine":{"url":"https:\/\/www.sja73.com\/medias\/images\/prestataires\/50745-photo_101.jpg"}},"urlLien":"","typeLien":"","nofollow":"N","copyright":"F. Bisschop"}]},"Document":[{"url":"https:\/\/www.sja73.com\/medias\/images\/prestataires\/50746-lessybelles_logo_horizontal_bleu.jpg","chemin":"..\/medias\/images\/prestataires\/50746-lessybelles_logo_horizontal_bleu.jpg","libelle":"SATVAC - St\u00e9 Anonyme des T\u00e9l\u00e9skis de Villarembert Arves Corbier_Saint-Jean-d'Arves","extension":"jpg","categorie":"","largeur":"","theme":"","hauteur":"","type":"Document","origine":"","liaisonPave":"","langue":"","id":"50749","poids":"138.96 Ko","alt":"SATVAC - St\u00e9 Anonyme des T\u00e9l\u00e9skis de Villarembert Arves Corbier_Saint-Jean-d'Arves","title":"SATVAC - St\u00e9 Anonyme des T\u00e9l\u00e9skis de Villarembert Arves Corbier_Saint-Jean-d'Arves"}]},"Url":"satvac-ste-anonyme-des-teleskis-de-villarembert-arves-corbier-1.html","Localisation":{"GoogleMap":{"Latitude":"45.213802","Longitude":"6.266897"}},"ZoneGeo":"","Criteres":{"AFFICHAGESITEOK[ADHERENTOUICOMPLET":"","P.prestations[surchargeTourismesAdaptes":"","P.prestations[surchargeDescriptifHandicapMoteur":"","P.prestations[surchargeDescriptifHandicapAuditif":"","P.prestations[surchargeDescriptifHandicapVisuel":"","P.prestations[surchargeDescriptifHandicapMental":"","P.prestations[surchargeNombreFauteuilsRoulants":"","P.languesParlees[1197":"","P.57[1832":"","P.57[2002":"","P.57[2003":"","P.43[1908":"","P.43[2037":"","P.43[2046":"","P.43[2049":"","P.43[2050":"","P.114[416":"","P.114[418":"","P.114[435":"","P.114[436":"","P.tourismeAffaires[tourismeAffairesEnabled":"","P.tourismeAffaires[devise":"EUR","P.commerceEtServiceType[1875":"","P.19[3979":"","P.19[5433":"","P.CINTSITRA[11226":"","P.CINTSITRA[11435":"","P.3220[25629":"","P.3233[60439":"","P.3233[908439":"","P.3218[60729":"","P.3219[72808":"","P.3219[126557":"","P.3227[82852":"","P.3230[323078":"","P.3230[5532377":"","P.3230[6328304":"","P.3221[344174":"","P.3221[549303":"","P.3221[596327":"","P.6241[595160":"","P.VilleSitra[30471":"","P.VillageDeDepart[30471":"","P.114[439":""},"DateFinPublication":""},"Fichier":{"Image":[{"url":"https:\/\/www.sja73.com\/medias\/images\/prestations\/66067-snowscoot.jpg","chemin":"..\/medias\/images\/prestations\/66067-snowscoot.jpg","libelle":"Snowscoot \u00e0 Saint Jean d'Arves","extension":"jpg","categorie":"","largeur":4320,"theme":"","hauteur":2432,"type":"Image","origine":"","liaisonPave":"","langue":"","id":"66067","urlVignette":"https:\/\/www.sja73.com\/medias\/images\/prestations\/v-66067-snowscoot.jpg","alt":"Snowscoot \u00e0 Saint Jean d'Arves","title":"Snowscoot \u00e0 Saint Jean d'Arves - &copy OT St Jean d'Arves Les Sybelles","MultiTaille":{"1920x1440":{"url":"https:\/\/www.sja73.com\/medias\/images\/prestations\/multitailles\/1920x1440_66067-snowscoot.jpg"},"1200x900":{"url":"https:\/\/www.sja73.com\/medias\/images\/prestations\/multitailles\/1200x900_66067-snowscoot.jpg"},"800x600":{"url":"https:\/\/www.sja73.com\/medias\/images\/prestations\/multitailles\/800x600_66067-snowscoot.jpg"},"640x480":{"url":"https:\/\/www.sja73.com\/medias\/images\/prestations\/multitailles\/640x480_66067-snowscoot.jpg"},"320x240":{"url":"https:\/\/www.sja73.com\/medias\/images\/prestations\/multitailles\/320x240_66067-snowscoot.jpg"},"160x120":{"url":"https:\/\/www.sja73.com\/medias\/images\/prestations\/multitailles\/160x120_66067-snowscoot.jpg"},"origine":{"url":"https:\/\/www.sja73.com\/medias\/images\/prestations\/66067-snowscoot.jpg"}},"urlLien":"","typeLien":"","nofollow":"N","copyright":"OT St Jean d'Arves Les Sybelles"}],"ByCategorie":{"":[{"url":"https:\/\/www.sja73.com\/medias\/images\/prestations\/66067-snowscoot.jpg","chemin":"..\/medias\/images\/prestations\/66067-snowscoot.jpg","libelle":"Snowscoot \u00e0 Saint Jean d'Arves","extension":"jpg","categorie":"","largeur":4320,"theme":"","hauteur":2432,"type":"Image","origine":"","liaisonPave":"","langue":"","id":"66067","urlVignette":"https:\/\/www.sja73.com\/medias\/images\/prestations\/v-66067-snowscoot.jpg","alt":"Snowscoot \u00e0 Saint Jean d'Arves","title":"Snowscoot \u00e0 Saint Jean d'Arves - &copy OT St Jean d'Arves Les Sybelles","MultiTaille":{"1920x1440":{"url":"https:\/\/www.sja73.com\/medias\/images\/prestations\/multitailles\/1920x1440_66067-snowscoot.jpg"},"1200x900":{"url":"https:\/\/www.sja73.com\/medias\/images\/prestations\/multitailles\/1200x900_66067-snowscoot.jpg"},"800x600":{"url":"https:\/\/www.sja73.com\/medias\/images\/prestations\/multitailles\/800x600_66067-snowscoot.jpg"},"640x480":{"url":"https:\/\/www.sja73.com\/medias\/images\/prestations\/multitailles\/640x480_66067-snowscoot.jpg"},"320x240":{"url":"https:\/\/www.sja73.com\/medias\/images\/prestations\/multitailles\/320x240_66067-snowscoot.jpg"},"160x120":{"url":"https:\/\/www.sja73.com\/medias\/images\/prestations\/multitailles\/160x120_66067-snowscoot.jpg"},"origine":{"url":"https:\/\/www.sja73.com\/medias\/images\/prestations\/66067-snowscoot.jpg"}},"urlLien":"","typeLien":"","nofollow":"N","copyright":"OT St Jean d'Arves Les Sybelles"},{"url":"https:\/\/www.sja73.com\/medias\/images\/prestations\/66068-engins_speciaux_sat_sam_v_27_09_21.pdf","chemin":"..\/medias\/images\/prestations\/66068-engins_speciaux_sat_sam_v_27_09_21.pdf","libelle":"engins_speciaux_sat_sam_v_27_09_21.pdf","extension":"pdf","categorie":"","largeur":"","theme":"","hauteur":"","type":"Document","origine":"","liaisonPave":"","langue":"","id":"66068","poids":"514.16 Ko","alt":"engins_speciaux_sat_sam_v_27_09_21.pdf","title":"engins_speciaux_sat_sam_v_27_09_21.pdf"}]},"Document":[{"url":"https:\/\/www.sja73.com\/medias\/images\/prestations\/66068-engins_speciaux_sat_sam_v_27_09_21.pdf","chemin":"..\/medias\/images\/prestations\/66068-engins_speciaux_sat_sam_v_27_09_21.pdf","libelle":"engins_speciaux_sat_sam_v_27_09_21.pdf","extension":"pdf","categorie":"","largeur":"","theme":"","hauteur":"","type":"Document","origine":"","liaisonPave":"","langue":"","id":"66068","poids":"514.16 Ko","alt":"engins_speciaux_sat_sam_v_27_09_21.pdf","title":"engins_speciaux_sat_sam_v_27_09_21.pdf"}]},"DateDebPublication":"","DateFinPublication":"","PrixAPartirDe":"","PrixPour":"","FicheListeEnCours":"fiche_liste_activites_loisirs_culture_prestation_v2","ParametresModele":{"AfficherPhotos":"1","NbPhotosMax":6,"AfficherReserver":0,"AfficherContact":0,"AfficherSalle":1,"AfficherZoneGeo":0,"AfficherEnSavoirPlus":"0","AfficherUneSeuleOuverture":0,"AfficherContactCarte":1,"AfficherTarifsChaudAPartirDe":0,"AfficherTarifChaudSansRecherche":0,"AfficherLiensCarnetVoyage":"1","Criteres":"AFFICHAGESITE[ADHERENTOUICOMPLET","PositionBloc":"GALLERIE|NOM|CARNET_VOYAGE|URL","TypePrestataire":"E","ComportementResa":false,"ComportementDispo":false},"AffichageCoordonnees":[],"Coordonnees":{"Ville":"Saint-Jean-d'Arves"},"ContexteId":"PRESTATION|E|696310|521836","ContexteIdHtml":"PRESTATION-E-696310-521836","cleContexte":"E|696310|521836","Bloc":{"texte1":"","texte3":"","critere1":{"libelle":"","contenu":[]},"critere2":{"libelle":"","contenu":[]},"critere3":{"libelle":"","contenu":[]},"critere4":{"libelle":"","contenu":[]},"critere5":{"libelle":"","contenu":[]},"critere6":{"libelle":"","contenu":[]},"critere7":{"libelle":"","contenu":[]},"critere8":{"libelle":"","contenu":[]},"critere9":{"libelle":"","contenu":[]}},"LocalisationGps":{"Latitude":"45.214139","Longitude":"6.266631"},"libelleDuPrestataire":"","vuePrestataire":{"pave1":{"libelle":"Descriptif court","contenu":"St\u00e9 Anonyme des T\u00e9l\u00e9skis de Villarembert Arves Corbier.\u003Cbr \/\u003E\r\nSoci\u00e9t\u00e9 d'exploitation des remont\u00e9es m\u00e9caniques et services des pistes de St Jean d'Arves, Le Corbier, St Sorlin d'Arves, St Colomban des Villards.\u003Cbr \/\u003E\r\nDomaine skiable Les Sybelles - Maurienne - Savoie"},"pave2":{"libelle":"Descriptif d\u00e9taill\u00e9","contenu":""},"pave3":{"libelle":"Bons plans","contenu":""},"pave4":{"libelle":"Compl\u00e9ment localisation","contenu":""},"pave5":{"libelle":"Compl\u00e9ment accueil","contenu":""},"pave6":{"libelle":"P\u00e9riodes en clair","contenu":"Toute l'ann\u00e9e tous les jours."},"pave7":{"libelle":"Tarifs en clair","contenu":""},"pave8":{"libelle":"Compl\u00e9ment Tarifs","contenu":""},"pave9":{"libelle":"Compl\u00e9ment R\u00e9servation","contenu":""},"pave10":{"libelle":"Descriptif court","contenu":""},"pave11":{"libelle":"Descriptif d\u00e9taill\u00e9","contenu":""},"pave12":{"libelle":"Compl\u00e9ment localisation","contenu":""},"pave13":{"libelle":"Compl\u00e9ment accueil","contenu":""},"pave14":{"libelle":"P\u00e9riodes en clair","contenu":""},"pave15":{"libelle":"Tarifs en clair","contenu":""},"pave16":{"libelle":"Compl\u00e9ment Tarifs","contenu":""},"pave17":{"libelle":"Compl\u00e9ment R\u00e9servation","contenu":""},"pave18":{"libelle":"Descriptif court","contenu":""},"pave19":{"libelle":"Descriptif d\u00e9taill\u00e9","contenu":""},"pave20":{"libelle":"Compl\u00e9ment localisation","contenu":""},"pave21":{"libelle":"Compl\u00e9ment accueil","contenu":""},"pave22":{"libelle":"P\u00e9riodes en clair","contenu":""},"pave23":{"libelle":"Tarifs en clair","contenu":""},"pave24":{"libelle":"Compl\u00e9ment Tarifs","contenu":""},"pave25":{"libelle":"Compl\u00e9ment R\u00e9servation","contenu":""},"ContactsParType":{"":{"60127":{"id_contact":"60127","type_contact":"","categorie_contact":"PRESTATAIRE","societe_contact":"","fonction_contact":"","civilite_nom_prenom_contact":"Del\u00e9glise Laurent ","adresse1_contact":"","adresse2_contact":"","adresse3_contact":"","cpostal_contact":"","ville_contact":"","teldom_contact":"","telbur_contact":"","fax_contact":"","portable_contact":"","email_contact":"","siteweb_contact":"","commentaire_contact":"","langue_contact":"","autre_moyen_com":[]}}},"Libelle":"SATVAC - St\u00e9 Anonyme des T\u00e9l\u00e9skis de Villarembert Arves Corbier","Nom":"SATVAC - St\u00e9 Anonyme des T\u00e9l\u00e9skis de Villarembert Arves Corbier ","Prenom":"","NomPrenom":"SATVAC - St\u00e9 Anonyme des T\u00e9l\u00e9skis de Villarembert Arves Corbier  ","CiviliteNomPrenom":"SATVAC - St\u00e9 Anonyme des T\u00e9l\u00e9skis de Villarembert Arves Corbier  ","Cle":"E|696310","PrestataireParent":"","ContexteStat":"PRESTATAIRE-E-696310","DateModificationIso":"2026-04-29T01:07:00+02:00","Type":"PRESTATAIRE","TypePrestataire":"E","Adresse":{"LigneAdresse1":"","LigneAdresse2":"","LigneAdresse3":"","CodePostal":"","Ville":"","Cedex":"","Etat":"","Pays":""},"Email":"accueil@sybelles.ski","Telephone":"+33 (0)4 79 83 02 55","TelephoneBureau":"","Portable":"","SiteWeb":"https:\/\/forfait.sybelles.ski\/","Fax":"","Id":"e-696310","Code":"E|696310","Fichier":{"Image":[{"url":"https:\/\/www.sja73.com\/medias\/images\/prestataires\/50744-photo_102.jpg","chemin":"..\/medias\/images\/prestataires\/50744-photo_102.jpg","libelle":"Sommet du t\u00e9l\u00e9si\u00e8ge Sybelles Express - Le Corbier","extension":"jpg","categorie":"","largeur":3648,"theme":"","hauteur":2736,"type":"Image","origine":"","liaisonPave":"","langue":"","id":"50747","urlVignette":"https:\/\/www.sja73.com\/medias\/images\/prestataires\/v-50744-photo_102.jpg","alt":"Sommet du t\u00e9l\u00e9si\u00e8ge Sybelles Express - Le Corbier","title":"Sommet du t\u00e9l\u00e9si\u00e8ge Sybelles Express - Le Corbier","MultiTaille":{"1920x1440":{"url":"https:\/\/www.sja73.com\/medias\/images\/prestataires\/multitailles\/1920x1440_50744-photo_102.jpg"},"1200x900":{"url":"https:\/\/www.sja73.com\/medias\/images\/prestataires\/multitailles\/1200x900_50744-photo_102.jpg"},"800x600":{"url":"https:\/\/www.sja73.com\/medias\/images\/prestataires\/multitailles\/800x600_50744-photo_102.jpg"},"640x480":{"url":"https:\/\/www.sja73.com\/medias\/images\/prestataires\/multitailles\/640x480_50744-photo_102.jpg"},"320x240":{"url":"https:\/\/www.sja73.com\/medias\/images\/prestataires\/multitailles\/320x240_50744-photo_102.jpg"},"160x120":{"url":"https:\/\/www.sja73.com\/medias\/images\/prestataires\/multitailles\/160x120_50744-photo_102.jpg"},"origine":{"url":"https:\/\/www.sja73.com\/medias\/images\/prestataires\/50744-photo_102.jpg"}},"urlLien":"","typeLien":"","nofollow":"N","copyright":"F. Bisschop"},{"url":"https:\/\/www.sja73.com\/medias\/images\/prestataires\/50745-photo_101.jpg","chemin":"..\/medias\/images\/prestataires\/50745-photo_101.jpg","libelle":"liaison domaine les sybelles","extension":"jpg","categorie":"","largeur":3648,"theme":"","hauteur":2736,"type":"Image","origine":"","liaisonPave":"","langue":"","id":"50748","urlVignette":"https:\/\/www.sja73.com\/medias\/images\/prestataires\/v-50745-photo_101.jpg","alt":"liaison domaine les sybelles","title":"liaison domaine les sybelles","MultiTaille":{"1920x1440":{"url":"https:\/\/www.sja73.com\/medias\/images\/prestataires\/multitailles\/1920x1440_50745-photo_101.jpg"},"1200x900":{"url":"https:\/\/www.sja73.com\/medias\/images\/prestataires\/multitailles\/1200x900_50745-photo_101.jpg"},"800x600":{"url":"https:\/\/www.sja73.com\/medias\/images\/prestataires\/multitailles\/800x600_50745-photo_101.jpg"},"640x480":{"url":"https:\/\/www.sja73.com\/medias\/images\/prestataires\/multitailles\/640x480_50745-photo_101.jpg"},"320x240":{"url":"https:\/\/www.sja73.com\/medias\/images\/prestataires\/multitailles\/320x240_50745-photo_101.jpg"},"160x120":{"url":"https:\/\/www.sja73.com\/medias\/images\/prestataires\/multitailles\/160x120_50745-photo_101.jpg"},"origine":{"url":"https:\/\/www.sja73.com\/medias\/images\/prestataires\/50745-photo_101.jpg"}},"urlLien":"","typeLien":"","nofollow":"N","copyright":"F. Bisschop"}],"ByCategorie":{"":[{"url":"https:\/\/www.sja73.com\/medias\/images\/prestataires\/50744-photo_102.jpg","chemin":"..\/medias\/images\/prestataires\/50744-photo_102.jpg","libelle":"Sommet du t\u00e9l\u00e9si\u00e8ge Sybelles Express - Le Corbier","extension":"jpg","categorie":"","largeur":3648,"theme":"","hauteur":2736,"type":"Image","origine":"","liaisonPave":"","langue":"","id":"50747","urlVignette":"https:\/\/www.sja73.com\/medias\/images\/prestataires\/v-50744-photo_102.jpg","alt":"Sommet du t\u00e9l\u00e9si\u00e8ge Sybelles Express - Le Corbier","title":"Sommet du t\u00e9l\u00e9si\u00e8ge Sybelles Express - Le Corbier","MultiTaille":{"1920x1440":{"url":"https:\/\/www.sja73.com\/medias\/images\/prestataires\/multitailles\/1920x1440_50744-photo_102.jpg"},"1200x900":{"url":"https:\/\/www.sja73.com\/medias\/images\/prestataires\/multitailles\/1200x900_50744-photo_102.jpg"},"800x600":{"url":"https:\/\/www.sja73.com\/medias\/images\/prestataires\/multitailles\/800x600_50744-photo_102.jpg"},"640x480":{"url":"https:\/\/www.sja73.com\/medias\/images\/prestataires\/multitailles\/640x480_50744-photo_102.jpg"},"320x240":{"url":"https:\/\/www.sja73.com\/medias\/images\/prestataires\/multitailles\/320x240_50744-photo_102.jpg"},"160x120":{"url":"https:\/\/www.sja73.com\/medias\/images\/prestataires\/multitailles\/160x120_50744-photo_102.jpg"},"origine":{"url":"https:\/\/www.sja73.com\/medias\/images\/prestataires\/50744-photo_102.jpg"}},"urlLien":"","typeLien":"","nofollow":"N","copyright":"F. Bisschop"},{"url":"https:\/\/www.sja73.com\/medias\/images\/prestataires\/50746-lessybelles_logo_horizontal_bleu.jpg","chemin":"..\/medias\/images\/prestataires\/50746-lessybelles_logo_horizontal_bleu.jpg","libelle":"SATVAC - St\u00e9 Anonyme des T\u00e9l\u00e9skis de Villarembert Arves Corbier_Saint-Jean-d'Arves","extension":"jpg","categorie":"","largeur":"","theme":"","hauteur":"","type":"Document","origine":"","liaisonPave":"","langue":"","id":"50749","poids":"138.96 Ko","alt":"SATVAC - St\u00e9 Anonyme des T\u00e9l\u00e9skis de Villarembert Arves Corbier_Saint-Jean-d'Arves","title":"SATVAC - St\u00e9 Anonyme des T\u00e9l\u00e9skis de Villarembert Arves Corbier_Saint-Jean-d'Arves"},{"url":"https:\/\/www.sja73.com\/medias\/images\/prestataires\/50745-photo_101.jpg","chemin":"..\/medias\/images\/prestataires\/50745-photo_101.jpg","libelle":"liaison domaine les sybelles","extension":"jpg","categorie":"","largeur":3648,"theme":"","hauteur":2736,"type":"Image","origine":"","liaisonPave":"","langue":"","id":"50748","urlVignette":"https:\/\/www.sja73.com\/medias\/images\/prestataires\/v-50745-photo_101.jpg","alt":"liaison domaine les sybelles","title":"liaison domaine les sybelles","MultiTaille":{"1920x1440":{"url":"https:\/\/www.sja73.com\/medias\/images\/prestataires\/multitailles\/1920x1440_50745-photo_101.jpg"},"1200x900":{"url":"https:\/\/www.sja73.com\/medias\/images\/prestataires\/multitailles\/1200x900_50745-photo_101.jpg"},"800x600":{"url":"https:\/\/www.sja73.com\/medias\/images\/prestataires\/multitailles\/800x600_50745-photo_101.jpg"},"640x480":{"url":"https:\/\/www.sja73.com\/medias\/images\/prestataires\/multitailles\/640x480_50745-photo_101.jpg"},"320x240":{"url":"https:\/\/www.sja73.com\/medias\/images\/prestataires\/multitailles\/320x240_50745-photo_101.jpg"},"160x120":{"url":"https:\/\/www.sja73.com\/medias\/images\/prestataires\/multitailles\/160x120_50745-photo_101.jpg"},"origine":{"url":"https:\/\/www.sja73.com\/medias\/images\/prestataires\/50745-photo_101.jpg"}},"urlLien":"","typeLien":"","nofollow":"N","copyright":"F. Bisschop"}]},"Document":[{"url":"https:\/\/www.sja73.com\/medias\/images\/prestataires\/50746-lessybelles_logo_horizontal_bleu.jpg","chemin":"..\/medias\/images\/prestataires\/50746-lessybelles_logo_horizontal_bleu.jpg","libelle":"SATVAC - St\u00e9 Anonyme des T\u00e9l\u00e9skis de Villarembert Arves Corbier_Saint-Jean-d'Arves","extension":"jpg","categorie":"","largeur":"","theme":"","hauteur":"","type":"Document","origine":"","liaisonPave":"","langue":"","id":"50749","poids":"138.96 Ko","alt":"SATVAC - St\u00e9 Anonyme des T\u00e9l\u00e9skis de Villarembert Arves Corbier_Saint-Jean-d'Arves","title":"SATVAC - St\u00e9 Anonyme des T\u00e9l\u00e9skis de Villarembert Arves Corbier_Saint-Jean-d'Arves"}]},"Url":"satvac-ste-anonyme-des-teleskis-de-villarembert-arves-corbier-1.html","Localisation":{"GoogleMap":{"Latitude":"45.213802","Longitude":"6.266897"}},"ZoneGeo":"","Criteres":{"AFFICHAGESITEOK[ADHERENTOUICOMPLET":"","P.prestations[surchargeTourismesAdaptes":"","P.prestations[surchargeDescriptifHandicapMoteur":"","P.prestations[surchargeDescriptifHandicapAuditif":"","P.prestations[surchargeDescriptifHandicapVisuel":"","P.prestations[surchargeDescriptifHandicapMental":"","P.prestations[surchargeNombreFauteuilsRoulants":"","P.languesParlees[1197":"","P.57[1832":"","P.57[2002":"","P.57[2003":"","P.43[1908":"","P.43[2037":"","P.43[2046":"","P.43[2049":"","P.43[2050":"","P.114[416":"","P.114[418":"","P.114[435":"","P.114[436":"","P.tourismeAffaires[tourismeAffairesEnabled":"","P.tourismeAffaires[devise":"EUR","P.commerceEtServiceType[1875":"","P.19[3979":"","P.19[5433":"","P.CINTSITRA[11226":"","P.CINTSITRA[11435":"","P.3220[25629":"","P.3233[60439":"","P.3233[908439":"","P.3218[60729":"","P.3219[72808":"","P.3219[126557":"","P.3227[82852":"","P.3230[323078":"","P.3230[5532377":"","P.3230[6328304":"","P.3221[344174":"","P.3221[549303":"","P.3221[596327":"","P.6241[595160":"","P.VilleSitra[30471":"","P.VillageDeDepart[30471":"","P.114[439":""},"DateFinPublication":"","AffichageCoordonnees":[]},"listeCriteres":{"AFFICHAGESITE":{"ADHERENTOUICOMPLET":""},"prestations":{"surchargeTourismesAdaptes":"","surchargeDescriptifHandicapMoteur":"","surchargeDescriptifHandicapAuditif":"","surchargeDescriptifHandicapVisuel":"","surchargeDescriptifHandicapMental":"","surchargeNombreFauteuilsRoulants":""},"languesParlees":{"1192":"","1197":""},"6528":{"169":""},"environnements":{"171":"","184":""},"114":{"416":"","435":"","436":""},"ouverturesComplementaires":{"4192":""},"activiteType":{"1789":""},"57":{"1832":"","2002":""},"prestataireActivites":{"type":"Commerce \/ Et \/ Service","id":"696310"},"commerceEtServicePrestataire":{"type":"Commerce \/ Et \/ Service","id":"696310"},"CINTSITRA":{"4038":"","10505":"","10507":"","11226":"","11435":""},"3220":{"25629":""},"3233":{"60439":"","908439":""},"3218":{"60729":""},"3219":{"72808":"","126557":""},"3227":{"82852":""},"3230":{"323078":"","5532377":"","6328304":""},"3221":{"344174":"","549303":"","596327":""},"6241":{"595160":""},"VilleSitra":{"30471":""},"VillageDeDepart":{"30471":""},"AFFICHAGESITEOK":{"ADHERENTOUICOMPLET":""},"P.prestations":{"surchargeTourismesAdaptes":"","surchargeDescriptifHandicapMoteur":"","surchargeDescriptifHandicapAuditif":"","surchargeDescriptifHandicapVisuel":"","surchargeDescriptifHandicapMental":"","surchargeNombreFauteuilsRoulants":""},"P.languesParlees":{"1197":""},"P.57":{"1832":"","2002":"","2003":""},"P.43":{"1908":"","2037":"","2046":"","2049":"","2050":""},"P.114":{"416":"","418":"","435":"","436":"","439":""},"P.tourismeAffaires":{"tourismeAffairesEnabled":"","devise":"EUR"},"P.commerceEtServiceType":{"1875":""},"P.19":{"3979":"","5433":""},"P.CINTSITRA":{"11226":"","11435":""},"P.3220":{"25629":""},"P.3233":{"60439":"","908439":""},"P.3218":{"60729":""},"P.3219":{"72808":"","126557":""},"P.3227":{"82852":""},"P.3230":{"323078":"","5532377":"","6328304":""},"P.3221":{"344174":"","549303":"","596327":""},"P.6241":{"595160":""},"P.VilleSitra":{"30471":""},"P.VillageDeDepart":{"30471":""}},"dansCarnetVoyage":true,"Ouverture":""},"html":" \n \u003Cdiv id=\"CV-PRESTATION-E-696310-521836\" data-contexte-id=\"PRESTATION|E|696310|521836\" data-cle=\"E|696310|521836\" class=\"fiche-liste\"\u003E\n    \n\n    \u003C!-- partie photo --\u003E\n    \u003Cdiv class=\"photo\"\u003E\t\t\t\t\t\t\t\t\t\t\t\t\t\t\t\t\t\t\t\t\t\n        \u003Cdiv class=\"cadre_photo_principale\"\u003E\t\t\n        \n            \t\t\t\t\t\n                    \u003Ca href=\"descente-en-snowscoot.html?origine=carnet#media\"\u003E\n                        \u003Cimg class=\"photo_principale\" alt=\"Snowscoot \u00e0 Saint Jean d'Arves\" src=\"https:\/\/www.sja73.com\/medias\/images\/prestations\/multitailles\/320x240_66067-snowscoot.jpg\" itemprop=\"image\"\u003E\n                    \u003C\/a\u003E\t\t\t\t\t\t\n                \n                    \u003C\/div\u003E\t\t\t\t\t\t\t\t\t\t\t\t\t\t\t\t\t\t\t \t\t\n    \u003C\/div\u003E\n    \n    \u003C!-- partie nom prest --\u003E\n    \u003Cdiv class=\"nom\"\u003E\n        \u003Ch2\u003EDescente en Snowscoot\u003C\/h2\u003E\n        \n            \u003C\/div\u003E\n\n         \n    \u003C!-- partie adresse --\u003E\n    \u003Cdiv class=\"adresse\"\u003E\n    \n          \n    \u003C\/div\u003E\n    \n    \u003C!-- partie liens --\u003E\n    \u003Cdiv class=\"liens\"\u003E\n            \u003Ca class=\"btn-icon btn-view \" title=\"Voir la fiche d\u00e9taill\u00e9e\" href=\"descente-en-snowscoot.html?origine=carnet\"\u003E\u003C\/a\u003E\u003C!--\u003Ca class=\"btn-icon btn-view \" title=\"\" href=\"?origine=carnet#thaut\"\u003E\u003C\/a\u003E--\u003E\n      \u003Ca class=\"btn-icon btn-trash carnet_voyage_supprimer\" title=\"Supprimer cette fiche de mon carnet de voyage\" href=\"carnet-voyage?action=remove&fiche=E|696310|521836\"\u003E\u003C\/a\u003E\n    \u003C\/div\u003E\n\n\u003C\/div\u003E\n\n","icon":"https:\/\/static.ingenie.fr\/images\/carnetVoyageV3\/E.png"},"fiche":"E|696310|521836","popup":"\u003Cdiv id=\"bloc_popup_ajout_fiche_carnet\"\u003E\n    \u003Cdiv class=\"info_popup_ajout_fiche_carnet\"\u003E\n        Vous venez d'ajouter cet \u00e9l\u00e9ment \u00e0 votre carnet de voyage :    \u003C\/div\u003E\n    \u003Cdiv class=\"prest_popup_ajout_fiche_carnet\"\u003E\n        Descente en Snowscoot    \u003C\/div\u003E\n    \u003Cdiv class=\"bloc_btn_ajout_fiche_carnet form_submit_div\"\u003E\n        \u003Cinput type=\"button\" value=\"Continuer ma s\u00e9lection\" title=\"Continuer ma s\u00e9lection\" name=\"btn_close\" class=\"btn_close_popup_carnet form_submit\" onclick=\"$.colorbox.close()\" \/\u003E\n        \u003Cinput type=\"button\" value=\"Voir mon carnet de voyage\" title=\"Voir mon carnet\" name=\"btn_panier\" class=\"btn_panier_popup_carnet form_submit\" onclick=\"if(typeof CarnetVoyage != 'undefined') {CarnetVoyage.voirCarnet();}\" \/\u003E\n    \u003C\/div\u003E\n    \u003Cdiv class=\"bloc_btn_ajout_fiche_carnet\"\u003E\n        \u003Cinput type=\"checkbox\" value=\"1\" name=\"desactiver_popup\" id=\"desactiver_popup\" \/\u003E\n        \u003Clabel for=\"desactiver_popup\"\u003ENe plus afficher ce message\u003C\/label\u003E\n    \u003C\/div\u003E\n\u003C\/div\u003E","success":1}