{"nbFiches":1,"dataPrest":{"infoPrest":{"pave1":{"libelle":"Descriptif court","contenu":"Un moment hors du temps pendant lequel petits et grands vont pouvoir se familiariser en douceur avec nos \u00e2nes. Au programme, nourrissage, pansage, caresses, jeux interactifs et petite balade autour de la ferme. Dur\u00e9e 2h","fichiers":[]},"pave2":{"libelle":"Descriptif d\u00e9taill\u00e9","contenu":"Il s'agit d'une activit\u00e9 encadr\u00e9e pendant laquelle chaque famille pourra d\u00e9couvrir la balade avec un \u00e2ne sur un itin\u00e9raire facile permettant de faire monter les enfants \u00e0 tour de r\u00f4le sur le dos de l'\u00e2ne.","fichiers":[]},"pave3":{"libelle":"Bons plans","contenu":"","fichiers":[]},"pave4":{"libelle":"Compl\u00e9ment localisation","contenu":"","fichiers":[]},"pave5":{"libelle":"Compl\u00e9ment accueil","contenu":"","fichiers":[]},"pave6":{"libelle":"P\u00e9riodes en clair","contenu":"Du 04\/07 au 29\/08\/2026 le mardi de 9h30 \u00e0 11h30. Le vendredi de 15h30 \u00e0 17h30. Dates \u00e0 confirmer.","fichiers":[]},"pave7":{"libelle":"Tarifs en clair","contenu":"- 2 \u00e0 3 personnes : 60 \u20ac \/ 1 \u00e2ne\u003Cbr \/\u003E\r\n - 4 \u00e0 5 personnes : 75 \u20ac \/ 1 \u00e2ne\u003Cbr \/\u003E\r\n - 5 \u00e0 6 personnes : 95 \u20ac \/ 2 \u00e2nes\u003Cbr \/\u003E\r\n\u003Cbr \/\u003E\r\nDates et horaires : \u003Cbr \/\u003E\r\n- le mardi de 9h30 \u00e0 11h30\u003Cbr \/\u003E\r\n- le vendredi de 15h30 \u00e0 17h30","fichiers":[]},"pave8":{"libelle":"Compl\u00e9ment Tarifs","contenu":"","fichiers":[]},"pave9":{"libelle":"Compl\u00e9ment R\u00e9servation","contenu":"","fichiers":[]},"pave10":{"libelle":"Descriptif court","contenu":"","fichiers":[]},"pave11":{"libelle":"Descriptif d\u00e9taill\u00e9","contenu":"","fichiers":[]},"pave12":{"libelle":"Compl\u00e9ment localisation","contenu":"","fichiers":[]},"pave13":{"libelle":"Compl\u00e9ment accueil","contenu":"","fichiers":[]},"pave14":{"libelle":"P\u00e9riodes en clair","contenu":"","fichiers":[]},"pave15":{"libelle":"Tarifs en clair","contenu":"","fichiers":[]},"pave16":{"libelle":"Compl\u00e9ment Tarifs","contenu":"","fichiers":[]},"pave17":{"libelle":"Compl\u00e9ment R\u00e9servation","contenu":"","fichiers":[]},"pave18":{"libelle":"Descriptif court","contenu":"","fichiers":[]},"pave19":{"libelle":"Descriptif d\u00e9taill\u00e9","contenu":"","fichiers":[]},"pave20":{"libelle":"Compl\u00e9ment localisation","contenu":"","fichiers":[]},"pave21":{"libelle":"Compl\u00e9ment accueil","contenu":"","fichiers":[]},"pave22":{"libelle":"P\u00e9riodes en clair","contenu":"","fichiers":[]},"pave23":{"libelle":"Tarifs en clair","contenu":"","fichiers":[]},"pave24":{"libelle":"Compl\u00e9ment Tarifs","contenu":"","fichiers":[]},"pave25":{"libelle":"Compl\u00e9ment R\u00e9servation","contenu":"","fichiers":[]},"Libelle":"D\u00e9couverte en famille \u00e0 la ferme des \u00e2nes","Reference":"","Reftar":"","Type":"PRESTATION","TypePrestataire":"E","ContexteStat":"PRESTATION-E-513737-498315","DateModificationIso":"2026-04-03T00:34:00+02:00","Adresse":{"LigneAdresse1":"Le Mollard","LigneAdresse2":"","LigneAdresse3":"","CodePostal":"73530","Ville":"Saint-Jean-d'Arves","Cedex":"","Etat":"","Pays":"FRA"},"Id":"e-513737-498315","Code":"E|513737|498315","Cle":"E|513737|498315","Url":"decouverte-en-famille-a-la-ferme-des-anes.html","Localisation":{"GoogleMap":{"Latitude":"45.210857","Longitude":"6.274673"}},"ZoneGeo":"","Criteres":{"AFFICHAGESITE[ADHERENTOUICOMPLET":"","prestations[surchargeTourismesAdaptes":"","prestations[surchargeDescriptifHandicapMoteur":"","prestations[surchargeDescriptifHandicapAuditif":"","prestations[surchargeDescriptifHandicapVisuel":"","prestations[surchargeDescriptifHandicapMental":"","prestations[surchargeNombreFauteuilsRoulants":"","prestations[ageMin":"3","languesParlees[1192":"","languesParlees[1197":"","languesDocumentation[1192":"","languesDocumentation[1197":"","3650[3652":"","3650[3684":"","2[513":"","2[594":"","114[418":"","ouverturesComplementaires[4187":"","modesPaiement[1271":"","modesPaiement[1268":"","modesPaiement[1277":"","modesPaiement[1274":"","modesPaiement[1281":"","informationsActivite[dureeSeance":"150","activiteType[1790":"","3904[3770":"","91[1879":"","93[1797":"","7[1820":"","9[1813":"","9[1788":"","prestataireActivites[type":"Commerce \/ Et \/ Service","prestataireActivites[id":"513737","commerceEtServicePrestataire[type":"Commerce \/ Et \/ Service","commerceEtServicePrestataire[id":"513737","CINTSITRA[11226":"","CINTSITRA[11435":"","CINTSITRA[11885":"","CINTSITRA[11886":"","3220[25629":"","3233[60439":"","3233[908439":"","3218[60729":"","3219[72808":"","3219[126557":"","3227[82852":"","3230[323078":"","3230[5532377":"","3230[6328304":"","3221[344174":"","3221[549303":"","3221[596327":"","6241[595160":"","VilleSitra[30471":"","VillageDeDepart[30471":""},"ContactsParType":{"IWEB":{"59359":{"id_contact":"59359","type_contact":"IWEB","categorie_contact":"PRESTATION","societe_contact":"","fonction_contact":"","civilite_nom_prenom_contact":"Anes en montagne  ","adresse1_contact":"","adresse2_contact":"","adresse3_contact":"","cpostal_contact":"","ville_contact":"","teldom_contact":"","telbur_contact":"","fax_contact":"","portable_contact":"06 76 87 08 09","email_contact":"mpdauphin@gmail.com","siteweb_contact":"http:\/\/www.anesenmontagne.com","commentaire_contact":"","langue_contact":"","autre_moyen_com":[]}}},"ContactRemplaceCoordonnees":"59359","Prestataire":{"pave1":{"libelle":"Descriptif court","contenu":"La structure \u00c2nes en Montagne propose des promenades et randonn\u00e9es avec des \u00e2nes encadr\u00e9es par des accompagnateurs en montagne et la location d'\u00e2nes en fonction des conditions d'enneigement."},"pave2":{"libelle":"Descriptif d\u00e9taill\u00e9","contenu":"La structure \"Anes en Montagne\" b\u00e9n\u00e9ficie du label \"Ferme p\u00e9dagogique de Savoie\" et de l'agr\u00e9ment Education Nationale. Tous les intervenants sont titulaires d\u2019un Brevet d\u2019Etat d\u2019Accompagnateur en Montagne.\u003Cbr \/\u003E\r\n\u003Cbr \/\u003E\r\nFerme et boutique de produits au lait d'\u00e2nesse ouverte : jours et horaires dans le programme des animations hebdomadaire.\u003Cbr \/\u003E\r\n\u003Cbr \/\u003E\r\nPortes ouvertes : mardi de 14h30 \u00e0 16h30 et jeudi de 11h \u00e0 12h30"},"pave3":{"libelle":"Bons plans","contenu":""},"pave4":{"libelle":"Compl\u00e9ment localisation","contenu":""},"pave5":{"libelle":"Compl\u00e9ment accueil","contenu":""},"pave6":{"libelle":"P\u00e9riodes en clair","contenu":"Du 01\/01 au 31\/12 tous les jours."},"pave7":{"libelle":"Tarifs en clair","contenu":"Tarifs :\u003Cbr \/\u003E\r\nProduits au lait d'\u00e2nesse \u00e0 partir de 5\u20ac."},"pave8":{"libelle":"Compl\u00e9ment Tarifs","contenu":""},"pave9":{"libelle":"Compl\u00e9ment R\u00e9servation","contenu":""},"pave10":{"libelle":"Descriptif court","contenu":""},"pave11":{"libelle":"Descriptif d\u00e9taill\u00e9","contenu":""},"pave12":{"libelle":"Compl\u00e9ment localisation","contenu":""},"pave13":{"libelle":"Compl\u00e9ment accueil","contenu":""},"pave14":{"libelle":"P\u00e9riodes en clair","contenu":""},"pave15":{"libelle":"Tarifs en clair","contenu":""},"pave16":{"libelle":"Compl\u00e9ment Tarifs","contenu":""},"pave17":{"libelle":"Compl\u00e9ment R\u00e9servation","contenu":""},"pave18":{"libelle":"Descriptif court","contenu":""},"pave19":{"libelle":"Descriptif d\u00e9taill\u00e9","contenu":""},"pave20":{"libelle":"Compl\u00e9ment localisation","contenu":""},"pave21":{"libelle":"Compl\u00e9ment accueil","contenu":""},"pave22":{"libelle":"P\u00e9riodes en clair","contenu":""},"pave23":{"libelle":"Tarifs en clair","contenu":""},"pave24":{"libelle":"Compl\u00e9ment Tarifs","contenu":""},"pave25":{"libelle":"Compl\u00e9ment R\u00e9servation","contenu":""},"ContactsParType":{"DIR":{"59945":{"id_contact":"59945","type_contact":"DIR","categorie_contact":"PRESTATAIRE","societe_contact":"","fonction_contact":"","civilite_nom_prenom_contact":"Mme Dauphin Marie-Pierre ","adresse1_contact":"","adresse2_contact":"","adresse3_contact":"","cpostal_contact":"","ville_contact":"","teldom_contact":"","telbur_contact":"","fax_contact":"","portable_contact":"06 76 87 08 09","email_contact":"mpdauphin@gmail.com","siteweb_contact":"","commentaire_contact":"","langue_contact":"","autre_moyen_com":[]}}},"Libelle":"Anes en montagne","Nom":"Anes en montagne ","Prenom":"","NomPrenom":"Anes en montagne  ","CiviliteNomPrenom":"Anes en montagne  ","Cle":"E|513737","PrestataireParent":"","ContexteStat":"PRESTATAIRE-E-513737","DateModificationIso":"2026-04-22T01:09:00+02:00","Type":"PRESTATAIRE","TypePrestataire":"E","Adresse":{"LigneAdresse1":"","LigneAdresse2":"","LigneAdresse3":"","CodePostal":"","Ville":"","Cedex":"","Etat":"","Pays":""},"Email":"mpdauphin@gmail.com","Telephone":"","TelephoneBureau":"","Portable":"06 76 87 08 09","SiteWeb":"http:\/\/www.anesenmontagne.com","Fax":"","Id":"e-513737","Code":"E|513737","Fichier":{"Image":[{"url":"https:\/\/www.sja73.com\/medias\/images\/prestataires\/50491-flo04440_2_apidae.jpg","chemin":"..\/medias\/images\/prestataires\/50491-flo04440_2_apidae.jpg","libelle":"\u00e2nes en montagne","extension":"jpg","categorie":"","largeur":3500,"theme":"ETE","hauteur":2335,"type":"Image","origine":"","liaisonPave":"","langue":"","id":"50495","urlVignette":"https:\/\/www.sja73.com\/medias\/images\/prestataires\/v-50491-flo04440_2_apidae.jpg","alt":"\u00e2nes en montagne","title":"\u00e2nes en montagne","MultiTaille":{"1920x1440":{"url":"https:\/\/www.sja73.com\/medias\/images\/prestataires\/multitailles\/1920x1440_50491-flo04440_2_apidae.jpg"},"1200x900":{"url":"https:\/\/www.sja73.com\/medias\/images\/prestataires\/multitailles\/1200x900_50491-flo04440_2_apidae.jpg"},"800x600":{"url":"https:\/\/www.sja73.com\/medias\/images\/prestataires\/multitailles\/800x600_50491-flo04440_2_apidae.jpg"},"640x480":{"url":"https:\/\/www.sja73.com\/medias\/images\/prestataires\/multitailles\/640x480_50491-flo04440_2_apidae.jpg"},"320x240":{"url":"https:\/\/www.sja73.com\/medias\/images\/prestataires\/multitailles\/320x240_50491-flo04440_2_apidae.jpg"},"160x120":{"url":"https:\/\/www.sja73.com\/medias\/images\/prestataires\/multitailles\/160x120_50491-flo04440_2_apidae.jpg"},"origine":{"url":"https:\/\/www.sja73.com\/medias\/images\/prestataires\/50491-flo04440_2_apidae.jpg"}},"urlLien":"","typeLien":"","nofollow":"N","copyright":"Les Coflocs"},{"url":"https:\/\/www.sja73.com\/medias\/images\/prestataires\/50494-anes_en_montagne.jpg","chemin":"..\/medias\/images\/prestataires\/50494-anes_en_montagne.jpg","libelle":"Anes en montagne_Saint-Jean-d'Arves","extension":"jpg","categorie":"","largeur":1890,"theme":"","hauteur":1696,"type":"Image","origine":"","liaisonPave":"","langue":"","id":"50498","urlVignette":"https:\/\/www.sja73.com\/medias\/images\/prestataires\/v-50494-anes_en_montagne.jpg","alt":"Anes en montagne_Saint-Jean-d'Arves","title":"Anes en montagne_Saint-Jean-d'Arves","MultiTaille":{"1920x1440":{"url":"https:\/\/www.sja73.com\/medias\/images\/prestataires\/multitailles\/1920x1440_50494-anes_en_montagne.jpg"},"1200x900":{"url":"https:\/\/www.sja73.com\/medias\/images\/prestataires\/multitailles\/1200x900_50494-anes_en_montagne.jpg"},"800x600":{"url":"https:\/\/www.sja73.com\/medias\/images\/prestataires\/multitailles\/800x600_50494-anes_en_montagne.jpg"},"640x480":{"url":"https:\/\/www.sja73.com\/medias\/images\/prestataires\/multitailles\/640x480_50494-anes_en_montagne.jpg"},"320x240":{"url":"https:\/\/www.sja73.com\/medias\/images\/prestataires\/multitailles\/320x240_50494-anes_en_montagne.jpg"},"160x120":{"url":"https:\/\/www.sja73.com\/medias\/images\/prestataires\/multitailles\/160x120_50494-anes_en_montagne.jpg"},"origine":{"url":"https:\/\/www.sja73.com\/medias\/images\/prestataires\/50494-anes_en_montagne.jpg"}},"urlLien":"","typeLien":"","nofollow":"N","copyright":""},{"url":"https:\/\/www.sja73.com\/medias\/images\/prestataires\/50492-16178964_454803381310689_7504924116106256630_o.jpg","chemin":"..\/medias\/images\/prestataires\/50492-16178964_454803381310689_7504924116106256630_o.jpg","libelle":"Anes en monagne","extension":"jpg","categorie":"","largeur":2048,"theme":"HIVER","hauteur":1152,"type":"Image","origine":"","liaisonPave":"","langue":"","id":"50496","urlVignette":"https:\/\/www.sja73.com\/medias\/images\/prestataires\/v-50492-16178964_454803381310689_7504924116106256630_o.jpg","alt":"Anes en monagne","title":"Anes en monagne","MultiTaille":{"1920x1440":{"url":"https:\/\/www.sja73.com\/medias\/images\/prestataires\/multitailles\/1920x1440_50492-16178964_454803381310689_7504924116106256630_o.jpg"},"1200x900":{"url":"https:\/\/www.sja73.com\/medias\/images\/prestataires\/multitailles\/1200x900_50492-16178964_454803381310689_7504924116106256630_o.jpg"},"800x600":{"url":"https:\/\/www.sja73.com\/medias\/images\/prestataires\/multitailles\/800x600_50492-16178964_454803381310689_7504924116106256630_o.jpg"},"640x480":{"url":"https:\/\/www.sja73.com\/medias\/images\/prestataires\/multitailles\/640x480_50492-16178964_454803381310689_7504924116106256630_o.jpg"},"320x240":{"url":"https:\/\/www.sja73.com\/medias\/images\/prestataires\/multitailles\/320x240_50492-16178964_454803381310689_7504924116106256630_o.jpg"},"160x120":{"url":"https:\/\/www.sja73.com\/medias\/images\/prestataires\/multitailles\/160x120_50492-16178964_454803381310689_7504924116106256630_o.jpg"},"origine":{"url":"https:\/\/www.sja73.com\/medias\/images\/prestataires\/50492-16178964_454803381310689_7504924116106256630_o.jpg"}},"urlLien":"","typeLien":"","nofollow":"N","copyright":""},{"url":"https:\/\/www.sja73.com\/medias\/images\/prestataires\/50493-img_3191_web.jpg","chemin":"..\/medias\/images\/prestataires\/50493-img_3191_web.jpg","libelle":"Anes en monagne","extension":"jpg","categorie":"","largeur":2500,"theme":"HIVER","hauteur":1667,"type":"Image","origine":"","liaisonPave":"","langue":"","id":"50497","urlVignette":"https:\/\/www.sja73.com\/medias\/images\/prestataires\/v-50493-img_3191_web.jpg","alt":"Anes en monagne","title":"Anes en monagne","MultiTaille":{"1920x1440":{"url":"https:\/\/www.sja73.com\/medias\/images\/prestataires\/multitailles\/1920x1440_50493-img_3191_web.jpg"},"1200x900":{"url":"https:\/\/www.sja73.com\/medias\/images\/prestataires\/multitailles\/1200x900_50493-img_3191_web.jpg"},"800x600":{"url":"https:\/\/www.sja73.com\/medias\/images\/prestataires\/multitailles\/800x600_50493-img_3191_web.jpg"},"640x480":{"url":"https:\/\/www.sja73.com\/medias\/images\/prestataires\/multitailles\/640x480_50493-img_3191_web.jpg"},"320x240":{"url":"https:\/\/www.sja73.com\/medias\/images\/prestataires\/multitailles\/320x240_50493-img_3191_web.jpg"},"160x120":{"url":"https:\/\/www.sja73.com\/medias\/images\/prestataires\/multitailles\/160x120_50493-img_3191_web.jpg"},"origine":{"url":"https:\/\/www.sja73.com\/medias\/images\/prestataires\/50493-img_3191_web.jpg"}},"urlLien":"","typeLien":"","nofollow":"N","copyright":""}],"ByCategorie":{"":[{"url":"https:\/\/www.sja73.com\/medias\/images\/prestataires\/50491-flo04440_2_apidae.jpg","chemin":"..\/medias\/images\/prestataires\/50491-flo04440_2_apidae.jpg","libelle":"\u00e2nes en montagne","extension":"jpg","categorie":"","largeur":3500,"theme":"ETE","hauteur":2335,"type":"Image","origine":"","liaisonPave":"","langue":"","id":"50495","urlVignette":"https:\/\/www.sja73.com\/medias\/images\/prestataires\/v-50491-flo04440_2_apidae.jpg","alt":"\u00e2nes en montagne","title":"\u00e2nes en montagne","MultiTaille":{"1920x1440":{"url":"https:\/\/www.sja73.com\/medias\/images\/prestataires\/multitailles\/1920x1440_50491-flo04440_2_apidae.jpg"},"1200x900":{"url":"https:\/\/www.sja73.com\/medias\/images\/prestataires\/multitailles\/1200x900_50491-flo04440_2_apidae.jpg"},"800x600":{"url":"https:\/\/www.sja73.com\/medias\/images\/prestataires\/multitailles\/800x600_50491-flo04440_2_apidae.jpg"},"640x480":{"url":"https:\/\/www.sja73.com\/medias\/images\/prestataires\/multitailles\/640x480_50491-flo04440_2_apidae.jpg"},"320x240":{"url":"https:\/\/www.sja73.com\/medias\/images\/prestataires\/multitailles\/320x240_50491-flo04440_2_apidae.jpg"},"160x120":{"url":"https:\/\/www.sja73.com\/medias\/images\/prestataires\/multitailles\/160x120_50491-flo04440_2_apidae.jpg"},"origine":{"url":"https:\/\/www.sja73.com\/medias\/images\/prestataires\/50491-flo04440_2_apidae.jpg"}},"urlLien":"","typeLien":"","nofollow":"N","copyright":"Les Coflocs"},{"url":"https:\/\/www.sja73.com\/medias\/images\/prestataires\/50494-anes_en_montagne.jpg","chemin":"..\/medias\/images\/prestataires\/50494-anes_en_montagne.jpg","libelle":"Anes en montagne_Saint-Jean-d'Arves","extension":"jpg","categorie":"","largeur":1890,"theme":"","hauteur":1696,"type":"Image","origine":"","liaisonPave":"","langue":"","id":"50498","urlVignette":"https:\/\/www.sja73.com\/medias\/images\/prestataires\/v-50494-anes_en_montagne.jpg","alt":"Anes en montagne_Saint-Jean-d'Arves","title":"Anes en montagne_Saint-Jean-d'Arves","MultiTaille":{"1920x1440":{"url":"https:\/\/www.sja73.com\/medias\/images\/prestataires\/multitailles\/1920x1440_50494-anes_en_montagne.jpg"},"1200x900":{"url":"https:\/\/www.sja73.com\/medias\/images\/prestataires\/multitailles\/1200x900_50494-anes_en_montagne.jpg"},"800x600":{"url":"https:\/\/www.sja73.com\/medias\/images\/prestataires\/multitailles\/800x600_50494-anes_en_montagne.jpg"},"640x480":{"url":"https:\/\/www.sja73.com\/medias\/images\/prestataires\/multitailles\/640x480_50494-anes_en_montagne.jpg"},"320x240":{"url":"https:\/\/www.sja73.com\/medias\/images\/prestataires\/multitailles\/320x240_50494-anes_en_montagne.jpg"},"160x120":{"url":"https:\/\/www.sja73.com\/medias\/images\/prestataires\/multitailles\/160x120_50494-anes_en_montagne.jpg"},"origine":{"url":"https:\/\/www.sja73.com\/medias\/images\/prestataires\/50494-anes_en_montagne.jpg"}},"urlLien":"","typeLien":"","nofollow":"N","copyright":""},{"url":"https:\/\/www.sja73.com\/medias\/images\/prestataires\/50492-16178964_454803381310689_7504924116106256630_o.jpg","chemin":"..\/medias\/images\/prestataires\/50492-16178964_454803381310689_7504924116106256630_o.jpg","libelle":"Anes en monagne","extension":"jpg","categorie":"","largeur":2048,"theme":"HIVER","hauteur":1152,"type":"Image","origine":"","liaisonPave":"","langue":"","id":"50496","urlVignette":"https:\/\/www.sja73.com\/medias\/images\/prestataires\/v-50492-16178964_454803381310689_7504924116106256630_o.jpg","alt":"Anes en monagne","title":"Anes en monagne","MultiTaille":{"1920x1440":{"url":"https:\/\/www.sja73.com\/medias\/images\/prestataires\/multitailles\/1920x1440_50492-16178964_454803381310689_7504924116106256630_o.jpg"},"1200x900":{"url":"https:\/\/www.sja73.com\/medias\/images\/prestataires\/multitailles\/1200x900_50492-16178964_454803381310689_7504924116106256630_o.jpg"},"800x600":{"url":"https:\/\/www.sja73.com\/medias\/images\/prestataires\/multitailles\/800x600_50492-16178964_454803381310689_7504924116106256630_o.jpg"},"640x480":{"url":"https:\/\/www.sja73.com\/medias\/images\/prestataires\/multitailles\/640x480_50492-16178964_454803381310689_7504924116106256630_o.jpg"},"320x240":{"url":"https:\/\/www.sja73.com\/medias\/images\/prestataires\/multitailles\/320x240_50492-16178964_454803381310689_7504924116106256630_o.jpg"},"160x120":{"url":"https:\/\/www.sja73.com\/medias\/images\/prestataires\/multitailles\/160x120_50492-16178964_454803381310689_7504924116106256630_o.jpg"},"origine":{"url":"https:\/\/www.sja73.com\/medias\/images\/prestataires\/50492-16178964_454803381310689_7504924116106256630_o.jpg"}},"urlLien":"","typeLien":"","nofollow":"N","copyright":""},{"url":"https:\/\/www.sja73.com\/medias\/images\/prestataires\/50493-img_3191_web.jpg","chemin":"..\/medias\/images\/prestataires\/50493-img_3191_web.jpg","libelle":"Anes en monagne","extension":"jpg","categorie":"","largeur":2500,"theme":"HIVER","hauteur":1667,"type":"Image","origine":"","liaisonPave":"","langue":"","id":"50497","urlVignette":"https:\/\/www.sja73.com\/medias\/images\/prestataires\/v-50493-img_3191_web.jpg","alt":"Anes en monagne","title":"Anes en monagne","MultiTaille":{"1920x1440":{"url":"https:\/\/www.sja73.com\/medias\/images\/prestataires\/multitailles\/1920x1440_50493-img_3191_web.jpg"},"1200x900":{"url":"https:\/\/www.sja73.com\/medias\/images\/prestataires\/multitailles\/1200x900_50493-img_3191_web.jpg"},"800x600":{"url":"https:\/\/www.sja73.com\/medias\/images\/prestataires\/multitailles\/800x600_50493-img_3191_web.jpg"},"640x480":{"url":"https:\/\/www.sja73.com\/medias\/images\/prestataires\/multitailles\/640x480_50493-img_3191_web.jpg"},"320x240":{"url":"https:\/\/www.sja73.com\/medias\/images\/prestataires\/multitailles\/320x240_50493-img_3191_web.jpg"},"160x120":{"url":"https:\/\/www.sja73.com\/medias\/images\/prestataires\/multitailles\/160x120_50493-img_3191_web.jpg"},"origine":{"url":"https:\/\/www.sja73.com\/medias\/images\/prestataires\/50493-img_3191_web.jpg"}},"urlLien":"","typeLien":"","nofollow":"N","copyright":""}]}},"Url":"anes-en-montagne.html","Localisation":{"GoogleMap":{"Latitude":"45.210892","Longitude":"6.274735"}},"ZoneGeo":"","Criteres":{"AFFICHAGESITEOK[ADHERENTOUICOMPLET":"","P.prestations[surchargeTourismesAdaptes":"","P.prestations[surchargeDescriptifHandicapMoteur":"","P.prestations[surchargeDescriptifHandicapAuditif":"","P.prestations[surchargeDescriptifHandicapVisuel":"","P.prestations[surchargeDescriptifHandicapMental":"","P.prestations[surchargeNombreFauteuilsRoulants":"","P.languesParlees[1192":"","P.languesParlees[1197":"","P.61[1872":"","P.61[2025":"","P.61[2028":"","P.6528[169":"","P.6528[4006":"","P.environnements[171":"","P.environnements[188":"","P.environnements[193":"","P.114[416":"","P.114[418":"","P.114[435":"","P.114[436":"","P.modesPaiement[1271":"","P.modesPaiement[1277":"","P.modesPaiement[1274":"","P.tourismeAffaires[tourismeAffairesEnabled":"","P.tourismeAffaires[devise":"EUR","P.commerceEtServiceType[4015":"","P.typesDetailles[4039":"","P.typesDetailles[4041":"","P.9[1782":"","P.9[1788":"","P.9[1813":"","P.9[1821":"","P.9[1851":"","P.7[1820":"","P.CINTSITRA[11226":"","P.CINTSITRA[11435":"","P.CINTSITRA[4038":"","P.3220[25629":"","P.3233[60439":"","P.3233[908439":"","P.3218[60729":"","P.3219[72808":"","P.3219[126557":"","P.3227[82852":"","P.3230[323078":"","P.3230[5532377":"","P.3230[6328304":"","P.3221[344174":"","P.3221[549303":"","P.3221[596327":"","P.6241[595160":"","P.VilleSitra[30471":"","P.VillageDeDepart[30471":""},"DateFinPublication":""},"Fichier":{"Image":[{"url":"https:\/\/www.sja73.com\/medias\/images\/prestations\/64944-img_0866.jpg","chemin":"..\/medias\/images\/prestations\/64944-img_0866.jpg","libelle":"Anes en montagne","extension":"jpg","categorie":"","largeur":2592,"theme":"","hauteur":3888,"type":"Image","origine":"","liaisonPave":"","langue":"","id":"64944","urlVignette":"https:\/\/www.sja73.com\/medias\/images\/prestations\/v-64944-img_0866.jpg","alt":"Anes en montagne","title":"Anes en montagne - &copy Marie-Pierre Dauphin","MultiTaille":{"1920x1440":{"url":"https:\/\/www.sja73.com\/medias\/images\/prestations\/multitailles\/1920x1440_64944-img_0866.jpg"},"1200x900":{"url":"https:\/\/www.sja73.com\/medias\/images\/prestations\/multitailles\/1200x900_64944-img_0866.jpg"},"800x600":{"url":"https:\/\/www.sja73.com\/medias\/images\/prestations\/multitailles\/800x600_64944-img_0866.jpg"},"640x480":{"url":"https:\/\/www.sja73.com\/medias\/images\/prestations\/multitailles\/640x480_64944-img_0866.jpg"},"320x240":{"url":"https:\/\/www.sja73.com\/medias\/images\/prestations\/multitailles\/320x240_64944-img_0866.jpg"},"160x120":{"url":"https:\/\/www.sja73.com\/medias\/images\/prestations\/multitailles\/160x120_64944-img_0866.jpg"},"origine":{"url":"https:\/\/www.sja73.com\/medias\/images\/prestations\/64944-img_0866.jpg"}},"urlLien":"","typeLien":"","nofollow":"N","copyright":"Marie-Pierre Dauphin"}],"ByCategorie":{"":[{"url":"https:\/\/www.sja73.com\/medias\/images\/prestations\/64944-img_0866.jpg","chemin":"..\/medias\/images\/prestations\/64944-img_0866.jpg","libelle":"Anes en montagne","extension":"jpg","categorie":"","largeur":2592,"theme":"","hauteur":3888,"type":"Image","origine":"","liaisonPave":"","langue":"","id":"64944","urlVignette":"https:\/\/www.sja73.com\/medias\/images\/prestations\/v-64944-img_0866.jpg","alt":"Anes en montagne","title":"Anes en montagne - &copy Marie-Pierre Dauphin","MultiTaille":{"1920x1440":{"url":"https:\/\/www.sja73.com\/medias\/images\/prestations\/multitailles\/1920x1440_64944-img_0866.jpg"},"1200x900":{"url":"https:\/\/www.sja73.com\/medias\/images\/prestations\/multitailles\/1200x900_64944-img_0866.jpg"},"800x600":{"url":"https:\/\/www.sja73.com\/medias\/images\/prestations\/multitailles\/800x600_64944-img_0866.jpg"},"640x480":{"url":"https:\/\/www.sja73.com\/medias\/images\/prestations\/multitailles\/640x480_64944-img_0866.jpg"},"320x240":{"url":"https:\/\/www.sja73.com\/medias\/images\/prestations\/multitailles\/320x240_64944-img_0866.jpg"},"160x120":{"url":"https:\/\/www.sja73.com\/medias\/images\/prestations\/multitailles\/160x120_64944-img_0866.jpg"},"origine":{"url":"https:\/\/www.sja73.com\/medias\/images\/prestations\/64944-img_0866.jpg"}},"urlLien":"","typeLien":"","nofollow":"N","copyright":"Marie-Pierre Dauphin"}]}},"DateDebPublication":"","DateFinPublication":"","PrixAPartirDe":"","PrixPour":"","FicheListeEnCours":"fiche_liste_activites_loisirs_culture_prestation_v2","ParametresModele":{"AfficherPhotos":"1","NbPhotosMax":6,"AfficherReserver":0,"AfficherContact":0,"AfficherSalle":1,"AfficherZoneGeo":0,"AfficherEnSavoirPlus":"0","AfficherUneSeuleOuverture":0,"AfficherContactCarte":1,"AfficherTarifsChaudAPartirDe":0,"AfficherTarifChaudSansRecherche":0,"AfficherLiensCarnetVoyage":"1","Criteres":"AFFICHAGESITE[ADHERENTOUICOMPLET","PositionBloc":"GALLERIE|NOM|CARNET_VOYAGE|URL","TypePrestataire":"E","ComportementResa":false,"ComportementDispo":false},"AffichageCoordonnees":[],"Coordonnees":{"Ville":"Saint-Jean-d'Arves"},"ContexteId":"PRESTATION|E|513737|498315","ContexteIdHtml":"PRESTATION-E-513737-498315","cleContexte":"E|513737|498315","Bloc":{"texte1":"","texte3":"","critere1":{"libelle":"","contenu":[]},"critere2":{"libelle":"","contenu":[]},"critere3":{"libelle":"","contenu":[]},"critere4":{"libelle":"","contenu":[]},"critere5":{"libelle":"","contenu":[]},"critere6":{"libelle":"","contenu":[]},"critere7":{"libelle":"","contenu":[]},"critere8":{"libelle":"","contenu":[]},"critere9":{"libelle":"","contenu":[]}},"LocalisationGps":{"Latitude":"45.210857","Longitude":"6.274673"},"libelleDuPrestataire":"","vuePrestataire":{"pave1":{"libelle":"Descriptif court","contenu":"La structure \u00c2nes en Montagne propose des promenades et randonn\u00e9es avec des \u00e2nes encadr\u00e9es par des accompagnateurs en montagne et la location d'\u00e2nes en fonction des conditions d'enneigement."},"pave2":{"libelle":"Descriptif d\u00e9taill\u00e9","contenu":"La structure \"Anes en Montagne\" b\u00e9n\u00e9ficie du label \"Ferme p\u00e9dagogique de Savoie\" et de l'agr\u00e9ment Education Nationale. Tous les intervenants sont titulaires d\u2019un Brevet d\u2019Etat d\u2019Accompagnateur en Montagne.\u003Cbr \/\u003E\r\n\u003Cbr \/\u003E\r\nFerme et boutique de produits au lait d'\u00e2nesse ouverte : jours et horaires dans le programme des animations hebdomadaire.\u003Cbr \/\u003E\r\n\u003Cbr \/\u003E\r\nPortes ouvertes : mardi de 14h30 \u00e0 16h30 et jeudi de 11h \u00e0 12h30"},"pave3":{"libelle":"Bons plans","contenu":""},"pave4":{"libelle":"Compl\u00e9ment localisation","contenu":""},"pave5":{"libelle":"Compl\u00e9ment accueil","contenu":""},"pave6":{"libelle":"P\u00e9riodes en clair","contenu":"Du 01\/01 au 31\/12 tous les jours."},"pave7":{"libelle":"Tarifs en clair","contenu":"Tarifs :\u003Cbr \/\u003E\r\nProduits au lait d'\u00e2nesse \u00e0 partir de 5\u20ac."},"pave8":{"libelle":"Compl\u00e9ment Tarifs","contenu":""},"pave9":{"libelle":"Compl\u00e9ment R\u00e9servation","contenu":""},"pave10":{"libelle":"Descriptif court","contenu":""},"pave11":{"libelle":"Descriptif d\u00e9taill\u00e9","contenu":""},"pave12":{"libelle":"Compl\u00e9ment localisation","contenu":""},"pave13":{"libelle":"Compl\u00e9ment accueil","contenu":""},"pave14":{"libelle":"P\u00e9riodes en clair","contenu":""},"pave15":{"libelle":"Tarifs en clair","contenu":""},"pave16":{"libelle":"Compl\u00e9ment Tarifs","contenu":""},"pave17":{"libelle":"Compl\u00e9ment R\u00e9servation","contenu":""},"pave18":{"libelle":"Descriptif court","contenu":""},"pave19":{"libelle":"Descriptif d\u00e9taill\u00e9","contenu":""},"pave20":{"libelle":"Compl\u00e9ment localisation","contenu":""},"pave21":{"libelle":"Compl\u00e9ment accueil","contenu":""},"pave22":{"libelle":"P\u00e9riodes en clair","contenu":""},"pave23":{"libelle":"Tarifs en clair","contenu":""},"pave24":{"libelle":"Compl\u00e9ment Tarifs","contenu":""},"pave25":{"libelle":"Compl\u00e9ment R\u00e9servation","contenu":""},"ContactsParType":{"DIR":{"59945":{"id_contact":"59945","type_contact":"DIR","categorie_contact":"PRESTATAIRE","societe_contact":"","fonction_contact":"","civilite_nom_prenom_contact":"Mme Dauphin Marie-Pierre ","adresse1_contact":"","adresse2_contact":"","adresse3_contact":"","cpostal_contact":"","ville_contact":"","teldom_contact":"","telbur_contact":"","fax_contact":"","portable_contact":"06 76 87 08 09","email_contact":"mpdauphin@gmail.com","siteweb_contact":"","commentaire_contact":"","langue_contact":"","autre_moyen_com":[]}}},"Libelle":"Anes en montagne","Nom":"Anes en montagne ","Prenom":"","NomPrenom":"Anes en montagne  ","CiviliteNomPrenom":"Anes en montagne  ","Cle":"E|513737","PrestataireParent":"","ContexteStat":"PRESTATAIRE-E-513737","DateModificationIso":"2026-04-22T01:09:00+02:00","Type":"PRESTATAIRE","TypePrestataire":"E","Adresse":{"LigneAdresse1":"","LigneAdresse2":"","LigneAdresse3":"","CodePostal":"","Ville":"","Cedex":"","Etat":"","Pays":""},"Email":"mpdauphin@gmail.com","Telephone":"","TelephoneBureau":"","Portable":"06 76 87 08 09","SiteWeb":"http:\/\/www.anesenmontagne.com","Fax":"","Id":"e-513737","Code":"E|513737","Fichier":{"Image":[{"url":"https:\/\/www.sja73.com\/medias\/images\/prestataires\/50491-flo04440_2_apidae.jpg","chemin":"..\/medias\/images\/prestataires\/50491-flo04440_2_apidae.jpg","libelle":"\u00e2nes en montagne","extension":"jpg","categorie":"","largeur":3500,"theme":"ETE","hauteur":2335,"type":"Image","origine":"","liaisonPave":"","langue":"","id":"50495","urlVignette":"https:\/\/www.sja73.com\/medias\/images\/prestataires\/v-50491-flo04440_2_apidae.jpg","alt":"\u00e2nes en montagne","title":"\u00e2nes en montagne","MultiTaille":{"1920x1440":{"url":"https:\/\/www.sja73.com\/medias\/images\/prestataires\/multitailles\/1920x1440_50491-flo04440_2_apidae.jpg"},"1200x900":{"url":"https:\/\/www.sja73.com\/medias\/images\/prestataires\/multitailles\/1200x900_50491-flo04440_2_apidae.jpg"},"800x600":{"url":"https:\/\/www.sja73.com\/medias\/images\/prestataires\/multitailles\/800x600_50491-flo04440_2_apidae.jpg"},"640x480":{"url":"https:\/\/www.sja73.com\/medias\/images\/prestataires\/multitailles\/640x480_50491-flo04440_2_apidae.jpg"},"320x240":{"url":"https:\/\/www.sja73.com\/medias\/images\/prestataires\/multitailles\/320x240_50491-flo04440_2_apidae.jpg"},"160x120":{"url":"https:\/\/www.sja73.com\/medias\/images\/prestataires\/multitailles\/160x120_50491-flo04440_2_apidae.jpg"},"origine":{"url":"https:\/\/www.sja73.com\/medias\/images\/prestataires\/50491-flo04440_2_apidae.jpg"}},"urlLien":"","typeLien":"","nofollow":"N","copyright":"Les Coflocs"},{"url":"https:\/\/www.sja73.com\/medias\/images\/prestataires\/50494-anes_en_montagne.jpg","chemin":"..\/medias\/images\/prestataires\/50494-anes_en_montagne.jpg","libelle":"Anes en montagne_Saint-Jean-d'Arves","extension":"jpg","categorie":"","largeur":1890,"theme":"","hauteur":1696,"type":"Image","origine":"","liaisonPave":"","langue":"","id":"50498","urlVignette":"https:\/\/www.sja73.com\/medias\/images\/prestataires\/v-50494-anes_en_montagne.jpg","alt":"Anes en montagne_Saint-Jean-d'Arves","title":"Anes en montagne_Saint-Jean-d'Arves","MultiTaille":{"1920x1440":{"url":"https:\/\/www.sja73.com\/medias\/images\/prestataires\/multitailles\/1920x1440_50494-anes_en_montagne.jpg"},"1200x900":{"url":"https:\/\/www.sja73.com\/medias\/images\/prestataires\/multitailles\/1200x900_50494-anes_en_montagne.jpg"},"800x600":{"url":"https:\/\/www.sja73.com\/medias\/images\/prestataires\/multitailles\/800x600_50494-anes_en_montagne.jpg"},"640x480":{"url":"https:\/\/www.sja73.com\/medias\/images\/prestataires\/multitailles\/640x480_50494-anes_en_montagne.jpg"},"320x240":{"url":"https:\/\/www.sja73.com\/medias\/images\/prestataires\/multitailles\/320x240_50494-anes_en_montagne.jpg"},"160x120":{"url":"https:\/\/www.sja73.com\/medias\/images\/prestataires\/multitailles\/160x120_50494-anes_en_montagne.jpg"},"origine":{"url":"https:\/\/www.sja73.com\/medias\/images\/prestataires\/50494-anes_en_montagne.jpg"}},"urlLien":"","typeLien":"","nofollow":"N","copyright":""},{"url":"https:\/\/www.sja73.com\/medias\/images\/prestataires\/50492-16178964_454803381310689_7504924116106256630_o.jpg","chemin":"..\/medias\/images\/prestataires\/50492-16178964_454803381310689_7504924116106256630_o.jpg","libelle":"Anes en monagne","extension":"jpg","categorie":"","largeur":2048,"theme":"HIVER","hauteur":1152,"type":"Image","origine":"","liaisonPave":"","langue":"","id":"50496","urlVignette":"https:\/\/www.sja73.com\/medias\/images\/prestataires\/v-50492-16178964_454803381310689_7504924116106256630_o.jpg","alt":"Anes en monagne","title":"Anes en monagne","MultiTaille":{"1920x1440":{"url":"https:\/\/www.sja73.com\/medias\/images\/prestataires\/multitailles\/1920x1440_50492-16178964_454803381310689_7504924116106256630_o.jpg"},"1200x900":{"url":"https:\/\/www.sja73.com\/medias\/images\/prestataires\/multitailles\/1200x900_50492-16178964_454803381310689_7504924116106256630_o.jpg"},"800x600":{"url":"https:\/\/www.sja73.com\/medias\/images\/prestataires\/multitailles\/800x600_50492-16178964_454803381310689_7504924116106256630_o.jpg"},"640x480":{"url":"https:\/\/www.sja73.com\/medias\/images\/prestataires\/multitailles\/640x480_50492-16178964_454803381310689_7504924116106256630_o.jpg"},"320x240":{"url":"https:\/\/www.sja73.com\/medias\/images\/prestataires\/multitailles\/320x240_50492-16178964_454803381310689_7504924116106256630_o.jpg"},"160x120":{"url":"https:\/\/www.sja73.com\/medias\/images\/prestataires\/multitailles\/160x120_50492-16178964_454803381310689_7504924116106256630_o.jpg"},"origine":{"url":"https:\/\/www.sja73.com\/medias\/images\/prestataires\/50492-16178964_454803381310689_7504924116106256630_o.jpg"}},"urlLien":"","typeLien":"","nofollow":"N","copyright":""},{"url":"https:\/\/www.sja73.com\/medias\/images\/prestataires\/50493-img_3191_web.jpg","chemin":"..\/medias\/images\/prestataires\/50493-img_3191_web.jpg","libelle":"Anes en monagne","extension":"jpg","categorie":"","largeur":2500,"theme":"HIVER","hauteur":1667,"type":"Image","origine":"","liaisonPave":"","langue":"","id":"50497","urlVignette":"https:\/\/www.sja73.com\/medias\/images\/prestataires\/v-50493-img_3191_web.jpg","alt":"Anes en monagne","title":"Anes en monagne","MultiTaille":{"1920x1440":{"url":"https:\/\/www.sja73.com\/medias\/images\/prestataires\/multitailles\/1920x1440_50493-img_3191_web.jpg"},"1200x900":{"url":"https:\/\/www.sja73.com\/medias\/images\/prestataires\/multitailles\/1200x900_50493-img_3191_web.jpg"},"800x600":{"url":"https:\/\/www.sja73.com\/medias\/images\/prestataires\/multitailles\/800x600_50493-img_3191_web.jpg"},"640x480":{"url":"https:\/\/www.sja73.com\/medias\/images\/prestataires\/multitailles\/640x480_50493-img_3191_web.jpg"},"320x240":{"url":"https:\/\/www.sja73.com\/medias\/images\/prestataires\/multitailles\/320x240_50493-img_3191_web.jpg"},"160x120":{"url":"https:\/\/www.sja73.com\/medias\/images\/prestataires\/multitailles\/160x120_50493-img_3191_web.jpg"},"origine":{"url":"https:\/\/www.sja73.com\/medias\/images\/prestataires\/50493-img_3191_web.jpg"}},"urlLien":"","typeLien":"","nofollow":"N","copyright":""}],"ByCategorie":{"":[{"url":"https:\/\/www.sja73.com\/medias\/images\/prestataires\/50491-flo04440_2_apidae.jpg","chemin":"..\/medias\/images\/prestataires\/50491-flo04440_2_apidae.jpg","libelle":"\u00e2nes en montagne","extension":"jpg","categorie":"","largeur":3500,"theme":"ETE","hauteur":2335,"type":"Image","origine":"","liaisonPave":"","langue":"","id":"50495","urlVignette":"https:\/\/www.sja73.com\/medias\/images\/prestataires\/v-50491-flo04440_2_apidae.jpg","alt":"\u00e2nes en montagne","title":"\u00e2nes en montagne","MultiTaille":{"1920x1440":{"url":"https:\/\/www.sja73.com\/medias\/images\/prestataires\/multitailles\/1920x1440_50491-flo04440_2_apidae.jpg"},"1200x900":{"url":"https:\/\/www.sja73.com\/medias\/images\/prestataires\/multitailles\/1200x900_50491-flo04440_2_apidae.jpg"},"800x600":{"url":"https:\/\/www.sja73.com\/medias\/images\/prestataires\/multitailles\/800x600_50491-flo04440_2_apidae.jpg"},"640x480":{"url":"https:\/\/www.sja73.com\/medias\/images\/prestataires\/multitailles\/640x480_50491-flo04440_2_apidae.jpg"},"320x240":{"url":"https:\/\/www.sja73.com\/medias\/images\/prestataires\/multitailles\/320x240_50491-flo04440_2_apidae.jpg"},"160x120":{"url":"https:\/\/www.sja73.com\/medias\/images\/prestataires\/multitailles\/160x120_50491-flo04440_2_apidae.jpg"},"origine":{"url":"https:\/\/www.sja73.com\/medias\/images\/prestataires\/50491-flo04440_2_apidae.jpg"}},"urlLien":"","typeLien":"","nofollow":"N","copyright":"Les Coflocs"},{"url":"https:\/\/www.sja73.com\/medias\/images\/prestataires\/50494-anes_en_montagne.jpg","chemin":"..\/medias\/images\/prestataires\/50494-anes_en_montagne.jpg","libelle":"Anes en montagne_Saint-Jean-d'Arves","extension":"jpg","categorie":"","largeur":1890,"theme":"","hauteur":1696,"type":"Image","origine":"","liaisonPave":"","langue":"","id":"50498","urlVignette":"https:\/\/www.sja73.com\/medias\/images\/prestataires\/v-50494-anes_en_montagne.jpg","alt":"Anes en montagne_Saint-Jean-d'Arves","title":"Anes en montagne_Saint-Jean-d'Arves","MultiTaille":{"1920x1440":{"url":"https:\/\/www.sja73.com\/medias\/images\/prestataires\/multitailles\/1920x1440_50494-anes_en_montagne.jpg"},"1200x900":{"url":"https:\/\/www.sja73.com\/medias\/images\/prestataires\/multitailles\/1200x900_50494-anes_en_montagne.jpg"},"800x600":{"url":"https:\/\/www.sja73.com\/medias\/images\/prestataires\/multitailles\/800x600_50494-anes_en_montagne.jpg"},"640x480":{"url":"https:\/\/www.sja73.com\/medias\/images\/prestataires\/multitailles\/640x480_50494-anes_en_montagne.jpg"},"320x240":{"url":"https:\/\/www.sja73.com\/medias\/images\/prestataires\/multitailles\/320x240_50494-anes_en_montagne.jpg"},"160x120":{"url":"https:\/\/www.sja73.com\/medias\/images\/prestataires\/multitailles\/160x120_50494-anes_en_montagne.jpg"},"origine":{"url":"https:\/\/www.sja73.com\/medias\/images\/prestataires\/50494-anes_en_montagne.jpg"}},"urlLien":"","typeLien":"","nofollow":"N","copyright":""},{"url":"https:\/\/www.sja73.com\/medias\/images\/prestataires\/50492-16178964_454803381310689_7504924116106256630_o.jpg","chemin":"..\/medias\/images\/prestataires\/50492-16178964_454803381310689_7504924116106256630_o.jpg","libelle":"Anes en monagne","extension":"jpg","categorie":"","largeur":2048,"theme":"HIVER","hauteur":1152,"type":"Image","origine":"","liaisonPave":"","langue":"","id":"50496","urlVignette":"https:\/\/www.sja73.com\/medias\/images\/prestataires\/v-50492-16178964_454803381310689_7504924116106256630_o.jpg","alt":"Anes en monagne","title":"Anes en monagne","MultiTaille":{"1920x1440":{"url":"https:\/\/www.sja73.com\/medias\/images\/prestataires\/multitailles\/1920x1440_50492-16178964_454803381310689_7504924116106256630_o.jpg"},"1200x900":{"url":"https:\/\/www.sja73.com\/medias\/images\/prestataires\/multitailles\/1200x900_50492-16178964_454803381310689_7504924116106256630_o.jpg"},"800x600":{"url":"https:\/\/www.sja73.com\/medias\/images\/prestataires\/multitailles\/800x600_50492-16178964_454803381310689_7504924116106256630_o.jpg"},"640x480":{"url":"https:\/\/www.sja73.com\/medias\/images\/prestataires\/multitailles\/640x480_50492-16178964_454803381310689_7504924116106256630_o.jpg"},"320x240":{"url":"https:\/\/www.sja73.com\/medias\/images\/prestataires\/multitailles\/320x240_50492-16178964_454803381310689_7504924116106256630_o.jpg"},"160x120":{"url":"https:\/\/www.sja73.com\/medias\/images\/prestataires\/multitailles\/160x120_50492-16178964_454803381310689_7504924116106256630_o.jpg"},"origine":{"url":"https:\/\/www.sja73.com\/medias\/images\/prestataires\/50492-16178964_454803381310689_7504924116106256630_o.jpg"}},"urlLien":"","typeLien":"","nofollow":"N","copyright":""},{"url":"https:\/\/www.sja73.com\/medias\/images\/prestataires\/50493-img_3191_web.jpg","chemin":"..\/medias\/images\/prestataires\/50493-img_3191_web.jpg","libelle":"Anes en monagne","extension":"jpg","categorie":"","largeur":2500,"theme":"HIVER","hauteur":1667,"type":"Image","origine":"","liaisonPave":"","langue":"","id":"50497","urlVignette":"https:\/\/www.sja73.com\/medias\/images\/prestataires\/v-50493-img_3191_web.jpg","alt":"Anes en monagne","title":"Anes en monagne","MultiTaille":{"1920x1440":{"url":"https:\/\/www.sja73.com\/medias\/images\/prestataires\/multitailles\/1920x1440_50493-img_3191_web.jpg"},"1200x900":{"url":"https:\/\/www.sja73.com\/medias\/images\/prestataires\/multitailles\/1200x900_50493-img_3191_web.jpg"},"800x600":{"url":"https:\/\/www.sja73.com\/medias\/images\/prestataires\/multitailles\/800x600_50493-img_3191_web.jpg"},"640x480":{"url":"https:\/\/www.sja73.com\/medias\/images\/prestataires\/multitailles\/640x480_50493-img_3191_web.jpg"},"320x240":{"url":"https:\/\/www.sja73.com\/medias\/images\/prestataires\/multitailles\/320x240_50493-img_3191_web.jpg"},"160x120":{"url":"https:\/\/www.sja73.com\/medias\/images\/prestataires\/multitailles\/160x120_50493-img_3191_web.jpg"},"origine":{"url":"https:\/\/www.sja73.com\/medias\/images\/prestataires\/50493-img_3191_web.jpg"}},"urlLien":"","typeLien":"","nofollow":"N","copyright":""}]}},"Url":"anes-en-montagne.html","Localisation":{"GoogleMap":{"Latitude":"45.210892","Longitude":"6.274735"}},"ZoneGeo":"","Criteres":{"AFFICHAGESITEOK[ADHERENTOUICOMPLET":"","P.prestations[surchargeTourismesAdaptes":"","P.prestations[surchargeDescriptifHandicapMoteur":"","P.prestations[surchargeDescriptifHandicapAuditif":"","P.prestations[surchargeDescriptifHandicapVisuel":"","P.prestations[surchargeDescriptifHandicapMental":"","P.prestations[surchargeNombreFauteuilsRoulants":"","P.languesParlees[1192":"","P.languesParlees[1197":"","P.61[1872":"","P.61[2025":"","P.61[2028":"","P.6528[169":"","P.6528[4006":"","P.environnements[171":"","P.environnements[188":"","P.environnements[193":"","P.114[416":"","P.114[418":"","P.114[435":"","P.114[436":"","P.modesPaiement[1271":"","P.modesPaiement[1277":"","P.modesPaiement[1274":"","P.tourismeAffaires[tourismeAffairesEnabled":"","P.tourismeAffaires[devise":"EUR","P.commerceEtServiceType[4015":"","P.typesDetailles[4039":"","P.typesDetailles[4041":"","P.9[1782":"","P.9[1788":"","P.9[1813":"","P.9[1821":"","P.9[1851":"","P.7[1820":"","P.CINTSITRA[11226":"","P.CINTSITRA[11435":"","P.CINTSITRA[4038":"","P.3220[25629":"","P.3233[60439":"","P.3233[908439":"","P.3218[60729":"","P.3219[72808":"","P.3219[126557":"","P.3227[82852":"","P.3230[323078":"","P.3230[5532377":"","P.3230[6328304":"","P.3221[344174":"","P.3221[549303":"","P.3221[596327":"","P.6241[595160":"","P.VilleSitra[30471":"","P.VillageDeDepart[30471":""},"DateFinPublication":"","AffichageCoordonnees":[]},"listeCriteres":{"AFFICHAGESITE":{"ADHERENTOUICOMPLET":""},"prestations":{"surchargeTourismesAdaptes":"","surchargeDescriptifHandicapMoteur":"","surchargeDescriptifHandicapAuditif":"","surchargeDescriptifHandicapVisuel":"","surchargeDescriptifHandicapMental":"","surchargeNombreFauteuilsRoulants":"","ageMin":"3"},"languesParlees":{"1192":"","1197":""},"languesDocumentation":{"1192":"","1197":""},"3650":{"3652":"","3684":""},"2":{"513":"","594":""},"114":{"418":""},"ouverturesComplementaires":{"4187":""},"modesPaiement":{"1271":"","1268":"","1277":"","1274":"","1281":""},"informationsActivite":{"dureeSeance":"150"},"activiteType":{"1790":""},"3904":{"3770":""},"91":{"1879":""},"93":{"1797":""},"7":{"1820":""},"9":{"1813":"","1788":""},"prestataireActivites":{"type":"Commerce \/ Et \/ Service","id":"513737"},"commerceEtServicePrestataire":{"type":"Commerce \/ Et \/ Service","id":"513737"},"CINTSITRA":{"11226":"","11435":"","11885":"","11886":""},"3220":{"25629":""},"3233":{"60439":"","908439":""},"3218":{"60729":""},"3219":{"72808":"","126557":""},"3227":{"82852":""},"3230":{"323078":"","5532377":"","6328304":""},"3221":{"344174":"","549303":"","596327":""},"6241":{"595160":""},"VilleSitra":{"30471":""},"VillageDeDepart":{"30471":""},"AFFICHAGESITEOK":{"ADHERENTOUICOMPLET":""},"P.prestations":{"surchargeTourismesAdaptes":"","surchargeDescriptifHandicapMoteur":"","surchargeDescriptifHandicapAuditif":"","surchargeDescriptifHandicapVisuel":"","surchargeDescriptifHandicapMental":"","surchargeNombreFauteuilsRoulants":""},"P.languesParlees":{"1192":"","1197":""},"P.61":{"1872":"","2025":"","2028":""},"P.6528":{"169":"","4006":""},"P.environnements":{"171":"","188":"","193":""},"P.114":{"416":"","418":"","435":"","436":""},"P.modesPaiement":{"1271":"","1277":"","1274":""},"P.tourismeAffaires":{"tourismeAffairesEnabled":"","devise":"EUR"},"P.commerceEtServiceType":{"4015":""},"P.typesDetailles":{"4039":"","4041":""},"P.9":{"1782":"","1788":"","1813":"","1821":"","1851":""},"P.7":{"1820":""},"P.CINTSITRA":{"11226":"","11435":"","4038":""},"P.3220":{"25629":""},"P.3233":{"60439":"","908439":""},"P.3218":{"60729":""},"P.3219":{"72808":"","126557":""},"P.3227":{"82852":""},"P.3230":{"323078":"","5532377":"","6328304":""},"P.3221":{"344174":"","549303":"","596327":""},"P.6241":{"595160":""},"P.VilleSitra":{"30471":""},"P.VillageDeDepart":{"30471":""}},"dansCarnetVoyage":true,"Ouverture":""},"html":" \n \u003Cdiv id=\"CV-PRESTATION-E-513737-498315\" data-contexte-id=\"PRESTATION|E|513737|498315\" data-cle=\"E|513737|498315\" class=\"fiche-liste\"\u003E\n    \n\n    \u003C!-- partie photo --\u003E\n    \u003Cdiv class=\"photo\"\u003E\t\t\t\t\t\t\t\t\t\t\t\t\t\t\t\t\t\t\t\t\t\n        \u003Cdiv class=\"cadre_photo_principale\"\u003E\t\t\n        \n            \t\t\t\t\t\n                    \u003Ca href=\"decouverte-en-famille-a-la-ferme-des-anes.html?origine=carnet#media\"\u003E\n                        \u003Cimg class=\"photo_principale\" alt=\"Anes en montagne\" src=\"https:\/\/www.sja73.com\/medias\/images\/prestations\/multitailles\/320x240_64944-img_0866.jpg\" itemprop=\"image\"\u003E\n                    \u003C\/a\u003E\t\t\t\t\t\t\n                \n                    \u003C\/div\u003E\t\t\t\t\t\t\t\t\t\t\t\t\t\t\t\t\t\t\t \t\t\n    \u003C\/div\u003E\n    \n    \u003C!-- partie nom prest --\u003E\n    \u003Cdiv class=\"nom\"\u003E\n        \u003Ch2\u003ED\u00e9couverte en famille \u00e0 la ferme des \u00e2nes\u003C\/h2\u003E\n        \n            \u003C\/div\u003E\n\n         \n    \u003C!-- partie adresse --\u003E\n    \u003Cdiv class=\"adresse\"\u003E\n    \n          \n    \u003C\/div\u003E\n    \n    \u003C!-- partie liens --\u003E\n    \u003Cdiv class=\"liens\"\u003E\n            \u003Ca class=\"btn-icon btn-view \" title=\"Voir la fiche d\u00e9taill\u00e9e\" href=\"decouverte-en-famille-a-la-ferme-des-anes.html?origine=carnet\"\u003E\u003C\/a\u003E\u003C!--\u003Ca class=\"btn-icon btn-view \" title=\"\" href=\"?origine=carnet#thaut\"\u003E\u003C\/a\u003E--\u003E\n      \u003Ca class=\"btn-icon btn-trash carnet_voyage_supprimer\" title=\"Supprimer cette fiche de mon carnet de voyage\" href=\"carnet-voyage?action=remove&fiche=E|513737|498315\"\u003E\u003C\/a\u003E\n    \u003C\/div\u003E\n\n\u003C\/div\u003E\n\n","icon":"https:\/\/static.ingenie.fr\/images\/carnetVoyageV3\/E.png"},"fiche":"E|513737|498315","popup":"\u003Cdiv id=\"bloc_popup_ajout_fiche_carnet\"\u003E\n    \u003Cdiv class=\"info_popup_ajout_fiche_carnet\"\u003E\n        Vous venez d'ajouter cet \u00e9l\u00e9ment \u00e0 votre carnet de voyage :    \u003C\/div\u003E\n    \u003Cdiv class=\"prest_popup_ajout_fiche_carnet\"\u003E\n        D&eacute;couverte en famille &agrave; la ferme des &acirc;nes    \u003C\/div\u003E\n    \u003Cdiv class=\"bloc_btn_ajout_fiche_carnet form_submit_div\"\u003E\n        \u003Cinput type=\"button\" value=\"Continuer ma s\u00e9lection\" title=\"Continuer ma s\u00e9lection\" name=\"btn_close\" class=\"btn_close_popup_carnet form_submit\" onclick=\"$.colorbox.close()\" \/\u003E\n        \u003Cinput type=\"button\" value=\"Voir mon carnet de voyage\" title=\"Voir mon carnet\" name=\"btn_panier\" class=\"btn_panier_popup_carnet form_submit\" onclick=\"if(typeof CarnetVoyage != 'undefined') {CarnetVoyage.voirCarnet();}\" \/\u003E\n    \u003C\/div\u003E\n    \u003Cdiv class=\"bloc_btn_ajout_fiche_carnet\"\u003E\n        \u003Cinput type=\"checkbox\" value=\"1\" name=\"desactiver_popup\" id=\"desactiver_popup\" \/\u003E\n        \u003Clabel for=\"desactiver_popup\"\u003ENe plus afficher ce message\u003C\/label\u003E\n    \u003C\/div\u003E\n\u003C\/div\u003E","success":1}