{"nbFiches":1,"dataPrest":{"infoPrest":{"pave1":{"libelle":"Descriptif court","contenu":"Partez chaque jour \u00e0 la d\u00e9couverte des somptueux panoramas des Arves.\u003Cbr \/\u003E\r\nDes sorties pour toute la famille, funs et ludiques, encadr\u00e9es par des accompagnateurs en montagne.","fichiers":[]},"pave2":{"libelle":"Descriptif d\u00e9taill\u00e9","contenu":"Beaucoup de surprises et nouveaut\u00e9s vous attendent :\u003Cbr \/\u003E\r\n- Observation et photographies de la faune sauvage \u003Cbr \/\u003E\r\n- Soir\u00e9e astronomie \u003Cbr \/\u003E\r\n- Randonn\u00e9e jusqu\u2019au pied du grand glacier de Saint Sorlin d\u2019Arves\u003Cbr \/\u003E\r\n- Chasse aux cristaux de quartz\u003Cbr \/\u003E\r\n- Randonn\u00e9e aquatique dans les torrents alpins \u003Cbr \/\u003E\r\n- Et pour finir votre semaine sportive, partez \u00e0 la conqu\u00eate d\u2019un sommet de plus de 3000 m\u00e8tres d\u2019altitude. \u003Cbr \/\u003E\r\n\u003Cbr \/\u003E\r\nLa plupart de nos sorties sont accompagn\u00e9es de repas typiquement savoyards : petits d\u00e9jeuners dans les alpages, soir\u00e9es fondue dans les refuges, go\u00fbters gourmands\u2026","fichiers":[]},"pave3":{"libelle":"Bons plans","contenu":"","fichiers":[]},"pave4":{"libelle":"Compl\u00e9ment localisation","contenu":"","fichiers":[]},"pave5":{"libelle":"Compl\u00e9ment accueil","contenu":"","fichiers":[]},"pave6":{"libelle":"P\u00e9riodes en clair","contenu":"Juillet et ao\u00fbt. Autres p\u00e9riodes sur demande.","fichiers":[]},"pave7":{"libelle":"Tarifs en clair","contenu":"Soir\u00e9e : \u00e0 partir de 20 \u20ac\u003Cbr \/\u003E\r\n1\/2 journ\u00e9e : \u00e0 partir de 22 \u20ac\u003Cbr \/\u003E\r\nJourn\u00e9e : \u00e0 partir de 40 \u20ac.","fichiers":[]},"pave8":{"libelle":"Compl\u00e9ment Tarifs","contenu":"Soir\u00e9e : \u00e0 partir de 20 \u20ac\u003Cbr \/\u003E\r\n1\/2 journ\u00e9e : \u00e0 partir de 22 \u20ac\u003Cbr \/\u003E\r\nJourn\u00e9e : \u00e0 partir de 40 \u20ac","fichiers":[]},"pave9":{"libelle":"Compl\u00e9ment R\u00e9servation","contenu":"","fichiers":[]},"pave10":{"libelle":"Descriptif court","contenu":"","fichiers":[]},"pave11":{"libelle":"Descriptif d\u00e9taill\u00e9","contenu":"","fichiers":[]},"pave12":{"libelle":"Compl\u00e9ment localisation","contenu":"","fichiers":[]},"pave13":{"libelle":"Compl\u00e9ment accueil","contenu":"","fichiers":[]},"pave14":{"libelle":"P\u00e9riodes en clair","contenu":"","fichiers":[]},"pave15":{"libelle":"Tarifs en clair","contenu":"","fichiers":[]},"pave16":{"libelle":"Compl\u00e9ment Tarifs","contenu":"","fichiers":[]},"pave17":{"libelle":"Compl\u00e9ment R\u00e9servation","contenu":"","fichiers":[]},"pave18":{"libelle":"Descriptif court","contenu":"","fichiers":[]},"pave19":{"libelle":"Descriptif d\u00e9taill\u00e9","contenu":"","fichiers":[]},"pave20":{"libelle":"Compl\u00e9ment localisation","contenu":"","fichiers":[]},"pave21":{"libelle":"Compl\u00e9ment accueil","contenu":"","fichiers":[]},"pave22":{"libelle":"P\u00e9riodes en clair","contenu":"","fichiers":[]},"pave23":{"libelle":"Tarifs en clair","contenu":"","fichiers":[]},"pave24":{"libelle":"Compl\u00e9ment Tarifs","contenu":"","fichiers":[]},"pave25":{"libelle":"Compl\u00e9ment R\u00e9servation","contenu":"","fichiers":[]},"Libelle":"Randonn\u00e9es encadr\u00e9es - Arvan VTT \/ Montagne","Reference":"","Reftar":"","Type":"PRESTATION","TypePrestataire":"E","ContexteStat":"PRESTATION-E-512609-759286","DateModificationIso":"2026-04-22T01:11:00+02:00","Adresse":{"LigneAdresse1":"","LigneAdresse2":"","LigneAdresse3":"","CodePostal":"73530","Ville":"Saint-Sorlin-d'Arves","Cedex":"","Etat":"","Pays":"FRA"},"Id":"e-512609-759286","Code":"E|512609|759286","Cle":"E|512609|759286","Url":"randonnees-encadrees-arvan-vtt-montagne.html","Localisation":{"GoogleMap":{"Latitude":"45.221568","Longitude":"6.229065"}},"ZoneGeo":"","Criteres":{"AFFICHAGESITE[ADHERENTOUICOMPLET":"","prestations[surchargeTourismesAdaptes":"","prestations[surchargeDescriptifHandicapMoteur":"","prestations[surchargeDescriptifHandicapAuditif":"","prestations[surchargeDescriptifHandicapVisuel":"","prestations[surchargeDescriptifHandicapMental":"","prestations[surchargeNombreFauteuilsRoulants":"","prestations[ageMin":"5","languesParlees[1192":"","languesParlees[1197":"","tourismesAdaptes[3651":"","5[4547":"","5[4549":"","5[596":"","5[4548":"","5[4550":"","5[593":"","114[418":"","modesPaiement[1271":"","modesPaiement[1274":"","modesPaiement[1277":"","activiteType[1789":"","61[2028":"","61[1872":"","prestataireActivites[type":"Commerce \/ Et \/ Service","prestataireActivites[id":"512609","commerceEtServicePrestataire[type":"Commerce \/ Et \/ Service","commerceEtServicePrestataire[id":"512609","CINTSITRA[11226":"","CINTSITRA[11435":"","3220[25629":"","3233[60439":"","3233[908439":"","3218[60729":"","3227[72218":"","3219[72808":"","3219[126556":"","3219[126557":"","3240[100180":"","6241[126905":"","6241[595160":"","6241[5173666":"","3230[323078":"","3230[5532377":"","3230[6328304":"","3221[344174":"","3221[549303":"","3221[596327":"","VilleSitra[30507":"","VillageDeDepart[30507":""},"ContactsParType":{"IWEB":{"59975":{"id_contact":"59975","type_contact":"IWEB","categorie_contact":"PRESTATION","societe_contact":"","fonction_contact":"","civilite_nom_prenom_contact":"Arvan VTT \/ Montagne  ","adresse1_contact":"","adresse2_contact":"","adresse3_contact":"","cpostal_contact":"","ville_contact":"","teldom_contact":"06 03 16 61 53","telbur_contact":"","fax_contact":"","portable_contact":"06 13 84 52 77","email_contact":"arvanvtt@gmail.com","siteweb_contact":"","commentaire_contact":"","langue_contact":"","autre_moyen_com":[]}},"":{"59976":{"id_contact":"59976","type_contact":"","categorie_contact":"PRESTATION","societe_contact":"","fonction_contact":"","civilite_nom_prenom_contact":"M GABORIAUD Ludovic ","adresse1_contact":"","adresse2_contact":"","adresse3_contact":"","cpostal_contact":"","ville_contact":"","teldom_contact":"","telbur_contact":"","fax_contact":"","portable_contact":"06 13 84 52 77","email_contact":"","siteweb_contact":"","commentaire_contact":"","langue_contact":"","autre_moyen_com":[]}},"RES":{"59977":{"id_contact":"59977","type_contact":"RES","categorie_contact":"PRESTATION","societe_contact":"","fonction_contact":"","civilite_nom_prenom_contact":"Arvan VTT \/ Montagne ","adresse1_contact":"","adresse2_contact":"","adresse3_contact":"","cpostal_contact":"","ville_contact":"","teldom_contact":"","telbur_contact":"","fax_contact":"","portable_contact":"","email_contact":"","siteweb_contact":"","commentaire_contact":"","langue_contact":"","autre_moyen_com":[]}}},"LiensEtWidgetsParType":{"A":[{"Id":"21430","TypePrestataire":"E","CodePrestataire":"512609","CodePrestation":"759286","CodeLibelle":"","Type":"A","Url":"https:\/\/www.facebook.com\/arvanvttmontagne\/","Defaut":"N","Langue":"","Nature":"URL","Import":"SITRA2","LibelleText":"","Theme":""}]},"LiensEtWidgets":[{"Id":"21430","TypePrestataire":"E","CodePrestataire":"512609","CodePrestation":"759286","CodeLibelle":"","Type":"A","Url":"https:\/\/www.facebook.com\/arvanvttmontagne\/","Defaut":"N","Langue":"","Nature":"URL","Import":"SITRA2","LibelleText":"","Theme":""}],"ContactRemplaceCoordonnees":"59975","Prestataire":{"pave1":{"libelle":"Descriptif court","contenu":"Moniteur de VTT dipl\u00f4m\u00e9 d'Etat et accompagnateurs en montagne."},"pave2":{"libelle":"Descriptif d\u00e9taill\u00e9","contenu":"EN \u00c9T\u00c9\u003Cbr \/\u003E\r\nEncadrement, initiation, perfectionnement VTT sur les Arves.\u003Cbr \/\u003E\r\nBalades p\u00e9destres \u00e0 la d\u00e9couverte des somptueux panoramas des Arves et sortie aqua'rando.\u003Cbr \/\u003E\r\n\u003Cbr \/\u003E\r\nEN HIVER\u003Cbr \/\u003E\r\nDescente en fat-bike sur neige apr\u00e8s la fermeture des pistes, 7 kilom\u00e8tres de descente sur 700m de d\u00e9nivel\u00e9. Sensations, pilotage et fou-rires garantis !\u003Cbr \/\u003E\r\nMais aussi VTT \u00e9lectrique sur neige."},"pave3":{"libelle":"Bons plans","contenu":""},"pave4":{"libelle":"Compl\u00e9ment localisation","contenu":""},"pave5":{"libelle":"Compl\u00e9ment accueil","contenu":""},"pave6":{"libelle":"P\u00e9riodes en clair","contenu":"Du 13\/12\/2025 au 10\/04\/2026 tous les jours.\u003Cbr \/\u003E\nAutres p\u00e9riodes sur demande.\u003Cbr \/\u003E\n\u003Cbr \/\u003E\nDu 01\/07 au 31\/08\/2026 tous les jours.\u003Cbr \/\u003E\nAutres p\u00e9riodes sur demande."},"pave7":{"libelle":"Tarifs en clair","contenu":""},"pave8":{"libelle":"Compl\u00e9ment Tarifs","contenu":""},"pave9":{"libelle":"Compl\u00e9ment R\u00e9servation","contenu":""},"pave10":{"libelle":"Descriptif court","contenu":""},"pave11":{"libelle":"Descriptif d\u00e9taill\u00e9","contenu":"Encadrement, initiation, perfectionnement VTT sur les Arves.\u003Cbr \/\u003E\r\nBalades p\u00e9destres \u00e0 la d\u00e9couverte des somptueux panoramas des Arves et sortie aqua'rando."},"pave12":{"libelle":"Compl\u00e9ment localisation","contenu":""},"pave13":{"libelle":"Compl\u00e9ment accueil","contenu":""},"pave14":{"libelle":"P\u00e9riodes en clair","contenu":""},"pave15":{"libelle":"Tarifs en clair","contenu":""},"pave16":{"libelle":"Compl\u00e9ment Tarifs","contenu":""},"pave17":{"libelle":"Compl\u00e9ment R\u00e9servation","contenu":""},"pave18":{"libelle":"Descriptif court","contenu":""},"pave19":{"libelle":"Descriptif d\u00e9taill\u00e9","contenu":"Descente en fat-bike sur neige apr\u00e8s la fermeture des pistes, 7 kilom\u00e8tres de descente sur 700m de d\u00e9nivel\u00e9. Sensations, pilotage et fou-rires garantis !\u003Cbr \/\u003E\r\nMais aussi VTT \u00e9lectrique sur neige."},"pave20":{"libelle":"Compl\u00e9ment localisation","contenu":""},"pave21":{"libelle":"Compl\u00e9ment accueil","contenu":"Possibilit\u00e9 de descendre en trotinettes sur neige \u003Cbr \/\u003E\r\nMont\u00e9e en t\u00e9l\u00e9si\u00e8ge d\u00e8s 16h00\u003Cbr \/\u003E\r\nSorties demi-journ\u00e9e en FAT BIKE sur neige et VTT \u00e9lectrique sur neige"},"pave22":{"libelle":"P\u00e9riodes en clair","contenu":""},"pave23":{"libelle":"Tarifs en clair","contenu":""},"pave24":{"libelle":"Compl\u00e9ment Tarifs","contenu":""},"pave25":{"libelle":"Compl\u00e9ment R\u00e9servation","contenu":""},"ContactsParType":{"":{"59767":{"id_contact":"59767","type_contact":"","categorie_contact":"PRESTATAIRE","societe_contact":"","fonction_contact":"","civilite_nom_prenom_contact":"M GABORIAUD Ludovic ","adresse1_contact":"","adresse2_contact":"","adresse3_contact":"","cpostal_contact":"","ville_contact":"","teldom_contact":"","telbur_contact":"","fax_contact":"","portable_contact":"06 13 84 52 77","email_contact":"","siteweb_contact":"","commentaire_contact":"","langue_contact":"","autre_moyen_com":[]}},"RES":{"59768":{"id_contact":"59768","type_contact":"RES","categorie_contact":"PRESTATAIRE","societe_contact":"","fonction_contact":"","civilite_nom_prenom_contact":"Arvan VTT \/ Montagne ","adresse1_contact":"","adresse2_contact":"","adresse3_contact":"","cpostal_contact":"","ville_contact":"","teldom_contact":"","telbur_contact":"","fax_contact":"","portable_contact":"06 13 84 52 77","email_contact":"arvanvtt@gmail.com","siteweb_contact":"","commentaire_contact":"","langue_contact":"","autre_moyen_com":[]}}},"Libelle":"Arvan VTT \/ Montagne","Nom":"Arvan VTT \/ Montagne ","Prenom":"","NomPrenom":"Arvan VTT \/ Montagne  ","CiviliteNomPrenom":"Arvan VTT \/ Montagne  ","Cle":"E|512609","PrestataireParent":"","ContexteStat":"PRESTATAIRE-E-512609","DateModificationIso":"2026-04-18T00:43:00+02:00","Type":"PRESTATAIRE","TypePrestataire":"E","Adresse":{"LigneAdresse1":"","LigneAdresse2":"","LigneAdresse3":"","CodePostal":"","Ville":"","Cedex":"","Etat":"","Pays":""},"Email":"arvanvtt@gmail.com","Telephone":"06 03 16 61 53","TelephoneBureau":"","Portable":"06 13 84 52 77","SiteWeb":"","Fax":"","Id":"e-512609","Code":"E|512609","Fichier":{"Image":[{"url":"https:\/\/www.sja73.com\/medias\/images\/prestataires\/50254-unnamed.jpg","chemin":"..\/medias\/images\/prestataires\/50254-unnamed.jpg","libelle":"VTT sur neige","extension":"jpg","categorie":"","largeur":1000,"theme":"","hauteur":665,"type":"Image","origine":"","liaisonPave":"","langue":"","id":"50282","urlVignette":"https:\/\/www.sja73.com\/medias\/images\/prestataires\/v-50254-unnamed.jpg","alt":"VTT sur neige","title":"VTT sur neige","MultiTaille":{"1920x1440":{"url":"https:\/\/www.sja73.com\/medias\/images\/prestataires\/multitailles\/1920x1440_50254-unnamed.jpg"},"1200x900":{"url":"https:\/\/www.sja73.com\/medias\/images\/prestataires\/multitailles\/1200x900_50254-unnamed.jpg"},"800x600":{"url":"https:\/\/www.sja73.com\/medias\/images\/prestataires\/multitailles\/800x600_50254-unnamed.jpg"},"640x480":{"url":"https:\/\/www.sja73.com\/medias\/images\/prestataires\/multitailles\/640x480_50254-unnamed.jpg"},"320x240":{"url":"https:\/\/www.sja73.com\/medias\/images\/prestataires\/multitailles\/320x240_50254-unnamed.jpg"},"160x120":{"url":"https:\/\/www.sja73.com\/medias\/images\/prestataires\/multitailles\/160x120_50254-unnamed.jpg"},"origine":{"url":"https:\/\/www.sja73.com\/medias\/images\/prestataires\/50254-unnamed.jpg"}},"urlLien":"","typeLien":"","nofollow":"N","copyright":"Arvan VTT"},{"url":"https:\/\/www.sja73.com\/medias\/images\/prestataires\/50255-unnamed_1.jpg","chemin":"..\/medias\/images\/prestataires\/50255-unnamed_1.jpg","libelle":"Arvan VTT - VTT sur neige","extension":"jpg","categorie":"","largeur":1000,"theme":"","hauteur":665,"type":"Image","origine":"","liaisonPave":"","langue":"","id":"50283","urlVignette":"https:\/\/www.sja73.com\/medias\/images\/prestataires\/v-50255-unnamed_1.jpg","alt":"Arvan VTT - VTT sur neige","title":"Arvan VTT - VTT sur neige","MultiTaille":{"1920x1440":{"url":"https:\/\/www.sja73.com\/medias\/images\/prestataires\/multitailles\/1920x1440_50255-unnamed_1.jpg"},"1200x900":{"url":"https:\/\/www.sja73.com\/medias\/images\/prestataires\/multitailles\/1200x900_50255-unnamed_1.jpg"},"800x600":{"url":"https:\/\/www.sja73.com\/medias\/images\/prestataires\/multitailles\/800x600_50255-unnamed_1.jpg"},"640x480":{"url":"https:\/\/www.sja73.com\/medias\/images\/prestataires\/multitailles\/640x480_50255-unnamed_1.jpg"},"320x240":{"url":"https:\/\/www.sja73.com\/medias\/images\/prestataires\/multitailles\/320x240_50255-unnamed_1.jpg"},"160x120":{"url":"https:\/\/www.sja73.com\/medias\/images\/prestataires\/multitailles\/160x120_50255-unnamed_1.jpg"},"origine":{"url":"https:\/\/www.sja73.com\/medias\/images\/prestataires\/50255-unnamed_1.jpg"}},"urlLien":"","typeLien":"","nofollow":"N","copyright":""},{"url":"https:\/\/www.sja73.com\/medias\/images\/prestataires\/50256-arvanvttmontagne_ete.jpg","chemin":"..\/medias\/images\/prestataires\/50256-arvanvttmontagne_ete.jpg","libelle":"Sortie VTT","extension":"jpg","categorie":"","largeur":480,"theme":"ETE","hauteur":640,"type":"Image","origine":"","liaisonPave":"","langue":"","id":"50284","urlVignette":"https:\/\/www.sja73.com\/medias\/images\/prestataires\/v-50256-arvanvttmontagne_ete.jpg","alt":"Sortie VTT","title":"Sortie VTT","MultiTaille":{"1920x1440":{"url":"https:\/\/www.sja73.com\/medias\/images\/prestataires\/multitailles\/1920x1440_50256-arvanvttmontagne_ete.jpg"},"1200x900":{"url":"https:\/\/www.sja73.com\/medias\/images\/prestataires\/multitailles\/1200x900_50256-arvanvttmontagne_ete.jpg"},"800x600":{"url":"https:\/\/www.sja73.com\/medias\/images\/prestataires\/multitailles\/800x600_50256-arvanvttmontagne_ete.jpg"},"640x480":{"url":"https:\/\/www.sja73.com\/medias\/images\/prestataires\/multitailles\/640x480_50256-arvanvttmontagne_ete.jpg"},"320x240":{"url":"https:\/\/www.sja73.com\/medias\/images\/prestataires\/multitailles\/320x240_50256-arvanvttmontagne_ete.jpg"},"160x120":{"url":"https:\/\/www.sja73.com\/medias\/images\/prestataires\/multitailles\/160x120_50256-arvanvttmontagne_ete.jpg"},"origine":{"url":"https:\/\/www.sja73.com\/medias\/images\/prestataires\/50256-arvanvttmontagne_ete.jpg"}},"urlLien":"","typeLien":"","nofollow":"N","copyright":"Arvan VTT\/Montagne"},{"url":"https:\/\/www.sja73.com\/medias\/images\/prestataires\/50257-arvanvttmontagne_ete1.jpg","chemin":"..\/medias\/images\/prestataires\/50257-arvanvttmontagne_ete1.jpg","libelle":"Sortie VTT","extension":"jpg","categorie":"","largeur":3456,"theme":"ETE","hauteur":4608,"type":"Image","origine":"","liaisonPave":"","langue":"","id":"50285","urlVignette":"https:\/\/www.sja73.com\/medias\/images\/prestataires\/v-50257-arvanvttmontagne_ete1.jpg","alt":"Sortie VTT","title":"Sortie VTT","MultiTaille":{"1920x1440":{"url":"https:\/\/www.sja73.com\/medias\/images\/prestataires\/multitailles\/1920x1440_50257-arvanvttmontagne_ete1.jpg"},"1200x900":{"url":"https:\/\/www.sja73.com\/medias\/images\/prestataires\/multitailles\/1200x900_50257-arvanvttmontagne_ete1.jpg"},"800x600":{"url":"https:\/\/www.sja73.com\/medias\/images\/prestataires\/multitailles\/800x600_50257-arvanvttmontagne_ete1.jpg"},"640x480":{"url":"https:\/\/www.sja73.com\/medias\/images\/prestataires\/multitailles\/640x480_50257-arvanvttmontagne_ete1.jpg"},"320x240":{"url":"https:\/\/www.sja73.com\/medias\/images\/prestataires\/multitailles\/320x240_50257-arvanvttmontagne_ete1.jpg"},"160x120":{"url":"https:\/\/www.sja73.com\/medias\/images\/prestataires\/multitailles\/160x120_50257-arvanvttmontagne_ete1.jpg"},"origine":{"url":"https:\/\/www.sja73.com\/medias\/images\/prestataires\/50257-arvanvttmontagne_ete1.jpg"}},"urlLien":"","typeLien":"","nofollow":"N","copyright":"Arvan VTT\/Montagne"},{"url":"https:\/\/www.sja73.com\/medias\/images\/prestataires\/50258-vtt_ete_2.jpg","chemin":"..\/medias\/images\/prestataires\/50258-vtt_ete_2.jpg","libelle":"VTT \u00e9t\u00e9","extension":"jpg","categorie":"","largeur":4608,"theme":"ETE","hauteur":3456,"type":"Image","origine":"","liaisonPave":"","langue":"","id":"50286","urlVignette":"https:\/\/www.sja73.com\/medias\/images\/prestataires\/v-50258-vtt_ete_2.jpg","alt":"VTT \u00e9t\u00e9","title":"VTT \u00e9t\u00e9","MultiTaille":{"1920x1440":{"url":"https:\/\/www.sja73.com\/medias\/images\/prestataires\/multitailles\/1920x1440_50258-vtt_ete_2.jpg"},"1200x900":{"url":"https:\/\/www.sja73.com\/medias\/images\/prestataires\/multitailles\/1200x900_50258-vtt_ete_2.jpg"},"800x600":{"url":"https:\/\/www.sja73.com\/medias\/images\/prestataires\/multitailles\/800x600_50258-vtt_ete_2.jpg"},"640x480":{"url":"https:\/\/www.sja73.com\/medias\/images\/prestataires\/multitailles\/640x480_50258-vtt_ete_2.jpg"},"320x240":{"url":"https:\/\/www.sja73.com\/medias\/images\/prestataires\/multitailles\/320x240_50258-vtt_ete_2.jpg"},"160x120":{"url":"https:\/\/www.sja73.com\/medias\/images\/prestataires\/multitailles\/160x120_50258-vtt_ete_2.jpg"},"origine":{"url":"https:\/\/www.sja73.com\/medias\/images\/prestataires\/50258-vtt_ete_2.jpg"}},"urlLien":"","typeLien":"","nofollow":"N","copyright":"Arvan VTT\/Montagne"},{"url":"https:\/\/www.sja73.com\/medias\/images\/prestataires\/50259-vtt_ete_4.jpg","chemin":"..\/medias\/images\/prestataires\/50259-vtt_ete_4.jpg","libelle":"VTT \u00e9t\u00e9","extension":"jpg","categorie":"","largeur":2048,"theme":"ETE","hauteur":1536,"type":"Image","origine":"","liaisonPave":"","langue":"","id":"50287","urlVignette":"https:\/\/www.sja73.com\/medias\/images\/prestataires\/v-50259-vtt_ete_4.jpg","alt":"VTT \u00e9t\u00e9","title":"VTT \u00e9t\u00e9","MultiTaille":{"1920x1440":{"url":"https:\/\/www.sja73.com\/medias\/images\/prestataires\/multitailles\/1920x1440_50259-vtt_ete_4.jpg"},"1200x900":{"url":"https:\/\/www.sja73.com\/medias\/images\/prestataires\/multitailles\/1200x900_50259-vtt_ete_4.jpg"},"800x600":{"url":"https:\/\/www.sja73.com\/medias\/images\/prestataires\/multitailles\/800x600_50259-vtt_ete_4.jpg"},"640x480":{"url":"https:\/\/www.sja73.com\/medias\/images\/prestataires\/multitailles\/640x480_50259-vtt_ete_4.jpg"},"320x240":{"url":"https:\/\/www.sja73.com\/medias\/images\/prestataires\/multitailles\/320x240_50259-vtt_ete_4.jpg"},"160x120":{"url":"https:\/\/www.sja73.com\/medias\/images\/prestataires\/multitailles\/160x120_50259-vtt_ete_4.jpg"},"origine":{"url":"https:\/\/www.sja73.com\/medias\/images\/prestataires\/50259-vtt_ete_4.jpg"}},"urlLien":"","typeLien":"","nofollow":"N","copyright":"Arvan VTT\/Montagne"},{"url":"https:\/\/www.sja73.com\/medias\/images\/prestataires\/50260-vtt_ete.jpg","chemin":"..\/medias\/images\/prestataires\/50260-vtt_ete.jpg","libelle":"VTT \u00e9t\u00e9","extension":"jpg","categorie":"","largeur":640,"theme":"ETE","hauteur":480,"type":"Image","origine":"","liaisonPave":"","langue":"","id":"50288","urlVignette":"https:\/\/www.sja73.com\/medias\/images\/prestataires\/v-50260-vtt_ete.jpg","alt":"VTT \u00e9t\u00e9","title":"VTT \u00e9t\u00e9","MultiTaille":{"1920x1440":{"url":"https:\/\/www.sja73.com\/medias\/images\/prestataires\/multitailles\/1920x1440_50260-vtt_ete.jpg"},"1200x900":{"url":"https:\/\/www.sja73.com\/medias\/images\/prestataires\/multitailles\/1200x900_50260-vtt_ete.jpg"},"800x600":{"url":"https:\/\/www.sja73.com\/medias\/images\/prestataires\/multitailles\/800x600_50260-vtt_ete.jpg"},"640x480":{"url":"https:\/\/www.sja73.com\/medias\/images\/prestataires\/multitailles\/640x480_50260-vtt_ete.jpg"},"320x240":{"url":"https:\/\/www.sja73.com\/medias\/images\/prestataires\/multitailles\/320x240_50260-vtt_ete.jpg"},"160x120":{"url":"https:\/\/www.sja73.com\/medias\/images\/prestataires\/multitailles\/160x120_50260-vtt_ete.jpg"},"origine":{"url":"https:\/\/www.sja73.com\/medias\/images\/prestataires\/50260-vtt_ete.jpg"}},"urlLien":"","typeLien":"","nofollow":"N","copyright":"Arvan VTT\/Montagne"},{"url":"https:\/\/www.sja73.com\/medias\/images\/prestataires\/50261-vtt_ete_enfants.jpg","chemin":"..\/medias\/images\/prestataires\/50261-vtt_ete_enfants.jpg","libelle":"VTT \u00e9t\u00e9","extension":"jpg","categorie":"","largeur":4608,"theme":"ETE","hauteur":3456,"type":"Image","origine":"","liaisonPave":"","langue":"","id":"50289","urlVignette":"https:\/\/www.sja73.com\/medias\/images\/prestataires\/v-50261-vtt_ete_enfants.jpg","alt":"VTT \u00e9t\u00e9","title":"VTT \u00e9t\u00e9","MultiTaille":{"1920x1440":{"url":"https:\/\/www.sja73.com\/medias\/images\/prestataires\/multitailles\/1920x1440_50261-vtt_ete_enfants.jpg"},"1200x900":{"url":"https:\/\/www.sja73.com\/medias\/images\/prestataires\/multitailles\/1200x900_50261-vtt_ete_enfants.jpg"},"800x600":{"url":"https:\/\/www.sja73.com\/medias\/images\/prestataires\/multitailles\/800x600_50261-vtt_ete_enfants.jpg"},"640x480":{"url":"https:\/\/www.sja73.com\/medias\/images\/prestataires\/multitailles\/640x480_50261-vtt_ete_enfants.jpg"},"320x240":{"url":"https:\/\/www.sja73.com\/medias\/images\/prestataires\/multitailles\/320x240_50261-vtt_ete_enfants.jpg"},"160x120":{"url":"https:\/\/www.sja73.com\/medias\/images\/prestataires\/multitailles\/160x120_50261-vtt_ete_enfants.jpg"},"origine":{"url":"https:\/\/www.sja73.com\/medias\/images\/prestataires\/50261-vtt_ete_enfants.jpg"}},"urlLien":"","typeLien":"","nofollow":"N","copyright":"Arvan VTT\/Montagne"},{"url":"https:\/\/www.sja73.com\/medias\/images\/prestataires\/50248-unnamed_2.jpg","chemin":"..\/medias\/images\/prestataires\/50248-unnamed_2.jpg","libelle":"VTT sur neige","extension":"jpg","categorie":"","largeur":1000,"theme":"HIVER","hauteur":665,"type":"Image","origine":"","liaisonPave":"","langue":"","id":"50276","urlVignette":"https:\/\/www.sja73.com\/medias\/images\/prestataires\/v-50248-unnamed_2.jpg","alt":"VTT sur neige","title":"VTT sur neige","MultiTaille":{"1920x1440":{"url":"https:\/\/www.sja73.com\/medias\/images\/prestataires\/multitailles\/1920x1440_50248-unnamed_2.jpg"},"1200x900":{"url":"https:\/\/www.sja73.com\/medias\/images\/prestataires\/multitailles\/1200x900_50248-unnamed_2.jpg"},"800x600":{"url":"https:\/\/www.sja73.com\/medias\/images\/prestataires\/multitailles\/800x600_50248-unnamed_2.jpg"},"640x480":{"url":"https:\/\/www.sja73.com\/medias\/images\/prestataires\/multitailles\/640x480_50248-unnamed_2.jpg"},"320x240":{"url":"https:\/\/www.sja73.com\/medias\/images\/prestataires\/multitailles\/320x240_50248-unnamed_2.jpg"},"160x120":{"url":"https:\/\/www.sja73.com\/medias\/images\/prestataires\/multitailles\/160x120_50248-unnamed_2.jpg"},"origine":{"url":"https:\/\/www.sja73.com\/medias\/images\/prestataires\/50248-unnamed_2.jpg"}},"urlLien":"","typeLien":"","nofollow":"N","copyright":"Arvan VTT"},{"url":"https:\/\/www.sja73.com\/medias\/images\/prestataires\/50249-vtt_electrique_gaboriaud_l.jpg","chemin":"..\/medias\/images\/prestataires\/50249-vtt_electrique_gaboriaud_l.jpg","libelle":"VTT \u00e9lectrique sur neige","extension":"jpg","categorie":"","largeur":5472,"theme":"HIVER","hauteur":3648,"type":"Image","origine":"","liaisonPave":"","langue":"","id":"50277","urlVignette":"https:\/\/www.sja73.com\/medias\/images\/prestataires\/v-50249-vtt_electrique_gaboriaud_l.jpg","alt":"VTT \u00e9lectrique sur neige","title":"VTT \u00e9lectrique sur neige","MultiTaille":{"1920x1440":{"url":"https:\/\/www.sja73.com\/medias\/images\/prestataires\/multitailles\/1920x1440_50249-vtt_electrique_gaboriaud_l.jpg"},"1200x900":{"url":"https:\/\/www.sja73.com\/medias\/images\/prestataires\/multitailles\/1200x900_50249-vtt_electrique_gaboriaud_l.jpg"},"800x600":{"url":"https:\/\/www.sja73.com\/medias\/images\/prestataires\/multitailles\/800x600_50249-vtt_electrique_gaboriaud_l.jpg"},"640x480":{"url":"https:\/\/www.sja73.com\/medias\/images\/prestataires\/multitailles\/640x480_50249-vtt_electrique_gaboriaud_l.jpg"},"320x240":{"url":"https:\/\/www.sja73.com\/medias\/images\/prestataires\/multitailles\/320x240_50249-vtt_electrique_gaboriaud_l.jpg"},"160x120":{"url":"https:\/\/www.sja73.com\/medias\/images\/prestataires\/multitailles\/160x120_50249-vtt_electrique_gaboriaud_l.jpg"},"origine":{"url":"https:\/\/www.sja73.com\/medias\/images\/prestataires\/50249-vtt_electrique_gaboriaud_l.jpg"}},"urlLien":"","typeLien":"","nofollow":"N","copyright":"Arvan VTT"},{"url":"https:\/\/www.sja73.com\/medias\/images\/prestataires\/50250-vtt_electrique2_gaboriaud_l.jpg","chemin":"..\/medias\/images\/prestataires\/50250-vtt_electrique2_gaboriaud_l.jpg","libelle":"VTT \u00e9lectrique sur neige","extension":"jpg","categorie":"","largeur":5472,"theme":"HIVER","hauteur":3648,"type":"Image","origine":"","liaisonPave":"","langue":"","id":"50278","urlVignette":"https:\/\/www.sja73.com\/medias\/images\/prestataires\/v-50250-vtt_electrique2_gaboriaud_l.jpg","alt":"VTT \u00e9lectrique sur neige","title":"VTT \u00e9lectrique sur neige","MultiTaille":{"1920x1440":{"url":"https:\/\/www.sja73.com\/medias\/images\/prestataires\/multitailles\/1920x1440_50250-vtt_electrique2_gaboriaud_l.jpg"},"1200x900":{"url":"https:\/\/www.sja73.com\/medias\/images\/prestataires\/multitailles\/1200x900_50250-vtt_electrique2_gaboriaud_l.jpg"},"800x600":{"url":"https:\/\/www.sja73.com\/medias\/images\/prestataires\/multitailles\/800x600_50250-vtt_electrique2_gaboriaud_l.jpg"},"640x480":{"url":"https:\/\/www.sja73.com\/medias\/images\/prestataires\/multitailles\/640x480_50250-vtt_electrique2_gaboriaud_l.jpg"},"320x240":{"url":"https:\/\/www.sja73.com\/medias\/images\/prestataires\/multitailles\/320x240_50250-vtt_electrique2_gaboriaud_l.jpg"},"160x120":{"url":"https:\/\/www.sja73.com\/medias\/images\/prestataires\/multitailles\/160x120_50250-vtt_electrique2_gaboriaud_l.jpg"},"origine":{"url":"https:\/\/www.sja73.com\/medias\/images\/prestataires\/50250-vtt_electrique2_gaboriaud_l.jpg"}},"urlLien":"","typeLien":"","nofollow":"N","copyright":"Arvan VTT"},{"url":"https:\/\/www.sja73.com\/medias\/images\/prestataires\/50251-igp3264.jpg","chemin":"..\/medias\/images\/prestataires\/50251-igp3264.jpg","libelle":"VTT sur neige","extension":"jpg","categorie":"","largeur":3872,"theme":"HIVER","hauteur":2592,"type":"Image","origine":"","liaisonPave":"","langue":"","id":"50279","urlVignette":"https:\/\/www.sja73.com\/medias\/images\/prestataires\/v-50251-igp3264.jpg","alt":"VTT sur neige","title":"VTT sur neige","MultiTaille":{"1920x1440":{"url":"https:\/\/www.sja73.com\/medias\/images\/prestataires\/multitailles\/1920x1440_50251-igp3264.jpg"},"1200x900":{"url":"https:\/\/www.sja73.com\/medias\/images\/prestataires\/multitailles\/1200x900_50251-igp3264.jpg"},"800x600":{"url":"https:\/\/www.sja73.com\/medias\/images\/prestataires\/multitailles\/800x600_50251-igp3264.jpg"},"640x480":{"url":"https:\/\/www.sja73.com\/medias\/images\/prestataires\/multitailles\/640x480_50251-igp3264.jpg"},"320x240":{"url":"https:\/\/www.sja73.com\/medias\/images\/prestataires\/multitailles\/320x240_50251-igp3264.jpg"},"160x120":{"url":"https:\/\/www.sja73.com\/medias\/images\/prestataires\/multitailles\/160x120_50251-igp3264.jpg"},"origine":{"url":"https:\/\/www.sja73.com\/medias\/images\/prestataires\/50251-igp3264.jpg"}},"urlLien":"","typeLien":"","nofollow":"N","copyright":"Arvan VTT"},{"url":"https:\/\/www.sja73.com\/medias\/images\/prestataires\/50252-igp3270.jpg","chemin":"..\/medias\/images\/prestataires\/50252-igp3270.jpg","libelle":"VTT sur neige","extension":"jpg","categorie":"","largeur":3872,"theme":"HIVER","hauteur":2592,"type":"Image","origine":"","liaisonPave":"","langue":"","id":"50280","urlVignette":"https:\/\/www.sja73.com\/medias\/images\/prestataires\/v-50252-igp3270.jpg","alt":"VTT sur neige","title":"VTT sur neige","MultiTaille":{"1920x1440":{"url":"https:\/\/www.sja73.com\/medias\/images\/prestataires\/multitailles\/1920x1440_50252-igp3270.jpg"},"1200x900":{"url":"https:\/\/www.sja73.com\/medias\/images\/prestataires\/multitailles\/1200x900_50252-igp3270.jpg"},"800x600":{"url":"https:\/\/www.sja73.com\/medias\/images\/prestataires\/multitailles\/800x600_50252-igp3270.jpg"},"640x480":{"url":"https:\/\/www.sja73.com\/medias\/images\/prestataires\/multitailles\/640x480_50252-igp3270.jpg"},"320x240":{"url":"https:\/\/www.sja73.com\/medias\/images\/prestataires\/multitailles\/320x240_50252-igp3270.jpg"},"160x120":{"url":"https:\/\/www.sja73.com\/medias\/images\/prestataires\/multitailles\/160x120_50252-igp3270.jpg"},"origine":{"url":"https:\/\/www.sja73.com\/medias\/images\/prestataires\/50252-igp3270.jpg"}},"urlLien":"","typeLien":"","nofollow":"N","copyright":"Arvan VTT"},{"url":"https:\/\/www.sja73.com\/medias\/images\/prestataires\/50253-igp3261.jpg","chemin":"..\/medias\/images\/prestataires\/50253-igp3261.jpg","libelle":"VTT sur neige","extension":"jpg","categorie":"","largeur":3872,"theme":"HIVER","hauteur":2592,"type":"Image","origine":"","liaisonPave":"","langue":"","id":"50281","urlVignette":"https:\/\/www.sja73.com\/medias\/images\/prestataires\/v-50253-igp3261.jpg","alt":"VTT sur neige","title":"VTT sur neige","MultiTaille":{"1920x1440":{"url":"https:\/\/www.sja73.com\/medias\/images\/prestataires\/multitailles\/1920x1440_50253-igp3261.jpg"},"1200x900":{"url":"https:\/\/www.sja73.com\/medias\/images\/prestataires\/multitailles\/1200x900_50253-igp3261.jpg"},"800x600":{"url":"https:\/\/www.sja73.com\/medias\/images\/prestataires\/multitailles\/800x600_50253-igp3261.jpg"},"640x480":{"url":"https:\/\/www.sja73.com\/medias\/images\/prestataires\/multitailles\/640x480_50253-igp3261.jpg"},"320x240":{"url":"https:\/\/www.sja73.com\/medias\/images\/prestataires\/multitailles\/320x240_50253-igp3261.jpg"},"160x120":{"url":"https:\/\/www.sja73.com\/medias\/images\/prestataires\/multitailles\/160x120_50253-igp3261.jpg"},"origine":{"url":"https:\/\/www.sja73.com\/medias\/images\/prestataires\/50253-igp3261.jpg"}},"urlLien":"","typeLien":"","nofollow":"N","copyright":"Arvan VTT"}],"ByCategorie":{"":[{"url":"https:\/\/www.sja73.com\/medias\/images\/prestataires\/50254-unnamed.jpg","chemin":"..\/medias\/images\/prestataires\/50254-unnamed.jpg","libelle":"VTT sur neige","extension":"jpg","categorie":"","largeur":1000,"theme":"","hauteur":665,"type":"Image","origine":"","liaisonPave":"","langue":"","id":"50282","urlVignette":"https:\/\/www.sja73.com\/medias\/images\/prestataires\/v-50254-unnamed.jpg","alt":"VTT sur neige","title":"VTT sur neige","MultiTaille":{"1920x1440":{"url":"https:\/\/www.sja73.com\/medias\/images\/prestataires\/multitailles\/1920x1440_50254-unnamed.jpg"},"1200x900":{"url":"https:\/\/www.sja73.com\/medias\/images\/prestataires\/multitailles\/1200x900_50254-unnamed.jpg"},"800x600":{"url":"https:\/\/www.sja73.com\/medias\/images\/prestataires\/multitailles\/800x600_50254-unnamed.jpg"},"640x480":{"url":"https:\/\/www.sja73.com\/medias\/images\/prestataires\/multitailles\/640x480_50254-unnamed.jpg"},"320x240":{"url":"https:\/\/www.sja73.com\/medias\/images\/prestataires\/multitailles\/320x240_50254-unnamed.jpg"},"160x120":{"url":"https:\/\/www.sja73.com\/medias\/images\/prestataires\/multitailles\/160x120_50254-unnamed.jpg"},"origine":{"url":"https:\/\/www.sja73.com\/medias\/images\/prestataires\/50254-unnamed.jpg"}},"urlLien":"","typeLien":"","nofollow":"N","copyright":"Arvan VTT"},{"url":"https:\/\/www.sja73.com\/medias\/images\/prestataires\/50255-unnamed_1.jpg","chemin":"..\/medias\/images\/prestataires\/50255-unnamed_1.jpg","libelle":"Arvan VTT - VTT sur neige","extension":"jpg","categorie":"","largeur":1000,"theme":"","hauteur":665,"type":"Image","origine":"","liaisonPave":"","langue":"","id":"50283","urlVignette":"https:\/\/www.sja73.com\/medias\/images\/prestataires\/v-50255-unnamed_1.jpg","alt":"Arvan VTT - VTT sur neige","title":"Arvan VTT - VTT sur neige","MultiTaille":{"1920x1440":{"url":"https:\/\/www.sja73.com\/medias\/images\/prestataires\/multitailles\/1920x1440_50255-unnamed_1.jpg"},"1200x900":{"url":"https:\/\/www.sja73.com\/medias\/images\/prestataires\/multitailles\/1200x900_50255-unnamed_1.jpg"},"800x600":{"url":"https:\/\/www.sja73.com\/medias\/images\/prestataires\/multitailles\/800x600_50255-unnamed_1.jpg"},"640x480":{"url":"https:\/\/www.sja73.com\/medias\/images\/prestataires\/multitailles\/640x480_50255-unnamed_1.jpg"},"320x240":{"url":"https:\/\/www.sja73.com\/medias\/images\/prestataires\/multitailles\/320x240_50255-unnamed_1.jpg"},"160x120":{"url":"https:\/\/www.sja73.com\/medias\/images\/prestataires\/multitailles\/160x120_50255-unnamed_1.jpg"},"origine":{"url":"https:\/\/www.sja73.com\/medias\/images\/prestataires\/50255-unnamed_1.jpg"}},"urlLien":"","typeLien":"","nofollow":"N","copyright":""},{"url":"https:\/\/www.sja73.com\/medias\/images\/prestataires\/50256-arvanvttmontagne_ete.jpg","chemin":"..\/medias\/images\/prestataires\/50256-arvanvttmontagne_ete.jpg","libelle":"Sortie VTT","extension":"jpg","categorie":"","largeur":480,"theme":"ETE","hauteur":640,"type":"Image","origine":"","liaisonPave":"","langue":"","id":"50284","urlVignette":"https:\/\/www.sja73.com\/medias\/images\/prestataires\/v-50256-arvanvttmontagne_ete.jpg","alt":"Sortie VTT","title":"Sortie VTT","MultiTaille":{"1920x1440":{"url":"https:\/\/www.sja73.com\/medias\/images\/prestataires\/multitailles\/1920x1440_50256-arvanvttmontagne_ete.jpg"},"1200x900":{"url":"https:\/\/www.sja73.com\/medias\/images\/prestataires\/multitailles\/1200x900_50256-arvanvttmontagne_ete.jpg"},"800x600":{"url":"https:\/\/www.sja73.com\/medias\/images\/prestataires\/multitailles\/800x600_50256-arvanvttmontagne_ete.jpg"},"640x480":{"url":"https:\/\/www.sja73.com\/medias\/images\/prestataires\/multitailles\/640x480_50256-arvanvttmontagne_ete.jpg"},"320x240":{"url":"https:\/\/www.sja73.com\/medias\/images\/prestataires\/multitailles\/320x240_50256-arvanvttmontagne_ete.jpg"},"160x120":{"url":"https:\/\/www.sja73.com\/medias\/images\/prestataires\/multitailles\/160x120_50256-arvanvttmontagne_ete.jpg"},"origine":{"url":"https:\/\/www.sja73.com\/medias\/images\/prestataires\/50256-arvanvttmontagne_ete.jpg"}},"urlLien":"","typeLien":"","nofollow":"N","copyright":"Arvan VTT\/Montagne"},{"url":"https:\/\/www.sja73.com\/medias\/images\/prestataires\/50257-arvanvttmontagne_ete1.jpg","chemin":"..\/medias\/images\/prestataires\/50257-arvanvttmontagne_ete1.jpg","libelle":"Sortie VTT","extension":"jpg","categorie":"","largeur":3456,"theme":"ETE","hauteur":4608,"type":"Image","origine":"","liaisonPave":"","langue":"","id":"50285","urlVignette":"https:\/\/www.sja73.com\/medias\/images\/prestataires\/v-50257-arvanvttmontagne_ete1.jpg","alt":"Sortie VTT","title":"Sortie VTT","MultiTaille":{"1920x1440":{"url":"https:\/\/www.sja73.com\/medias\/images\/prestataires\/multitailles\/1920x1440_50257-arvanvttmontagne_ete1.jpg"},"1200x900":{"url":"https:\/\/www.sja73.com\/medias\/images\/prestataires\/multitailles\/1200x900_50257-arvanvttmontagne_ete1.jpg"},"800x600":{"url":"https:\/\/www.sja73.com\/medias\/images\/prestataires\/multitailles\/800x600_50257-arvanvttmontagne_ete1.jpg"},"640x480":{"url":"https:\/\/www.sja73.com\/medias\/images\/prestataires\/multitailles\/640x480_50257-arvanvttmontagne_ete1.jpg"},"320x240":{"url":"https:\/\/www.sja73.com\/medias\/images\/prestataires\/multitailles\/320x240_50257-arvanvttmontagne_ete1.jpg"},"160x120":{"url":"https:\/\/www.sja73.com\/medias\/images\/prestataires\/multitailles\/160x120_50257-arvanvttmontagne_ete1.jpg"},"origine":{"url":"https:\/\/www.sja73.com\/medias\/images\/prestataires\/50257-arvanvttmontagne_ete1.jpg"}},"urlLien":"","typeLien":"","nofollow":"N","copyright":"Arvan VTT\/Montagne"},{"url":"https:\/\/www.sja73.com\/medias\/images\/prestataires\/50258-vtt_ete_2.jpg","chemin":"..\/medias\/images\/prestataires\/50258-vtt_ete_2.jpg","libelle":"VTT \u00e9t\u00e9","extension":"jpg","categorie":"","largeur":4608,"theme":"ETE","hauteur":3456,"type":"Image","origine":"","liaisonPave":"","langue":"","id":"50286","urlVignette":"https:\/\/www.sja73.com\/medias\/images\/prestataires\/v-50258-vtt_ete_2.jpg","alt":"VTT \u00e9t\u00e9","title":"VTT \u00e9t\u00e9","MultiTaille":{"1920x1440":{"url":"https:\/\/www.sja73.com\/medias\/images\/prestataires\/multitailles\/1920x1440_50258-vtt_ete_2.jpg"},"1200x900":{"url":"https:\/\/www.sja73.com\/medias\/images\/prestataires\/multitailles\/1200x900_50258-vtt_ete_2.jpg"},"800x600":{"url":"https:\/\/www.sja73.com\/medias\/images\/prestataires\/multitailles\/800x600_50258-vtt_ete_2.jpg"},"640x480":{"url":"https:\/\/www.sja73.com\/medias\/images\/prestataires\/multitailles\/640x480_50258-vtt_ete_2.jpg"},"320x240":{"url":"https:\/\/www.sja73.com\/medias\/images\/prestataires\/multitailles\/320x240_50258-vtt_ete_2.jpg"},"160x120":{"url":"https:\/\/www.sja73.com\/medias\/images\/prestataires\/multitailles\/160x120_50258-vtt_ete_2.jpg"},"origine":{"url":"https:\/\/www.sja73.com\/medias\/images\/prestataires\/50258-vtt_ete_2.jpg"}},"urlLien":"","typeLien":"","nofollow":"N","copyright":"Arvan VTT\/Montagne"},{"url":"https:\/\/www.sja73.com\/medias\/images\/prestataires\/50259-vtt_ete_4.jpg","chemin":"..\/medias\/images\/prestataires\/50259-vtt_ete_4.jpg","libelle":"VTT \u00e9t\u00e9","extension":"jpg","categorie":"","largeur":2048,"theme":"ETE","hauteur":1536,"type":"Image","origine":"","liaisonPave":"","langue":"","id":"50287","urlVignette":"https:\/\/www.sja73.com\/medias\/images\/prestataires\/v-50259-vtt_ete_4.jpg","alt":"VTT \u00e9t\u00e9","title":"VTT \u00e9t\u00e9","MultiTaille":{"1920x1440":{"url":"https:\/\/www.sja73.com\/medias\/images\/prestataires\/multitailles\/1920x1440_50259-vtt_ete_4.jpg"},"1200x900":{"url":"https:\/\/www.sja73.com\/medias\/images\/prestataires\/multitailles\/1200x900_50259-vtt_ete_4.jpg"},"800x600":{"url":"https:\/\/www.sja73.com\/medias\/images\/prestataires\/multitailles\/800x600_50259-vtt_ete_4.jpg"},"640x480":{"url":"https:\/\/www.sja73.com\/medias\/images\/prestataires\/multitailles\/640x480_50259-vtt_ete_4.jpg"},"320x240":{"url":"https:\/\/www.sja73.com\/medias\/images\/prestataires\/multitailles\/320x240_50259-vtt_ete_4.jpg"},"160x120":{"url":"https:\/\/www.sja73.com\/medias\/images\/prestataires\/multitailles\/160x120_50259-vtt_ete_4.jpg"},"origine":{"url":"https:\/\/www.sja73.com\/medias\/images\/prestataires\/50259-vtt_ete_4.jpg"}},"urlLien":"","typeLien":"","nofollow":"N","copyright":"Arvan VTT\/Montagne"},{"url":"https:\/\/www.sja73.com\/medias\/images\/prestataires\/50260-vtt_ete.jpg","chemin":"..\/medias\/images\/prestataires\/50260-vtt_ete.jpg","libelle":"VTT \u00e9t\u00e9","extension":"jpg","categorie":"","largeur":640,"theme":"ETE","hauteur":480,"type":"Image","origine":"","liaisonPave":"","langue":"","id":"50288","urlVignette":"https:\/\/www.sja73.com\/medias\/images\/prestataires\/v-50260-vtt_ete.jpg","alt":"VTT \u00e9t\u00e9","title":"VTT \u00e9t\u00e9","MultiTaille":{"1920x1440":{"url":"https:\/\/www.sja73.com\/medias\/images\/prestataires\/multitailles\/1920x1440_50260-vtt_ete.jpg"},"1200x900":{"url":"https:\/\/www.sja73.com\/medias\/images\/prestataires\/multitailles\/1200x900_50260-vtt_ete.jpg"},"800x600":{"url":"https:\/\/www.sja73.com\/medias\/images\/prestataires\/multitailles\/800x600_50260-vtt_ete.jpg"},"640x480":{"url":"https:\/\/www.sja73.com\/medias\/images\/prestataires\/multitailles\/640x480_50260-vtt_ete.jpg"},"320x240":{"url":"https:\/\/www.sja73.com\/medias\/images\/prestataires\/multitailles\/320x240_50260-vtt_ete.jpg"},"160x120":{"url":"https:\/\/www.sja73.com\/medias\/images\/prestataires\/multitailles\/160x120_50260-vtt_ete.jpg"},"origine":{"url":"https:\/\/www.sja73.com\/medias\/images\/prestataires\/50260-vtt_ete.jpg"}},"urlLien":"","typeLien":"","nofollow":"N","copyright":"Arvan VTT\/Montagne"},{"url":"https:\/\/www.sja73.com\/medias\/images\/prestataires\/50261-vtt_ete_enfants.jpg","chemin":"..\/medias\/images\/prestataires\/50261-vtt_ete_enfants.jpg","libelle":"VTT \u00e9t\u00e9","extension":"jpg","categorie":"","largeur":4608,"theme":"ETE","hauteur":3456,"type":"Image","origine":"","liaisonPave":"","langue":"","id":"50289","urlVignette":"https:\/\/www.sja73.com\/medias\/images\/prestataires\/v-50261-vtt_ete_enfants.jpg","alt":"VTT \u00e9t\u00e9","title":"VTT \u00e9t\u00e9","MultiTaille":{"1920x1440":{"url":"https:\/\/www.sja73.com\/medias\/images\/prestataires\/multitailles\/1920x1440_50261-vtt_ete_enfants.jpg"},"1200x900":{"url":"https:\/\/www.sja73.com\/medias\/images\/prestataires\/multitailles\/1200x900_50261-vtt_ete_enfants.jpg"},"800x600":{"url":"https:\/\/www.sja73.com\/medias\/images\/prestataires\/multitailles\/800x600_50261-vtt_ete_enfants.jpg"},"640x480":{"url":"https:\/\/www.sja73.com\/medias\/images\/prestataires\/multitailles\/640x480_50261-vtt_ete_enfants.jpg"},"320x240":{"url":"https:\/\/www.sja73.com\/medias\/images\/prestataires\/multitailles\/320x240_50261-vtt_ete_enfants.jpg"},"160x120":{"url":"https:\/\/www.sja73.com\/medias\/images\/prestataires\/multitailles\/160x120_50261-vtt_ete_enfants.jpg"},"origine":{"url":"https:\/\/www.sja73.com\/medias\/images\/prestataires\/50261-vtt_ete_enfants.jpg"}},"urlLien":"","typeLien":"","nofollow":"N","copyright":"Arvan VTT\/Montagne"},{"url":"https:\/\/www.sja73.com\/medias\/images\/prestataires\/50248-unnamed_2.jpg","chemin":"..\/medias\/images\/prestataires\/50248-unnamed_2.jpg","libelle":"VTT sur neige","extension":"jpg","categorie":"","largeur":1000,"theme":"HIVER","hauteur":665,"type":"Image","origine":"","liaisonPave":"","langue":"","id":"50276","urlVignette":"https:\/\/www.sja73.com\/medias\/images\/prestataires\/v-50248-unnamed_2.jpg","alt":"VTT sur neige","title":"VTT sur neige","MultiTaille":{"1920x1440":{"url":"https:\/\/www.sja73.com\/medias\/images\/prestataires\/multitailles\/1920x1440_50248-unnamed_2.jpg"},"1200x900":{"url":"https:\/\/www.sja73.com\/medias\/images\/prestataires\/multitailles\/1200x900_50248-unnamed_2.jpg"},"800x600":{"url":"https:\/\/www.sja73.com\/medias\/images\/prestataires\/multitailles\/800x600_50248-unnamed_2.jpg"},"640x480":{"url":"https:\/\/www.sja73.com\/medias\/images\/prestataires\/multitailles\/640x480_50248-unnamed_2.jpg"},"320x240":{"url":"https:\/\/www.sja73.com\/medias\/images\/prestataires\/multitailles\/320x240_50248-unnamed_2.jpg"},"160x120":{"url":"https:\/\/www.sja73.com\/medias\/images\/prestataires\/multitailles\/160x120_50248-unnamed_2.jpg"},"origine":{"url":"https:\/\/www.sja73.com\/medias\/images\/prestataires\/50248-unnamed_2.jpg"}},"urlLien":"","typeLien":"","nofollow":"N","copyright":"Arvan VTT"},{"url":"https:\/\/www.sja73.com\/medias\/images\/prestataires\/50249-vtt_electrique_gaboriaud_l.jpg","chemin":"..\/medias\/images\/prestataires\/50249-vtt_electrique_gaboriaud_l.jpg","libelle":"VTT \u00e9lectrique sur neige","extension":"jpg","categorie":"","largeur":5472,"theme":"HIVER","hauteur":3648,"type":"Image","origine":"","liaisonPave":"","langue":"","id":"50277","urlVignette":"https:\/\/www.sja73.com\/medias\/images\/prestataires\/v-50249-vtt_electrique_gaboriaud_l.jpg","alt":"VTT \u00e9lectrique sur neige","title":"VTT \u00e9lectrique sur neige","MultiTaille":{"1920x1440":{"url":"https:\/\/www.sja73.com\/medias\/images\/prestataires\/multitailles\/1920x1440_50249-vtt_electrique_gaboriaud_l.jpg"},"1200x900":{"url":"https:\/\/www.sja73.com\/medias\/images\/prestataires\/multitailles\/1200x900_50249-vtt_electrique_gaboriaud_l.jpg"},"800x600":{"url":"https:\/\/www.sja73.com\/medias\/images\/prestataires\/multitailles\/800x600_50249-vtt_electrique_gaboriaud_l.jpg"},"640x480":{"url":"https:\/\/www.sja73.com\/medias\/images\/prestataires\/multitailles\/640x480_50249-vtt_electrique_gaboriaud_l.jpg"},"320x240":{"url":"https:\/\/www.sja73.com\/medias\/images\/prestataires\/multitailles\/320x240_50249-vtt_electrique_gaboriaud_l.jpg"},"160x120":{"url":"https:\/\/www.sja73.com\/medias\/images\/prestataires\/multitailles\/160x120_50249-vtt_electrique_gaboriaud_l.jpg"},"origine":{"url":"https:\/\/www.sja73.com\/medias\/images\/prestataires\/50249-vtt_electrique_gaboriaud_l.jpg"}},"urlLien":"","typeLien":"","nofollow":"N","copyright":"Arvan VTT"},{"url":"https:\/\/www.sja73.com\/medias\/images\/prestataires\/50250-vtt_electrique2_gaboriaud_l.jpg","chemin":"..\/medias\/images\/prestataires\/50250-vtt_electrique2_gaboriaud_l.jpg","libelle":"VTT \u00e9lectrique sur neige","extension":"jpg","categorie":"","largeur":5472,"theme":"HIVER","hauteur":3648,"type":"Image","origine":"","liaisonPave":"","langue":"","id":"50278","urlVignette":"https:\/\/www.sja73.com\/medias\/images\/prestataires\/v-50250-vtt_electrique2_gaboriaud_l.jpg","alt":"VTT \u00e9lectrique sur neige","title":"VTT \u00e9lectrique sur neige","MultiTaille":{"1920x1440":{"url":"https:\/\/www.sja73.com\/medias\/images\/prestataires\/multitailles\/1920x1440_50250-vtt_electrique2_gaboriaud_l.jpg"},"1200x900":{"url":"https:\/\/www.sja73.com\/medias\/images\/prestataires\/multitailles\/1200x900_50250-vtt_electrique2_gaboriaud_l.jpg"},"800x600":{"url":"https:\/\/www.sja73.com\/medias\/images\/prestataires\/multitailles\/800x600_50250-vtt_electrique2_gaboriaud_l.jpg"},"640x480":{"url":"https:\/\/www.sja73.com\/medias\/images\/prestataires\/multitailles\/640x480_50250-vtt_electrique2_gaboriaud_l.jpg"},"320x240":{"url":"https:\/\/www.sja73.com\/medias\/images\/prestataires\/multitailles\/320x240_50250-vtt_electrique2_gaboriaud_l.jpg"},"160x120":{"url":"https:\/\/www.sja73.com\/medias\/images\/prestataires\/multitailles\/160x120_50250-vtt_electrique2_gaboriaud_l.jpg"},"origine":{"url":"https:\/\/www.sja73.com\/medias\/images\/prestataires\/50250-vtt_electrique2_gaboriaud_l.jpg"}},"urlLien":"","typeLien":"","nofollow":"N","copyright":"Arvan VTT"},{"url":"https:\/\/www.sja73.com\/medias\/images\/prestataires\/50251-igp3264.jpg","chemin":"..\/medias\/images\/prestataires\/50251-igp3264.jpg","libelle":"VTT sur neige","extension":"jpg","categorie":"","largeur":3872,"theme":"HIVER","hauteur":2592,"type":"Image","origine":"","liaisonPave":"","langue":"","id":"50279","urlVignette":"https:\/\/www.sja73.com\/medias\/images\/prestataires\/v-50251-igp3264.jpg","alt":"VTT sur neige","title":"VTT sur neige","MultiTaille":{"1920x1440":{"url":"https:\/\/www.sja73.com\/medias\/images\/prestataires\/multitailles\/1920x1440_50251-igp3264.jpg"},"1200x900":{"url":"https:\/\/www.sja73.com\/medias\/images\/prestataires\/multitailles\/1200x900_50251-igp3264.jpg"},"800x600":{"url":"https:\/\/www.sja73.com\/medias\/images\/prestataires\/multitailles\/800x600_50251-igp3264.jpg"},"640x480":{"url":"https:\/\/www.sja73.com\/medias\/images\/prestataires\/multitailles\/640x480_50251-igp3264.jpg"},"320x240":{"url":"https:\/\/www.sja73.com\/medias\/images\/prestataires\/multitailles\/320x240_50251-igp3264.jpg"},"160x120":{"url":"https:\/\/www.sja73.com\/medias\/images\/prestataires\/multitailles\/160x120_50251-igp3264.jpg"},"origine":{"url":"https:\/\/www.sja73.com\/medias\/images\/prestataires\/50251-igp3264.jpg"}},"urlLien":"","typeLien":"","nofollow":"N","copyright":"Arvan VTT"},{"url":"https:\/\/www.sja73.com\/medias\/images\/prestataires\/50252-igp3270.jpg","chemin":"..\/medias\/images\/prestataires\/50252-igp3270.jpg","libelle":"VTT sur neige","extension":"jpg","categorie":"","largeur":3872,"theme":"HIVER","hauteur":2592,"type":"Image","origine":"","liaisonPave":"","langue":"","id":"50280","urlVignette":"https:\/\/www.sja73.com\/medias\/images\/prestataires\/v-50252-igp3270.jpg","alt":"VTT sur neige","title":"VTT sur neige","MultiTaille":{"1920x1440":{"url":"https:\/\/www.sja73.com\/medias\/images\/prestataires\/multitailles\/1920x1440_50252-igp3270.jpg"},"1200x900":{"url":"https:\/\/www.sja73.com\/medias\/images\/prestataires\/multitailles\/1200x900_50252-igp3270.jpg"},"800x600":{"url":"https:\/\/www.sja73.com\/medias\/images\/prestataires\/multitailles\/800x600_50252-igp3270.jpg"},"640x480":{"url":"https:\/\/www.sja73.com\/medias\/images\/prestataires\/multitailles\/640x480_50252-igp3270.jpg"},"320x240":{"url":"https:\/\/www.sja73.com\/medias\/images\/prestataires\/multitailles\/320x240_50252-igp3270.jpg"},"160x120":{"url":"https:\/\/www.sja73.com\/medias\/images\/prestataires\/multitailles\/160x120_50252-igp3270.jpg"},"origine":{"url":"https:\/\/www.sja73.com\/medias\/images\/prestataires\/50252-igp3270.jpg"}},"urlLien":"","typeLien":"","nofollow":"N","copyright":"Arvan VTT"},{"url":"https:\/\/www.sja73.com\/medias\/images\/prestataires\/50253-igp3261.jpg","chemin":"..\/medias\/images\/prestataires\/50253-igp3261.jpg","libelle":"VTT sur neige","extension":"jpg","categorie":"","largeur":3872,"theme":"HIVER","hauteur":2592,"type":"Image","origine":"","liaisonPave":"","langue":"","id":"50281","urlVignette":"https:\/\/www.sja73.com\/medias\/images\/prestataires\/v-50253-igp3261.jpg","alt":"VTT sur neige","title":"VTT sur neige","MultiTaille":{"1920x1440":{"url":"https:\/\/www.sja73.com\/medias\/images\/prestataires\/multitailles\/1920x1440_50253-igp3261.jpg"},"1200x900":{"url":"https:\/\/www.sja73.com\/medias\/images\/prestataires\/multitailles\/1200x900_50253-igp3261.jpg"},"800x600":{"url":"https:\/\/www.sja73.com\/medias\/images\/prestataires\/multitailles\/800x600_50253-igp3261.jpg"},"640x480":{"url":"https:\/\/www.sja73.com\/medias\/images\/prestataires\/multitailles\/640x480_50253-igp3261.jpg"},"320x240":{"url":"https:\/\/www.sja73.com\/medias\/images\/prestataires\/multitailles\/320x240_50253-igp3261.jpg"},"160x120":{"url":"https:\/\/www.sja73.com\/medias\/images\/prestataires\/multitailles\/160x120_50253-igp3261.jpg"},"origine":{"url":"https:\/\/www.sja73.com\/medias\/images\/prestataires\/50253-igp3261.jpg"}},"urlLien":"","typeLien":"","nofollow":"N","copyright":"Arvan VTT"}]}},"Url":"arvan-vtt-montagne-1.html","Localisation":{"GoogleMap":{"Latitude":"45.221568","Longitude":"6.22899"}},"ZoneGeo":"","Criteres":{"AFFICHAGESITEOK[ADHERENTOUICOMPLET":"","P.prestations[surchargeTourismesAdaptes":"","P.prestations[surchargeDescriptifHandicapMoteur":"","P.prestations[surchargeDescriptifHandicapAuditif":"","P.prestations[surchargeDescriptifHandicapVisuel":"","P.prestations[surchargeDescriptifHandicapMental":"","P.prestations[surchargeNombreFauteuilsRoulants":"","P.languesParlees[1192":"","P.languesParlees[1197":"","P.2[513":"","P.2[496":"","P.75[1768":"","P.75[4633":"","P.50[1775":"","P.50[1938":"","P.50[3705":"","P.50[4524":"","P.54[1795":"","P.54[1977":"","P.54[1980":"","P.57[1832":"","P.57[2003":"","P.58[1834":"","P.58[1889":"","P.61[1872":"","P.61[2028":"","P.61[3752":"","P.55[1894":"","P.55[2033":"","P.43[1908":"","P.43[2050":"","P.environnements[171":"","P.environnements[193":"","P.114[416":"","P.114[418":"","P.114[435":"","P.114[436":"","P.modesPaiement[1271":"","P.modesPaiement[1274":"","P.modesPaiement[1277":"","P.tourismeAffaires[tourismeAffairesEnabled":"","P.tourismeAffaires[devise":"EUR","P.commerceEtServiceType[4015":"","P.typesDetailles[4039":"","P.typesDetailles[4041":"","P.habilitationsPrestataires[3155":"","P.habilitationsPrestataires[3156":"","P.habilitationsPrestataires[5180":"","P.habilitationsPrestataires[6538":"","P.10[1778":"","P.CINTSITRA[11226":"","P.CINTSITRA[11435":"","P.CINTSITRA[20628":"","P.3220[25629":"","P.3233[60439":"","P.3233[908439":"","P.3218[60729":"","P.3227[72218":"","P.3219[72808":"","P.3219[126556":"","P.3219[126557":"","P.3240[100180":"","P.6241[126905":"","P.6241[595160":"","P.6241[5173666":"","P.3230[323078":"","P.3230[5532377":"","P.3230[6328304":"","P.3221[344174":"","P.3221[549303":"","P.3221[596327":"","P.VilleSitra[30507":"","P.VillageDeDepart[30507":""},"DateFinPublication":""},"Fichier":{"Image":[{"url":"https:\/\/www.sja73.com\/medias\/images\/prestations\/66253-2021_07_25_saint_sorlin_arves_trail_etendard_82_ot_saint_sorlin_d_arves_v_bellot_mauroz_19.jpg","chemin":"..\/medias\/images\/prestations\/66253-2021_07_25_saint_sorlin_arves_trail_etendard_82_ot_saint_sorlin_d_arves_v_bellot_mauroz_19.jpg","libelle":"Ludovic Arvan VTT Montagne","extension":"jpg","categorie":"","largeur":2000,"theme":"","hauteur":1333,"type":"Image","origine":"","liaisonPave":"","langue":"","id":"66253","urlVignette":"https:\/\/www.sja73.com\/medias\/images\/prestations\/v-66253-2021_07_25_saint_sorlin_arves_trail_etendard_82_ot_saint_sorlin_d_arves_v_bellot_mauroz_19.jpg","alt":"Ludovic Arvan VTT Montagne","title":"Ludovic Arvan VTT Montagne - &copy \u00a9 OT Saint Sorlin d'Arves - V Bellot-Mauroz","MultiTaille":{"1920x1440":{"url":"https:\/\/www.sja73.com\/medias\/images\/prestations\/multitailles\/1920x1440_66253-2021_07_25_saint_sorlin_arves_trail_etendard_82_ot_saint_sorlin_d_arves_v_bellot_mauroz_19.jpg"},"1200x900":{"url":"https:\/\/www.sja73.com\/medias\/images\/prestations\/multitailles\/1200x900_66253-2021_07_25_saint_sorlin_arves_trail_etendard_82_ot_saint_sorlin_d_arves_v_bellot_mauroz_19.jpg"},"800x600":{"url":"https:\/\/www.sja73.com\/medias\/images\/prestations\/multitailles\/800x600_66253-2021_07_25_saint_sorlin_arves_trail_etendard_82_ot_saint_sorlin_d_arves_v_bellot_mauroz_19.jpg"},"640x480":{"url":"https:\/\/www.sja73.com\/medias\/images\/prestations\/multitailles\/640x480_66253-2021_07_25_saint_sorlin_arves_trail_etendard_82_ot_saint_sorlin_d_arves_v_bellot_mauroz_19.jpg"},"320x240":{"url":"https:\/\/www.sja73.com\/medias\/images\/prestations\/multitailles\/320x240_66253-2021_07_25_saint_sorlin_arves_trail_etendard_82_ot_saint_sorlin_d_arves_v_bellot_mauroz_19.jpg"},"160x120":{"url":"https:\/\/www.sja73.com\/medias\/images\/prestations\/multitailles\/160x120_66253-2021_07_25_saint_sorlin_arves_trail_etendard_82_ot_saint_sorlin_d_arves_v_bellot_mauroz_19.jpg"},"origine":{"url":"https:\/\/www.sja73.com\/medias\/images\/prestations\/66253-2021_07_25_saint_sorlin_arves_trail_etendard_82_ot_saint_sorlin_d_arves_v_bellot_mauroz_19.jpg"}},"urlLien":"","typeLien":"","nofollow":"N","copyright":"\u00a9 OT Saint Sorlin d'Arves - V Bellot-Mauroz"}],"ByCategorie":{"":[{"url":"https:\/\/www.sja73.com\/medias\/images\/prestations\/66253-2021_07_25_saint_sorlin_arves_trail_etendard_82_ot_saint_sorlin_d_arves_v_bellot_mauroz_19.jpg","chemin":"..\/medias\/images\/prestations\/66253-2021_07_25_saint_sorlin_arves_trail_etendard_82_ot_saint_sorlin_d_arves_v_bellot_mauroz_19.jpg","libelle":"Ludovic Arvan VTT Montagne","extension":"jpg","categorie":"","largeur":2000,"theme":"","hauteur":1333,"type":"Image","origine":"","liaisonPave":"","langue":"","id":"66253","urlVignette":"https:\/\/www.sja73.com\/medias\/images\/prestations\/v-66253-2021_07_25_saint_sorlin_arves_trail_etendard_82_ot_saint_sorlin_d_arves_v_bellot_mauroz_19.jpg","alt":"Ludovic Arvan VTT Montagne","title":"Ludovic Arvan VTT Montagne - &copy \u00a9 OT Saint Sorlin d'Arves - V Bellot-Mauroz","MultiTaille":{"1920x1440":{"url":"https:\/\/www.sja73.com\/medias\/images\/prestations\/multitailles\/1920x1440_66253-2021_07_25_saint_sorlin_arves_trail_etendard_82_ot_saint_sorlin_d_arves_v_bellot_mauroz_19.jpg"},"1200x900":{"url":"https:\/\/www.sja73.com\/medias\/images\/prestations\/multitailles\/1200x900_66253-2021_07_25_saint_sorlin_arves_trail_etendard_82_ot_saint_sorlin_d_arves_v_bellot_mauroz_19.jpg"},"800x600":{"url":"https:\/\/www.sja73.com\/medias\/images\/prestations\/multitailles\/800x600_66253-2021_07_25_saint_sorlin_arves_trail_etendard_82_ot_saint_sorlin_d_arves_v_bellot_mauroz_19.jpg"},"640x480":{"url":"https:\/\/www.sja73.com\/medias\/images\/prestations\/multitailles\/640x480_66253-2021_07_25_saint_sorlin_arves_trail_etendard_82_ot_saint_sorlin_d_arves_v_bellot_mauroz_19.jpg"},"320x240":{"url":"https:\/\/www.sja73.com\/medias\/images\/prestations\/multitailles\/320x240_66253-2021_07_25_saint_sorlin_arves_trail_etendard_82_ot_saint_sorlin_d_arves_v_bellot_mauroz_19.jpg"},"160x120":{"url":"https:\/\/www.sja73.com\/medias\/images\/prestations\/multitailles\/160x120_66253-2021_07_25_saint_sorlin_arves_trail_etendard_82_ot_saint_sorlin_d_arves_v_bellot_mauroz_19.jpg"},"origine":{"url":"https:\/\/www.sja73.com\/medias\/images\/prestations\/66253-2021_07_25_saint_sorlin_arves_trail_etendard_82_ot_saint_sorlin_d_arves_v_bellot_mauroz_19.jpg"}},"urlLien":"","typeLien":"","nofollow":"N","copyright":"\u00a9 OT Saint Sorlin d'Arves - V Bellot-Mauroz"}]}},"DateDebPublication":"","DateFinPublication":"","PrixAPartirDe":"","PrixPour":"","FicheListeEnCours":"fiche_liste_activites_loisirs_culture_prestation_v2","ParametresModele":{"AfficherPhotos":"1","NbPhotosMax":6,"AfficherReserver":0,"AfficherContact":0,"AfficherSalle":1,"AfficherZoneGeo":0,"AfficherEnSavoirPlus":"0","AfficherUneSeuleOuverture":0,"AfficherContactCarte":1,"AfficherTarifsChaudAPartirDe":0,"AfficherTarifChaudSansRecherche":0,"AfficherLiensCarnetVoyage":"1","Criteres":"AFFICHAGESITE[ADHERENTOUICOMPLET","PositionBloc":"GALLERIE|NOM|CARNET_VOYAGE|URL","TypePrestataire":"E","ComportementResa":false,"ComportementDispo":false},"AffichageCoordonnees":[],"Coordonnees":{"Ville":"Saint-Sorlin-d'Arves"},"ContexteId":"PRESTATION|E|512609|759286","ContexteIdHtml":"PRESTATION-E-512609-759286","cleContexte":"E|512609|759286","Bloc":{"texte1":"","texte3":"","critere1":{"libelle":"","contenu":[]},"critere2":{"libelle":"","contenu":[]},"critere3":{"libelle":"","contenu":[]},"critere4":{"libelle":"","contenu":[]},"critere5":{"libelle":"","contenu":[]},"critere6":{"libelle":"","contenu":[]},"critere7":{"libelle":"","contenu":[]},"critere8":{"libelle":"","contenu":[]},"critere9":{"libelle":"","contenu":[]}},"LocalisationGps":{"Latitude":"45.221568","Longitude":"6.229065"},"libelleDuPrestataire":"","vuePrestataire":{"pave1":{"libelle":"Descriptif court","contenu":"Moniteur de VTT dipl\u00f4m\u00e9 d'Etat et accompagnateurs en montagne."},"pave2":{"libelle":"Descriptif d\u00e9taill\u00e9","contenu":"EN \u00c9T\u00c9\u003Cbr \/\u003E\r\nEncadrement, initiation, perfectionnement VTT sur les Arves.\u003Cbr \/\u003E\r\nBalades p\u00e9destres \u00e0 la d\u00e9couverte des somptueux panoramas des Arves et sortie aqua'rando.\u003Cbr \/\u003E\r\n\u003Cbr \/\u003E\r\nEN HIVER\u003Cbr \/\u003E\r\nDescente en fat-bike sur neige apr\u00e8s la fermeture des pistes, 7 kilom\u00e8tres de descente sur 700m de d\u00e9nivel\u00e9. Sensations, pilotage et fou-rires garantis !\u003Cbr \/\u003E\r\nMais aussi VTT \u00e9lectrique sur neige."},"pave3":{"libelle":"Bons plans","contenu":""},"pave4":{"libelle":"Compl\u00e9ment localisation","contenu":""},"pave5":{"libelle":"Compl\u00e9ment accueil","contenu":""},"pave6":{"libelle":"P\u00e9riodes en clair","contenu":"Du 13\/12\/2025 au 10\/04\/2026 tous les jours.\u003Cbr \/\u003E\nAutres p\u00e9riodes sur demande.\u003Cbr \/\u003E\n\u003Cbr \/\u003E\nDu 01\/07 au 31\/08\/2026 tous les jours.\u003Cbr \/\u003E\nAutres p\u00e9riodes sur demande."},"pave7":{"libelle":"Tarifs en clair","contenu":""},"pave8":{"libelle":"Compl\u00e9ment Tarifs","contenu":""},"pave9":{"libelle":"Compl\u00e9ment R\u00e9servation","contenu":""},"pave10":{"libelle":"Descriptif court","contenu":""},"pave11":{"libelle":"Descriptif d\u00e9taill\u00e9","contenu":"Encadrement, initiation, perfectionnement VTT sur les Arves.\u003Cbr \/\u003E\r\nBalades p\u00e9destres \u00e0 la d\u00e9couverte des somptueux panoramas des Arves et sortie aqua'rando."},"pave12":{"libelle":"Compl\u00e9ment localisation","contenu":""},"pave13":{"libelle":"Compl\u00e9ment accueil","contenu":""},"pave14":{"libelle":"P\u00e9riodes en clair","contenu":""},"pave15":{"libelle":"Tarifs en clair","contenu":""},"pave16":{"libelle":"Compl\u00e9ment Tarifs","contenu":""},"pave17":{"libelle":"Compl\u00e9ment R\u00e9servation","contenu":""},"pave18":{"libelle":"Descriptif court","contenu":""},"pave19":{"libelle":"Descriptif d\u00e9taill\u00e9","contenu":"Descente en fat-bike sur neige apr\u00e8s la fermeture des pistes, 7 kilom\u00e8tres de descente sur 700m de d\u00e9nivel\u00e9. Sensations, pilotage et fou-rires garantis !\u003Cbr \/\u003E\r\nMais aussi VTT \u00e9lectrique sur neige."},"pave20":{"libelle":"Compl\u00e9ment localisation","contenu":""},"pave21":{"libelle":"Compl\u00e9ment accueil","contenu":"Possibilit\u00e9 de descendre en trotinettes sur neige \u003Cbr \/\u003E\r\nMont\u00e9e en t\u00e9l\u00e9si\u00e8ge d\u00e8s 16h00\u003Cbr \/\u003E\r\nSorties demi-journ\u00e9e en FAT BIKE sur neige et VTT \u00e9lectrique sur neige"},"pave22":{"libelle":"P\u00e9riodes en clair","contenu":""},"pave23":{"libelle":"Tarifs en clair","contenu":""},"pave24":{"libelle":"Compl\u00e9ment Tarifs","contenu":""},"pave25":{"libelle":"Compl\u00e9ment R\u00e9servation","contenu":""},"ContactsParType":{"":{"59767":{"id_contact":"59767","type_contact":"","categorie_contact":"PRESTATAIRE","societe_contact":"","fonction_contact":"","civilite_nom_prenom_contact":"M GABORIAUD Ludovic ","adresse1_contact":"","adresse2_contact":"","adresse3_contact":"","cpostal_contact":"","ville_contact":"","teldom_contact":"","telbur_contact":"","fax_contact":"","portable_contact":"06 13 84 52 77","email_contact":"","siteweb_contact":"","commentaire_contact":"","langue_contact":"","autre_moyen_com":[]}},"RES":{"59768":{"id_contact":"59768","type_contact":"RES","categorie_contact":"PRESTATAIRE","societe_contact":"","fonction_contact":"","civilite_nom_prenom_contact":"Arvan VTT \/ Montagne ","adresse1_contact":"","adresse2_contact":"","adresse3_contact":"","cpostal_contact":"","ville_contact":"","teldom_contact":"","telbur_contact":"","fax_contact":"","portable_contact":"06 13 84 52 77","email_contact":"arvanvtt@gmail.com","siteweb_contact":"","commentaire_contact":"","langue_contact":"","autre_moyen_com":[]}}},"Libelle":"Arvan VTT \/ Montagne","Nom":"Arvan VTT \/ Montagne ","Prenom":"","NomPrenom":"Arvan VTT \/ Montagne  ","CiviliteNomPrenom":"Arvan VTT \/ Montagne  ","Cle":"E|512609","PrestataireParent":"","ContexteStat":"PRESTATAIRE-E-512609","DateModificationIso":"2026-04-18T00:43:00+02:00","Type":"PRESTATAIRE","TypePrestataire":"E","Adresse":{"LigneAdresse1":"","LigneAdresse2":"","LigneAdresse3":"","CodePostal":"","Ville":"","Cedex":"","Etat":"","Pays":""},"Email":"arvanvtt@gmail.com","Telephone":"06 03 16 61 53","TelephoneBureau":"","Portable":"06 13 84 52 77","SiteWeb":"","Fax":"","Id":"e-512609","Code":"E|512609","Fichier":{"Image":[{"url":"https:\/\/www.sja73.com\/medias\/images\/prestataires\/50254-unnamed.jpg","chemin":"..\/medias\/images\/prestataires\/50254-unnamed.jpg","libelle":"VTT sur neige","extension":"jpg","categorie":"","largeur":1000,"theme":"","hauteur":665,"type":"Image","origine":"","liaisonPave":"","langue":"","id":"50282","urlVignette":"https:\/\/www.sja73.com\/medias\/images\/prestataires\/v-50254-unnamed.jpg","alt":"VTT sur neige","title":"VTT sur neige","MultiTaille":{"1920x1440":{"url":"https:\/\/www.sja73.com\/medias\/images\/prestataires\/multitailles\/1920x1440_50254-unnamed.jpg"},"1200x900":{"url":"https:\/\/www.sja73.com\/medias\/images\/prestataires\/multitailles\/1200x900_50254-unnamed.jpg"},"800x600":{"url":"https:\/\/www.sja73.com\/medias\/images\/prestataires\/multitailles\/800x600_50254-unnamed.jpg"},"640x480":{"url":"https:\/\/www.sja73.com\/medias\/images\/prestataires\/multitailles\/640x480_50254-unnamed.jpg"},"320x240":{"url":"https:\/\/www.sja73.com\/medias\/images\/prestataires\/multitailles\/320x240_50254-unnamed.jpg"},"160x120":{"url":"https:\/\/www.sja73.com\/medias\/images\/prestataires\/multitailles\/160x120_50254-unnamed.jpg"},"origine":{"url":"https:\/\/www.sja73.com\/medias\/images\/prestataires\/50254-unnamed.jpg"}},"urlLien":"","typeLien":"","nofollow":"N","copyright":"Arvan VTT"},{"url":"https:\/\/www.sja73.com\/medias\/images\/prestataires\/50255-unnamed_1.jpg","chemin":"..\/medias\/images\/prestataires\/50255-unnamed_1.jpg","libelle":"Arvan VTT - VTT sur neige","extension":"jpg","categorie":"","largeur":1000,"theme":"","hauteur":665,"type":"Image","origine":"","liaisonPave":"","langue":"","id":"50283","urlVignette":"https:\/\/www.sja73.com\/medias\/images\/prestataires\/v-50255-unnamed_1.jpg","alt":"Arvan VTT - VTT sur neige","title":"Arvan VTT - VTT sur neige","MultiTaille":{"1920x1440":{"url":"https:\/\/www.sja73.com\/medias\/images\/prestataires\/multitailles\/1920x1440_50255-unnamed_1.jpg"},"1200x900":{"url":"https:\/\/www.sja73.com\/medias\/images\/prestataires\/multitailles\/1200x900_50255-unnamed_1.jpg"},"800x600":{"url":"https:\/\/www.sja73.com\/medias\/images\/prestataires\/multitailles\/800x600_50255-unnamed_1.jpg"},"640x480":{"url":"https:\/\/www.sja73.com\/medias\/images\/prestataires\/multitailles\/640x480_50255-unnamed_1.jpg"},"320x240":{"url":"https:\/\/www.sja73.com\/medias\/images\/prestataires\/multitailles\/320x240_50255-unnamed_1.jpg"},"160x120":{"url":"https:\/\/www.sja73.com\/medias\/images\/prestataires\/multitailles\/160x120_50255-unnamed_1.jpg"},"origine":{"url":"https:\/\/www.sja73.com\/medias\/images\/prestataires\/50255-unnamed_1.jpg"}},"urlLien":"","typeLien":"","nofollow":"N","copyright":""},{"url":"https:\/\/www.sja73.com\/medias\/images\/prestataires\/50256-arvanvttmontagne_ete.jpg","chemin":"..\/medias\/images\/prestataires\/50256-arvanvttmontagne_ete.jpg","libelle":"Sortie VTT","extension":"jpg","categorie":"","largeur":480,"theme":"ETE","hauteur":640,"type":"Image","origine":"","liaisonPave":"","langue":"","id":"50284","urlVignette":"https:\/\/www.sja73.com\/medias\/images\/prestataires\/v-50256-arvanvttmontagne_ete.jpg","alt":"Sortie VTT","title":"Sortie VTT","MultiTaille":{"1920x1440":{"url":"https:\/\/www.sja73.com\/medias\/images\/prestataires\/multitailles\/1920x1440_50256-arvanvttmontagne_ete.jpg"},"1200x900":{"url":"https:\/\/www.sja73.com\/medias\/images\/prestataires\/multitailles\/1200x900_50256-arvanvttmontagne_ete.jpg"},"800x600":{"url":"https:\/\/www.sja73.com\/medias\/images\/prestataires\/multitailles\/800x600_50256-arvanvttmontagne_ete.jpg"},"640x480":{"url":"https:\/\/www.sja73.com\/medias\/images\/prestataires\/multitailles\/640x480_50256-arvanvttmontagne_ete.jpg"},"320x240":{"url":"https:\/\/www.sja73.com\/medias\/images\/prestataires\/multitailles\/320x240_50256-arvanvttmontagne_ete.jpg"},"160x120":{"url":"https:\/\/www.sja73.com\/medias\/images\/prestataires\/multitailles\/160x120_50256-arvanvttmontagne_ete.jpg"},"origine":{"url":"https:\/\/www.sja73.com\/medias\/images\/prestataires\/50256-arvanvttmontagne_ete.jpg"}},"urlLien":"","typeLien":"","nofollow":"N","copyright":"Arvan VTT\/Montagne"},{"url":"https:\/\/www.sja73.com\/medias\/images\/prestataires\/50257-arvanvttmontagne_ete1.jpg","chemin":"..\/medias\/images\/prestataires\/50257-arvanvttmontagne_ete1.jpg","libelle":"Sortie VTT","extension":"jpg","categorie":"","largeur":3456,"theme":"ETE","hauteur":4608,"type":"Image","origine":"","liaisonPave":"","langue":"","id":"50285","urlVignette":"https:\/\/www.sja73.com\/medias\/images\/prestataires\/v-50257-arvanvttmontagne_ete1.jpg","alt":"Sortie VTT","title":"Sortie VTT","MultiTaille":{"1920x1440":{"url":"https:\/\/www.sja73.com\/medias\/images\/prestataires\/multitailles\/1920x1440_50257-arvanvttmontagne_ete1.jpg"},"1200x900":{"url":"https:\/\/www.sja73.com\/medias\/images\/prestataires\/multitailles\/1200x900_50257-arvanvttmontagne_ete1.jpg"},"800x600":{"url":"https:\/\/www.sja73.com\/medias\/images\/prestataires\/multitailles\/800x600_50257-arvanvttmontagne_ete1.jpg"},"640x480":{"url":"https:\/\/www.sja73.com\/medias\/images\/prestataires\/multitailles\/640x480_50257-arvanvttmontagne_ete1.jpg"},"320x240":{"url":"https:\/\/www.sja73.com\/medias\/images\/prestataires\/multitailles\/320x240_50257-arvanvttmontagne_ete1.jpg"},"160x120":{"url":"https:\/\/www.sja73.com\/medias\/images\/prestataires\/multitailles\/160x120_50257-arvanvttmontagne_ete1.jpg"},"origine":{"url":"https:\/\/www.sja73.com\/medias\/images\/prestataires\/50257-arvanvttmontagne_ete1.jpg"}},"urlLien":"","typeLien":"","nofollow":"N","copyright":"Arvan VTT\/Montagne"},{"url":"https:\/\/www.sja73.com\/medias\/images\/prestataires\/50258-vtt_ete_2.jpg","chemin":"..\/medias\/images\/prestataires\/50258-vtt_ete_2.jpg","libelle":"VTT \u00e9t\u00e9","extension":"jpg","categorie":"","largeur":4608,"theme":"ETE","hauteur":3456,"type":"Image","origine":"","liaisonPave":"","langue":"","id":"50286","urlVignette":"https:\/\/www.sja73.com\/medias\/images\/prestataires\/v-50258-vtt_ete_2.jpg","alt":"VTT \u00e9t\u00e9","title":"VTT \u00e9t\u00e9","MultiTaille":{"1920x1440":{"url":"https:\/\/www.sja73.com\/medias\/images\/prestataires\/multitailles\/1920x1440_50258-vtt_ete_2.jpg"},"1200x900":{"url":"https:\/\/www.sja73.com\/medias\/images\/prestataires\/multitailles\/1200x900_50258-vtt_ete_2.jpg"},"800x600":{"url":"https:\/\/www.sja73.com\/medias\/images\/prestataires\/multitailles\/800x600_50258-vtt_ete_2.jpg"},"640x480":{"url":"https:\/\/www.sja73.com\/medias\/images\/prestataires\/multitailles\/640x480_50258-vtt_ete_2.jpg"},"320x240":{"url":"https:\/\/www.sja73.com\/medias\/images\/prestataires\/multitailles\/320x240_50258-vtt_ete_2.jpg"},"160x120":{"url":"https:\/\/www.sja73.com\/medias\/images\/prestataires\/multitailles\/160x120_50258-vtt_ete_2.jpg"},"origine":{"url":"https:\/\/www.sja73.com\/medias\/images\/prestataires\/50258-vtt_ete_2.jpg"}},"urlLien":"","typeLien":"","nofollow":"N","copyright":"Arvan VTT\/Montagne"},{"url":"https:\/\/www.sja73.com\/medias\/images\/prestataires\/50259-vtt_ete_4.jpg","chemin":"..\/medias\/images\/prestataires\/50259-vtt_ete_4.jpg","libelle":"VTT \u00e9t\u00e9","extension":"jpg","categorie":"","largeur":2048,"theme":"ETE","hauteur":1536,"type":"Image","origine":"","liaisonPave":"","langue":"","id":"50287","urlVignette":"https:\/\/www.sja73.com\/medias\/images\/prestataires\/v-50259-vtt_ete_4.jpg","alt":"VTT \u00e9t\u00e9","title":"VTT \u00e9t\u00e9","MultiTaille":{"1920x1440":{"url":"https:\/\/www.sja73.com\/medias\/images\/prestataires\/multitailles\/1920x1440_50259-vtt_ete_4.jpg"},"1200x900":{"url":"https:\/\/www.sja73.com\/medias\/images\/prestataires\/multitailles\/1200x900_50259-vtt_ete_4.jpg"},"800x600":{"url":"https:\/\/www.sja73.com\/medias\/images\/prestataires\/multitailles\/800x600_50259-vtt_ete_4.jpg"},"640x480":{"url":"https:\/\/www.sja73.com\/medias\/images\/prestataires\/multitailles\/640x480_50259-vtt_ete_4.jpg"},"320x240":{"url":"https:\/\/www.sja73.com\/medias\/images\/prestataires\/multitailles\/320x240_50259-vtt_ete_4.jpg"},"160x120":{"url":"https:\/\/www.sja73.com\/medias\/images\/prestataires\/multitailles\/160x120_50259-vtt_ete_4.jpg"},"origine":{"url":"https:\/\/www.sja73.com\/medias\/images\/prestataires\/50259-vtt_ete_4.jpg"}},"urlLien":"","typeLien":"","nofollow":"N","copyright":"Arvan VTT\/Montagne"},{"url":"https:\/\/www.sja73.com\/medias\/images\/prestataires\/50260-vtt_ete.jpg","chemin":"..\/medias\/images\/prestataires\/50260-vtt_ete.jpg","libelle":"VTT \u00e9t\u00e9","extension":"jpg","categorie":"","largeur":640,"theme":"ETE","hauteur":480,"type":"Image","origine":"","liaisonPave":"","langue":"","id":"50288","urlVignette":"https:\/\/www.sja73.com\/medias\/images\/prestataires\/v-50260-vtt_ete.jpg","alt":"VTT \u00e9t\u00e9","title":"VTT \u00e9t\u00e9","MultiTaille":{"1920x1440":{"url":"https:\/\/www.sja73.com\/medias\/images\/prestataires\/multitailles\/1920x1440_50260-vtt_ete.jpg"},"1200x900":{"url":"https:\/\/www.sja73.com\/medias\/images\/prestataires\/multitailles\/1200x900_50260-vtt_ete.jpg"},"800x600":{"url":"https:\/\/www.sja73.com\/medias\/images\/prestataires\/multitailles\/800x600_50260-vtt_ete.jpg"},"640x480":{"url":"https:\/\/www.sja73.com\/medias\/images\/prestataires\/multitailles\/640x480_50260-vtt_ete.jpg"},"320x240":{"url":"https:\/\/www.sja73.com\/medias\/images\/prestataires\/multitailles\/320x240_50260-vtt_ete.jpg"},"160x120":{"url":"https:\/\/www.sja73.com\/medias\/images\/prestataires\/multitailles\/160x120_50260-vtt_ete.jpg"},"origine":{"url":"https:\/\/www.sja73.com\/medias\/images\/prestataires\/50260-vtt_ete.jpg"}},"urlLien":"","typeLien":"","nofollow":"N","copyright":"Arvan VTT\/Montagne"},{"url":"https:\/\/www.sja73.com\/medias\/images\/prestataires\/50261-vtt_ete_enfants.jpg","chemin":"..\/medias\/images\/prestataires\/50261-vtt_ete_enfants.jpg","libelle":"VTT \u00e9t\u00e9","extension":"jpg","categorie":"","largeur":4608,"theme":"ETE","hauteur":3456,"type":"Image","origine":"","liaisonPave":"","langue":"","id":"50289","urlVignette":"https:\/\/www.sja73.com\/medias\/images\/prestataires\/v-50261-vtt_ete_enfants.jpg","alt":"VTT \u00e9t\u00e9","title":"VTT \u00e9t\u00e9","MultiTaille":{"1920x1440":{"url":"https:\/\/www.sja73.com\/medias\/images\/prestataires\/multitailles\/1920x1440_50261-vtt_ete_enfants.jpg"},"1200x900":{"url":"https:\/\/www.sja73.com\/medias\/images\/prestataires\/multitailles\/1200x900_50261-vtt_ete_enfants.jpg"},"800x600":{"url":"https:\/\/www.sja73.com\/medias\/images\/prestataires\/multitailles\/800x600_50261-vtt_ete_enfants.jpg"},"640x480":{"url":"https:\/\/www.sja73.com\/medias\/images\/prestataires\/multitailles\/640x480_50261-vtt_ete_enfants.jpg"},"320x240":{"url":"https:\/\/www.sja73.com\/medias\/images\/prestataires\/multitailles\/320x240_50261-vtt_ete_enfants.jpg"},"160x120":{"url":"https:\/\/www.sja73.com\/medias\/images\/prestataires\/multitailles\/160x120_50261-vtt_ete_enfants.jpg"},"origine":{"url":"https:\/\/www.sja73.com\/medias\/images\/prestataires\/50261-vtt_ete_enfants.jpg"}},"urlLien":"","typeLien":"","nofollow":"N","copyright":"Arvan VTT\/Montagne"},{"url":"https:\/\/www.sja73.com\/medias\/images\/prestataires\/50248-unnamed_2.jpg","chemin":"..\/medias\/images\/prestataires\/50248-unnamed_2.jpg","libelle":"VTT sur neige","extension":"jpg","categorie":"","largeur":1000,"theme":"HIVER","hauteur":665,"type":"Image","origine":"","liaisonPave":"","langue":"","id":"50276","urlVignette":"https:\/\/www.sja73.com\/medias\/images\/prestataires\/v-50248-unnamed_2.jpg","alt":"VTT sur neige","title":"VTT sur neige","MultiTaille":{"1920x1440":{"url":"https:\/\/www.sja73.com\/medias\/images\/prestataires\/multitailles\/1920x1440_50248-unnamed_2.jpg"},"1200x900":{"url":"https:\/\/www.sja73.com\/medias\/images\/prestataires\/multitailles\/1200x900_50248-unnamed_2.jpg"},"800x600":{"url":"https:\/\/www.sja73.com\/medias\/images\/prestataires\/multitailles\/800x600_50248-unnamed_2.jpg"},"640x480":{"url":"https:\/\/www.sja73.com\/medias\/images\/prestataires\/multitailles\/640x480_50248-unnamed_2.jpg"},"320x240":{"url":"https:\/\/www.sja73.com\/medias\/images\/prestataires\/multitailles\/320x240_50248-unnamed_2.jpg"},"160x120":{"url":"https:\/\/www.sja73.com\/medias\/images\/prestataires\/multitailles\/160x120_50248-unnamed_2.jpg"},"origine":{"url":"https:\/\/www.sja73.com\/medias\/images\/prestataires\/50248-unnamed_2.jpg"}},"urlLien":"","typeLien":"","nofollow":"N","copyright":"Arvan VTT"},{"url":"https:\/\/www.sja73.com\/medias\/images\/prestataires\/50249-vtt_electrique_gaboriaud_l.jpg","chemin":"..\/medias\/images\/prestataires\/50249-vtt_electrique_gaboriaud_l.jpg","libelle":"VTT \u00e9lectrique sur neige","extension":"jpg","categorie":"","largeur":5472,"theme":"HIVER","hauteur":3648,"type":"Image","origine":"","liaisonPave":"","langue":"","id":"50277","urlVignette":"https:\/\/www.sja73.com\/medias\/images\/prestataires\/v-50249-vtt_electrique_gaboriaud_l.jpg","alt":"VTT \u00e9lectrique sur neige","title":"VTT \u00e9lectrique sur neige","MultiTaille":{"1920x1440":{"url":"https:\/\/www.sja73.com\/medias\/images\/prestataires\/multitailles\/1920x1440_50249-vtt_electrique_gaboriaud_l.jpg"},"1200x900":{"url":"https:\/\/www.sja73.com\/medias\/images\/prestataires\/multitailles\/1200x900_50249-vtt_electrique_gaboriaud_l.jpg"},"800x600":{"url":"https:\/\/www.sja73.com\/medias\/images\/prestataires\/multitailles\/800x600_50249-vtt_electrique_gaboriaud_l.jpg"},"640x480":{"url":"https:\/\/www.sja73.com\/medias\/images\/prestataires\/multitailles\/640x480_50249-vtt_electrique_gaboriaud_l.jpg"},"320x240":{"url":"https:\/\/www.sja73.com\/medias\/images\/prestataires\/multitailles\/320x240_50249-vtt_electrique_gaboriaud_l.jpg"},"160x120":{"url":"https:\/\/www.sja73.com\/medias\/images\/prestataires\/multitailles\/160x120_50249-vtt_electrique_gaboriaud_l.jpg"},"origine":{"url":"https:\/\/www.sja73.com\/medias\/images\/prestataires\/50249-vtt_electrique_gaboriaud_l.jpg"}},"urlLien":"","typeLien":"","nofollow":"N","copyright":"Arvan VTT"},{"url":"https:\/\/www.sja73.com\/medias\/images\/prestataires\/50250-vtt_electrique2_gaboriaud_l.jpg","chemin":"..\/medias\/images\/prestataires\/50250-vtt_electrique2_gaboriaud_l.jpg","libelle":"VTT \u00e9lectrique sur neige","extension":"jpg","categorie":"","largeur":5472,"theme":"HIVER","hauteur":3648,"type":"Image","origine":"","liaisonPave":"","langue":"","id":"50278","urlVignette":"https:\/\/www.sja73.com\/medias\/images\/prestataires\/v-50250-vtt_electrique2_gaboriaud_l.jpg","alt":"VTT \u00e9lectrique sur neige","title":"VTT \u00e9lectrique sur neige","MultiTaille":{"1920x1440":{"url":"https:\/\/www.sja73.com\/medias\/images\/prestataires\/multitailles\/1920x1440_50250-vtt_electrique2_gaboriaud_l.jpg"},"1200x900":{"url":"https:\/\/www.sja73.com\/medias\/images\/prestataires\/multitailles\/1200x900_50250-vtt_electrique2_gaboriaud_l.jpg"},"800x600":{"url":"https:\/\/www.sja73.com\/medias\/images\/prestataires\/multitailles\/800x600_50250-vtt_electrique2_gaboriaud_l.jpg"},"640x480":{"url":"https:\/\/www.sja73.com\/medias\/images\/prestataires\/multitailles\/640x480_50250-vtt_electrique2_gaboriaud_l.jpg"},"320x240":{"url":"https:\/\/www.sja73.com\/medias\/images\/prestataires\/multitailles\/320x240_50250-vtt_electrique2_gaboriaud_l.jpg"},"160x120":{"url":"https:\/\/www.sja73.com\/medias\/images\/prestataires\/multitailles\/160x120_50250-vtt_electrique2_gaboriaud_l.jpg"},"origine":{"url":"https:\/\/www.sja73.com\/medias\/images\/prestataires\/50250-vtt_electrique2_gaboriaud_l.jpg"}},"urlLien":"","typeLien":"","nofollow":"N","copyright":"Arvan VTT"},{"url":"https:\/\/www.sja73.com\/medias\/images\/prestataires\/50251-igp3264.jpg","chemin":"..\/medias\/images\/prestataires\/50251-igp3264.jpg","libelle":"VTT sur neige","extension":"jpg","categorie":"","largeur":3872,"theme":"HIVER","hauteur":2592,"type":"Image","origine":"","liaisonPave":"","langue":"","id":"50279","urlVignette":"https:\/\/www.sja73.com\/medias\/images\/prestataires\/v-50251-igp3264.jpg","alt":"VTT sur neige","title":"VTT sur neige","MultiTaille":{"1920x1440":{"url":"https:\/\/www.sja73.com\/medias\/images\/prestataires\/multitailles\/1920x1440_50251-igp3264.jpg"},"1200x900":{"url":"https:\/\/www.sja73.com\/medias\/images\/prestataires\/multitailles\/1200x900_50251-igp3264.jpg"},"800x600":{"url":"https:\/\/www.sja73.com\/medias\/images\/prestataires\/multitailles\/800x600_50251-igp3264.jpg"},"640x480":{"url":"https:\/\/www.sja73.com\/medias\/images\/prestataires\/multitailles\/640x480_50251-igp3264.jpg"},"320x240":{"url":"https:\/\/www.sja73.com\/medias\/images\/prestataires\/multitailles\/320x240_50251-igp3264.jpg"},"160x120":{"url":"https:\/\/www.sja73.com\/medias\/images\/prestataires\/multitailles\/160x120_50251-igp3264.jpg"},"origine":{"url":"https:\/\/www.sja73.com\/medias\/images\/prestataires\/50251-igp3264.jpg"}},"urlLien":"","typeLien":"","nofollow":"N","copyright":"Arvan VTT"},{"url":"https:\/\/www.sja73.com\/medias\/images\/prestataires\/50252-igp3270.jpg","chemin":"..\/medias\/images\/prestataires\/50252-igp3270.jpg","libelle":"VTT sur neige","extension":"jpg","categorie":"","largeur":3872,"theme":"HIVER","hauteur":2592,"type":"Image","origine":"","liaisonPave":"","langue":"","id":"50280","urlVignette":"https:\/\/www.sja73.com\/medias\/images\/prestataires\/v-50252-igp3270.jpg","alt":"VTT sur neige","title":"VTT sur neige","MultiTaille":{"1920x1440":{"url":"https:\/\/www.sja73.com\/medias\/images\/prestataires\/multitailles\/1920x1440_50252-igp3270.jpg"},"1200x900":{"url":"https:\/\/www.sja73.com\/medias\/images\/prestataires\/multitailles\/1200x900_50252-igp3270.jpg"},"800x600":{"url":"https:\/\/www.sja73.com\/medias\/images\/prestataires\/multitailles\/800x600_50252-igp3270.jpg"},"640x480":{"url":"https:\/\/www.sja73.com\/medias\/images\/prestataires\/multitailles\/640x480_50252-igp3270.jpg"},"320x240":{"url":"https:\/\/www.sja73.com\/medias\/images\/prestataires\/multitailles\/320x240_50252-igp3270.jpg"},"160x120":{"url":"https:\/\/www.sja73.com\/medias\/images\/prestataires\/multitailles\/160x120_50252-igp3270.jpg"},"origine":{"url":"https:\/\/www.sja73.com\/medias\/images\/prestataires\/50252-igp3270.jpg"}},"urlLien":"","typeLien":"","nofollow":"N","copyright":"Arvan VTT"},{"url":"https:\/\/www.sja73.com\/medias\/images\/prestataires\/50253-igp3261.jpg","chemin":"..\/medias\/images\/prestataires\/50253-igp3261.jpg","libelle":"VTT sur neige","extension":"jpg","categorie":"","largeur":3872,"theme":"HIVER","hauteur":2592,"type":"Image","origine":"","liaisonPave":"","langue":"","id":"50281","urlVignette":"https:\/\/www.sja73.com\/medias\/images\/prestataires\/v-50253-igp3261.jpg","alt":"VTT sur neige","title":"VTT sur neige","MultiTaille":{"1920x1440":{"url":"https:\/\/www.sja73.com\/medias\/images\/prestataires\/multitailles\/1920x1440_50253-igp3261.jpg"},"1200x900":{"url":"https:\/\/www.sja73.com\/medias\/images\/prestataires\/multitailles\/1200x900_50253-igp3261.jpg"},"800x600":{"url":"https:\/\/www.sja73.com\/medias\/images\/prestataires\/multitailles\/800x600_50253-igp3261.jpg"},"640x480":{"url":"https:\/\/www.sja73.com\/medias\/images\/prestataires\/multitailles\/640x480_50253-igp3261.jpg"},"320x240":{"url":"https:\/\/www.sja73.com\/medias\/images\/prestataires\/multitailles\/320x240_50253-igp3261.jpg"},"160x120":{"url":"https:\/\/www.sja73.com\/medias\/images\/prestataires\/multitailles\/160x120_50253-igp3261.jpg"},"origine":{"url":"https:\/\/www.sja73.com\/medias\/images\/prestataires\/50253-igp3261.jpg"}},"urlLien":"","typeLien":"","nofollow":"N","copyright":"Arvan VTT"}],"ByCategorie":{"":[{"url":"https:\/\/www.sja73.com\/medias\/images\/prestataires\/50254-unnamed.jpg","chemin":"..\/medias\/images\/prestataires\/50254-unnamed.jpg","libelle":"VTT sur neige","extension":"jpg","categorie":"","largeur":1000,"theme":"","hauteur":665,"type":"Image","origine":"","liaisonPave":"","langue":"","id":"50282","urlVignette":"https:\/\/www.sja73.com\/medias\/images\/prestataires\/v-50254-unnamed.jpg","alt":"VTT sur neige","title":"VTT sur neige","MultiTaille":{"1920x1440":{"url":"https:\/\/www.sja73.com\/medias\/images\/prestataires\/multitailles\/1920x1440_50254-unnamed.jpg"},"1200x900":{"url":"https:\/\/www.sja73.com\/medias\/images\/prestataires\/multitailles\/1200x900_50254-unnamed.jpg"},"800x600":{"url":"https:\/\/www.sja73.com\/medias\/images\/prestataires\/multitailles\/800x600_50254-unnamed.jpg"},"640x480":{"url":"https:\/\/www.sja73.com\/medias\/images\/prestataires\/multitailles\/640x480_50254-unnamed.jpg"},"320x240":{"url":"https:\/\/www.sja73.com\/medias\/images\/prestataires\/multitailles\/320x240_50254-unnamed.jpg"},"160x120":{"url":"https:\/\/www.sja73.com\/medias\/images\/prestataires\/multitailles\/160x120_50254-unnamed.jpg"},"origine":{"url":"https:\/\/www.sja73.com\/medias\/images\/prestataires\/50254-unnamed.jpg"}},"urlLien":"","typeLien":"","nofollow":"N","copyright":"Arvan VTT"},{"url":"https:\/\/www.sja73.com\/medias\/images\/prestataires\/50255-unnamed_1.jpg","chemin":"..\/medias\/images\/prestataires\/50255-unnamed_1.jpg","libelle":"Arvan VTT - VTT sur neige","extension":"jpg","categorie":"","largeur":1000,"theme":"","hauteur":665,"type":"Image","origine":"","liaisonPave":"","langue":"","id":"50283","urlVignette":"https:\/\/www.sja73.com\/medias\/images\/prestataires\/v-50255-unnamed_1.jpg","alt":"Arvan VTT - VTT sur neige","title":"Arvan VTT - VTT sur neige","MultiTaille":{"1920x1440":{"url":"https:\/\/www.sja73.com\/medias\/images\/prestataires\/multitailles\/1920x1440_50255-unnamed_1.jpg"},"1200x900":{"url":"https:\/\/www.sja73.com\/medias\/images\/prestataires\/multitailles\/1200x900_50255-unnamed_1.jpg"},"800x600":{"url":"https:\/\/www.sja73.com\/medias\/images\/prestataires\/multitailles\/800x600_50255-unnamed_1.jpg"},"640x480":{"url":"https:\/\/www.sja73.com\/medias\/images\/prestataires\/multitailles\/640x480_50255-unnamed_1.jpg"},"320x240":{"url":"https:\/\/www.sja73.com\/medias\/images\/prestataires\/multitailles\/320x240_50255-unnamed_1.jpg"},"160x120":{"url":"https:\/\/www.sja73.com\/medias\/images\/prestataires\/multitailles\/160x120_50255-unnamed_1.jpg"},"origine":{"url":"https:\/\/www.sja73.com\/medias\/images\/prestataires\/50255-unnamed_1.jpg"}},"urlLien":"","typeLien":"","nofollow":"N","copyright":""},{"url":"https:\/\/www.sja73.com\/medias\/images\/prestataires\/50256-arvanvttmontagne_ete.jpg","chemin":"..\/medias\/images\/prestataires\/50256-arvanvttmontagne_ete.jpg","libelle":"Sortie VTT","extension":"jpg","categorie":"","largeur":480,"theme":"ETE","hauteur":640,"type":"Image","origine":"","liaisonPave":"","langue":"","id":"50284","urlVignette":"https:\/\/www.sja73.com\/medias\/images\/prestataires\/v-50256-arvanvttmontagne_ete.jpg","alt":"Sortie VTT","title":"Sortie VTT","MultiTaille":{"1920x1440":{"url":"https:\/\/www.sja73.com\/medias\/images\/prestataires\/multitailles\/1920x1440_50256-arvanvttmontagne_ete.jpg"},"1200x900":{"url":"https:\/\/www.sja73.com\/medias\/images\/prestataires\/multitailles\/1200x900_50256-arvanvttmontagne_ete.jpg"},"800x600":{"url":"https:\/\/www.sja73.com\/medias\/images\/prestataires\/multitailles\/800x600_50256-arvanvttmontagne_ete.jpg"},"640x480":{"url":"https:\/\/www.sja73.com\/medias\/images\/prestataires\/multitailles\/640x480_50256-arvanvttmontagne_ete.jpg"},"320x240":{"url":"https:\/\/www.sja73.com\/medias\/images\/prestataires\/multitailles\/320x240_50256-arvanvttmontagne_ete.jpg"},"160x120":{"url":"https:\/\/www.sja73.com\/medias\/images\/prestataires\/multitailles\/160x120_50256-arvanvttmontagne_ete.jpg"},"origine":{"url":"https:\/\/www.sja73.com\/medias\/images\/prestataires\/50256-arvanvttmontagne_ete.jpg"}},"urlLien":"","typeLien":"","nofollow":"N","copyright":"Arvan VTT\/Montagne"},{"url":"https:\/\/www.sja73.com\/medias\/images\/prestataires\/50257-arvanvttmontagne_ete1.jpg","chemin":"..\/medias\/images\/prestataires\/50257-arvanvttmontagne_ete1.jpg","libelle":"Sortie VTT","extension":"jpg","categorie":"","largeur":3456,"theme":"ETE","hauteur":4608,"type":"Image","origine":"","liaisonPave":"","langue":"","id":"50285","urlVignette":"https:\/\/www.sja73.com\/medias\/images\/prestataires\/v-50257-arvanvttmontagne_ete1.jpg","alt":"Sortie VTT","title":"Sortie VTT","MultiTaille":{"1920x1440":{"url":"https:\/\/www.sja73.com\/medias\/images\/prestataires\/multitailles\/1920x1440_50257-arvanvttmontagne_ete1.jpg"},"1200x900":{"url":"https:\/\/www.sja73.com\/medias\/images\/prestataires\/multitailles\/1200x900_50257-arvanvttmontagne_ete1.jpg"},"800x600":{"url":"https:\/\/www.sja73.com\/medias\/images\/prestataires\/multitailles\/800x600_50257-arvanvttmontagne_ete1.jpg"},"640x480":{"url":"https:\/\/www.sja73.com\/medias\/images\/prestataires\/multitailles\/640x480_50257-arvanvttmontagne_ete1.jpg"},"320x240":{"url":"https:\/\/www.sja73.com\/medias\/images\/prestataires\/multitailles\/320x240_50257-arvanvttmontagne_ete1.jpg"},"160x120":{"url":"https:\/\/www.sja73.com\/medias\/images\/prestataires\/multitailles\/160x120_50257-arvanvttmontagne_ete1.jpg"},"origine":{"url":"https:\/\/www.sja73.com\/medias\/images\/prestataires\/50257-arvanvttmontagne_ete1.jpg"}},"urlLien":"","typeLien":"","nofollow":"N","copyright":"Arvan VTT\/Montagne"},{"url":"https:\/\/www.sja73.com\/medias\/images\/prestataires\/50258-vtt_ete_2.jpg","chemin":"..\/medias\/images\/prestataires\/50258-vtt_ete_2.jpg","libelle":"VTT \u00e9t\u00e9","extension":"jpg","categorie":"","largeur":4608,"theme":"ETE","hauteur":3456,"type":"Image","origine":"","liaisonPave":"","langue":"","id":"50286","urlVignette":"https:\/\/www.sja73.com\/medias\/images\/prestataires\/v-50258-vtt_ete_2.jpg","alt":"VTT \u00e9t\u00e9","title":"VTT \u00e9t\u00e9","MultiTaille":{"1920x1440":{"url":"https:\/\/www.sja73.com\/medias\/images\/prestataires\/multitailles\/1920x1440_50258-vtt_ete_2.jpg"},"1200x900":{"url":"https:\/\/www.sja73.com\/medias\/images\/prestataires\/multitailles\/1200x900_50258-vtt_ete_2.jpg"},"800x600":{"url":"https:\/\/www.sja73.com\/medias\/images\/prestataires\/multitailles\/800x600_50258-vtt_ete_2.jpg"},"640x480":{"url":"https:\/\/www.sja73.com\/medias\/images\/prestataires\/multitailles\/640x480_50258-vtt_ete_2.jpg"},"320x240":{"url":"https:\/\/www.sja73.com\/medias\/images\/prestataires\/multitailles\/320x240_50258-vtt_ete_2.jpg"},"160x120":{"url":"https:\/\/www.sja73.com\/medias\/images\/prestataires\/multitailles\/160x120_50258-vtt_ete_2.jpg"},"origine":{"url":"https:\/\/www.sja73.com\/medias\/images\/prestataires\/50258-vtt_ete_2.jpg"}},"urlLien":"","typeLien":"","nofollow":"N","copyright":"Arvan VTT\/Montagne"},{"url":"https:\/\/www.sja73.com\/medias\/images\/prestataires\/50259-vtt_ete_4.jpg","chemin":"..\/medias\/images\/prestataires\/50259-vtt_ete_4.jpg","libelle":"VTT \u00e9t\u00e9","extension":"jpg","categorie":"","largeur":2048,"theme":"ETE","hauteur":1536,"type":"Image","origine":"","liaisonPave":"","langue":"","id":"50287","urlVignette":"https:\/\/www.sja73.com\/medias\/images\/prestataires\/v-50259-vtt_ete_4.jpg","alt":"VTT \u00e9t\u00e9","title":"VTT \u00e9t\u00e9","MultiTaille":{"1920x1440":{"url":"https:\/\/www.sja73.com\/medias\/images\/prestataires\/multitailles\/1920x1440_50259-vtt_ete_4.jpg"},"1200x900":{"url":"https:\/\/www.sja73.com\/medias\/images\/prestataires\/multitailles\/1200x900_50259-vtt_ete_4.jpg"},"800x600":{"url":"https:\/\/www.sja73.com\/medias\/images\/prestataires\/multitailles\/800x600_50259-vtt_ete_4.jpg"},"640x480":{"url":"https:\/\/www.sja73.com\/medias\/images\/prestataires\/multitailles\/640x480_50259-vtt_ete_4.jpg"},"320x240":{"url":"https:\/\/www.sja73.com\/medias\/images\/prestataires\/multitailles\/320x240_50259-vtt_ete_4.jpg"},"160x120":{"url":"https:\/\/www.sja73.com\/medias\/images\/prestataires\/multitailles\/160x120_50259-vtt_ete_4.jpg"},"origine":{"url":"https:\/\/www.sja73.com\/medias\/images\/prestataires\/50259-vtt_ete_4.jpg"}},"urlLien":"","typeLien":"","nofollow":"N","copyright":"Arvan VTT\/Montagne"},{"url":"https:\/\/www.sja73.com\/medias\/images\/prestataires\/50260-vtt_ete.jpg","chemin":"..\/medias\/images\/prestataires\/50260-vtt_ete.jpg","libelle":"VTT \u00e9t\u00e9","extension":"jpg","categorie":"","largeur":640,"theme":"ETE","hauteur":480,"type":"Image","origine":"","liaisonPave":"","langue":"","id":"50288","urlVignette":"https:\/\/www.sja73.com\/medias\/images\/prestataires\/v-50260-vtt_ete.jpg","alt":"VTT \u00e9t\u00e9","title":"VTT \u00e9t\u00e9","MultiTaille":{"1920x1440":{"url":"https:\/\/www.sja73.com\/medias\/images\/prestataires\/multitailles\/1920x1440_50260-vtt_ete.jpg"},"1200x900":{"url":"https:\/\/www.sja73.com\/medias\/images\/prestataires\/multitailles\/1200x900_50260-vtt_ete.jpg"},"800x600":{"url":"https:\/\/www.sja73.com\/medias\/images\/prestataires\/multitailles\/800x600_50260-vtt_ete.jpg"},"640x480":{"url":"https:\/\/www.sja73.com\/medias\/images\/prestataires\/multitailles\/640x480_50260-vtt_ete.jpg"},"320x240":{"url":"https:\/\/www.sja73.com\/medias\/images\/prestataires\/multitailles\/320x240_50260-vtt_ete.jpg"},"160x120":{"url":"https:\/\/www.sja73.com\/medias\/images\/prestataires\/multitailles\/160x120_50260-vtt_ete.jpg"},"origine":{"url":"https:\/\/www.sja73.com\/medias\/images\/prestataires\/50260-vtt_ete.jpg"}},"urlLien":"","typeLien":"","nofollow":"N","copyright":"Arvan VTT\/Montagne"},{"url":"https:\/\/www.sja73.com\/medias\/images\/prestataires\/50261-vtt_ete_enfants.jpg","chemin":"..\/medias\/images\/prestataires\/50261-vtt_ete_enfants.jpg","libelle":"VTT \u00e9t\u00e9","extension":"jpg","categorie":"","largeur":4608,"theme":"ETE","hauteur":3456,"type":"Image","origine":"","liaisonPave":"","langue":"","id":"50289","urlVignette":"https:\/\/www.sja73.com\/medias\/images\/prestataires\/v-50261-vtt_ete_enfants.jpg","alt":"VTT \u00e9t\u00e9","title":"VTT \u00e9t\u00e9","MultiTaille":{"1920x1440":{"url":"https:\/\/www.sja73.com\/medias\/images\/prestataires\/multitailles\/1920x1440_50261-vtt_ete_enfants.jpg"},"1200x900":{"url":"https:\/\/www.sja73.com\/medias\/images\/prestataires\/multitailles\/1200x900_50261-vtt_ete_enfants.jpg"},"800x600":{"url":"https:\/\/www.sja73.com\/medias\/images\/prestataires\/multitailles\/800x600_50261-vtt_ete_enfants.jpg"},"640x480":{"url":"https:\/\/www.sja73.com\/medias\/images\/prestataires\/multitailles\/640x480_50261-vtt_ete_enfants.jpg"},"320x240":{"url":"https:\/\/www.sja73.com\/medias\/images\/prestataires\/multitailles\/320x240_50261-vtt_ete_enfants.jpg"},"160x120":{"url":"https:\/\/www.sja73.com\/medias\/images\/prestataires\/multitailles\/160x120_50261-vtt_ete_enfants.jpg"},"origine":{"url":"https:\/\/www.sja73.com\/medias\/images\/prestataires\/50261-vtt_ete_enfants.jpg"}},"urlLien":"","typeLien":"","nofollow":"N","copyright":"Arvan VTT\/Montagne"},{"url":"https:\/\/www.sja73.com\/medias\/images\/prestataires\/50248-unnamed_2.jpg","chemin":"..\/medias\/images\/prestataires\/50248-unnamed_2.jpg","libelle":"VTT sur neige","extension":"jpg","categorie":"","largeur":1000,"theme":"HIVER","hauteur":665,"type":"Image","origine":"","liaisonPave":"","langue":"","id":"50276","urlVignette":"https:\/\/www.sja73.com\/medias\/images\/prestataires\/v-50248-unnamed_2.jpg","alt":"VTT sur neige","title":"VTT sur neige","MultiTaille":{"1920x1440":{"url":"https:\/\/www.sja73.com\/medias\/images\/prestataires\/multitailles\/1920x1440_50248-unnamed_2.jpg"},"1200x900":{"url":"https:\/\/www.sja73.com\/medias\/images\/prestataires\/multitailles\/1200x900_50248-unnamed_2.jpg"},"800x600":{"url":"https:\/\/www.sja73.com\/medias\/images\/prestataires\/multitailles\/800x600_50248-unnamed_2.jpg"},"640x480":{"url":"https:\/\/www.sja73.com\/medias\/images\/prestataires\/multitailles\/640x480_50248-unnamed_2.jpg"},"320x240":{"url":"https:\/\/www.sja73.com\/medias\/images\/prestataires\/multitailles\/320x240_50248-unnamed_2.jpg"},"160x120":{"url":"https:\/\/www.sja73.com\/medias\/images\/prestataires\/multitailles\/160x120_50248-unnamed_2.jpg"},"origine":{"url":"https:\/\/www.sja73.com\/medias\/images\/prestataires\/50248-unnamed_2.jpg"}},"urlLien":"","typeLien":"","nofollow":"N","copyright":"Arvan VTT"},{"url":"https:\/\/www.sja73.com\/medias\/images\/prestataires\/50249-vtt_electrique_gaboriaud_l.jpg","chemin":"..\/medias\/images\/prestataires\/50249-vtt_electrique_gaboriaud_l.jpg","libelle":"VTT \u00e9lectrique sur neige","extension":"jpg","categorie":"","largeur":5472,"theme":"HIVER","hauteur":3648,"type":"Image","origine":"","liaisonPave":"","langue":"","id":"50277","urlVignette":"https:\/\/www.sja73.com\/medias\/images\/prestataires\/v-50249-vtt_electrique_gaboriaud_l.jpg","alt":"VTT \u00e9lectrique sur neige","title":"VTT \u00e9lectrique sur neige","MultiTaille":{"1920x1440":{"url":"https:\/\/www.sja73.com\/medias\/images\/prestataires\/multitailles\/1920x1440_50249-vtt_electrique_gaboriaud_l.jpg"},"1200x900":{"url":"https:\/\/www.sja73.com\/medias\/images\/prestataires\/multitailles\/1200x900_50249-vtt_electrique_gaboriaud_l.jpg"},"800x600":{"url":"https:\/\/www.sja73.com\/medias\/images\/prestataires\/multitailles\/800x600_50249-vtt_electrique_gaboriaud_l.jpg"},"640x480":{"url":"https:\/\/www.sja73.com\/medias\/images\/prestataires\/multitailles\/640x480_50249-vtt_electrique_gaboriaud_l.jpg"},"320x240":{"url":"https:\/\/www.sja73.com\/medias\/images\/prestataires\/multitailles\/320x240_50249-vtt_electrique_gaboriaud_l.jpg"},"160x120":{"url":"https:\/\/www.sja73.com\/medias\/images\/prestataires\/multitailles\/160x120_50249-vtt_electrique_gaboriaud_l.jpg"},"origine":{"url":"https:\/\/www.sja73.com\/medias\/images\/prestataires\/50249-vtt_electrique_gaboriaud_l.jpg"}},"urlLien":"","typeLien":"","nofollow":"N","copyright":"Arvan VTT"},{"url":"https:\/\/www.sja73.com\/medias\/images\/prestataires\/50250-vtt_electrique2_gaboriaud_l.jpg","chemin":"..\/medias\/images\/prestataires\/50250-vtt_electrique2_gaboriaud_l.jpg","libelle":"VTT \u00e9lectrique sur neige","extension":"jpg","categorie":"","largeur":5472,"theme":"HIVER","hauteur":3648,"type":"Image","origine":"","liaisonPave":"","langue":"","id":"50278","urlVignette":"https:\/\/www.sja73.com\/medias\/images\/prestataires\/v-50250-vtt_electrique2_gaboriaud_l.jpg","alt":"VTT \u00e9lectrique sur neige","title":"VTT \u00e9lectrique sur neige","MultiTaille":{"1920x1440":{"url":"https:\/\/www.sja73.com\/medias\/images\/prestataires\/multitailles\/1920x1440_50250-vtt_electrique2_gaboriaud_l.jpg"},"1200x900":{"url":"https:\/\/www.sja73.com\/medias\/images\/prestataires\/multitailles\/1200x900_50250-vtt_electrique2_gaboriaud_l.jpg"},"800x600":{"url":"https:\/\/www.sja73.com\/medias\/images\/prestataires\/multitailles\/800x600_50250-vtt_electrique2_gaboriaud_l.jpg"},"640x480":{"url":"https:\/\/www.sja73.com\/medias\/images\/prestataires\/multitailles\/640x480_50250-vtt_electrique2_gaboriaud_l.jpg"},"320x240":{"url":"https:\/\/www.sja73.com\/medias\/images\/prestataires\/multitailles\/320x240_50250-vtt_electrique2_gaboriaud_l.jpg"},"160x120":{"url":"https:\/\/www.sja73.com\/medias\/images\/prestataires\/multitailles\/160x120_50250-vtt_electrique2_gaboriaud_l.jpg"},"origine":{"url":"https:\/\/www.sja73.com\/medias\/images\/prestataires\/50250-vtt_electrique2_gaboriaud_l.jpg"}},"urlLien":"","typeLien":"","nofollow":"N","copyright":"Arvan VTT"},{"url":"https:\/\/www.sja73.com\/medias\/images\/prestataires\/50251-igp3264.jpg","chemin":"..\/medias\/images\/prestataires\/50251-igp3264.jpg","libelle":"VTT sur neige","extension":"jpg","categorie":"","largeur":3872,"theme":"HIVER","hauteur":2592,"type":"Image","origine":"","liaisonPave":"","langue":"","id":"50279","urlVignette":"https:\/\/www.sja73.com\/medias\/images\/prestataires\/v-50251-igp3264.jpg","alt":"VTT sur neige","title":"VTT sur neige","MultiTaille":{"1920x1440":{"url":"https:\/\/www.sja73.com\/medias\/images\/prestataires\/multitailles\/1920x1440_50251-igp3264.jpg"},"1200x900":{"url":"https:\/\/www.sja73.com\/medias\/images\/prestataires\/multitailles\/1200x900_50251-igp3264.jpg"},"800x600":{"url":"https:\/\/www.sja73.com\/medias\/images\/prestataires\/multitailles\/800x600_50251-igp3264.jpg"},"640x480":{"url":"https:\/\/www.sja73.com\/medias\/images\/prestataires\/multitailles\/640x480_50251-igp3264.jpg"},"320x240":{"url":"https:\/\/www.sja73.com\/medias\/images\/prestataires\/multitailles\/320x240_50251-igp3264.jpg"},"160x120":{"url":"https:\/\/www.sja73.com\/medias\/images\/prestataires\/multitailles\/160x120_50251-igp3264.jpg"},"origine":{"url":"https:\/\/www.sja73.com\/medias\/images\/prestataires\/50251-igp3264.jpg"}},"urlLien":"","typeLien":"","nofollow":"N","copyright":"Arvan VTT"},{"url":"https:\/\/www.sja73.com\/medias\/images\/prestataires\/50252-igp3270.jpg","chemin":"..\/medias\/images\/prestataires\/50252-igp3270.jpg","libelle":"VTT sur neige","extension":"jpg","categorie":"","largeur":3872,"theme":"HIVER","hauteur":2592,"type":"Image","origine":"","liaisonPave":"","langue":"","id":"50280","urlVignette":"https:\/\/www.sja73.com\/medias\/images\/prestataires\/v-50252-igp3270.jpg","alt":"VTT sur neige","title":"VTT sur neige","MultiTaille":{"1920x1440":{"url":"https:\/\/www.sja73.com\/medias\/images\/prestataires\/multitailles\/1920x1440_50252-igp3270.jpg"},"1200x900":{"url":"https:\/\/www.sja73.com\/medias\/images\/prestataires\/multitailles\/1200x900_50252-igp3270.jpg"},"800x600":{"url":"https:\/\/www.sja73.com\/medias\/images\/prestataires\/multitailles\/800x600_50252-igp3270.jpg"},"640x480":{"url":"https:\/\/www.sja73.com\/medias\/images\/prestataires\/multitailles\/640x480_50252-igp3270.jpg"},"320x240":{"url":"https:\/\/www.sja73.com\/medias\/images\/prestataires\/multitailles\/320x240_50252-igp3270.jpg"},"160x120":{"url":"https:\/\/www.sja73.com\/medias\/images\/prestataires\/multitailles\/160x120_50252-igp3270.jpg"},"origine":{"url":"https:\/\/www.sja73.com\/medias\/images\/prestataires\/50252-igp3270.jpg"}},"urlLien":"","typeLien":"","nofollow":"N","copyright":"Arvan VTT"},{"url":"https:\/\/www.sja73.com\/medias\/images\/prestataires\/50253-igp3261.jpg","chemin":"..\/medias\/images\/prestataires\/50253-igp3261.jpg","libelle":"VTT sur neige","extension":"jpg","categorie":"","largeur":3872,"theme":"HIVER","hauteur":2592,"type":"Image","origine":"","liaisonPave":"","langue":"","id":"50281","urlVignette":"https:\/\/www.sja73.com\/medias\/images\/prestataires\/v-50253-igp3261.jpg","alt":"VTT sur neige","title":"VTT sur neige","MultiTaille":{"1920x1440":{"url":"https:\/\/www.sja73.com\/medias\/images\/prestataires\/multitailles\/1920x1440_50253-igp3261.jpg"},"1200x900":{"url":"https:\/\/www.sja73.com\/medias\/images\/prestataires\/multitailles\/1200x900_50253-igp3261.jpg"},"800x600":{"url":"https:\/\/www.sja73.com\/medias\/images\/prestataires\/multitailles\/800x600_50253-igp3261.jpg"},"640x480":{"url":"https:\/\/www.sja73.com\/medias\/images\/prestataires\/multitailles\/640x480_50253-igp3261.jpg"},"320x240":{"url":"https:\/\/www.sja73.com\/medias\/images\/prestataires\/multitailles\/320x240_50253-igp3261.jpg"},"160x120":{"url":"https:\/\/www.sja73.com\/medias\/images\/prestataires\/multitailles\/160x120_50253-igp3261.jpg"},"origine":{"url":"https:\/\/www.sja73.com\/medias\/images\/prestataires\/50253-igp3261.jpg"}},"urlLien":"","typeLien":"","nofollow":"N","copyright":"Arvan VTT"}]}},"Url":"arvan-vtt-montagne-1.html","Localisation":{"GoogleMap":{"Latitude":"45.221568","Longitude":"6.22899"}},"ZoneGeo":"","Criteres":{"AFFICHAGESITEOK[ADHERENTOUICOMPLET":"","P.prestations[surchargeTourismesAdaptes":"","P.prestations[surchargeDescriptifHandicapMoteur":"","P.prestations[surchargeDescriptifHandicapAuditif":"","P.prestations[surchargeDescriptifHandicapVisuel":"","P.prestations[surchargeDescriptifHandicapMental":"","P.prestations[surchargeNombreFauteuilsRoulants":"","P.languesParlees[1192":"","P.languesParlees[1197":"","P.2[513":"","P.2[496":"","P.75[1768":"","P.75[4633":"","P.50[1775":"","P.50[1938":"","P.50[3705":"","P.50[4524":"","P.54[1795":"","P.54[1977":"","P.54[1980":"","P.57[1832":"","P.57[2003":"","P.58[1834":"","P.58[1889":"","P.61[1872":"","P.61[2028":"","P.61[3752":"","P.55[1894":"","P.55[2033":"","P.43[1908":"","P.43[2050":"","P.environnements[171":"","P.environnements[193":"","P.114[416":"","P.114[418":"","P.114[435":"","P.114[436":"","P.modesPaiement[1271":"","P.modesPaiement[1274":"","P.modesPaiement[1277":"","P.tourismeAffaires[tourismeAffairesEnabled":"","P.tourismeAffaires[devise":"EUR","P.commerceEtServiceType[4015":"","P.typesDetailles[4039":"","P.typesDetailles[4041":"","P.habilitationsPrestataires[3155":"","P.habilitationsPrestataires[3156":"","P.habilitationsPrestataires[5180":"","P.habilitationsPrestataires[6538":"","P.10[1778":"","P.CINTSITRA[11226":"","P.CINTSITRA[11435":"","P.CINTSITRA[20628":"","P.3220[25629":"","P.3233[60439":"","P.3233[908439":"","P.3218[60729":"","P.3227[72218":"","P.3219[72808":"","P.3219[126556":"","P.3219[126557":"","P.3240[100180":"","P.6241[126905":"","P.6241[595160":"","P.6241[5173666":"","P.3230[323078":"","P.3230[5532377":"","P.3230[6328304":"","P.3221[344174":"","P.3221[549303":"","P.3221[596327":"","P.VilleSitra[30507":"","P.VillageDeDepart[30507":""},"DateFinPublication":"","AffichageCoordonnees":[]},"listeCriteres":{"AFFICHAGESITE":{"ADHERENTOUICOMPLET":""},"prestations":{"surchargeTourismesAdaptes":"","surchargeDescriptifHandicapMoteur":"","surchargeDescriptifHandicapAuditif":"","surchargeDescriptifHandicapVisuel":"","surchargeDescriptifHandicapMental":"","surchargeNombreFauteuilsRoulants":"","ageMin":"5"},"languesParlees":{"1192":"","1197":""},"tourismesAdaptes":{"3651":""},"5":{"4547":"","4549":"","596":"","4548":"","4550":"","593":""},"114":{"418":""},"modesPaiement":{"1271":"","1274":"","1277":""},"activiteType":{"1789":""},"61":{"2028":"","1872":""},"prestataireActivites":{"type":"Commerce \/ Et \/ Service","id":"512609"},"commerceEtServicePrestataire":{"type":"Commerce \/ Et \/ Service","id":"512609"},"CINTSITRA":{"11226":"","11435":""},"3220":{"25629":""},"3233":{"60439":"","908439":""},"3218":{"60729":""},"3227":{"72218":""},"3219":{"72808":"","126556":"","126557":""},"3240":{"100180":""},"6241":{"126905":"","595160":"","5173666":""},"3230":{"323078":"","5532377":"","6328304":""},"3221":{"344174":"","549303":"","596327":""},"VilleSitra":{"30507":""},"VillageDeDepart":{"30507":""},"AFFICHAGESITEOK":{"ADHERENTOUICOMPLET":""},"P.prestations":{"surchargeTourismesAdaptes":"","surchargeDescriptifHandicapMoteur":"","surchargeDescriptifHandicapAuditif":"","surchargeDescriptifHandicapVisuel":"","surchargeDescriptifHandicapMental":"","surchargeNombreFauteuilsRoulants":""},"P.languesParlees":{"1192":"","1197":""},"P.2":{"513":"","496":""},"P.75":{"1768":"","4633":""},"P.50":{"1775":"","1938":"","3705":"","4524":""},"P.54":{"1795":"","1977":"","1980":""},"P.57":{"1832":"","2003":""},"P.58":{"1834":"","1889":""},"P.61":{"1872":"","2028":"","3752":""},"P.55":{"1894":"","2033":""},"P.43":{"1908":"","2050":""},"P.environnements":{"171":"","193":""},"P.114":{"416":"","418":"","435":"","436":""},"P.modesPaiement":{"1271":"","1274":"","1277":""},"P.tourismeAffaires":{"tourismeAffairesEnabled":"","devise":"EUR"},"P.commerceEtServiceType":{"4015":""},"P.typesDetailles":{"4039":"","4041":""},"P.habilitationsPrestataires":{"3155":"","3156":"","5180":"","6538":""},"P.10":{"1778":""},"P.CINTSITRA":{"11226":"","11435":"","20628":""},"P.3220":{"25629":""},"P.3233":{"60439":"","908439":""},"P.3218":{"60729":""},"P.3227":{"72218":""},"P.3219":{"72808":"","126556":"","126557":""},"P.3240":{"100180":""},"P.6241":{"126905":"","595160":"","5173666":""},"P.3230":{"323078":"","5532377":"","6328304":""},"P.3221":{"344174":"","549303":"","596327":""},"P.VilleSitra":{"30507":""},"P.VillageDeDepart":{"30507":""}},"dansCarnetVoyage":true,"Ouverture":""},"html":" \n \u003Cdiv id=\"CV-PRESTATION-E-512609-759286\" data-contexte-id=\"PRESTATION|E|512609|759286\" data-cle=\"E|512609|759286\" class=\"fiche-liste\"\u003E\n    \n\n    \u003C!-- partie photo --\u003E\n    \u003Cdiv class=\"photo\"\u003E\t\t\t\t\t\t\t\t\t\t\t\t\t\t\t\t\t\t\t\t\t\n        \u003Cdiv class=\"cadre_photo_principale\"\u003E\t\t\n        \n            \t\t\t\t\t\n                    \u003Ca href=\"randonnees-encadrees-arvan-vtt-montagne.html?origine=carnet#media\"\u003E\n                        \u003Cimg class=\"photo_principale\" alt=\"Ludovic Arvan VTT Montagne\" src=\"https:\/\/www.sja73.com\/medias\/images\/prestations\/multitailles\/320x240_66253-2021_07_25_saint_sorlin_arves_trail_etendard_82_ot_saint_sorlin_d_arves_v_bellot_mauroz_19.jpg\" itemprop=\"image\"\u003E\n                    \u003C\/a\u003E\t\t\t\t\t\t\n                \n                    \u003C\/div\u003E\t\t\t\t\t\t\t\t\t\t\t\t\t\t\t\t\t\t\t \t\t\n    \u003C\/div\u003E\n    \n    \u003C!-- partie nom prest --\u003E\n    \u003Cdiv class=\"nom\"\u003E\n        \u003Ch2\u003ERandonn\u00e9es encadr\u00e9es - Arvan VTT \/ Montagne\u003C\/h2\u003E\n        \n            \u003C\/div\u003E\n\n         \n    \u003C!-- partie adresse --\u003E\n    \u003Cdiv class=\"adresse\"\u003E\n    \n          \n    \u003C\/div\u003E\n    \n    \u003C!-- partie liens --\u003E\n    \u003Cdiv class=\"liens\"\u003E\n            \u003Ca class=\"btn-icon btn-view \" title=\"Voir la fiche d\u00e9taill\u00e9e\" href=\"randonnees-encadrees-arvan-vtt-montagne.html?origine=carnet\"\u003E\u003C\/a\u003E\u003C!--\u003Ca class=\"btn-icon btn-view \" title=\"\" href=\"?origine=carnet#thaut\"\u003E\u003C\/a\u003E--\u003E\n      \u003Ca class=\"btn-icon btn-trash carnet_voyage_supprimer\" title=\"Supprimer cette fiche de mon carnet de voyage\" href=\"carnet-voyage?action=remove&fiche=E|512609|759286\"\u003E\u003C\/a\u003E\n    \u003C\/div\u003E\n\n\u003C\/div\u003E\n\n","icon":"https:\/\/static.ingenie.fr\/images\/carnetVoyageV3\/E.png"},"fiche":"E|512609|759286","popup":"\u003Cdiv id=\"bloc_popup_ajout_fiche_carnet\"\u003E\n    \u003Cdiv class=\"info_popup_ajout_fiche_carnet\"\u003E\n        Vous venez d'ajouter cet \u00e9l\u00e9ment \u00e0 votre carnet de voyage :    \u003C\/div\u003E\n    \u003Cdiv class=\"prest_popup_ajout_fiche_carnet\"\u003E\n        Randonn&eacute;es encadr&eacute;es - Arvan VTT \/ Montagne    \u003C\/div\u003E\n    \u003Cdiv class=\"bloc_btn_ajout_fiche_carnet form_submit_div\"\u003E\n        \u003Cinput type=\"button\" value=\"Continuer ma s\u00e9lection\" title=\"Continuer ma s\u00e9lection\" name=\"btn_close\" class=\"btn_close_popup_carnet form_submit\" onclick=\"$.colorbox.close()\" \/\u003E\n        \u003Cinput type=\"button\" value=\"Voir mon carnet de voyage\" title=\"Voir mon carnet\" name=\"btn_panier\" class=\"btn_panier_popup_carnet form_submit\" onclick=\"if(typeof CarnetVoyage != 'undefined') {CarnetVoyage.voirCarnet();}\" \/\u003E\n    \u003C\/div\u003E\n    \u003Cdiv class=\"bloc_btn_ajout_fiche_carnet\"\u003E\n        \u003Cinput type=\"checkbox\" value=\"1\" name=\"desactiver_popup\" id=\"desactiver_popup\" \/\u003E\n        \u003Clabel for=\"desactiver_popup\"\u003ENe plus afficher ce message\u003C\/label\u003E\n    \u003C\/div\u003E\n\u003C\/div\u003E","success":1}