{"nbFiches":1,"dataPrest":{"infoPrest":{"pave1":{"libelle":"Descriptif court","contenu":"L'\u00e9cole du ski fran\u00e7ais de Saint Jean d'Arves vous propose des sorties de ski de randonn\u00e9e encadr\u00e9es par un moniteur.","fichiers":[]},"pave2":{"libelle":"Descriptif d\u00e9taill\u00e9","contenu":"Informations et r\u00e9servations aupr\u00e8s de l'ESF de Saint Jean d'Arves","fichiers":[]},"pave3":{"libelle":"Bons plans","contenu":"","fichiers":[]},"pave4":{"libelle":"Compl\u00e9ment localisation","contenu":"","fichiers":[]},"pave5":{"libelle":"Compl\u00e9ment accueil","contenu":"Il faut avoir au minimum le niveau \u00e9toile d'or ou Classe 3 pour pouvoir faire du ski de randonn\u00e9e.","fichiers":[]},"pave6":{"libelle":"P\u00e9riodes en clair","contenu":"","fichiers":[]},"pave7":{"libelle":"Tarifs en clair","contenu":"Adulte : 70 \u20ac.\u003Cbr \/\u003E\n\u003Cbr \/\u003E\n\u003Cbr \/\u003E\nRenseignements et inscriptions aupr\u00e8s de l'ESF.","fichiers":[]},"pave8":{"libelle":"Compl\u00e9ment Tarifs","contenu":"Renseignements et inscriptions aupr\u00e8s de l'ESF.","fichiers":[]},"pave9":{"libelle":"Compl\u00e9ment R\u00e9servation","contenu":"","fichiers":[]},"pave10":{"libelle":"Descriptif court","contenu":"","fichiers":[]},"pave11":{"libelle":"Descriptif d\u00e9taill\u00e9","contenu":"","fichiers":[]},"pave12":{"libelle":"Compl\u00e9ment localisation","contenu":"","fichiers":[]},"pave13":{"libelle":"Compl\u00e9ment accueil","contenu":"","fichiers":[]},"pave14":{"libelle":"P\u00e9riodes en clair","contenu":"","fichiers":[]},"pave15":{"libelle":"Tarifs en clair","contenu":"","fichiers":[]},"pave16":{"libelle":"Compl\u00e9ment Tarifs","contenu":"","fichiers":[]},"pave17":{"libelle":"Compl\u00e9ment R\u00e9servation","contenu":"","fichiers":[]},"pave18":{"libelle":"Descriptif court","contenu":"","fichiers":[]},"pave19":{"libelle":"Descriptif d\u00e9taill\u00e9","contenu":"","fichiers":[]},"pave20":{"libelle":"Compl\u00e9ment localisation","contenu":"","fichiers":[]},"pave21":{"libelle":"Compl\u00e9ment accueil","contenu":"","fichiers":[]},"pave22":{"libelle":"P\u00e9riodes en clair","contenu":"","fichiers":[]},"pave23":{"libelle":"Tarifs en clair","contenu":"","fichiers":[]},"pave24":{"libelle":"Compl\u00e9ment Tarifs","contenu":"","fichiers":[]},"pave25":{"libelle":"Compl\u00e9ment R\u00e9servation","contenu":"","fichiers":[]},"Libelle":"Ski de randonn\u00e9e encadr\u00e9 par les moniteurs de l'ESF","Reference":"","Reftar":"","Type":"PRESTATION","TypePrestataire":"E","ContexteStat":"PRESTATION-E-486301-5698712","DateModificationIso":"2026-04-18T00:45:00+02:00","Adresse":{"LigneAdresse1":"La Chal","LigneAdresse2":"","LigneAdresse3":"","CodePostal":"73530","Ville":"Saint-Jean-d'Arves","Cedex":"","Etat":"","Pays":"FRA"},"Id":"e-486301-5698712","Code":"E|486301|5698712","Cle":"E|486301|5698712","Url":"ski-de-randonnee-encadre-par-les-moniteurs-de-l-esf.html","Localisation":{"GoogleMap":{"Latitude":"45.213942","Longitude":"6.265794"}},"ZoneGeo":"","Criteres":{"AFFICHAGESITE[ADHERENTOUICOMPLET":"","prestations[surchargeTourismesAdaptes":"","prestations[surchargeDescriptifHandicapMoteur":"","prestations[surchargeDescriptifHandicapAuditif":"","prestations[surchargeDescriptifHandicapVisuel":"","prestations[surchargeDescriptifHandicapMental":"","prestations[surchargeNombreFauteuilsRoulants":"","prestations[nombrePersonnesMinimum":"3","languesParlees[1192":"","languesParlees[1197":"","114[416":"","114[435":"","114[436":"","modesPaiement[1268":"","modesPaiement[1271":"","modesPaiement[1274":"","modesPaiement[1277":"","informationsActivite[dureeSeance":"180","activiteType[1789":"","93[1797":"","categories[1868":"","90[1886":"","43[1908":"","43[2050":"","prestataireActivites[type":"Commerce \/ Et \/ Service","prestataireActivites[id":"486301","commerceEtServicePrestataire[type":"Commerce \/ Et \/ Service","commerceEtServicePrestataire[id":"486301","CINTSITRA[11226":"","CINTSITRA[11435":"","3220[25629":"","3233[60439":"","3233[908439":"","3218[60729":"","3219[72808":"","3219[126557":"","3227[82852":"","3230[323078":"","3230[5532377":"","3230[6328304":"","3221[344174":"","3221[549303":"","3221[596327":"","6241[595160":"","VilleSitra[30471":"","VillageDeDepart[30471":""},"ContactsParType":{"IWEB":{"59791":{"id_contact":"59791","type_contact":"IWEB","categorie_contact":"PRESTATION","societe_contact":"","fonction_contact":"","civilite_nom_prenom_contact":"ESF Saint Jean d'Arves  ","adresse1_contact":"","adresse2_contact":"","adresse3_contact":"","cpostal_contact":"","ville_contact":"","teldom_contact":"0033 (0)4 79 59 71 83","telbur_contact":"","fax_contact":"","portable_contact":"","email_contact":"contact@esf-saintjeandarves.fr","siteweb_contact":"","commentaire_contact":"","langue_contact":"","autre_moyen_com":[]}},"RES":{"59792":{"id_contact":"59792","type_contact":"RES","categorie_contact":"PRESTATION","societe_contact":"","fonction_contact":"","civilite_nom_prenom_contact":"ESF Saint Jean d'Arves ","adresse1_contact":"","adresse2_contact":"","adresse3_contact":"","cpostal_contact":"","ville_contact":"","teldom_contact":"0033 (0)4 79 59 71 83","telbur_contact":"","fax_contact":"","portable_contact":"","email_contact":"contact@esf-saintjeandarves.fr","siteweb_contact":"","commentaire_contact":"","langue_contact":"","autre_moyen_com":[]}}},"ContactRemplaceCoordonnees":"59791","Prestataire":{"pave1":{"libelle":"Descriptif court","contenu":"Ski alpin, snowboard, ski de rando, freestyle. En groupe ou priv\u00e9s, tous niveaux. \u003Cbr \/\u003E\r\nAnimations : raquettes nocturnes, initiation biathlon laser, descente au flambeaux...\u003Cbr \/\u003E\r\nR\u00e9servation en ligne ou \u00e0 l'ESF, en fonction de la disponibilit\u00e9 des moniteurs."},"pave2":{"libelle":"Descriptif d\u00e9taill\u00e9","contenu":"Du cours particulier au cours collectif, du niveau d\u00e9butant \u00e0 la comp\u00e9tition, pour faire aimer la montagne aux plus petits et aux plus grands !\u003Cbr \/\u003E\r\n\u003Cbr \/\u003E\r\n20 moniteurs. \u003Cbr \/\u003E\r\nBureau dans le b\u00e2timent de l'Office de Tourisme, au hameau de La Chal. \u003Cbr \/\u003E\r\n\u003Cbr \/\u003E\r\nCOURS COLLECTIFS (3 \u00e0 5 ans) :\u003Cbr \/\u003E\r\nDes premiers pas sur la neige jusqu'\u00e0 la 1e \u00e9toile. \u003Cbr \/\u003E\r\n- Club Piou Piou : premiers pas \u00e0 ski, option pack garderie \u00e0 la demi journ\u00e9e ou \u00e0 la journ\u00e9e.\u003Cbr \/\u003E\r\n- Cours Ourson : d\u00e9marrage au club Piou-Piou (niveau Garolou) et \u00e9volution vers l'Ourson. \u003Cbr \/\u003E\r\n- Cours Flocon et 1e \u00e9toile : d\u00e8s le niveau Ourson. \u003Cbr \/\u003E\r\nLes cours commencent le dimanche et se terminent le vendredi (6 jours) avec 2 heures par jour.\u003Cbr \/\u003E\r\nSelon la semaine, cr\u00e9neaux horaires : 9h-11h \/ 11h-13h ou 15h-17h.\u003Cbr \/\u003E\r\nM\u00e9daille incluse pour forfait 6 jours. \u003Cbr \/\u003E\r\n\u003Cbr \/\u003E\r\nCOURS COLLECTIFS (6 \u00e0 12 ans) :\u003Cbr \/\u003E\r\nDu niveau d\u00e9butant \u00e0 la comp\u00e9tition. \u003Cbr \/\u003E\r\n- Cours de ski d\u00e9butant\u003Cbr \/\u003E\r\n- R\u00eaves d'\u00c9toiles : du flocon \u00e0 la 3\u00e8me \u00e9toile\u003Cbr \/\u003E\r\n- Team \u00c9toiles : de l'\u00e9toile de bronze \u00e0 l'\u00e9toile d'or. Inscription test comp\u00e9tition (fl\u00e8che, chamois) incluse. Pendant les vacances scolaires.\u003Cbr \/\u003E\r\n- Stage comp\u00e9tition : apr\u00e8s l'\u00e9toile d'or. Inscription test comp\u00e9tition (fl\u00e8che, chamois) incluse. Pendant les vacances scolaires.\u003Cbr \/\u003E\r\nM\u00e9daille incluse pour forfait 6 jours. \u003Cbr \/\u003E\r\n\u003Cbr \/\u003E\r\nCOURS COLLECTIFS (d\u00e8s 13 ans et adultes) :\u003Cbr \/\u003E\r\nDu niveau d\u00e9butant \u00e0 expert. \u003Cbr \/\u003E\r\nLes cours commencent le dimanche et se terminent le vendredi (6 jours) avec 2 heures par jour.\u003Cbr \/\u003E\r\nSelon la semaine, cr\u00e9neaux horaires : 9h-11h \/ 11h-13h ou 15h-17h.\u003Cbr \/\u003E\r\nM\u00e9daille incluse pour forfait 6 jours. \u003Cbr \/\u003E\r\n\u003Cbr \/\u003E\r\nCOURS COLLECTIFS SNOWBOARD (d\u00e8s 8 ans et adultes) :\u003Cbr \/\u003E\r\nTous niveaux. \u003Cbr \/\u003E\r\nLes cours commencent le dimanche et se terminent le vendredi (6 jours) avec 2 heures par jour.\u003Cbr \/\u003E\r\nSelon la semaine, cr\u00e9neaux horaires : 9h-11h \/ 11h-13h ou 15h-17h.\u003Cbr \/\u003E\r\nM\u00e9daille incluse pour forfait 6 jours. \u003Cbr \/\u003E\r\n\u003Cbr \/\u003E\r\nCOURS PRIV\u00c9S :\u003Cbr \/\u003E\r\nSki ou snowboard, tous niveaux.\u003Cbr \/\u003E\r\nDe 1 \u00e0 5 personnes. 1h \u00e0 2h de cours.\u003Cbr \/\u003E\r\nM\u00e9daille non incluse (7\u20ac).\u003Cbr \/\u003E\r\nRenseignements et r\u00e9servations aupr\u00e8s de l'ESF. \u003Cbr \/\u003E\r\n\u003Cbr \/\u003E\r\nPOINT DE RASSEMBLEMENT : \u003Cbr \/\u003E\r\n\u00c0 l'entr\u00e9e du front de neige de Saint Jean d'Arves, selon la cat\u00e9gorie (ourson, \u00e9toiles, etc.). \u003Cbr \/\u003E\r\n\u003Cbr \/\u003E\r\nASSURANCE :\u003Cbr \/\u003E\r\nLes enfants ne sont pas assur\u00e9s par l'ESF. Pour \u00e9viter les cons\u00e9quences financi\u00e8res d'un accident nous vous conseillons de prendre la Carte Neige de la Station.\u003Cbr \/\u003E\r\n\u003Cbr \/\u003E\r\nEVENEMENTS DE L'ESF :\u003Cbr \/\u003E\r\n- Inscription \u00e0 la Descente aux flambeaux ouverte \u00e0 tous, niveau flocon minimum. Le mercredi soir pendant les vacances scolaires. Vente de flambeaux \u00e0 l'ESF Saint Jean d'Arves 8\u20ac\/flambeau. Plus d'infos dans le programme d'animations hebdomadaire.\u003Cbr \/\u003E\r\n- Initiation au biathlon laser (8\u20ac\/pers.)\u003Cbr \/\u003E\r\n- Initiation au D.V.A. D\u00e9tection de Victimes d'Avalanche (8\u20ac\/pers.)\u003Cbr \/\u003E\r\n- Raquettes au coucher de soleil (25\u20ac)\u003Cbr \/\u003E\r\n- Inscription test Fl\u00e8che \/ Chamois (10\u20ac)\u003Cbr \/\u003E\r\n- M\u00e9morial des moniteurs de ski le 06 janvier 2026\u003Cbr \/\u003E\r\n- Championnat de Savoie U14 (coupe argent filles) le 23 janvier 2026 - organis\u00e9 par le ski club\u003Cbr \/\u003E\r\n- Championnat de Savoie U14 (coupe argent gar\u00e7ons) le 23 janvier 2026 - organis\u00e9 par le ski club"},"pave3":{"libelle":"Bons plans","contenu":"Les cours de ski se r\u00e9servent directement en ligne."},"pave4":{"libelle":"Compl\u00e9ment localisation","contenu":""},"pave5":{"libelle":"Compl\u00e9ment accueil","contenu":""},"pave6":{"libelle":"P\u00e9riodes en clair","contenu":"Du 13\/12\/2025 au 10\/04\/2026 tous les jours.\u003Cbr \/\u003E\n9h00 - 12h00\u003Cbr \/\u003E\r\n14h00 - 18h00."},"pave7":{"libelle":"Tarifs en clair","contenu":"COURS COLLECTIFS (6 x 2h) \u003Cbr \/\u003E\r\n- Pour Club Piou-Piou (3-6 ans), pour les cours enfants (6-12 ans), pour les cours adultes et pour les cours snowboards : de 161\u20ac \u00e0 168\u20ac suivant la p\u00e9riode (m\u00e9daille incluse pour forfait 6 jours).\u003Cbr \/\u003E\r\n- Pour les cours Team \u00c9toiles et Stage Comp\u00e9tition (test et m\u00e9daille incluse) : 178\u20ac\u003Cbr \/\u003E\r\n\u003Cbr \/\u003E\r\nCOURS PRIV\u00c9S (1h) \u003Cbr \/\u003E\r\n- 1 personne : 52\u20ac\u003Cbr \/\u003E\r\n- 2-3 personnes : 74\u20ac\u003Cbr \/\u003E\r\n- 4-5 personnes : 97\u20ac\u003Cbr \/\u003E\r\n- m\u00e9daille : 7\u20ac\u003Cbr \/\u003E\r\n\u003Cbr \/\u003E\r\nTARIFS GROUPES (vacation de 2h) \u003Cbr \/\u003E\r\n- Classes de neige (ski alpin, initiation biathlon laser, sortie raquettes, initiation DVA, formation neige et avalanche) : d\u00e8s 84\u20ac\u003Cbr \/\u003E\r\n- Mairie, associations : d\u00e8s 160\u20ac\u003Cbr \/\u003E\r\n\u003Cbr \/\u003E\r\nPlus d'infos sur le site de l'ESF."},"pave8":{"libelle":"Compl\u00e9ment Tarifs","contenu":""},"pave9":{"libelle":"Compl\u00e9ment R\u00e9servation","contenu":""},"pave10":{"libelle":"Descriptif court","contenu":""},"pave11":{"libelle":"Descriptif d\u00e9taill\u00e9","contenu":""},"pave12":{"libelle":"Compl\u00e9ment localisation","contenu":""},"pave13":{"libelle":"Compl\u00e9ment accueil","contenu":""},"pave14":{"libelle":"P\u00e9riodes en clair","contenu":""},"pave15":{"libelle":"Tarifs en clair","contenu":""},"pave16":{"libelle":"Compl\u00e9ment Tarifs","contenu":""},"pave17":{"libelle":"Compl\u00e9ment R\u00e9servation","contenu":""},"pave18":{"libelle":"Descriptif court","contenu":""},"pave19":{"libelle":"Descriptif d\u00e9taill\u00e9","contenu":""},"pave20":{"libelle":"Compl\u00e9ment localisation","contenu":""},"pave21":{"libelle":"Compl\u00e9ment accueil","contenu":""},"pave22":{"libelle":"P\u00e9riodes en clair","contenu":""},"pave23":{"libelle":"Tarifs en clair","contenu":""},"pave24":{"libelle":"Compl\u00e9ment Tarifs","contenu":""},"pave25":{"libelle":"Compl\u00e9ment R\u00e9servation","contenu":""},"ContactsParType":{"DIR":{"59752":{"id_contact":"59752","type_contact":"DIR","categorie_contact":"PRESTATAIRE","societe_contact":"","fonction_contact":"","civilite_nom_prenom_contact":"M Besse Yann ","adresse1_contact":"","adresse2_contact":"","adresse3_contact":"","cpostal_contact":"","ville_contact":"","teldom_contact":"","telbur_contact":"","fax_contact":"","portable_contact":"","email_contact":"","siteweb_contact":"","commentaire_contact":"","langue_contact":"","autre_moyen_com":[]}},"RES":{"59753":{"id_contact":"59753","type_contact":"RES","categorie_contact":"PRESTATAIRE","societe_contact":"","fonction_contact":"","civilite_nom_prenom_contact":"ESF Saint Jean d'Arves ","adresse1_contact":"","adresse2_contact":"","adresse3_contact":"","cpostal_contact":"","ville_contact":"","teldom_contact":"0033 (0)4 79 59 71 83","telbur_contact":"","fax_contact":"","portable_contact":"","email_contact":"contact@esf-saintjeandarves.fr","siteweb_contact":"","commentaire_contact":"","langue_contact":"","autre_moyen_com":[]}}},"Libelle":"ESF Saint Jean d'Arves","Nom":"ESF Saint Jean d'Arves ","Prenom":"","NomPrenom":"ESF Saint Jean d'Arves  ","CiviliteNomPrenom":"ESF Saint Jean d'Arves  ","Cle":"E|486301","PrestataireParent":"","ContexteStat":"PRESTATAIRE-E-486301","DateModificationIso":"2026-04-18T00:41:00+02:00","Type":"PRESTATAIRE","TypePrestataire":"E","Adresse":{"LigneAdresse1":"","LigneAdresse2":"","LigneAdresse3":"","CodePostal":"","Ville":"","Cedex":"","Etat":"","Pays":""},"Email":"contact@esf-saintjeandarves.fr","Telephone":"0033 (0)4 79 59 71 83","TelephoneBureau":"","Portable":"","SiteWeb":"","Fax":"","Id":"e-486301","Code":"E|486301","Fichier":{"Image":[{"url":"https:\/\/www.sja73.com\/medias\/images\/prestataires\/50193-20250228_094544.jpg","chemin":"..\/medias\/images\/prestataires\/50193-20250228_094544.jpg","libelle":"ESF Saint Jean d'Arves_Saint-Jean-d'Arves","extension":"jpg","categorie":"","largeur":4032,"theme":"","hauteur":3024,"type":"Image","origine":"","liaisonPave":"","langue":"","id":"50237","urlVignette":"https:\/\/www.sja73.com\/medias\/images\/prestataires\/v-50193-20250228_094544.jpg","alt":"ESF Saint Jean d'Arves_Saint-Jean-d'Arves","title":"ESF Saint Jean d'Arves_Saint-Jean-d'Arves","MultiTaille":{"1920x1440":{"url":"https:\/\/www.sja73.com\/medias\/images\/prestataires\/multitailles\/1920x1440_50193-20250228_094544.jpg"},"1200x900":{"url":"https:\/\/www.sja73.com\/medias\/images\/prestataires\/multitailles\/1200x900_50193-20250228_094544.jpg"},"800x600":{"url":"https:\/\/www.sja73.com\/medias\/images\/prestataires\/multitailles\/800x600_50193-20250228_094544.jpg"},"640x480":{"url":"https:\/\/www.sja73.com\/medias\/images\/prestataires\/multitailles\/640x480_50193-20250228_094544.jpg"},"320x240":{"url":"https:\/\/www.sja73.com\/medias\/images\/prestataires\/multitailles\/320x240_50193-20250228_094544.jpg"},"160x120":{"url":"https:\/\/www.sja73.com\/medias\/images\/prestataires\/multitailles\/160x120_50193-20250228_094544.jpg"},"origine":{"url":"https:\/\/www.sja73.com\/medias\/images\/prestataires\/50193-20250228_094544.jpg"}},"urlLien":"","typeLien":"","nofollow":"N","copyright":""},{"url":"https:\/\/www.sja73.com\/medias\/images\/prestataires\/50194-logo_esf_sja_version_2b_rouge_q.png","chemin":"..\/medias\/images\/prestataires\/50194-logo_esf_sja_version_2b_rouge_q.png","libelle":"ESF","extension":"png","categorie":"","largeur":538,"theme":"","hauteur":236,"type":"Image","origine":"","liaisonPave":"","langue":"","id":"50238","urlVignette":"https:\/\/www.sja73.com\/medias\/images\/prestataires\/v-50194-logo_esf_sja_version_2b_rouge_q.png","alt":"ESF","title":"ESF","MultiTaille":{"1920x1440":{"url":"https:\/\/www.sja73.com\/medias\/images\/prestataires\/multitailles\/1920x1440_50194-logo_esf_sja_version_2b_rouge_q.png"},"1200x900":{"url":"https:\/\/www.sja73.com\/medias\/images\/prestataires\/multitailles\/1200x900_50194-logo_esf_sja_version_2b_rouge_q.png"},"800x600":{"url":"https:\/\/www.sja73.com\/medias\/images\/prestataires\/multitailles\/800x600_50194-logo_esf_sja_version_2b_rouge_q.png"},"640x480":{"url":"https:\/\/www.sja73.com\/medias\/images\/prestataires\/multitailles\/640x480_50194-logo_esf_sja_version_2b_rouge_q.png"},"320x240":{"url":"https:\/\/www.sja73.com\/medias\/images\/prestataires\/multitailles\/320x240_50194-logo_esf_sja_version_2b_rouge_q.png"},"160x120":{"url":"https:\/\/www.sja73.com\/medias\/images\/prestataires\/multitailles\/160x120_50194-logo_esf_sja_version_2b_rouge_q.png"},"origine":{"url":"https:\/\/www.sja73.com\/medias\/images\/prestataires\/50194-logo_esf_sja_version_2b_rouge_q.png"}},"urlLien":"","typeLien":"","nofollow":"N","copyright":"ESF SJA"},{"url":"https:\/\/www.sja73.com\/medias\/images\/prestataires\/50195-snowpark_avec_thomas_esf_sja_2.jpg","chemin":"..\/medias\/images\/prestataires\/50195-snowpark_avec_thomas_esf_sja_2.jpg","libelle":"ESF Saint Jean d'Arves_Saint-Jean-d'Arves","extension":"jpg","categorie":"","largeur":1920,"theme":"","hauteur":1080,"type":"Image","origine":"","liaisonPave":"","langue":"","id":"50239","urlVignette":"https:\/\/www.sja73.com\/medias\/images\/prestataires\/v-50195-snowpark_avec_thomas_esf_sja_2.jpg","alt":"ESF Saint Jean d'Arves_Saint-Jean-d'Arves","title":"ESF Saint Jean d'Arves_Saint-Jean-d'Arves","MultiTaille":{"1920x1440":{"url":"https:\/\/www.sja73.com\/medias\/images\/prestataires\/multitailles\/1920x1440_50195-snowpark_avec_thomas_esf_sja_2.jpg"},"1200x900":{"url":"https:\/\/www.sja73.com\/medias\/images\/prestataires\/multitailles\/1200x900_50195-snowpark_avec_thomas_esf_sja_2.jpg"},"800x600":{"url":"https:\/\/www.sja73.com\/medias\/images\/prestataires\/multitailles\/800x600_50195-snowpark_avec_thomas_esf_sja_2.jpg"},"640x480":{"url":"https:\/\/www.sja73.com\/medias\/images\/prestataires\/multitailles\/640x480_50195-snowpark_avec_thomas_esf_sja_2.jpg"},"320x240":{"url":"https:\/\/www.sja73.com\/medias\/images\/prestataires\/multitailles\/320x240_50195-snowpark_avec_thomas_esf_sja_2.jpg"},"160x120":{"url":"https:\/\/www.sja73.com\/medias\/images\/prestataires\/multitailles\/160x120_50195-snowpark_avec_thomas_esf_sja_2.jpg"},"origine":{"url":"https:\/\/www.sja73.com\/medias\/images\/prestataires\/50195-snowpark_avec_thomas_esf_sja_2.jpg"}},"urlLien":"","typeLien":"","nofollow":"N","copyright":"ESF Saint Jean d'Arves_Saint-Jean-d'Arves"},{"url":"https:\/\/www.sja73.com\/medias\/images\/prestataires\/50196-10012023_esf_sja_55.jpg","chemin":"..\/medias\/images\/prestataires\/50196-10012023_esf_sja_55.jpg","libelle":"ESF Saint Jean d'Arves_Saint-Jean-d'Arves","extension":"jpg","categorie":"","largeur":6000,"theme":"","hauteur":4000,"type":"Image","origine":"","liaisonPave":"","langue":"","id":"50240","urlVignette":"https:\/\/www.sja73.com\/medias\/images\/prestataires\/v-50196-10012023_esf_sja_55.jpg","alt":"ESF Saint Jean d'Arves_Saint-Jean-d'Arves","title":"ESF Saint Jean d'Arves_Saint-Jean-d'Arves","MultiTaille":{"1920x1440":{"url":"https:\/\/www.sja73.com\/medias\/images\/prestataires\/multitailles\/1920x1440_50196-10012023_esf_sja_55.jpg"},"1200x900":{"url":"https:\/\/www.sja73.com\/medias\/images\/prestataires\/multitailles\/1200x900_50196-10012023_esf_sja_55.jpg"},"800x600":{"url":"https:\/\/www.sja73.com\/medias\/images\/prestataires\/multitailles\/800x600_50196-10012023_esf_sja_55.jpg"},"640x480":{"url":"https:\/\/www.sja73.com\/medias\/images\/prestataires\/multitailles\/640x480_50196-10012023_esf_sja_55.jpg"},"320x240":{"url":"https:\/\/www.sja73.com\/medias\/images\/prestataires\/multitailles\/320x240_50196-10012023_esf_sja_55.jpg"},"160x120":{"url":"https:\/\/www.sja73.com\/medias\/images\/prestataires\/multitailles\/160x120_50196-10012023_esf_sja_55.jpg"},"origine":{"url":"https:\/\/www.sja73.com\/medias\/images\/prestataires\/50196-10012023_esf_sja_55.jpg"}},"urlLien":"","typeLien":"","nofollow":"N","copyright":"ESF Saint Jean d'Arves_Saint-Jean-d'Arves"},{"url":"https:\/\/www.sja73.com\/medias\/images\/prestataires\/50197-100223_remise_de_medailles_5.jpg","chemin":"..\/medias\/images\/prestataires\/50197-100223_remise_de_medailles_5.jpg","libelle":"ESF Saint Jean d'Arves_Saint-Jean-d'Arves","extension":"jpg","categorie":"","largeur":6000,"theme":"","hauteur":4000,"type":"Image","origine":"","liaisonPave":"","langue":"","id":"50241","urlVignette":"https:\/\/www.sja73.com\/medias\/images\/prestataires\/v-50197-100223_remise_de_medailles_5.jpg","alt":"ESF Saint Jean d'Arves_Saint-Jean-d'Arves","title":"ESF Saint Jean d'Arves_Saint-Jean-d'Arves","MultiTaille":{"1920x1440":{"url":"https:\/\/www.sja73.com\/medias\/images\/prestataires\/multitailles\/1920x1440_50197-100223_remise_de_medailles_5.jpg"},"1200x900":{"url":"https:\/\/www.sja73.com\/medias\/images\/prestataires\/multitailles\/1200x900_50197-100223_remise_de_medailles_5.jpg"},"800x600":{"url":"https:\/\/www.sja73.com\/medias\/images\/prestataires\/multitailles\/800x600_50197-100223_remise_de_medailles_5.jpg"},"640x480":{"url":"https:\/\/www.sja73.com\/medias\/images\/prestataires\/multitailles\/640x480_50197-100223_remise_de_medailles_5.jpg"},"320x240":{"url":"https:\/\/www.sja73.com\/medias\/images\/prestataires\/multitailles\/320x240_50197-100223_remise_de_medailles_5.jpg"},"160x120":{"url":"https:\/\/www.sja73.com\/medias\/images\/prestataires\/multitailles\/160x120_50197-100223_remise_de_medailles_5.jpg"},"origine":{"url":"https:\/\/www.sja73.com\/medias\/images\/prestataires\/50197-100223_remise_de_medailles_5.jpg"}},"urlLien":"","typeLien":"","nofollow":"N","copyright":"ESF Saint Jean d'Arves_Saint-Jean-d'Arves"},{"url":"https:\/\/www.sja73.com\/medias\/images\/prestataires\/50198-28032023_sortie_hp_sja_1.jpg","chemin":"..\/medias\/images\/prestataires\/50198-28032023_sortie_hp_sja_1.jpg","libelle":"ESF Saint Jean d'Arves_Saint-Jean-d'Arves","extension":"jpg","categorie":"","largeur":1080,"theme":"","hauteur":1920,"type":"Image","origine":"","liaisonPave":"","langue":"","id":"50242","urlVignette":"https:\/\/www.sja73.com\/medias\/images\/prestataires\/v-50198-28032023_sortie_hp_sja_1.jpg","alt":"ESF Saint Jean d'Arves_Saint-Jean-d'Arves","title":"ESF Saint Jean d'Arves_Saint-Jean-d'Arves","MultiTaille":{"1920x1440":{"url":"https:\/\/www.sja73.com\/medias\/images\/prestataires\/multitailles\/1920x1440_50198-28032023_sortie_hp_sja_1.jpg"},"1200x900":{"url":"https:\/\/www.sja73.com\/medias\/images\/prestataires\/multitailles\/1200x900_50198-28032023_sortie_hp_sja_1.jpg"},"800x600":{"url":"https:\/\/www.sja73.com\/medias\/images\/prestataires\/multitailles\/800x600_50198-28032023_sortie_hp_sja_1.jpg"},"640x480":{"url":"https:\/\/www.sja73.com\/medias\/images\/prestataires\/multitailles\/640x480_50198-28032023_sortie_hp_sja_1.jpg"},"320x240":{"url":"https:\/\/www.sja73.com\/medias\/images\/prestataires\/multitailles\/320x240_50198-28032023_sortie_hp_sja_1.jpg"},"160x120":{"url":"https:\/\/www.sja73.com\/medias\/images\/prestataires\/multitailles\/160x120_50198-28032023_sortie_hp_sja_1.jpg"},"origine":{"url":"https:\/\/www.sja73.com\/medias\/images\/prestataires\/50198-28032023_sortie_hp_sja_1.jpg"}},"urlLien":"","typeLien":"","nofollow":"N","copyright":"ESF Saint Jean d'Arves_Saint-Jean-d'Arves"},{"url":"https:\/\/www.sja73.com\/medias\/images\/prestataires\/50199-100223_remise_de_medailles_8.jpg","chemin":"..\/medias\/images\/prestataires\/50199-100223_remise_de_medailles_8.jpg","libelle":"ESF Saint Jean d'Arves_Saint-Jean-d'Arves","extension":"jpg","categorie":"","largeur":4000,"theme":"","hauteur":6000,"type":"Image","origine":"","liaisonPave":"","langue":"","id":"50243","urlVignette":"https:\/\/www.sja73.com\/medias\/images\/prestataires\/v-50199-100223_remise_de_medailles_8.jpg","alt":"ESF Saint Jean d'Arves_Saint-Jean-d'Arves","title":"ESF Saint Jean d'Arves_Saint-Jean-d'Arves","MultiTaille":{"1920x1440":{"url":"https:\/\/www.sja73.com\/medias\/images\/prestataires\/multitailles\/1920x1440_50199-100223_remise_de_medailles_8.jpg"},"1200x900":{"url":"https:\/\/www.sja73.com\/medias\/images\/prestataires\/multitailles\/1200x900_50199-100223_remise_de_medailles_8.jpg"},"800x600":{"url":"https:\/\/www.sja73.com\/medias\/images\/prestataires\/multitailles\/800x600_50199-100223_remise_de_medailles_8.jpg"},"640x480":{"url":"https:\/\/www.sja73.com\/medias\/images\/prestataires\/multitailles\/640x480_50199-100223_remise_de_medailles_8.jpg"},"320x240":{"url":"https:\/\/www.sja73.com\/medias\/images\/prestataires\/multitailles\/320x240_50199-100223_remise_de_medailles_8.jpg"},"160x120":{"url":"https:\/\/www.sja73.com\/medias\/images\/prestataires\/multitailles\/160x120_50199-100223_remise_de_medailles_8.jpg"},"origine":{"url":"https:\/\/www.sja73.com\/medias\/images\/prestataires\/50199-100223_remise_de_medailles_8.jpg"}},"urlLien":"","typeLien":"","nofollow":"N","copyright":"ESF Saint Jean d'Arves_Saint-Jean-d'Arves"},{"url":"https:\/\/www.sja73.com\/medias\/images\/prestataires\/50200-cc_3e_etoile_avec_david_esf_sja_5.jpg","chemin":"..\/medias\/images\/prestataires\/50200-cc_3e_etoile_avec_david_esf_sja_5.jpg","libelle":"ESF Saint Jean d'Arves_Saint-Jean-d'Arves","extension":"jpg","categorie":"","largeur":3840,"theme":"","hauteur":2160,"type":"Image","origine":"","liaisonPave":"","langue":"","id":"50244","urlVignette":"https:\/\/www.sja73.com\/medias\/images\/prestataires\/v-50200-cc_3e_etoile_avec_david_esf_sja_5.jpg","alt":"ESF Saint Jean d'Arves_Saint-Jean-d'Arves","title":"ESF Saint Jean d'Arves_Saint-Jean-d'Arves","MultiTaille":{"1920x1440":{"url":"https:\/\/www.sja73.com\/medias\/images\/prestataires\/multitailles\/1920x1440_50200-cc_3e_etoile_avec_david_esf_sja_5.jpg"},"1200x900":{"url":"https:\/\/www.sja73.com\/medias\/images\/prestataires\/multitailles\/1200x900_50200-cc_3e_etoile_avec_david_esf_sja_5.jpg"},"800x600":{"url":"https:\/\/www.sja73.com\/medias\/images\/prestataires\/multitailles\/800x600_50200-cc_3e_etoile_avec_david_esf_sja_5.jpg"},"640x480":{"url":"https:\/\/www.sja73.com\/medias\/images\/prestataires\/multitailles\/640x480_50200-cc_3e_etoile_avec_david_esf_sja_5.jpg"},"320x240":{"url":"https:\/\/www.sja73.com\/medias\/images\/prestataires\/multitailles\/320x240_50200-cc_3e_etoile_avec_david_esf_sja_5.jpg"},"160x120":{"url":"https:\/\/www.sja73.com\/medias\/images\/prestataires\/multitailles\/160x120_50200-cc_3e_etoile_avec_david_esf_sja_5.jpg"},"origine":{"url":"https:\/\/www.sja73.com\/medias\/images\/prestataires\/50200-cc_3e_etoile_avec_david_esf_sja_5.jpg"}},"urlLien":"","typeLien":"","nofollow":"N","copyright":"ESF Saint Jean d'Arves_Saint-Jean-d'Arves"},{"url":"https:\/\/www.sja73.com\/medias\/images\/prestataires\/50201-25122022_esfsja_5.jpg","chemin":"..\/medias\/images\/prestataires\/50201-25122022_esfsja_5.jpg","libelle":"ESF Saint Jean d'Arves_Saint-Jean-d'Arves","extension":"jpg","categorie":"","largeur":4000,"theme":"","hauteur":6000,"type":"Image","origine":"","liaisonPave":"","langue":"","id":"50245","urlVignette":"https:\/\/www.sja73.com\/medias\/images\/prestataires\/v-50201-25122022_esfsja_5.jpg","alt":"ESF Saint Jean d'Arves_Saint-Jean-d'Arves","title":"ESF Saint Jean d'Arves_Saint-Jean-d'Arves","MultiTaille":{"1920x1440":{"url":"https:\/\/www.sja73.com\/medias\/images\/prestataires\/multitailles\/1920x1440_50201-25122022_esfsja_5.jpg"},"1200x900":{"url":"https:\/\/www.sja73.com\/medias\/images\/prestataires\/multitailles\/1200x900_50201-25122022_esfsja_5.jpg"},"800x600":{"url":"https:\/\/www.sja73.com\/medias\/images\/prestataires\/multitailles\/800x600_50201-25122022_esfsja_5.jpg"},"640x480":{"url":"https:\/\/www.sja73.com\/medias\/images\/prestataires\/multitailles\/640x480_50201-25122022_esfsja_5.jpg"},"320x240":{"url":"https:\/\/www.sja73.com\/medias\/images\/prestataires\/multitailles\/320x240_50201-25122022_esfsja_5.jpg"},"160x120":{"url":"https:\/\/www.sja73.com\/medias\/images\/prestataires\/multitailles\/160x120_50201-25122022_esfsja_5.jpg"},"origine":{"url":"https:\/\/www.sja73.com\/medias\/images\/prestataires\/50201-25122022_esfsja_5.jpg"}},"urlLien":"","typeLien":"","nofollow":"N","copyright":"ESF Saint Jean d'Arves_Saint-Jean-d'Arves"},{"url":"https:\/\/www.sja73.com\/medias\/images\/prestataires\/50202-28032023_cc_classe_de_neige_26.jpg","chemin":"..\/medias\/images\/prestataires\/50202-28032023_cc_classe_de_neige_26.jpg","libelle":"ESF Saint Jean d'Arves_Saint-Jean-d'Arves","extension":"jpg","categorie":"","largeur":6000,"theme":"","hauteur":4000,"type":"Image","origine":"","liaisonPave":"","langue":"","id":"50246","urlVignette":"https:\/\/www.sja73.com\/medias\/images\/prestataires\/v-50202-28032023_cc_classe_de_neige_26.jpg","alt":"ESF Saint Jean d'Arves_Saint-Jean-d'Arves","title":"ESF Saint Jean d'Arves_Saint-Jean-d'Arves","MultiTaille":{"1920x1440":{"url":"https:\/\/www.sja73.com\/medias\/images\/prestataires\/multitailles\/1920x1440_50202-28032023_cc_classe_de_neige_26.jpg"},"1200x900":{"url":"https:\/\/www.sja73.com\/medias\/images\/prestataires\/multitailles\/1200x900_50202-28032023_cc_classe_de_neige_26.jpg"},"800x600":{"url":"https:\/\/www.sja73.com\/medias\/images\/prestataires\/multitailles\/800x600_50202-28032023_cc_classe_de_neige_26.jpg"},"640x480":{"url":"https:\/\/www.sja73.com\/medias\/images\/prestataires\/multitailles\/640x480_50202-28032023_cc_classe_de_neige_26.jpg"},"320x240":{"url":"https:\/\/www.sja73.com\/medias\/images\/prestataires\/multitailles\/320x240_50202-28032023_cc_classe_de_neige_26.jpg"},"160x120":{"url":"https:\/\/www.sja73.com\/medias\/images\/prestataires\/multitailles\/160x120_50202-28032023_cc_classe_de_neige_26.jpg"},"origine":{"url":"https:\/\/www.sja73.com\/medias\/images\/prestataires\/50202-28032023_cc_classe_de_neige_26.jpg"}},"urlLien":"","typeLien":"","nofollow":"N","copyright":"ESF Saint Jean d'Arves_Saint-Jean-d'Arves"}],"ByCategorie":{"":[{"url":"https:\/\/www.sja73.com\/medias\/images\/prestataires\/50193-20250228_094544.jpg","chemin":"..\/medias\/images\/prestataires\/50193-20250228_094544.jpg","libelle":"ESF Saint Jean d'Arves_Saint-Jean-d'Arves","extension":"jpg","categorie":"","largeur":4032,"theme":"","hauteur":3024,"type":"Image","origine":"","liaisonPave":"","langue":"","id":"50237","urlVignette":"https:\/\/www.sja73.com\/medias\/images\/prestataires\/v-50193-20250228_094544.jpg","alt":"ESF Saint Jean d'Arves_Saint-Jean-d'Arves","title":"ESF Saint Jean d'Arves_Saint-Jean-d'Arves","MultiTaille":{"1920x1440":{"url":"https:\/\/www.sja73.com\/medias\/images\/prestataires\/multitailles\/1920x1440_50193-20250228_094544.jpg"},"1200x900":{"url":"https:\/\/www.sja73.com\/medias\/images\/prestataires\/multitailles\/1200x900_50193-20250228_094544.jpg"},"800x600":{"url":"https:\/\/www.sja73.com\/medias\/images\/prestataires\/multitailles\/800x600_50193-20250228_094544.jpg"},"640x480":{"url":"https:\/\/www.sja73.com\/medias\/images\/prestataires\/multitailles\/640x480_50193-20250228_094544.jpg"},"320x240":{"url":"https:\/\/www.sja73.com\/medias\/images\/prestataires\/multitailles\/320x240_50193-20250228_094544.jpg"},"160x120":{"url":"https:\/\/www.sja73.com\/medias\/images\/prestataires\/multitailles\/160x120_50193-20250228_094544.jpg"},"origine":{"url":"https:\/\/www.sja73.com\/medias\/images\/prestataires\/50193-20250228_094544.jpg"}},"urlLien":"","typeLien":"","nofollow":"N","copyright":""},{"url":"https:\/\/www.sja73.com\/medias\/images\/prestataires\/50203-logo_esf_sja_version_2b_rouge_p1795c.png","chemin":"..\/medias\/images\/prestataires\/50203-logo_esf_sja_version_2b_rouge_p1795c.png","libelle":"Logo ESF St Jean d'Arves","extension":"png","categorie":"","largeur":"","theme":"","hauteur":"","type":"Document","origine":"","liaisonPave":"","langue":"","id":"50247","poids":"10.02 Ko","alt":"Logo ESF St Jean d'Arves","title":"Logo ESF St Jean d'Arves"},{"url":"https:\/\/www.sja73.com\/medias\/images\/prestataires\/50194-logo_esf_sja_version_2b_rouge_q.png","chemin":"..\/medias\/images\/prestataires\/50194-logo_esf_sja_version_2b_rouge_q.png","libelle":"ESF","extension":"png","categorie":"","largeur":538,"theme":"","hauteur":236,"type":"Image","origine":"","liaisonPave":"","langue":"","id":"50238","urlVignette":"https:\/\/www.sja73.com\/medias\/images\/prestataires\/v-50194-logo_esf_sja_version_2b_rouge_q.png","alt":"ESF","title":"ESF","MultiTaille":{"1920x1440":{"url":"https:\/\/www.sja73.com\/medias\/images\/prestataires\/multitailles\/1920x1440_50194-logo_esf_sja_version_2b_rouge_q.png"},"1200x900":{"url":"https:\/\/www.sja73.com\/medias\/images\/prestataires\/multitailles\/1200x900_50194-logo_esf_sja_version_2b_rouge_q.png"},"800x600":{"url":"https:\/\/www.sja73.com\/medias\/images\/prestataires\/multitailles\/800x600_50194-logo_esf_sja_version_2b_rouge_q.png"},"640x480":{"url":"https:\/\/www.sja73.com\/medias\/images\/prestataires\/multitailles\/640x480_50194-logo_esf_sja_version_2b_rouge_q.png"},"320x240":{"url":"https:\/\/www.sja73.com\/medias\/images\/prestataires\/multitailles\/320x240_50194-logo_esf_sja_version_2b_rouge_q.png"},"160x120":{"url":"https:\/\/www.sja73.com\/medias\/images\/prestataires\/multitailles\/160x120_50194-logo_esf_sja_version_2b_rouge_q.png"},"origine":{"url":"https:\/\/www.sja73.com\/medias\/images\/prestataires\/50194-logo_esf_sja_version_2b_rouge_q.png"}},"urlLien":"","typeLien":"","nofollow":"N","copyright":"ESF SJA"},{"url":"https:\/\/www.sja73.com\/medias\/images\/prestataires\/50195-snowpark_avec_thomas_esf_sja_2.jpg","chemin":"..\/medias\/images\/prestataires\/50195-snowpark_avec_thomas_esf_sja_2.jpg","libelle":"ESF Saint Jean d'Arves_Saint-Jean-d'Arves","extension":"jpg","categorie":"","largeur":1920,"theme":"","hauteur":1080,"type":"Image","origine":"","liaisonPave":"","langue":"","id":"50239","urlVignette":"https:\/\/www.sja73.com\/medias\/images\/prestataires\/v-50195-snowpark_avec_thomas_esf_sja_2.jpg","alt":"ESF Saint Jean d'Arves_Saint-Jean-d'Arves","title":"ESF Saint Jean d'Arves_Saint-Jean-d'Arves","MultiTaille":{"1920x1440":{"url":"https:\/\/www.sja73.com\/medias\/images\/prestataires\/multitailles\/1920x1440_50195-snowpark_avec_thomas_esf_sja_2.jpg"},"1200x900":{"url":"https:\/\/www.sja73.com\/medias\/images\/prestataires\/multitailles\/1200x900_50195-snowpark_avec_thomas_esf_sja_2.jpg"},"800x600":{"url":"https:\/\/www.sja73.com\/medias\/images\/prestataires\/multitailles\/800x600_50195-snowpark_avec_thomas_esf_sja_2.jpg"},"640x480":{"url":"https:\/\/www.sja73.com\/medias\/images\/prestataires\/multitailles\/640x480_50195-snowpark_avec_thomas_esf_sja_2.jpg"},"320x240":{"url":"https:\/\/www.sja73.com\/medias\/images\/prestataires\/multitailles\/320x240_50195-snowpark_avec_thomas_esf_sja_2.jpg"},"160x120":{"url":"https:\/\/www.sja73.com\/medias\/images\/prestataires\/multitailles\/160x120_50195-snowpark_avec_thomas_esf_sja_2.jpg"},"origine":{"url":"https:\/\/www.sja73.com\/medias\/images\/prestataires\/50195-snowpark_avec_thomas_esf_sja_2.jpg"}},"urlLien":"","typeLien":"","nofollow":"N","copyright":"ESF Saint Jean d'Arves_Saint-Jean-d'Arves"},{"url":"https:\/\/www.sja73.com\/medias\/images\/prestataires\/50196-10012023_esf_sja_55.jpg","chemin":"..\/medias\/images\/prestataires\/50196-10012023_esf_sja_55.jpg","libelle":"ESF Saint Jean d'Arves_Saint-Jean-d'Arves","extension":"jpg","categorie":"","largeur":6000,"theme":"","hauteur":4000,"type":"Image","origine":"","liaisonPave":"","langue":"","id":"50240","urlVignette":"https:\/\/www.sja73.com\/medias\/images\/prestataires\/v-50196-10012023_esf_sja_55.jpg","alt":"ESF Saint Jean d'Arves_Saint-Jean-d'Arves","title":"ESF Saint Jean d'Arves_Saint-Jean-d'Arves","MultiTaille":{"1920x1440":{"url":"https:\/\/www.sja73.com\/medias\/images\/prestataires\/multitailles\/1920x1440_50196-10012023_esf_sja_55.jpg"},"1200x900":{"url":"https:\/\/www.sja73.com\/medias\/images\/prestataires\/multitailles\/1200x900_50196-10012023_esf_sja_55.jpg"},"800x600":{"url":"https:\/\/www.sja73.com\/medias\/images\/prestataires\/multitailles\/800x600_50196-10012023_esf_sja_55.jpg"},"640x480":{"url":"https:\/\/www.sja73.com\/medias\/images\/prestataires\/multitailles\/640x480_50196-10012023_esf_sja_55.jpg"},"320x240":{"url":"https:\/\/www.sja73.com\/medias\/images\/prestataires\/multitailles\/320x240_50196-10012023_esf_sja_55.jpg"},"160x120":{"url":"https:\/\/www.sja73.com\/medias\/images\/prestataires\/multitailles\/160x120_50196-10012023_esf_sja_55.jpg"},"origine":{"url":"https:\/\/www.sja73.com\/medias\/images\/prestataires\/50196-10012023_esf_sja_55.jpg"}},"urlLien":"","typeLien":"","nofollow":"N","copyright":"ESF Saint Jean d'Arves_Saint-Jean-d'Arves"},{"url":"https:\/\/www.sja73.com\/medias\/images\/prestataires\/50197-100223_remise_de_medailles_5.jpg","chemin":"..\/medias\/images\/prestataires\/50197-100223_remise_de_medailles_5.jpg","libelle":"ESF Saint Jean d'Arves_Saint-Jean-d'Arves","extension":"jpg","categorie":"","largeur":6000,"theme":"","hauteur":4000,"type":"Image","origine":"","liaisonPave":"","langue":"","id":"50241","urlVignette":"https:\/\/www.sja73.com\/medias\/images\/prestataires\/v-50197-100223_remise_de_medailles_5.jpg","alt":"ESF Saint Jean d'Arves_Saint-Jean-d'Arves","title":"ESF Saint Jean d'Arves_Saint-Jean-d'Arves","MultiTaille":{"1920x1440":{"url":"https:\/\/www.sja73.com\/medias\/images\/prestataires\/multitailles\/1920x1440_50197-100223_remise_de_medailles_5.jpg"},"1200x900":{"url":"https:\/\/www.sja73.com\/medias\/images\/prestataires\/multitailles\/1200x900_50197-100223_remise_de_medailles_5.jpg"},"800x600":{"url":"https:\/\/www.sja73.com\/medias\/images\/prestataires\/multitailles\/800x600_50197-100223_remise_de_medailles_5.jpg"},"640x480":{"url":"https:\/\/www.sja73.com\/medias\/images\/prestataires\/multitailles\/640x480_50197-100223_remise_de_medailles_5.jpg"},"320x240":{"url":"https:\/\/www.sja73.com\/medias\/images\/prestataires\/multitailles\/320x240_50197-100223_remise_de_medailles_5.jpg"},"160x120":{"url":"https:\/\/www.sja73.com\/medias\/images\/prestataires\/multitailles\/160x120_50197-100223_remise_de_medailles_5.jpg"},"origine":{"url":"https:\/\/www.sja73.com\/medias\/images\/prestataires\/50197-100223_remise_de_medailles_5.jpg"}},"urlLien":"","typeLien":"","nofollow":"N","copyright":"ESF Saint Jean d'Arves_Saint-Jean-d'Arves"},{"url":"https:\/\/www.sja73.com\/medias\/images\/prestataires\/50198-28032023_sortie_hp_sja_1.jpg","chemin":"..\/medias\/images\/prestataires\/50198-28032023_sortie_hp_sja_1.jpg","libelle":"ESF Saint Jean d'Arves_Saint-Jean-d'Arves","extension":"jpg","categorie":"","largeur":1080,"theme":"","hauteur":1920,"type":"Image","origine":"","liaisonPave":"","langue":"","id":"50242","urlVignette":"https:\/\/www.sja73.com\/medias\/images\/prestataires\/v-50198-28032023_sortie_hp_sja_1.jpg","alt":"ESF Saint Jean d'Arves_Saint-Jean-d'Arves","title":"ESF Saint Jean d'Arves_Saint-Jean-d'Arves","MultiTaille":{"1920x1440":{"url":"https:\/\/www.sja73.com\/medias\/images\/prestataires\/multitailles\/1920x1440_50198-28032023_sortie_hp_sja_1.jpg"},"1200x900":{"url":"https:\/\/www.sja73.com\/medias\/images\/prestataires\/multitailles\/1200x900_50198-28032023_sortie_hp_sja_1.jpg"},"800x600":{"url":"https:\/\/www.sja73.com\/medias\/images\/prestataires\/multitailles\/800x600_50198-28032023_sortie_hp_sja_1.jpg"},"640x480":{"url":"https:\/\/www.sja73.com\/medias\/images\/prestataires\/multitailles\/640x480_50198-28032023_sortie_hp_sja_1.jpg"},"320x240":{"url":"https:\/\/www.sja73.com\/medias\/images\/prestataires\/multitailles\/320x240_50198-28032023_sortie_hp_sja_1.jpg"},"160x120":{"url":"https:\/\/www.sja73.com\/medias\/images\/prestataires\/multitailles\/160x120_50198-28032023_sortie_hp_sja_1.jpg"},"origine":{"url":"https:\/\/www.sja73.com\/medias\/images\/prestataires\/50198-28032023_sortie_hp_sja_1.jpg"}},"urlLien":"","typeLien":"","nofollow":"N","copyright":"ESF Saint Jean d'Arves_Saint-Jean-d'Arves"},{"url":"https:\/\/www.sja73.com\/medias\/images\/prestataires\/50199-100223_remise_de_medailles_8.jpg","chemin":"..\/medias\/images\/prestataires\/50199-100223_remise_de_medailles_8.jpg","libelle":"ESF Saint Jean d'Arves_Saint-Jean-d'Arves","extension":"jpg","categorie":"","largeur":4000,"theme":"","hauteur":6000,"type":"Image","origine":"","liaisonPave":"","langue":"","id":"50243","urlVignette":"https:\/\/www.sja73.com\/medias\/images\/prestataires\/v-50199-100223_remise_de_medailles_8.jpg","alt":"ESF Saint Jean d'Arves_Saint-Jean-d'Arves","title":"ESF Saint Jean d'Arves_Saint-Jean-d'Arves","MultiTaille":{"1920x1440":{"url":"https:\/\/www.sja73.com\/medias\/images\/prestataires\/multitailles\/1920x1440_50199-100223_remise_de_medailles_8.jpg"},"1200x900":{"url":"https:\/\/www.sja73.com\/medias\/images\/prestataires\/multitailles\/1200x900_50199-100223_remise_de_medailles_8.jpg"},"800x600":{"url":"https:\/\/www.sja73.com\/medias\/images\/prestataires\/multitailles\/800x600_50199-100223_remise_de_medailles_8.jpg"},"640x480":{"url":"https:\/\/www.sja73.com\/medias\/images\/prestataires\/multitailles\/640x480_50199-100223_remise_de_medailles_8.jpg"},"320x240":{"url":"https:\/\/www.sja73.com\/medias\/images\/prestataires\/multitailles\/320x240_50199-100223_remise_de_medailles_8.jpg"},"160x120":{"url":"https:\/\/www.sja73.com\/medias\/images\/prestataires\/multitailles\/160x120_50199-100223_remise_de_medailles_8.jpg"},"origine":{"url":"https:\/\/www.sja73.com\/medias\/images\/prestataires\/50199-100223_remise_de_medailles_8.jpg"}},"urlLien":"","typeLien":"","nofollow":"N","copyright":"ESF Saint Jean d'Arves_Saint-Jean-d'Arves"},{"url":"https:\/\/www.sja73.com\/medias\/images\/prestataires\/50200-cc_3e_etoile_avec_david_esf_sja_5.jpg","chemin":"..\/medias\/images\/prestataires\/50200-cc_3e_etoile_avec_david_esf_sja_5.jpg","libelle":"ESF Saint Jean d'Arves_Saint-Jean-d'Arves","extension":"jpg","categorie":"","largeur":3840,"theme":"","hauteur":2160,"type":"Image","origine":"","liaisonPave":"","langue":"","id":"50244","urlVignette":"https:\/\/www.sja73.com\/medias\/images\/prestataires\/v-50200-cc_3e_etoile_avec_david_esf_sja_5.jpg","alt":"ESF Saint Jean d'Arves_Saint-Jean-d'Arves","title":"ESF Saint Jean d'Arves_Saint-Jean-d'Arves","MultiTaille":{"1920x1440":{"url":"https:\/\/www.sja73.com\/medias\/images\/prestataires\/multitailles\/1920x1440_50200-cc_3e_etoile_avec_david_esf_sja_5.jpg"},"1200x900":{"url":"https:\/\/www.sja73.com\/medias\/images\/prestataires\/multitailles\/1200x900_50200-cc_3e_etoile_avec_david_esf_sja_5.jpg"},"800x600":{"url":"https:\/\/www.sja73.com\/medias\/images\/prestataires\/multitailles\/800x600_50200-cc_3e_etoile_avec_david_esf_sja_5.jpg"},"640x480":{"url":"https:\/\/www.sja73.com\/medias\/images\/prestataires\/multitailles\/640x480_50200-cc_3e_etoile_avec_david_esf_sja_5.jpg"},"320x240":{"url":"https:\/\/www.sja73.com\/medias\/images\/prestataires\/multitailles\/320x240_50200-cc_3e_etoile_avec_david_esf_sja_5.jpg"},"160x120":{"url":"https:\/\/www.sja73.com\/medias\/images\/prestataires\/multitailles\/160x120_50200-cc_3e_etoile_avec_david_esf_sja_5.jpg"},"origine":{"url":"https:\/\/www.sja73.com\/medias\/images\/prestataires\/50200-cc_3e_etoile_avec_david_esf_sja_5.jpg"}},"urlLien":"","typeLien":"","nofollow":"N","copyright":"ESF Saint Jean d'Arves_Saint-Jean-d'Arves"},{"url":"https:\/\/www.sja73.com\/medias\/images\/prestataires\/50201-25122022_esfsja_5.jpg","chemin":"..\/medias\/images\/prestataires\/50201-25122022_esfsja_5.jpg","libelle":"ESF Saint Jean d'Arves_Saint-Jean-d'Arves","extension":"jpg","categorie":"","largeur":4000,"theme":"","hauteur":6000,"type":"Image","origine":"","liaisonPave":"","langue":"","id":"50245","urlVignette":"https:\/\/www.sja73.com\/medias\/images\/prestataires\/v-50201-25122022_esfsja_5.jpg","alt":"ESF Saint Jean d'Arves_Saint-Jean-d'Arves","title":"ESF Saint Jean d'Arves_Saint-Jean-d'Arves","MultiTaille":{"1920x1440":{"url":"https:\/\/www.sja73.com\/medias\/images\/prestataires\/multitailles\/1920x1440_50201-25122022_esfsja_5.jpg"},"1200x900":{"url":"https:\/\/www.sja73.com\/medias\/images\/prestataires\/multitailles\/1200x900_50201-25122022_esfsja_5.jpg"},"800x600":{"url":"https:\/\/www.sja73.com\/medias\/images\/prestataires\/multitailles\/800x600_50201-25122022_esfsja_5.jpg"},"640x480":{"url":"https:\/\/www.sja73.com\/medias\/images\/prestataires\/multitailles\/640x480_50201-25122022_esfsja_5.jpg"},"320x240":{"url":"https:\/\/www.sja73.com\/medias\/images\/prestataires\/multitailles\/320x240_50201-25122022_esfsja_5.jpg"},"160x120":{"url":"https:\/\/www.sja73.com\/medias\/images\/prestataires\/multitailles\/160x120_50201-25122022_esfsja_5.jpg"},"origine":{"url":"https:\/\/www.sja73.com\/medias\/images\/prestataires\/50201-25122022_esfsja_5.jpg"}},"urlLien":"","typeLien":"","nofollow":"N","copyright":"ESF Saint Jean d'Arves_Saint-Jean-d'Arves"},{"url":"https:\/\/www.sja73.com\/medias\/images\/prestataires\/50202-28032023_cc_classe_de_neige_26.jpg","chemin":"..\/medias\/images\/prestataires\/50202-28032023_cc_classe_de_neige_26.jpg","libelle":"ESF Saint Jean d'Arves_Saint-Jean-d'Arves","extension":"jpg","categorie":"","largeur":6000,"theme":"","hauteur":4000,"type":"Image","origine":"","liaisonPave":"","langue":"","id":"50246","urlVignette":"https:\/\/www.sja73.com\/medias\/images\/prestataires\/v-50202-28032023_cc_classe_de_neige_26.jpg","alt":"ESF Saint Jean d'Arves_Saint-Jean-d'Arves","title":"ESF Saint Jean d'Arves_Saint-Jean-d'Arves","MultiTaille":{"1920x1440":{"url":"https:\/\/www.sja73.com\/medias\/images\/prestataires\/multitailles\/1920x1440_50202-28032023_cc_classe_de_neige_26.jpg"},"1200x900":{"url":"https:\/\/www.sja73.com\/medias\/images\/prestataires\/multitailles\/1200x900_50202-28032023_cc_classe_de_neige_26.jpg"},"800x600":{"url":"https:\/\/www.sja73.com\/medias\/images\/prestataires\/multitailles\/800x600_50202-28032023_cc_classe_de_neige_26.jpg"},"640x480":{"url":"https:\/\/www.sja73.com\/medias\/images\/prestataires\/multitailles\/640x480_50202-28032023_cc_classe_de_neige_26.jpg"},"320x240":{"url":"https:\/\/www.sja73.com\/medias\/images\/prestataires\/multitailles\/320x240_50202-28032023_cc_classe_de_neige_26.jpg"},"160x120":{"url":"https:\/\/www.sja73.com\/medias\/images\/prestataires\/multitailles\/160x120_50202-28032023_cc_classe_de_neige_26.jpg"},"origine":{"url":"https:\/\/www.sja73.com\/medias\/images\/prestataires\/50202-28032023_cc_classe_de_neige_26.jpg"}},"urlLien":"","typeLien":"","nofollow":"N","copyright":"ESF Saint Jean d'Arves_Saint-Jean-d'Arves"}]},"Document":[{"url":"https:\/\/www.sja73.com\/medias\/images\/prestataires\/50203-logo_esf_sja_version_2b_rouge_p1795c.png","chemin":"..\/medias\/images\/prestataires\/50203-logo_esf_sja_version_2b_rouge_p1795c.png","libelle":"Logo ESF St Jean d'Arves","extension":"png","categorie":"","largeur":"","theme":"","hauteur":"","type":"Document","origine":"","liaisonPave":"","langue":"","id":"50247","poids":"10.02 Ko","alt":"Logo ESF St Jean d'Arves","title":"Logo ESF St Jean d'Arves"}]},"Url":"esf-saint-jean-d-arves-1.html","Localisation":{"GoogleMap":{"Latitude":"45.213731","Longitude":"6.265633"}},"ZoneGeo":"","Criteres":{"AFFICHAGESITEOK[ADHERENTOUICOMPLET":"","P.113[6063":"","P.113[6743":"","P.equipements[984":"","P.prestations[surchargeTourismesAdaptes":"","P.prestations[surchargeDescriptifHandicapMoteur":"","P.prestations[surchargeDescriptifHandicapAuditif":"","P.prestations[surchargeDescriptifHandicapVisuel":"","P.prestations[surchargeDescriptifHandicapMental":"","P.prestations[surchargeNombreFauteuilsRoulants":"","P.prestations[ageMin":"3","P.prestations[ageMax":"90","P.languesParlees[1192":"","P.languesParlees[1197":"","P.languesParlees[1202":"","P.languesDocumentation[1192":"","P.languesDocumentation[1197":"","P.tourismesAdaptes[3651":"","P.2[496":"","P.5[593":"","P.57[1832":"","P.57[2003":"","P.58[1834":"","P.58[6135":"","P.43[1908":"","P.43[2042":"","P.43[2043":"","P.43[2044":"","P.43[2046":"","P.43[2050":"","P.43[2052":"","P.environnements[171":"","P.environnements[178":"","P.environnements[184":"","P.environnements[193":"","P.114[416":"","P.114[435":"","P.114[436":"","P.modesPaiement[1268":"","P.modesPaiement[1271":"","P.modesPaiement[1274":"","P.modesPaiement[1277":"","P.modesPaiement[1281":"","P.tourismeAffaires[tourismeAffairesEnabled":"","P.tourismeAffaires[devise":"EUR","P.commerceEtServiceType[4015":"","P.typesDetailles[4039":"","P.typesDetailles[4040":"","P.CINTSITRA[10507":"","P.CINTSITRA[11226":"","P.CINTSITRA[11435":"","P.3220[25629":"","P.3233[60439":"","P.3233[908439":"","P.3218[60729":"","P.3219[72808":"","P.3219[126557":"","P.3227[82852":"","P.3230[323078":"","P.3230[5532377":"","P.3230[6328304":"","P.3221[344174":"","P.3221[549303":"","P.3221[596327":"","P.6241[595160":"","P.VilleSitra[30471":"","P.VillageDeDepart[30471":""},"DateFinPublication":""},"Fichier":{"Image":[{"url":"https:\/\/www.sja73.com\/medias\/images\/prestations\/65821-img_20210211_111934.jpg","chemin":"..\/medias\/images\/prestations\/65821-img_20210211_111934.jpg","libelle":"Ski de randonn\u00e9e encadr\u00e9 par les moniteurs de l'ESF_Saint-Jean-d'Arves","extension":"jpg","categorie":"","largeur":3000,"theme":"","hauteur":4000,"type":"Image","origine":"","liaisonPave":"","langue":"","id":"65821","urlVignette":"https:\/\/www.sja73.com\/medias\/images\/prestations\/v-65821-img_20210211_111934.jpg","alt":"Ski de randonn\u00e9e encadr\u00e9 par les moniteurs de l'ESF_Saint-Jean-d'Arves","title":"Ski de randonn\u00e9e encadr\u00e9 par les moniteurs de l'ESF_Saint-Jean-d'Arves","MultiTaille":{"1920x1440":{"url":"https:\/\/www.sja73.com\/medias\/images\/prestations\/multitailles\/1920x1440_65821-img_20210211_111934.jpg"},"1200x900":{"url":"https:\/\/www.sja73.com\/medias\/images\/prestations\/multitailles\/1200x900_65821-img_20210211_111934.jpg"},"800x600":{"url":"https:\/\/www.sja73.com\/medias\/images\/prestations\/multitailles\/800x600_65821-img_20210211_111934.jpg"},"640x480":{"url":"https:\/\/www.sja73.com\/medias\/images\/prestations\/multitailles\/640x480_65821-img_20210211_111934.jpg"},"320x240":{"url":"https:\/\/www.sja73.com\/medias\/images\/prestations\/multitailles\/320x240_65821-img_20210211_111934.jpg"},"160x120":{"url":"https:\/\/www.sja73.com\/medias\/images\/prestations\/multitailles\/160x120_65821-img_20210211_111934.jpg"},"origine":{"url":"https:\/\/www.sja73.com\/medias\/images\/prestations\/65821-img_20210211_111934.jpg"}},"urlLien":"","typeLien":"","nofollow":"N","copyright":""},{"url":"https:\/\/www.sja73.com\/medias\/images\/prestations\/65822-img_20210107_102754_01.jpg","chemin":"..\/medias\/images\/prestations\/65822-img_20210107_102754_01.jpg","libelle":"Ski de randonn\u00e9e encadr\u00e9 par les moniteurs de l'ESF_Saint-Jean-d'Arves","extension":"jpg","categorie":"","largeur":3000,"theme":"","hauteur":3649,"type":"Image","origine":"","liaisonPave":"","langue":"","id":"65822","urlVignette":"https:\/\/www.sja73.com\/medias\/images\/prestations\/v-65822-img_20210107_102754_01.jpg","alt":"Ski de randonn\u00e9e encadr\u00e9 par les moniteurs de l'ESF_Saint-Jean-d'Arves","title":"Ski de randonn\u00e9e encadr\u00e9 par les moniteurs de l'ESF_Saint-Jean-d'Arves","MultiTaille":{"1920x1440":{"url":"https:\/\/www.sja73.com\/medias\/images\/prestations\/multitailles\/1920x1440_65822-img_20210107_102754_01.jpg"},"1200x900":{"url":"https:\/\/www.sja73.com\/medias\/images\/prestations\/multitailles\/1200x900_65822-img_20210107_102754_01.jpg"},"800x600":{"url":"https:\/\/www.sja73.com\/medias\/images\/prestations\/multitailles\/800x600_65822-img_20210107_102754_01.jpg"},"640x480":{"url":"https:\/\/www.sja73.com\/medias\/images\/prestations\/multitailles\/640x480_65822-img_20210107_102754_01.jpg"},"320x240":{"url":"https:\/\/www.sja73.com\/medias\/images\/prestations\/multitailles\/320x240_65822-img_20210107_102754_01.jpg"},"160x120":{"url":"https:\/\/www.sja73.com\/medias\/images\/prestations\/multitailles\/160x120_65822-img_20210107_102754_01.jpg"},"origine":{"url":"https:\/\/www.sja73.com\/medias\/images\/prestations\/65822-img_20210107_102754_01.jpg"}},"urlLien":"","typeLien":"","nofollow":"N","copyright":""},{"url":"https:\/\/www.sja73.com\/medias\/images\/prestations\/65823-img_20210107_wa0017.jpg","chemin":"..\/medias\/images\/prestations\/65823-img_20210107_wa0017.jpg","libelle":"Ski de randonn\u00e9e encadr\u00e9 par les moniteurs de l'ESF_Saint-Jean-d'Arves","extension":"jpg","categorie":"","largeur":1512,"theme":"","hauteur":1512,"type":"Image","origine":"","liaisonPave":"","langue":"","id":"65823","urlVignette":"https:\/\/www.sja73.com\/medias\/images\/prestations\/v-65823-img_20210107_wa0017.jpg","alt":"Ski de randonn\u00e9e encadr\u00e9 par les moniteurs de l'ESF_Saint-Jean-d'Arves","title":"Ski de randonn\u00e9e encadr\u00e9 par les moniteurs de l'ESF_Saint-Jean-d'Arves","MultiTaille":{"1920x1440":{"url":"https:\/\/www.sja73.com\/medias\/images\/prestations\/multitailles\/1920x1440_65823-img_20210107_wa0017.jpg"},"1200x900":{"url":"https:\/\/www.sja73.com\/medias\/images\/prestations\/multitailles\/1200x900_65823-img_20210107_wa0017.jpg"},"800x600":{"url":"https:\/\/www.sja73.com\/medias\/images\/prestations\/multitailles\/800x600_65823-img_20210107_wa0017.jpg"},"640x480":{"url":"https:\/\/www.sja73.com\/medias\/images\/prestations\/multitailles\/640x480_65823-img_20210107_wa0017.jpg"},"320x240":{"url":"https:\/\/www.sja73.com\/medias\/images\/prestations\/multitailles\/320x240_65823-img_20210107_wa0017.jpg"},"160x120":{"url":"https:\/\/www.sja73.com\/medias\/images\/prestations\/multitailles\/160x120_65823-img_20210107_wa0017.jpg"},"origine":{"url":"https:\/\/www.sja73.com\/medias\/images\/prestations\/65823-img_20210107_wa0017.jpg"}},"urlLien":"","typeLien":"","nofollow":"N","copyright":""},{"url":"https:\/\/www.sja73.com\/medias\/images\/prestations\/65824-img_20210110_112414.jpg","chemin":"..\/medias\/images\/prestations\/65824-img_20210110_112414.jpg","libelle":"Ski de randonn\u00e9e encadr\u00e9 par les moniteurs de l'ESF_Saint-Jean-d'Arves","extension":"jpg","categorie":"","largeur":3000,"theme":"","hauteur":4000,"type":"Image","origine":"","liaisonPave":"","langue":"","id":"65824","urlVignette":"https:\/\/www.sja73.com\/medias\/images\/prestations\/v-65824-img_20210110_112414.jpg","alt":"Ski de randonn\u00e9e encadr\u00e9 par les moniteurs de l'ESF_Saint-Jean-d'Arves","title":"Ski de randonn\u00e9e encadr\u00e9 par les moniteurs de l'ESF_Saint-Jean-d'Arves","MultiTaille":{"1920x1440":{"url":"https:\/\/www.sja73.com\/medias\/images\/prestations\/multitailles\/1920x1440_65824-img_20210110_112414.jpg"},"1200x900":{"url":"https:\/\/www.sja73.com\/medias\/images\/prestations\/multitailles\/1200x900_65824-img_20210110_112414.jpg"},"800x600":{"url":"https:\/\/www.sja73.com\/medias\/images\/prestations\/multitailles\/800x600_65824-img_20210110_112414.jpg"},"640x480":{"url":"https:\/\/www.sja73.com\/medias\/images\/prestations\/multitailles\/640x480_65824-img_20210110_112414.jpg"},"320x240":{"url":"https:\/\/www.sja73.com\/medias\/images\/prestations\/multitailles\/320x240_65824-img_20210110_112414.jpg"},"160x120":{"url":"https:\/\/www.sja73.com\/medias\/images\/prestations\/multitailles\/160x120_65824-img_20210110_112414.jpg"},"origine":{"url":"https:\/\/www.sja73.com\/medias\/images\/prestations\/65824-img_20210110_112414.jpg"}},"urlLien":"","typeLien":"","nofollow":"N","copyright":""},{"url":"https:\/\/www.sja73.com\/medias\/images\/prestations\/65825-img_20210211_114222.jpg","chemin":"..\/medias\/images\/prestations\/65825-img_20210211_114222.jpg","libelle":"Ski de randonn\u00e9e encadr\u00e9 par les moniteurs de l'ESF_Saint-Jean-d'Arves","extension":"jpg","categorie":"","largeur":4000,"theme":"","hauteur":3000,"type":"Image","origine":"","liaisonPave":"","langue":"","id":"65825","urlVignette":"https:\/\/www.sja73.com\/medias\/images\/prestations\/v-65825-img_20210211_114222.jpg","alt":"Ski de randonn\u00e9e encadr\u00e9 par les moniteurs de l'ESF_Saint-Jean-d'Arves","title":"Ski de randonn\u00e9e encadr\u00e9 par les moniteurs de l'ESF_Saint-Jean-d'Arves","MultiTaille":{"1920x1440":{"url":"https:\/\/www.sja73.com\/medias\/images\/prestations\/multitailles\/1920x1440_65825-img_20210211_114222.jpg"},"1200x900":{"url":"https:\/\/www.sja73.com\/medias\/images\/prestations\/multitailles\/1200x900_65825-img_20210211_114222.jpg"},"800x600":{"url":"https:\/\/www.sja73.com\/medias\/images\/prestations\/multitailles\/800x600_65825-img_20210211_114222.jpg"},"640x480":{"url":"https:\/\/www.sja73.com\/medias\/images\/prestations\/multitailles\/640x480_65825-img_20210211_114222.jpg"},"320x240":{"url":"https:\/\/www.sja73.com\/medias\/images\/prestations\/multitailles\/320x240_65825-img_20210211_114222.jpg"},"160x120":{"url":"https:\/\/www.sja73.com\/medias\/images\/prestations\/multitailles\/160x120_65825-img_20210211_114222.jpg"},"origine":{"url":"https:\/\/www.sja73.com\/medias\/images\/prestations\/65825-img_20210211_114222.jpg"}},"urlLien":"","typeLien":"","nofollow":"N","copyright":""}],"ByCategorie":{"":[{"url":"https:\/\/www.sja73.com\/medias\/images\/prestations\/65821-img_20210211_111934.jpg","chemin":"..\/medias\/images\/prestations\/65821-img_20210211_111934.jpg","libelle":"Ski de randonn\u00e9e encadr\u00e9 par les moniteurs de l'ESF_Saint-Jean-d'Arves","extension":"jpg","categorie":"","largeur":3000,"theme":"","hauteur":4000,"type":"Image","origine":"","liaisonPave":"","langue":"","id":"65821","urlVignette":"https:\/\/www.sja73.com\/medias\/images\/prestations\/v-65821-img_20210211_111934.jpg","alt":"Ski de randonn\u00e9e encadr\u00e9 par les moniteurs de l'ESF_Saint-Jean-d'Arves","title":"Ski de randonn\u00e9e encadr\u00e9 par les moniteurs de l'ESF_Saint-Jean-d'Arves","MultiTaille":{"1920x1440":{"url":"https:\/\/www.sja73.com\/medias\/images\/prestations\/multitailles\/1920x1440_65821-img_20210211_111934.jpg"},"1200x900":{"url":"https:\/\/www.sja73.com\/medias\/images\/prestations\/multitailles\/1200x900_65821-img_20210211_111934.jpg"},"800x600":{"url":"https:\/\/www.sja73.com\/medias\/images\/prestations\/multitailles\/800x600_65821-img_20210211_111934.jpg"},"640x480":{"url":"https:\/\/www.sja73.com\/medias\/images\/prestations\/multitailles\/640x480_65821-img_20210211_111934.jpg"},"320x240":{"url":"https:\/\/www.sja73.com\/medias\/images\/prestations\/multitailles\/320x240_65821-img_20210211_111934.jpg"},"160x120":{"url":"https:\/\/www.sja73.com\/medias\/images\/prestations\/multitailles\/160x120_65821-img_20210211_111934.jpg"},"origine":{"url":"https:\/\/www.sja73.com\/medias\/images\/prestations\/65821-img_20210211_111934.jpg"}},"urlLien":"","typeLien":"","nofollow":"N","copyright":""},{"url":"https:\/\/www.sja73.com\/medias\/images\/prestations\/65822-img_20210107_102754_01.jpg","chemin":"..\/medias\/images\/prestations\/65822-img_20210107_102754_01.jpg","libelle":"Ski de randonn\u00e9e encadr\u00e9 par les moniteurs de l'ESF_Saint-Jean-d'Arves","extension":"jpg","categorie":"","largeur":3000,"theme":"","hauteur":3649,"type":"Image","origine":"","liaisonPave":"","langue":"","id":"65822","urlVignette":"https:\/\/www.sja73.com\/medias\/images\/prestations\/v-65822-img_20210107_102754_01.jpg","alt":"Ski de randonn\u00e9e encadr\u00e9 par les moniteurs de l'ESF_Saint-Jean-d'Arves","title":"Ski de randonn\u00e9e encadr\u00e9 par les moniteurs de l'ESF_Saint-Jean-d'Arves","MultiTaille":{"1920x1440":{"url":"https:\/\/www.sja73.com\/medias\/images\/prestations\/multitailles\/1920x1440_65822-img_20210107_102754_01.jpg"},"1200x900":{"url":"https:\/\/www.sja73.com\/medias\/images\/prestations\/multitailles\/1200x900_65822-img_20210107_102754_01.jpg"},"800x600":{"url":"https:\/\/www.sja73.com\/medias\/images\/prestations\/multitailles\/800x600_65822-img_20210107_102754_01.jpg"},"640x480":{"url":"https:\/\/www.sja73.com\/medias\/images\/prestations\/multitailles\/640x480_65822-img_20210107_102754_01.jpg"},"320x240":{"url":"https:\/\/www.sja73.com\/medias\/images\/prestations\/multitailles\/320x240_65822-img_20210107_102754_01.jpg"},"160x120":{"url":"https:\/\/www.sja73.com\/medias\/images\/prestations\/multitailles\/160x120_65822-img_20210107_102754_01.jpg"},"origine":{"url":"https:\/\/www.sja73.com\/medias\/images\/prestations\/65822-img_20210107_102754_01.jpg"}},"urlLien":"","typeLien":"","nofollow":"N","copyright":""},{"url":"https:\/\/www.sja73.com\/medias\/images\/prestations\/65823-img_20210107_wa0017.jpg","chemin":"..\/medias\/images\/prestations\/65823-img_20210107_wa0017.jpg","libelle":"Ski de randonn\u00e9e encadr\u00e9 par les moniteurs de l'ESF_Saint-Jean-d'Arves","extension":"jpg","categorie":"","largeur":1512,"theme":"","hauteur":1512,"type":"Image","origine":"","liaisonPave":"","langue":"","id":"65823","urlVignette":"https:\/\/www.sja73.com\/medias\/images\/prestations\/v-65823-img_20210107_wa0017.jpg","alt":"Ski de randonn\u00e9e encadr\u00e9 par les moniteurs de l'ESF_Saint-Jean-d'Arves","title":"Ski de randonn\u00e9e encadr\u00e9 par les moniteurs de l'ESF_Saint-Jean-d'Arves","MultiTaille":{"1920x1440":{"url":"https:\/\/www.sja73.com\/medias\/images\/prestations\/multitailles\/1920x1440_65823-img_20210107_wa0017.jpg"},"1200x900":{"url":"https:\/\/www.sja73.com\/medias\/images\/prestations\/multitailles\/1200x900_65823-img_20210107_wa0017.jpg"},"800x600":{"url":"https:\/\/www.sja73.com\/medias\/images\/prestations\/multitailles\/800x600_65823-img_20210107_wa0017.jpg"},"640x480":{"url":"https:\/\/www.sja73.com\/medias\/images\/prestations\/multitailles\/640x480_65823-img_20210107_wa0017.jpg"},"320x240":{"url":"https:\/\/www.sja73.com\/medias\/images\/prestations\/multitailles\/320x240_65823-img_20210107_wa0017.jpg"},"160x120":{"url":"https:\/\/www.sja73.com\/medias\/images\/prestations\/multitailles\/160x120_65823-img_20210107_wa0017.jpg"},"origine":{"url":"https:\/\/www.sja73.com\/medias\/images\/prestations\/65823-img_20210107_wa0017.jpg"}},"urlLien":"","typeLien":"","nofollow":"N","copyright":""},{"url":"https:\/\/www.sja73.com\/medias\/images\/prestations\/65824-img_20210110_112414.jpg","chemin":"..\/medias\/images\/prestations\/65824-img_20210110_112414.jpg","libelle":"Ski de randonn\u00e9e encadr\u00e9 par les moniteurs de l'ESF_Saint-Jean-d'Arves","extension":"jpg","categorie":"","largeur":3000,"theme":"","hauteur":4000,"type":"Image","origine":"","liaisonPave":"","langue":"","id":"65824","urlVignette":"https:\/\/www.sja73.com\/medias\/images\/prestations\/v-65824-img_20210110_112414.jpg","alt":"Ski de randonn\u00e9e encadr\u00e9 par les moniteurs de l'ESF_Saint-Jean-d'Arves","title":"Ski de randonn\u00e9e encadr\u00e9 par les moniteurs de l'ESF_Saint-Jean-d'Arves","MultiTaille":{"1920x1440":{"url":"https:\/\/www.sja73.com\/medias\/images\/prestations\/multitailles\/1920x1440_65824-img_20210110_112414.jpg"},"1200x900":{"url":"https:\/\/www.sja73.com\/medias\/images\/prestations\/multitailles\/1200x900_65824-img_20210110_112414.jpg"},"800x600":{"url":"https:\/\/www.sja73.com\/medias\/images\/prestations\/multitailles\/800x600_65824-img_20210110_112414.jpg"},"640x480":{"url":"https:\/\/www.sja73.com\/medias\/images\/prestations\/multitailles\/640x480_65824-img_20210110_112414.jpg"},"320x240":{"url":"https:\/\/www.sja73.com\/medias\/images\/prestations\/multitailles\/320x240_65824-img_20210110_112414.jpg"},"160x120":{"url":"https:\/\/www.sja73.com\/medias\/images\/prestations\/multitailles\/160x120_65824-img_20210110_112414.jpg"},"origine":{"url":"https:\/\/www.sja73.com\/medias\/images\/prestations\/65824-img_20210110_112414.jpg"}},"urlLien":"","typeLien":"","nofollow":"N","copyright":""},{"url":"https:\/\/www.sja73.com\/medias\/images\/prestations\/65825-img_20210211_114222.jpg","chemin":"..\/medias\/images\/prestations\/65825-img_20210211_114222.jpg","libelle":"Ski de randonn\u00e9e encadr\u00e9 par les moniteurs de l'ESF_Saint-Jean-d'Arves","extension":"jpg","categorie":"","largeur":4000,"theme":"","hauteur":3000,"type":"Image","origine":"","liaisonPave":"","langue":"","id":"65825","urlVignette":"https:\/\/www.sja73.com\/medias\/images\/prestations\/v-65825-img_20210211_114222.jpg","alt":"Ski de randonn\u00e9e encadr\u00e9 par les moniteurs de l'ESF_Saint-Jean-d'Arves","title":"Ski de randonn\u00e9e encadr\u00e9 par les moniteurs de l'ESF_Saint-Jean-d'Arves","MultiTaille":{"1920x1440":{"url":"https:\/\/www.sja73.com\/medias\/images\/prestations\/multitailles\/1920x1440_65825-img_20210211_114222.jpg"},"1200x900":{"url":"https:\/\/www.sja73.com\/medias\/images\/prestations\/multitailles\/1200x900_65825-img_20210211_114222.jpg"},"800x600":{"url":"https:\/\/www.sja73.com\/medias\/images\/prestations\/multitailles\/800x600_65825-img_20210211_114222.jpg"},"640x480":{"url":"https:\/\/www.sja73.com\/medias\/images\/prestations\/multitailles\/640x480_65825-img_20210211_114222.jpg"},"320x240":{"url":"https:\/\/www.sja73.com\/medias\/images\/prestations\/multitailles\/320x240_65825-img_20210211_114222.jpg"},"160x120":{"url":"https:\/\/www.sja73.com\/medias\/images\/prestations\/multitailles\/160x120_65825-img_20210211_114222.jpg"},"origine":{"url":"https:\/\/www.sja73.com\/medias\/images\/prestations\/65825-img_20210211_114222.jpg"}},"urlLien":"","typeLien":"","nofollow":"N","copyright":""}]}},"DateDebPublication":"","DateFinPublication":"","PrixAPartirDe":"","PrixPour":"","FicheListeEnCours":"fiche_liste_activites_loisirs_culture_prestation_v2","ParametresModele":{"AfficherPhotos":"1","NbPhotosMax":6,"AfficherReserver":0,"AfficherContact":0,"AfficherSalle":1,"AfficherZoneGeo":0,"AfficherEnSavoirPlus":"0","AfficherUneSeuleOuverture":0,"AfficherContactCarte":1,"AfficherTarifsChaudAPartirDe":0,"AfficherTarifChaudSansRecherche":0,"AfficherLiensCarnetVoyage":"1","Criteres":"AFFICHAGESITE[ADHERENTOUICOMPLET","PositionBloc":"GALLERIE|NOM|CARNET_VOYAGE|URL","TypePrestataire":"E","ComportementResa":false,"ComportementDispo":false},"AffichageCoordonnees":[],"Coordonnees":{"Ville":"Saint-Jean-d'Arves"},"ContexteId":"PRESTATION|E|486301|5698712","ContexteIdHtml":"PRESTATION-E-486301-5698712","cleContexte":"E|486301|5698712","Bloc":{"texte1":"","texte3":"","critere1":{"libelle":"","contenu":[]},"critere2":{"libelle":"","contenu":[]},"critere3":{"libelle":"","contenu":[]},"critere4":{"libelle":"","contenu":[]},"critere5":{"libelle":"","contenu":[]},"critere6":{"libelle":"","contenu":[]},"critere7":{"libelle":"","contenu":[]},"critere8":{"libelle":"","contenu":[]},"critere9":{"libelle":"","contenu":[]}},"LocalisationGps":{"Latitude":"45.213942","Longitude":"6.265794"},"libelleDuPrestataire":"","vuePrestataire":{"pave1":{"libelle":"Descriptif court","contenu":"Ski alpin, snowboard, ski de rando, freestyle. En groupe ou priv\u00e9s, tous niveaux. \u003Cbr \/\u003E\r\nAnimations : raquettes nocturnes, initiation biathlon laser, descente au flambeaux...\u003Cbr \/\u003E\r\nR\u00e9servation en ligne ou \u00e0 l'ESF, en fonction de la disponibilit\u00e9 des moniteurs."},"pave2":{"libelle":"Descriptif d\u00e9taill\u00e9","contenu":"Du cours particulier au cours collectif, du niveau d\u00e9butant \u00e0 la comp\u00e9tition, pour faire aimer la montagne aux plus petits et aux plus grands !\u003Cbr \/\u003E\r\n\u003Cbr \/\u003E\r\n20 moniteurs. \u003Cbr \/\u003E\r\nBureau dans le b\u00e2timent de l'Office de Tourisme, au hameau de La Chal. \u003Cbr \/\u003E\r\n\u003Cbr \/\u003E\r\nCOURS COLLECTIFS (3 \u00e0 5 ans) :\u003Cbr \/\u003E\r\nDes premiers pas sur la neige jusqu'\u00e0 la 1e \u00e9toile. \u003Cbr \/\u003E\r\n- Club Piou Piou : premiers pas \u00e0 ski, option pack garderie \u00e0 la demi journ\u00e9e ou \u00e0 la journ\u00e9e.\u003Cbr \/\u003E\r\n- Cours Ourson : d\u00e9marrage au club Piou-Piou (niveau Garolou) et \u00e9volution vers l'Ourson. \u003Cbr \/\u003E\r\n- Cours Flocon et 1e \u00e9toile : d\u00e8s le niveau Ourson. \u003Cbr \/\u003E\r\nLes cours commencent le dimanche et se terminent le vendredi (6 jours) avec 2 heures par jour.\u003Cbr \/\u003E\r\nSelon la semaine, cr\u00e9neaux horaires : 9h-11h \/ 11h-13h ou 15h-17h.\u003Cbr \/\u003E\r\nM\u00e9daille incluse pour forfait 6 jours. \u003Cbr \/\u003E\r\n\u003Cbr \/\u003E\r\nCOURS COLLECTIFS (6 \u00e0 12 ans) :\u003Cbr \/\u003E\r\nDu niveau d\u00e9butant \u00e0 la comp\u00e9tition. \u003Cbr \/\u003E\r\n- Cours de ski d\u00e9butant\u003Cbr \/\u003E\r\n- R\u00eaves d'\u00c9toiles : du flocon \u00e0 la 3\u00e8me \u00e9toile\u003Cbr \/\u003E\r\n- Team \u00c9toiles : de l'\u00e9toile de bronze \u00e0 l'\u00e9toile d'or. Inscription test comp\u00e9tition (fl\u00e8che, chamois) incluse. Pendant les vacances scolaires.\u003Cbr \/\u003E\r\n- Stage comp\u00e9tition : apr\u00e8s l'\u00e9toile d'or. Inscription test comp\u00e9tition (fl\u00e8che, chamois) incluse. Pendant les vacances scolaires.\u003Cbr \/\u003E\r\nM\u00e9daille incluse pour forfait 6 jours. \u003Cbr \/\u003E\r\n\u003Cbr \/\u003E\r\nCOURS COLLECTIFS (d\u00e8s 13 ans et adultes) :\u003Cbr \/\u003E\r\nDu niveau d\u00e9butant \u00e0 expert. \u003Cbr \/\u003E\r\nLes cours commencent le dimanche et se terminent le vendredi (6 jours) avec 2 heures par jour.\u003Cbr \/\u003E\r\nSelon la semaine, cr\u00e9neaux horaires : 9h-11h \/ 11h-13h ou 15h-17h.\u003Cbr \/\u003E\r\nM\u00e9daille incluse pour forfait 6 jours. \u003Cbr \/\u003E\r\n\u003Cbr \/\u003E\r\nCOURS COLLECTIFS SNOWBOARD (d\u00e8s 8 ans et adultes) :\u003Cbr \/\u003E\r\nTous niveaux. \u003Cbr \/\u003E\r\nLes cours commencent le dimanche et se terminent le vendredi (6 jours) avec 2 heures par jour.\u003Cbr \/\u003E\r\nSelon la semaine, cr\u00e9neaux horaires : 9h-11h \/ 11h-13h ou 15h-17h.\u003Cbr \/\u003E\r\nM\u00e9daille incluse pour forfait 6 jours. \u003Cbr \/\u003E\r\n\u003Cbr \/\u003E\r\nCOURS PRIV\u00c9S :\u003Cbr \/\u003E\r\nSki ou snowboard, tous niveaux.\u003Cbr \/\u003E\r\nDe 1 \u00e0 5 personnes. 1h \u00e0 2h de cours.\u003Cbr \/\u003E\r\nM\u00e9daille non incluse (7\u20ac).\u003Cbr \/\u003E\r\nRenseignements et r\u00e9servations aupr\u00e8s de l'ESF. \u003Cbr \/\u003E\r\n\u003Cbr \/\u003E\r\nPOINT DE RASSEMBLEMENT : \u003Cbr \/\u003E\r\n\u00c0 l'entr\u00e9e du front de neige de Saint Jean d'Arves, selon la cat\u00e9gorie (ourson, \u00e9toiles, etc.). \u003Cbr \/\u003E\r\n\u003Cbr \/\u003E\r\nASSURANCE :\u003Cbr \/\u003E\r\nLes enfants ne sont pas assur\u00e9s par l'ESF. Pour \u00e9viter les cons\u00e9quences financi\u00e8res d'un accident nous vous conseillons de prendre la Carte Neige de la Station.\u003Cbr \/\u003E\r\n\u003Cbr \/\u003E\r\nEVENEMENTS DE L'ESF :\u003Cbr \/\u003E\r\n- Inscription \u00e0 la Descente aux flambeaux ouverte \u00e0 tous, niveau flocon minimum. Le mercredi soir pendant les vacances scolaires. Vente de flambeaux \u00e0 l'ESF Saint Jean d'Arves 8\u20ac\/flambeau. Plus d'infos dans le programme d'animations hebdomadaire.\u003Cbr \/\u003E\r\n- Initiation au biathlon laser (8\u20ac\/pers.)\u003Cbr \/\u003E\r\n- Initiation au D.V.A. D\u00e9tection de Victimes d'Avalanche (8\u20ac\/pers.)\u003Cbr \/\u003E\r\n- Raquettes au coucher de soleil (25\u20ac)\u003Cbr \/\u003E\r\n- Inscription test Fl\u00e8che \/ Chamois (10\u20ac)\u003Cbr \/\u003E\r\n- M\u00e9morial des moniteurs de ski le 06 janvier 2026\u003Cbr \/\u003E\r\n- Championnat de Savoie U14 (coupe argent filles) le 23 janvier 2026 - organis\u00e9 par le ski club\u003Cbr \/\u003E\r\n- Championnat de Savoie U14 (coupe argent gar\u00e7ons) le 23 janvier 2026 - organis\u00e9 par le ski club"},"pave3":{"libelle":"Bons plans","contenu":"Les cours de ski se r\u00e9servent directement en ligne."},"pave4":{"libelle":"Compl\u00e9ment localisation","contenu":""},"pave5":{"libelle":"Compl\u00e9ment accueil","contenu":""},"pave6":{"libelle":"P\u00e9riodes en clair","contenu":"Du 13\/12\/2025 au 10\/04\/2026 tous les jours.\u003Cbr \/\u003E\n9h00 - 12h00\u003Cbr \/\u003E\r\n14h00 - 18h00."},"pave7":{"libelle":"Tarifs en clair","contenu":"COURS COLLECTIFS (6 x 2h) \u003Cbr \/\u003E\r\n- Pour Club Piou-Piou (3-6 ans), pour les cours enfants (6-12 ans), pour les cours adultes et pour les cours snowboards : de 161\u20ac \u00e0 168\u20ac suivant la p\u00e9riode (m\u00e9daille incluse pour forfait 6 jours).\u003Cbr \/\u003E\r\n- Pour les cours Team \u00c9toiles et Stage Comp\u00e9tition (test et m\u00e9daille incluse) : 178\u20ac\u003Cbr \/\u003E\r\n\u003Cbr \/\u003E\r\nCOURS PRIV\u00c9S (1h) \u003Cbr \/\u003E\r\n- 1 personne : 52\u20ac\u003Cbr \/\u003E\r\n- 2-3 personnes : 74\u20ac\u003Cbr \/\u003E\r\n- 4-5 personnes : 97\u20ac\u003Cbr \/\u003E\r\n- m\u00e9daille : 7\u20ac\u003Cbr \/\u003E\r\n\u003Cbr \/\u003E\r\nTARIFS GROUPES (vacation de 2h) \u003Cbr \/\u003E\r\n- Classes de neige (ski alpin, initiation biathlon laser, sortie raquettes, initiation DVA, formation neige et avalanche) : d\u00e8s 84\u20ac\u003Cbr \/\u003E\r\n- Mairie, associations : d\u00e8s 160\u20ac\u003Cbr \/\u003E\r\n\u003Cbr \/\u003E\r\nPlus d'infos sur le site de l'ESF."},"pave8":{"libelle":"Compl\u00e9ment Tarifs","contenu":""},"pave9":{"libelle":"Compl\u00e9ment R\u00e9servation","contenu":""},"pave10":{"libelle":"Descriptif court","contenu":""},"pave11":{"libelle":"Descriptif d\u00e9taill\u00e9","contenu":""},"pave12":{"libelle":"Compl\u00e9ment localisation","contenu":""},"pave13":{"libelle":"Compl\u00e9ment accueil","contenu":""},"pave14":{"libelle":"P\u00e9riodes en clair","contenu":""},"pave15":{"libelle":"Tarifs en clair","contenu":""},"pave16":{"libelle":"Compl\u00e9ment Tarifs","contenu":""},"pave17":{"libelle":"Compl\u00e9ment R\u00e9servation","contenu":""},"pave18":{"libelle":"Descriptif court","contenu":""},"pave19":{"libelle":"Descriptif d\u00e9taill\u00e9","contenu":""},"pave20":{"libelle":"Compl\u00e9ment localisation","contenu":""},"pave21":{"libelle":"Compl\u00e9ment accueil","contenu":""},"pave22":{"libelle":"P\u00e9riodes en clair","contenu":""},"pave23":{"libelle":"Tarifs en clair","contenu":""},"pave24":{"libelle":"Compl\u00e9ment Tarifs","contenu":""},"pave25":{"libelle":"Compl\u00e9ment R\u00e9servation","contenu":""},"ContactsParType":{"DIR":{"59752":{"id_contact":"59752","type_contact":"DIR","categorie_contact":"PRESTATAIRE","societe_contact":"","fonction_contact":"","civilite_nom_prenom_contact":"M Besse Yann ","adresse1_contact":"","adresse2_contact":"","adresse3_contact":"","cpostal_contact":"","ville_contact":"","teldom_contact":"","telbur_contact":"","fax_contact":"","portable_contact":"","email_contact":"","siteweb_contact":"","commentaire_contact":"","langue_contact":"","autre_moyen_com":[]}},"RES":{"59753":{"id_contact":"59753","type_contact":"RES","categorie_contact":"PRESTATAIRE","societe_contact":"","fonction_contact":"","civilite_nom_prenom_contact":"ESF Saint Jean d'Arves ","adresse1_contact":"","adresse2_contact":"","adresse3_contact":"","cpostal_contact":"","ville_contact":"","teldom_contact":"0033 (0)4 79 59 71 83","telbur_contact":"","fax_contact":"","portable_contact":"","email_contact":"contact@esf-saintjeandarves.fr","siteweb_contact":"","commentaire_contact":"","langue_contact":"","autre_moyen_com":[]}}},"Libelle":"ESF Saint Jean d'Arves","Nom":"ESF Saint Jean d'Arves ","Prenom":"","NomPrenom":"ESF Saint Jean d'Arves  ","CiviliteNomPrenom":"ESF Saint Jean d'Arves  ","Cle":"E|486301","PrestataireParent":"","ContexteStat":"PRESTATAIRE-E-486301","DateModificationIso":"2026-04-18T00:41:00+02:00","Type":"PRESTATAIRE","TypePrestataire":"E","Adresse":{"LigneAdresse1":"","LigneAdresse2":"","LigneAdresse3":"","CodePostal":"","Ville":"","Cedex":"","Etat":"","Pays":""},"Email":"contact@esf-saintjeandarves.fr","Telephone":"0033 (0)4 79 59 71 83","TelephoneBureau":"","Portable":"","SiteWeb":"","Fax":"","Id":"e-486301","Code":"E|486301","Fichier":{"Image":[{"url":"https:\/\/www.sja73.com\/medias\/images\/prestataires\/50193-20250228_094544.jpg","chemin":"..\/medias\/images\/prestataires\/50193-20250228_094544.jpg","libelle":"ESF Saint Jean d'Arves_Saint-Jean-d'Arves","extension":"jpg","categorie":"","largeur":4032,"theme":"","hauteur":3024,"type":"Image","origine":"","liaisonPave":"","langue":"","id":"50237","urlVignette":"https:\/\/www.sja73.com\/medias\/images\/prestataires\/v-50193-20250228_094544.jpg","alt":"ESF Saint Jean d'Arves_Saint-Jean-d'Arves","title":"ESF Saint Jean d'Arves_Saint-Jean-d'Arves","MultiTaille":{"1920x1440":{"url":"https:\/\/www.sja73.com\/medias\/images\/prestataires\/multitailles\/1920x1440_50193-20250228_094544.jpg"},"1200x900":{"url":"https:\/\/www.sja73.com\/medias\/images\/prestataires\/multitailles\/1200x900_50193-20250228_094544.jpg"},"800x600":{"url":"https:\/\/www.sja73.com\/medias\/images\/prestataires\/multitailles\/800x600_50193-20250228_094544.jpg"},"640x480":{"url":"https:\/\/www.sja73.com\/medias\/images\/prestataires\/multitailles\/640x480_50193-20250228_094544.jpg"},"320x240":{"url":"https:\/\/www.sja73.com\/medias\/images\/prestataires\/multitailles\/320x240_50193-20250228_094544.jpg"},"160x120":{"url":"https:\/\/www.sja73.com\/medias\/images\/prestataires\/multitailles\/160x120_50193-20250228_094544.jpg"},"origine":{"url":"https:\/\/www.sja73.com\/medias\/images\/prestataires\/50193-20250228_094544.jpg"}},"urlLien":"","typeLien":"","nofollow":"N","copyright":""},{"url":"https:\/\/www.sja73.com\/medias\/images\/prestataires\/50194-logo_esf_sja_version_2b_rouge_q.png","chemin":"..\/medias\/images\/prestataires\/50194-logo_esf_sja_version_2b_rouge_q.png","libelle":"ESF","extension":"png","categorie":"","largeur":538,"theme":"","hauteur":236,"type":"Image","origine":"","liaisonPave":"","langue":"","id":"50238","urlVignette":"https:\/\/www.sja73.com\/medias\/images\/prestataires\/v-50194-logo_esf_sja_version_2b_rouge_q.png","alt":"ESF","title":"ESF","MultiTaille":{"1920x1440":{"url":"https:\/\/www.sja73.com\/medias\/images\/prestataires\/multitailles\/1920x1440_50194-logo_esf_sja_version_2b_rouge_q.png"},"1200x900":{"url":"https:\/\/www.sja73.com\/medias\/images\/prestataires\/multitailles\/1200x900_50194-logo_esf_sja_version_2b_rouge_q.png"},"800x600":{"url":"https:\/\/www.sja73.com\/medias\/images\/prestataires\/multitailles\/800x600_50194-logo_esf_sja_version_2b_rouge_q.png"},"640x480":{"url":"https:\/\/www.sja73.com\/medias\/images\/prestataires\/multitailles\/640x480_50194-logo_esf_sja_version_2b_rouge_q.png"},"320x240":{"url":"https:\/\/www.sja73.com\/medias\/images\/prestataires\/multitailles\/320x240_50194-logo_esf_sja_version_2b_rouge_q.png"},"160x120":{"url":"https:\/\/www.sja73.com\/medias\/images\/prestataires\/multitailles\/160x120_50194-logo_esf_sja_version_2b_rouge_q.png"},"origine":{"url":"https:\/\/www.sja73.com\/medias\/images\/prestataires\/50194-logo_esf_sja_version_2b_rouge_q.png"}},"urlLien":"","typeLien":"","nofollow":"N","copyright":"ESF SJA"},{"url":"https:\/\/www.sja73.com\/medias\/images\/prestataires\/50195-snowpark_avec_thomas_esf_sja_2.jpg","chemin":"..\/medias\/images\/prestataires\/50195-snowpark_avec_thomas_esf_sja_2.jpg","libelle":"ESF Saint Jean d'Arves_Saint-Jean-d'Arves","extension":"jpg","categorie":"","largeur":1920,"theme":"","hauteur":1080,"type":"Image","origine":"","liaisonPave":"","langue":"","id":"50239","urlVignette":"https:\/\/www.sja73.com\/medias\/images\/prestataires\/v-50195-snowpark_avec_thomas_esf_sja_2.jpg","alt":"ESF Saint Jean d'Arves_Saint-Jean-d'Arves","title":"ESF Saint Jean d'Arves_Saint-Jean-d'Arves","MultiTaille":{"1920x1440":{"url":"https:\/\/www.sja73.com\/medias\/images\/prestataires\/multitailles\/1920x1440_50195-snowpark_avec_thomas_esf_sja_2.jpg"},"1200x900":{"url":"https:\/\/www.sja73.com\/medias\/images\/prestataires\/multitailles\/1200x900_50195-snowpark_avec_thomas_esf_sja_2.jpg"},"800x600":{"url":"https:\/\/www.sja73.com\/medias\/images\/prestataires\/multitailles\/800x600_50195-snowpark_avec_thomas_esf_sja_2.jpg"},"640x480":{"url":"https:\/\/www.sja73.com\/medias\/images\/prestataires\/multitailles\/640x480_50195-snowpark_avec_thomas_esf_sja_2.jpg"},"320x240":{"url":"https:\/\/www.sja73.com\/medias\/images\/prestataires\/multitailles\/320x240_50195-snowpark_avec_thomas_esf_sja_2.jpg"},"160x120":{"url":"https:\/\/www.sja73.com\/medias\/images\/prestataires\/multitailles\/160x120_50195-snowpark_avec_thomas_esf_sja_2.jpg"},"origine":{"url":"https:\/\/www.sja73.com\/medias\/images\/prestataires\/50195-snowpark_avec_thomas_esf_sja_2.jpg"}},"urlLien":"","typeLien":"","nofollow":"N","copyright":"ESF Saint Jean d'Arves_Saint-Jean-d'Arves"},{"url":"https:\/\/www.sja73.com\/medias\/images\/prestataires\/50196-10012023_esf_sja_55.jpg","chemin":"..\/medias\/images\/prestataires\/50196-10012023_esf_sja_55.jpg","libelle":"ESF Saint Jean d'Arves_Saint-Jean-d'Arves","extension":"jpg","categorie":"","largeur":6000,"theme":"","hauteur":4000,"type":"Image","origine":"","liaisonPave":"","langue":"","id":"50240","urlVignette":"https:\/\/www.sja73.com\/medias\/images\/prestataires\/v-50196-10012023_esf_sja_55.jpg","alt":"ESF Saint Jean d'Arves_Saint-Jean-d'Arves","title":"ESF Saint Jean d'Arves_Saint-Jean-d'Arves","MultiTaille":{"1920x1440":{"url":"https:\/\/www.sja73.com\/medias\/images\/prestataires\/multitailles\/1920x1440_50196-10012023_esf_sja_55.jpg"},"1200x900":{"url":"https:\/\/www.sja73.com\/medias\/images\/prestataires\/multitailles\/1200x900_50196-10012023_esf_sja_55.jpg"},"800x600":{"url":"https:\/\/www.sja73.com\/medias\/images\/prestataires\/multitailles\/800x600_50196-10012023_esf_sja_55.jpg"},"640x480":{"url":"https:\/\/www.sja73.com\/medias\/images\/prestataires\/multitailles\/640x480_50196-10012023_esf_sja_55.jpg"},"320x240":{"url":"https:\/\/www.sja73.com\/medias\/images\/prestataires\/multitailles\/320x240_50196-10012023_esf_sja_55.jpg"},"160x120":{"url":"https:\/\/www.sja73.com\/medias\/images\/prestataires\/multitailles\/160x120_50196-10012023_esf_sja_55.jpg"},"origine":{"url":"https:\/\/www.sja73.com\/medias\/images\/prestataires\/50196-10012023_esf_sja_55.jpg"}},"urlLien":"","typeLien":"","nofollow":"N","copyright":"ESF Saint Jean d'Arves_Saint-Jean-d'Arves"},{"url":"https:\/\/www.sja73.com\/medias\/images\/prestataires\/50197-100223_remise_de_medailles_5.jpg","chemin":"..\/medias\/images\/prestataires\/50197-100223_remise_de_medailles_5.jpg","libelle":"ESF Saint Jean d'Arves_Saint-Jean-d'Arves","extension":"jpg","categorie":"","largeur":6000,"theme":"","hauteur":4000,"type":"Image","origine":"","liaisonPave":"","langue":"","id":"50241","urlVignette":"https:\/\/www.sja73.com\/medias\/images\/prestataires\/v-50197-100223_remise_de_medailles_5.jpg","alt":"ESF Saint Jean d'Arves_Saint-Jean-d'Arves","title":"ESF Saint Jean d'Arves_Saint-Jean-d'Arves","MultiTaille":{"1920x1440":{"url":"https:\/\/www.sja73.com\/medias\/images\/prestataires\/multitailles\/1920x1440_50197-100223_remise_de_medailles_5.jpg"},"1200x900":{"url":"https:\/\/www.sja73.com\/medias\/images\/prestataires\/multitailles\/1200x900_50197-100223_remise_de_medailles_5.jpg"},"800x600":{"url":"https:\/\/www.sja73.com\/medias\/images\/prestataires\/multitailles\/800x600_50197-100223_remise_de_medailles_5.jpg"},"640x480":{"url":"https:\/\/www.sja73.com\/medias\/images\/prestataires\/multitailles\/640x480_50197-100223_remise_de_medailles_5.jpg"},"320x240":{"url":"https:\/\/www.sja73.com\/medias\/images\/prestataires\/multitailles\/320x240_50197-100223_remise_de_medailles_5.jpg"},"160x120":{"url":"https:\/\/www.sja73.com\/medias\/images\/prestataires\/multitailles\/160x120_50197-100223_remise_de_medailles_5.jpg"},"origine":{"url":"https:\/\/www.sja73.com\/medias\/images\/prestataires\/50197-100223_remise_de_medailles_5.jpg"}},"urlLien":"","typeLien":"","nofollow":"N","copyright":"ESF Saint Jean d'Arves_Saint-Jean-d'Arves"},{"url":"https:\/\/www.sja73.com\/medias\/images\/prestataires\/50198-28032023_sortie_hp_sja_1.jpg","chemin":"..\/medias\/images\/prestataires\/50198-28032023_sortie_hp_sja_1.jpg","libelle":"ESF Saint Jean d'Arves_Saint-Jean-d'Arves","extension":"jpg","categorie":"","largeur":1080,"theme":"","hauteur":1920,"type":"Image","origine":"","liaisonPave":"","langue":"","id":"50242","urlVignette":"https:\/\/www.sja73.com\/medias\/images\/prestataires\/v-50198-28032023_sortie_hp_sja_1.jpg","alt":"ESF Saint Jean d'Arves_Saint-Jean-d'Arves","title":"ESF Saint Jean d'Arves_Saint-Jean-d'Arves","MultiTaille":{"1920x1440":{"url":"https:\/\/www.sja73.com\/medias\/images\/prestataires\/multitailles\/1920x1440_50198-28032023_sortie_hp_sja_1.jpg"},"1200x900":{"url":"https:\/\/www.sja73.com\/medias\/images\/prestataires\/multitailles\/1200x900_50198-28032023_sortie_hp_sja_1.jpg"},"800x600":{"url":"https:\/\/www.sja73.com\/medias\/images\/prestataires\/multitailles\/800x600_50198-28032023_sortie_hp_sja_1.jpg"},"640x480":{"url":"https:\/\/www.sja73.com\/medias\/images\/prestataires\/multitailles\/640x480_50198-28032023_sortie_hp_sja_1.jpg"},"320x240":{"url":"https:\/\/www.sja73.com\/medias\/images\/prestataires\/multitailles\/320x240_50198-28032023_sortie_hp_sja_1.jpg"},"160x120":{"url":"https:\/\/www.sja73.com\/medias\/images\/prestataires\/multitailles\/160x120_50198-28032023_sortie_hp_sja_1.jpg"},"origine":{"url":"https:\/\/www.sja73.com\/medias\/images\/prestataires\/50198-28032023_sortie_hp_sja_1.jpg"}},"urlLien":"","typeLien":"","nofollow":"N","copyright":"ESF Saint Jean d'Arves_Saint-Jean-d'Arves"},{"url":"https:\/\/www.sja73.com\/medias\/images\/prestataires\/50199-100223_remise_de_medailles_8.jpg","chemin":"..\/medias\/images\/prestataires\/50199-100223_remise_de_medailles_8.jpg","libelle":"ESF Saint Jean d'Arves_Saint-Jean-d'Arves","extension":"jpg","categorie":"","largeur":4000,"theme":"","hauteur":6000,"type":"Image","origine":"","liaisonPave":"","langue":"","id":"50243","urlVignette":"https:\/\/www.sja73.com\/medias\/images\/prestataires\/v-50199-100223_remise_de_medailles_8.jpg","alt":"ESF Saint Jean d'Arves_Saint-Jean-d'Arves","title":"ESF Saint Jean d'Arves_Saint-Jean-d'Arves","MultiTaille":{"1920x1440":{"url":"https:\/\/www.sja73.com\/medias\/images\/prestataires\/multitailles\/1920x1440_50199-100223_remise_de_medailles_8.jpg"},"1200x900":{"url":"https:\/\/www.sja73.com\/medias\/images\/prestataires\/multitailles\/1200x900_50199-100223_remise_de_medailles_8.jpg"},"800x600":{"url":"https:\/\/www.sja73.com\/medias\/images\/prestataires\/multitailles\/800x600_50199-100223_remise_de_medailles_8.jpg"},"640x480":{"url":"https:\/\/www.sja73.com\/medias\/images\/prestataires\/multitailles\/640x480_50199-100223_remise_de_medailles_8.jpg"},"320x240":{"url":"https:\/\/www.sja73.com\/medias\/images\/prestataires\/multitailles\/320x240_50199-100223_remise_de_medailles_8.jpg"},"160x120":{"url":"https:\/\/www.sja73.com\/medias\/images\/prestataires\/multitailles\/160x120_50199-100223_remise_de_medailles_8.jpg"},"origine":{"url":"https:\/\/www.sja73.com\/medias\/images\/prestataires\/50199-100223_remise_de_medailles_8.jpg"}},"urlLien":"","typeLien":"","nofollow":"N","copyright":"ESF Saint Jean d'Arves_Saint-Jean-d'Arves"},{"url":"https:\/\/www.sja73.com\/medias\/images\/prestataires\/50200-cc_3e_etoile_avec_david_esf_sja_5.jpg","chemin":"..\/medias\/images\/prestataires\/50200-cc_3e_etoile_avec_david_esf_sja_5.jpg","libelle":"ESF Saint Jean d'Arves_Saint-Jean-d'Arves","extension":"jpg","categorie":"","largeur":3840,"theme":"","hauteur":2160,"type":"Image","origine":"","liaisonPave":"","langue":"","id":"50244","urlVignette":"https:\/\/www.sja73.com\/medias\/images\/prestataires\/v-50200-cc_3e_etoile_avec_david_esf_sja_5.jpg","alt":"ESF Saint Jean d'Arves_Saint-Jean-d'Arves","title":"ESF Saint Jean d'Arves_Saint-Jean-d'Arves","MultiTaille":{"1920x1440":{"url":"https:\/\/www.sja73.com\/medias\/images\/prestataires\/multitailles\/1920x1440_50200-cc_3e_etoile_avec_david_esf_sja_5.jpg"},"1200x900":{"url":"https:\/\/www.sja73.com\/medias\/images\/prestataires\/multitailles\/1200x900_50200-cc_3e_etoile_avec_david_esf_sja_5.jpg"},"800x600":{"url":"https:\/\/www.sja73.com\/medias\/images\/prestataires\/multitailles\/800x600_50200-cc_3e_etoile_avec_david_esf_sja_5.jpg"},"640x480":{"url":"https:\/\/www.sja73.com\/medias\/images\/prestataires\/multitailles\/640x480_50200-cc_3e_etoile_avec_david_esf_sja_5.jpg"},"320x240":{"url":"https:\/\/www.sja73.com\/medias\/images\/prestataires\/multitailles\/320x240_50200-cc_3e_etoile_avec_david_esf_sja_5.jpg"},"160x120":{"url":"https:\/\/www.sja73.com\/medias\/images\/prestataires\/multitailles\/160x120_50200-cc_3e_etoile_avec_david_esf_sja_5.jpg"},"origine":{"url":"https:\/\/www.sja73.com\/medias\/images\/prestataires\/50200-cc_3e_etoile_avec_david_esf_sja_5.jpg"}},"urlLien":"","typeLien":"","nofollow":"N","copyright":"ESF Saint Jean d'Arves_Saint-Jean-d'Arves"},{"url":"https:\/\/www.sja73.com\/medias\/images\/prestataires\/50201-25122022_esfsja_5.jpg","chemin":"..\/medias\/images\/prestataires\/50201-25122022_esfsja_5.jpg","libelle":"ESF Saint Jean d'Arves_Saint-Jean-d'Arves","extension":"jpg","categorie":"","largeur":4000,"theme":"","hauteur":6000,"type":"Image","origine":"","liaisonPave":"","langue":"","id":"50245","urlVignette":"https:\/\/www.sja73.com\/medias\/images\/prestataires\/v-50201-25122022_esfsja_5.jpg","alt":"ESF Saint Jean d'Arves_Saint-Jean-d'Arves","title":"ESF Saint Jean d'Arves_Saint-Jean-d'Arves","MultiTaille":{"1920x1440":{"url":"https:\/\/www.sja73.com\/medias\/images\/prestataires\/multitailles\/1920x1440_50201-25122022_esfsja_5.jpg"},"1200x900":{"url":"https:\/\/www.sja73.com\/medias\/images\/prestataires\/multitailles\/1200x900_50201-25122022_esfsja_5.jpg"},"800x600":{"url":"https:\/\/www.sja73.com\/medias\/images\/prestataires\/multitailles\/800x600_50201-25122022_esfsja_5.jpg"},"640x480":{"url":"https:\/\/www.sja73.com\/medias\/images\/prestataires\/multitailles\/640x480_50201-25122022_esfsja_5.jpg"},"320x240":{"url":"https:\/\/www.sja73.com\/medias\/images\/prestataires\/multitailles\/320x240_50201-25122022_esfsja_5.jpg"},"160x120":{"url":"https:\/\/www.sja73.com\/medias\/images\/prestataires\/multitailles\/160x120_50201-25122022_esfsja_5.jpg"},"origine":{"url":"https:\/\/www.sja73.com\/medias\/images\/prestataires\/50201-25122022_esfsja_5.jpg"}},"urlLien":"","typeLien":"","nofollow":"N","copyright":"ESF Saint Jean d'Arves_Saint-Jean-d'Arves"},{"url":"https:\/\/www.sja73.com\/medias\/images\/prestataires\/50202-28032023_cc_classe_de_neige_26.jpg","chemin":"..\/medias\/images\/prestataires\/50202-28032023_cc_classe_de_neige_26.jpg","libelle":"ESF Saint Jean d'Arves_Saint-Jean-d'Arves","extension":"jpg","categorie":"","largeur":6000,"theme":"","hauteur":4000,"type":"Image","origine":"","liaisonPave":"","langue":"","id":"50246","urlVignette":"https:\/\/www.sja73.com\/medias\/images\/prestataires\/v-50202-28032023_cc_classe_de_neige_26.jpg","alt":"ESF Saint Jean d'Arves_Saint-Jean-d'Arves","title":"ESF Saint Jean d'Arves_Saint-Jean-d'Arves","MultiTaille":{"1920x1440":{"url":"https:\/\/www.sja73.com\/medias\/images\/prestataires\/multitailles\/1920x1440_50202-28032023_cc_classe_de_neige_26.jpg"},"1200x900":{"url":"https:\/\/www.sja73.com\/medias\/images\/prestataires\/multitailles\/1200x900_50202-28032023_cc_classe_de_neige_26.jpg"},"800x600":{"url":"https:\/\/www.sja73.com\/medias\/images\/prestataires\/multitailles\/800x600_50202-28032023_cc_classe_de_neige_26.jpg"},"640x480":{"url":"https:\/\/www.sja73.com\/medias\/images\/prestataires\/multitailles\/640x480_50202-28032023_cc_classe_de_neige_26.jpg"},"320x240":{"url":"https:\/\/www.sja73.com\/medias\/images\/prestataires\/multitailles\/320x240_50202-28032023_cc_classe_de_neige_26.jpg"},"160x120":{"url":"https:\/\/www.sja73.com\/medias\/images\/prestataires\/multitailles\/160x120_50202-28032023_cc_classe_de_neige_26.jpg"},"origine":{"url":"https:\/\/www.sja73.com\/medias\/images\/prestataires\/50202-28032023_cc_classe_de_neige_26.jpg"}},"urlLien":"","typeLien":"","nofollow":"N","copyright":"ESF Saint Jean d'Arves_Saint-Jean-d'Arves"}],"ByCategorie":{"":[{"url":"https:\/\/www.sja73.com\/medias\/images\/prestataires\/50193-20250228_094544.jpg","chemin":"..\/medias\/images\/prestataires\/50193-20250228_094544.jpg","libelle":"ESF Saint Jean d'Arves_Saint-Jean-d'Arves","extension":"jpg","categorie":"","largeur":4032,"theme":"","hauteur":3024,"type":"Image","origine":"","liaisonPave":"","langue":"","id":"50237","urlVignette":"https:\/\/www.sja73.com\/medias\/images\/prestataires\/v-50193-20250228_094544.jpg","alt":"ESF Saint Jean d'Arves_Saint-Jean-d'Arves","title":"ESF Saint Jean d'Arves_Saint-Jean-d'Arves","MultiTaille":{"1920x1440":{"url":"https:\/\/www.sja73.com\/medias\/images\/prestataires\/multitailles\/1920x1440_50193-20250228_094544.jpg"},"1200x900":{"url":"https:\/\/www.sja73.com\/medias\/images\/prestataires\/multitailles\/1200x900_50193-20250228_094544.jpg"},"800x600":{"url":"https:\/\/www.sja73.com\/medias\/images\/prestataires\/multitailles\/800x600_50193-20250228_094544.jpg"},"640x480":{"url":"https:\/\/www.sja73.com\/medias\/images\/prestataires\/multitailles\/640x480_50193-20250228_094544.jpg"},"320x240":{"url":"https:\/\/www.sja73.com\/medias\/images\/prestataires\/multitailles\/320x240_50193-20250228_094544.jpg"},"160x120":{"url":"https:\/\/www.sja73.com\/medias\/images\/prestataires\/multitailles\/160x120_50193-20250228_094544.jpg"},"origine":{"url":"https:\/\/www.sja73.com\/medias\/images\/prestataires\/50193-20250228_094544.jpg"}},"urlLien":"","typeLien":"","nofollow":"N","copyright":""},{"url":"https:\/\/www.sja73.com\/medias\/images\/prestataires\/50203-logo_esf_sja_version_2b_rouge_p1795c.png","chemin":"..\/medias\/images\/prestataires\/50203-logo_esf_sja_version_2b_rouge_p1795c.png","libelle":"Logo ESF St Jean d'Arves","extension":"png","categorie":"","largeur":"","theme":"","hauteur":"","type":"Document","origine":"","liaisonPave":"","langue":"","id":"50247","poids":"10.02 Ko","alt":"Logo ESF St Jean d'Arves","title":"Logo ESF St Jean d'Arves"},{"url":"https:\/\/www.sja73.com\/medias\/images\/prestataires\/50194-logo_esf_sja_version_2b_rouge_q.png","chemin":"..\/medias\/images\/prestataires\/50194-logo_esf_sja_version_2b_rouge_q.png","libelle":"ESF","extension":"png","categorie":"","largeur":538,"theme":"","hauteur":236,"type":"Image","origine":"","liaisonPave":"","langue":"","id":"50238","urlVignette":"https:\/\/www.sja73.com\/medias\/images\/prestataires\/v-50194-logo_esf_sja_version_2b_rouge_q.png","alt":"ESF","title":"ESF","MultiTaille":{"1920x1440":{"url":"https:\/\/www.sja73.com\/medias\/images\/prestataires\/multitailles\/1920x1440_50194-logo_esf_sja_version_2b_rouge_q.png"},"1200x900":{"url":"https:\/\/www.sja73.com\/medias\/images\/prestataires\/multitailles\/1200x900_50194-logo_esf_sja_version_2b_rouge_q.png"},"800x600":{"url":"https:\/\/www.sja73.com\/medias\/images\/prestataires\/multitailles\/800x600_50194-logo_esf_sja_version_2b_rouge_q.png"},"640x480":{"url":"https:\/\/www.sja73.com\/medias\/images\/prestataires\/multitailles\/640x480_50194-logo_esf_sja_version_2b_rouge_q.png"},"320x240":{"url":"https:\/\/www.sja73.com\/medias\/images\/prestataires\/multitailles\/320x240_50194-logo_esf_sja_version_2b_rouge_q.png"},"160x120":{"url":"https:\/\/www.sja73.com\/medias\/images\/prestataires\/multitailles\/160x120_50194-logo_esf_sja_version_2b_rouge_q.png"},"origine":{"url":"https:\/\/www.sja73.com\/medias\/images\/prestataires\/50194-logo_esf_sja_version_2b_rouge_q.png"}},"urlLien":"","typeLien":"","nofollow":"N","copyright":"ESF SJA"},{"url":"https:\/\/www.sja73.com\/medias\/images\/prestataires\/50195-snowpark_avec_thomas_esf_sja_2.jpg","chemin":"..\/medias\/images\/prestataires\/50195-snowpark_avec_thomas_esf_sja_2.jpg","libelle":"ESF Saint Jean d'Arves_Saint-Jean-d'Arves","extension":"jpg","categorie":"","largeur":1920,"theme":"","hauteur":1080,"type":"Image","origine":"","liaisonPave":"","langue":"","id":"50239","urlVignette":"https:\/\/www.sja73.com\/medias\/images\/prestataires\/v-50195-snowpark_avec_thomas_esf_sja_2.jpg","alt":"ESF Saint Jean d'Arves_Saint-Jean-d'Arves","title":"ESF Saint Jean d'Arves_Saint-Jean-d'Arves","MultiTaille":{"1920x1440":{"url":"https:\/\/www.sja73.com\/medias\/images\/prestataires\/multitailles\/1920x1440_50195-snowpark_avec_thomas_esf_sja_2.jpg"},"1200x900":{"url":"https:\/\/www.sja73.com\/medias\/images\/prestataires\/multitailles\/1200x900_50195-snowpark_avec_thomas_esf_sja_2.jpg"},"800x600":{"url":"https:\/\/www.sja73.com\/medias\/images\/prestataires\/multitailles\/800x600_50195-snowpark_avec_thomas_esf_sja_2.jpg"},"640x480":{"url":"https:\/\/www.sja73.com\/medias\/images\/prestataires\/multitailles\/640x480_50195-snowpark_avec_thomas_esf_sja_2.jpg"},"320x240":{"url":"https:\/\/www.sja73.com\/medias\/images\/prestataires\/multitailles\/320x240_50195-snowpark_avec_thomas_esf_sja_2.jpg"},"160x120":{"url":"https:\/\/www.sja73.com\/medias\/images\/prestataires\/multitailles\/160x120_50195-snowpark_avec_thomas_esf_sja_2.jpg"},"origine":{"url":"https:\/\/www.sja73.com\/medias\/images\/prestataires\/50195-snowpark_avec_thomas_esf_sja_2.jpg"}},"urlLien":"","typeLien":"","nofollow":"N","copyright":"ESF Saint Jean d'Arves_Saint-Jean-d'Arves"},{"url":"https:\/\/www.sja73.com\/medias\/images\/prestataires\/50196-10012023_esf_sja_55.jpg","chemin":"..\/medias\/images\/prestataires\/50196-10012023_esf_sja_55.jpg","libelle":"ESF Saint Jean d'Arves_Saint-Jean-d'Arves","extension":"jpg","categorie":"","largeur":6000,"theme":"","hauteur":4000,"type":"Image","origine":"","liaisonPave":"","langue":"","id":"50240","urlVignette":"https:\/\/www.sja73.com\/medias\/images\/prestataires\/v-50196-10012023_esf_sja_55.jpg","alt":"ESF Saint Jean d'Arves_Saint-Jean-d'Arves","title":"ESF Saint Jean d'Arves_Saint-Jean-d'Arves","MultiTaille":{"1920x1440":{"url":"https:\/\/www.sja73.com\/medias\/images\/prestataires\/multitailles\/1920x1440_50196-10012023_esf_sja_55.jpg"},"1200x900":{"url":"https:\/\/www.sja73.com\/medias\/images\/prestataires\/multitailles\/1200x900_50196-10012023_esf_sja_55.jpg"},"800x600":{"url":"https:\/\/www.sja73.com\/medias\/images\/prestataires\/multitailles\/800x600_50196-10012023_esf_sja_55.jpg"},"640x480":{"url":"https:\/\/www.sja73.com\/medias\/images\/prestataires\/multitailles\/640x480_50196-10012023_esf_sja_55.jpg"},"320x240":{"url":"https:\/\/www.sja73.com\/medias\/images\/prestataires\/multitailles\/320x240_50196-10012023_esf_sja_55.jpg"},"160x120":{"url":"https:\/\/www.sja73.com\/medias\/images\/prestataires\/multitailles\/160x120_50196-10012023_esf_sja_55.jpg"},"origine":{"url":"https:\/\/www.sja73.com\/medias\/images\/prestataires\/50196-10012023_esf_sja_55.jpg"}},"urlLien":"","typeLien":"","nofollow":"N","copyright":"ESF Saint Jean d'Arves_Saint-Jean-d'Arves"},{"url":"https:\/\/www.sja73.com\/medias\/images\/prestataires\/50197-100223_remise_de_medailles_5.jpg","chemin":"..\/medias\/images\/prestataires\/50197-100223_remise_de_medailles_5.jpg","libelle":"ESF Saint Jean d'Arves_Saint-Jean-d'Arves","extension":"jpg","categorie":"","largeur":6000,"theme":"","hauteur":4000,"type":"Image","origine":"","liaisonPave":"","langue":"","id":"50241","urlVignette":"https:\/\/www.sja73.com\/medias\/images\/prestataires\/v-50197-100223_remise_de_medailles_5.jpg","alt":"ESF Saint Jean d'Arves_Saint-Jean-d'Arves","title":"ESF Saint Jean d'Arves_Saint-Jean-d'Arves","MultiTaille":{"1920x1440":{"url":"https:\/\/www.sja73.com\/medias\/images\/prestataires\/multitailles\/1920x1440_50197-100223_remise_de_medailles_5.jpg"},"1200x900":{"url":"https:\/\/www.sja73.com\/medias\/images\/prestataires\/multitailles\/1200x900_50197-100223_remise_de_medailles_5.jpg"},"800x600":{"url":"https:\/\/www.sja73.com\/medias\/images\/prestataires\/multitailles\/800x600_50197-100223_remise_de_medailles_5.jpg"},"640x480":{"url":"https:\/\/www.sja73.com\/medias\/images\/prestataires\/multitailles\/640x480_50197-100223_remise_de_medailles_5.jpg"},"320x240":{"url":"https:\/\/www.sja73.com\/medias\/images\/prestataires\/multitailles\/320x240_50197-100223_remise_de_medailles_5.jpg"},"160x120":{"url":"https:\/\/www.sja73.com\/medias\/images\/prestataires\/multitailles\/160x120_50197-100223_remise_de_medailles_5.jpg"},"origine":{"url":"https:\/\/www.sja73.com\/medias\/images\/prestataires\/50197-100223_remise_de_medailles_5.jpg"}},"urlLien":"","typeLien":"","nofollow":"N","copyright":"ESF Saint Jean d'Arves_Saint-Jean-d'Arves"},{"url":"https:\/\/www.sja73.com\/medias\/images\/prestataires\/50198-28032023_sortie_hp_sja_1.jpg","chemin":"..\/medias\/images\/prestataires\/50198-28032023_sortie_hp_sja_1.jpg","libelle":"ESF Saint Jean d'Arves_Saint-Jean-d'Arves","extension":"jpg","categorie":"","largeur":1080,"theme":"","hauteur":1920,"type":"Image","origine":"","liaisonPave":"","langue":"","id":"50242","urlVignette":"https:\/\/www.sja73.com\/medias\/images\/prestataires\/v-50198-28032023_sortie_hp_sja_1.jpg","alt":"ESF Saint Jean d'Arves_Saint-Jean-d'Arves","title":"ESF Saint Jean d'Arves_Saint-Jean-d'Arves","MultiTaille":{"1920x1440":{"url":"https:\/\/www.sja73.com\/medias\/images\/prestataires\/multitailles\/1920x1440_50198-28032023_sortie_hp_sja_1.jpg"},"1200x900":{"url":"https:\/\/www.sja73.com\/medias\/images\/prestataires\/multitailles\/1200x900_50198-28032023_sortie_hp_sja_1.jpg"},"800x600":{"url":"https:\/\/www.sja73.com\/medias\/images\/prestataires\/multitailles\/800x600_50198-28032023_sortie_hp_sja_1.jpg"},"640x480":{"url":"https:\/\/www.sja73.com\/medias\/images\/prestataires\/multitailles\/640x480_50198-28032023_sortie_hp_sja_1.jpg"},"320x240":{"url":"https:\/\/www.sja73.com\/medias\/images\/prestataires\/multitailles\/320x240_50198-28032023_sortie_hp_sja_1.jpg"},"160x120":{"url":"https:\/\/www.sja73.com\/medias\/images\/prestataires\/multitailles\/160x120_50198-28032023_sortie_hp_sja_1.jpg"},"origine":{"url":"https:\/\/www.sja73.com\/medias\/images\/prestataires\/50198-28032023_sortie_hp_sja_1.jpg"}},"urlLien":"","typeLien":"","nofollow":"N","copyright":"ESF Saint Jean d'Arves_Saint-Jean-d'Arves"},{"url":"https:\/\/www.sja73.com\/medias\/images\/prestataires\/50199-100223_remise_de_medailles_8.jpg","chemin":"..\/medias\/images\/prestataires\/50199-100223_remise_de_medailles_8.jpg","libelle":"ESF Saint Jean d'Arves_Saint-Jean-d'Arves","extension":"jpg","categorie":"","largeur":4000,"theme":"","hauteur":6000,"type":"Image","origine":"","liaisonPave":"","langue":"","id":"50243","urlVignette":"https:\/\/www.sja73.com\/medias\/images\/prestataires\/v-50199-100223_remise_de_medailles_8.jpg","alt":"ESF Saint Jean d'Arves_Saint-Jean-d'Arves","title":"ESF Saint Jean d'Arves_Saint-Jean-d'Arves","MultiTaille":{"1920x1440":{"url":"https:\/\/www.sja73.com\/medias\/images\/prestataires\/multitailles\/1920x1440_50199-100223_remise_de_medailles_8.jpg"},"1200x900":{"url":"https:\/\/www.sja73.com\/medias\/images\/prestataires\/multitailles\/1200x900_50199-100223_remise_de_medailles_8.jpg"},"800x600":{"url":"https:\/\/www.sja73.com\/medias\/images\/prestataires\/multitailles\/800x600_50199-100223_remise_de_medailles_8.jpg"},"640x480":{"url":"https:\/\/www.sja73.com\/medias\/images\/prestataires\/multitailles\/640x480_50199-100223_remise_de_medailles_8.jpg"},"320x240":{"url":"https:\/\/www.sja73.com\/medias\/images\/prestataires\/multitailles\/320x240_50199-100223_remise_de_medailles_8.jpg"},"160x120":{"url":"https:\/\/www.sja73.com\/medias\/images\/prestataires\/multitailles\/160x120_50199-100223_remise_de_medailles_8.jpg"},"origine":{"url":"https:\/\/www.sja73.com\/medias\/images\/prestataires\/50199-100223_remise_de_medailles_8.jpg"}},"urlLien":"","typeLien":"","nofollow":"N","copyright":"ESF Saint Jean d'Arves_Saint-Jean-d'Arves"},{"url":"https:\/\/www.sja73.com\/medias\/images\/prestataires\/50200-cc_3e_etoile_avec_david_esf_sja_5.jpg","chemin":"..\/medias\/images\/prestataires\/50200-cc_3e_etoile_avec_david_esf_sja_5.jpg","libelle":"ESF Saint Jean d'Arves_Saint-Jean-d'Arves","extension":"jpg","categorie":"","largeur":3840,"theme":"","hauteur":2160,"type":"Image","origine":"","liaisonPave":"","langue":"","id":"50244","urlVignette":"https:\/\/www.sja73.com\/medias\/images\/prestataires\/v-50200-cc_3e_etoile_avec_david_esf_sja_5.jpg","alt":"ESF Saint Jean d'Arves_Saint-Jean-d'Arves","title":"ESF Saint Jean d'Arves_Saint-Jean-d'Arves","MultiTaille":{"1920x1440":{"url":"https:\/\/www.sja73.com\/medias\/images\/prestataires\/multitailles\/1920x1440_50200-cc_3e_etoile_avec_david_esf_sja_5.jpg"},"1200x900":{"url":"https:\/\/www.sja73.com\/medias\/images\/prestataires\/multitailles\/1200x900_50200-cc_3e_etoile_avec_david_esf_sja_5.jpg"},"800x600":{"url":"https:\/\/www.sja73.com\/medias\/images\/prestataires\/multitailles\/800x600_50200-cc_3e_etoile_avec_david_esf_sja_5.jpg"},"640x480":{"url":"https:\/\/www.sja73.com\/medias\/images\/prestataires\/multitailles\/640x480_50200-cc_3e_etoile_avec_david_esf_sja_5.jpg"},"320x240":{"url":"https:\/\/www.sja73.com\/medias\/images\/prestataires\/multitailles\/320x240_50200-cc_3e_etoile_avec_david_esf_sja_5.jpg"},"160x120":{"url":"https:\/\/www.sja73.com\/medias\/images\/prestataires\/multitailles\/160x120_50200-cc_3e_etoile_avec_david_esf_sja_5.jpg"},"origine":{"url":"https:\/\/www.sja73.com\/medias\/images\/prestataires\/50200-cc_3e_etoile_avec_david_esf_sja_5.jpg"}},"urlLien":"","typeLien":"","nofollow":"N","copyright":"ESF Saint Jean d'Arves_Saint-Jean-d'Arves"},{"url":"https:\/\/www.sja73.com\/medias\/images\/prestataires\/50201-25122022_esfsja_5.jpg","chemin":"..\/medias\/images\/prestataires\/50201-25122022_esfsja_5.jpg","libelle":"ESF Saint Jean d'Arves_Saint-Jean-d'Arves","extension":"jpg","categorie":"","largeur":4000,"theme":"","hauteur":6000,"type":"Image","origine":"","liaisonPave":"","langue":"","id":"50245","urlVignette":"https:\/\/www.sja73.com\/medias\/images\/prestataires\/v-50201-25122022_esfsja_5.jpg","alt":"ESF Saint Jean d'Arves_Saint-Jean-d'Arves","title":"ESF Saint Jean d'Arves_Saint-Jean-d'Arves","MultiTaille":{"1920x1440":{"url":"https:\/\/www.sja73.com\/medias\/images\/prestataires\/multitailles\/1920x1440_50201-25122022_esfsja_5.jpg"},"1200x900":{"url":"https:\/\/www.sja73.com\/medias\/images\/prestataires\/multitailles\/1200x900_50201-25122022_esfsja_5.jpg"},"800x600":{"url":"https:\/\/www.sja73.com\/medias\/images\/prestataires\/multitailles\/800x600_50201-25122022_esfsja_5.jpg"},"640x480":{"url":"https:\/\/www.sja73.com\/medias\/images\/prestataires\/multitailles\/640x480_50201-25122022_esfsja_5.jpg"},"320x240":{"url":"https:\/\/www.sja73.com\/medias\/images\/prestataires\/multitailles\/320x240_50201-25122022_esfsja_5.jpg"},"160x120":{"url":"https:\/\/www.sja73.com\/medias\/images\/prestataires\/multitailles\/160x120_50201-25122022_esfsja_5.jpg"},"origine":{"url":"https:\/\/www.sja73.com\/medias\/images\/prestataires\/50201-25122022_esfsja_5.jpg"}},"urlLien":"","typeLien":"","nofollow":"N","copyright":"ESF Saint Jean d'Arves_Saint-Jean-d'Arves"},{"url":"https:\/\/www.sja73.com\/medias\/images\/prestataires\/50202-28032023_cc_classe_de_neige_26.jpg","chemin":"..\/medias\/images\/prestataires\/50202-28032023_cc_classe_de_neige_26.jpg","libelle":"ESF Saint Jean d'Arves_Saint-Jean-d'Arves","extension":"jpg","categorie":"","largeur":6000,"theme":"","hauteur":4000,"type":"Image","origine":"","liaisonPave":"","langue":"","id":"50246","urlVignette":"https:\/\/www.sja73.com\/medias\/images\/prestataires\/v-50202-28032023_cc_classe_de_neige_26.jpg","alt":"ESF Saint Jean d'Arves_Saint-Jean-d'Arves","title":"ESF Saint Jean d'Arves_Saint-Jean-d'Arves","MultiTaille":{"1920x1440":{"url":"https:\/\/www.sja73.com\/medias\/images\/prestataires\/multitailles\/1920x1440_50202-28032023_cc_classe_de_neige_26.jpg"},"1200x900":{"url":"https:\/\/www.sja73.com\/medias\/images\/prestataires\/multitailles\/1200x900_50202-28032023_cc_classe_de_neige_26.jpg"},"800x600":{"url":"https:\/\/www.sja73.com\/medias\/images\/prestataires\/multitailles\/800x600_50202-28032023_cc_classe_de_neige_26.jpg"},"640x480":{"url":"https:\/\/www.sja73.com\/medias\/images\/prestataires\/multitailles\/640x480_50202-28032023_cc_classe_de_neige_26.jpg"},"320x240":{"url":"https:\/\/www.sja73.com\/medias\/images\/prestataires\/multitailles\/320x240_50202-28032023_cc_classe_de_neige_26.jpg"},"160x120":{"url":"https:\/\/www.sja73.com\/medias\/images\/prestataires\/multitailles\/160x120_50202-28032023_cc_classe_de_neige_26.jpg"},"origine":{"url":"https:\/\/www.sja73.com\/medias\/images\/prestataires\/50202-28032023_cc_classe_de_neige_26.jpg"}},"urlLien":"","typeLien":"","nofollow":"N","copyright":"ESF Saint Jean d'Arves_Saint-Jean-d'Arves"}]},"Document":[{"url":"https:\/\/www.sja73.com\/medias\/images\/prestataires\/50203-logo_esf_sja_version_2b_rouge_p1795c.png","chemin":"..\/medias\/images\/prestataires\/50203-logo_esf_sja_version_2b_rouge_p1795c.png","libelle":"Logo ESF St Jean d'Arves","extension":"png","categorie":"","largeur":"","theme":"","hauteur":"","type":"Document","origine":"","liaisonPave":"","langue":"","id":"50247","poids":"10.02 Ko","alt":"Logo ESF St Jean d'Arves","title":"Logo ESF St Jean d'Arves"}]},"Url":"esf-saint-jean-d-arves-1.html","Localisation":{"GoogleMap":{"Latitude":"45.213731","Longitude":"6.265633"}},"ZoneGeo":"","Criteres":{"AFFICHAGESITEOK[ADHERENTOUICOMPLET":"","P.113[6063":"","P.113[6743":"","P.equipements[984":"","P.prestations[surchargeTourismesAdaptes":"","P.prestations[surchargeDescriptifHandicapMoteur":"","P.prestations[surchargeDescriptifHandicapAuditif":"","P.prestations[surchargeDescriptifHandicapVisuel":"","P.prestations[surchargeDescriptifHandicapMental":"","P.prestations[surchargeNombreFauteuilsRoulants":"","P.prestations[ageMin":"3","P.prestations[ageMax":"90","P.languesParlees[1192":"","P.languesParlees[1197":"","P.languesParlees[1202":"","P.languesDocumentation[1192":"","P.languesDocumentation[1197":"","P.tourismesAdaptes[3651":"","P.2[496":"","P.5[593":"","P.57[1832":"","P.57[2003":"","P.58[1834":"","P.58[6135":"","P.43[1908":"","P.43[2042":"","P.43[2043":"","P.43[2044":"","P.43[2046":"","P.43[2050":"","P.43[2052":"","P.environnements[171":"","P.environnements[178":"","P.environnements[184":"","P.environnements[193":"","P.114[416":"","P.114[435":"","P.114[436":"","P.modesPaiement[1268":"","P.modesPaiement[1271":"","P.modesPaiement[1274":"","P.modesPaiement[1277":"","P.modesPaiement[1281":"","P.tourismeAffaires[tourismeAffairesEnabled":"","P.tourismeAffaires[devise":"EUR","P.commerceEtServiceType[4015":"","P.typesDetailles[4039":"","P.typesDetailles[4040":"","P.CINTSITRA[10507":"","P.CINTSITRA[11226":"","P.CINTSITRA[11435":"","P.3220[25629":"","P.3233[60439":"","P.3233[908439":"","P.3218[60729":"","P.3219[72808":"","P.3219[126557":"","P.3227[82852":"","P.3230[323078":"","P.3230[5532377":"","P.3230[6328304":"","P.3221[344174":"","P.3221[549303":"","P.3221[596327":"","P.6241[595160":"","P.VilleSitra[30471":"","P.VillageDeDepart[30471":""},"DateFinPublication":"","AffichageCoordonnees":[]},"listeCriteres":{"AFFICHAGESITE":{"ADHERENTOUICOMPLET":""},"prestations":{"surchargeTourismesAdaptes":"","surchargeDescriptifHandicapMoteur":"","surchargeDescriptifHandicapAuditif":"","surchargeDescriptifHandicapVisuel":"","surchargeDescriptifHandicapMental":"","surchargeNombreFauteuilsRoulants":"","nombrePersonnesMinimum":"3"},"languesParlees":{"1192":"","1197":""},"114":{"416":"","435":"","436":""},"modesPaiement":{"1268":"","1271":"","1274":"","1277":""},"informationsActivite":{"dureeSeance":"180"},"activiteType":{"1789":""},"93":{"1797":""},"categories":{"1868":""},"90":{"1886":""},"43":{"1908":"","2050":""},"prestataireActivites":{"type":"Commerce \/ Et \/ Service","id":"486301"},"commerceEtServicePrestataire":{"type":"Commerce \/ Et \/ Service","id":"486301"},"CINTSITRA":{"11226":"","11435":""},"3220":{"25629":""},"3233":{"60439":"","908439":""},"3218":{"60729":""},"3219":{"72808":"","126557":""},"3227":{"82852":""},"3230":{"323078":"","5532377":"","6328304":""},"3221":{"344174":"","549303":"","596327":""},"6241":{"595160":""},"VilleSitra":{"30471":""},"VillageDeDepart":{"30471":""},"AFFICHAGESITEOK":{"ADHERENTOUICOMPLET":""},"P.113":{"6063":"","6743":""},"P.equipements":{"984":""},"P.prestations":{"surchargeTourismesAdaptes":"","surchargeDescriptifHandicapMoteur":"","surchargeDescriptifHandicapAuditif":"","surchargeDescriptifHandicapVisuel":"","surchargeDescriptifHandicapMental":"","surchargeNombreFauteuilsRoulants":"","ageMin":"3","ageMax":"90"},"P.languesParlees":{"1192":"","1197":"","1202":""},"P.languesDocumentation":{"1192":"","1197":""},"P.tourismesAdaptes":{"3651":""},"P.2":{"496":""},"P.5":{"593":""},"P.57":{"1832":"","2003":""},"P.58":{"1834":"","6135":""},"P.43":{"1908":"","2042":"","2043":"","2044":"","2046":"","2050":"","2052":""},"P.environnements":{"171":"","178":"","184":"","193":""},"P.114":{"416":"","435":"","436":""},"P.modesPaiement":{"1268":"","1271":"","1274":"","1277":"","1281":""},"P.tourismeAffaires":{"tourismeAffairesEnabled":"","devise":"EUR"},"P.commerceEtServiceType":{"4015":""},"P.typesDetailles":{"4039":"","4040":""},"P.CINTSITRA":{"10507":"","11226":"","11435":""},"P.3220":{"25629":""},"P.3233":{"60439":"","908439":""},"P.3218":{"60729":""},"P.3219":{"72808":"","126557":""},"P.3227":{"82852":""},"P.3230":{"323078":"","5532377":"","6328304":""},"P.3221":{"344174":"","549303":"","596327":""},"P.6241":{"595160":""},"P.VilleSitra":{"30471":""},"P.VillageDeDepart":{"30471":""}},"dansCarnetVoyage":true,"Ouverture":""},"html":" \n \u003Cdiv id=\"CV-PRESTATION-E-486301-5698712\" data-contexte-id=\"PRESTATION|E|486301|5698712\" data-cle=\"E|486301|5698712\" class=\"fiche-liste\"\u003E\n    \n\n    \u003C!-- partie photo --\u003E\n    \u003Cdiv class=\"photo\"\u003E\t\t\t\t\t\t\t\t\t\t\t\t\t\t\t\t\t\t\t\t\t\n        \u003Cdiv class=\"cadre_photo_principale\"\u003E\t\t\n        \n            \t\t\t\t\t\n                    \u003Ca href=\"ski-de-randonnee-encadre-par-les-moniteurs-de-l-esf.html?origine=carnet#media\"\u003E\n                        \u003Cimg class=\"photo_principale\" alt=\"Ski de randonn\u00e9e encadr\u00e9 par les moniteurs de l'ESF_Saint-Jean-d'Arves\" src=\"https:\/\/www.sja73.com\/medias\/images\/prestations\/multitailles\/320x240_65821-img_20210211_111934.jpg\" itemprop=\"image\"\u003E\n                    \u003C\/a\u003E\t\t\t\t\t\t\n                \n                    \u003C\/div\u003E\t\t\t\t\t\t\t\t\t\t\t\t\t\t\t\t\t\t\t \t\t\n    \u003C\/div\u003E\n    \n    \u003C!-- partie nom prest --\u003E\n    \u003Cdiv class=\"nom\"\u003E\n        \u003Ch2\u003ESki de randonn\u00e9e encadr\u00e9 par les moniteurs de l'ESF\u003C\/h2\u003E\n        \n            \u003C\/div\u003E\n\n         \n    \u003C!-- partie adresse --\u003E\n    \u003Cdiv class=\"adresse\"\u003E\n    \n          \n    \u003C\/div\u003E\n    \n    \u003C!-- partie liens --\u003E\n    \u003Cdiv class=\"liens\"\u003E\n            \u003Ca class=\"btn-icon btn-view \" title=\"Voir la fiche d\u00e9taill\u00e9e\" href=\"ski-de-randonnee-encadre-par-les-moniteurs-de-l-esf.html?origine=carnet\"\u003E\u003C\/a\u003E\u003C!--\u003Ca class=\"btn-icon btn-view \" title=\"\" href=\"?origine=carnet#thaut\"\u003E\u003C\/a\u003E--\u003E\n      \u003Ca class=\"btn-icon btn-trash carnet_voyage_supprimer\" title=\"Supprimer cette fiche de mon carnet de voyage\" href=\"carnet-voyage?action=remove&fiche=E|486301|5698712\"\u003E\u003C\/a\u003E\n    \u003C\/div\u003E\n\n\u003C\/div\u003E\n\n","icon":"https:\/\/static.ingenie.fr\/images\/carnetVoyageV3\/E.png"},"fiche":"E|486301|5698712","popup":"\u003Cdiv id=\"bloc_popup_ajout_fiche_carnet\"\u003E\n    \u003Cdiv class=\"info_popup_ajout_fiche_carnet\"\u003E\n        Vous venez d'ajouter cet \u00e9l\u00e9ment \u00e0 votre carnet de voyage :    \u003C\/div\u003E\n    \u003Cdiv class=\"prest_popup_ajout_fiche_carnet\"\u003E\n        Ski de randonn&eacute;e encadr&eacute; par les moniteurs de l&#039;ESF    \u003C\/div\u003E\n    \u003Cdiv class=\"bloc_btn_ajout_fiche_carnet form_submit_div\"\u003E\n        \u003Cinput type=\"button\" value=\"Continuer ma s\u00e9lection\" title=\"Continuer ma s\u00e9lection\" name=\"btn_close\" class=\"btn_close_popup_carnet form_submit\" onclick=\"$.colorbox.close()\" \/\u003E\n        \u003Cinput type=\"button\" value=\"Voir mon carnet de voyage\" title=\"Voir mon carnet\" name=\"btn_panier\" class=\"btn_panier_popup_carnet form_submit\" onclick=\"if(typeof CarnetVoyage != 'undefined') {CarnetVoyage.voirCarnet();}\" \/\u003E\n    \u003C\/div\u003E\n    \u003Cdiv class=\"bloc_btn_ajout_fiche_carnet\"\u003E\n        \u003Cinput type=\"checkbox\" value=\"1\" name=\"desactiver_popup\" id=\"desactiver_popup\" \/\u003E\n        \u003Clabel for=\"desactiver_popup\"\u003ENe plus afficher ce message\u003C\/label\u003E\n    \u003C\/div\u003E\n\u003C\/div\u003E","success":1}