{"nbFiches":1,"dataPrest":{"infoPrest":{"pave1":{"libelle":"Descriptif court","contenu":"La randonn\u00e9e \u00e0 ski permet d'acc\u00e9der \u00e0 des sommets et des cols en dehors du domaine skiable.","fichiers":[]},"pave2":{"libelle":"Descriptif d\u00e9taill\u00e9","contenu":"En compagnie d'un guide de haute-montagne dipl\u00f4m\u00e9 d'Etat, d\u00e9couvrez les Sybelles en ski de rando, hors piste ou freeride. Les guides poss\u00e8dent les qualifications  et assurances requises pour l'encadrement professionnel du hors-piste. Freeride : ski et snow sur les plus belles pentes du massif. \u003Cbr \/\u003E\r\nAu programme, grands espaces, neige vierge et plaisir de la mont\u00e9e en peaux de phoque avant une descente magique.\u003Cbr \/\u003E\r\nIl faut louer des skis et chaussures adapt\u00e9s au ski de randonn\u00e9e, avoir un bon niveau en ski de piste (piste rouge \u00e0 l'aise) et avoir envie de d\u00e9couvrir la pratique du ski en poudreuse ou neige de printemps.\u003Cbr \/\u003E\r\nMat\u00e9riel fourni : sac, arva, pelle et sonde","fichiers":[]},"pave3":{"libelle":"Bons plans","contenu":"Mini d\u00e9couverte \u00e0 l'altiport, au chalet de l'Arlaude ou autour de l'Aiguille Rousse.","fichiers":[]},"pave4":{"libelle":"Compl\u00e9ment localisation","contenu":"","fichiers":[]},"pave5":{"libelle":"Compl\u00e9ment accueil","contenu":"","fichiers":[]},"pave6":{"libelle":"P\u00e9riodes en clair","contenu":"","fichiers":[]},"pave7":{"libelle":"Tarifs en clair","contenu":"Demi-journ\u00e9e de 1 \u00e0 6 personnes : 240 \u00e0 280 \u20ac\u003Cbr \/\u003E\r\nJourn\u00e9e de 1 \u00e0 6 personnes : 380 \u00e0 420 \u20ac.","fichiers":[]},"pave8":{"libelle":"Compl\u00e9ment Tarifs","contenu":"Demi-journ\u00e9e de 1 \u00e0 6 personnes : 240 \u00e0 280 \u20ac\u003Cbr \/\u003E\r\nJourn\u00e9e de 1 \u00e0 6 personnes : 380 \u00e0 420 \u20ac","fichiers":[]},"pave9":{"libelle":"Compl\u00e9ment R\u00e9servation","contenu":"R\u00e9servation obligatoire","fichiers":[]},"pave10":{"libelle":"Descriptif court","contenu":"","fichiers":[]},"pave11":{"libelle":"Descriptif d\u00e9taill\u00e9","contenu":"","fichiers":[]},"pave12":{"libelle":"Compl\u00e9ment localisation","contenu":"","fichiers":[]},"pave13":{"libelle":"Compl\u00e9ment accueil","contenu":"","fichiers":[]},"pave14":{"libelle":"P\u00e9riodes en clair","contenu":"","fichiers":[]},"pave15":{"libelle":"Tarifs en clair","contenu":"","fichiers":[]},"pave16":{"libelle":"Compl\u00e9ment Tarifs","contenu":"","fichiers":[]},"pave17":{"libelle":"Compl\u00e9ment R\u00e9servation","contenu":"","fichiers":[]},"pave18":{"libelle":"Descriptif court","contenu":"","fichiers":[]},"pave19":{"libelle":"Descriptif d\u00e9taill\u00e9","contenu":"","fichiers":[]},"pave20":{"libelle":"Compl\u00e9ment localisation","contenu":"","fichiers":[]},"pave21":{"libelle":"Compl\u00e9ment accueil","contenu":"","fichiers":[]},"pave22":{"libelle":"P\u00e9riodes en clair","contenu":"","fichiers":[]},"pave23":{"libelle":"Tarifs en clair","contenu":"","fichiers":[]},"pave24":{"libelle":"Compl\u00e9ment Tarifs","contenu":"","fichiers":[]},"pave25":{"libelle":"Compl\u00e9ment R\u00e9servation","contenu":"","fichiers":[]},"Libelle":"Ski de randonn\u00e9e aux Sybelles","Reference":"","Reftar":"","Type":"PRESTATION","TypePrestataire":"E","ContexteStat":"PRESTATION-E-486277-517583","DateModificationIso":"2026-09-05T01:14:00+02:00","Adresse":{"LigneAdresse1":"","LigneAdresse2":"","LigneAdresse3":"","CodePostal":"73530","Ville":"Saint-Jean-d'Arves","Cedex":"","Etat":"","Pays":"FRA"},"Id":"e-486277-517583","Code":"E|486277|517583","Cle":"E|486277|517583","Url":"ski-de-randonnee-aux-sybelles.html","Localisation":{"GoogleMap":{"Latitude":"45.205669","Longitude":"6.264579"}},"ZoneGeo":"","Criteres":{"prestations[surchargeTourismesAdaptes":"","prestations[surchargeDescriptifHandicapMoteur":"","prestations[surchargeDescriptifHandicapAuditif":"","prestations[surchargeDescriptifHandicapVisuel":"","prestations[surchargeDescriptifHandicapMental":"","prestations[surchargeNombreFauteuilsRoulants":"","prestations[tailleGroupeMax":"6","prestations[ageMin":"12","languesParlees[1192":"","languesParlees[1194":"","languesParlees[1197":"","tourismesAdaptes[3651":"","2[496":"","5[593":"","5[597":"","3728[3729":"","3728[3731":"","3728[3733":"","35[3736":"","114[416":"","114[435":"","114[436":"","modesPaiement[1274":"","modesPaiement[1277":"","activiteType[1789":"","93[1797":"","91[1879":"","90[1886":"","43[1908":"","43[2050":"","prestataireActivites[type":"Commerce \/ Et \/ Service","prestataireActivites[id":"486277","commerceEtServicePrestataire[type":"Commerce \/ Et \/ Service","commerceEtServicePrestataire[id":"486277","CINTSITRA[10507":"","CINTSITRA[11226":"","CINTSITRA[11435":"","3220[25629":"","3233[60439":"","3233[908439":"","3218[60729":"","3219[72808":"","3219[126557":"","3227[82852":"","3230[323078":"","3230[5532377":"","3230[6328304":"","3221[344174":"","3221[549303":"","3221[596327":"","6241[595160":"","VilleSitra[30471":"","VillageDeDepart[30471":"","AFFICHAGESITE[ADHERENTOUICOMPLET":""},"ContactsParType":{"IWEB":{"62355":{"id_contact":"62355","type_contact":"IWEB","categorie_contact":"PRESTATION","societe_contact":"","fonction_contact":"","civilite_nom_prenom_contact":"Sybelles Hors Piste  ","adresse1_contact":"","adresse2_contact":"","adresse3_contact":"","cpostal_contact":"","ville_contact":"","teldom_contact":"0033(0)6 81 44 53 97","telbur_contact":"","fax_contact":"","portable_contact":"","email_contact":"filskiguide@gmail.com","siteweb_contact":"","commentaire_contact":"","langue_contact":"","autre_moyen_com":[]}},"DIR":{"62356":{"id_contact":"62356","type_contact":"DIR","categorie_contact":"PRESTATION","societe_contact":"","fonction_contact":"","civilite_nom_prenom_contact":"M Vincent Philippe ","adresse1_contact":"","adresse2_contact":"","adresse3_contact":"","cpostal_contact":"","ville_contact":"","teldom_contact":"","telbur_contact":"","fax_contact":"","portable_contact":"","email_contact":"","siteweb_contact":"","commentaire_contact":"","langue_contact":"","autre_moyen_com":[]}},"RES":{"62357":{"id_contact":"62357","type_contact":"RES","categorie_contact":"PRESTATION","societe_contact":"","fonction_contact":"","civilite_nom_prenom_contact":"Sybelles Hors Piste ","adresse1_contact":"","adresse2_contact":"","adresse3_contact":"","cpostal_contact":"","ville_contact":"","teldom_contact":"0033(0)6 81 44 53 97","telbur_contact":"","fax_contact":"","portable_contact":"","email_contact":"filskiguide@gmail.com","siteweb_contact":"","commentaire_contact":"","langue_contact":"","autre_moyen_com":[]}}},"ContactRemplaceCoordonnees":"62355","Prestataire":{"pave1":{"libelle":"Descriptif court","contenu":"Avec Philippe, guide de haute montagne, d\u00e9couvrez le ski hors piste, ski de randonn\u00e9e ou l'ascension des cascades de glace."},"pave2":{"libelle":"Descriptif d\u00e9taill\u00e9","contenu":""},"pave3":{"libelle":"Bons plans","contenu":""},"pave4":{"libelle":"Compl\u00e9ment localisation","contenu":""},"pave5":{"libelle":"Compl\u00e9ment accueil","contenu":""},"pave6":{"libelle":"P\u00e9riodes en clair","contenu":"Toute l'ann\u00e9e."},"pave7":{"libelle":"Tarifs en clair","contenu":""},"pave8":{"libelle":"Compl\u00e9ment Tarifs","contenu":""},"pave9":{"libelle":"Compl\u00e9ment R\u00e9servation","contenu":""},"pave10":{"libelle":"Descriptif court","contenu":""},"pave11":{"libelle":"Descriptif d\u00e9taill\u00e9","contenu":""},"pave12":{"libelle":"Compl\u00e9ment localisation","contenu":""},"pave13":{"libelle":"Compl\u00e9ment accueil","contenu":""},"pave14":{"libelle":"P\u00e9riodes en clair","contenu":""},"pave15":{"libelle":"Tarifs en clair","contenu":""},"pave16":{"libelle":"Compl\u00e9ment Tarifs","contenu":""},"pave17":{"libelle":"Compl\u00e9ment R\u00e9servation","contenu":""},"pave18":{"libelle":"Descriptif court","contenu":""},"pave19":{"libelle":"Descriptif d\u00e9taill\u00e9","contenu":""},"pave20":{"libelle":"Compl\u00e9ment localisation","contenu":""},"pave21":{"libelle":"Compl\u00e9ment accueil","contenu":""},"pave22":{"libelle":"P\u00e9riodes en clair","contenu":""},"pave23":{"libelle":"Tarifs en clair","contenu":""},"pave24":{"libelle":"Compl\u00e9ment Tarifs","contenu":""},"pave25":{"libelle":"Compl\u00e9ment R\u00e9servation","contenu":""},"ContactsParType":{"DIR":{"55886":{"id_contact":"55886","type_contact":"DIR","categorie_contact":"PRESTATAIRE","societe_contact":"","fonction_contact":"","civilite_nom_prenom_contact":"M Vincent Philippe ","adresse1_contact":"","adresse2_contact":"","adresse3_contact":"","cpostal_contact":"","ville_contact":"","teldom_contact":"","telbur_contact":"","fax_contact":"","portable_contact":"","email_contact":"","siteweb_contact":"","commentaire_contact":"","langue_contact":"","autre_moyen_com":[]}}},"Libelle":"Sybelles Hors Piste","Nom":"Sybelles Hors Piste ","Prenom":"","NomPrenom":"Sybelles Hors Piste  ","CiviliteNomPrenom":"Sybelles Hors Piste  ","Cle":"E|486277","PrestataireParent":"","ContexteStat":"PRESTATAIRE-E-486277","DateModificationIso":"2025-11-03T09:53:00+01:00","Type":"PRESTATAIRE","TypePrestataire":"E","Adresse":{"LigneAdresse1":"","LigneAdresse2":"","LigneAdresse3":"","CodePostal":"","Ville":"","Cedex":"","Etat":"","Pays":""},"Email":"filskiguide@gmail.com","Telephone":"0033(0)6 81 44 53 97","TelephoneBureau":"","Portable":"","SiteWeb":"","Fax":"","Id":"e-486277","Code":"E|486277","Fichier":{"Image":[{"url":"https:\/\/www.sja73.com\/medias\/images\/prestataires\/45591-glacier_gebroulaz_borgne_55.jpg","chemin":"..\/medias\/images\/prestataires\/45591-glacier_gebroulaz_borgne_55.jpg","libelle":"skieurs hors pistes","extension":"jpg","categorie":"","largeur":"","theme":"","hauteur":"","type":"Image","origine":"","liaisonPave":"","langue":"","id":"45592","urlVignette":"https:\/\/www.sja73.com\/medias\/images\/prestataires\/v-45591-glacier_gebroulaz_borgne_55.jpg","alt":"skieurs hors pistes","title":"skieurs hors pistes","MultiTaille":{"1920x1440":{"url":"https:\/\/www.sja73.com\/medias\/images\/prestataires\/multitailles\/1920x1440_45591-glacier_gebroulaz_borgne_55.jpg"},"1200x900":{"url":"https:\/\/www.sja73.com\/medias\/images\/prestataires\/multitailles\/1200x900_45591-glacier_gebroulaz_borgne_55.jpg"},"800x600":{"url":"https:\/\/www.sja73.com\/medias\/images\/prestataires\/multitailles\/800x600_45591-glacier_gebroulaz_borgne_55.jpg"},"640x480":{"url":"https:\/\/www.sja73.com\/medias\/images\/prestataires\/multitailles\/640x480_45591-glacier_gebroulaz_borgne_55.jpg"},"320x240":{"url":"https:\/\/www.sja73.com\/medias\/images\/prestataires\/multitailles\/320x240_45591-glacier_gebroulaz_borgne_55.jpg"},"160x120":{"url":"https:\/\/www.sja73.com\/medias\/images\/prestataires\/multitailles\/160x120_45591-glacier_gebroulaz_borgne_55.jpg"},"origine":{"url":"https:\/\/www.sja73.com\/medias\/images\/prestataires\/45591-glacier_gebroulaz_borgne_55.jpg"}},"urlLien":"","typeLien":"","nofollow":"N","copyright":"Philippe Vincent"}],"ByCategorie":{"":[{"url":"https:\/\/www.sja73.com\/medias\/images\/prestataires\/45591-glacier_gebroulaz_borgne_55.jpg","chemin":"..\/medias\/images\/prestataires\/45591-glacier_gebroulaz_borgne_55.jpg","libelle":"skieurs hors pistes","extension":"jpg","categorie":"","largeur":"","theme":"","hauteur":"","type":"Image","origine":"","liaisonPave":"","langue":"","id":"45592","urlVignette":"https:\/\/www.sja73.com\/medias\/images\/prestataires\/v-45591-glacier_gebroulaz_borgne_55.jpg","alt":"skieurs hors pistes","title":"skieurs hors pistes","MultiTaille":{"1920x1440":{"url":"https:\/\/www.sja73.com\/medias\/images\/prestataires\/multitailles\/1920x1440_45591-glacier_gebroulaz_borgne_55.jpg"},"1200x900":{"url":"https:\/\/www.sja73.com\/medias\/images\/prestataires\/multitailles\/1200x900_45591-glacier_gebroulaz_borgne_55.jpg"},"800x600":{"url":"https:\/\/www.sja73.com\/medias\/images\/prestataires\/multitailles\/800x600_45591-glacier_gebroulaz_borgne_55.jpg"},"640x480":{"url":"https:\/\/www.sja73.com\/medias\/images\/prestataires\/multitailles\/640x480_45591-glacier_gebroulaz_borgne_55.jpg"},"320x240":{"url":"https:\/\/www.sja73.com\/medias\/images\/prestataires\/multitailles\/320x240_45591-glacier_gebroulaz_borgne_55.jpg"},"160x120":{"url":"https:\/\/www.sja73.com\/medias\/images\/prestataires\/multitailles\/160x120_45591-glacier_gebroulaz_borgne_55.jpg"},"origine":{"url":"https:\/\/www.sja73.com\/medias\/images\/prestataires\/45591-glacier_gebroulaz_borgne_55.jpg"}},"urlLien":"","typeLien":"","nofollow":"N","copyright":"Philippe Vincent"}]}},"Url":"sybelles-hors-piste-1-1.html","Localisation":{"GoogleMap":{"Latitude":"45.205336","Longitude":"6.256683"}},"ZoneGeo":"","Criteres":{"AFFICHAGESITEOK[ADHERENTOUICOMPLET":"","P.prestations[tailleGroupeMax":"6","P.prestations[ageMin":"12","P.prestations[ageMax":"82","P.languesParlees[1192":"","P.languesParlees[1194":"","P.languesParlees[1197":"","P.languesDocumentation[1197":"","P.tourismesAdaptes[3651":"","P.2[496":"","P.5[593":"","P.5[597":"","P.114[416":"","P.114[418":"","P.114[435":"","P.114[436":"","P.commerceEtServiceType[4015":"","P.typesDetailles[4039":"","P.typesDetailles[4041":"","P.54[1795":"","P.54[1977":"","P.54[1980":"","P.54[1982":"","P.57[1832":"","P.57[2002":"","P.55[1894":"","P.55[2030":"","P.43[1908":"","P.43[2043":"","P.43[2050":"","P.43[2054":"","P.CINTSITRA[11226":"","P.CINTSITRA[11435":"","P.3220[25629":"","P.3233[60439":"","P.3233[908439":"","P.3218[60729":"","P.3219[72808":"","P.3219[126557":"","P.3227[82852":"","P.6241[126905":"","P.6241[595160":"","P.3230[323078":"","P.3230[5532377":"","P.3230[6328304":"","P.3221[344174":"","P.3221[549303":"","P.3221[596327":"","P.VilleSitra[30471":"","P.VillageDeDepart[30471":"","P.114[439":""},"DateFinPublication":""},"Fichier":{"Image":[{"url":"https:\/\/www.sja73.com\/medias\/images\/prestations\/69750-radonnee_pv.jpg","chemin":"..\/medias\/images\/prestations\/69750-radonnee_pv.jpg","libelle":"Ski de randonn\u00e9e","extension":"jpg","categorie":"","largeur":3504,"theme":"","hauteur":2336,"type":"Image","origine":"","liaisonPave":"","langue":"","id":"69750","urlVignette":"https:\/\/www.sja73.com\/medias\/images\/prestations\/v-69750-radonnee_pv.jpg","alt":"Ski de randonn\u00e9e","title":"Ski de randonn\u00e9e - &copy OT SJA","MultiTaille":{"1920x1440":{"url":"https:\/\/www.sja73.com\/medias\/images\/prestations\/multitailles\/1920x1440_69750-radonnee_pv.jpg"},"1200x900":{"url":"https:\/\/www.sja73.com\/medias\/images\/prestations\/multitailles\/1200x900_69750-radonnee_pv.jpg"},"800x600":{"url":"https:\/\/www.sja73.com\/medias\/images\/prestations\/multitailles\/800x600_69750-radonnee_pv.jpg"},"640x480":{"url":"https:\/\/www.sja73.com\/medias\/images\/prestations\/multitailles\/640x480_69750-radonnee_pv.jpg"},"320x240":{"url":"https:\/\/www.sja73.com\/medias\/images\/prestations\/multitailles\/320x240_69750-radonnee_pv.jpg"},"160x120":{"url":"https:\/\/www.sja73.com\/medias\/images\/prestations\/multitailles\/160x120_69750-radonnee_pv.jpg"},"origine":{"url":"https:\/\/www.sja73.com\/medias\/images\/prestations\/69750-radonnee_pv.jpg"}},"urlLien":"","typeLien":"","nofollow":"N","copyright":"OT SJA"},{"url":"https:\/\/www.sja73.com\/medias\/images\/prestations\/69751-pv.jpg","chemin":"..\/medias\/images\/prestations\/69751-pv.jpg","libelle":"Ski de randonn\u00e9e","extension":"jpg","categorie":"","largeur":2880,"theme":"","hauteur":4320,"type":"Image","origine":"","liaisonPave":"","langue":"","id":"69751","urlVignette":"https:\/\/www.sja73.com\/medias\/images\/prestations\/v-69751-pv.jpg","alt":"Ski de randonn\u00e9e","title":"Ski de randonn\u00e9e - &copy OT SJA","MultiTaille":{"1920x1440":{"url":"https:\/\/www.sja73.com\/medias\/images\/prestations\/multitailles\/1920x1440_69751-pv.jpg"},"1200x900":{"url":"https:\/\/www.sja73.com\/medias\/images\/prestations\/multitailles\/1200x900_69751-pv.jpg"},"800x600":{"url":"https:\/\/www.sja73.com\/medias\/images\/prestations\/multitailles\/800x600_69751-pv.jpg"},"640x480":{"url":"https:\/\/www.sja73.com\/medias\/images\/prestations\/multitailles\/640x480_69751-pv.jpg"},"320x240":{"url":"https:\/\/www.sja73.com\/medias\/images\/prestations\/multitailles\/320x240_69751-pv.jpg"},"160x120":{"url":"https:\/\/www.sja73.com\/medias\/images\/prestations\/multitailles\/160x120_69751-pv.jpg"},"origine":{"url":"https:\/\/www.sja73.com\/medias\/images\/prestations\/69751-pv.jpg"}},"urlLien":"","typeLien":"","nofollow":"N","copyright":"OT SJA"}],"ByCategorie":{"":[{"url":"https:\/\/www.sja73.com\/medias\/images\/prestations\/69750-radonnee_pv.jpg","chemin":"..\/medias\/images\/prestations\/69750-radonnee_pv.jpg","libelle":"Ski de randonn\u00e9e","extension":"jpg","categorie":"","largeur":3504,"theme":"","hauteur":2336,"type":"Image","origine":"","liaisonPave":"","langue":"","id":"69750","urlVignette":"https:\/\/www.sja73.com\/medias\/images\/prestations\/v-69750-radonnee_pv.jpg","alt":"Ski de randonn\u00e9e","title":"Ski de randonn\u00e9e - &copy OT SJA","MultiTaille":{"1920x1440":{"url":"https:\/\/www.sja73.com\/medias\/images\/prestations\/multitailles\/1920x1440_69750-radonnee_pv.jpg"},"1200x900":{"url":"https:\/\/www.sja73.com\/medias\/images\/prestations\/multitailles\/1200x900_69750-radonnee_pv.jpg"},"800x600":{"url":"https:\/\/www.sja73.com\/medias\/images\/prestations\/multitailles\/800x600_69750-radonnee_pv.jpg"},"640x480":{"url":"https:\/\/www.sja73.com\/medias\/images\/prestations\/multitailles\/640x480_69750-radonnee_pv.jpg"},"320x240":{"url":"https:\/\/www.sja73.com\/medias\/images\/prestations\/multitailles\/320x240_69750-radonnee_pv.jpg"},"160x120":{"url":"https:\/\/www.sja73.com\/medias\/images\/prestations\/multitailles\/160x120_69750-radonnee_pv.jpg"},"origine":{"url":"https:\/\/www.sja73.com\/medias\/images\/prestations\/69750-radonnee_pv.jpg"}},"urlLien":"","typeLien":"","nofollow":"N","copyright":"OT SJA"},{"url":"https:\/\/www.sja73.com\/medias\/images\/prestations\/69751-pv.jpg","chemin":"..\/medias\/images\/prestations\/69751-pv.jpg","libelle":"Ski de randonn\u00e9e","extension":"jpg","categorie":"","largeur":2880,"theme":"","hauteur":4320,"type":"Image","origine":"","liaisonPave":"","langue":"","id":"69751","urlVignette":"https:\/\/www.sja73.com\/medias\/images\/prestations\/v-69751-pv.jpg","alt":"Ski de randonn\u00e9e","title":"Ski de randonn\u00e9e - &copy OT SJA","MultiTaille":{"1920x1440":{"url":"https:\/\/www.sja73.com\/medias\/images\/prestations\/multitailles\/1920x1440_69751-pv.jpg"},"1200x900":{"url":"https:\/\/www.sja73.com\/medias\/images\/prestations\/multitailles\/1200x900_69751-pv.jpg"},"800x600":{"url":"https:\/\/www.sja73.com\/medias\/images\/prestations\/multitailles\/800x600_69751-pv.jpg"},"640x480":{"url":"https:\/\/www.sja73.com\/medias\/images\/prestations\/multitailles\/640x480_69751-pv.jpg"},"320x240":{"url":"https:\/\/www.sja73.com\/medias\/images\/prestations\/multitailles\/320x240_69751-pv.jpg"},"160x120":{"url":"https:\/\/www.sja73.com\/medias\/images\/prestations\/multitailles\/160x120_69751-pv.jpg"},"origine":{"url":"https:\/\/www.sja73.com\/medias\/images\/prestations\/69751-pv.jpg"}},"urlLien":"","typeLien":"","nofollow":"N","copyright":"OT SJA"}]}},"DateDebPublication":"","DateFinPublication":"","PrixAPartirDe":"","PrixPour":"","FicheListeEnCours":"fiche_liste_activites_loisirs_culture_prestation_v2","ParametresModele":{"AfficherPhotos":"1","NbPhotosMax":6,"AfficherReserver":0,"AfficherContact":0,"AfficherSalle":1,"AfficherZoneGeo":0,"AfficherEnSavoirPlus":"0","AfficherUneSeuleOuverture":0,"AfficherContactCarte":1,"AfficherTarifsChaudAPartirDe":0,"AfficherTarifChaudSansRecherche":0,"AfficherLiensCarnetVoyage":"1","Criteres":"AFFICHAGESITE[ADHERENTOUICOMPLET","PositionBloc":"GALLERIE|NOM|CARNET_VOYAGE|URL","TypePrestataire":"E","ComportementResa":false,"ComportementDispo":false},"AffichageCoordonnees":[],"Coordonnees":{"Ville":"Saint-Jean-d'Arves"},"ContexteId":"PRESTATION|E|486277|517583","ContexteIdHtml":"PRESTATION-E-486277-517583","cleContexte":"E|486277|517583","Bloc":{"texte1":"","texte3":"","critere1":{"libelle":"","contenu":[]},"critere2":{"libelle":"","contenu":[]},"critere3":{"libelle":"","contenu":[]},"critere4":{"libelle":"","contenu":[]},"critere5":{"libelle":"","contenu":[]},"critere6":{"libelle":"","contenu":[]},"critere7":{"libelle":"","contenu":[]},"critere8":{"libelle":"","contenu":[]},"critere9":{"libelle":"","contenu":[]}},"LocalisationGps":{"Latitude":"45.205669","Longitude":"6.264579"},"libelleDuPrestataire":"","vuePrestataire":{"pave1":{"libelle":"Descriptif court","contenu":"Avec Philippe, guide de haute montagne, d\u00e9couvrez le ski hors piste, ski de randonn\u00e9e ou l'ascension des cascades de glace."},"pave2":{"libelle":"Descriptif d\u00e9taill\u00e9","contenu":""},"pave3":{"libelle":"Bons plans","contenu":""},"pave4":{"libelle":"Compl\u00e9ment localisation","contenu":""},"pave5":{"libelle":"Compl\u00e9ment accueil","contenu":""},"pave6":{"libelle":"P\u00e9riodes en clair","contenu":"Toute l'ann\u00e9e."},"pave7":{"libelle":"Tarifs en clair","contenu":""},"pave8":{"libelle":"Compl\u00e9ment Tarifs","contenu":""},"pave9":{"libelle":"Compl\u00e9ment R\u00e9servation","contenu":""},"pave10":{"libelle":"Descriptif court","contenu":""},"pave11":{"libelle":"Descriptif d\u00e9taill\u00e9","contenu":""},"pave12":{"libelle":"Compl\u00e9ment localisation","contenu":""},"pave13":{"libelle":"Compl\u00e9ment accueil","contenu":""},"pave14":{"libelle":"P\u00e9riodes en clair","contenu":""},"pave15":{"libelle":"Tarifs en clair","contenu":""},"pave16":{"libelle":"Compl\u00e9ment Tarifs","contenu":""},"pave17":{"libelle":"Compl\u00e9ment R\u00e9servation","contenu":""},"pave18":{"libelle":"Descriptif court","contenu":""},"pave19":{"libelle":"Descriptif d\u00e9taill\u00e9","contenu":""},"pave20":{"libelle":"Compl\u00e9ment localisation","contenu":""},"pave21":{"libelle":"Compl\u00e9ment accueil","contenu":""},"pave22":{"libelle":"P\u00e9riodes en clair","contenu":""},"pave23":{"libelle":"Tarifs en clair","contenu":""},"pave24":{"libelle":"Compl\u00e9ment Tarifs","contenu":""},"pave25":{"libelle":"Compl\u00e9ment R\u00e9servation","contenu":""},"ContactsParType":{"DIR":{"55886":{"id_contact":"55886","type_contact":"DIR","categorie_contact":"PRESTATAIRE","societe_contact":"","fonction_contact":"","civilite_nom_prenom_contact":"M Vincent Philippe ","adresse1_contact":"","adresse2_contact":"","adresse3_contact":"","cpostal_contact":"","ville_contact":"","teldom_contact":"","telbur_contact":"","fax_contact":"","portable_contact":"","email_contact":"","siteweb_contact":"","commentaire_contact":"","langue_contact":"","autre_moyen_com":[]}}},"Libelle":"Sybelles Hors Piste","Nom":"Sybelles Hors Piste ","Prenom":"","NomPrenom":"Sybelles Hors Piste  ","CiviliteNomPrenom":"Sybelles Hors Piste  ","Cle":"E|486277","PrestataireParent":"","ContexteStat":"PRESTATAIRE-E-486277","DateModificationIso":"2025-11-03T09:53:00+01:00","Type":"PRESTATAIRE","TypePrestataire":"E","Adresse":{"LigneAdresse1":"","LigneAdresse2":"","LigneAdresse3":"","CodePostal":"","Ville":"","Cedex":"","Etat":"","Pays":""},"Email":"filskiguide@gmail.com","Telephone":"0033(0)6 81 44 53 97","TelephoneBureau":"","Portable":"","SiteWeb":"","Fax":"","Id":"e-486277","Code":"E|486277","Fichier":{"Image":[{"url":"https:\/\/www.sja73.com\/medias\/images\/prestataires\/45591-glacier_gebroulaz_borgne_55.jpg","chemin":"..\/medias\/images\/prestataires\/45591-glacier_gebroulaz_borgne_55.jpg","libelle":"skieurs hors pistes","extension":"jpg","categorie":"","largeur":"","theme":"","hauteur":"","type":"Image","origine":"","liaisonPave":"","langue":"","id":"45592","urlVignette":"https:\/\/www.sja73.com\/medias\/images\/prestataires\/v-45591-glacier_gebroulaz_borgne_55.jpg","alt":"skieurs hors pistes","title":"skieurs hors pistes","MultiTaille":{"1920x1440":{"url":"https:\/\/www.sja73.com\/medias\/images\/prestataires\/multitailles\/1920x1440_45591-glacier_gebroulaz_borgne_55.jpg"},"1200x900":{"url":"https:\/\/www.sja73.com\/medias\/images\/prestataires\/multitailles\/1200x900_45591-glacier_gebroulaz_borgne_55.jpg"},"800x600":{"url":"https:\/\/www.sja73.com\/medias\/images\/prestataires\/multitailles\/800x600_45591-glacier_gebroulaz_borgne_55.jpg"},"640x480":{"url":"https:\/\/www.sja73.com\/medias\/images\/prestataires\/multitailles\/640x480_45591-glacier_gebroulaz_borgne_55.jpg"},"320x240":{"url":"https:\/\/www.sja73.com\/medias\/images\/prestataires\/multitailles\/320x240_45591-glacier_gebroulaz_borgne_55.jpg"},"160x120":{"url":"https:\/\/www.sja73.com\/medias\/images\/prestataires\/multitailles\/160x120_45591-glacier_gebroulaz_borgne_55.jpg"},"origine":{"url":"https:\/\/www.sja73.com\/medias\/images\/prestataires\/45591-glacier_gebroulaz_borgne_55.jpg"}},"urlLien":"","typeLien":"","nofollow":"N","copyright":"Philippe Vincent"}],"ByCategorie":{"":[{"url":"https:\/\/www.sja73.com\/medias\/images\/prestataires\/45591-glacier_gebroulaz_borgne_55.jpg","chemin":"..\/medias\/images\/prestataires\/45591-glacier_gebroulaz_borgne_55.jpg","libelle":"skieurs hors pistes","extension":"jpg","categorie":"","largeur":"","theme":"","hauteur":"","type":"Image","origine":"","liaisonPave":"","langue":"","id":"45592","urlVignette":"https:\/\/www.sja73.com\/medias\/images\/prestataires\/v-45591-glacier_gebroulaz_borgne_55.jpg","alt":"skieurs hors pistes","title":"skieurs hors pistes","MultiTaille":{"1920x1440":{"url":"https:\/\/www.sja73.com\/medias\/images\/prestataires\/multitailles\/1920x1440_45591-glacier_gebroulaz_borgne_55.jpg"},"1200x900":{"url":"https:\/\/www.sja73.com\/medias\/images\/prestataires\/multitailles\/1200x900_45591-glacier_gebroulaz_borgne_55.jpg"},"800x600":{"url":"https:\/\/www.sja73.com\/medias\/images\/prestataires\/multitailles\/800x600_45591-glacier_gebroulaz_borgne_55.jpg"},"640x480":{"url":"https:\/\/www.sja73.com\/medias\/images\/prestataires\/multitailles\/640x480_45591-glacier_gebroulaz_borgne_55.jpg"},"320x240":{"url":"https:\/\/www.sja73.com\/medias\/images\/prestataires\/multitailles\/320x240_45591-glacier_gebroulaz_borgne_55.jpg"},"160x120":{"url":"https:\/\/www.sja73.com\/medias\/images\/prestataires\/multitailles\/160x120_45591-glacier_gebroulaz_borgne_55.jpg"},"origine":{"url":"https:\/\/www.sja73.com\/medias\/images\/prestataires\/45591-glacier_gebroulaz_borgne_55.jpg"}},"urlLien":"","typeLien":"","nofollow":"N","copyright":"Philippe Vincent"}]}},"Url":"sybelles-hors-piste-1-1.html","Localisation":{"GoogleMap":{"Latitude":"45.205336","Longitude":"6.256683"}},"ZoneGeo":"","Criteres":{"AFFICHAGESITEOK[ADHERENTOUICOMPLET":"","P.prestations[tailleGroupeMax":"6","P.prestations[ageMin":"12","P.prestations[ageMax":"82","P.languesParlees[1192":"","P.languesParlees[1194":"","P.languesParlees[1197":"","P.languesDocumentation[1197":"","P.tourismesAdaptes[3651":"","P.2[496":"","P.5[593":"","P.5[597":"","P.114[416":"","P.114[418":"","P.114[435":"","P.114[436":"","P.commerceEtServiceType[4015":"","P.typesDetailles[4039":"","P.typesDetailles[4041":"","P.54[1795":"","P.54[1977":"","P.54[1980":"","P.54[1982":"","P.57[1832":"","P.57[2002":"","P.55[1894":"","P.55[2030":"","P.43[1908":"","P.43[2043":"","P.43[2050":"","P.43[2054":"","P.CINTSITRA[11226":"","P.CINTSITRA[11435":"","P.3220[25629":"","P.3233[60439":"","P.3233[908439":"","P.3218[60729":"","P.3219[72808":"","P.3219[126557":"","P.3227[82852":"","P.6241[126905":"","P.6241[595160":"","P.3230[323078":"","P.3230[5532377":"","P.3230[6328304":"","P.3221[344174":"","P.3221[549303":"","P.3221[596327":"","P.VilleSitra[30471":"","P.VillageDeDepart[30471":"","P.114[439":""},"DateFinPublication":"","AffichageCoordonnees":[]},"listeCriteres":{"prestations":{"surchargeTourismesAdaptes":"","surchargeDescriptifHandicapMoteur":"","surchargeDescriptifHandicapAuditif":"","surchargeDescriptifHandicapVisuel":"","surchargeDescriptifHandicapMental":"","surchargeNombreFauteuilsRoulants":"","tailleGroupeMax":"6","ageMin":"12"},"languesParlees":{"1192":"","1194":"","1197":""},"tourismesAdaptes":{"3651":""},"2":{"496":""},"5":{"593":"","597":""},"3728":{"3729":"","3731":"","3733":""},"35":{"3736":""},"114":{"416":"","435":"","436":""},"modesPaiement":{"1274":"","1277":""},"activiteType":{"1789":""},"93":{"1797":""},"91":{"1879":""},"90":{"1886":""},"43":{"1908":"","2050":""},"prestataireActivites":{"type":"Commerce \/ Et \/ Service","id":"486277"},"commerceEtServicePrestataire":{"type":"Commerce \/ Et \/ Service","id":"486277"},"CINTSITRA":{"10507":"","11226":"","11435":""},"3220":{"25629":""},"3233":{"60439":"","908439":""},"3218":{"60729":""},"3219":{"72808":"","126557":""},"3227":{"82852":""},"3230":{"323078":"","5532377":"","6328304":""},"3221":{"344174":"","549303":"","596327":""},"6241":{"595160":""},"VilleSitra":{"30471":""},"VillageDeDepart":{"30471":""},"AFFICHAGESITE":{"ADHERENTOUICOMPLET":""},"AFFICHAGESITEOK":{"ADHERENTOUICOMPLET":""},"P.prestations":{"tailleGroupeMax":"6","ageMin":"12","ageMax":"82"},"P.languesParlees":{"1192":"","1194":"","1197":""},"P.languesDocumentation":{"1197":""},"P.tourismesAdaptes":{"3651":""},"P.2":{"496":""},"P.5":{"593":"","597":""},"P.114":{"416":"","418":"","435":"","436":"","439":""},"P.commerceEtServiceType":{"4015":""},"P.typesDetailles":{"4039":"","4041":""},"P.54":{"1795":"","1977":"","1980":"","1982":""},"P.57":{"1832":"","2002":""},"P.55":{"1894":"","2030":""},"P.43":{"1908":"","2043":"","2050":"","2054":""},"P.CINTSITRA":{"11226":"","11435":""},"P.3220":{"25629":""},"P.3233":{"60439":"","908439":""},"P.3218":{"60729":""},"P.3219":{"72808":"","126557":""},"P.3227":{"82852":""},"P.6241":{"126905":"","595160":""},"P.3230":{"323078":"","5532377":"","6328304":""},"P.3221":{"344174":"","549303":"","596327":""},"P.VilleSitra":{"30471":""},"P.VillageDeDepart":{"30471":""}},"dansCarnetVoyage":true,"Ouverture":""},"html":" \n \u003Cdiv id=\"CV-PRESTATION-E-486277-517583\" data-contexte-id=\"PRESTATION|E|486277|517583\" data-cle=\"E|486277|517583\" class=\"fiche-liste\"\u003E\n    \n\n    \u003C!-- partie photo --\u003E\n    \u003Cdiv class=\"photo\"\u003E\t\t\t\t\t\t\t\t\t\t\t\t\t\t\t\t\t\t\t\t\t\n        \u003Cdiv class=\"cadre_photo_principale\"\u003E\t\t\n        \n            \t\t\t\t\t\n                    \u003Ca href=\"ski-de-randonnee-aux-sybelles.html?origine=carnet#media\"\u003E\n                        \u003Cimg class=\"photo_principale\" alt=\"Ski de randonn\u00e9e\" src=\"https:\/\/www.sja73.com\/medias\/images\/prestations\/multitailles\/320x240_69750-radonnee_pv.jpg\" itemprop=\"image\"\u003E\n                    \u003C\/a\u003E\t\t\t\t\t\t\n                \n                    \u003C\/div\u003E\t\t\t\t\t\t\t\t\t\t\t\t\t\t\t\t\t\t\t \t\t\n    \u003C\/div\u003E\n    \n    \u003C!-- partie nom prest --\u003E\n    \u003Cdiv class=\"nom\"\u003E\n        \u003Ch2\u003ESki de randonn\u00e9e aux Sybelles\u003C\/h2\u003E\n        \n            \u003C\/div\u003E\n\n         \n    \u003C!-- partie adresse --\u003E\n    \u003Cdiv class=\"adresse\"\u003E\n    \n          \n    \u003C\/div\u003E\n    \n    \u003C!-- partie liens --\u003E\n    \u003Cdiv class=\"liens\"\u003E\n            \u003Ca class=\"btn-icon btn-view \" title=\"Voir la fiche d\u00e9taill\u00e9e\" href=\"ski-de-randonnee-aux-sybelles.html?origine=carnet\"\u003E\u003C\/a\u003E\u003C!--\u003Ca class=\"btn-icon btn-view \" title=\"\" href=\"?origine=carnet#thaut\"\u003E\u003C\/a\u003E--\u003E\n      \u003Ca class=\"btn-icon btn-trash carnet_voyage_supprimer\" title=\"Supprimer cette fiche de mon carnet de voyage\" href=\"carnet-voyage?action=remove&fiche=E|486277|517583\"\u003E\u003C\/a\u003E\n    \u003C\/div\u003E\n\n\u003C\/div\u003E\n\n","icon":"https:\/\/static.ingenie.fr\/images\/carnetVoyageV3\/E.png"},"fiche":"E|486277|517583","popup":"\u003Cdiv id=\"bloc_popup_ajout_fiche_carnet\"\u003E\n    \u003Cdiv class=\"info_popup_ajout_fiche_carnet\"\u003E\n        Vous venez d'ajouter cet \u00e9l\u00e9ment \u00e0 votre carnet de voyage :    \u003C\/div\u003E\n    \u003Cdiv class=\"prest_popup_ajout_fiche_carnet\"\u003E\n        Ski de randonn&eacute;e aux Sybelles    \u003C\/div\u003E\n    \u003Cdiv class=\"bloc_btn_ajout_fiche_carnet form_submit_div\"\u003E\n        \u003Cinput type=\"button\" value=\"Continuer ma s\u00e9lection\" title=\"Continuer ma s\u00e9lection\" name=\"btn_close\" class=\"btn_close_popup_carnet form_submit\" onclick=\"$.colorbox.close()\" \/\u003E\n        \u003Cinput type=\"button\" value=\"Voir mon carnet de voyage\" title=\"Voir mon carnet\" name=\"btn_panier\" class=\"btn_panier_popup_carnet form_submit\" onclick=\"if(typeof CarnetVoyage != 'undefined') {CarnetVoyage.voirCarnet();}\" \/\u003E\n    \u003C\/div\u003E\n    \u003Cdiv class=\"bloc_btn_ajout_fiche_carnet\"\u003E\n        \u003Cinput type=\"checkbox\" value=\"1\" name=\"desactiver_popup\" id=\"desactiver_popup\" \/\u003E\n        \u003Clabel for=\"desactiver_popup\"\u003ENe plus afficher ce message\u003C\/label\u003E\n    \u003C\/div\u003E\n\u003C\/div\u003E","success":1}