{"nbFiches":1,"dataPrest":{"infoPrest":{"pave1":{"libelle":"Descriptif court","contenu":"De cette passion pour les plantes m\u00e9dicinales transmise par sa grand-m\u00e8re Marguerite, Emmanuel en a fait son m\u00e9tier. Il vous invite dans son atelier des plantes : Les Infusions des Arves."},"pave2":{"libelle":"Descriptif d\u00e9taill\u00e9","contenu":"D\u00e9coction, infusion... Ces plantes sont le fruit d'une agriculture et d'une cueillette biologique certifi\u00e9e. M\u00e9lisse, Ortie, Absinthe, Aub\u00e9pine, Menthe poivr\u00e9e... D\u00e9couvrez les saveurs et les vertus de ces plantes sauvages qui poussent dans les montagnes des Arves \u00e0 des altitudes toutes diff\u00e9rentes. \u003Cbr \/\u003E\r\n\u003Cbr \/\u003E\r\nD\u00e9gustation et d\u00e9couverte de l'Atelier et du s\u00e9choir des plantes lors de visites comment\u00e9es en \u00e9t\u00e9. Sur demande en d\u00e9hors de la saison estivale.\u003Cbr \/\u003E\r\n\u003Cbr \/\u003E\r\nVente directe et par correspondance. Infusions des Arves est pr\u00e9sent sur les march\u00e9s en saison touristique."},"pave3":{"libelle":"Bons plans","contenu":""},"pave4":{"libelle":"Compl\u00e9ment localisation","contenu":"Pour se rendre chez Infusions des Arves :\u003Cbr \/\u003E\r\n- A pied : garez votre v\u00e9hicule en face de la Chapelle des Chambons. Ensuite, suivez, les Panneaux de Randonn\u00e9es P\u00e9destres \"Plan Gaspard\" (15min).\u003Cbr \/\u003E\r\n- En voiture : passez par la Chapelle des Chambons et poursuivez la route jusqu'au bout. \u003Cbr \/\u003E\r\n\u003Cbr \/\u003E\r\nL'itin\u00e9raire pi\u00e9ton est conseill\u00e9 car les places de parking sont limit\u00e9es."},"pave5":{"libelle":"Compl\u00e9ment accueil","contenu":""},"pave6":{"libelle":"P\u00e9riodes en clair","contenu":"Production toute l'ann\u00e9e. Possibilit\u00e9 de visiter le s\u00e9choir des plantes sur demande."},"pave7":{"libelle":"Tarifs en clair","contenu":"Acc\u00e8s libre."},"pave8":{"libelle":"Compl\u00e9ment Tarifs","contenu":""},"pave9":{"libelle":"Compl\u00e9ment R\u00e9servation","contenu":""},"pave10":{"libelle":"Descriptif court","contenu":""},"pave11":{"libelle":"Descriptif d\u00e9taill\u00e9","contenu":""},"pave12":{"libelle":"Compl\u00e9ment localisation","contenu":""},"pave13":{"libelle":"Compl\u00e9ment accueil","contenu":""},"pave14":{"libelle":"P\u00e9riodes en clair","contenu":""},"pave15":{"libelle":"Tarifs en clair","contenu":""},"pave16":{"libelle":"Compl\u00e9ment Tarifs","contenu":""},"pave17":{"libelle":"Compl\u00e9ment R\u00e9servation","contenu":""},"pave18":{"libelle":"Descriptif court","contenu":""},"pave19":{"libelle":"Descriptif d\u00e9taill\u00e9","contenu":""},"pave20":{"libelle":"Compl\u00e9ment localisation","contenu":""},"pave21":{"libelle":"Compl\u00e9ment accueil","contenu":""},"pave22":{"libelle":"P\u00e9riodes en clair","contenu":""},"pave23":{"libelle":"Tarifs en clair","contenu":""},"pave24":{"libelle":"Compl\u00e9ment Tarifs","contenu":""},"pave25":{"libelle":"Compl\u00e9ment R\u00e9servation","contenu":""},"ContactsParType":{"DIR":{"59518":{"id_contact":"59518","type_contact":"DIR","categorie_contact":"PRESTATAIRE","societe_contact":"","fonction_contact":"","civilite_nom_prenom_contact":"M BURLOT Manu ","adresse1_contact":"","adresse2_contact":"","adresse3_contact":"","cpostal_contact":"","ville_contact":"","teldom_contact":"","telbur_contact":"","fax_contact":"","portable_contact":"","email_contact":"","siteweb_contact":"","commentaire_contact":"","langue_contact":"","autre_moyen_com":[]}},"":{"59519":{"id_contact":"59519","type_contact":"","categorie_contact":"PRESTATAIRE","societe_contact":"","fonction_contact":"","civilite_nom_prenom_contact":"","adresse1_contact":"","adresse2_contact":"","adresse3_contact":"","cpostal_contact":"","ville_contact":"","teldom_contact":"","telbur_contact":"","fax_contact":"","portable_contact":"","email_contact":"","siteweb_contact":"","commentaire_contact":"","langue_contact":"","autre_moyen_com":[]}},"RES":{"59520":{"id_contact":"59520","type_contact":"RES","categorie_contact":"PRESTATAIRE","societe_contact":"","fonction_contact":"","civilite_nom_prenom_contact":"Burlot Manu ","adresse1_contact":"","adresse2_contact":"","adresse3_contact":"","cpostal_contact":"","ville_contact":"","teldom_contact":"","telbur_contact":"","fax_contact":"","portable_contact":"","email_contact":"","siteweb_contact":"","commentaire_contact":"","langue_contact":"","autre_moyen_com":[]}}},"Libelle":"Plantes officinales bio des Infusions des Aiguilles d'Arves","Nom":"Plantes officinales bio des Infusions des Aiguilles d'Arves","Prenom":"","NomPrenom":"Plantes officinales bio des Infusions des Aiguilles d'Arves ","CiviliteNomPrenom":"Plantes officinales bio des Infusions des Aiguilles d'Arves ","Cle":"D|387749","PrestataireParent":"","ContexteStat":"PRESTATAIRE-D-387749","DateModificationIso":"2026-04-09T00:34:00+02:00","Type":"PRESTATAIRE","TypePrestataire":"D","Adresse":{"LigneAdresse1":"Plan Gaspard","LigneAdresse2":"","LigneAdresse3":"","CodePostal":"73530","Ville":"Saint-Jean-d'Arves","Cedex":"","Etat":"","Pays":"FRA"},"Email":"","Telephone":"0033 (0)6 87 00 73 96","TelephoneBureau":"","Portable":"","SiteWeb":"http:\/\/www.infusionsdesarves.fr","Fax":"","Id":"d-387749","Code":"D|387749","Fichier":{"Image":[{"url":"https:\/\/www.sja73.com\/medias\/images\/prestataires\/49982-plantes.jpg","chemin":"..\/medias\/images\/prestataires\/49982-plantes.jpg","libelle":"Infusion des Arves","extension":"jpg","categorie":"","largeur":1200,"theme":"","hauteur":900,"type":"Image","origine":"","liaisonPave":"","langue":"","id":"49982","urlVignette":"https:\/\/www.sja73.com\/medias\/images\/prestataires\/v-49982-plantes.jpg","alt":"Infusion des Arves","title":"Infusion des Arves - &copy Office de Tourisme SJA","MultiTaille":{"1920x1440":{"url":"https:\/\/www.sja73.com\/medias\/images\/prestataires\/multitailles\/1920x1440_49982-plantes.jpg"},"1200x900":{"url":"https:\/\/www.sja73.com\/medias\/images\/prestataires\/multitailles\/1200x900_49982-plantes.jpg"},"800x600":{"url":"https:\/\/www.sja73.com\/medias\/images\/prestataires\/multitailles\/800x600_49982-plantes.jpg"},"640x480":{"url":"https:\/\/www.sja73.com\/medias\/images\/prestataires\/multitailles\/640x480_49982-plantes.jpg"},"320x240":{"url":"https:\/\/www.sja73.com\/medias\/images\/prestataires\/multitailles\/320x240_49982-plantes.jpg"},"160x120":{"url":"https:\/\/www.sja73.com\/medias\/images\/prestataires\/multitailles\/160x120_49982-plantes.jpg"},"origine":{"url":"https:\/\/www.sja73.com\/medias\/images\/prestataires\/49982-plantes.jpg"}},"urlLien":"","typeLien":"","nofollow":"N","copyright":"Office de Tourisme SJA"},{"url":"https:\/\/www.sja73.com\/medias\/images\/prestataires\/49983-marche_1103.jpg","chemin":"..\/medias\/images\/prestataires\/49983-marche_1103.jpg","libelle":"Sachet tisane","extension":"jpg","categorie":"","largeur":5184,"theme":"","hauteur":3456,"type":"Image","origine":"","liaisonPave":"","langue":"","id":"49983","urlVignette":"https:\/\/www.sja73.com\/medias\/images\/prestataires\/v-49983-marche_1103.jpg","alt":"Sachet tisane","title":"Sachet tisane","MultiTaille":{"1920x1440":{"url":"https:\/\/www.sja73.com\/medias\/images\/prestataires\/multitailles\/1920x1440_49983-marche_1103.jpg"},"1200x900":{"url":"https:\/\/www.sja73.com\/medias\/images\/prestataires\/multitailles\/1200x900_49983-marche_1103.jpg"},"800x600":{"url":"https:\/\/www.sja73.com\/medias\/images\/prestataires\/multitailles\/800x600_49983-marche_1103.jpg"},"640x480":{"url":"https:\/\/www.sja73.com\/medias\/images\/prestataires\/multitailles\/640x480_49983-marche_1103.jpg"},"320x240":{"url":"https:\/\/www.sja73.com\/medias\/images\/prestataires\/multitailles\/320x240_49983-marche_1103.jpg"},"160x120":{"url":"https:\/\/www.sja73.com\/medias\/images\/prestataires\/multitailles\/160x120_49983-marche_1103.jpg"},"origine":{"url":"https:\/\/www.sja73.com\/medias\/images\/prestataires\/49983-marche_1103.jpg"}},"urlLien":"","typeLien":"","nofollow":"N","copyright":""},{"url":"https:\/\/www.sja73.com\/medias\/images\/prestataires\/49984-atelier.jpg","chemin":"..\/medias\/images\/prestataires\/49984-atelier.jpg","libelle":"Infusion des Arves","extension":"jpg","categorie":"","largeur":1200,"theme":"","hauteur":800,"type":"Image","origine":"","liaisonPave":"","langue":"","id":"49984","urlVignette":"https:\/\/www.sja73.com\/medias\/images\/prestataires\/v-49984-atelier.jpg","alt":"Infusion des Arves","title":"Infusion des Arves - &copy Office de Tourisme SJA","MultiTaille":{"1920x1440":{"url":"https:\/\/www.sja73.com\/medias\/images\/prestataires\/multitailles\/1920x1440_49984-atelier.jpg"},"1200x900":{"url":"https:\/\/www.sja73.com\/medias\/images\/prestataires\/multitailles\/1200x900_49984-atelier.jpg"},"800x600":{"url":"https:\/\/www.sja73.com\/medias\/images\/prestataires\/multitailles\/800x600_49984-atelier.jpg"},"640x480":{"url":"https:\/\/www.sja73.com\/medias\/images\/prestataires\/multitailles\/640x480_49984-atelier.jpg"},"320x240":{"url":"https:\/\/www.sja73.com\/medias\/images\/prestataires\/multitailles\/320x240_49984-atelier.jpg"},"160x120":{"url":"https:\/\/www.sja73.com\/medias\/images\/prestataires\/multitailles\/160x120_49984-atelier.jpg"},"origine":{"url":"https:\/\/www.sja73.com\/medias\/images\/prestataires\/49984-atelier.jpg"}},"urlLien":"","typeLien":"","nofollow":"N","copyright":"Office de Tourisme SJA"},{"url":"https:\/\/www.sja73.com\/medias\/images\/prestataires\/49985-img_2941site_web.jpg","chemin":"..\/medias\/images\/prestataires\/49985-img_2941site_web.jpg","libelle":"Visite Infusions des Aiguilles d'Arves","extension":"jpg","categorie":"","largeur":1800,"theme":"ETE","hauteur":1200,"type":"Image","origine":"","liaisonPave":"","langue":"","id":"49985","urlVignette":"https:\/\/www.sja73.com\/medias\/images\/prestataires\/v-49985-img_2941site_web.jpg","alt":"Visite Infusions des Aiguilles d'Arves","title":"Visite Infusions des Aiguilles d'Arves","MultiTaille":{"1920x1440":{"url":"https:\/\/www.sja73.com\/medias\/images\/prestataires\/multitailles\/1920x1440_49985-img_2941site_web.jpg"},"1200x900":{"url":"https:\/\/www.sja73.com\/medias\/images\/prestataires\/multitailles\/1200x900_49985-img_2941site_web.jpg"},"800x600":{"url":"https:\/\/www.sja73.com\/medias\/images\/prestataires\/multitailles\/800x600_49985-img_2941site_web.jpg"},"640x480":{"url":"https:\/\/www.sja73.com\/medias\/images\/prestataires\/multitailles\/640x480_49985-img_2941site_web.jpg"},"320x240":{"url":"https:\/\/www.sja73.com\/medias\/images\/prestataires\/multitailles\/320x240_49985-img_2941site_web.jpg"},"160x120":{"url":"https:\/\/www.sja73.com\/medias\/images\/prestataires\/multitailles\/160x120_49985-img_2941site_web.jpg"},"origine":{"url":"https:\/\/www.sja73.com\/medias\/images\/prestataires\/49985-img_2941site_web.jpg"}},"urlLien":"","typeLien":"","nofollow":"N","copyright":""}],"ByCategorie":{"":[{"url":"https:\/\/www.sja73.com\/medias\/images\/prestataires\/49982-plantes.jpg","chemin":"..\/medias\/images\/prestataires\/49982-plantes.jpg","libelle":"Infusion des Arves","extension":"jpg","categorie":"","largeur":1200,"theme":"","hauteur":900,"type":"Image","origine":"","liaisonPave":"","langue":"","id":"49982","urlVignette":"https:\/\/www.sja73.com\/medias\/images\/prestataires\/v-49982-plantes.jpg","alt":"Infusion des Arves","title":"Infusion des Arves - &copy Office de Tourisme SJA","MultiTaille":{"1920x1440":{"url":"https:\/\/www.sja73.com\/medias\/images\/prestataires\/multitailles\/1920x1440_49982-plantes.jpg"},"1200x900":{"url":"https:\/\/www.sja73.com\/medias\/images\/prestataires\/multitailles\/1200x900_49982-plantes.jpg"},"800x600":{"url":"https:\/\/www.sja73.com\/medias\/images\/prestataires\/multitailles\/800x600_49982-plantes.jpg"},"640x480":{"url":"https:\/\/www.sja73.com\/medias\/images\/prestataires\/multitailles\/640x480_49982-plantes.jpg"},"320x240":{"url":"https:\/\/www.sja73.com\/medias\/images\/prestataires\/multitailles\/320x240_49982-plantes.jpg"},"160x120":{"url":"https:\/\/www.sja73.com\/medias\/images\/prestataires\/multitailles\/160x120_49982-plantes.jpg"},"origine":{"url":"https:\/\/www.sja73.com\/medias\/images\/prestataires\/49982-plantes.jpg"}},"urlLien":"","typeLien":"","nofollow":"N","copyright":"Office de Tourisme SJA"},{"url":"https:\/\/www.sja73.com\/medias\/images\/prestataires\/49986-ab_cert_hd.jpg","chemin":"..\/medias\/images\/prestataires\/49986-ab_cert_hd.jpg","libelle":"Logo Agriculture Biologique","extension":"jpg","categorie":"","largeur":"","theme":"","hauteur":"","type":"Document","origine":"","liaisonPave":"","langue":"","id":"49986","poids":"268.44 Ko","alt":"Logo Agriculture Biologique","title":"Logo Agriculture Biologique"},{"url":"https:\/\/www.sja73.com\/medias\/images\/prestataires\/49983-marche_1103.jpg","chemin":"..\/medias\/images\/prestataires\/49983-marche_1103.jpg","libelle":"Sachet tisane","extension":"jpg","categorie":"","largeur":5184,"theme":"","hauteur":3456,"type":"Image","origine":"","liaisonPave":"","langue":"","id":"49983","urlVignette":"https:\/\/www.sja73.com\/medias\/images\/prestataires\/v-49983-marche_1103.jpg","alt":"Sachet tisane","title":"Sachet tisane","MultiTaille":{"1920x1440":{"url":"https:\/\/www.sja73.com\/medias\/images\/prestataires\/multitailles\/1920x1440_49983-marche_1103.jpg"},"1200x900":{"url":"https:\/\/www.sja73.com\/medias\/images\/prestataires\/multitailles\/1200x900_49983-marche_1103.jpg"},"800x600":{"url":"https:\/\/www.sja73.com\/medias\/images\/prestataires\/multitailles\/800x600_49983-marche_1103.jpg"},"640x480":{"url":"https:\/\/www.sja73.com\/medias\/images\/prestataires\/multitailles\/640x480_49983-marche_1103.jpg"},"320x240":{"url":"https:\/\/www.sja73.com\/medias\/images\/prestataires\/multitailles\/320x240_49983-marche_1103.jpg"},"160x120":{"url":"https:\/\/www.sja73.com\/medias\/images\/prestataires\/multitailles\/160x120_49983-marche_1103.jpg"},"origine":{"url":"https:\/\/www.sja73.com\/medias\/images\/prestataires\/49983-marche_1103.jpg"}},"urlLien":"","typeLien":"","nofollow":"N","copyright":""},{"url":"https:\/\/www.sja73.com\/medias\/images\/prestataires\/49984-atelier.jpg","chemin":"..\/medias\/images\/prestataires\/49984-atelier.jpg","libelle":"Infusion des Arves","extension":"jpg","categorie":"","largeur":1200,"theme":"","hauteur":800,"type":"Image","origine":"","liaisonPave":"","langue":"","id":"49984","urlVignette":"https:\/\/www.sja73.com\/medias\/images\/prestataires\/v-49984-atelier.jpg","alt":"Infusion des Arves","title":"Infusion des Arves - &copy Office de Tourisme SJA","MultiTaille":{"1920x1440":{"url":"https:\/\/www.sja73.com\/medias\/images\/prestataires\/multitailles\/1920x1440_49984-atelier.jpg"},"1200x900":{"url":"https:\/\/www.sja73.com\/medias\/images\/prestataires\/multitailles\/1200x900_49984-atelier.jpg"},"800x600":{"url":"https:\/\/www.sja73.com\/medias\/images\/prestataires\/multitailles\/800x600_49984-atelier.jpg"},"640x480":{"url":"https:\/\/www.sja73.com\/medias\/images\/prestataires\/multitailles\/640x480_49984-atelier.jpg"},"320x240":{"url":"https:\/\/www.sja73.com\/medias\/images\/prestataires\/multitailles\/320x240_49984-atelier.jpg"},"160x120":{"url":"https:\/\/www.sja73.com\/medias\/images\/prestataires\/multitailles\/160x120_49984-atelier.jpg"},"origine":{"url":"https:\/\/www.sja73.com\/medias\/images\/prestataires\/49984-atelier.jpg"}},"urlLien":"","typeLien":"","nofollow":"N","copyright":"Office de Tourisme SJA"},{"url":"https:\/\/www.sja73.com\/medias\/images\/prestataires\/49985-img_2941site_web.jpg","chemin":"..\/medias\/images\/prestataires\/49985-img_2941site_web.jpg","libelle":"Visite Infusions des Aiguilles d'Arves","extension":"jpg","categorie":"","largeur":1800,"theme":"ETE","hauteur":1200,"type":"Image","origine":"","liaisonPave":"","langue":"","id":"49985","urlVignette":"https:\/\/www.sja73.com\/medias\/images\/prestataires\/v-49985-img_2941site_web.jpg","alt":"Visite Infusions des Aiguilles d'Arves","title":"Visite Infusions des Aiguilles d'Arves","MultiTaille":{"1920x1440":{"url":"https:\/\/www.sja73.com\/medias\/images\/prestataires\/multitailles\/1920x1440_49985-img_2941site_web.jpg"},"1200x900":{"url":"https:\/\/www.sja73.com\/medias\/images\/prestataires\/multitailles\/1200x900_49985-img_2941site_web.jpg"},"800x600":{"url":"https:\/\/www.sja73.com\/medias\/images\/prestataires\/multitailles\/800x600_49985-img_2941site_web.jpg"},"640x480":{"url":"https:\/\/www.sja73.com\/medias\/images\/prestataires\/multitailles\/640x480_49985-img_2941site_web.jpg"},"320x240":{"url":"https:\/\/www.sja73.com\/medias\/images\/prestataires\/multitailles\/320x240_49985-img_2941site_web.jpg"},"160x120":{"url":"https:\/\/www.sja73.com\/medias\/images\/prestataires\/multitailles\/160x120_49985-img_2941site_web.jpg"},"origine":{"url":"https:\/\/www.sja73.com\/medias\/images\/prestataires\/49985-img_2941site_web.jpg"}},"urlLien":"","typeLien":"","nofollow":"N","copyright":""}]},"Document":[{"url":"https:\/\/www.sja73.com\/medias\/images\/prestataires\/49986-ab_cert_hd.jpg","chemin":"..\/medias\/images\/prestataires\/49986-ab_cert_hd.jpg","libelle":"Logo Agriculture Biologique","extension":"jpg","categorie":"","largeur":"","theme":"","hauteur":"","type":"Document","origine":"","liaisonPave":"","langue":"","id":"49986","poids":"268.44 Ko","alt":"Logo Agriculture Biologique","title":"Logo Agriculture Biologique"}]},"Url":"plantes-officinales-bio-des-infusions-des-aiguilles-d-arves.html","Localisation":{"GoogleMap":{"Latitude":"45.206373","Longitude":"6.257775"}},"ZoneGeo":"","Criteres":{"AFFICHAGESITE[ADHERENTOUICOMPLET":"","P.129[1188":"","P.6469[3747":"","P.prestations[surchargeTourismesAdaptes":"","P.prestations[surchargeDescriptifHandicapMoteur":"","P.prestations[surchargeDescriptifHandicapAuditif":"","P.prestations[surchargeDescriptifHandicapVisuel":"","P.prestations[surchargeDescriptifHandicapMental":"","P.prestations[surchargeNombreFauteuilsRoulants":"","P.prestations[tailleGroupeMax":"20","P.106[643":"","P.languesParlees[1197":"","P.languesDocumentation[1197":"","P.3650[3652":"","P.5[593":"","P.6528[169":"","P.environnements[171":"","P.environnements[193":"","P.7237[7327":"","P.114[416":"","P.114[418":"","P.114[435":"","P.114[436":"","P.tourismeAffaires[tourismeAffairesEnabled":"","P.tourismeAffaires[devise":"EUR","P.languesVisite[1197":"","P.languesPanneauInformation[1197":"","P.visites[visitable":"","P.visites[dureeMoyenneVisiteGroupe":"60","P.visites[dureeMoyenneVisiteIndividuelle":"60","P.prestationsVisitesIndividuelles[481":"","P.prestationsVisitesIndividuelles[483":"","P.prestationsVisitesIndividuelles[487":"","P.prestationsVisitesGroupees[491":"","P.prestationsVisitesGroupees[495":"","P.labelsChartesQualite[4465":"","P.typesProduit[3023":"","P.statutsExploitant[3757":"","P.CINTSITRA[11226":"","P.CINTSITRA[11435":"","P.3220[25629":"","P.3233[60439":"","P.3233[908439":"","P.3218[60729":"","P.3219[72808":"","P.3219[126557":"","P.3227[82852":"","P.3230[323078":"","P.3230[5532377":"","P.3230[6328304":"","P.3221[344174":"","P.3221[549303":"","P.3221[596327":"","P.6241[595160":"","P.VilleSitra[30471":"","P.VillageDeDepart[30471":"","P.114[439":""},"DateFinPublication":"","PrixAPartirDe":"","PrixPour":"","FicheListeEnCours":"fiche_liste_producteurs_v2","ParametresModele":{"AfficherPhotos":"1","NbPhotosMax":6,"AfficherReserver":0,"AfficherContact":0,"AfficherSalle":1,"AfficherZoneGeo":0,"AfficherEnSavoirPlus":"0","AfficherUneSeuleOuverture":0,"AfficherContactCarte":1,"AfficherTarifsChaudAPartirDe":0,"AfficherTarifChaudSansRecherche":0,"AfficherLiensCarnetVoyage":"1","Criteres":"AFFICHAGESITE[ADHERENTOUICOMPLET","PositionBloc":"GALLERIE|NOM|URL|CARNET_VOYAGE","TypePrestataire":"D","ComportementResa":false,"ComportementDispo":false},"AffichageCoordonnees":[],"Coordonnees":{"Ville":"Saint-Jean-d'Arves"},"ContexteId":"PRESTATAIRE|D|387749","ContexteIdHtml":"PRESTATAIRE-D-387749","cleContexte":"D|387749","Bloc":{"texte1":"","texte3":"","critere1":{"libelle":"","contenu":[]},"critere2":{"libelle":"","contenu":[]},"critere3":{"libelle":"","contenu":[]},"critere4":{"libelle":"","contenu":[]},"critere5":{"libelle":"","contenu":[]},"critere6":{"libelle":"","contenu":[]},"critere7":{"libelle":"","contenu":[]},"critere8":{"libelle":"","contenu":[]},"critere9":{"libelle":"","contenu":[]}},"LocalisationGps":{"Latitude":"45.206373","Longitude":"6.257775"},"libelleDuPrestataire":"","listeCriteres":{"AFFICHAGESITE":{"ADHERENTOUICOMPLET":""},"P.129":{"1188":""},"P.6469":{"3747":""},"P.prestations":{"surchargeTourismesAdaptes":"","surchargeDescriptifHandicapMoteur":"","surchargeDescriptifHandicapAuditif":"","surchargeDescriptifHandicapVisuel":"","surchargeDescriptifHandicapMental":"","surchargeNombreFauteuilsRoulants":"","tailleGroupeMax":"20"},"P.106":{"643":""},"P.languesParlees":{"1197":""},"P.languesDocumentation":{"1197":""},"P.3650":{"3652":""},"P.5":{"593":""},"P.6528":{"169":""},"P.environnements":{"171":"","193":""},"P.7237":{"7327":""},"P.114":{"416":"","418":"","435":"","436":"","439":""},"P.tourismeAffaires":{"tourismeAffairesEnabled":"","devise":"EUR"},"P.languesVisite":{"1197":""},"P.languesPanneauInformation":{"1197":""},"P.visites":{"visitable":"","dureeMoyenneVisiteGroupe":"60","dureeMoyenneVisiteIndividuelle":"60"},"P.prestationsVisitesIndividuelles":{"481":"","483":"","487":""},"P.prestationsVisitesGroupees":{"491":"","495":""},"P.labelsChartesQualite":{"4465":""},"P.typesProduit":{"3023":""},"P.statutsExploitant":{"3757":""},"P.CINTSITRA":{"11226":"","11435":""},"P.3220":{"25629":""},"P.3233":{"60439":"","908439":""},"P.3218":{"60729":""},"P.3219":{"72808":"","126557":""},"P.3227":{"82852":""},"P.3230":{"323078":"","5532377":"","6328304":""},"P.3221":{"344174":"","549303":"","596327":""},"P.6241":{"595160":""},"P.VilleSitra":{"30471":""},"P.VillageDeDepart":{"30471":""}},"dansCarnetVoyage":true,"Ouverture":""},"html":" \n \u003Cdiv id=\"CV-PRESTATAIRE-D-387749\" data-contexte-id=\"PRESTATAIRE|D|387749\" data-cle=\"D|387749\" class=\"fiche-liste\"\u003E\n    \n\n    \u003C!-- partie photo --\u003E\n    \u003Cdiv class=\"photo\"\u003E\t\t\t\t\t\t\t\t\t\t\t\t\t\t\t\t\t\t\t\t\t\n        \u003Cdiv class=\"cadre_photo_principale\"\u003E\t\t\n        \n            \t\t\t\t\t\n                    \u003Ca href=\"plantes-officinales-bio-des-infusions-des-aiguilles-d-arves.html?origine=carnet#media\"\u003E\n                        \u003Cimg class=\"photo_principale\" alt=\"Infusion des Arves\" src=\"https:\/\/www.sja73.com\/medias\/images\/prestataires\/multitailles\/320x240_49982-plantes.jpg\" itemprop=\"image\"\u003E\n                    \u003C\/a\u003E\t\t\t\t\t\t\n                \n                    \u003C\/div\u003E\t\t\t\t\t\t\t\t\t\t\t\t\t\t\t\t\t\t\t \t\t\n    \u003C\/div\u003E\n    \n    \u003C!-- partie nom prest --\u003E\n    \u003Cdiv class=\"nom\"\u003E\n        \u003Ch2\u003EPlantes officinales bio des Infusions des Aiguilles d'Arves\u003C\/h2\u003E\n        \n            \u003C\/div\u003E\n\n         \n    \u003C!-- partie adresse --\u003E\n    \u003Cdiv class=\"adresse\"\u003E\n    \n          \n    \u003C\/div\u003E\n    \n    \u003C!-- partie liens --\u003E\n    \u003Cdiv class=\"liens\"\u003E\n            \u003Ca class=\"btn-icon btn-view \" title=\"Voir la fiche d\u00e9taill\u00e9e\" href=\"plantes-officinales-bio-des-infusions-des-aiguilles-d-arves.html?origine=carnet\"\u003E\u003C\/a\u003E\u003C!--\u003Ca class=\"btn-icon btn-view \" title=\"\" href=\"?origine=carnet#thaut\"\u003E\u003C\/a\u003E--\u003E\n      \u003Ca class=\"btn-icon btn-trash carnet_voyage_supprimer\" title=\"Supprimer cette fiche de mon carnet de voyage\" href=\"carnet-voyage?action=remove&fiche=D|387749\"\u003E\u003C\/a\u003E\n    \u003C\/div\u003E\n\n\u003C\/div\u003E\n\n","icon":"https:\/\/static.ingenie.fr\/images\/carnetVoyageV3\/D.png"},"fiche":"D|387749","popup":"\u003Cdiv id=\"bloc_popup_ajout_fiche_carnet\"\u003E\n    \u003Cdiv class=\"info_popup_ajout_fiche_carnet\"\u003E\n        Vous venez d'ajouter cet \u00e9l\u00e9ment \u00e0 votre carnet de voyage :    \u003C\/div\u003E\n    \u003Cdiv class=\"prest_popup_ajout_fiche_carnet\"\u003E\n        Plantes officinales bio des Infusions des Aiguilles d&#039;Arves    \u003C\/div\u003E\n    \u003Cdiv class=\"bloc_btn_ajout_fiche_carnet form_submit_div\"\u003E\n        \u003Cinput type=\"button\" value=\"Continuer ma s\u00e9lection\" title=\"Continuer ma s\u00e9lection\" name=\"btn_close\" class=\"btn_close_popup_carnet form_submit\" onclick=\"$.colorbox.close()\" \/\u003E\n        \u003Cinput type=\"button\" value=\"Voir mon carnet de voyage\" title=\"Voir mon carnet\" name=\"btn_panier\" class=\"btn_panier_popup_carnet form_submit\" onclick=\"if(typeof CarnetVoyage != 'undefined') {CarnetVoyage.voirCarnet();}\" \/\u003E\n    \u003C\/div\u003E\n    \u003Cdiv class=\"bloc_btn_ajout_fiche_carnet\"\u003E\n        \u003Cinput type=\"checkbox\" value=\"1\" name=\"desactiver_popup\" id=\"desactiver_popup\" \/\u003E\n        \u003Clabel for=\"desactiver_popup\"\u003ENe plus afficher ce message\u003C\/label\u003E\n    \u003C\/div\u003E\n\u003C\/div\u003E","success":1}