{"nbFiches":1,"dataPrest":{"infoPrest":{"pave1":{"libelle":"Descriptif court","contenu":"Borne de recharge pour v\u00e9hicules \u00e9lectriques. Profitez d\u2019un service pratique et rapide pour recharger votre voiture en toute s\u00e9curit\u00e9, que vous soyez r\u00e9sident ou de passage. Id\u00e9al pour allier mobilit\u00e9 et confort dans vos d\u00e9placements."},"pave2":{"libelle":"Descriptif d\u00e9taill\u00e9","contenu":"Borne de recharge pour les v\u00e9hicules \u00e9lectriques \u00e0 droite du chalet du Jardin des Neiges ESF.\u003Cbr \/\u003E\r\nQR code pour le paiement et les instructions.\u003Cbr \/\u003E\r\nPossibilit\u00e9 d'emprunter un c\u00e2ble \u00e0 l'office de tourisme  en \u00e9change d'une caution."},"pave3":{"libelle":"Bons plans","contenu":""},"pave4":{"libelle":"Compl\u00e9ment localisation","contenu":""},"pave5":{"libelle":"Compl\u00e9ment accueil","contenu":""},"pave6":{"libelle":"P\u00e9riodes en clair","contenu":"Toute l'ann\u00e9e tous les jours. Ouvert 24h\/24."},"pave7":{"libelle":"Tarifs en clair","contenu":""},"pave8":{"libelle":"Compl\u00e9ment Tarifs","contenu":""},"pave9":{"libelle":"Compl\u00e9ment R\u00e9servation","contenu":""},"pave10":{"libelle":"Descriptif court","contenu":""},"pave11":{"libelle":"Descriptif d\u00e9taill\u00e9","contenu":""},"pave12":{"libelle":"Compl\u00e9ment localisation","contenu":""},"pave13":{"libelle":"Compl\u00e9ment accueil","contenu":""},"pave14":{"libelle":"P\u00e9riodes en clair","contenu":""},"pave15":{"libelle":"Tarifs en clair","contenu":""},"pave16":{"libelle":"Compl\u00e9ment Tarifs","contenu":""},"pave17":{"libelle":"Compl\u00e9ment R\u00e9servation","contenu":""},"pave18":{"libelle":"Descriptif court","contenu":""},"pave19":{"libelle":"Descriptif d\u00e9taill\u00e9","contenu":""},"pave20":{"libelle":"Compl\u00e9ment localisation","contenu":""},"pave21":{"libelle":"Compl\u00e9ment accueil","contenu":""},"pave22":{"libelle":"P\u00e9riodes en clair","contenu":""},"pave23":{"libelle":"Tarifs en clair","contenu":""},"pave24":{"libelle":"Compl\u00e9ment Tarifs","contenu":""},"pave25":{"libelle":"Compl\u00e9ment R\u00e9servation","contenu":""},"Libelle":"Borne de recharge pour v\u00e9hicules \u00e9lectriques","Nom":"Borne de recharge pour v\u00e9hicules \u00e9lectriques","Prenom":"","NomPrenom":"Borne de recharge pour v\u00e9hicules \u00e9lectriques ","CiviliteNomPrenom":"Borne de recharge pour v\u00e9hicules \u00e9lectriques ","Cle":"COS|7352000","PrestataireParent":"","ContexteStat":"PRESTATAIRE-COS-7352000","DateModificationIso":"2025-11-05T01:05:00+01:00","Type":"PRESTATAIRE","TypePrestataire":"COS","Adresse":{"LigneAdresse1":"La Chal","LigneAdresse2":"","LigneAdresse3":"","CodePostal":"73530","Ville":"Saint-Jean-d'Arves","Cedex":"","Etat":"","Pays":"FRA"},"Email":"info@sja73.com","Telephone":"+ 33 (0)4 79 59 73 30","TelephoneBureau":"","Portable":"","SiteWeb":"https:\/\/www.sja73.com\/","Fax":"","Id":"cos-7352000","Code":"COS|7352000","Fichier":{"Image":[{"url":"https:\/\/www.sja73.com\/medias\/images\/prestataires\/46496-img_9275_2.jpg","chemin":"..\/medias\/images\/prestataires\/46496-img_9275_2.jpg","libelle":"Borne de recharge voitures \u00e9lectriques_Saint-Jean-d'Arves","extension":"jpg","categorie":"","largeur":5911,"theme":"","hauteur":3941,"type":"Image","origine":"","liaisonPave":"","langue":"","id":"46496","urlVignette":"https:\/\/www.sja73.com\/medias\/images\/prestataires\/v-46496-img_9275_2.jpg","alt":"Borne de recharge voitures \u00e9lectriques_Saint-Jean-d'Arves","title":"Borne de recharge voitures \u00e9lectriques_Saint-Jean-d'Arves - &copy OT Saint Jean d'Arves Les Sybelles","MultiTaille":{"1920x1440":{"url":"https:\/\/www.sja73.com\/medias\/images\/prestataires\/multitailles\/1920x1440_46496-img_9275_2.jpg"},"1200x900":{"url":"https:\/\/www.sja73.com\/medias\/images\/prestataires\/multitailles\/1200x900_46496-img_9275_2.jpg"},"800x600":{"url":"https:\/\/www.sja73.com\/medias\/images\/prestataires\/multitailles\/800x600_46496-img_9275_2.jpg"},"640x480":{"url":"https:\/\/www.sja73.com\/medias\/images\/prestataires\/multitailles\/640x480_46496-img_9275_2.jpg"},"320x240":{"url":"https:\/\/www.sja73.com\/medias\/images\/prestataires\/multitailles\/320x240_46496-img_9275_2.jpg"},"160x120":{"url":"https:\/\/www.sja73.com\/medias\/images\/prestataires\/multitailles\/160x120_46496-img_9275_2.jpg"},"origine":{"url":"https:\/\/www.sja73.com\/medias\/images\/prestataires\/46496-img_9275_2.jpg"}},"urlLien":"","typeLien":"","nofollow":"N","copyright":"OT Saint Jean d'Arves Les Sybelles"},{"url":"https:\/\/www.sja73.com\/medias\/images\/prestataires\/46497-img_9271_2.jpg","chemin":"..\/medias\/images\/prestataires\/46497-img_9271_2.jpg","libelle":"Borne de recharge voitures \u00e9lectriques_Saint-Jean-d'Arves","extension":"jpg","categorie":"","largeur":5715,"theme":"","hauteur":3810,"type":"Image","origine":"","liaisonPave":"","langue":"","id":"46497","urlVignette":"https:\/\/www.sja73.com\/medias\/images\/prestataires\/v-46497-img_9271_2.jpg","alt":"Borne de recharge voitures \u00e9lectriques_Saint-Jean-d'Arves","title":"Borne de recharge voitures \u00e9lectriques_Saint-Jean-d'Arves - &copy OT Saint Jean d'Arves","MultiTaille":{"1920x1440":{"url":"https:\/\/www.sja73.com\/medias\/images\/prestataires\/multitailles\/1920x1440_46497-img_9271_2.jpg"},"1200x900":{"url":"https:\/\/www.sja73.com\/medias\/images\/prestataires\/multitailles\/1200x900_46497-img_9271_2.jpg"},"800x600":{"url":"https:\/\/www.sja73.com\/medias\/images\/prestataires\/multitailles\/800x600_46497-img_9271_2.jpg"},"640x480":{"url":"https:\/\/www.sja73.com\/medias\/images\/prestataires\/multitailles\/640x480_46497-img_9271_2.jpg"},"320x240":{"url":"https:\/\/www.sja73.com\/medias\/images\/prestataires\/multitailles\/320x240_46497-img_9271_2.jpg"},"160x120":{"url":"https:\/\/www.sja73.com\/medias\/images\/prestataires\/multitailles\/160x120_46497-img_9271_2.jpg"},"origine":{"url":"https:\/\/www.sja73.com\/medias\/images\/prestataires\/46497-img_9271_2.jpg"}},"urlLien":"","typeLien":"","nofollow":"N","copyright":"OT Saint Jean d'Arves"},{"url":"https:\/\/www.sja73.com\/medias\/images\/prestataires\/46498-img_9266_2.jpg","chemin":"..\/medias\/images\/prestataires\/46498-img_9266_2.jpg","libelle":"Borne de recharge voitures \u00e9lectriques_Saint-Jean-d'Arves","extension":"jpg","categorie":"","largeur":5324,"theme":"","hauteur":3549,"type":"Image","origine":"","liaisonPave":"","langue":"","id":"46498","urlVignette":"https:\/\/www.sja73.com\/medias\/images\/prestataires\/v-46498-img_9266_2.jpg","alt":"Borne de recharge voitures \u00e9lectriques_Saint-Jean-d'Arves","title":"Borne de recharge voitures \u00e9lectriques_Saint-Jean-d'Arves - &copy OT Saint Jean d'Arves Les Sybelles","MultiTaille":{"1920x1440":{"url":"https:\/\/www.sja73.com\/medias\/images\/prestataires\/multitailles\/1920x1440_46498-img_9266_2.jpg"},"1200x900":{"url":"https:\/\/www.sja73.com\/medias\/images\/prestataires\/multitailles\/1200x900_46498-img_9266_2.jpg"},"800x600":{"url":"https:\/\/www.sja73.com\/medias\/images\/prestataires\/multitailles\/800x600_46498-img_9266_2.jpg"},"640x480":{"url":"https:\/\/www.sja73.com\/medias\/images\/prestataires\/multitailles\/640x480_46498-img_9266_2.jpg"},"320x240":{"url":"https:\/\/www.sja73.com\/medias\/images\/prestataires\/multitailles\/320x240_46498-img_9266_2.jpg"},"160x120":{"url":"https:\/\/www.sja73.com\/medias\/images\/prestataires\/multitailles\/160x120_46498-img_9266_2.jpg"},"origine":{"url":"https:\/\/www.sja73.com\/medias\/images\/prestataires\/46498-img_9266_2.jpg"}},"urlLien":"","typeLien":"","nofollow":"N","copyright":"OT Saint Jean d'Arves Les Sybelles"},{"url":"https:\/\/www.sja73.com\/medias\/images\/prestataires\/46499-img_9270_2.jpg","chemin":"..\/medias\/images\/prestataires\/46499-img_9270_2.jpg","libelle":"Borne de recharge voitures \u00e9lectriques_Saint-Jean-d'Arves","extension":"jpg","categorie":"","largeur":4000,"theme":"","hauteur":6000,"type":"Image","origine":"","liaisonPave":"","langue":"","id":"46499","urlVignette":"https:\/\/www.sja73.com\/medias\/images\/prestataires\/v-46499-img_9270_2.jpg","alt":"Borne de recharge voitures \u00e9lectriques_Saint-Jean-d'Arves","title":"Borne de recharge voitures \u00e9lectriques_Saint-Jean-d'Arves - &copy OT Saint Jean d'Arves","MultiTaille":{"1920x1440":{"url":"https:\/\/www.sja73.com\/medias\/images\/prestataires\/multitailles\/1920x1440_46499-img_9270_2.jpg"},"1200x900":{"url":"https:\/\/www.sja73.com\/medias\/images\/prestataires\/multitailles\/1200x900_46499-img_9270_2.jpg"},"800x600":{"url":"https:\/\/www.sja73.com\/medias\/images\/prestataires\/multitailles\/800x600_46499-img_9270_2.jpg"},"640x480":{"url":"https:\/\/www.sja73.com\/medias\/images\/prestataires\/multitailles\/640x480_46499-img_9270_2.jpg"},"320x240":{"url":"https:\/\/www.sja73.com\/medias\/images\/prestataires\/multitailles\/320x240_46499-img_9270_2.jpg"},"160x120":{"url":"https:\/\/www.sja73.com\/medias\/images\/prestataires\/multitailles\/160x120_46499-img_9270_2.jpg"},"origine":{"url":"https:\/\/www.sja73.com\/medias\/images\/prestataires\/46499-img_9270_2.jpg"}},"urlLien":"","typeLien":"","nofollow":"N","copyright":"OT Saint Jean d'Arves"}],"ByCategorie":{"":[{"url":"https:\/\/www.sja73.com\/medias\/images\/prestataires\/46496-img_9275_2.jpg","chemin":"..\/medias\/images\/prestataires\/46496-img_9275_2.jpg","libelle":"Borne de recharge voitures \u00e9lectriques_Saint-Jean-d'Arves","extension":"jpg","categorie":"","largeur":5911,"theme":"","hauteur":3941,"type":"Image","origine":"","liaisonPave":"","langue":"","id":"46496","urlVignette":"https:\/\/www.sja73.com\/medias\/images\/prestataires\/v-46496-img_9275_2.jpg","alt":"Borne de recharge voitures \u00e9lectriques_Saint-Jean-d'Arves","title":"Borne de recharge voitures \u00e9lectriques_Saint-Jean-d'Arves - &copy OT Saint Jean d'Arves Les Sybelles","MultiTaille":{"1920x1440":{"url":"https:\/\/www.sja73.com\/medias\/images\/prestataires\/multitailles\/1920x1440_46496-img_9275_2.jpg"},"1200x900":{"url":"https:\/\/www.sja73.com\/medias\/images\/prestataires\/multitailles\/1200x900_46496-img_9275_2.jpg"},"800x600":{"url":"https:\/\/www.sja73.com\/medias\/images\/prestataires\/multitailles\/800x600_46496-img_9275_2.jpg"},"640x480":{"url":"https:\/\/www.sja73.com\/medias\/images\/prestataires\/multitailles\/640x480_46496-img_9275_2.jpg"},"320x240":{"url":"https:\/\/www.sja73.com\/medias\/images\/prestataires\/multitailles\/320x240_46496-img_9275_2.jpg"},"160x120":{"url":"https:\/\/www.sja73.com\/medias\/images\/prestataires\/multitailles\/160x120_46496-img_9275_2.jpg"},"origine":{"url":"https:\/\/www.sja73.com\/medias\/images\/prestataires\/46496-img_9275_2.jpg"}},"urlLien":"","typeLien":"","nofollow":"N","copyright":"OT Saint Jean d'Arves Les Sybelles"},{"url":"https:\/\/www.sja73.com\/medias\/images\/prestataires\/46497-img_9271_2.jpg","chemin":"..\/medias\/images\/prestataires\/46497-img_9271_2.jpg","libelle":"Borne de recharge voitures \u00e9lectriques_Saint-Jean-d'Arves","extension":"jpg","categorie":"","largeur":5715,"theme":"","hauteur":3810,"type":"Image","origine":"","liaisonPave":"","langue":"","id":"46497","urlVignette":"https:\/\/www.sja73.com\/medias\/images\/prestataires\/v-46497-img_9271_2.jpg","alt":"Borne de recharge voitures \u00e9lectriques_Saint-Jean-d'Arves","title":"Borne de recharge voitures \u00e9lectriques_Saint-Jean-d'Arves - &copy OT Saint Jean d'Arves","MultiTaille":{"1920x1440":{"url":"https:\/\/www.sja73.com\/medias\/images\/prestataires\/multitailles\/1920x1440_46497-img_9271_2.jpg"},"1200x900":{"url":"https:\/\/www.sja73.com\/medias\/images\/prestataires\/multitailles\/1200x900_46497-img_9271_2.jpg"},"800x600":{"url":"https:\/\/www.sja73.com\/medias\/images\/prestataires\/multitailles\/800x600_46497-img_9271_2.jpg"},"640x480":{"url":"https:\/\/www.sja73.com\/medias\/images\/prestataires\/multitailles\/640x480_46497-img_9271_2.jpg"},"320x240":{"url":"https:\/\/www.sja73.com\/medias\/images\/prestataires\/multitailles\/320x240_46497-img_9271_2.jpg"},"160x120":{"url":"https:\/\/www.sja73.com\/medias\/images\/prestataires\/multitailles\/160x120_46497-img_9271_2.jpg"},"origine":{"url":"https:\/\/www.sja73.com\/medias\/images\/prestataires\/46497-img_9271_2.jpg"}},"urlLien":"","typeLien":"","nofollow":"N","copyright":"OT Saint Jean d'Arves"},{"url":"https:\/\/www.sja73.com\/medias\/images\/prestataires\/46498-img_9266_2.jpg","chemin":"..\/medias\/images\/prestataires\/46498-img_9266_2.jpg","libelle":"Borne de recharge voitures \u00e9lectriques_Saint-Jean-d'Arves","extension":"jpg","categorie":"","largeur":5324,"theme":"","hauteur":3549,"type":"Image","origine":"","liaisonPave":"","langue":"","id":"46498","urlVignette":"https:\/\/www.sja73.com\/medias\/images\/prestataires\/v-46498-img_9266_2.jpg","alt":"Borne de recharge voitures \u00e9lectriques_Saint-Jean-d'Arves","title":"Borne de recharge voitures \u00e9lectriques_Saint-Jean-d'Arves - &copy OT Saint Jean d'Arves Les Sybelles","MultiTaille":{"1920x1440":{"url":"https:\/\/www.sja73.com\/medias\/images\/prestataires\/multitailles\/1920x1440_46498-img_9266_2.jpg"},"1200x900":{"url":"https:\/\/www.sja73.com\/medias\/images\/prestataires\/multitailles\/1200x900_46498-img_9266_2.jpg"},"800x600":{"url":"https:\/\/www.sja73.com\/medias\/images\/prestataires\/multitailles\/800x600_46498-img_9266_2.jpg"},"640x480":{"url":"https:\/\/www.sja73.com\/medias\/images\/prestataires\/multitailles\/640x480_46498-img_9266_2.jpg"},"320x240":{"url":"https:\/\/www.sja73.com\/medias\/images\/prestataires\/multitailles\/320x240_46498-img_9266_2.jpg"},"160x120":{"url":"https:\/\/www.sja73.com\/medias\/images\/prestataires\/multitailles\/160x120_46498-img_9266_2.jpg"},"origine":{"url":"https:\/\/www.sja73.com\/medias\/images\/prestataires\/46498-img_9266_2.jpg"}},"urlLien":"","typeLien":"","nofollow":"N","copyright":"OT Saint Jean d'Arves Les Sybelles"},{"url":"https:\/\/www.sja73.com\/medias\/images\/prestataires\/46499-img_9270_2.jpg","chemin":"..\/medias\/images\/prestataires\/46499-img_9270_2.jpg","libelle":"Borne de recharge voitures \u00e9lectriques_Saint-Jean-d'Arves","extension":"jpg","categorie":"","largeur":4000,"theme":"","hauteur":6000,"type":"Image","origine":"","liaisonPave":"","langue":"","id":"46499","urlVignette":"https:\/\/www.sja73.com\/medias\/images\/prestataires\/v-46499-img_9270_2.jpg","alt":"Borne de recharge voitures \u00e9lectriques_Saint-Jean-d'Arves","title":"Borne de recharge voitures \u00e9lectriques_Saint-Jean-d'Arves - &copy OT Saint Jean d'Arves","MultiTaille":{"1920x1440":{"url":"https:\/\/www.sja73.com\/medias\/images\/prestataires\/multitailles\/1920x1440_46499-img_9270_2.jpg"},"1200x900":{"url":"https:\/\/www.sja73.com\/medias\/images\/prestataires\/multitailles\/1200x900_46499-img_9270_2.jpg"},"800x600":{"url":"https:\/\/www.sja73.com\/medias\/images\/prestataires\/multitailles\/800x600_46499-img_9270_2.jpg"},"640x480":{"url":"https:\/\/www.sja73.com\/medias\/images\/prestataires\/multitailles\/640x480_46499-img_9270_2.jpg"},"320x240":{"url":"https:\/\/www.sja73.com\/medias\/images\/prestataires\/multitailles\/320x240_46499-img_9270_2.jpg"},"160x120":{"url":"https:\/\/www.sja73.com\/medias\/images\/prestataires\/multitailles\/160x120_46499-img_9270_2.jpg"},"origine":{"url":"https:\/\/www.sja73.com\/medias\/images\/prestataires\/46499-img_9270_2.jpg"}},"urlLien":"","typeLien":"","nofollow":"N","copyright":"OT Saint Jean d'Arves"}]}},"Url":"borne-de-recharge-pour-vehicules-electriques.html","Localisation":{"GoogleMap":{"Latitude":"45.213543","Longitude":"6.26576"}},"ZoneGeo":"","Criteres":{"TYPESCOS[COSTRANSPORT":"","P.6763[5048":"","P.prestations[surchargeTourismesAdaptes":"","P.prestations[surchargeDescriptifHandicapMoteur":"","P.prestations[surchargeDescriptifHandicapAuditif":"","P.prestations[surchargeDescriptifHandicapVisuel":"","P.prestations[surchargeDescriptifHandicapMental":"","P.prestations[surchargeNombreFauteuilsRoulants":"","P.languesParlees[1192":"","P.languesParlees[1197":"","P.7378[6309":"","P.environnements[171":"","P.114[416":"","P.114[418":"","P.114[435":"","P.114[436":"","P.ouverturesComplementaires[4186":"","P.tourismeAffaires[tourismeAffairesEnabled":"","P.tourismeAffaires[devise":"EUR","P.commerceEtServiceType[1875":"","P.19[2323":"","P.19[4529":"","P.informationsCommerceEtService[nomLieu":"Jardin des Neiges ESF","P.CINTSITRA[4038":"","P.CINTSITRA[11226":"","P.CINTSITRA[11435":"","P.3220[25629":"","P.3233[60439":"","P.3233[908439":"","P.3218[60729":"","P.3219[72808":"","P.3219[126557":"","P.3227[82852":"","P.3230[323078":"","P.3230[5532377":"","P.3230[6328304":"","P.3221[344174":"","P.3221[549303":"","P.3221[596327":"","P.6241[595160":"","P.VilleSitra[30471":"","P.VillageDeDepart[30471":"","AFFICHAGESITE[ADHERENTOUICOMPLET":"","P.114[439":""},"DateFinPublication":"","PrixAPartirDe":"","PrixPour":"","FicheListeEnCours":"fiche_liste_commerces_et_services_v2","ParametresModele":{"AfficherPhotos":"1","NbPhotosMax":6,"AfficherReserver":0,"AfficherContact":0,"AfficherSalle":1,"AfficherZoneGeo":0,"AfficherEnSavoirPlus":"0","AfficherUneSeuleOuverture":0,"AfficherContactCarte":1,"AfficherTarifsChaudAPartirDe":0,"AfficherTarifChaudSansRecherche":0,"AfficherLiensCarnetVoyage":"1","BlocCritereInfo":{"critere1":{"libelle":""},"critere2":{"libelle":""},"critere3":{"libelle":""},"critere4":{"libelle":""},"critere5":{"libelle":""},"critere6":{"libelle":""},"critere7":{"libelle":""},"critere8":{"libelle":""},"afficherpictoetpaslibelle":"1"},"Criteres":"AFFICHAGESITE[ADHERENTOUICOMPLET","PositionBloc":"CARNET_VOYAGE|GALLERIE|NOM|ZONEPRINCIPALFICHEPRESTA|URL","TypePrestataire":"COS","ComportementResa":false,"ComportementDispo":false},"AffichageCoordonnees":[],"Coordonnees":{"Ville":"Saint-Jean-d'Arves"},"ContexteId":"PRESTATAIRE|COS|7352000","ContexteIdHtml":"PRESTATAIRE-COS-7352000","cleContexte":"COS|7352000","Bloc":{"texte1":"","texte3":"","critere1":{"libelle":"","contenu":[]},"critere2":{"libelle":"","contenu":[]},"critere3":{"libelle":"","contenu":[]},"critere4":{"libelle":"","contenu":[]},"critere5":{"libelle":"","contenu":[]},"critere6":{"libelle":"","contenu":[]},"critere7":{"libelle":"","contenu":[]},"critere8":{"libelle":"","contenu":[]},"critere9":{"libelle":"","contenu":[]}},"LocalisationGps":{"Latitude":"45.213543","Longitude":"6.26576"},"libelleDuPrestataire":"","listeCriteres":{"TYPESCOS":{"COSTRANSPORT":""},"P.6763":{"5048":""},"P.prestations":{"surchargeTourismesAdaptes":"","surchargeDescriptifHandicapMoteur":"","surchargeDescriptifHandicapAuditif":"","surchargeDescriptifHandicapVisuel":"","surchargeDescriptifHandicapMental":"","surchargeNombreFauteuilsRoulants":""},"P.languesParlees":{"1192":"","1197":""},"P.7378":{"6309":""},"P.environnements":{"171":""},"P.114":{"416":"","418":"","435":"","436":"","439":""},"P.ouverturesComplementaires":{"4186":""},"P.tourismeAffaires":{"tourismeAffairesEnabled":"","devise":"EUR"},"P.commerceEtServiceType":{"1875":""},"P.19":{"2323":"","4529":""},"P.informationsCommerceEtService":{"nomLieu":"Jardin des Neiges ESF"},"P.CINTSITRA":{"4038":"","11226":"","11435":""},"P.3220":{"25629":""},"P.3233":{"60439":"","908439":""},"P.3218":{"60729":""},"P.3219":{"72808":"","126557":""},"P.3227":{"82852":""},"P.3230":{"323078":"","5532377":"","6328304":""},"P.3221":{"344174":"","549303":"","596327":""},"P.6241":{"595160":""},"P.VilleSitra":{"30471":""},"P.VillageDeDepart":{"30471":""},"AFFICHAGESITE":{"ADHERENTOUICOMPLET":""}},"dansCarnetVoyage":true,"Ouverture":""},"html":" \n \u003Cdiv id=\"CV-PRESTATAIRE-COS-7352000\" data-contexte-id=\"PRESTATAIRE|COS|7352000\" data-cle=\"COS|7352000\" class=\"fiche-liste\"\u003E\n    \n\n    \u003C!-- partie photo --\u003E\n    \u003Cdiv class=\"photo\"\u003E\t\t\t\t\t\t\t\t\t\t\t\t\t\t\t\t\t\t\t\t\t\n        \u003Cdiv class=\"cadre_photo_principale\"\u003E\t\t\n        \n            \t\t\t\t\t\n                    \u003Ca href=\"borne-de-recharge-pour-vehicules-electriques.html?origine=carnet#media\"\u003E\n                        \u003Cimg class=\"photo_principale\" alt=\"Borne de recharge voitures \u00e9lectriques_Saint-Jean-d'Arves\" src=\"https:\/\/www.sja73.com\/medias\/images\/prestataires\/multitailles\/320x240_46496-img_9275_2.jpg\" itemprop=\"image\"\u003E\n                    \u003C\/a\u003E\t\t\t\t\t\t\n                \n                    \u003C\/div\u003E\t\t\t\t\t\t\t\t\t\t\t\t\t\t\t\t\t\t\t \t\t\n    \u003C\/div\u003E\n    \n    \u003C!-- partie nom prest --\u003E\n    \u003Cdiv class=\"nom\"\u003E\n        \u003Ch2\u003EBorne de recharge pour v\u00e9hicules \u00e9lectriques\u003C\/h2\u003E\n        \n            \u003C\/div\u003E\n\n         \n    \u003C!-- partie adresse --\u003E\n    \u003Cdiv class=\"adresse\"\u003E\n    \n          \n    \u003C\/div\u003E\n    \n    \u003C!-- partie liens --\u003E\n    \u003Cdiv class=\"liens\"\u003E\n            \u003Ca class=\"btn-icon btn-view \" title=\"Voir la fiche d\u00e9taill\u00e9e\" href=\"borne-de-recharge-pour-vehicules-electriques.html?origine=carnet\"\u003E\u003C\/a\u003E\u003C!--\u003Ca class=\"btn-icon btn-view \" title=\"\" href=\"?origine=carnet#thaut\"\u003E\u003C\/a\u003E--\u003E\n      \u003Ca class=\"btn-icon btn-trash carnet_voyage_supprimer\" title=\"Supprimer cette fiche de mon carnet de voyage\" href=\"carnet-voyage?action=remove&fiche=COS|7352000\"\u003E\u003C\/a\u003E\n    \u003C\/div\u003E\n\n\u003C\/div\u003E\n\n","icon":"https:\/\/static.ingenie.fr\/images\/carnetVoyageV3\/COS.png"},"fiche":"COS|7352000","popup":"\u003Cdiv id=\"bloc_popup_ajout_fiche_carnet\"\u003E\n    \u003Cdiv class=\"info_popup_ajout_fiche_carnet\"\u003E\n        Vous venez d'ajouter cet \u00e9l\u00e9ment \u00e0 votre carnet de voyage :    \u003C\/div\u003E\n    \u003Cdiv class=\"prest_popup_ajout_fiche_carnet\"\u003E\n        Borne de recharge pour v&eacute;hicules &eacute;lectriques    \u003C\/div\u003E\n    \u003Cdiv class=\"bloc_btn_ajout_fiche_carnet form_submit_div\"\u003E\n        \u003Cinput type=\"button\" value=\"Continuer ma s\u00e9lection\" title=\"Continuer ma s\u00e9lection\" name=\"btn_close\" class=\"btn_close_popup_carnet form_submit\" onclick=\"$.colorbox.close()\" \/\u003E\n        \u003Cinput type=\"button\" value=\"Voir mon carnet de voyage\" title=\"Voir mon carnet\" name=\"btn_panier\" class=\"btn_panier_popup_carnet form_submit\" onclick=\"if(typeof CarnetVoyage != 'undefined') {CarnetVoyage.voirCarnet();}\" \/\u003E\n    \u003C\/div\u003E\n    \u003Cdiv class=\"bloc_btn_ajout_fiche_carnet\"\u003E\n        \u003Cinput type=\"checkbox\" value=\"1\" name=\"desactiver_popup\" id=\"desactiver_popup\" \/\u003E\n        \u003Clabel for=\"desactiver_popup\"\u003ENe plus afficher ce message\u003C\/label\u003E\n    \u003C\/div\u003E\n\u003C\/div\u003E","success":1}