{"nbFiches":1,"dataPrest":{"infoPrest":{"pave1":{"libelle":"Descriptif court","contenu":"Maire : Marielle ARLAUD\u003Cbr \/\u003E\r\nMadame le Maire vous re\u00e7oit sur rendez-vous."},"pave2":{"libelle":"Descriptif d\u00e9taill\u00e9","contenu":"Biblioth\u00e8que et \u00e9cole situ\u00e9e \u00e0 proximit\u00e9."},"pave3":{"libelle":"Bons plans","contenu":""},"pave4":{"libelle":"Compl\u00e9ment localisation","contenu":""},"pave5":{"libelle":"Compl\u00e9ment accueil","contenu":""},"pave6":{"libelle":"P\u00e9riodes en clair","contenu":"Toute l'ann\u00e9e du lundi au vendredi.\u003Cbr \/\u003E\nFermetures exceptionnelles les 1er janvier, Lundi de P\u00e2ques, Jeudi de l'Ascension, Lundi de Pentec\u00f4te, 1er mai, 8 mai, 14 juillet, 15 ao\u00fbt, 1er novembre, 11 novembre et 25 d\u00e9cembre.\u003Cbr \/\u003E\nLundi - Mercredi - Jeudi - Vendredi : 9h30 -12h\u003Cbr \/\u003E\r\nMardi : 15h30 - 18h."},"pave7":{"libelle":"Tarifs en clair","contenu":""},"pave8":{"libelle":"Compl\u00e9ment Tarifs","contenu":""},"pave9":{"libelle":"Compl\u00e9ment R\u00e9servation","contenu":""},"pave10":{"libelle":"Descriptif court","contenu":""},"pave11":{"libelle":"Descriptif d\u00e9taill\u00e9","contenu":""},"pave12":{"libelle":"Compl\u00e9ment localisation","contenu":""},"pave13":{"libelle":"Compl\u00e9ment accueil","contenu":""},"pave14":{"libelle":"P\u00e9riodes en clair","contenu":""},"pave15":{"libelle":"Tarifs en clair","contenu":""},"pave16":{"libelle":"Compl\u00e9ment Tarifs","contenu":""},"pave17":{"libelle":"Compl\u00e9ment R\u00e9servation","contenu":""},"pave18":{"libelle":"Descriptif court","contenu":""},"pave19":{"libelle":"Descriptif d\u00e9taill\u00e9","contenu":""},"pave20":{"libelle":"Compl\u00e9ment localisation","contenu":""},"pave21":{"libelle":"Compl\u00e9ment accueil","contenu":""},"pave22":{"libelle":"P\u00e9riodes en clair","contenu":""},"pave23":{"libelle":"Tarifs en clair","contenu":""},"pave24":{"libelle":"Compl\u00e9ment Tarifs","contenu":""},"pave25":{"libelle":"Compl\u00e9ment R\u00e9servation","contenu":""},"ContactsParType":{"GEST":{"59200":{"id_contact":"59200","type_contact":"GEST","categorie_contact":"PRESTATAIRE","societe_contact":"","fonction_contact":"","civilite_nom_prenom_contact":"Mairie de Saint Jean d'Arves ","adresse1_contact":"7 Place de la mairie","adresse2_contact":"La Tour","adresse3_contact":"","cpostal_contact":"73530","ville_contact":"Saint-Jean-d'Arves","teldom_contact":"0033 (0)4 79 59 72 64","telbur_contact":"","fax_contact":"","portable_contact":"","email_contact":"mairie.stjeandarves@wanadoo.fr","siteweb_contact":"https:\/\/www.saintjeandarves.fr\/","commentaire_contact":"","langue_contact":"","autre_moyen_com":[]}},"MAIRE":{"59201":{"id_contact":"59201","type_contact":"MAIRE","categorie_contact":"PRESTATAIRE","societe_contact":"","fonction_contact":"","civilite_nom_prenom_contact":"Mme ARLAUD Marielle ","adresse1_contact":"","adresse2_contact":"","adresse3_contact":"","cpostal_contact":"","ville_contact":"","teldom_contact":"","telbur_contact":"","fax_contact":"","portable_contact":"","email_contact":"mairie@saintjeandarves.fr","siteweb_contact":"","commentaire_contact":"","langue_contact":"","autre_moyen_com":[]}}},"Libelle":"Mairie de Saint Jean d'Arves","Nom":"Mairie de Saint Jean d'Arves","Prenom":"","NomPrenom":"Mairie de Saint Jean d'Arves ","CiviliteNomPrenom":"Mairie de Saint Jean d'Arves ","Cle":"COS|486437","PrestataireParent":"","ContexteStat":"PRESTATAIRE-COS-486437","DateModificationIso":"2026-03-29T01:02:00+01:00","Type":"PRESTATAIRE","TypePrestataire":"COS","Adresse":{"LigneAdresse1":"La Tour","LigneAdresse2":"","LigneAdresse3":"","CodePostal":"73530","Ville":"Saint-Jean-d'Arves","Cedex":"","Etat":"","Pays":"FRA"},"Email":"mairie.stjeandarves@wanadoo.fr","Telephone":"0033 (0)4 79 59 72 64","TelephoneBureau":"","Portable":"","SiteWeb":"https:\/\/www.saintjeandarves.fr\/","Fax":"","Id":"cos-486437","Code":"COS|486437","Fichier":{"Image":[{"url":"https:\/\/www.sja73.com\/medias\/images\/prestataires\/49622-dsc_4115.jpg","chemin":"..\/medias\/images\/prestataires\/49622-dsc_4115.jpg","libelle":"Mairie de Saint-Jean-d'Arves","extension":"jpg","categorie":"","largeur":4176,"theme":"","hauteur":2784,"type":"Image","origine":"","liaisonPave":"","langue":"","id":"49622","urlVignette":"https:\/\/www.sja73.com\/medias\/images\/prestataires\/v-49622-dsc_4115.jpg","alt":"Mairie de Saint-Jean-d'Arves","title":"Mairie de Saint-Jean-d'Arves - &copy Communaut\u00e9 de Communes C\u0153ur de Maurienne Arvan","MultiTaille":{"1920x1440":{"url":"https:\/\/www.sja73.com\/medias\/images\/prestataires\/multitailles\/1920x1440_49622-dsc_4115.jpg"},"1200x900":{"url":"https:\/\/www.sja73.com\/medias\/images\/prestataires\/multitailles\/1200x900_49622-dsc_4115.jpg"},"800x600":{"url":"https:\/\/www.sja73.com\/medias\/images\/prestataires\/multitailles\/800x600_49622-dsc_4115.jpg"},"640x480":{"url":"https:\/\/www.sja73.com\/medias\/images\/prestataires\/multitailles\/640x480_49622-dsc_4115.jpg"},"320x240":{"url":"https:\/\/www.sja73.com\/medias\/images\/prestataires\/multitailles\/320x240_49622-dsc_4115.jpg"},"160x120":{"url":"https:\/\/www.sja73.com\/medias\/images\/prestataires\/multitailles\/160x120_49622-dsc_4115.jpg"},"origine":{"url":"https:\/\/www.sja73.com\/medias\/images\/prestataires\/49622-dsc_4115.jpg"}},"urlLien":"","typeLien":"","nofollow":"N","copyright":"Communaut\u00e9 de Communes C\u0153ur de Maurienne Arvan"}],"ByCategorie":{"":[{"url":"https:\/\/www.sja73.com\/medias\/images\/prestataires\/49622-dsc_4115.jpg","chemin":"..\/medias\/images\/prestataires\/49622-dsc_4115.jpg","libelle":"Mairie de Saint-Jean-d'Arves","extension":"jpg","categorie":"","largeur":4176,"theme":"","hauteur":2784,"type":"Image","origine":"","liaisonPave":"","langue":"","id":"49622","urlVignette":"https:\/\/www.sja73.com\/medias\/images\/prestataires\/v-49622-dsc_4115.jpg","alt":"Mairie de Saint-Jean-d'Arves","title":"Mairie de Saint-Jean-d'Arves - &copy Communaut\u00e9 de Communes C\u0153ur de Maurienne Arvan","MultiTaille":{"1920x1440":{"url":"https:\/\/www.sja73.com\/medias\/images\/prestataires\/multitailles\/1920x1440_49622-dsc_4115.jpg"},"1200x900":{"url":"https:\/\/www.sja73.com\/medias\/images\/prestataires\/multitailles\/1200x900_49622-dsc_4115.jpg"},"800x600":{"url":"https:\/\/www.sja73.com\/medias\/images\/prestataires\/multitailles\/800x600_49622-dsc_4115.jpg"},"640x480":{"url":"https:\/\/www.sja73.com\/medias\/images\/prestataires\/multitailles\/640x480_49622-dsc_4115.jpg"},"320x240":{"url":"https:\/\/www.sja73.com\/medias\/images\/prestataires\/multitailles\/320x240_49622-dsc_4115.jpg"},"160x120":{"url":"https:\/\/www.sja73.com\/medias\/images\/prestataires\/multitailles\/160x120_49622-dsc_4115.jpg"},"origine":{"url":"https:\/\/www.sja73.com\/medias\/images\/prestataires\/49622-dsc_4115.jpg"}},"urlLien":"","typeLien":"","nofollow":"N","copyright":"Communaut\u00e9 de Communes C\u0153ur de Maurienne Arvan"}]}},"Url":"mairie-de-saint-jean-d-arves-1.html","Localisation":{"GoogleMap":{"Latitude":"45.206747","Longitude":"6.273132"}},"ZoneGeo":"","LiensEtWidgetsParType":{"A":[{"Id":"21169","TypePrestataire":"COS","CodePrestataire":"486437","CodePrestation":"","CodeLibelle":"","Type":"A","Url":"https:\/\/www.facebook.com\/MairieSJA\/","Defaut":"N","Langue":"","Nature":"URL","Import":"SITRA2","LibelleText":"","Theme":""}]},"LiensEtWidgets":[{"Id":"21169","TypePrestataire":"COS","CodePrestataire":"486437","CodePrestation":"","CodeLibelle":"","Type":"A","Url":"https:\/\/www.facebook.com\/MairieSJA\/","Defaut":"N","Langue":"","Nature":"URL","Import":"SITRA2","LibelleText":"","Theme":""}],"Criteres":{"TYPESCOS[COSADMINISTRATIONS":"","AFFICHAGESITE[ADHERENTOUICOMPLET":"","P.services[687":"","P.prestations[animauxAcceptes":"","P.prestations[surchargeTourismesAdaptes":"","P.prestations[surchargeDescriptifHandicapMoteur":"","P.prestations[surchargeDescriptifHandicapAuditif":"","P.prestations[surchargeDescriptifHandicapVisuel":"","P.prestations[surchargeDescriptifHandicapMental":"","P.prestations[surchargeNombreFauteuilsRoulants":"","P.languesParlees[1197":"","P.3650[3652":"","P.3650[3676":"","P.59[1865":"","P.59[2011":"","P.59[2013":"","P.environnements[171":"","P.environnements[193":"","P.7237[183":"","P.114[416":"","P.114[418":"","P.114[435":"","P.114[436":"","P.tourismeAffaires[tourismeAffairesEnabled":"","P.tourismeAffaires[devise":"EUR","P.commerceEtServiceType[4013":"","P.typesDetailles[4028":"","P.CINTSITRA[11226":"","P.CINTSITRA[11435":"","P.3220[25629":"","P.3233[60439":"","P.3233[908439":"","P.3218[60729":"","P.3219[72808":"","P.3219[126557":"","P.3227[82852":"","P.3230[323078":"","P.3230[5532377":"","P.3230[6328304":"","P.3221[344174":"","P.3221[549303":"","P.3221[596327":"","P.6241[595160":"","P.VilleSitra[30471":"","P.VillageDeDepart[30471":"","P.114[439":""},"DateFinPublication":"","PrixAPartirDe":"","PrixPour":"","FicheListeEnCours":"fiche_liste_commerces_et_services_v2","ParametresModele":{"AfficherPhotos":"1","NbPhotosMax":6,"AfficherReserver":0,"AfficherContact":0,"AfficherSalle":1,"AfficherZoneGeo":0,"AfficherEnSavoirPlus":"0","AfficherUneSeuleOuverture":0,"AfficherContactCarte":1,"AfficherTarifsChaudAPartirDe":0,"AfficherTarifChaudSansRecherche":0,"AfficherLiensCarnetVoyage":"1","BlocCritereInfo":{"critere1":{"libelle":""},"critere2":{"libelle":""},"critere3":{"libelle":""},"critere4":{"libelle":""},"critere5":{"libelle":""},"critere6":{"libelle":""},"critere7":{"libelle":""},"critere8":{"libelle":""},"afficherpictoetpaslibelle":"1"},"Criteres":"AFFICHAGESITE[ADHERENTOUICOMPLET","PositionBloc":"CARNET_VOYAGE|GALLERIE|NOM|ZONEPRINCIPALFICHEPRESTA|URL","TypePrestataire":"COS","ComportementResa":false,"ComportementDispo":false},"AffichageCoordonnees":[],"Coordonnees":{"Ville":"Saint-Jean-d'Arves"},"ContexteId":"PRESTATAIRE|COS|486437","ContexteIdHtml":"PRESTATAIRE-COS-486437","cleContexte":"COS|486437","Bloc":{"texte1":"","texte3":"","critere1":{"libelle":"","contenu":[]},"critere2":{"libelle":"","contenu":[]},"critere3":{"libelle":"","contenu":[]},"critere4":{"libelle":"","contenu":[]},"critere5":{"libelle":"","contenu":[]},"critere6":{"libelle":"","contenu":[]},"critere7":{"libelle":"","contenu":[]},"critere8":{"libelle":"","contenu":[]},"critere9":{"libelle":"","contenu":[]}},"LocalisationGps":{"Latitude":"45.206747","Longitude":"6.273132"},"libelleDuPrestataire":"","listeCriteres":{"TYPESCOS":{"COSADMINISTRATIONS":""},"AFFICHAGESITE":{"ADHERENTOUICOMPLET":""},"P.services":{"687":""},"P.prestations":{"animauxAcceptes":"","surchargeTourismesAdaptes":"","surchargeDescriptifHandicapMoteur":"","surchargeDescriptifHandicapAuditif":"","surchargeDescriptifHandicapVisuel":"","surchargeDescriptifHandicapMental":"","surchargeNombreFauteuilsRoulants":""},"P.languesParlees":{"1197":""},"P.3650":{"3652":"","3676":""},"P.59":{"1865":"","2011":"","2013":""},"P.environnements":{"171":"","193":""},"P.7237":{"183":""},"P.114":{"416":"","418":"","435":"","436":"","439":""},"P.tourismeAffaires":{"tourismeAffairesEnabled":"","devise":"EUR"},"P.commerceEtServiceType":{"4013":""},"P.typesDetailles":{"4028":""},"P.CINTSITRA":{"11226":"","11435":""},"P.3220":{"25629":""},"P.3233":{"60439":"","908439":""},"P.3218":{"60729":""},"P.3219":{"72808":"","126557":""},"P.3227":{"82852":""},"P.3230":{"323078":"","5532377":"","6328304":""},"P.3221":{"344174":"","549303":"","596327":""},"P.6241":{"595160":""},"P.VilleSitra":{"30471":""},"P.VillageDeDepart":{"30471":""}},"dansCarnetVoyage":true,"Ouverture":""},"html":" \n \u003Cdiv id=\"CV-PRESTATAIRE-COS-486437\" data-contexte-id=\"PRESTATAIRE|COS|486437\" data-cle=\"COS|486437\" class=\"fiche-liste\"\u003E\n    \n\n    \u003C!-- partie photo --\u003E\n    \u003Cdiv class=\"photo\"\u003E\t\t\t\t\t\t\t\t\t\t\t\t\t\t\t\t\t\t\t\t\t\n        \u003Cdiv class=\"cadre_photo_principale\"\u003E\t\t\n        \n            \t\t\t\t\t\n                    \u003Ca href=\"mairie-de-saint-jean-d-arves-1.html?origine=carnet#media\"\u003E\n                        \u003Cimg class=\"photo_principale\" alt=\"Mairie de Saint-Jean-d'Arves\" src=\"https:\/\/www.sja73.com\/medias\/images\/prestataires\/multitailles\/320x240_49622-dsc_4115.jpg\" itemprop=\"image\"\u003E\n                    \u003C\/a\u003E\t\t\t\t\t\t\n                \n                    \u003C\/div\u003E\t\t\t\t\t\t\t\t\t\t\t\t\t\t\t\t\t\t\t \t\t\n    \u003C\/div\u003E\n    \n    \u003C!-- partie nom prest --\u003E\n    \u003Cdiv class=\"nom\"\u003E\n        \u003Ch2\u003EMairie de Saint Jean d'Arves\u003C\/h2\u003E\n        \n            \u003C\/div\u003E\n\n         \n    \u003C!-- partie adresse --\u003E\n    \u003Cdiv class=\"adresse\"\u003E\n    \n          \n    \u003C\/div\u003E\n    \n    \u003C!-- partie liens --\u003E\n    \u003Cdiv class=\"liens\"\u003E\n            \u003Ca class=\"btn-icon btn-view \" title=\"Voir la fiche d\u00e9taill\u00e9e\" href=\"mairie-de-saint-jean-d-arves-1.html?origine=carnet\"\u003E\u003C\/a\u003E\u003C!--\u003Ca class=\"btn-icon btn-view \" title=\"\" href=\"?origine=carnet#thaut\"\u003E\u003C\/a\u003E--\u003E\n      \u003Ca class=\"btn-icon btn-trash carnet_voyage_supprimer\" title=\"Supprimer cette fiche de mon carnet de voyage\" href=\"carnet-voyage?action=remove&fiche=COS|486437\"\u003E\u003C\/a\u003E\n    \u003C\/div\u003E\n\n\u003C\/div\u003E\n\n","icon":"https:\/\/static.ingenie.fr\/images\/carnetVoyageV3\/COS.png"},"fiche":"COS|486437","popup":"\u003Cdiv id=\"bloc_popup_ajout_fiche_carnet\"\u003E\n    \u003Cdiv class=\"info_popup_ajout_fiche_carnet\"\u003E\n        Vous venez d'ajouter cet \u00e9l\u00e9ment \u00e0 votre carnet de voyage :    \u003C\/div\u003E\n    \u003Cdiv class=\"prest_popup_ajout_fiche_carnet\"\u003E\n        Mairie de Saint Jean d&#039;Arves    \u003C\/div\u003E\n    \u003Cdiv class=\"bloc_btn_ajout_fiche_carnet form_submit_div\"\u003E\n        \u003Cinput type=\"button\" value=\"Continuer ma s\u00e9lection\" title=\"Continuer ma s\u00e9lection\" name=\"btn_close\" class=\"btn_close_popup_carnet form_submit\" onclick=\"$.colorbox.close()\" \/\u003E\n        \u003Cinput type=\"button\" value=\"Voir mon carnet de voyage\" title=\"Voir mon carnet\" name=\"btn_panier\" class=\"btn_panier_popup_carnet form_submit\" onclick=\"if(typeof CarnetVoyage != 'undefined') {CarnetVoyage.voirCarnet();}\" \/\u003E\n    \u003C\/div\u003E\n    \u003Cdiv class=\"bloc_btn_ajout_fiche_carnet\"\u003E\n        \u003Cinput type=\"checkbox\" value=\"1\" name=\"desactiver_popup\" id=\"desactiver_popup\" \/\u003E\n        \u003Clabel for=\"desactiver_popup\"\u003ENe plus afficher ce message\u003C\/label\u003E\n    \u003C\/div\u003E\n\u003C\/div\u003E","success":1}