{"nbFiches":1,"dataPrest":{"infoPrest":{"pave1":{"libelle":"Descriptif court","contenu":"Accueil des enfants de 3 mois \u00e0 5 ans. Ouverte \u00e0 l'ann\u00e9e situ\u00e9e au plus pr\u00e8s des pistes au hameau de La Chal. \u003Cbr \/\u003E\r\nR\u00e9servation sur le site de l'Office de Tourisme. Pour les pack garderie + cours ESF, r\u00e9servation sur le site de l'ESF de Saint Jean d'Arves."},"pave2":{"libelle":"Descriptif d\u00e9taill\u00e9","contenu":"Inscription et r\u00e9servation sur place ou par internet sur www.sja73.com.\u003Cbr \/\u003E\r\n\u003Cbr \/\u003E\r\nPour toute demande de r\u00e9servation par internet, merci de communiquer syst\u00e9matiquement les informations suivantes.\u003Cbr \/\u003E\r\nDans un premier temps :\u003Cbr \/\u003E\r\n- Pr\u00e9nom et nom de l'enfant\u003Cbr \/\u003E\r\n- Date de naissance \u003Cbr \/\u003E\r\n- Jours souhait\u00e9s de garde\u003Cbr \/\u003E\r\nDans un second temps : \u003Cbr \/\u003E\r\n- envoyer la fiche d'inscription\u003Cbr \/\u003E\r\n- envoyer une copie des vaccinations\u003Cbr \/\u003E\r\n\u003Cbr \/\u003E\r\nInformations concernant le fonctionnement de la Halte-garderie :\u003Cbr \/\u003E\r\n- Tranche d'\u00e2ge des enfants accueillis : de 3 mois \u00e0 5 ans inclus (jusqu'au 1er mois des 6 ans).\u003Cbr \/\u003E\r\n\u003Cbr \/\u003E\r\nLes repas et changes sont \u00e0 fournir par les parents. REPAS NON INCLUS\u003Cbr \/\u003E\r\nToutes les affaires doivent \u00eatre imp\u00e9rativement marqu\u00e9es y compris les boites repas.\u003Cbr \/\u003E\r\nPr\u00e9voir une tenue confortable pour l'int\u00e9rieur.\u003Cbr \/\u003E\r\n\u003Cbr \/\u003E\r\n- Le carnet de sant\u00e9 de l'enfant ou un certificat certifiant que les vaccins sont \u00e0 jours sign\u00e9 et tamponn\u00e9 par le m\u00e9decin est obligatoire et, \u00e0 pr\u00e9senter lors du premier jour de garde (vaccins du calendrier vaccinal fran\u00e7ais \u00e0 jour). Sans cela, l'enfant est refus\u00e9 sans remboursement des frais engag\u00e9s.\u003Cbr \/\u003E\r\nDT Polio coq + ROR \u00e0 jour pour les enfants n\u00e9s avant janvier 2018, ou les 11 vaccins en cours pour les autres.\u003Cbr \/\u003E\r\n\u003Cbr \/\u003E\r\n- Le r\u00e8glement s'effectue en ligne par carte bancaire, en transaction s\u00e9curis\u00e9e ou sur place \u00e0 la halte-garderie, par ch\u00e8que, carte bancaire ou esp\u00e8ces. (Les ch\u00e8ques vacances ne sont pas accept\u00e9s)\u003Cbr \/\u003E\r\n\u003Cbr \/\u003E\r\n En hiver :\u003Cbr \/\u003E\r\n- Accompagnement des enfants du club Piou-Piou aux cours ESF de 11h et 13h sur r\u00e9servation :  tous niveaux\u003Cbr \/\u003E\r\n- Pr\u00e9voir tenue pour jouer dans la neige dans notre cour (bottes, combinaisons, gants, bonnets, lunettes de soleil, cr\u00e8me solaire)\u003Cbr \/\u003E\r\n\u003Cbr \/\u003E\r\nConstruction de 2011 financ\u00e9e avec le soutien du Conseil G\u00e9n\u00e9ral de la Savoie et de la R\u00e9gion Rh\u00f4ne-Alpes."},"pave3":{"libelle":"Bons plans","contenu":""},"pave4":{"libelle":"Compl\u00e9ment localisation","contenu":""},"pave5":{"libelle":"Compl\u00e9ment accueil","contenu":""},"pave6":{"libelle":"P\u00e9riodes en clair","contenu":"Toute l'ann\u00e9e tous les jours de 8h \u00e0 17h."},"pave7":{"libelle":"Tarifs en clair","contenu":"25,00 \u20ac de la 1\/2 journ\u00e9e\u003Cbr \/\u003E\r\n50,00 \u20ac de la journ\u00e9e\u003Cbr \/\u003E\r\nMise en place de forfait pour la r\u00e9servation de 5 ou 6 jours cons\u00e9cutifs.\u003Cbr \/\u003E\r\n\u003Cbr \/\u003E\r\nCes prix ne comprennent pas les repas et les couches (changes)."},"pave8":{"libelle":"Compl\u00e9ment Tarifs","contenu":""},"pave9":{"libelle":"Compl\u00e9ment R\u00e9servation","contenu":""},"pave10":{"libelle":"Descriptif court","contenu":"Accueil des enfants de 3 mois \u00e0 5 ans. Ouverte \u00e0 l'ann\u00e9e situ\u00e9e au hameau de La Chal. \u003Cbr \/\u003E\r\nR\u00e9servation sur le site de l'Office de Tourisme."},"pave11":{"libelle":"Descriptif d\u00e9taill\u00e9","contenu":"Pour toute demande de r\u00e9servation par internet, merci de communiquer syst\u00e9matiquement les informations suivantes :\u003Cbr \/\u003E\r\n- Pr\u00e9nom(s) et nom de(s) l'enfant(s) si diff\u00e9rent(s) du v\u00f4tre.\u003Cbr \/\u003E\r\n- Date de naissance et \u00e2ge de chaque enfant \u00e0 sa venue.\u003Cbr \/\u003E\r\n- Joindre la fiche d'inscription remplie ainsi que l'autorisation d'hospitalisation ( disponibles sur l'onglet \"Plus d'informations\")\u003Cbr \/\u003E\r\n\u003Cbr \/\u003E\r\nInformations concernant le fonctionnement de la Halte- garderie :\u003Cbr \/\u003E\r\n- Tranche d'\u00e2ge des enfants accueillis : de 3 mois \u00e0 5 ans inclus.\u003Cbr \/\u003E\r\n\u003Cbr \/\u003E\r\n- Les possibilit\u00e9s d'accueil sont :\u003Cbr \/\u003E\r\n. \u00e0 la demi-journ\u00e9e : 4h\u003Cbr \/\u003E\r\n. \u00e0 la journ\u00e9e\u003Cbr \/\u003E\r\n\u003Cbr \/\u003E\r\n- Nous ne faisons pas d'accueil entre 11h30 et 13h30.\u003Cbr \/\u003E\r\n\u003Cbr \/\u003E\r\n- Les repas et changes sont \u00e0 fournir par les parents. Toutes les affaires doivent \u00eatre imp\u00e9rativement marqu\u00e9es y compris les bo\u00eetes repas, etc... Si l'enfant fait la sieste \u00e0 la halte garderie, merci de pr\u00e9voir sa turbulette pour son confort (marqu\u00e9e au nom de l'enfant).\u003Cbr \/\u003E\r\n\u003Cbr \/\u003E\r\n- Pr\u00e9voir chaussons et tenue confortable pour l'int\u00e9rieur\u003Cbr \/\u003E\r\n\u003Cbr \/\u003E\r\n- Le carnet de sant\u00e9 de l'enfant ou un certificat certifiant que les vaccins sont \u00e0 jours sign\u00e9 et tamponn\u00e9 par le medeicn est obligatoire et, \u00e0 pr\u00e9senter lors du premier jour de garde. (vaccins du calendrier vaccinal fran\u00e7ais \u00e0 jour). Sans cela, l'enfant est refus\u00e9 sans remboursement des frais engag\u00e9.\u003Cbr \/\u003E\r\nDT Polio coq + ROR \u00e0 jour\u003Cbr \/\u003E\r\n\u003Cbr \/\u003E\r\n- Le r\u00e8glement s'effectue en ligne par carte bancaire, en transaction s\u00e9curis\u00e9e ou sur place \u00e0 la halte-garderie, par ch\u00e8que, carte bancaire ou esp\u00e8ces. (Les ch\u00e8ques vacances ne sont pas accept\u00e9s)\u003Cbr \/\u003E\r\nConstruction de 2011 financ\u00e9e avec le soutien du Conseil G\u00e9n\u00e9ral de la Savoie et de la R\u00e9gion Rh\u00f4ne-Alpes.\u003Cbr \/\u003E\r\n\u003Cbr \/\u003E\r\nIMPORTANT :\u003Cbr \/\u003E\r\nEn raison des mesures r\u00e9glementaires li\u00e9es \u00e0 la lutte contre l'\u00e9pid\u00e9mie de Covid19, nous mettons en place les protocoles d'accueils pr\u00e9conis\u00e9s par le gouvernement.\u003Cbr \/\u003E\r\n\u003Cbr \/\u003E\r\nLes mesures sanitaires sp\u00e9cifiques vous seront communiqu\u00e9es avant votre arriv\u00e9e.\u003Cbr \/\u003E\r\n\u003Cbr \/\u003E\r\nEn fonction du contexte r\u00e9glementaire, les effectifs d'accueils de nos agr\u00e9ments pourront \u00eatre diminu\u00e9s au cours de la saison d'hiver. Les modalit\u00e9s de remboursements vous seront communiqu\u00e9es le cas \u00e9ch\u00e9ant."},"pave12":{"libelle":"Compl\u00e9ment localisation","contenu":""},"pave13":{"libelle":"Compl\u00e9ment accueil","contenu":""},"pave14":{"libelle":"P\u00e9riodes en clair","contenu":""},"pave15":{"libelle":"Tarifs en clair","contenu":""},"pave16":{"libelle":"Compl\u00e9ment Tarifs","contenu":""},"pave17":{"libelle":"Compl\u00e9ment R\u00e9servation","contenu":""},"pave18":{"libelle":"Descriptif court","contenu":"Accueil des enfants de 3 mois \u00e0 5 ans. Ouverte \u00e0 l'ann\u00e9e situ\u00e9e au plus pr\u00e8s des pistes au hameau de La Chal. \u003Cbr \/\u003E\r\nR\u00e9servation sur le site de l'Office de Tourisme. Pour les pack garderie + cours ESF, r\u00e9servation sur le site de l'ESF de Saint Jean d'Arves."},"pave19":{"libelle":"Descriptif d\u00e9taill\u00e9","contenu":"R\u00e9servation des temps de garde directement en ligne sur ce site internet (lien en bas de la page).\u003Cbr \/\u003E\r\nLes r\u00e9servations sur ce site ne concernent que le temps de cr\u00e8che des enfants. \u003Cbr \/\u003E\r\n\u003Cbr \/\u003E\r\nNOUVEAU :\u003Cbr \/\u003E\r\nPour toute r\u00e9servation pour les plus grands de ski + cr\u00e8che, merci de r\u00e9server via le site internet de l\u2019ESF, les packs sp\u00e9cifiques ski + garderie (https:\/\/www.esf-saintjeandarves.fr\/).\u003Cbr \/\u003E\r\n\u003Cbr \/\u003E\r\nLors de toute demande de r\u00e9servation, merci de communiquer syst\u00e9matiquement :\u003Cbr \/\u003E\r\nLe nom et pr\u00e9nom de l\u2019enfant, ainsi que sa date de naissance.\u003Cbr \/\u003E\r\n\u003Cbr \/\u003E\r\nDans un second temps :\u003Cbr \/\u003E\r\n-\tEnvoyer la fiche d\u2019inscription par mail (lescherubins73@orange.fr) ou courrier\u003Cbr \/\u003E\r\n-\tJoindre une copie des vaccinations\u003Cbr \/\u003E\r\n-\tAinsi qu\u2019un certificat m\u00e9dical d\u2019aptitude \u00e0 la collectivit\u00e9 datant de moins de 2 mois.\u003Cbr \/\u003E\r\n\u003Cbr \/\u003E\r\nInformations concernant le fonctionnement du multi-accueil :\u003Cbr \/\u003E\r\n-\tCapacit\u00e9 d\u2019accueil : 25 enfants (comprenant l\u2019accueil des enfants du pays et des enfants vacanciers)\u003Cbr \/\u003E\r\n-\tTranche d\u2019\u00e2ge des enfants accueillis : de 3 mois \u00e0 5 ans inclus (jusqu\u2019au 1er mois d\u2019anniversaire des 6 ans)\u003Cbr \/\u003E\r\n-\tStructure ouverte \u00e0 l\u2019ann\u00e9e \u003Cbr \/\u003E\r\n-\tAccueil des enfants vacanciers de 8h30 \u00e0 17h maximum l\u2019hiver et les enfants en contrat locaux de 8h \u00e0 17h45.\u003Cbr \/\u003E\r\n\u003Cbr \/\u003E\r\nLes possibilit\u00e9s d\u2019accueils sont :\u003Cbr \/\u003E\r\n-\tA la demi-journ\u00e9e : matin (de 8h30 \u00e0 11h45) ou apr\u00e8s midi (de 13h30 \u00e0 17h) \u00e0 25 euros\u003Cbr \/\u003E\r\n-\tA la journ\u00e9e compl\u00e8te : de 8h30 \u00e0 17h \u00e0 50 euros.\u003Cbr \/\u003E\r\n\u003Cbr \/\u003E\r\nLes changes et repas sont \u00e0 fournir par les parents. La structure ne fournit AUCUN repas.\u003Cbr \/\u003E\r\nToutes les affaires doivent \u00eatre imp\u00e9rativement not\u00e9es au pr\u00e9nom et nom de l\u2019enfant, y compris les boites repas.\u003Cbr \/\u003E\r\nPr\u00e9voir une tenue confortable pour l\u2019int\u00e9rieur et une tenue adapt\u00e9e \u00e0 l\u2019ext\u00e9rieur.\u003Cbr \/\u003E\r\n\u003Cbr \/\u003E\r\n\u003Cbr \/\u003E\r\nLe carnet de sant\u00e9 de l\u2019enfant ou un certificat m\u00e9dical attestant que les vaccins sont \u00e0 jour sign\u00e9 et tamponn\u00e9 par le m\u00e9decin est obligatoire, et \u00e0 pr\u00e9senter au premier jour de garde (aucun remboursement ne sera initi\u00e9 en cas d\u2019oubli).\u003Cbr \/\u003E\r\nDepuis cette ann\u00e9e, un certificat m\u00e9dical d\u2019aptitude \u00e0 la collectivit\u00e9 datant de moins de deux mois, est \u00e9galement demand\u00e9 en plus des vaccinations.\u003Cbr \/\u003E\r\n\u003Cbr \/\u003E\r\nLe r\u00e8glement s\u2019effectue en ligne par carte bancaire, en transaction s\u00e9curis\u00e9e.\u003Cbr \/\u003E\r\nPour toute r\u00e9servation sur place, en fonction de nos disponibilit\u00e9s, le paiement peut se faire en CB, ch\u00e8que fran\u00e7ais ou esp\u00e8ce (les ch\u00e8ques vacances ne sont pas accept\u00e9s).\u003Cbr \/\u003E\r\n\u003Cbr \/\u003E\r\nLes demandes d\u2019annulation sont rembours\u00e9es, quand cette derni\u00e8re \u00e0 lieu au moins 10 jours avant le 1er jour de garde l\u2019enfant.\u003Cbr \/\u003E\r\nEn cas de maladie, il y a 3 jours de carences sur pr\u00e9sentation d\u2019un certificat m\u00e9dical avant le remboursement.\u003Cbr \/\u003E\r\nRemboursement en cas d\u2019urgence personnelle tel qu\u2019hospitalisation, isolation du au COVID 19, d\u00e9c\u00e8s d\u2019un proche \u2026 avec pr\u00e9sentation d\u2019un justificatif (contacter directement le multi accueil)\u003Cbr \/\u003E\r\nPour toute r\u00e9servation de pack garderie et ski sur le site de l\u2019ESF les conditions g\u00e9n\u00e9rales de vente et d\u2019annulation, leur sont propres et sont diff\u00e9rentes, voir directement avec eux.\u003Cbr \/\u003E\r\n\u003Cbr \/\u003E\r\n\u003Cbr \/\u003E\r\nIMPORTANT :\u003Cbr \/\u003E\r\nEn raison des mesures r\u00e9glementaires li\u00e9es \u00e0 la lutte contre l\u2019\u00e9pid\u00e9mie de Covid19, nous mettons en place les protocoles d\u2019accueils pr\u00e9conis\u00e9s par le gouvernement. Les effectifs d\u2019accueils de nos agr\u00e9ments peuvent \u00eatre diminu\u00e9s au cours de la saison d\u2019hiver. Les modalit\u00e9s de remboursement vous seront communiqu\u00e9es le cas \u00e9ch\u00e9ant.\u003Cbr \/\u003E\r\nS\u2019il y a lieu, les mesures sanitaires sp\u00e9cifiques vous seront communiqu\u00e9es avant votre arriv\u00e9e.\u003Cbr \/\u003E\r\n\u003Cbr \/\u003E\r\nConstruction de 2011 financ\u00e9e avec le soutien du Conseil G\u00e9n\u00e9ral de Savoie et de la r\u00e9gion Rh\u00f4ne-Alpes."},"pave20":{"libelle":"Compl\u00e9ment localisation","contenu":""},"pave21":{"libelle":"Compl\u00e9ment accueil","contenu":""},"pave22":{"libelle":"P\u00e9riodes en clair","contenu":""},"pave23":{"libelle":"Tarifs en clair","contenu":""},"pave24":{"libelle":"Compl\u00e9ment Tarifs","contenu":""},"pave25":{"libelle":"Compl\u00e9ment R\u00e9servation","contenu":""},"ContactsParType":{"":{"57326":{"id_contact":"57326","type_contact":"","categorie_contact":"PRESTATAIRE","societe_contact":"","fonction_contact":"","civilite_nom_prenom_contact":"Mme Agrapart Marjorie ","adresse1_contact":"","adresse2_contact":"","adresse3_contact":"","cpostal_contact":"","ville_contact":"","teldom_contact":"","telbur_contact":"","fax_contact":"","portable_contact":"","email_contact":"","siteweb_contact":"","commentaire_contact":"","langue_contact":"","autre_moyen_com":[]}},"RES":{"57327":{"id_contact":"57327","type_contact":"RES","categorie_contact":"PRESTATAIRE","societe_contact":"","fonction_contact":"","civilite_nom_prenom_contact":"Halte Garderie Les Ch\u00e9rubins ","adresse1_contact":"","adresse2_contact":"","adresse3_contact":"","cpostal_contact":"","ville_contact":"","teldom_contact":"04 79 20 25 38","telbur_contact":"","fax_contact":"","portable_contact":"","email_contact":"lescherubins73@orange.fr","siteweb_contact":"https:\/\/www.sja73.com\/halte-garderie-les-cherubins.html","commentaire_contact":"","langue_contact":"","autre_moyen_com":[]}}},"Libelle":"Halte garderie Les Ch\u00e9rubins","Nom":"Halte garderie Les Ch\u00e9rubins","Prenom":"","NomPrenom":"Halte garderie Les Ch\u00e9rubins ","CiviliteNomPrenom":"Halte garderie Les Ch\u00e9rubins ","Cle":"COS|405311","PrestataireParent":"","ContexteStat":"PRESTATAIRE-COS-405311","DateModificationIso":"2025-12-03T00:35:00+01:00","Type":"PRESTATAIRE","TypePrestataire":"COS","Adresse":{"LigneAdresse1":"","LigneAdresse2":"","LigneAdresse3":"","CodePostal":"73530","Ville":"Saint-Jean-d'Arves","Cedex":"","Etat":"","Pays":"FRA"},"Email":"lescherubins73@orange.fr","Telephone":"00 33 (0)9 67 07 25 38","TelephoneBureau":"","Portable":"","SiteWeb":"","Fax":"","Id":"cos-405311","Code":"COS|405311","Fichier":{"Image":[{"url":"https:\/\/www.sja73.com\/medias\/images\/prestataires\/47343-img_8698.jpg","chemin":"..\/medias\/images\/prestataires\/47343-img_8698.jpg","libelle":"Halte garderie Les Ch\u00e9rubins_Saint-Jean-d'Arves","extension":"jpg","categorie":"","largeur":6000,"theme":"","hauteur":4000,"type":"Image","origine":"","liaisonPave":"","langue":"","id":"47343","urlVignette":"https:\/\/www.sja73.com\/medias\/images\/prestataires\/v-47343-img_8698.jpg","alt":"Halte garderie Les Ch\u00e9rubins_Saint-Jean-d'Arves","title":"Halte garderie Les Ch\u00e9rubins_Saint-Jean-d'Arves","MultiTaille":{"1920x1440":{"url":"https:\/\/www.sja73.com\/medias\/images\/prestataires\/multitailles\/1920x1440_47343-img_8698.jpg"},"1200x900":{"url":"https:\/\/www.sja73.com\/medias\/images\/prestataires\/multitailles\/1200x900_47343-img_8698.jpg"},"800x600":{"url":"https:\/\/www.sja73.com\/medias\/images\/prestataires\/multitailles\/800x600_47343-img_8698.jpg"},"640x480":{"url":"https:\/\/www.sja73.com\/medias\/images\/prestataires\/multitailles\/640x480_47343-img_8698.jpg"},"320x240":{"url":"https:\/\/www.sja73.com\/medias\/images\/prestataires\/multitailles\/320x240_47343-img_8698.jpg"},"160x120":{"url":"https:\/\/www.sja73.com\/medias\/images\/prestataires\/multitailles\/160x120_47343-img_8698.jpg"},"origine":{"url":"https:\/\/www.sja73.com\/medias\/images\/prestataires\/47343-img_8698.jpg"}},"urlLien":"","typeLien":"","nofollow":"N","copyright":""},{"url":"https:\/\/www.sja73.com\/medias\/images\/prestataires\/47344-dsc07953.jpg","chemin":"..\/medias\/images\/prestataires\/47344-dsc07953.jpg","libelle":"Halte Garderie","extension":"jpg","categorie":"","largeur":3872,"theme":"","hauteur":2592,"type":"Image","origine":"","liaisonPave":"","langue":"","id":"47344","urlVignette":"https:\/\/www.sja73.com\/medias\/images\/prestataires\/v-47344-dsc07953.jpg","alt":"Halte Garderie","title":"Halte Garderie","MultiTaille":{"1920x1440":{"url":"https:\/\/www.sja73.com\/medias\/images\/prestataires\/multitailles\/1920x1440_47344-dsc07953.jpg"},"1200x900":{"url":"https:\/\/www.sja73.com\/medias\/images\/prestataires\/multitailles\/1200x900_47344-dsc07953.jpg"},"800x600":{"url":"https:\/\/www.sja73.com\/medias\/images\/prestataires\/multitailles\/800x600_47344-dsc07953.jpg"},"640x480":{"url":"https:\/\/www.sja73.com\/medias\/images\/prestataires\/multitailles\/640x480_47344-dsc07953.jpg"},"320x240":{"url":"https:\/\/www.sja73.com\/medias\/images\/prestataires\/multitailles\/320x240_47344-dsc07953.jpg"},"160x120":{"url":"https:\/\/www.sja73.com\/medias\/images\/prestataires\/multitailles\/160x120_47344-dsc07953.jpg"},"origine":{"url":"https:\/\/www.sja73.com\/medias\/images\/prestataires\/47344-dsc07953.jpg"}},"urlLien":"","typeLien":"","nofollow":"N","copyright":""},{"url":"https:\/\/www.sja73.com\/medias\/images\/prestataires\/47345-dsc07975.jpg","chemin":"..\/medias\/images\/prestataires\/47345-dsc07975.jpg","libelle":"Halte Garderie","extension":"jpg","categorie":"","largeur":3872,"theme":"ETE","hauteur":2592,"type":"Image","origine":"","liaisonPave":"","langue":"","id":"47345","urlVignette":"https:\/\/www.sja73.com\/medias\/images\/prestataires\/v-47345-dsc07975.jpg","alt":"Halte Garderie","title":"Halte Garderie","MultiTaille":{"1920x1440":{"url":"https:\/\/www.sja73.com\/medias\/images\/prestataires\/multitailles\/1920x1440_47345-dsc07975.jpg"},"1200x900":{"url":"https:\/\/www.sja73.com\/medias\/images\/prestataires\/multitailles\/1200x900_47345-dsc07975.jpg"},"800x600":{"url":"https:\/\/www.sja73.com\/medias\/images\/prestataires\/multitailles\/800x600_47345-dsc07975.jpg"},"640x480":{"url":"https:\/\/www.sja73.com\/medias\/images\/prestataires\/multitailles\/640x480_47345-dsc07975.jpg"},"320x240":{"url":"https:\/\/www.sja73.com\/medias\/images\/prestataires\/multitailles\/320x240_47345-dsc07975.jpg"},"160x120":{"url":"https:\/\/www.sja73.com\/medias\/images\/prestataires\/multitailles\/160x120_47345-dsc07975.jpg"},"origine":{"url":"https:\/\/www.sja73.com\/medias\/images\/prestataires\/47345-dsc07975.jpg"}},"urlLien":"","typeLien":"","nofollow":"N","copyright":""},{"url":"https:\/\/www.sja73.com\/medias\/images\/prestataires\/47346-creche_9503.jpg","chemin":"..\/medias\/images\/prestataires\/47346-creche_9503.jpg","libelle":"Halte-garderie","extension":"jpg","categorie":"","largeur":5184,"theme":"","hauteur":3456,"type":"Image","origine":"","liaisonPave":"","langue":"","id":"47346","urlVignette":"https:\/\/www.sja73.com\/medias\/images\/prestataires\/v-47346-creche_9503.jpg","alt":"Halte-garderie","title":"Halte-garderie - &copy Office de Tourisme SJA","MultiTaille":{"1920x1440":{"url":"https:\/\/www.sja73.com\/medias\/images\/prestataires\/multitailles\/1920x1440_47346-creche_9503.jpg"},"1200x900":{"url":"https:\/\/www.sja73.com\/medias\/images\/prestataires\/multitailles\/1200x900_47346-creche_9503.jpg"},"800x600":{"url":"https:\/\/www.sja73.com\/medias\/images\/prestataires\/multitailles\/800x600_47346-creche_9503.jpg"},"640x480":{"url":"https:\/\/www.sja73.com\/medias\/images\/prestataires\/multitailles\/640x480_47346-creche_9503.jpg"},"320x240":{"url":"https:\/\/www.sja73.com\/medias\/images\/prestataires\/multitailles\/320x240_47346-creche_9503.jpg"},"160x120":{"url":"https:\/\/www.sja73.com\/medias\/images\/prestataires\/multitailles\/160x120_47346-creche_9503.jpg"},"origine":{"url":"https:\/\/www.sja73.com\/medias\/images\/prestataires\/47346-creche_9503.jpg"}},"urlLien":"","typeLien":"","nofollow":"N","copyright":"Office de Tourisme SJA"},{"url":"https:\/\/www.sja73.com\/medias\/images\/prestataires\/47348-dsc08049.jpg","chemin":"..\/medias\/images\/prestataires\/47348-dsc08049.jpg","libelle":"Tour de France","extension":"jpg","categorie":"","largeur":3872,"theme":"ETE","hauteur":2592,"type":"Image","origine":"","liaisonPave":"","langue":"","id":"47348","urlVignette":"https:\/\/www.sja73.com\/medias\/images\/prestataires\/v-47348-dsc08049.jpg","alt":"Tour de France","title":"Tour de France","MultiTaille":{"1920x1440":{"url":"https:\/\/www.sja73.com\/medias\/images\/prestataires\/multitailles\/1920x1440_47348-dsc08049.jpg"},"1200x900":{"url":"https:\/\/www.sja73.com\/medias\/images\/prestataires\/multitailles\/1200x900_47348-dsc08049.jpg"},"800x600":{"url":"https:\/\/www.sja73.com\/medias\/images\/prestataires\/multitailles\/800x600_47348-dsc08049.jpg"},"640x480":{"url":"https:\/\/www.sja73.com\/medias\/images\/prestataires\/multitailles\/640x480_47348-dsc08049.jpg"},"320x240":{"url":"https:\/\/www.sja73.com\/medias\/images\/prestataires\/multitailles\/320x240_47348-dsc08049.jpg"},"160x120":{"url":"https:\/\/www.sja73.com\/medias\/images\/prestataires\/multitailles\/160x120_47348-dsc08049.jpg"},"origine":{"url":"https:\/\/www.sja73.com\/medias\/images\/prestataires\/47348-dsc08049.jpg"}},"urlLien":"","typeLien":"","nofollow":"N","copyright":""},{"url":"https:\/\/www.sja73.com\/medias\/images\/prestataires\/47349-img_8721.jpg","chemin":"..\/medias\/images\/prestataires\/47349-img_8721.jpg","libelle":"Halte garderie Les Ch\u00e9rubins_Saint-Jean-d'Arves","extension":"jpg","categorie":"","largeur":6000,"theme":"","hauteur":4000,"type":"Image","origine":"","liaisonPave":"","langue":"","id":"47349","urlVignette":"https:\/\/www.sja73.com\/medias\/images\/prestataires\/v-47349-img_8721.jpg","alt":"Halte garderie Les Ch\u00e9rubins_Saint-Jean-d'Arves","title":"Halte garderie Les Ch\u00e9rubins_Saint-Jean-d'Arves","MultiTaille":{"1920x1440":{"url":"https:\/\/www.sja73.com\/medias\/images\/prestataires\/multitailles\/1920x1440_47349-img_8721.jpg"},"1200x900":{"url":"https:\/\/www.sja73.com\/medias\/images\/prestataires\/multitailles\/1200x900_47349-img_8721.jpg"},"800x600":{"url":"https:\/\/www.sja73.com\/medias\/images\/prestataires\/multitailles\/800x600_47349-img_8721.jpg"},"640x480":{"url":"https:\/\/www.sja73.com\/medias\/images\/prestataires\/multitailles\/640x480_47349-img_8721.jpg"},"320x240":{"url":"https:\/\/www.sja73.com\/medias\/images\/prestataires\/multitailles\/320x240_47349-img_8721.jpg"},"160x120":{"url":"https:\/\/www.sja73.com\/medias\/images\/prestataires\/multitailles\/160x120_47349-img_8721.jpg"},"origine":{"url":"https:\/\/www.sja73.com\/medias\/images\/prestataires\/47349-img_8721.jpg"}},"urlLien":"","typeLien":"","nofollow":"N","copyright":""},{"url":"https:\/\/www.sja73.com\/medias\/images\/prestataires\/47350-img_8738.jpg","chemin":"..\/medias\/images\/prestataires\/47350-img_8738.jpg","libelle":"Halte garderie Les Ch\u00e9rubins_Saint-Jean-d'Arves","extension":"jpg","categorie":"","largeur":6000,"theme":"","hauteur":4000,"type":"Image","origine":"","liaisonPave":"","langue":"","id":"47350","urlVignette":"https:\/\/www.sja73.com\/medias\/images\/prestataires\/v-47350-img_8738.jpg","alt":"Halte garderie Les Ch\u00e9rubins_Saint-Jean-d'Arves","title":"Halte garderie Les Ch\u00e9rubins_Saint-Jean-d'Arves","MultiTaille":{"1920x1440":{"url":"https:\/\/www.sja73.com\/medias\/images\/prestataires\/multitailles\/1920x1440_47350-img_8738.jpg"},"1200x900":{"url":"https:\/\/www.sja73.com\/medias\/images\/prestataires\/multitailles\/1200x900_47350-img_8738.jpg"},"800x600":{"url":"https:\/\/www.sja73.com\/medias\/images\/prestataires\/multitailles\/800x600_47350-img_8738.jpg"},"640x480":{"url":"https:\/\/www.sja73.com\/medias\/images\/prestataires\/multitailles\/640x480_47350-img_8738.jpg"},"320x240":{"url":"https:\/\/www.sja73.com\/medias\/images\/prestataires\/multitailles\/320x240_47350-img_8738.jpg"},"160x120":{"url":"https:\/\/www.sja73.com\/medias\/images\/prestataires\/multitailles\/160x120_47350-img_8738.jpg"},"origine":{"url":"https:\/\/www.sja73.com\/medias\/images\/prestataires\/47350-img_8738.jpg"}},"urlLien":"","typeLien":"","nofollow":"N","copyright":""},{"url":"https:\/\/www.sja73.com\/medias\/images\/prestataires\/47347-sitracos995860_406663_garderie_exterieure.jpg","chemin":"..\/medias\/images\/prestataires\/47347-sitracos995860_406663_garderie_exterieure.jpg","libelle":"Garderie","extension":"jpg","categorie":"","largeur":800,"theme":"HIVER","hauteur":450,"type":"Image","origine":"","liaisonPave":"","langue":"","id":"47347","urlVignette":"https:\/\/www.sja73.com\/medias\/images\/prestataires\/v-47347-sitracos995860_406663_garderie_exterieure.jpg","alt":"Garderie","title":"Garderie - &copy OT SJA","MultiTaille":{"1920x1440":{"url":"https:\/\/www.sja73.com\/medias\/images\/prestataires\/multitailles\/1920x1440_47347-sitracos995860_406663_garderie_exterieure.jpg"},"1200x900":{"url":"https:\/\/www.sja73.com\/medias\/images\/prestataires\/multitailles\/1200x900_47347-sitracos995860_406663_garderie_exterieure.jpg"},"800x600":{"url":"https:\/\/www.sja73.com\/medias\/images\/prestataires\/multitailles\/800x600_47347-sitracos995860_406663_garderie_exterieure.jpg"},"640x480":{"url":"https:\/\/www.sja73.com\/medias\/images\/prestataires\/multitailles\/640x480_47347-sitracos995860_406663_garderie_exterieure.jpg"},"320x240":{"url":"https:\/\/www.sja73.com\/medias\/images\/prestataires\/multitailles\/320x240_47347-sitracos995860_406663_garderie_exterieure.jpg"},"160x120":{"url":"https:\/\/www.sja73.com\/medias\/images\/prestataires\/multitailles\/160x120_47347-sitracos995860_406663_garderie_exterieure.jpg"},"origine":{"url":"https:\/\/www.sja73.com\/medias\/images\/prestataires\/47347-sitracos995860_406663_garderie_exterieure.jpg"}},"urlLien":"","typeLien":"","nofollow":"N","copyright":"OT SJA"}],"ByCategorie":{"":[{"url":"https:\/\/www.sja73.com\/medias\/images\/prestataires\/47343-img_8698.jpg","chemin":"..\/medias\/images\/prestataires\/47343-img_8698.jpg","libelle":"Halte garderie Les Ch\u00e9rubins_Saint-Jean-d'Arves","extension":"jpg","categorie":"","largeur":6000,"theme":"","hauteur":4000,"type":"Image","origine":"","liaisonPave":"","langue":"","id":"47343","urlVignette":"https:\/\/www.sja73.com\/medias\/images\/prestataires\/v-47343-img_8698.jpg","alt":"Halte garderie Les Ch\u00e9rubins_Saint-Jean-d'Arves","title":"Halte garderie Les Ch\u00e9rubins_Saint-Jean-d'Arves","MultiTaille":{"1920x1440":{"url":"https:\/\/www.sja73.com\/medias\/images\/prestataires\/multitailles\/1920x1440_47343-img_8698.jpg"},"1200x900":{"url":"https:\/\/www.sja73.com\/medias\/images\/prestataires\/multitailles\/1200x900_47343-img_8698.jpg"},"800x600":{"url":"https:\/\/www.sja73.com\/medias\/images\/prestataires\/multitailles\/800x600_47343-img_8698.jpg"},"640x480":{"url":"https:\/\/www.sja73.com\/medias\/images\/prestataires\/multitailles\/640x480_47343-img_8698.jpg"},"320x240":{"url":"https:\/\/www.sja73.com\/medias\/images\/prestataires\/multitailles\/320x240_47343-img_8698.jpg"},"160x120":{"url":"https:\/\/www.sja73.com\/medias\/images\/prestataires\/multitailles\/160x120_47343-img_8698.jpg"},"origine":{"url":"https:\/\/www.sja73.com\/medias\/images\/prestataires\/47343-img_8698.jpg"}},"urlLien":"","typeLien":"","nofollow":"N","copyright":""},{"url":"https:\/\/www.sja73.com\/medias\/images\/prestataires\/47351-fiche_inscription_2022_2023.docx","chemin":"..\/medias\/images\/prestataires\/47351-fiche_inscription_2022_2023.docx","libelle":"Fiche d'inscription","extension":"docx","categorie":"","largeur":"","theme":"","hauteur":"","type":"Document","origine":"","liaisonPave":"","langue":"","id":"47351","poids":"69.92 Ko","alt":"Fiche d'inscription","title":"Fiche d'inscription"},{"url":"https:\/\/www.sja73.com\/medias\/images\/prestataires\/47344-dsc07953.jpg","chemin":"..\/medias\/images\/prestataires\/47344-dsc07953.jpg","libelle":"Halte Garderie","extension":"jpg","categorie":"","largeur":3872,"theme":"","hauteur":2592,"type":"Image","origine":"","liaisonPave":"","langue":"","id":"47344","urlVignette":"https:\/\/www.sja73.com\/medias\/images\/prestataires\/v-47344-dsc07953.jpg","alt":"Halte Garderie","title":"Halte Garderie","MultiTaille":{"1920x1440":{"url":"https:\/\/www.sja73.com\/medias\/images\/prestataires\/multitailles\/1920x1440_47344-dsc07953.jpg"},"1200x900":{"url":"https:\/\/www.sja73.com\/medias\/images\/prestataires\/multitailles\/1200x900_47344-dsc07953.jpg"},"800x600":{"url":"https:\/\/www.sja73.com\/medias\/images\/prestataires\/multitailles\/800x600_47344-dsc07953.jpg"},"640x480":{"url":"https:\/\/www.sja73.com\/medias\/images\/prestataires\/multitailles\/640x480_47344-dsc07953.jpg"},"320x240":{"url":"https:\/\/www.sja73.com\/medias\/images\/prestataires\/multitailles\/320x240_47344-dsc07953.jpg"},"160x120":{"url":"https:\/\/www.sja73.com\/medias\/images\/prestataires\/multitailles\/160x120_47344-dsc07953.jpg"},"origine":{"url":"https:\/\/www.sja73.com\/medias\/images\/prestataires\/47344-dsc07953.jpg"}},"urlLien":"","typeLien":"","nofollow":"N","copyright":""},{"url":"https:\/\/www.sja73.com\/medias\/images\/prestataires\/47352-petites_habitudes.docx","chemin":"..\/medias\/images\/prestataires\/47352-petites_habitudes.docx","libelle":"Petites habitudes","extension":"docx","categorie":"","largeur":"","theme":"","hauteur":"","type":"Document","origine":"","liaisonPave":"","langue":"","id":"47352","poids":"192.42 Ko","alt":"Petites habitudes","title":"Petites habitudes"},{"url":"https:\/\/www.sja73.com\/medias\/images\/prestataires\/47345-dsc07975.jpg","chemin":"..\/medias\/images\/prestataires\/47345-dsc07975.jpg","libelle":"Halte Garderie","extension":"jpg","categorie":"","largeur":3872,"theme":"ETE","hauteur":2592,"type":"Image","origine":"","liaisonPave":"","langue":"","id":"47345","urlVignette":"https:\/\/www.sja73.com\/medias\/images\/prestataires\/v-47345-dsc07975.jpg","alt":"Halte Garderie","title":"Halte Garderie","MultiTaille":{"1920x1440":{"url":"https:\/\/www.sja73.com\/medias\/images\/prestataires\/multitailles\/1920x1440_47345-dsc07975.jpg"},"1200x900":{"url":"https:\/\/www.sja73.com\/medias\/images\/prestataires\/multitailles\/1200x900_47345-dsc07975.jpg"},"800x600":{"url":"https:\/\/www.sja73.com\/medias\/images\/prestataires\/multitailles\/800x600_47345-dsc07975.jpg"},"640x480":{"url":"https:\/\/www.sja73.com\/medias\/images\/prestataires\/multitailles\/640x480_47345-dsc07975.jpg"},"320x240":{"url":"https:\/\/www.sja73.com\/medias\/images\/prestataires\/multitailles\/320x240_47345-dsc07975.jpg"},"160x120":{"url":"https:\/\/www.sja73.com\/medias\/images\/prestataires\/multitailles\/160x120_47345-dsc07975.jpg"},"origine":{"url":"https:\/\/www.sja73.com\/medias\/images\/prestataires\/47345-dsc07975.jpg"}},"urlLien":"","typeLien":"","nofollow":"N","copyright":""},{"url":"https:\/\/www.sja73.com\/medias\/images\/prestataires\/47353-reglement_de_fonctionnement_tourisme.pdf","chemin":"..\/medias\/images\/prestataires\/47353-reglement_de_fonctionnement_tourisme.pdf","libelle":"R\u00e8glement de fonctionnement tourisme","extension":"pdf","categorie":"","largeur":"","theme":"","hauteur":"","type":"Document","origine":"","liaisonPave":"","langue":"","id":"47353","poids":"175.22 Ko","alt":"R\u00e8glement de fonctionnement tourisme","title":"R\u00e8glement de fonctionnement tourisme"},{"url":"https:\/\/www.sja73.com\/medias\/images\/prestataires\/47346-creche_9503.jpg","chemin":"..\/medias\/images\/prestataires\/47346-creche_9503.jpg","libelle":"Halte-garderie","extension":"jpg","categorie":"","largeur":5184,"theme":"","hauteur":3456,"type":"Image","origine":"","liaisonPave":"","langue":"","id":"47346","urlVignette":"https:\/\/www.sja73.com\/medias\/images\/prestataires\/v-47346-creche_9503.jpg","alt":"Halte-garderie","title":"Halte-garderie - &copy Office de Tourisme SJA","MultiTaille":{"1920x1440":{"url":"https:\/\/www.sja73.com\/medias\/images\/prestataires\/multitailles\/1920x1440_47346-creche_9503.jpg"},"1200x900":{"url":"https:\/\/www.sja73.com\/medias\/images\/prestataires\/multitailles\/1200x900_47346-creche_9503.jpg"},"800x600":{"url":"https:\/\/www.sja73.com\/medias\/images\/prestataires\/multitailles\/800x600_47346-creche_9503.jpg"},"640x480":{"url":"https:\/\/www.sja73.com\/medias\/images\/prestataires\/multitailles\/640x480_47346-creche_9503.jpg"},"320x240":{"url":"https:\/\/www.sja73.com\/medias\/images\/prestataires\/multitailles\/320x240_47346-creche_9503.jpg"},"160x120":{"url":"https:\/\/www.sja73.com\/medias\/images\/prestataires\/multitailles\/160x120_47346-creche_9503.jpg"},"origine":{"url":"https:\/\/www.sja73.com\/medias\/images\/prestataires\/47346-creche_9503.jpg"}},"urlLien":"","typeLien":"","nofollow":"N","copyright":"Office de Tourisme SJA"},{"url":"https:\/\/www.sja73.com\/medias\/images\/prestataires\/47354-36030_afin_de_faciliter_votre_sejour.doc","chemin":"..\/medias\/images\/prestataires\/47354-36030_afin_de_faciliter_votre_sejour.doc","libelle":"Afin de faciliter votre s\u00e9jour","extension":"doc","categorie":"","largeur":"","theme":"","hauteur":"","type":"Document","origine":"","liaisonPave":"","langue":"","id":"47354","poids":"30.5 Ko","alt":"Afin de faciliter votre s\u00e9jour","title":"Afin de faciliter votre s\u00e9jour"},{"url":"https:\/\/www.sja73.com\/medias\/images\/prestataires\/47348-dsc08049.jpg","chemin":"..\/medias\/images\/prestataires\/47348-dsc08049.jpg","libelle":"Tour de France","extension":"jpg","categorie":"","largeur":3872,"theme":"ETE","hauteur":2592,"type":"Image","origine":"","liaisonPave":"","langue":"","id":"47348","urlVignette":"https:\/\/www.sja73.com\/medias\/images\/prestataires\/v-47348-dsc08049.jpg","alt":"Tour de France","title":"Tour de France","MultiTaille":{"1920x1440":{"url":"https:\/\/www.sja73.com\/medias\/images\/prestataires\/multitailles\/1920x1440_47348-dsc08049.jpg"},"1200x900":{"url":"https:\/\/www.sja73.com\/medias\/images\/prestataires\/multitailles\/1200x900_47348-dsc08049.jpg"},"800x600":{"url":"https:\/\/www.sja73.com\/medias\/images\/prestataires\/multitailles\/800x600_47348-dsc08049.jpg"},"640x480":{"url":"https:\/\/www.sja73.com\/medias\/images\/prestataires\/multitailles\/640x480_47348-dsc08049.jpg"},"320x240":{"url":"https:\/\/www.sja73.com\/medias\/images\/prestataires\/multitailles\/320x240_47348-dsc08049.jpg"},"160x120":{"url":"https:\/\/www.sja73.com\/medias\/images\/prestataires\/multitailles\/160x120_47348-dsc08049.jpg"},"origine":{"url":"https:\/\/www.sja73.com\/medias\/images\/prestataires\/47348-dsc08049.jpg"}},"urlLien":"","typeLien":"","nofollow":"N","copyright":""},{"url":"https:\/\/www.sja73.com\/medias\/images\/prestataires\/47349-img_8721.jpg","chemin":"..\/medias\/images\/prestataires\/47349-img_8721.jpg","libelle":"Halte garderie Les Ch\u00e9rubins_Saint-Jean-d'Arves","extension":"jpg","categorie":"","largeur":6000,"theme":"","hauteur":4000,"type":"Image","origine":"","liaisonPave":"","langue":"","id":"47349","urlVignette":"https:\/\/www.sja73.com\/medias\/images\/prestataires\/v-47349-img_8721.jpg","alt":"Halte garderie Les Ch\u00e9rubins_Saint-Jean-d'Arves","title":"Halte garderie Les Ch\u00e9rubins_Saint-Jean-d'Arves","MultiTaille":{"1920x1440":{"url":"https:\/\/www.sja73.com\/medias\/images\/prestataires\/multitailles\/1920x1440_47349-img_8721.jpg"},"1200x900":{"url":"https:\/\/www.sja73.com\/medias\/images\/prestataires\/multitailles\/1200x900_47349-img_8721.jpg"},"800x600":{"url":"https:\/\/www.sja73.com\/medias\/images\/prestataires\/multitailles\/800x600_47349-img_8721.jpg"},"640x480":{"url":"https:\/\/www.sja73.com\/medias\/images\/prestataires\/multitailles\/640x480_47349-img_8721.jpg"},"320x240":{"url":"https:\/\/www.sja73.com\/medias\/images\/prestataires\/multitailles\/320x240_47349-img_8721.jpg"},"160x120":{"url":"https:\/\/www.sja73.com\/medias\/images\/prestataires\/multitailles\/160x120_47349-img_8721.jpg"},"origine":{"url":"https:\/\/www.sja73.com\/medias\/images\/prestataires\/47349-img_8721.jpg"}},"urlLien":"","typeLien":"","nofollow":"N","copyright":""},{"url":"https:\/\/www.sja73.com\/medias\/images\/prestataires\/47350-img_8738.jpg","chemin":"..\/medias\/images\/prestataires\/47350-img_8738.jpg","libelle":"Halte garderie Les Ch\u00e9rubins_Saint-Jean-d'Arves","extension":"jpg","categorie":"","largeur":6000,"theme":"","hauteur":4000,"type":"Image","origine":"","liaisonPave":"","langue":"","id":"47350","urlVignette":"https:\/\/www.sja73.com\/medias\/images\/prestataires\/v-47350-img_8738.jpg","alt":"Halte garderie Les Ch\u00e9rubins_Saint-Jean-d'Arves","title":"Halte garderie Les Ch\u00e9rubins_Saint-Jean-d'Arves","MultiTaille":{"1920x1440":{"url":"https:\/\/www.sja73.com\/medias\/images\/prestataires\/multitailles\/1920x1440_47350-img_8738.jpg"},"1200x900":{"url":"https:\/\/www.sja73.com\/medias\/images\/prestataires\/multitailles\/1200x900_47350-img_8738.jpg"},"800x600":{"url":"https:\/\/www.sja73.com\/medias\/images\/prestataires\/multitailles\/800x600_47350-img_8738.jpg"},"640x480":{"url":"https:\/\/www.sja73.com\/medias\/images\/prestataires\/multitailles\/640x480_47350-img_8738.jpg"},"320x240":{"url":"https:\/\/www.sja73.com\/medias\/images\/prestataires\/multitailles\/320x240_47350-img_8738.jpg"},"160x120":{"url":"https:\/\/www.sja73.com\/medias\/images\/prestataires\/multitailles\/160x120_47350-img_8738.jpg"},"origine":{"url":"https:\/\/www.sja73.com\/medias\/images\/prestataires\/47350-img_8738.jpg"}},"urlLien":"","typeLien":"","nofollow":"N","copyright":""},{"url":"https:\/\/www.sja73.com\/medias\/images\/prestataires\/47347-sitracos995860_406663_garderie_exterieure.jpg","chemin":"..\/medias\/images\/prestataires\/47347-sitracos995860_406663_garderie_exterieure.jpg","libelle":"Garderie","extension":"jpg","categorie":"","largeur":800,"theme":"HIVER","hauteur":450,"type":"Image","origine":"","liaisonPave":"","langue":"","id":"47347","urlVignette":"https:\/\/www.sja73.com\/medias\/images\/prestataires\/v-47347-sitracos995860_406663_garderie_exterieure.jpg","alt":"Garderie","title":"Garderie - &copy OT SJA","MultiTaille":{"1920x1440":{"url":"https:\/\/www.sja73.com\/medias\/images\/prestataires\/multitailles\/1920x1440_47347-sitracos995860_406663_garderie_exterieure.jpg"},"1200x900":{"url":"https:\/\/www.sja73.com\/medias\/images\/prestataires\/multitailles\/1200x900_47347-sitracos995860_406663_garderie_exterieure.jpg"},"800x600":{"url":"https:\/\/www.sja73.com\/medias\/images\/prestataires\/multitailles\/800x600_47347-sitracos995860_406663_garderie_exterieure.jpg"},"640x480":{"url":"https:\/\/www.sja73.com\/medias\/images\/prestataires\/multitailles\/640x480_47347-sitracos995860_406663_garderie_exterieure.jpg"},"320x240":{"url":"https:\/\/www.sja73.com\/medias\/images\/prestataires\/multitailles\/320x240_47347-sitracos995860_406663_garderie_exterieure.jpg"},"160x120":{"url":"https:\/\/www.sja73.com\/medias\/images\/prestataires\/multitailles\/160x120_47347-sitracos995860_406663_garderie_exterieure.jpg"},"origine":{"url":"https:\/\/www.sja73.com\/medias\/images\/prestataires\/47347-sitracos995860_406663_garderie_exterieure.jpg"}},"urlLien":"","typeLien":"","nofollow":"N","copyright":"OT SJA"}]},"Document":[{"url":"https:\/\/www.sja73.com\/medias\/images\/prestataires\/47351-fiche_inscription_2022_2023.docx","chemin":"..\/medias\/images\/prestataires\/47351-fiche_inscription_2022_2023.docx","libelle":"Fiche d'inscription","extension":"docx","categorie":"","largeur":"","theme":"","hauteur":"","type":"Document","origine":"","liaisonPave":"","langue":"","id":"47351","poids":"69.92 Ko","alt":"Fiche d'inscription","title":"Fiche d'inscription"},{"url":"https:\/\/www.sja73.com\/medias\/images\/prestataires\/47352-petites_habitudes.docx","chemin":"..\/medias\/images\/prestataires\/47352-petites_habitudes.docx","libelle":"Petites habitudes","extension":"docx","categorie":"","largeur":"","theme":"","hauteur":"","type":"Document","origine":"","liaisonPave":"","langue":"","id":"47352","poids":"192.42 Ko","alt":"Petites habitudes","title":"Petites habitudes"},{"url":"https:\/\/www.sja73.com\/medias\/images\/prestataires\/47353-reglement_de_fonctionnement_tourisme.pdf","chemin":"..\/medias\/images\/prestataires\/47353-reglement_de_fonctionnement_tourisme.pdf","libelle":"R\u00e8glement de fonctionnement tourisme","extension":"pdf","categorie":"","largeur":"","theme":"","hauteur":"","type":"Document","origine":"","liaisonPave":"","langue":"","id":"47353","poids":"175.22 Ko","alt":"R\u00e8glement de fonctionnement tourisme","title":"R\u00e8glement de fonctionnement tourisme"},{"url":"https:\/\/www.sja73.com\/medias\/images\/prestataires\/47354-36030_afin_de_faciliter_votre_sejour.doc","chemin":"..\/medias\/images\/prestataires\/47354-36030_afin_de_faciliter_votre_sejour.doc","libelle":"Afin de faciliter votre s\u00e9jour","extension":"doc","categorie":"","largeur":"","theme":"","hauteur":"","type":"Document","origine":"","liaisonPave":"","langue":"","id":"47354","poids":"30.5 Ko","alt":"Afin de faciliter votre s\u00e9jour","title":"Afin de faciliter votre s\u00e9jour"}]},"Url":"halte-garderie-les-cherubins.html","Localisation":{"GoogleMap":{"Latitude":"45.213171","Longitude":"6.265741"}},"ZoneGeo":"","LiensEtWidgetsParType":{"A":[{"Id":"20418","TypePrestataire":"COS","CodePrestataire":"405311","CodePrestation":"","CodeLibelle":"","Type":"A","Url":"https:\/\/www.facebook.com\/lescherubinssaintjeandarves\/?fref=ts","Defaut":"N","Langue":"","Nature":"URL","Import":"SITRA2","LibelleText":"","Theme":""}],"R":[{"Id":"20419","TypePrestataire":"COS","CodePrestataire":"405311","CodePrestation":"","CodeLibelle":"URL00004674","Type":"R","Url":"https:\/\/www.sja73.com\/halte-garderie-les-cherubins.html","Defaut":"N","Langue":"","Nature":"URL","Import":"SITRA2","LibelleText":"Halte Garderie Les Ch\u00e9rubins","Theme":""}]},"LiensEtWidgets":[{"Id":"20418","TypePrestataire":"COS","CodePrestataire":"405311","CodePrestation":"","CodeLibelle":"","Type":"A","Url":"https:\/\/www.facebook.com\/lescherubinssaintjeandarves\/?fref=ts","Defaut":"N","Langue":"","Nature":"URL","Import":"SITRA2","LibelleText":"","Theme":""},{"Id":"20419","TypePrestataire":"COS","CodePrestataire":"405311","CodePrestation":"","CodeLibelle":"URL00004674","Type":"R","Url":"https:\/\/www.sja73.com\/halte-garderie-les-cherubins.html","Defaut":"N","Langue":"","Nature":"URL","Import":"SITRA2","LibelleText":"Halte Garderie Les Ch\u00e9rubins","Theme":""}],"Criteres":{"AFFICHAGESITE[ADHERENTOUICOMPLET":"","TYPESCOS[COSGARDERIE":"","DISPOORESAENLIGNE[RESERVABLE":"","P.126[972":"","P.prestations[surchargeTourismesAdaptes":"","P.prestations[surchargeDescriptifHandicapMoteur":"","P.prestations[surchargeDescriptifHandicapAuditif":"","P.prestations[surchargeDescriptifHandicapVisuel":"","P.prestations[surchargeDescriptifHandicapMental":"","P.prestations[surchargeNombreFauteuilsRoulants":"","P.languesParlees[1192":"","P.languesParlees[1197":"","P.3650[3652":"","P.3650[3653":"","P.114[416":"","P.114[418":"","P.114[435":"","P.114[436":"","P.modesPaiement[1271":"","P.modesPaiement[1277":"","P.modesPaiement[1268":"","P.tourismeAffaires[tourismeAffairesEnabled":"","P.tourismeAffaires[devise":"EUR","P.commerceEtServiceType[1875":"","P.17[2380":"","P.17[2508":"","P.informationsCommerceEtService[nomLieu":"La Chal","P.CINTSITRA[10507":"","P.CINTSITRA[11226":"","P.CINTSITRA[11435":"","P.CINTSITRA[11533":"","P.3220[25629":"","P.3233[60439":"","P.3233[908439":"","P.3218[60729":"","P.3219[72808":"","P.3219[126557":"","P.3227[82852":"","P.3230[323078":"","P.3230[5532377":"","P.3230[6328304":"","P.3221[344174":"","P.3221[549303":"","P.3221[596327":"","P.6241[595160":"","P.VilleSitra[30471":"","P.VillageDeDepart[30471":"","P.114[439":""},"DateFinPublication":"","PrixAPartirDe":"","PrixPour":"","FicheListeEnCours":"fiche_liste_commerces_et_services_v2","ParametresModele":{"AfficherPhotos":"1","NbPhotosMax":6,"AfficherReserver":0,"AfficherContact":0,"AfficherSalle":1,"AfficherZoneGeo":0,"AfficherEnSavoirPlus":"0","AfficherUneSeuleOuverture":0,"AfficherContactCarte":1,"AfficherTarifsChaudAPartirDe":0,"AfficherTarifChaudSansRecherche":0,"AfficherLiensCarnetVoyage":"1","BlocCritereInfo":{"critere1":{"libelle":""},"critere2":{"libelle":""},"critere3":{"libelle":""},"critere4":{"libelle":""},"critere5":{"libelle":""},"critere6":{"libelle":""},"critere7":{"libelle":""},"critere8":{"libelle":""},"afficherpictoetpaslibelle":"1"},"Criteres":"AFFICHAGESITE[ADHERENTOUICOMPLET","PositionBloc":"CARNET_VOYAGE|GALLERIE|NOM|ZONEPRINCIPALFICHEPRESTA|URL","TypePrestataire":"COS","ComportementResa":false,"ComportementDispo":false},"AffichageCoordonnees":[],"Coordonnees":{"Ville":"Saint-Jean-d'Arves"},"ContexteId":"PRESTATAIRE|COS|405311","ContexteIdHtml":"PRESTATAIRE-COS-405311","cleContexte":"COS|405311","Bloc":{"texte1":"","texte3":"","critere1":{"libelle":"","contenu":[]},"critere2":{"libelle":"","contenu":[]},"critere3":{"libelle":"","contenu":[]},"critere4":{"libelle":"","contenu":[]},"critere5":{"libelle":"","contenu":[]},"critere6":{"libelle":"","contenu":[]},"critere7":{"libelle":"","contenu":[]},"critere8":{"libelle":"","contenu":[]},"critere9":{"libelle":"","contenu":[]}},"LocalisationGps":{"Latitude":"45.213171","Longitude":"6.265741"},"libelleDuPrestataire":"","listeCriteres":{"AFFICHAGESITE":{"ADHERENTOUICOMPLET":""},"TYPESCOS":{"COSGARDERIE":""},"DISPOORESAENLIGNE":{"RESERVABLE":""},"P.126":{"972":""},"P.prestations":{"surchargeTourismesAdaptes":"","surchargeDescriptifHandicapMoteur":"","surchargeDescriptifHandicapAuditif":"","surchargeDescriptifHandicapVisuel":"","surchargeDescriptifHandicapMental":"","surchargeNombreFauteuilsRoulants":""},"P.languesParlees":{"1192":"","1197":""},"P.3650":{"3652":"","3653":""},"P.114":{"416":"","418":"","435":"","436":"","439":""},"P.modesPaiement":{"1271":"","1277":"","1268":""},"P.tourismeAffaires":{"tourismeAffairesEnabled":"","devise":"EUR"},"P.commerceEtServiceType":{"1875":""},"P.17":{"2380":"","2508":""},"P.informationsCommerceEtService":{"nomLieu":"La Chal"},"P.CINTSITRA":{"10507":"","11226":"","11435":"","11533":""},"P.3220":{"25629":""},"P.3233":{"60439":"","908439":""},"P.3218":{"60729":""},"P.3219":{"72808":"","126557":""},"P.3227":{"82852":""},"P.3230":{"323078":"","5532377":"","6328304":""},"P.3221":{"344174":"","549303":"","596327":""},"P.6241":{"595160":""},"P.VilleSitra":{"30471":""},"P.VillageDeDepart":{"30471":""}},"dansCarnetVoyage":true,"Ouverture":""},"html":" \n \u003Cdiv id=\"CV-PRESTATAIRE-COS-405311\" data-contexte-id=\"PRESTATAIRE|COS|405311\" data-cle=\"COS|405311\" class=\"fiche-liste\"\u003E\n    \n\n    \u003C!-- partie photo --\u003E\n    \u003Cdiv class=\"photo\"\u003E\t\t\t\t\t\t\t\t\t\t\t\t\t\t\t\t\t\t\t\t\t\n        \u003Cdiv class=\"cadre_photo_principale\"\u003E\t\t\n        \n            \t\t\t\t\t\n                    \u003Ca href=\"halte-garderie-les-cherubins.html?origine=carnet#media\"\u003E\n                        \u003Cimg class=\"photo_principale\" alt=\"Halte garderie Les Ch\u00e9rubins_Saint-Jean-d'Arves\" src=\"https:\/\/www.sja73.com\/medias\/images\/prestataires\/multitailles\/320x240_47343-img_8698.jpg\" itemprop=\"image\"\u003E\n                    \u003C\/a\u003E\t\t\t\t\t\t\n                \n                    \u003C\/div\u003E\t\t\t\t\t\t\t\t\t\t\t\t\t\t\t\t\t\t\t \t\t\n    \u003C\/div\u003E\n    \n    \u003C!-- partie nom prest --\u003E\n    \u003Cdiv class=\"nom\"\u003E\n        \u003Ch2\u003EHalte garderie Les Ch\u00e9rubins\u003C\/h2\u003E\n        \n            \u003C\/div\u003E\n\n         \n    \u003C!-- partie adresse --\u003E\n    \u003Cdiv class=\"adresse\"\u003E\n    \n          \n    \u003C\/div\u003E\n    \n    \u003C!-- partie liens --\u003E\n    \u003Cdiv class=\"liens\"\u003E\n            \u003Ca class=\"btn-icon btn-view \" title=\"Voir la fiche d\u00e9taill\u00e9e\" href=\"halte-garderie-les-cherubins.html?origine=carnet\"\u003E\u003C\/a\u003E\u003C!--\u003Ca class=\"btn-icon btn-view \" title=\"\" href=\"?origine=carnet#thaut\"\u003E\u003C\/a\u003E--\u003E\n      \u003Ca class=\"btn-icon btn-trash carnet_voyage_supprimer\" title=\"Supprimer cette fiche de mon carnet de voyage\" href=\"carnet-voyage?action=remove&fiche=COS|405311\"\u003E\u003C\/a\u003E\n    \u003C\/div\u003E\n\n\u003C\/div\u003E\n\n","icon":"https:\/\/static.ingenie.fr\/images\/carnetVoyageV3\/COS.png"},"fiche":"COS|405311","popup":"\u003Cdiv id=\"bloc_popup_ajout_fiche_carnet\"\u003E\n    \u003Cdiv class=\"info_popup_ajout_fiche_carnet\"\u003E\n        Vous venez d'ajouter cet \u00e9l\u00e9ment \u00e0 votre carnet de voyage :    \u003C\/div\u003E\n    \u003Cdiv class=\"prest_popup_ajout_fiche_carnet\"\u003E\n        Halte garderie Les Ch&eacute;rubins    \u003C\/div\u003E\n    \u003Cdiv class=\"bloc_btn_ajout_fiche_carnet form_submit_div\"\u003E\n        \u003Cinput type=\"button\" value=\"Continuer ma s\u00e9lection\" title=\"Continuer ma s\u00e9lection\" name=\"btn_close\" class=\"btn_close_popup_carnet form_submit\" onclick=\"$.colorbox.close()\" \/\u003E\n        \u003Cinput type=\"button\" value=\"Voir mon carnet de voyage\" title=\"Voir mon carnet\" name=\"btn_panier\" class=\"btn_panier_popup_carnet form_submit\" onclick=\"if(typeof CarnetVoyage != 'undefined') {CarnetVoyage.voirCarnet();}\" \/\u003E\n    \u003C\/div\u003E\n    \u003Cdiv class=\"bloc_btn_ajout_fiche_carnet\"\u003E\n        \u003Cinput type=\"checkbox\" value=\"1\" name=\"desactiver_popup\" id=\"desactiver_popup\" \/\u003E\n        \u003Clabel for=\"desactiver_popup\"\u003ENe plus afficher ce message\u003C\/label\u003E\n    \u003C\/div\u003E\n\u003C\/div\u003E","success":1}