{"nbFiches":1,"dataPrest":{"infoPrest":{"pave1":{"libelle":"Descriptif court","contenu":"Pain de tradition, viennoiseries, p\u00e2tisseries maison, caf\u00e9s et sandwiches. D\u00e9couvrez nos sp\u00e9cialit\u00e9s artisanales, fra\u00eeches et savoureuses, parfaites pour tous les gourmands."},"pave2":{"libelle":"Descriptif d\u00e9taill\u00e9","contenu":"Boulangerie artisanale au hameau de La Chal.\u003Cbr \/\u003E\r\nNous vous proposons pain de tradition, viennoiseries et p\u00e2tisseries maison, ainsi que caf\u00e9s et sandwiches pr\u00e9par\u00e9s avec soin. Chaque jour, nos sp\u00e9cialit\u00e9s artisanales, fra\u00eeches et savoureuses ravissent petits et grands. Venez profiter d\u2019un moment gourmand, que ce soit sur place ou \u00e0 emporter, et d\u00e9couvrez le vrai go\u00fbt du fait maison."},"pave3":{"libelle":"Bons plans","contenu":""},"pave4":{"libelle":"Compl\u00e9ment localisation","contenu":""},"pave5":{"libelle":"Compl\u00e9ment accueil","contenu":""},"pave6":{"libelle":"P\u00e9riodes en clair","contenu":"Du 13\/12\/2025 au 10\/04\/2026 tous les jours.\u003Cbr \/\u003E\nDates sous r\u00e9serve de modifications."},"pave7":{"libelle":"Tarifs en clair","contenu":""},"pave8":{"libelle":"Compl\u00e9ment Tarifs","contenu":""},"pave9":{"libelle":"Compl\u00e9ment R\u00e9servation","contenu":""},"pave10":{"libelle":"Descriptif court","contenu":""},"pave11":{"libelle":"Descriptif d\u00e9taill\u00e9","contenu":""},"pave12":{"libelle":"Compl\u00e9ment localisation","contenu":""},"pave13":{"libelle":"Compl\u00e9ment accueil","contenu":""},"pave14":{"libelle":"P\u00e9riodes en clair","contenu":""},"pave15":{"libelle":"Tarifs en clair","contenu":""},"pave16":{"libelle":"Compl\u00e9ment Tarifs","contenu":""},"pave17":{"libelle":"Compl\u00e9ment R\u00e9servation","contenu":""},"pave18":{"libelle":"Descriptif court","contenu":""},"pave19":{"libelle":"Descriptif d\u00e9taill\u00e9","contenu":""},"pave20":{"libelle":"Compl\u00e9ment localisation","contenu":""},"pave21":{"libelle":"Compl\u00e9ment accueil","contenu":""},"pave22":{"libelle":"P\u00e9riodes en clair","contenu":""},"pave23":{"libelle":"Tarifs en clair","contenu":""},"pave24":{"libelle":"Compl\u00e9ment Tarifs","contenu":""},"pave25":{"libelle":"Compl\u00e9ment R\u00e9servation","contenu":""},"ContactsParType":{"GER":{"59646":{"id_contact":"59646","type_contact":"GER","categorie_contact":"PRESTATAIRE","societe_contact":"","fonction_contact":"","civilite_nom_prenom_contact":"CLOITRE G\u00e9raldine ","adresse1_contact":"","adresse2_contact":"","adresse3_contact":"","cpostal_contact":"","ville_contact":"","teldom_contact":"","telbur_contact":"","fax_contact":"","portable_contact":"","email_contact":"","siteweb_contact":"","commentaire_contact":"","langue_contact":"","autre_moyen_com":[]}},"RES":{"59647":{"id_contact":"59647","type_contact":"RES","categorie_contact":"PRESTATAIRE","societe_contact":"","fonction_contact":"","civilite_nom_prenom_contact":"Le Pain des Pistes ","adresse1_contact":"","adresse2_contact":"","adresse3_contact":"","cpostal_contact":"","ville_contact":"","teldom_contact":"0033 (0)4 79 56 53 25","telbur_contact":"","fax_contact":"","portable_contact":"","email_contact":"","siteweb_contact":"","commentaire_contact":"","langue_contact":"","autre_moyen_com":[]}}},"Libelle":"Boulangerie - Le Pain des Pistes","Nom":"Boulangerie - Le Pain des Pistes","Prenom":"","NomPrenom":"Boulangerie - Le Pain des Pistes ","CiviliteNomPrenom":"Boulangerie - Le Pain des Pistes ","Cle":"COS|391159","PrestataireParent":"","ContexteStat":"PRESTATAIRE-COS-391159","DateModificationIso":"2026-04-18T00:39:00+02:00","Type":"PRESTATAIRE","TypePrestataire":"COS","Adresse":{"LigneAdresse1":"La Chal","LigneAdresse2":"","LigneAdresse3":"","CodePostal":"73530","Ville":"Saint-Jean-d'Arves","Cedex":"","Etat":"","Pays":"FRA"},"Email":"","Telephone":"0033 (0)4 79 56 53 25","TelephoneBureau":"","Portable":"","SiteWeb":"","Fax":"","Id":"cos-391159","Code":"COS|391159","Fichier":{"Image":[{"url":"https:\/\/www.sja73.com\/medias\/images\/prestataires\/50182-dscf4115_2.jpg","chemin":"..\/medias\/images\/prestataires\/50182-dscf4115_2.jpg","libelle":"Boulangerie La Sapaudia Saint Jean d'Arves","extension":"jpg","categorie":"","largeur":6240,"theme":"","hauteur":4160,"type":"Image","origine":"","liaisonPave":"","langue":"","id":"50182","urlVignette":"https:\/\/www.sja73.com\/medias\/images\/prestataires\/v-50182-dscf4115_2.jpg","alt":"Boulangerie La Sapaudia Saint Jean d'Arves","title":"Boulangerie La Sapaudia Saint Jean d'Arves - &copy OT Saint Jean d'Arves-Les Sybelles","MultiTaille":{"1920x1440":{"url":"https:\/\/www.sja73.com\/medias\/images\/prestataires\/multitailles\/1920x1440_50182-dscf4115_2.jpg"},"1200x900":{"url":"https:\/\/www.sja73.com\/medias\/images\/prestataires\/multitailles\/1200x900_50182-dscf4115_2.jpg"},"800x600":{"url":"https:\/\/www.sja73.com\/medias\/images\/prestataires\/multitailles\/800x600_50182-dscf4115_2.jpg"},"640x480":{"url":"https:\/\/www.sja73.com\/medias\/images\/prestataires\/multitailles\/640x480_50182-dscf4115_2.jpg"},"320x240":{"url":"https:\/\/www.sja73.com\/medias\/images\/prestataires\/multitailles\/320x240_50182-dscf4115_2.jpg"},"160x120":{"url":"https:\/\/www.sja73.com\/medias\/images\/prestataires\/multitailles\/160x120_50182-dscf4115_2.jpg"},"origine":{"url":"https:\/\/www.sja73.com\/medias\/images\/prestataires\/50182-dscf4115_2.jpg"}},"urlLien":"","typeLien":"","nofollow":"N","copyright":"OT Saint Jean d'Arves-Les Sybelles"},{"url":"https:\/\/www.sja73.com\/medias\/images\/prestataires\/50183-dscf4113_2.jpg","chemin":"..\/medias\/images\/prestataires\/50183-dscf4113_2.jpg","libelle":"Boulangerie La Sapaudia Saint Jean d'Arves","extension":"jpg","categorie":"","largeur":6240,"theme":"","hauteur":4160,"type":"Image","origine":"","liaisonPave":"","langue":"","id":"50183","urlVignette":"https:\/\/www.sja73.com\/medias\/images\/prestataires\/v-50183-dscf4113_2.jpg","alt":"Boulangerie La Sapaudia Saint Jean d'Arves","title":"Boulangerie La Sapaudia Saint Jean d'Arves - &copy OT Saint Jean d'Arves-Les Sybelles","MultiTaille":{"1920x1440":{"url":"https:\/\/www.sja73.com\/medias\/images\/prestataires\/multitailles\/1920x1440_50183-dscf4113_2.jpg"},"1200x900":{"url":"https:\/\/www.sja73.com\/medias\/images\/prestataires\/multitailles\/1200x900_50183-dscf4113_2.jpg"},"800x600":{"url":"https:\/\/www.sja73.com\/medias\/images\/prestataires\/multitailles\/800x600_50183-dscf4113_2.jpg"},"640x480":{"url":"https:\/\/www.sja73.com\/medias\/images\/prestataires\/multitailles\/640x480_50183-dscf4113_2.jpg"},"320x240":{"url":"https:\/\/www.sja73.com\/medias\/images\/prestataires\/multitailles\/320x240_50183-dscf4113_2.jpg"},"160x120":{"url":"https:\/\/www.sja73.com\/medias\/images\/prestataires\/multitailles\/160x120_50183-dscf4113_2.jpg"},"origine":{"url":"https:\/\/www.sja73.com\/medias\/images\/prestataires\/50183-dscf4113_2.jpg"}},"urlLien":"","typeLien":"","nofollow":"N","copyright":"OT Saint Jean d'Arves-Les Sybelles"}],"ByCategorie":{"":[{"url":"https:\/\/www.sja73.com\/medias\/images\/prestataires\/50182-dscf4115_2.jpg","chemin":"..\/medias\/images\/prestataires\/50182-dscf4115_2.jpg","libelle":"Boulangerie La Sapaudia Saint Jean d'Arves","extension":"jpg","categorie":"","largeur":6240,"theme":"","hauteur":4160,"type":"Image","origine":"","liaisonPave":"","langue":"","id":"50182","urlVignette":"https:\/\/www.sja73.com\/medias\/images\/prestataires\/v-50182-dscf4115_2.jpg","alt":"Boulangerie La Sapaudia Saint Jean d'Arves","title":"Boulangerie La Sapaudia Saint Jean d'Arves - &copy OT Saint Jean d'Arves-Les Sybelles","MultiTaille":{"1920x1440":{"url":"https:\/\/www.sja73.com\/medias\/images\/prestataires\/multitailles\/1920x1440_50182-dscf4115_2.jpg"},"1200x900":{"url":"https:\/\/www.sja73.com\/medias\/images\/prestataires\/multitailles\/1200x900_50182-dscf4115_2.jpg"},"800x600":{"url":"https:\/\/www.sja73.com\/medias\/images\/prestataires\/multitailles\/800x600_50182-dscf4115_2.jpg"},"640x480":{"url":"https:\/\/www.sja73.com\/medias\/images\/prestataires\/multitailles\/640x480_50182-dscf4115_2.jpg"},"320x240":{"url":"https:\/\/www.sja73.com\/medias\/images\/prestataires\/multitailles\/320x240_50182-dscf4115_2.jpg"},"160x120":{"url":"https:\/\/www.sja73.com\/medias\/images\/prestataires\/multitailles\/160x120_50182-dscf4115_2.jpg"},"origine":{"url":"https:\/\/www.sja73.com\/medias\/images\/prestataires\/50182-dscf4115_2.jpg"}},"urlLien":"","typeLien":"","nofollow":"N","copyright":"OT Saint Jean d'Arves-Les Sybelles"},{"url":"https:\/\/www.sja73.com\/medias\/images\/prestataires\/50183-dscf4113_2.jpg","chemin":"..\/medias\/images\/prestataires\/50183-dscf4113_2.jpg","libelle":"Boulangerie La Sapaudia Saint Jean d'Arves","extension":"jpg","categorie":"","largeur":6240,"theme":"","hauteur":4160,"type":"Image","origine":"","liaisonPave":"","langue":"","id":"50183","urlVignette":"https:\/\/www.sja73.com\/medias\/images\/prestataires\/v-50183-dscf4113_2.jpg","alt":"Boulangerie La Sapaudia Saint Jean d'Arves","title":"Boulangerie La Sapaudia Saint Jean d'Arves - &copy OT Saint Jean d'Arves-Les Sybelles","MultiTaille":{"1920x1440":{"url":"https:\/\/www.sja73.com\/medias\/images\/prestataires\/multitailles\/1920x1440_50183-dscf4113_2.jpg"},"1200x900":{"url":"https:\/\/www.sja73.com\/medias\/images\/prestataires\/multitailles\/1200x900_50183-dscf4113_2.jpg"},"800x600":{"url":"https:\/\/www.sja73.com\/medias\/images\/prestataires\/multitailles\/800x600_50183-dscf4113_2.jpg"},"640x480":{"url":"https:\/\/www.sja73.com\/medias\/images\/prestataires\/multitailles\/640x480_50183-dscf4113_2.jpg"},"320x240":{"url":"https:\/\/www.sja73.com\/medias\/images\/prestataires\/multitailles\/320x240_50183-dscf4113_2.jpg"},"160x120":{"url":"https:\/\/www.sja73.com\/medias\/images\/prestataires\/multitailles\/160x120_50183-dscf4113_2.jpg"},"origine":{"url":"https:\/\/www.sja73.com\/medias\/images\/prestataires\/50183-dscf4113_2.jpg"}},"urlLien":"","typeLien":"","nofollow":"N","copyright":"OT Saint Jean d'Arves-Les Sybelles"}]}},"Url":"boulangerie-le-pain-des-pistes.html","Localisation":{"GoogleMap":{"Latitude":"45.21423","Longitude":"6.263359"}},"ZoneGeo":"","Criteres":{"TYPESCOS[COSPRODUITSREGIONAUX":"","AFFICHAGESITE[ADHERENTOUICOMPLET":"","P.126[972":"","P.prestations[surchargeTourismesAdaptes":"","P.prestations[surchargeDescriptifHandicapMoteur":"","P.prestations[surchargeDescriptifHandicapAuditif":"","P.prestations[surchargeDescriptifHandicapVisuel":"","P.prestations[surchargeDescriptifHandicapMental":"","P.prestations[surchargeNombreFauteuilsRoulants":"","P.languesParlees[1192":"","P.languesParlees[1197":"","P.3650[3652":"","P.3650[3653":"","P.environnements[171":"","P.environnements[184":"","P.environnements[193":"","P.114[416":"","P.114[435":"","P.114[436":"","P.modesPaiement[1268":"","P.modesPaiement[1271":"","P.modesPaiement[1277":"","P.tourismeAffaires[tourismeAffairesEnabled":"","P.tourismeAffaires[devise":"EUR","P.commerceEtServiceType[1874":"","P.131[2070":"","P.131[2215":"","P.CINTSITRA[4038":"","P.CINTSITRA[10507":"","P.CINTSITRA[11226":"","P.CINTSITRA[11435":"","P.3220[25629":"","P.3233[60439":"","P.3233[908439":"","P.3218[60729":"","P.3219[72808":"","P.3219[126557":"","P.3227[82852":"","P.3230[323078":"","P.3230[5532377":"","P.3230[6328304":"","P.3221[344174":"","P.3221[549303":"","P.3221[596327":"","P.6241[595160":"","P.VilleSitra[30471":"","P.VillageDeDepart[30471":""},"DateFinPublication":"","PrixAPartirDe":"","PrixPour":"","FicheListeEnCours":"fiche_liste_commerces_et_services_v2","ParametresModele":{"AfficherPhotos":"1","NbPhotosMax":6,"AfficherReserver":0,"AfficherContact":0,"AfficherSalle":1,"AfficherZoneGeo":0,"AfficherEnSavoirPlus":"0","AfficherUneSeuleOuverture":0,"AfficherContactCarte":1,"AfficherTarifsChaudAPartirDe":0,"AfficherTarifChaudSansRecherche":0,"AfficherLiensCarnetVoyage":"1","BlocCritereInfo":{"critere1":{"libelle":""},"critere2":{"libelle":""},"critere3":{"libelle":""},"critere4":{"libelle":""},"critere5":{"libelle":""},"critere6":{"libelle":""},"critere7":{"libelle":""},"critere8":{"libelle":""},"afficherpictoetpaslibelle":"1"},"Criteres":"AFFICHAGESITE[ADHERENTOUICOMPLET","PositionBloc":"CARNET_VOYAGE|GALLERIE|NOM|ZONEPRINCIPALFICHEPRESTA|URL","TypePrestataire":"COS","ComportementResa":false,"ComportementDispo":false},"AffichageCoordonnees":[],"Coordonnees":{"Ville":"Saint-Jean-d'Arves"},"ContexteId":"PRESTATAIRE|COS|391159","ContexteIdHtml":"PRESTATAIRE-COS-391159","cleContexte":"COS|391159","Bloc":{"texte1":"","texte3":"","critere1":{"libelle":"","contenu":[]},"critere2":{"libelle":"","contenu":[]},"critere3":{"libelle":"","contenu":[]},"critere4":{"libelle":"","contenu":[]},"critere5":{"libelle":"","contenu":[]},"critere6":{"libelle":"","contenu":[]},"critere7":{"libelle":"","contenu":[]},"critere8":{"libelle":"","contenu":[]},"critere9":{"libelle":"","contenu":[]}},"LocalisationGps":{"Latitude":"45.21423","Longitude":"6.263359"},"libelleDuPrestataire":"","listeCriteres":{"TYPESCOS":{"COSPRODUITSREGIONAUX":""},"AFFICHAGESITE":{"ADHERENTOUICOMPLET":""},"P.126":{"972":""},"P.prestations":{"surchargeTourismesAdaptes":"","surchargeDescriptifHandicapMoteur":"","surchargeDescriptifHandicapAuditif":"","surchargeDescriptifHandicapVisuel":"","surchargeDescriptifHandicapMental":"","surchargeNombreFauteuilsRoulants":""},"P.languesParlees":{"1192":"","1197":""},"P.3650":{"3652":"","3653":""},"P.environnements":{"171":"","184":"","193":""},"P.114":{"416":"","435":"","436":""},"P.modesPaiement":{"1268":"","1271":"","1277":""},"P.tourismeAffaires":{"tourismeAffairesEnabled":"","devise":"EUR"},"P.commerceEtServiceType":{"1874":""},"P.131":{"2070":"","2215":""},"P.CINTSITRA":{"4038":"","10507":"","11226":"","11435":""},"P.3220":{"25629":""},"P.3233":{"60439":"","908439":""},"P.3218":{"60729":""},"P.3219":{"72808":"","126557":""},"P.3227":{"82852":""},"P.3230":{"323078":"","5532377":"","6328304":""},"P.3221":{"344174":"","549303":"","596327":""},"P.6241":{"595160":""},"P.VilleSitra":{"30471":""},"P.VillageDeDepart":{"30471":""}},"dansCarnetVoyage":true,"Ouverture":""},"html":" \n \u003Cdiv id=\"CV-PRESTATAIRE-COS-391159\" data-contexte-id=\"PRESTATAIRE|COS|391159\" data-cle=\"COS|391159\" class=\"fiche-liste\"\u003E\n    \n\n    \u003C!-- partie photo --\u003E\n    \u003Cdiv class=\"photo\"\u003E\t\t\t\t\t\t\t\t\t\t\t\t\t\t\t\t\t\t\t\t\t\n        \u003Cdiv class=\"cadre_photo_principale\"\u003E\t\t\n        \n            \t\t\t\t\t\n                    \u003Ca href=\"boulangerie-le-pain-des-pistes.html?origine=carnet#media\"\u003E\n                        \u003Cimg class=\"photo_principale\" alt=\"Boulangerie La Sapaudia Saint Jean d'Arves\" src=\"https:\/\/www.sja73.com\/medias\/images\/prestataires\/multitailles\/320x240_50182-dscf4115_2.jpg\" itemprop=\"image\"\u003E\n                    \u003C\/a\u003E\t\t\t\t\t\t\n                \n                    \u003C\/div\u003E\t\t\t\t\t\t\t\t\t\t\t\t\t\t\t\t\t\t\t \t\t\n    \u003C\/div\u003E\n    \n    \u003C!-- partie nom prest --\u003E\n    \u003Cdiv class=\"nom\"\u003E\n        \u003Ch2\u003EBoulangerie - Le Pain des Pistes\u003C\/h2\u003E\n        \n            \u003C\/div\u003E\n\n         \n    \u003C!-- partie adresse --\u003E\n    \u003Cdiv class=\"adresse\"\u003E\n    \n          \n    \u003C\/div\u003E\n    \n    \u003C!-- partie liens --\u003E\n    \u003Cdiv class=\"liens\"\u003E\n            \u003Ca class=\"btn-icon btn-view \" title=\"Voir la fiche d\u00e9taill\u00e9e\" href=\"boulangerie-le-pain-des-pistes.html?origine=carnet\"\u003E\u003C\/a\u003E\u003C!--\u003Ca class=\"btn-icon btn-view \" title=\"\" href=\"?origine=carnet#thaut\"\u003E\u003C\/a\u003E--\u003E\n      \u003Ca class=\"btn-icon btn-trash carnet_voyage_supprimer\" title=\"Supprimer cette fiche de mon carnet de voyage\" href=\"carnet-voyage?action=remove&fiche=COS|391159\"\u003E\u003C\/a\u003E\n    \u003C\/div\u003E\n\n\u003C\/div\u003E\n\n","icon":"https:\/\/static.ingenie.fr\/images\/carnetVoyageV3\/COS.png"},"fiche":"COS|391159","popup":"\u003Cdiv id=\"bloc_popup_ajout_fiche_carnet\"\u003E\n    \u003Cdiv class=\"info_popup_ajout_fiche_carnet\"\u003E\n        Vous venez d'ajouter cet \u00e9l\u00e9ment \u00e0 votre carnet de voyage :    \u003C\/div\u003E\n    \u003Cdiv class=\"prest_popup_ajout_fiche_carnet\"\u003E\n        Boulangerie - Le Pain des Pistes    \u003C\/div\u003E\n    \u003Cdiv class=\"bloc_btn_ajout_fiche_carnet form_submit_div\"\u003E\n        \u003Cinput type=\"button\" value=\"Continuer ma s\u00e9lection\" title=\"Continuer ma s\u00e9lection\" name=\"btn_close\" class=\"btn_close_popup_carnet form_submit\" onclick=\"$.colorbox.close()\" \/\u003E\n        \u003Cinput type=\"button\" value=\"Voir mon carnet de voyage\" title=\"Voir mon carnet\" name=\"btn_panier\" class=\"btn_panier_popup_carnet form_submit\" onclick=\"if(typeof CarnetVoyage != 'undefined') {CarnetVoyage.voirCarnet();}\" \/\u003E\n    \u003C\/div\u003E\n    \u003Cdiv class=\"bloc_btn_ajout_fiche_carnet\"\u003E\n        \u003Cinput type=\"checkbox\" value=\"1\" name=\"desactiver_popup\" id=\"desactiver_popup\" \/\u003E\n        \u003Clabel for=\"desactiver_popup\"\u003ENe plus afficher ce message\u003C\/label\u003E\n    \u003C\/div\u003E\n\u003C\/div\u003E","success":1}